{"version":"1.0","provider_name":"Seed","provider_url":"https:\/\/seed.hu\/en\/","author_name":"superadmin","author_url":"https:\/\/seed.hu\/en\/author\/superadmin\/","title":"Lehet m\u00e9g jelentkezni a Szem\u00e9lyes V\u00e1llalkoz\u00f3i Mentorprogramba - Seed","type":"rich","width":600,"height":338,"html":"<blockquote class=\"wp-embedded-content\" data-secret=\"Or6ti9OX64\"><a href=\"https:\/\/seed.hu\/en\/hirek\/lehet-meg-jelentkezni-a-szemelyes-vallalkozoi-mentorprogramba\/\">Lehet m\u00e9g jelentkezni a Szem\u00e9lyes V\u00e1llalkoz\u00f3i Mentorprogramba<\/a><\/blockquote><iframe sandbox=\"allow-scripts\" security=\"restricted\" src=\"https:\/\/seed.hu\/en\/hirek\/lehet-meg-jelentkezni-a-szemelyes-vallalkozoi-mentorprogramba\/embed\/#?secret=Or6ti9OX64\" width=\"600\" height=\"338\" title=\"&#8220;Lehet m\u00e9g jelentkezni a Szem\u00e9lyes V\u00e1llalkoz\u00f3i Mentorprogramba&#8221; &#8212; Seed\" data-secret=\"Or6ti9OX64\" frameborder=\"0\" marginwidth=\"0\" marginheight=\"0\" scrolling=\"no\" class=\"wp-embedded-content\"><\/iframe><script type=\"text\/javascript\">\n\/* <![CDATA[ *\/\n\/*! This file is auto-generated *\/\n!function(d,l){\"use strict\";l.querySelector&&d.addEventListener&&\"undefined\"!=typeof URL&&(d.wp=d.wp||{},d.wp.receiveEmbedMessage||(d.wp.receiveEmbedMessage=function(e){var t=e.data;if((t||t.secret||t.message||t.value)&&!\/[^a-zA-Z0-9]\/.test(t.secret)){for(var s,r,n,a=l.querySelectorAll('iframe[data-secret=\"'+t.secret+'\"]'),o=l.querySelectorAll('blockquote[data-secret=\"'+t.secret+'\"]'),c=new RegExp(\"^https?:$\",\"i\"),i=0;i<o.length;i++)o[i].style.display=\"none\";for(i=0;i<a.length;i++)s=a[i],e.source===s.contentWindow&&(s.removeAttribute(\"style\"),\"height\"===t.message?(1e3<(r=parseInt(t.value,10))?r=1e3:~~r<200&&(r=200),s.height=r):\"link\"===t.message&&(r=new URL(s.getAttribute(\"src\")),n=new URL(t.value),c.test(n.protocol))&&n.host===r.host&&l.activeElement===s&&(d.top.location.href=t.value))}},d.addEventListener(\"message\",d.wp.receiveEmbedMessage,!1),l.addEventListener(\"DOMContentLoaded\",function(){for(var e,t,s=l.querySelectorAll(\"iframe.wp-embedded-content\"),r=0;r<s.length;r++)(t=(e=s[r]).getAttribute(\"data-secret\"))||(t=Math.random().toString(36).substring(2,12),e.src+=\"#?secret=\"+t,e.setAttribute(\"data-secret\",t)),e.contentWindow.postMessage({message:\"ready\",secret:t},\"*\")},!1)))}(window,document);\n\/\/# sourceURL=https:\/\/seed.hu\/wp-includes\/js\/wp-embed.min.js\n\/* ]]> *\/\n<\/script>\n","thumbnail_url":"https:\/\/seed.hu\/wp-content\/uploads\/2021\/04\/Orsza\u0301gos-Va\u0301llalkozo\u0301i-Mentorprogram.png","thumbnail_width":773,"thumbnail_height":774,"description":"Mind mentornak, mind mentor\u00e1ltnak lehet m\u00e9g jelentkezni az Orsz\u00e1gos V\u00e1llalkoz\u00f3i Mentorprogram SEED Alap\u00edtv\u00e1ny \u00e1ltal menedzselt Szem\u00e9lyes V\u00e1llalkoz\u00f3i Mentorprogramj\u00e1ba. Mentornak legal\u00e1bb \u00f6t \u00e9ve v\u00e1llalkoz\u00f3, minimum \u00f6tf\u0151s v\u00e1llalkoz\u00e1st vezet\u0151 tapasztalt v\u00e1llalkoz\u00f3kat v\u00e1runk, akik \u00fagy \u00e9rzik, sz\u00edvesen osztan\u00e1k meg tud\u00e1sukat, tapasztalataikat egy m\u00e1sik v\u00e1llalkoz\u00e1s vezet\u0151j\u00e9vel. Mentor\u00e1ltnak pedig olyan h\u00f6lgyek, 35 \u00e9v alatti fiatal v\u00e1llalkoz\u00f3k \u00e9s gener\u00e1ci\u00f3v\u00e1lt\u00e1s el\u0151tt \u00e1ll\u00f3 [&hellip;]"}