{"id":1006,"date":"2020-06-08T17:25:54","date_gmt":"2020-06-08T15:25:54","guid":{"rendered":"https:\/\/seed.hu\/?post_type=hirek&#038;p=1006"},"modified":"2022-01-23T17:43:32","modified_gmt":"2022-01-23T16:43:32","slug":"piac-es-profit-konferencia-penz-a-tuleleshez-minden-lehetoseget-hasznaljunk-ki","status":"publish","type":"hirek","link":"https:\/\/seed.hu\/en\/hirek\/piac-es-profit-konferencia-penz-a-tuleleshez-minden-lehetoseget-hasznaljunk-ki\/","title":{"rendered":"Piac \u00e9s Profit Konferencia: P\u00c9NZ a t\u00fal\u00e9l\u00e9shez. Minden lehet\u0151s\u00e9get haszn\u00e1ljunk ki!"},"content":{"rendered":"<p><strong>A vide\u00f3konferencia id\u0151pontja:\u00a02020. j\u00fanius 11. cs\u00fct\u00f6rt\u00f6k, 9.30\u201315.00<\/strong><\/p>\n<p>A SEED Alap\u00edtv\u00e1ny szakmai t\u00e1mogat\u00f3i poz\u00edci\u00f3j\u00e1ra tekintettel a rendezv\u00e9nyt kedvezm\u00e9nnyel l\u00e1togathatj\u00e1k az Alap\u00edtv\u00e1ny k\u00f6vet\u0151i, h\u00edrlev\u00e9l-feliratkoz\u00f3i. Haszn\u00e1ld a k\u00f3dot:\u00a0<span style=\"color: #c0392b;\"><strong>BP2020<\/strong><\/span><\/p>\n<p><strong>Gyors seg\u00edts\u00e9gre, p\u00e9nzre van sz\u00fcks\u00e9ged? Nem biztos, hogy mindent tudsz a p\u00e9nzhez jut\u00e1si lehet\u0151s\u00e9gekr\u0151l? Ezen a napon minden p\u00e9nzforr\u00e1st el\u00e9d rakunk, amit most ig\u00e9nybe vehetsz.\u00a0 Biztosan van k\u00f6z\u00f6tt\u00fck olyan, ami a te c\u00e9geden seg\u00edt. Hallgasd v\u00e9gig \u00e9s k\u00e9rdezd meg az el\u0151ad\u00f3kat!\u00a0<\/strong><\/p>\n<p><strong>Sz\u00e1mos c\u00e9gment\u0151 forr\u00e1slehet\u0151s\u00e9get<\/strong>,\u00a0finansz\u00edroz\u00e1si programot, hitelfajt\u00e1t, p\u00e1ly\u00e1zatot, t\u00e1mogat\u00e1si form\u00e1t tal\u00e1ltunk\u00a0<strong>a kkv-k megmenek\u00fcl\u00e9s\u00e9re, a vesztes\u00e9gek meg\u00e1ll\u00edt\u00e1s\u00e1ra, a c\u00e9g beind\u00edt\u00e1s\u00e1ra.\u00a0\u00a0\u00c9lj\u00fcnk vele!\u00a0<\/strong><\/p>\n<p><strong>A p\u00e9nzek\u00a0 felett rendelkez\u0151kt\u0151l els\u0151 k\u00e9zb\u0151l tudhatsz meg mindent.<\/strong>\u00a0A P\u00c9NZ konferenci\u00e1n \u00f6sszeszedt\u00fck \u00e9s r\u00e9szletesen bemutatjuk\u00a0 az \u00f6sszes p\u00e9nzszerz\u00e9si \u00e9s kedvez\u0151, v\u00edrusj\u00e1rv\u00e1nyra szabottan gyors \u00e9s olcs\u00f3, t\u00e1mogatott forr\u00e1sokat, konstrukci\u00f3kat, k\u00f6nny\u00edt\u00e9seket.\u00a0\u00a0<strong>Haszn\u00e1ljunk ki minden lehet\u0151s\u00e9get!<\/strong><\/p>\n<p>&nbsp;<\/p>\n<p><a href=\"https:\/\/piacesprofit.hu\/konferenciakozpont\/penz\/\" target=\"_blank\" rel=\"noopener\">https:\/\/piacesprofit.hu\/konferenciakozpont\/penz\/<\/a><\/p>\n","protected":false},"featured_media":792,"menu_order":0,"template":"","meta":{"_acf_changed":false},"class_list":["post-1006","hirek","type-hirek","status-publish","has-post-thumbnail","hentry"],"acf":[],"yoast_head":"<!-- This site is optimized with the Yoast SEO plugin v27.4 - https:\/\/yoast.com\/product\/yoast-seo-wordpress\/ -->\n<title>Piac \u00e9s Profit Konferencia: P\u00c9NZ a t\u00fal\u00e9l\u00e9shez. Minden lehet\u0151s\u00e9get haszn\u00e1ljunk ki! - Seed<\/title>\n<meta name=\"robots\" content=\"index, follow, max-snippet:-1, max-image-preview:large, max-video-preview:-1\" \/>\n<link rel=\"canonical\" href=\"https:\/\/seed.hu\/hirek\/piac-es-profit-konferencia-penz-a-tuleleshez-minden-lehetoseget-hasznaljunk-ki\/\" \/>\n<meta property=\"og:locale\" content=\"en_US\" \/>\n<meta property=\"og:type\" content=\"article\" \/>\n<meta property=\"og:title\" content=\"Piac \u00e9s Profit Konferencia: P\u00c9NZ a t\u00fal\u00e9l\u00e9shez. Minden lehet\u0151s\u00e9get haszn\u00e1ljunk ki! - Seed\" \/>\n<meta property=\"og:description\" content=\"A vide\u00f3konferencia id\u0151pontja:\u00a02020. j\u00fanius 11. cs\u00fct\u00f6rt\u00f6k, 9.30\u201315.00 A SEED Alap\u00edtv\u00e1ny szakmai t\u00e1mogat\u00f3i poz\u00edci\u00f3j\u00e1ra tekintettel a rendezv\u00e9nyt kedvezm\u00e9nnyel l\u00e1togathatj\u00e1k az Alap\u00edtv\u00e1ny k\u00f6vet\u0151i, h\u00edrlev\u00e9l-feliratkoz\u00f3i. Haszn\u00e1ld a k\u00f3dot:\u00a0BP2020 Gyors seg\u00edts\u00e9gre, p\u00e9nzre van sz\u00fcks\u00e9ged? Nem biztos, hogy mindent tudsz a p\u00e9nzhez jut\u00e1si lehet\u0151s\u00e9gekr\u0151l? Ezen a napon minden p\u00e9nzforr\u00e1st el\u00e9d rakunk, amit most ig\u00e9nybe vehetsz.\u00a0 Biztosan van k\u00f6z\u00f6tt\u00fck olyan, ami [&hellip;]\" \/>\n<meta property=\"og:url\" content=\"https:\/\/seed.hu\/hirek\/piac-es-profit-konferencia-penz-a-tuleleshez-minden-lehetoseget-hasznaljunk-ki\/\" \/>\n<meta property=\"og:site_name\" content=\"Seed\" \/>\n<meta property=\"article:modified_time\" content=\"2022-01-23T16:43:32+00:00\" \/>\n<meta property=\"og:image\" content=\"https:\/\/seed.hu\/wp-content\/uploads\/2018\/04\/SEED_logo.png\" \/>\n\t<meta property=\"og:image:width\" content=\"250\" \/>\n\t<meta property=\"og:image:height\" content=\"206\" \/>\n\t<meta property=\"og:image:type\" content=\"image\/png\" \/>\n<meta name=\"twitter:card\" content=\"summary_large_image\" \/>\n<meta name=\"twitter:label1\" content=\"Est. reading time\" \/>\n\t<meta name=\"twitter:data1\" content=\"1 minute\" \/>\n<script type=\"application\/ld+json\" class=\"yoast-schema-graph\">{\"@context\":\"https:\\\/\\\/schema.org\",\"@graph\":[{\"@type\":\"WebPage\",\"@id\":\"https:\\\/\\\/seed.hu\\\/hirek\\\/piac-es-profit-konferencia-penz-a-tuleleshez-minden-lehetoseget-hasznaljunk-ki\\\/\",\"url\":\"https:\\\/\\\/seed.hu\\\/hirek\\\/piac-es-profit-konferencia-penz-a-tuleleshez-minden-lehetoseget-hasznaljunk-ki\\\/\",\"name\":\"Piac \u00e9s Profit Konferencia: P\u00c9NZ a t\u00fal\u00e9l\u00e9shez. Minden lehet\u0151s\u00e9get haszn\u00e1ljunk ki! - Seed\",\"isPartOf\":{\"@id\":\"https:\\\/\\\/seed.hu\\\/#website\"},\"primaryImageOfPage\":{\"@id\":\"https:\\\/\\\/seed.hu\\\/hirek\\\/piac-es-profit-konferencia-penz-a-tuleleshez-minden-lehetoseget-hasznaljunk-ki\\\/#primaryimage\"},\"image\":{\"@id\":\"https:\\\/\\\/seed.hu\\\/hirek\\\/piac-es-profit-konferencia-penz-a-tuleleshez-minden-lehetoseget-hasznaljunk-ki\\\/#primaryimage\"},\"thumbnailUrl\":\"https:\\\/\\\/seed.hu\\\/wp-content\\\/uploads\\\/2018\\\/04\\\/SEED_logo.png\",\"datePublished\":\"2020-06-08T15:25:54+00:00\",\"dateModified\":\"2022-01-23T16:43:32+00:00\",\"breadcrumb\":{\"@id\":\"https:\\\/\\\/seed.hu\\\/hirek\\\/piac-es-profit-konferencia-penz-a-tuleleshez-minden-lehetoseget-hasznaljunk-ki\\\/#breadcrumb\"},\"inLanguage\":\"en-US\",\"potentialAction\":[{\"@type\":\"ReadAction\",\"target\":[\"https:\\\/\\\/seed.hu\\\/hirek\\\/piac-es-profit-konferencia-penz-a-tuleleshez-minden-lehetoseget-hasznaljunk-ki\\\/\"]}]},{\"@type\":\"ImageObject\",\"inLanguage\":\"en-US\",\"@id\":\"https:\\\/\\\/seed.hu\\\/hirek\\\/piac-es-profit-konferencia-penz-a-tuleleshez-minden-lehetoseget-hasznaljunk-ki\\\/#primaryimage\",\"url\":\"https:\\\/\\\/seed.hu\\\/wp-content\\\/uploads\\\/2018\\\/04\\\/SEED_logo.png\",\"contentUrl\":\"https:\\\/\\\/seed.hu\\\/wp-content\\\/uploads\\\/2018\\\/04\\\/SEED_logo.png\",\"width\":250,\"height\":206},{\"@type\":\"BreadcrumbList\",\"@id\":\"https:\\\/\\\/seed.hu\\\/hirek\\\/piac-es-profit-konferencia-penz-a-tuleleshez-minden-lehetoseget-hasznaljunk-ki\\\/#breadcrumb\",\"itemListElement\":[{\"@type\":\"ListItem\",\"position\":1,\"name\":\"H\u00edrek\",\"item\":\"https:\\\/\\\/seed.hu\\\/hirek\\\/\"},{\"@type\":\"ListItem\",\"position\":2,\"name\":\"Piac \u00e9s Profit Konferencia: P\u00c9NZ a t\u00fal\u00e9l\u00e9shez. Minden lehet\u0151s\u00e9get haszn\u00e1ljunk ki!\"}]},{\"@type\":\"WebSite\",\"@id\":\"https:\\\/\\\/seed.hu\\\/#website\",\"url\":\"https:\\\/\\\/seed.hu\\\/\",\"name\":\"Seed\",\"description\":\"\",\"potentialAction\":[{\"@type\":\"SearchAction\",\"target\":{\"@type\":\"EntryPoint\",\"urlTemplate\":\"https:\\\/\\\/seed.hu\\\/?s={search_term_string}\"},\"query-input\":{\"@type\":\"PropertyValueSpecification\",\"valueRequired\":true,\"valueName\":\"search_term_string\"}}],\"inLanguage\":\"en-US\"}]}<\/script>\n<!-- \/ Yoast SEO plugin. -->","yoast_head_json":{"title":"Piac \u00e9s Profit Konferencia: P\u00c9NZ a t\u00fal\u00e9l\u00e9shez. Minden lehet\u0151s\u00e9get haszn\u00e1ljunk ki! - Seed","robots":{"index":"index","follow":"follow","max-snippet":"max-snippet:-1","max-image-preview":"max-image-preview:large","max-video-preview":"max-video-preview:-1"},"canonical":"https:\/\/seed.hu\/hirek\/piac-es-profit-konferencia-penz-a-tuleleshez-minden-lehetoseget-hasznaljunk-ki\/","og_locale":"en_US","og_type":"article","og_title":"Piac \u00e9s Profit Konferencia: P\u00c9NZ a t\u00fal\u00e9l\u00e9shez. Minden lehet\u0151s\u00e9get haszn\u00e1ljunk ki! - Seed","og_description":"A vide\u00f3konferencia id\u0151pontja:\u00a02020. j\u00fanius 11. cs\u00fct\u00f6rt\u00f6k, 9.30\u201315.00 A SEED Alap\u00edtv\u00e1ny szakmai t\u00e1mogat\u00f3i poz\u00edci\u00f3j\u00e1ra tekintettel a rendezv\u00e9nyt kedvezm\u00e9nnyel l\u00e1togathatj\u00e1k az Alap\u00edtv\u00e1ny k\u00f6vet\u0151i, h\u00edrlev\u00e9l-feliratkoz\u00f3i. Haszn\u00e1ld a k\u00f3dot:\u00a0BP2020 Gyors seg\u00edts\u00e9gre, p\u00e9nzre van sz\u00fcks\u00e9ged? Nem biztos, hogy mindent tudsz a p\u00e9nzhez jut\u00e1si lehet\u0151s\u00e9gekr\u0151l? Ezen a napon minden p\u00e9nzforr\u00e1st el\u00e9d rakunk, amit most ig\u00e9nybe vehetsz.\u00a0 Biztosan van k\u00f6z\u00f6tt\u00fck olyan, ami [&hellip;]","og_url":"https:\/\/seed.hu\/hirek\/piac-es-profit-konferencia-penz-a-tuleleshez-minden-lehetoseget-hasznaljunk-ki\/","og_site_name":"Seed","article_modified_time":"2022-01-23T16:43:32+00:00","og_image":[{"width":250,"height":206,"url":"https:\/\/seed.hu\/wp-content\/uploads\/2018\/04\/SEED_logo.png","type":"image\/png"}],"twitter_card":"summary_large_image","twitter_misc":{"Est. reading time":"1 minute"},"schema":{"@context":"https:\/\/schema.org","@graph":[{"@type":"WebPage","@id":"https:\/\/seed.hu\/hirek\/piac-es-profit-konferencia-penz-a-tuleleshez-minden-lehetoseget-hasznaljunk-ki\/","url":"https:\/\/seed.hu\/hirek\/piac-es-profit-konferencia-penz-a-tuleleshez-minden-lehetoseget-hasznaljunk-ki\/","name":"Piac \u00e9s Profit Konferencia: P\u00c9NZ a t\u00fal\u00e9l\u00e9shez. Minden lehet\u0151s\u00e9get haszn\u00e1ljunk ki! - Seed","isPartOf":{"@id":"https:\/\/seed.hu\/#website"},"primaryImageOfPage":{"@id":"https:\/\/seed.hu\/hirek\/piac-es-profit-konferencia-penz-a-tuleleshez-minden-lehetoseget-hasznaljunk-ki\/#primaryimage"},"image":{"@id":"https:\/\/seed.hu\/hirek\/piac-es-profit-konferencia-penz-a-tuleleshez-minden-lehetoseget-hasznaljunk-ki\/#primaryimage"},"thumbnailUrl":"https:\/\/seed.hu\/wp-content\/uploads\/2018\/04\/SEED_logo.png","datePublished":"2020-06-08T15:25:54+00:00","dateModified":"2022-01-23T16:43:32+00:00","breadcrumb":{"@id":"https:\/\/seed.hu\/hirek\/piac-es-profit-konferencia-penz-a-tuleleshez-minden-lehetoseget-hasznaljunk-ki\/#breadcrumb"},"inLanguage":"en-US","potentialAction":[{"@type":"ReadAction","target":["https:\/\/seed.hu\/hirek\/piac-es-profit-konferencia-penz-a-tuleleshez-minden-lehetoseget-hasznaljunk-ki\/"]}]},{"@type":"ImageObject","inLanguage":"en-US","@id":"https:\/\/seed.hu\/hirek\/piac-es-profit-konferencia-penz-a-tuleleshez-minden-lehetoseget-hasznaljunk-ki\/#primaryimage","url":"https:\/\/seed.hu\/wp-content\/uploads\/2018\/04\/SEED_logo.png","contentUrl":"https:\/\/seed.hu\/wp-content\/uploads\/2018\/04\/SEED_logo.png","width":250,"height":206},{"@type":"BreadcrumbList","@id":"https:\/\/seed.hu\/hirek\/piac-es-profit-konferencia-penz-a-tuleleshez-minden-lehetoseget-hasznaljunk-ki\/#breadcrumb","itemListElement":[{"@type":"ListItem","position":1,"name":"H\u00edrek","item":"https:\/\/seed.hu\/hirek\/"},{"@type":"ListItem","position":2,"name":"Piac \u00e9s Profit Konferencia: P\u00c9NZ a t\u00fal\u00e9l\u00e9shez. Minden lehet\u0151s\u00e9get haszn\u00e1ljunk ki!"}]},{"@type":"WebSite","@id":"https:\/\/seed.hu\/#website","url":"https:\/\/seed.hu\/","name":"Seed","description":"","potentialAction":[{"@type":"SearchAction","target":{"@type":"EntryPoint","urlTemplate":"https:\/\/seed.hu\/?s={search_term_string}"},"query-input":{"@type":"PropertyValueSpecification","valueRequired":true,"valueName":"search_term_string"}}],"inLanguage":"en-US"}]}},"_links":{"self":[{"href":"https:\/\/seed.hu\/en\/wp-json\/wp\/v2\/hirek\/1006","targetHints":{"allow":["GET"]}}],"collection":[{"href":"https:\/\/seed.hu\/en\/wp-json\/wp\/v2\/hirek"}],"about":[{"href":"https:\/\/seed.hu\/en\/wp-json\/wp\/v2\/types\/hirek"}],"wp:featuredmedia":[{"embeddable":true,"href":"https:\/\/seed.hu\/en\/wp-json\/wp\/v2\/media\/792"}],"wp:attachment":[{"href":"https:\/\/seed.hu\/en\/wp-json\/wp\/v2\/media?parent=1006"}],"curies":[{"name":"wp","href":"https:\/\/api.w.org\/{rel}","templated":true}]}}