{"id":1010,"date":"2020-06-08T17:45:51","date_gmt":"2020-06-08T15:45:51","guid":{"rendered":"https:\/\/seed.hu\/?post_type=hirek&#038;p=1010"},"modified":"2022-01-23T17:48:04","modified_gmt":"2022-01-23T16:48:04","slug":"online-vallalkozoi-forum-ujra-modellezes-jelentosege-a-valtozo-uzleti-korulmenyek-idejen-valtoztatasra-utalo-jelek-es-lehetseges-valaszok-2020-junius-11","status":"publish","type":"hirek","link":"https:\/\/seed.hu\/en\/hirek\/online-vallalkozoi-forum-ujra-modellezes-jelentosege-a-valtozo-uzleti-korulmenyek-idejen-valtoztatasra-utalo-jelek-es-lehetseges-valaszok-2020-junius-11\/","title":{"rendered":"Online V\u00e1llalkoz\u00f3i F\u00f3rum &#8211; (\u00dajra) modellez\u00e9s jelent\u0151s\u00e9ge a v\u00e1ltoz\u00f3 \u00fczleti k\u00f6r\u00fclm\u00e9nyek idej\u00e9n &#8211; v\u00e1ltoztat\u00e1sra utal\u00f3 jelek \u00e9s lehets\u00e9ges v\u00e1laszok, 2020. j\u00fanius 11."},"content":{"rendered":"<p><a href=\"https:\/\/seed.hu\/szolgaltatasok\/kerdezd-a-tanacsadot\/partnerbig2\/\" rel=\"attachment wp-att-41\"><img loading=\"lazy\" decoding=\"async\" class=\"alignnone  wp-image-41\" src=\"https:\/\/seed.hu\/wp-content\/uploads\/2021\/02\/partnerBig2.png\" alt=\"\" width=\"285\" height=\"90\" \/><\/a><\/p>\n<p><span style=\"font-size: 20px;\"><strong>Online V\u00e1llalkoz\u00f3i F\u00f3rum &#8211; Egy szak\u00e9rt\u0151, egy v\u00e1llalkoz\u00f3, egy t\u00e9ma, 1 \u00f3ra<\/strong><\/span><\/p>\n<p><strong><u>A k\u00f6vetkez\u0151\u00a0szakmai besz\u00e9lget\u00e9s id\u0151pontja:<\/u><\/strong><br \/>\n2020. j\u00fanius 11., cs\u00fct\u00f6rt\u00f6k, 17:30-19:00.<\/p>\n<p><strong><u>A besz\u00e9lget\u0151partnerek:<\/u><\/strong><\/p>\n<ul>\n<li>dr. Csepeti \u00c1d\u00e1m, Budapesti Corvinus Egyetem Marketing \u00e9s M\u00e9dia Int\u00e9zet\u00e9nek adjunktusa, \u00fczleti tervez\u00e9si m\u00f3dszertani szak\u00e9rt\u0151, a Market Orientation Kft. \u00fcgyvezet\u0151 tulajdonosa,<\/li>\n<li>Lakatos S\u00e1ndor, a Nova-Pap\u00edr Zrt. vez\u00e9rigazgat\u00f3ja \u00e9s r\u00e9sztulajdonosa, v\u00e1llalkoz\u00f3i mentor<\/li>\n<\/ul>\n<p><strong><u>A t\u00e9ma:<\/u><\/strong><\/p>\n<p>(\u00dajra) modellez\u00e9s jelent\u0151s\u00e9ge a v\u00e1ltoz\u00f3 \u00fczleti k\u00f6r\u00fclm\u00e9nyek idej\u00e9n &#8211; v\u00e1ltoztat\u00e1sra utal\u00f3 jelek \u00e9s lehets\u00e9ges v\u00e1laszok<\/p>\n<p><strong><u>R\u00e9szletes t\u00e9ma:<\/u><\/strong><\/p>\n<ul>\n<li>Hov\u00e1 ny\u00falhatunk vissza, ha v\u00e1ltoztat\u00e1sra k\u00e9nyszer\u00fcl\u00fcnk &#8211; v\u00e1llalkoz\u00e1sunk kor\u00e1bbi t\u00fal\u00e9l\u00e9si strat\u00e9gi\u00e1i<\/li>\n<li>Rendk\u00edv\u00fcli helyzetek rendk\u00edv\u00fcli beavatkoz\u00e1st ig\u00e9nyelnek &#8211; hogyan \u00e9p\u00edts\u00fck be a v\u00e1ls\u00e1ghelyzetben hozott int\u00e9zked\u00e9seket a c\u00e9g j\u00f6v\u0151beni strat\u00e9gi\u00e1j\u00e1ba<\/li>\n<li>V\u00e1ltozik-e c\u00e9g\u00fcnk \u00faj \u00e9s megl\u00e9v\u0151 \u00fcgyfelek fel\u00e9 k\u00f6zvet\u00edtett \u00e9rt\u00e9kaj\u00e1nlata a v\u00e1ls\u00e1ghelyzet hat\u00e1s\u00e1ra &#8211; mi hat\u00e1rozza meg a v\u00e1ltoztat\u00e1s m\u00e9rt\u00e9k\u00e9t?<\/li>\n<li>Hogyan hat mindez a v\u00e1llalkoz\u00e1s m\u00e1s ter\u00fcleteire &#8211; bev\u00e9teli strukt\u00far\u00e1ra, \u00e9rt\u00e9kes\u00edt\u00e9si csatorn\u00e1kra, strat\u00e9giai partnerekre, vagy ak\u00e1r a k\u00f6lts\u00e9g\u00f6sszet\u00e9telre?K<\/li>\n<\/ul>\n<p>&nbsp;<\/p>\n<p><strong><em>A f\u00f3rumon a r\u00e9szv\u00e9tel ingyenes, de el\u0151zetes regisztr\u00e1ci\u00f3hoz k\u00f6t\u00f6tt.<\/em><\/strong><\/p>\n<p><strong><em>Jelentkez\u00e9si hat\u00e1rid\u0151: 2020. j\u00fanius 11. 12:00<\/em><\/strong><\/p>\n<p><a href=\"https:\/\/seed.hu\/kerdoiv\/online-vallalkozoi-forum-ujra-modellezes-jelentosege-a-valtozo-uzleti-korulmenyek-idejen\" target=\"_blank\" rel=\"noopener\"><img decoding=\"async\" style=\"width: 130px; height: 42px;\" src=\"https:\/\/seed.hu\/files\/attachments\/inline\/regisztracio4.png\" alt=\"\" \/><\/a><\/p>\n<p>&nbsp;<\/p>\n","protected":false},"featured_media":792,"menu_order":0,"template":"","meta":{"_acf_changed":false},"class_list":["post-1010","hirek","type-hirek","status-publish","has-post-thumbnail","hentry"],"acf":[],"yoast_head":"<!-- This site is optimized with the Yoast SEO plugin v27.4 - https:\/\/yoast.com\/product\/yoast-seo-wordpress\/ -->\n<title>Online V\u00e1llalkoz\u00f3i F\u00f3rum - (\u00dajra) modellez\u00e9s jelent\u0151s\u00e9ge a v\u00e1ltoz\u00f3 \u00fczleti k\u00f6r\u00fclm\u00e9nyek idej\u00e9n - v\u00e1ltoztat\u00e1sra utal\u00f3 jelek \u00e9s lehets\u00e9ges v\u00e1laszok, 2020. j\u00fanius 11. - Seed<\/title>\n<meta name=\"robots\" content=\"index, follow, max-snippet:-1, max-image-preview:large, max-video-preview:-1\" \/>\n<link rel=\"canonical\" href=\"https:\/\/seed.hu\/hirek\/online-vallalkozoi-forum-ujra-modellezes-jelentosege-a-valtozo-uzleti-korulmenyek-idejen-valtoztatasra-utalo-jelek-es-lehetseges-valaszok-2020-junius-11\/\" \/>\n<meta property=\"og:locale\" content=\"en_US\" \/>\n<meta property=\"og:type\" content=\"article\" \/>\n<meta property=\"og:title\" content=\"Online V\u00e1llalkoz\u00f3i F\u00f3rum - (\u00dajra) modellez\u00e9s jelent\u0151s\u00e9ge a v\u00e1ltoz\u00f3 \u00fczleti k\u00f6r\u00fclm\u00e9nyek idej\u00e9n - v\u00e1ltoztat\u00e1sra utal\u00f3 jelek \u00e9s lehets\u00e9ges v\u00e1laszok, 2020. j\u00fanius 11. - Seed\" \/>\n<meta property=\"og:description\" content=\"Online V\u00e1llalkoz\u00f3i F\u00f3rum &#8211; Egy szak\u00e9rt\u0151, egy v\u00e1llalkoz\u00f3, egy t\u00e9ma, 1 \u00f3ra A k\u00f6vetkez\u0151\u00a0szakmai besz\u00e9lget\u00e9s id\u0151pontja: 2020. j\u00fanius 11., cs\u00fct\u00f6rt\u00f6k, 17:30-19:00. A besz\u00e9lget\u0151partnerek: dr. Csepeti \u00c1d\u00e1m, Budapesti Corvinus Egyetem Marketing \u00e9s M\u00e9dia Int\u00e9zet\u00e9nek adjunktusa, \u00fczleti tervez\u00e9si m\u00f3dszertani szak\u00e9rt\u0151, a Market Orientation Kft. \u00fcgyvezet\u0151 tulajdonosa, Lakatos S\u00e1ndor, a Nova-Pap\u00edr Zrt. vez\u00e9rigazgat\u00f3ja \u00e9s r\u00e9sztulajdonosa, v\u00e1llalkoz\u00f3i mentor A [&hellip;]\" \/>\n<meta property=\"og:url\" content=\"https:\/\/seed.hu\/hirek\/online-vallalkozoi-forum-ujra-modellezes-jelentosege-a-valtozo-uzleti-korulmenyek-idejen-valtoztatasra-utalo-jelek-es-lehetseges-valaszok-2020-junius-11\/\" \/>\n<meta property=\"og:site_name\" content=\"Seed\" \/>\n<meta property=\"article:modified_time\" content=\"2022-01-23T16:48:04+00:00\" \/>\n<meta property=\"og:image\" content=\"https:\/\/seed.hu\/wp-content\/uploads\/2018\/04\/SEED_logo.png\" \/>\n\t<meta property=\"og:image:width\" content=\"250\" \/>\n\t<meta property=\"og:image:height\" content=\"206\" \/>\n\t<meta property=\"og:image:type\" content=\"image\/png\" \/>\n<meta name=\"twitter:card\" content=\"summary_large_image\" \/>\n<meta name=\"twitter:label1\" content=\"Est. reading time\" \/>\n\t<meta name=\"twitter:data1\" content=\"1 minute\" \/>\n<script type=\"application\/ld+json\" class=\"yoast-schema-graph\">{\"@context\":\"https:\\\/\\\/schema.org\",\"@graph\":[{\"@type\":\"WebPage\",\"@id\":\"https:\\\/\\\/seed.hu\\\/hirek\\\/online-vallalkozoi-forum-ujra-modellezes-jelentosege-a-valtozo-uzleti-korulmenyek-idejen-valtoztatasra-utalo-jelek-es-lehetseges-valaszok-2020-junius-11\\\/\",\"url\":\"https:\\\/\\\/seed.hu\\\/hirek\\\/online-vallalkozoi-forum-ujra-modellezes-jelentosege-a-valtozo-uzleti-korulmenyek-idejen-valtoztatasra-utalo-jelek-es-lehetseges-valaszok-2020-junius-11\\\/\",\"name\":\"Online V\u00e1llalkoz\u00f3i F\u00f3rum - (\u00dajra) modellez\u00e9s jelent\u0151s\u00e9ge a v\u00e1ltoz\u00f3 \u00fczleti k\u00f6r\u00fclm\u00e9nyek idej\u00e9n - v\u00e1ltoztat\u00e1sra utal\u00f3 jelek \u00e9s lehets\u00e9ges v\u00e1laszok, 2020. j\u00fanius 11. - Seed\",\"isPartOf\":{\"@id\":\"https:\\\/\\\/seed.hu\\\/#website\"},\"primaryImageOfPage\":{\"@id\":\"https:\\\/\\\/seed.hu\\\/hirek\\\/online-vallalkozoi-forum-ujra-modellezes-jelentosege-a-valtozo-uzleti-korulmenyek-idejen-valtoztatasra-utalo-jelek-es-lehetseges-valaszok-2020-junius-11\\\/#primaryimage\"},\"image\":{\"@id\":\"https:\\\/\\\/seed.hu\\\/hirek\\\/online-vallalkozoi-forum-ujra-modellezes-jelentosege-a-valtozo-uzleti-korulmenyek-idejen-valtoztatasra-utalo-jelek-es-lehetseges-valaszok-2020-junius-11\\\/#primaryimage\"},\"thumbnailUrl\":\"https:\\\/\\\/seed.hu\\\/wp-content\\\/uploads\\\/2018\\\/04\\\/SEED_logo.png\",\"datePublished\":\"2020-06-08T15:45:51+00:00\",\"dateModified\":\"2022-01-23T16:48:04+00:00\",\"breadcrumb\":{\"@id\":\"https:\\\/\\\/seed.hu\\\/hirek\\\/online-vallalkozoi-forum-ujra-modellezes-jelentosege-a-valtozo-uzleti-korulmenyek-idejen-valtoztatasra-utalo-jelek-es-lehetseges-valaszok-2020-junius-11\\\/#breadcrumb\"},\"inLanguage\":\"en-US\",\"potentialAction\":[{\"@type\":\"ReadAction\",\"target\":[\"https:\\\/\\\/seed.hu\\\/hirek\\\/online-vallalkozoi-forum-ujra-modellezes-jelentosege-a-valtozo-uzleti-korulmenyek-idejen-valtoztatasra-utalo-jelek-es-lehetseges-valaszok-2020-junius-11\\\/\"]}]},{\"@type\":\"ImageObject\",\"inLanguage\":\"en-US\",\"@id\":\"https:\\\/\\\/seed.hu\\\/hirek\\\/online-vallalkozoi-forum-ujra-modellezes-jelentosege-a-valtozo-uzleti-korulmenyek-idejen-valtoztatasra-utalo-jelek-es-lehetseges-valaszok-2020-junius-11\\\/#primaryimage\",\"url\":\"https:\\\/\\\/seed.hu\\\/wp-content\\\/uploads\\\/2018\\\/04\\\/SEED_logo.png\",\"contentUrl\":\"https:\\\/\\\/seed.hu\\\/wp-content\\\/uploads\\\/2018\\\/04\\\/SEED_logo.png\",\"width\":250,\"height\":206},{\"@type\":\"BreadcrumbList\",\"@id\":\"https:\\\/\\\/seed.hu\\\/hirek\\\/online-vallalkozoi-forum-ujra-modellezes-jelentosege-a-valtozo-uzleti-korulmenyek-idejen-valtoztatasra-utalo-jelek-es-lehetseges-valaszok-2020-junius-11\\\/#breadcrumb\",\"itemListElement\":[{\"@type\":\"ListItem\",\"position\":1,\"name\":\"H\u00edrek\",\"item\":\"https:\\\/\\\/seed.hu\\\/hirek\\\/\"},{\"@type\":\"ListItem\",\"position\":2,\"name\":\"Online V\u00e1llalkoz\u00f3i F\u00f3rum &#8211; (\u00dajra) modellez\u00e9s jelent\u0151s\u00e9ge a v\u00e1ltoz\u00f3 \u00fczleti k\u00f6r\u00fclm\u00e9nyek idej\u00e9n &#8211; v\u00e1ltoztat\u00e1sra utal\u00f3 jelek \u00e9s lehets\u00e9ges v\u00e1laszok, 2020. j\u00fanius 11.\"}]},{\"@type\":\"WebSite\",\"@id\":\"https:\\\/\\\/seed.hu\\\/#website\",\"url\":\"https:\\\/\\\/seed.hu\\\/\",\"name\":\"Seed\",\"description\":\"\",\"potentialAction\":[{\"@type\":\"SearchAction\",\"target\":{\"@type\":\"EntryPoint\",\"urlTemplate\":\"https:\\\/\\\/seed.hu\\\/?s={search_term_string}\"},\"query-input\":{\"@type\":\"PropertyValueSpecification\",\"valueRequired\":true,\"valueName\":\"search_term_string\"}}],\"inLanguage\":\"en-US\"}]}<\/script>\n<!-- \/ Yoast SEO plugin. -->","yoast_head_json":{"title":"Online V\u00e1llalkoz\u00f3i F\u00f3rum - (\u00dajra) modellez\u00e9s jelent\u0151s\u00e9ge a v\u00e1ltoz\u00f3 \u00fczleti k\u00f6r\u00fclm\u00e9nyek idej\u00e9n - v\u00e1ltoztat\u00e1sra utal\u00f3 jelek \u00e9s lehets\u00e9ges v\u00e1laszok, 2020. j\u00fanius 11. - Seed","robots":{"index":"index","follow":"follow","max-snippet":"max-snippet:-1","max-image-preview":"max-image-preview:large","max-video-preview":"max-video-preview:-1"},"canonical":"https:\/\/seed.hu\/hirek\/online-vallalkozoi-forum-ujra-modellezes-jelentosege-a-valtozo-uzleti-korulmenyek-idejen-valtoztatasra-utalo-jelek-es-lehetseges-valaszok-2020-junius-11\/","og_locale":"en_US","og_type":"article","og_title":"Online V\u00e1llalkoz\u00f3i F\u00f3rum - (\u00dajra) modellez\u00e9s jelent\u0151s\u00e9ge a v\u00e1ltoz\u00f3 \u00fczleti k\u00f6r\u00fclm\u00e9nyek idej\u00e9n - v\u00e1ltoztat\u00e1sra utal\u00f3 jelek \u00e9s lehets\u00e9ges v\u00e1laszok, 2020. j\u00fanius 11. - Seed","og_description":"Online V\u00e1llalkoz\u00f3i F\u00f3rum &#8211; Egy szak\u00e9rt\u0151, egy v\u00e1llalkoz\u00f3, egy t\u00e9ma, 1 \u00f3ra A k\u00f6vetkez\u0151\u00a0szakmai besz\u00e9lget\u00e9s id\u0151pontja: 2020. j\u00fanius 11., cs\u00fct\u00f6rt\u00f6k, 17:30-19:00. A besz\u00e9lget\u0151partnerek: dr. Csepeti \u00c1d\u00e1m, Budapesti Corvinus Egyetem Marketing \u00e9s M\u00e9dia Int\u00e9zet\u00e9nek adjunktusa, \u00fczleti tervez\u00e9si m\u00f3dszertani szak\u00e9rt\u0151, a Market Orientation Kft. \u00fcgyvezet\u0151 tulajdonosa, Lakatos S\u00e1ndor, a Nova-Pap\u00edr Zrt. vez\u00e9rigazgat\u00f3ja \u00e9s r\u00e9sztulajdonosa, v\u00e1llalkoz\u00f3i mentor A [&hellip;]","og_url":"https:\/\/seed.hu\/hirek\/online-vallalkozoi-forum-ujra-modellezes-jelentosege-a-valtozo-uzleti-korulmenyek-idejen-valtoztatasra-utalo-jelek-es-lehetseges-valaszok-2020-junius-11\/","og_site_name":"Seed","article_modified_time":"2022-01-23T16:48:04+00:00","og_image":[{"width":250,"height":206,"url":"https:\/\/seed.hu\/wp-content\/uploads\/2018\/04\/SEED_logo.png","type":"image\/png"}],"twitter_card":"summary_large_image","twitter_misc":{"Est. reading time":"1 minute"},"schema":{"@context":"https:\/\/schema.org","@graph":[{"@type":"WebPage","@id":"https:\/\/seed.hu\/hirek\/online-vallalkozoi-forum-ujra-modellezes-jelentosege-a-valtozo-uzleti-korulmenyek-idejen-valtoztatasra-utalo-jelek-es-lehetseges-valaszok-2020-junius-11\/","url":"https:\/\/seed.hu\/hirek\/online-vallalkozoi-forum-ujra-modellezes-jelentosege-a-valtozo-uzleti-korulmenyek-idejen-valtoztatasra-utalo-jelek-es-lehetseges-valaszok-2020-junius-11\/","name":"Online V\u00e1llalkoz\u00f3i F\u00f3rum - (\u00dajra) modellez\u00e9s jelent\u0151s\u00e9ge a v\u00e1ltoz\u00f3 \u00fczleti k\u00f6r\u00fclm\u00e9nyek idej\u00e9n - v\u00e1ltoztat\u00e1sra utal\u00f3 jelek \u00e9s lehets\u00e9ges v\u00e1laszok, 2020. j\u00fanius 11. - Seed","isPartOf":{"@id":"https:\/\/seed.hu\/#website"},"primaryImageOfPage":{"@id":"https:\/\/seed.hu\/hirek\/online-vallalkozoi-forum-ujra-modellezes-jelentosege-a-valtozo-uzleti-korulmenyek-idejen-valtoztatasra-utalo-jelek-es-lehetseges-valaszok-2020-junius-11\/#primaryimage"},"image":{"@id":"https:\/\/seed.hu\/hirek\/online-vallalkozoi-forum-ujra-modellezes-jelentosege-a-valtozo-uzleti-korulmenyek-idejen-valtoztatasra-utalo-jelek-es-lehetseges-valaszok-2020-junius-11\/#primaryimage"},"thumbnailUrl":"https:\/\/seed.hu\/wp-content\/uploads\/2018\/04\/SEED_logo.png","datePublished":"2020-06-08T15:45:51+00:00","dateModified":"2022-01-23T16:48:04+00:00","breadcrumb":{"@id":"https:\/\/seed.hu\/hirek\/online-vallalkozoi-forum-ujra-modellezes-jelentosege-a-valtozo-uzleti-korulmenyek-idejen-valtoztatasra-utalo-jelek-es-lehetseges-valaszok-2020-junius-11\/#breadcrumb"},"inLanguage":"en-US","potentialAction":[{"@type":"ReadAction","target":["https:\/\/seed.hu\/hirek\/online-vallalkozoi-forum-ujra-modellezes-jelentosege-a-valtozo-uzleti-korulmenyek-idejen-valtoztatasra-utalo-jelek-es-lehetseges-valaszok-2020-junius-11\/"]}]},{"@type":"ImageObject","inLanguage":"en-US","@id":"https:\/\/seed.hu\/hirek\/online-vallalkozoi-forum-ujra-modellezes-jelentosege-a-valtozo-uzleti-korulmenyek-idejen-valtoztatasra-utalo-jelek-es-lehetseges-valaszok-2020-junius-11\/#primaryimage","url":"https:\/\/seed.hu\/wp-content\/uploads\/2018\/04\/SEED_logo.png","contentUrl":"https:\/\/seed.hu\/wp-content\/uploads\/2018\/04\/SEED_logo.png","width":250,"height":206},{"@type":"BreadcrumbList","@id":"https:\/\/seed.hu\/hirek\/online-vallalkozoi-forum-ujra-modellezes-jelentosege-a-valtozo-uzleti-korulmenyek-idejen-valtoztatasra-utalo-jelek-es-lehetseges-valaszok-2020-junius-11\/#breadcrumb","itemListElement":[{"@type":"ListItem","position":1,"name":"H\u00edrek","item":"https:\/\/seed.hu\/hirek\/"},{"@type":"ListItem","position":2,"name":"Online V\u00e1llalkoz\u00f3i F\u00f3rum &#8211; (\u00dajra) modellez\u00e9s jelent\u0151s\u00e9ge a v\u00e1ltoz\u00f3 \u00fczleti k\u00f6r\u00fclm\u00e9nyek idej\u00e9n &#8211; v\u00e1ltoztat\u00e1sra utal\u00f3 jelek \u00e9s lehets\u00e9ges v\u00e1laszok, 2020. j\u00fanius 11."}]},{"@type":"WebSite","@id":"https:\/\/seed.hu\/#website","url":"https:\/\/seed.hu\/","name":"Seed","description":"","potentialAction":[{"@type":"SearchAction","target":{"@type":"EntryPoint","urlTemplate":"https:\/\/seed.hu\/?s={search_term_string}"},"query-input":{"@type":"PropertyValueSpecification","valueRequired":true,"valueName":"search_term_string"}}],"inLanguage":"en-US"}]}},"_links":{"self":[{"href":"https:\/\/seed.hu\/en\/wp-json\/wp\/v2\/hirek\/1010","targetHints":{"allow":["GET"]}}],"collection":[{"href":"https:\/\/seed.hu\/en\/wp-json\/wp\/v2\/hirek"}],"about":[{"href":"https:\/\/seed.hu\/en\/wp-json\/wp\/v2\/types\/hirek"}],"wp:featuredmedia":[{"embeddable":true,"href":"https:\/\/seed.hu\/en\/wp-json\/wp\/v2\/media\/792"}],"wp:attachment":[{"href":"https:\/\/seed.hu\/en\/wp-json\/wp\/v2\/media?parent=1010"}],"curies":[{"name":"wp","href":"https:\/\/api.w.org\/{rel}","templated":true}]}}