{"id":1012,"date":"2020-06-15T20:38:35","date_gmt":"2020-06-15T18:38:35","guid":{"rendered":"https:\/\/seed.hu\/?post_type=hirek&#038;p=1012"},"modified":"2022-01-23T17:51:06","modified_gmt":"2022-01-23T16:51:06","slug":"online-vallalkozoi-forum-nyertes-strategia-a-megvaltozott-korulmenyek-idejen","status":"publish","type":"hirek","link":"https:\/\/seed.hu\/en\/hirek\/online-vallalkozoi-forum-nyertes-strategia-a-megvaltozott-korulmenyek-idejen\/","title":{"rendered":"Online V\u00e1llalkoz\u00f3i F\u00f3rum &#8211; Nyertes strat\u00e9gia a megv\u00e1ltozott k\u00f6r\u00fclm\u00e9nyek idej\u00e9n"},"content":{"rendered":"<p><a href=\"https:\/\/seed.hu\/szolgaltatasok\/kerdezd-a-tanacsadot\/partnerbig2\/\" rel=\"attachment wp-att-41\"><img loading=\"lazy\" decoding=\"async\" class=\"alignnone  wp-image-41\" src=\"https:\/\/seed.hu\/wp-content\/uploads\/2021\/02\/partnerBig2.png\" alt=\"\" width=\"285\" height=\"90\" \/><\/a><\/p>\n<p>Imm\u00e1r 7. alkalommal jelentkezett az Online V\u00e1llalkoz\u00f3i F\u00f3rum. A megv\u00e1ltozott k\u00f6r\u00fclm\u00e9nyekre val\u00f3 reag\u00e1l\u00e1s \u00e9s \u00faj strat\u00e9gia alkot\u00e1s t\u00e9m\u00e1ja izgalmas besz\u00e9lget\u00e9st eredm\u00e9nyezett. A t\u00e9m\u00e1t dr. Csepeti \u00c1d\u00e1m, Budapesti Corvinus Egyetem Marketing \u00e9s M\u00e9dia Int\u00e9zet\u00e9nek adjunktusa, \u00fczleti tervez\u00e9si m\u00f3dszertani szak\u00e9rt\u0151, a Market Orientation Kft. \u00fcgyvezet\u0151 tulajdonosa \u00e9s Lakatos S\u00e1ndor, a Nova-Pap\u00edr Zrt. vez\u00e9rigazgat\u00f3ja \u00e9s r\u00e9sztulajdonosa, a V\u00e1llalkoz\u00f3i mentorprogram mentora j\u00e1rta k\u00f6r\u00fcl. Az online t\u00e9r ez\u00fattal is seg\u00edts\u00e9g\u00fcnkre volt, ugyanis \u00edgy S\u00e1ndor der\u00e9kt\u00e1ji f\u00e1jdalmai ellen\u00e9re, l\u00e1badozva is tudta v\u00e1llalni a r\u00e9szv\u00e9telt.<\/p>\n<p>Csepeti \u00c1d\u00e1m a besz\u00e9lget\u00e9s elej\u00e9n arra k\u00e9rte besz\u00e9lget\u0151 partner\u00e9t, hogy a szakmai kontextus meg\u00e9rt\u00e9se miatt foglalja \u00f6ssze mivel foglalkozik a Nova Pap\u00edr Zrt, kik az \u00fcgyfelei.<\/p>\n<p>A c\u00e9gvezet\u0151 elmondta, hogy a Nova Pap\u00edr Zrt. magyar v\u00e1llalkoz\u00e1s, t\u00f6bb \u00e9vtizedes m\u00faltra tekint vissza. Alapvet\u0151en a pap\u00edriparban tev\u00e9kenykedik. Az els\u0151 k\u00f6rforg\u00e1sos pap\u00edrgazd\u00e1lkod\u00e1st kialak\u00edt\u00f3 c\u00e9gr\u0151l, pontosabban c\u00e9gcsoportr\u00f3l van sz\u00f3, mivel van egy le\u00e1nyv\u00e1llalata is, amely a biztons\u00e1gos iratmegsemmis\u00edt\u00e9s meghat\u00e1roz\u00f3 szerepl\u0151je. \u00c9vek \u00f3ta dolgoznak azon, hogy a k\u00e9t c\u00e9g egyfajta platformgazdas\u00e1got alak\u00edtson ki. A k\u00f6rforg\u00e1sos pap\u00edrgazdas\u00e1gnak nagyon j\u00f3l m\u0171k\u00f6dtethet\u0151 rendszer\u00e9t \u00e9p\u00edtett\u00e9k fel. A le\u00e1nyv\u00e1llalat a begy\u0171jt\u00f6tt pap\u00edrt megsemmis\u00edti, amelyet k\u00fclf\u00f6ldi pap\u00edrgy\u00e1raknak \u00e9rt\u00e9kes\u00edtenek, majd a Nova Pap\u00edr Zrt. visszahozza higi\u00e9niai pap\u00edr form\u00e1j\u00e1ban. Ezen fel\u00fcl a mindannyiunk \u00e1ltal j\u00f3l ismert s\u00e1rga csekk alapanyag\u00e1t sz\u00e1ll\u00edtj\u00e1k, valamint klasszikus irodai pap\u00edr \u00e9rt\u00e9kes\u00edt\u00e9ssel foglalkoznak. Minden szegmensben a k\u00f6rforg\u00e1st igyekeznek megval\u00f3s\u00edtani. \u00dcgyfeleik k\u00f6z\u00f6tt kisv\u00e1llalkoz\u00e1sok, korm\u00e1nyhivatalok \u00e9s multinacion\u00e1lis c\u00e9gek is megtal\u00e1lhat\u00f3k.<\/p>\n<p>A pand\u00e9mia kapcs\u00e1n kialakult helyzetben a v\u00e1llalatvezet\u0151kkel k\u00e9sz\u00fclt interj\u00fak alapj\u00e1n az a szakmai konszenzus alakult ki, &#8211; h\u00edvta fel a figyelmet \u00c1d\u00e1m &#8211; hogy a megv\u00e1ltozott \u00e1llapottal kapcsolatban egy vezet\u0151nek h\u00e1rom szakaszt kell j\u00f3l k\u00f6r\u00fclhat\u00e1rolnia:<\/p>\n<p>Els\u0151 szakasz: K\u00f6zvetlen akut v\u00e1ls\u00e1gkezel\u00e9s. Ekkor kv\u00e1zi t\u0171zolt\u00e1s zajlik \u00e9s nagyon fontos, hogy a c\u00e9get minden szempontb\u00f3l mentse a vezet\u0151 \u00e9s felk\u00e9sz\u00edtse nagyon gyorsan a legnehezebb id\u0151szakra. Rem\u00e9lj\u00fck, hogy ennek az els\u0151 szakasznak mostanra m\u00e1r a v\u00e9g\u00e9n vagyunk, de nagyon fontos, hogy err\u0151l besz\u00e9lj\u00fcnk, mert a j\u00f6v\u0151ben lehetnek m\u00e9g ilyenek az \u00e9let\u00fcnkben.<br \/>\nA m\u00e1sodik szakasz: Fel\u00e9p\u00fcl\u00e9s (Recovery). Amikor n\u00f6veked\u00e9snek indul \u00fajra a piacunk, az \u00e1gazatunk beindul, de nem mindegy, hogy milyen \u00fctemben. Vannak olyan \u00e1gazatok, ahol adott esetben nagyon gyors lesz a fel\u00e9p\u00fcl\u00e9s, m\u00edg m\u00e1s \u00e1gazatok pl. a turizmus, vend\u00e9gl\u00e1t\u00e1s, l\u00e9gik\u00f6zleked\u00e9s a szak\u00e9rt\u0151k szerint m\u00e9g 2-3 \u00e9v am\u00edg a 2019-es teljes\u00edtm\u00e9nyt el\u00e9ri.\u00a0 Egy c\u00e9gvezet\u0151nek l\u00e1tnia kell, hogy az \u0151 \u00e1gazat\u00e1ban a fel\u00e9p\u00fcl\u00e9s milyen dinamik\u00e1t \u00edr majd le \u00e9s az er\u0151forr\u00e1sokkal, kompetenci\u00e1kkal, beruh\u00e1z\u00e1sokkal kapcsolatos d\u00f6nt\u00e9sit ehhez kell igaz\u00edtania.<br \/>\nA harmadik szakasz: Az \u00faj egyens\u00faly. Valamikor ki fog alakulni egy \u00faj egyens\u00faly minden \u00e1gazatban \u00e9s az lesz a k\u00e9rd\u00e9s, hogy ebben az \u00faj egyens\u00falyban mi az, ami ugyanolyan, vagy hasonl\u00f3 marad, mint volt 2019-ben \u00e9s mi az, ami megv\u00e1ltozik a COVID-19 hat\u00e1s\u00e1ra \u00e9s nem fog visszat\u00e9rni a r\u00e9gi ker\u00e9kv\u00e1g\u00e1sba. A legkiemelked\u0151bb v\u00e1llalatvezet\u0151k az \u00faj egyens\u00falyra k\u00e9sz\u00fclnek \u00e9s arra ford\u00edtj\u00e1k a figyelm\u00fcket.<br \/>\nA besz\u00e9lget\u00e9s folytat\u00e1sban e h\u00e1rom szakaszt j\u00e1rta v\u00e9gig \u00c1d\u00e1m \u00e9s S\u00e1ndor a Nova Pap\u00edr Zrt. p\u00e9ld\u00e1j\u00e1n kereszt\u00fcl.<\/p>\n<p>Maradj nyugodt \u00e9s racion\u00e1lis<\/p>\n<p>Az els\u0151 szakasz a Nova Pap\u00edr Zrt.-nek is neh\u00e9zs\u00e9get okozott term\u00e9szetesen. Egyre t\u00f6bb \u00fcgyfel\u00fck z\u00e1rt be, \u00edgy a megrendel\u00e9sek is visszaestek. Nem j\u00f6tt be el\u00e9g megsemmis\u00edtend\u0151 pap\u00edr, hiszen nem voltak emberek az irod\u00e1kban. Az els\u0151 percben ezt m\u00e9g nem lehetett mark\u00e1nsan \u00e9rezni, de 2-3 h\u00e9t ut\u00e1n, m\u00e1r mindenkiben tudatosult a c\u00e9gben, hogy a napi rutinban megl\u00e9v\u0151 \u00fcres percek \u00f3r\u00e1kra duzzadtak, gy\u00f6keresen megv\u00e1ltoztak az eddigi dolgok.\u00a0 Ebben a szitu\u00e1ci\u00f3ban teljesen term\u00e9szetes, hogy ha nem tudunk kifel\u00e9 figyelni, akkor haszn\u00e1ljuk ki a lehet\u0151s\u00e9get \u00e9s figyelj\u00fcnk befel\u00e9. Nagyon fontos, hogy b\u00e1r c\u00e9gr\u0151l besz\u00e9l\u00fcnk, de a c\u00e9gben emberek vagyunk, emberk\u00e9nt dolgozunk -emelte ki S\u00e1ndor. Az els\u0151 \u00e9s legfontosabb dolog az volt sz\u00e1m\u00e1ra els\u0151 sz\u00e1m\u00fa vezet\u0151k\u00e9nt, hogy nyugalmat sug\u00e1rozzon. A legjobbat akkor teszi az ember, ha a helyzethez k\u00e9pest megpr\u00f3b\u00e1l racion\u00e1lisnak maradni, ami nem k\u00f6nny\u0171, de meg kell pr\u00f3b\u00e1lni.<\/p>\n<p>Folytassuk\u2026<\/p>\n<p>S\u00e1ndor az \u00f6sszes koll\u00e9g\u00e1val \u00e1tbesz\u00e9lte az els\u0151 k\u00e9t h\u00e9tben, hogy kinek mi a munkak\u00f6re. Senkit\u0151l nem v\u00e1ltak meg, csak az ment el, aki nyugd\u00edjba k\u00edv\u00e1nt vonulni. Felismert\u00e9k, hogy azokr\u00f3l a helyekr\u0151l, ahonnan elhozt\u00e1k a pap\u00edrt, tiszt\u00edt\u00e1sra lenne sz\u00fcks\u00e9g. Nekil\u00e1ttak a megfelel\u0151 megold\u00e1s megtal\u00e1l\u00e1s\u00e1nak. A tud\u00e1s ir\u00e1nti v\u00e1gy meghozta az eredm\u00e9ny\u00e9t \u00e9s megfogalmaz\u00f3dott egy \u00faj szolg\u00e1ltat\u00e1s a hidegk\u00f6dk\u00e9pz\u0151vel t\u00f6rt\u00e9n\u0151 fert\u0151tlen\u00edt\u00e9s gondolata. Fel\u00e9p\u00edtettek egy \u00faj \u00fczlet\u00e1gat. Azok a koll\u00e9g\u00e1k, akiknek felszabadult idej\u00fck a v\u00e9szhelyzet miatt kialakult \u00faj fel\u00e1ll\u00e1sban, kaptak egy \u00faj feladatot. Mindenki tudott hozz\u00e1adott \u00e9rt\u00e9ket adni az \u00faj szolg\u00e1ltat\u00e1s csomag fel\u00e9p\u00edt\u00e9s\u00e9hez. A marketinget is egy\u00fctt dolgozt\u00e1k ki. Volt p\u00e9ld\u00e1ul olyan koll\u00e9ga, aki b\u00e1r kor\u00e1bban nem foglalkozott honlap k\u00e9sz\u00edt\u00e9ssel, most autodidakta m\u00f3don megtanulta \u00e9s elk\u00e9sz\u00edtette az \u00faj \u00fczlet\u00e1g oldal\u00e1t.<\/p>\n<p>M\u0171k\u00f6dik a t\u00e1vmunka<\/p>\n<p>Megtapasztalt\u00e1k, hogy nem kell felt\u00e9tlen\u00fcl az irod\u00e1ban lenni ahhoz, hogy hat\u00e9konyak legyenek.\u00a0 S\u00e1ndor maxim\u00e1lisan b\u00edzott a koll\u00e9g\u00e1iban, nem volt benne szorong\u00e1s, hogy vajon dolgoznak-e a munkat\u00e1rsak, ha nem egy helyen vannak. Az eredm\u00e9nyek \u0151t igazolt\u00e1k. A koll\u00e9g\u00e1i becs\u00fclettel elv\u00e9geztek minden feladatot.<\/p>\n<p>A c\u00e9gvezet\u0151 v\u00e9lem\u00e9nye szerint a j\u00f6v\u0151ben nem felt\u00e9tlen\u00fcl kell bent lenni napi szinten az irod\u00e1ban. Egyre ink\u00e1bb virtu\u00e1liss\u00e1 v\u00e1lik a munkat\u00e9r, mik\u00f6zben term\u00e9szetesen van ig\u00e9ny a szem\u00e9lyes tal\u00e1lkoz\u00e1sra, de ez megoldhat\u00f3 pl. k\u00f6z\u00f6ss\u00e9gi terek, irod\u00e1k haszn\u00e1lat\u00e1val, nem felt\u00e9tlen\u00fcl sz\u00fcks\u00e9ges t\u00f6bb milli\u00f3 forintot irodab\u00e9rl\u00e9sre ford\u00edtani.<\/p>\n<p>H\u00e9t b\u0151, h\u00e9t sz\u0171k esztend\u0151<\/p>\n<p>A Nova Pap\u00edr Zrt. az elm\u00falt \u00e9vek prosper\u00e1l\u00f3 id\u0151szak\u00e1t kihaszn\u00e1lta, \u00e9s figyeltek arra, hogy minden \u00e9vben halmozzanak fel eredm\u00e9nytartal\u00e9kban kell\u0151 \u00f6sszeget ahhoz, hogy ha fejleszteni szeretn\u00e9nek, vagy \u00faj piacra nyitn\u00e1nak legyen mihez ny\u00falni. A pand\u00e9mi\u00e1val \u00f6sszef\u00fcgg\u00e9sben a le\u00e1nyv\u00e1llalat elvesztette a bev\u00e9telei 70%-\u00e1t, \u00e9s az anyac\u00e9g is bev\u00e9tel kies\u00e9st \u00e9lt meg. A t\u0151kefelhalmoz\u00e1snak k\u00f6sz\u00f6nhet\u0151en viszont ki tudtak l\u00e1balni a neh\u00e9zs\u00e9gekb\u0151l. A v\u00e1ls\u00e1g ellen\u00e9re mindenki megkapta az el\u0151re kit\u0171z\u00f6tt pr\u00e9miumot, saj\u00e1t mag\u00e1t kiv\u00e9ve. Err\u0151l nyilv\u00e1nosan \u00e9s deklar\u00e1ltan lemondott.<\/p>\n<p>Strat\u00e9giai alternat\u00edv\u00e1k<\/p>\n<p>Csepeti \u00c1d\u00e1m kiemelte, hogy nagyon fontos nyugodtan, nem kapkodva n\u00e9h\u00e1ny h\u00f3nap alatt \u00e1tgondolni, hogy milyen strat\u00e9giai alternat\u00edv\u00e1i lehetnek a v\u00e1llalkoz\u00e1snak, amit vezet\u00fcnk. A v\u00e1ls\u00e1g id\u0151szakban a strat\u00e9giai menedzsment els\u0151dleges k\u00e9rd\u00e9seit rengetegszer k\u00f6rbe kell j\u00e1rni. Milyen a term\u00e9k piaci m\u0171k\u00f6d\u00e9si k\u00f6rben, milyen c\u00e9lpiacnak ny\u00fajt term\u00e9ket vagy szolg\u00e1ltat\u00e1st? Milyen term\u00e9k\u00fcnk, szolg\u00e1ltat\u00e1sunk van, ezeket hogyan lehet \u00e1talak\u00edtani? Felvegy\u00fcnk-e \u00faj term\u00e9ket, szolg\u00e1ltat\u00e1st a k\u00edn\u00e1latra? Megsz\u00f3l\u00edtsunk-e \u00faj \u00fcgyfeleket? Milyen m\u00e9rt\u00e9kben t\u00e1maszkodjunk a r\u00e9gi \u00fcgyfelekre? Ez egy nagyon j\u00f3 id\u0151szak arra, hogy mindezeket folyamatosan \u00e1tgondoljuk, v\u00e1ltoztassunk.<\/p>\n<p>\u00daj \u00e9rt\u00e9kaj\u00e1nlat<\/p>\n<p>\u00c1d\u00e1m nagyon j\u00f3 m\u00f3dszernek tartja a Business Canvas modellt, ami a SEED Alap\u00edtv\u00e1ny k\u00e9pz\u00e9sei k\u00f6z\u00f6tt is szerepel.<\/p>\n<p>Jelen helyzetben a modell seg\u00edts\u00e9g\u00e9vel \u00e9rt\u00e9kelhet\u0151, hogy a v\u00e1llalkoz\u00e1s \u00e9rt\u00e9kaj\u00e1nlata hogyan alakul \u00e1t a v\u00e1ls\u00e1g alatt. Hogyan v\u00e1ltozik majd a n\u00f6veked\u00e9s id\u0151szak\u00e1ban \u00e9s az \u00faj egyens\u00falyban. Milyen \u00e9rt\u00e9kaj\u00e1nlatokat fognak majd a vev\u0151k az \u00fcgyfelek gener\u00e1lni. Az \u00fcgyfelek ig\u00e9nyei \u00e9s preferenci\u00e1i hogyan fognak v\u00e1ltozni?<\/p>\n<p>A piackutat\u00e1s hihetetlen fontos v\u00e1ls\u00e1g idej\u00e9n. Nagyon fontos, hogy gyorsan v\u00e1ltoznak az \u00fcgyf\u00e9l ig\u00e9nyek. Gyorsan meg kell tudnunk ezeket az \u00fcgyf\u00e9l ig\u00e9nyeket \u00e9s ehhez kell illeszten\u00fcnk a k\u00edn\u00e1latunkat.<\/p>\n<p>S\u00e1ndor meger\u0151s\u00edtette, hogy sosem volt annyira fontos az \u00fcgyf\u00e9lkapcsolat \u00e9s egy\u00e1ltal\u00e1n az \u00e9rt\u00e9kes\u00edt\u00e9si csatorn\u00e1k j\u00f3 kezel\u00e9se, mint most. T\u00f6bb \u00fcgyf\u00e9llel \u00e1tbesz\u00e9lt\u00e9k az egy\u00fcttm\u0171k\u00f6d\u00e9s folytat\u00e1s\u00e1nak a lehet\u0151s\u00e9g\u00e9t, a fizet\u00e9si neh\u00e9zs\u00e9gek eset\u00e9n is az volt a c\u00e9l, hogy tal\u00e1ljanak ki egy\u00fctt egy olyan strat\u00e9gi\u00e1t, ami sz\u00e1munkra is v\u00e1llalhat\u00f3 \u00e9s nekik sem okoz olyan probl\u00e9m\u00e1t, hogy a megsemmis\u00fcl\u00e9s ir\u00e1ny\u00e1ba sodorn\u00e1 a c\u00e9get. Ebben a lelassult, nyugodtabb id\u0151szakban olyan k\u00e9rd\u00e9seket is fel tudtak tenni az \u00fcgyfeleiknek, amelyekre eddig nem volt lehet\u0151s\u00e9g, megfelel\u0151 id\u0151.<\/p>\n<p>Mindig azt keress\u00fck egy \u00e9rt\u00e9kaj\u00e1nlat kialak\u00edt\u00e1sakor, hogy az \u00fcgyfeleknek milyen l\u00e1tens ig\u00e9nyei vannak. Milyen kimondatlan, nem megfogalmazott ig\u00e9nyei lehetnek \u00e9s erre pr\u00f3b\u00e1ljunk meg valamilyen \u00faj \u00e9rt\u00e9kaj\u00e1nlatot kital\u00e1lni vagy a jelenlegi \u00e9rt\u00e9kaj\u00e1nlatot tov\u00e1bbfejleszteni, m\u00f3dos\u00edtani. Mindig tegy\u00fck fel azokat a k\u00e9rd\u00e9seket, hogy melyek azok az el\u0151ny\u00f6k, azok a hasznok, amelyeket egy \u00faj \u00e9rt\u00e9kaj\u00e1nlattal az \u00fcgyf\u00e9lnek tudunk ny\u00fajtani \u00e9s nagyon fontos az a k\u00e9rd\u00e9s, -amit a Nova Pap\u00edr Zrt. is k\u00f6rbej\u00e1rt tulajdonk\u00e9ppen- hogy az \u00fcgyfeleknek mi jelent terhet \u00e9s \u00e9n hogyan tudom ezt a terhet, ezt a macer\u00e1t levenni az \u0151 v\u00e1llukr\u00f3l.<\/p>\n<p>A teljes besz\u00e9lget\u00e9s felv\u00e9tele megtekinthet\u0151 \u00e9s hallgathat\u00f3 a SEED Alap\u00edtv\u00e1ny honlapj\u00e1n. K\u00f6sz\u00f6nj\u00fck az \u00e9rt\u00e9kes gondolatokat, tan\u00e1csokat a besz\u00e9lget\u00e9s r\u00e9sztvev\u0151inek.<\/p>\n","protected":false},"featured_media":792,"menu_order":0,"template":"","meta":{"_acf_changed":false},"class_list":["post-1012","hirek","type-hirek","status-publish","has-post-thumbnail","hentry"],"acf":[],"yoast_head":"<!-- This site is optimized with the Yoast SEO plugin v27.4 - https:\/\/yoast.com\/product\/yoast-seo-wordpress\/ -->\n<title>Online V\u00e1llalkoz\u00f3i F\u00f3rum - Nyertes strat\u00e9gia a megv\u00e1ltozott k\u00f6r\u00fclm\u00e9nyek idej\u00e9n - Seed<\/title>\n<meta name=\"robots\" content=\"index, follow, max-snippet:-1, max-image-preview:large, max-video-preview:-1\" \/>\n<link rel=\"canonical\" href=\"https:\/\/seed.hu\/hirek\/online-vallalkozoi-forum-nyertes-strategia-a-megvaltozott-korulmenyek-idejen\/\" \/>\n<meta property=\"og:locale\" content=\"en_US\" \/>\n<meta property=\"og:type\" content=\"article\" \/>\n<meta property=\"og:title\" content=\"Online V\u00e1llalkoz\u00f3i F\u00f3rum - Nyertes strat\u00e9gia a megv\u00e1ltozott k\u00f6r\u00fclm\u00e9nyek idej\u00e9n - Seed\" \/>\n<meta property=\"og:description\" content=\"Imm\u00e1r 7. alkalommal jelentkezett az Online V\u00e1llalkoz\u00f3i F\u00f3rum. A megv\u00e1ltozott k\u00f6r\u00fclm\u00e9nyekre val\u00f3 reag\u00e1l\u00e1s \u00e9s \u00faj strat\u00e9gia alkot\u00e1s t\u00e9m\u00e1ja izgalmas besz\u00e9lget\u00e9st eredm\u00e9nyezett. A t\u00e9m\u00e1t dr. Csepeti \u00c1d\u00e1m, Budapesti Corvinus Egyetem Marketing \u00e9s M\u00e9dia Int\u00e9zet\u00e9nek adjunktusa, \u00fczleti tervez\u00e9si m\u00f3dszertani szak\u00e9rt\u0151, a Market Orientation Kft. \u00fcgyvezet\u0151 tulajdonosa \u00e9s Lakatos S\u00e1ndor, a Nova-Pap\u00edr Zrt. vez\u00e9rigazgat\u00f3ja \u00e9s r\u00e9sztulajdonosa, a V\u00e1llalkoz\u00f3i [&hellip;]\" \/>\n<meta property=\"og:url\" content=\"https:\/\/seed.hu\/hirek\/online-vallalkozoi-forum-nyertes-strategia-a-megvaltozott-korulmenyek-idejen\/\" \/>\n<meta property=\"og:site_name\" content=\"Seed\" \/>\n<meta property=\"article:modified_time\" content=\"2022-01-23T16:51:06+00:00\" \/>\n<meta property=\"og:image\" content=\"https:\/\/seed.hu\/wp-content\/uploads\/2018\/04\/SEED_logo.png\" \/>\n\t<meta property=\"og:image:width\" content=\"250\" \/>\n\t<meta property=\"og:image:height\" content=\"206\" \/>\n\t<meta property=\"og:image:type\" content=\"image\/png\" \/>\n<meta name=\"twitter:card\" content=\"summary_large_image\" \/>\n<meta name=\"twitter:label1\" content=\"Est. reading time\" \/>\n\t<meta name=\"twitter:data1\" content=\"10 minutes\" \/>\n<script type=\"application\/ld+json\" class=\"yoast-schema-graph\">{\"@context\":\"https:\\\/\\\/schema.org\",\"@graph\":[{\"@type\":\"WebPage\",\"@id\":\"https:\\\/\\\/seed.hu\\\/hirek\\\/online-vallalkozoi-forum-nyertes-strategia-a-megvaltozott-korulmenyek-idejen\\\/\",\"url\":\"https:\\\/\\\/seed.hu\\\/hirek\\\/online-vallalkozoi-forum-nyertes-strategia-a-megvaltozott-korulmenyek-idejen\\\/\",\"name\":\"Online V\u00e1llalkoz\u00f3i F\u00f3rum - Nyertes strat\u00e9gia a megv\u00e1ltozott k\u00f6r\u00fclm\u00e9nyek idej\u00e9n - Seed\",\"isPartOf\":{\"@id\":\"https:\\\/\\\/seed.hu\\\/#website\"},\"primaryImageOfPage\":{\"@id\":\"https:\\\/\\\/seed.hu\\\/hirek\\\/online-vallalkozoi-forum-nyertes-strategia-a-megvaltozott-korulmenyek-idejen\\\/#primaryimage\"},\"image\":{\"@id\":\"https:\\\/\\\/seed.hu\\\/hirek\\\/online-vallalkozoi-forum-nyertes-strategia-a-megvaltozott-korulmenyek-idejen\\\/#primaryimage\"},\"thumbnailUrl\":\"https:\\\/\\\/seed.hu\\\/wp-content\\\/uploads\\\/2018\\\/04\\\/SEED_logo.png\",\"datePublished\":\"2020-06-15T18:38:35+00:00\",\"dateModified\":\"2022-01-23T16:51:06+00:00\",\"breadcrumb\":{\"@id\":\"https:\\\/\\\/seed.hu\\\/hirek\\\/online-vallalkozoi-forum-nyertes-strategia-a-megvaltozott-korulmenyek-idejen\\\/#breadcrumb\"},\"inLanguage\":\"en-US\",\"potentialAction\":[{\"@type\":\"ReadAction\",\"target\":[\"https:\\\/\\\/seed.hu\\\/hirek\\\/online-vallalkozoi-forum-nyertes-strategia-a-megvaltozott-korulmenyek-idejen\\\/\"]}]},{\"@type\":\"ImageObject\",\"inLanguage\":\"en-US\",\"@id\":\"https:\\\/\\\/seed.hu\\\/hirek\\\/online-vallalkozoi-forum-nyertes-strategia-a-megvaltozott-korulmenyek-idejen\\\/#primaryimage\",\"url\":\"https:\\\/\\\/seed.hu\\\/wp-content\\\/uploads\\\/2018\\\/04\\\/SEED_logo.png\",\"contentUrl\":\"https:\\\/\\\/seed.hu\\\/wp-content\\\/uploads\\\/2018\\\/04\\\/SEED_logo.png\",\"width\":250,\"height\":206},{\"@type\":\"BreadcrumbList\",\"@id\":\"https:\\\/\\\/seed.hu\\\/hirek\\\/online-vallalkozoi-forum-nyertes-strategia-a-megvaltozott-korulmenyek-idejen\\\/#breadcrumb\",\"itemListElement\":[{\"@type\":\"ListItem\",\"position\":1,\"name\":\"H\u00edrek\",\"item\":\"https:\\\/\\\/seed.hu\\\/hirek\\\/\"},{\"@type\":\"ListItem\",\"position\":2,\"name\":\"Online V\u00e1llalkoz\u00f3i F\u00f3rum &#8211; Nyertes strat\u00e9gia a megv\u00e1ltozott k\u00f6r\u00fclm\u00e9nyek idej\u00e9n\"}]},{\"@type\":\"WebSite\",\"@id\":\"https:\\\/\\\/seed.hu\\\/#website\",\"url\":\"https:\\\/\\\/seed.hu\\\/\",\"name\":\"Seed\",\"description\":\"\",\"potentialAction\":[{\"@type\":\"SearchAction\",\"target\":{\"@type\":\"EntryPoint\",\"urlTemplate\":\"https:\\\/\\\/seed.hu\\\/?s={search_term_string}\"},\"query-input\":{\"@type\":\"PropertyValueSpecification\",\"valueRequired\":true,\"valueName\":\"search_term_string\"}}],\"inLanguage\":\"en-US\"}]}<\/script>\n<!-- \/ Yoast SEO plugin. -->","yoast_head_json":{"title":"Online V\u00e1llalkoz\u00f3i F\u00f3rum - Nyertes strat\u00e9gia a megv\u00e1ltozott k\u00f6r\u00fclm\u00e9nyek idej\u00e9n - Seed","robots":{"index":"index","follow":"follow","max-snippet":"max-snippet:-1","max-image-preview":"max-image-preview:large","max-video-preview":"max-video-preview:-1"},"canonical":"https:\/\/seed.hu\/hirek\/online-vallalkozoi-forum-nyertes-strategia-a-megvaltozott-korulmenyek-idejen\/","og_locale":"en_US","og_type":"article","og_title":"Online V\u00e1llalkoz\u00f3i F\u00f3rum - Nyertes strat\u00e9gia a megv\u00e1ltozott k\u00f6r\u00fclm\u00e9nyek idej\u00e9n - Seed","og_description":"Imm\u00e1r 7. alkalommal jelentkezett az Online V\u00e1llalkoz\u00f3i F\u00f3rum. A megv\u00e1ltozott k\u00f6r\u00fclm\u00e9nyekre val\u00f3 reag\u00e1l\u00e1s \u00e9s \u00faj strat\u00e9gia alkot\u00e1s t\u00e9m\u00e1ja izgalmas besz\u00e9lget\u00e9st eredm\u00e9nyezett. A t\u00e9m\u00e1t dr. Csepeti \u00c1d\u00e1m, Budapesti Corvinus Egyetem Marketing \u00e9s M\u00e9dia Int\u00e9zet\u00e9nek adjunktusa, \u00fczleti tervez\u00e9si m\u00f3dszertani szak\u00e9rt\u0151, a Market Orientation Kft. \u00fcgyvezet\u0151 tulajdonosa \u00e9s Lakatos S\u00e1ndor, a Nova-Pap\u00edr Zrt. vez\u00e9rigazgat\u00f3ja \u00e9s r\u00e9sztulajdonosa, a V\u00e1llalkoz\u00f3i [&hellip;]","og_url":"https:\/\/seed.hu\/hirek\/online-vallalkozoi-forum-nyertes-strategia-a-megvaltozott-korulmenyek-idejen\/","og_site_name":"Seed","article_modified_time":"2022-01-23T16:51:06+00:00","og_image":[{"width":250,"height":206,"url":"https:\/\/seed.hu\/wp-content\/uploads\/2018\/04\/SEED_logo.png","type":"image\/png"}],"twitter_card":"summary_large_image","twitter_misc":{"Est. reading time":"10 minutes"},"schema":{"@context":"https:\/\/schema.org","@graph":[{"@type":"WebPage","@id":"https:\/\/seed.hu\/hirek\/online-vallalkozoi-forum-nyertes-strategia-a-megvaltozott-korulmenyek-idejen\/","url":"https:\/\/seed.hu\/hirek\/online-vallalkozoi-forum-nyertes-strategia-a-megvaltozott-korulmenyek-idejen\/","name":"Online V\u00e1llalkoz\u00f3i F\u00f3rum - Nyertes strat\u00e9gia a megv\u00e1ltozott k\u00f6r\u00fclm\u00e9nyek idej\u00e9n - Seed","isPartOf":{"@id":"https:\/\/seed.hu\/#website"},"primaryImageOfPage":{"@id":"https:\/\/seed.hu\/hirek\/online-vallalkozoi-forum-nyertes-strategia-a-megvaltozott-korulmenyek-idejen\/#primaryimage"},"image":{"@id":"https:\/\/seed.hu\/hirek\/online-vallalkozoi-forum-nyertes-strategia-a-megvaltozott-korulmenyek-idejen\/#primaryimage"},"thumbnailUrl":"https:\/\/seed.hu\/wp-content\/uploads\/2018\/04\/SEED_logo.png","datePublished":"2020-06-15T18:38:35+00:00","dateModified":"2022-01-23T16:51:06+00:00","breadcrumb":{"@id":"https:\/\/seed.hu\/hirek\/online-vallalkozoi-forum-nyertes-strategia-a-megvaltozott-korulmenyek-idejen\/#breadcrumb"},"inLanguage":"en-US","potentialAction":[{"@type":"ReadAction","target":["https:\/\/seed.hu\/hirek\/online-vallalkozoi-forum-nyertes-strategia-a-megvaltozott-korulmenyek-idejen\/"]}]},{"@type":"ImageObject","inLanguage":"en-US","@id":"https:\/\/seed.hu\/hirek\/online-vallalkozoi-forum-nyertes-strategia-a-megvaltozott-korulmenyek-idejen\/#primaryimage","url":"https:\/\/seed.hu\/wp-content\/uploads\/2018\/04\/SEED_logo.png","contentUrl":"https:\/\/seed.hu\/wp-content\/uploads\/2018\/04\/SEED_logo.png","width":250,"height":206},{"@type":"BreadcrumbList","@id":"https:\/\/seed.hu\/hirek\/online-vallalkozoi-forum-nyertes-strategia-a-megvaltozott-korulmenyek-idejen\/#breadcrumb","itemListElement":[{"@type":"ListItem","position":1,"name":"H\u00edrek","item":"https:\/\/seed.hu\/hirek\/"},{"@type":"ListItem","position":2,"name":"Online V\u00e1llalkoz\u00f3i F\u00f3rum &#8211; Nyertes strat\u00e9gia a megv\u00e1ltozott k\u00f6r\u00fclm\u00e9nyek idej\u00e9n"}]},{"@type":"WebSite","@id":"https:\/\/seed.hu\/#website","url":"https:\/\/seed.hu\/","name":"Seed","description":"","potentialAction":[{"@type":"SearchAction","target":{"@type":"EntryPoint","urlTemplate":"https:\/\/seed.hu\/?s={search_term_string}"},"query-input":{"@type":"PropertyValueSpecification","valueRequired":true,"valueName":"search_term_string"}}],"inLanguage":"en-US"}]}},"_links":{"self":[{"href":"https:\/\/seed.hu\/en\/wp-json\/wp\/v2\/hirek\/1012","targetHints":{"allow":["GET"]}}],"collection":[{"href":"https:\/\/seed.hu\/en\/wp-json\/wp\/v2\/hirek"}],"about":[{"href":"https:\/\/seed.hu\/en\/wp-json\/wp\/v2\/types\/hirek"}],"wp:featuredmedia":[{"embeddable":true,"href":"https:\/\/seed.hu\/en\/wp-json\/wp\/v2\/media\/792"}],"wp:attachment":[{"href":"https:\/\/seed.hu\/en\/wp-json\/wp\/v2\/media?parent=1012"}],"curies":[{"name":"wp","href":"https:\/\/api.w.org\/{rel}","templated":true}]}}