{"id":1013,"date":"2020-06-18T20:53:16","date_gmt":"2020-06-18T18:53:16","guid":{"rendered":"https:\/\/seed.hu\/?post_type=hirek&#038;p=1013"},"modified":"2022-01-23T17:52:39","modified_gmt":"2022-01-23T16:52:39","slug":"online-vallalkozoi-forum-a-tudas-mint-vallalati-ertek-megtartasa-es-atadasa-2020-06-25","status":"publish","type":"hirek","link":"https:\/\/seed.hu\/en\/hirek\/online-vallalkozoi-forum-a-tudas-mint-vallalati-ertek-megtartasa-es-atadasa-2020-06-25\/","title":{"rendered":"Online V\u00e1llalkoz\u00f3i F\u00f3rum &#8211; A tud\u00e1s, mint v\u00e1llalati \u00e9rt\u00e9k megtart\u00e1sa \u00e9s \u00e1tad\u00e1sa, 2020.06.25."},"content":{"rendered":"<p><a href=\"https:\/\/seed.hu\/szolgaltatasok\/kerdezd-a-tanacsadot\/partnerbig2\/\" rel=\"attachment wp-att-41\"><img loading=\"lazy\" decoding=\"async\" class=\"alignnone  wp-image-41\" src=\"https:\/\/seed.hu\/wp-content\/uploads\/2021\/02\/partnerBig2.png\" alt=\"\" width=\"285\" height=\"90\" \/><\/a><\/p>\n<p><span style=\"font-size: 20px;\"><strong>Online V\u00e1llalkoz\u00f3i F\u00f3rum &#8211; Egy szak\u00e9rt\u0151, egy v\u00e1llalkoz\u00f3, egy t\u00e9ma, 1 \u00f3ra<\/strong><\/span><\/p>\n<p><strong><u>A k\u00f6vetkez\u0151\u00a0szakmai besz\u00e9lget\u00e9s id\u0151pontja:<\/u><\/strong><br \/>\n2020. j\u00fanius 25., cs\u00fct\u00f6rt\u00f6k, 17:30-19:00.<\/p>\n<p><strong><u>A besz\u00e9lget\u0151partnerek:<\/u><\/strong><\/p>\n<ul>\n<li>Patonai \u00c1gnes, \u00fcgyvezet\u0151 igazgat\u00f3, p2m Consulting Kft., v\u00e1llalkoz\u00f3i mentor, Tud\u00e1sbar\u00e1t Szervezet 2019. d\u00edjazott kkv kateg\u00f3ri\u00e1ban,<\/li>\n<li>Gyulay Tibor, \u00fcgyvezet\u0151, KM Expert Kft., a tud\u00e1smenedzsment szak\u00e9rt\u0151<\/li>\n<\/ul>\n<p><strong><u>A t\u00e9ma:<\/u><\/strong><\/p>\n<p>A tud\u00e1s, mint v\u00e1llalati \u00e9rt\u00e9k megtart\u00e1sa \u00e9s \u00e1tad\u00e1sa<\/p>\n<p><strong><u>R\u00e9szletes t\u00e9ma:<\/u><\/strong><\/p>\n<ul>\n<li>Egy v\u00e1llalkoz\u00e1s tud\u00e1svagyona a v\u00e1llalati \u00e9rt\u00e9k sz\u00e1mszer\u0171s\u00edthet\u0151 eleme. B\u00e1r a legnagyobb hangs\u00falyt erre a nagyv\u00e1llalatok helyezik, a tud\u00e1s megtart\u00e1sa \u00e9s \u00e1tad\u00e1sa nem csak a nagyok saj\u00e1tja.<br \/>\nS\u0151t, a n\u00e9h\u00e1ny f\u0151vel, vagy partnerekkel egy\u00fcttm\u0171k\u00f6d\u0151 v\u00e1llalkoz\u00e1sok kitetts\u00e9ge sokkal nagyobb ezen a t\u00e9ren.<\/li>\n<li>De pontosan kin\u00e9l koncentr\u00e1l\u00f3dik a tud\u00e1s, \u00e9s hogyan lehet azt a c\u00e9g eredm\u00e9nyess\u00e9g\u00e9nek a szolg\u00e1lat\u00e1ba \u00e1ll\u00edtani?<\/li>\n<li>Milyen bev\u00e1lt gyakorlatok \u00e9s eszk\u00f6z\u00f6k vannak, melyek a n\u00e9h\u00e1ny f\u0151vel m\u0171k\u00f6d\u0151 v\u00e1llalkoz\u00e1sok sz\u00e1m\u00e1ra \u00e9ppolyan hasznosok, mint a nagyoknak?<\/li>\n<\/ul>\n<p><strong><em>A f\u00f3rumon a r\u00e9szv\u00e9tel ingyenes, de el\u0151zetes regisztr\u00e1ci\u00f3hoz k\u00f6t\u00f6tt.<\/em><\/strong><\/p>\n<p><strong><em>Jelentkez\u00e9si hat\u00e1rid\u0151: 2020. j\u00fanius 25. 12:00<\/em><\/strong><\/p>\n<p><a href=\"https:\/\/seed.hu\/kerdoiv\/online-vallalkozoi-forum-a-tudas-mint-vallalati-ertek-megtartasa-es-atadasa-2020-06-25\" target=\"_blank\" rel=\"noopener\"><img decoding=\"async\" style=\"width: 130px; height: 42px;\" src=\"https:\/\/seed.hu\/files\/attachments\/inline\/regisztracio4.png\" alt=\"\" \/><\/a><\/p>\n<p>&nbsp;<\/p>\n","protected":false},"featured_media":792,"menu_order":0,"template":"","meta":{"_acf_changed":false},"class_list":["post-1013","hirek","type-hirek","status-publish","has-post-thumbnail","hentry"],"acf":[],"yoast_head":"<!-- This site is optimized with the Yoast SEO plugin v27.4 - https:\/\/yoast.com\/product\/yoast-seo-wordpress\/ -->\n<title>Online V\u00e1llalkoz\u00f3i F\u00f3rum - A tud\u00e1s, mint v\u00e1llalati \u00e9rt\u00e9k megtart\u00e1sa \u00e9s \u00e1tad\u00e1sa, 2020.06.25. - Seed<\/title>\n<meta name=\"robots\" content=\"index, follow, max-snippet:-1, max-image-preview:large, max-video-preview:-1\" \/>\n<link rel=\"canonical\" href=\"https:\/\/seed.hu\/hirek\/online-vallalkozoi-forum-a-tudas-mint-vallalati-ertek-megtartasa-es-atadasa-2020-06-25\/\" \/>\n<meta property=\"og:locale\" content=\"en_US\" \/>\n<meta property=\"og:type\" content=\"article\" \/>\n<meta property=\"og:title\" content=\"Online V\u00e1llalkoz\u00f3i F\u00f3rum - A tud\u00e1s, mint v\u00e1llalati \u00e9rt\u00e9k megtart\u00e1sa \u00e9s \u00e1tad\u00e1sa, 2020.06.25. - Seed\" \/>\n<meta property=\"og:description\" content=\"Online V\u00e1llalkoz\u00f3i F\u00f3rum &#8211; Egy szak\u00e9rt\u0151, egy v\u00e1llalkoz\u00f3, egy t\u00e9ma, 1 \u00f3ra A k\u00f6vetkez\u0151\u00a0szakmai besz\u00e9lget\u00e9s id\u0151pontja: 2020. j\u00fanius 25., cs\u00fct\u00f6rt\u00f6k, 17:30-19:00. A besz\u00e9lget\u0151partnerek: Patonai \u00c1gnes, \u00fcgyvezet\u0151 igazgat\u00f3, p2m Consulting Kft., v\u00e1llalkoz\u00f3i mentor, Tud\u00e1sbar\u00e1t Szervezet 2019. d\u00edjazott kkv kateg\u00f3ri\u00e1ban, Gyulay Tibor, \u00fcgyvezet\u0151, KM Expert Kft., a tud\u00e1smenedzsment szak\u00e9rt\u0151 A t\u00e9ma: A tud\u00e1s, mint v\u00e1llalati \u00e9rt\u00e9k megtart\u00e1sa [&hellip;]\" \/>\n<meta property=\"og:url\" content=\"https:\/\/seed.hu\/hirek\/online-vallalkozoi-forum-a-tudas-mint-vallalati-ertek-megtartasa-es-atadasa-2020-06-25\/\" \/>\n<meta property=\"og:site_name\" content=\"Seed\" \/>\n<meta property=\"article:modified_time\" content=\"2022-01-23T16:52:39+00:00\" \/>\n<meta property=\"og:image\" content=\"https:\/\/seed.hu\/wp-content\/uploads\/2018\/04\/SEED_logo.png\" \/>\n\t<meta property=\"og:image:width\" content=\"250\" \/>\n\t<meta property=\"og:image:height\" content=\"206\" \/>\n\t<meta property=\"og:image:type\" content=\"image\/png\" \/>\n<meta name=\"twitter:card\" content=\"summary_large_image\" \/>\n<meta name=\"twitter:label1\" content=\"Est. reading time\" \/>\n\t<meta name=\"twitter:data1\" content=\"1 minute\" \/>\n<script type=\"application\/ld+json\" class=\"yoast-schema-graph\">{\"@context\":\"https:\\\/\\\/schema.org\",\"@graph\":[{\"@type\":\"WebPage\",\"@id\":\"https:\\\/\\\/seed.hu\\\/hirek\\\/online-vallalkozoi-forum-a-tudas-mint-vallalati-ertek-megtartasa-es-atadasa-2020-06-25\\\/\",\"url\":\"https:\\\/\\\/seed.hu\\\/hirek\\\/online-vallalkozoi-forum-a-tudas-mint-vallalati-ertek-megtartasa-es-atadasa-2020-06-25\\\/\",\"name\":\"Online V\u00e1llalkoz\u00f3i F\u00f3rum - A tud\u00e1s, mint v\u00e1llalati \u00e9rt\u00e9k megtart\u00e1sa \u00e9s \u00e1tad\u00e1sa, 2020.06.25. - Seed\",\"isPartOf\":{\"@id\":\"https:\\\/\\\/seed.hu\\\/#website\"},\"primaryImageOfPage\":{\"@id\":\"https:\\\/\\\/seed.hu\\\/hirek\\\/online-vallalkozoi-forum-a-tudas-mint-vallalati-ertek-megtartasa-es-atadasa-2020-06-25\\\/#primaryimage\"},\"image\":{\"@id\":\"https:\\\/\\\/seed.hu\\\/hirek\\\/online-vallalkozoi-forum-a-tudas-mint-vallalati-ertek-megtartasa-es-atadasa-2020-06-25\\\/#primaryimage\"},\"thumbnailUrl\":\"https:\\\/\\\/seed.hu\\\/wp-content\\\/uploads\\\/2018\\\/04\\\/SEED_logo.png\",\"datePublished\":\"2020-06-18T18:53:16+00:00\",\"dateModified\":\"2022-01-23T16:52:39+00:00\",\"breadcrumb\":{\"@id\":\"https:\\\/\\\/seed.hu\\\/hirek\\\/online-vallalkozoi-forum-a-tudas-mint-vallalati-ertek-megtartasa-es-atadasa-2020-06-25\\\/#breadcrumb\"},\"inLanguage\":\"en-US\",\"potentialAction\":[{\"@type\":\"ReadAction\",\"target\":[\"https:\\\/\\\/seed.hu\\\/hirek\\\/online-vallalkozoi-forum-a-tudas-mint-vallalati-ertek-megtartasa-es-atadasa-2020-06-25\\\/\"]}]},{\"@type\":\"ImageObject\",\"inLanguage\":\"en-US\",\"@id\":\"https:\\\/\\\/seed.hu\\\/hirek\\\/online-vallalkozoi-forum-a-tudas-mint-vallalati-ertek-megtartasa-es-atadasa-2020-06-25\\\/#primaryimage\",\"url\":\"https:\\\/\\\/seed.hu\\\/wp-content\\\/uploads\\\/2018\\\/04\\\/SEED_logo.png\",\"contentUrl\":\"https:\\\/\\\/seed.hu\\\/wp-content\\\/uploads\\\/2018\\\/04\\\/SEED_logo.png\",\"width\":250,\"height\":206},{\"@type\":\"BreadcrumbList\",\"@id\":\"https:\\\/\\\/seed.hu\\\/hirek\\\/online-vallalkozoi-forum-a-tudas-mint-vallalati-ertek-megtartasa-es-atadasa-2020-06-25\\\/#breadcrumb\",\"itemListElement\":[{\"@type\":\"ListItem\",\"position\":1,\"name\":\"H\u00edrek\",\"item\":\"https:\\\/\\\/seed.hu\\\/hirek\\\/\"},{\"@type\":\"ListItem\",\"position\":2,\"name\":\"Online V\u00e1llalkoz\u00f3i F\u00f3rum &#8211; A tud\u00e1s, mint v\u00e1llalati \u00e9rt\u00e9k megtart\u00e1sa \u00e9s \u00e1tad\u00e1sa, 2020.06.25.\"}]},{\"@type\":\"WebSite\",\"@id\":\"https:\\\/\\\/seed.hu\\\/#website\",\"url\":\"https:\\\/\\\/seed.hu\\\/\",\"name\":\"Seed\",\"description\":\"\",\"potentialAction\":[{\"@type\":\"SearchAction\",\"target\":{\"@type\":\"EntryPoint\",\"urlTemplate\":\"https:\\\/\\\/seed.hu\\\/?s={search_term_string}\"},\"query-input\":{\"@type\":\"PropertyValueSpecification\",\"valueRequired\":true,\"valueName\":\"search_term_string\"}}],\"inLanguage\":\"en-US\"}]}<\/script>\n<!-- \/ Yoast SEO plugin. -->","yoast_head_json":{"title":"Online V\u00e1llalkoz\u00f3i F\u00f3rum - A tud\u00e1s, mint v\u00e1llalati \u00e9rt\u00e9k megtart\u00e1sa \u00e9s \u00e1tad\u00e1sa, 2020.06.25. - Seed","robots":{"index":"index","follow":"follow","max-snippet":"max-snippet:-1","max-image-preview":"max-image-preview:large","max-video-preview":"max-video-preview:-1"},"canonical":"https:\/\/seed.hu\/hirek\/online-vallalkozoi-forum-a-tudas-mint-vallalati-ertek-megtartasa-es-atadasa-2020-06-25\/","og_locale":"en_US","og_type":"article","og_title":"Online V\u00e1llalkoz\u00f3i F\u00f3rum - A tud\u00e1s, mint v\u00e1llalati \u00e9rt\u00e9k megtart\u00e1sa \u00e9s \u00e1tad\u00e1sa, 2020.06.25. - Seed","og_description":"Online V\u00e1llalkoz\u00f3i F\u00f3rum &#8211; Egy szak\u00e9rt\u0151, egy v\u00e1llalkoz\u00f3, egy t\u00e9ma, 1 \u00f3ra A k\u00f6vetkez\u0151\u00a0szakmai besz\u00e9lget\u00e9s id\u0151pontja: 2020. j\u00fanius 25., cs\u00fct\u00f6rt\u00f6k, 17:30-19:00. A besz\u00e9lget\u0151partnerek: Patonai \u00c1gnes, \u00fcgyvezet\u0151 igazgat\u00f3, p2m Consulting Kft., v\u00e1llalkoz\u00f3i mentor, Tud\u00e1sbar\u00e1t Szervezet 2019. d\u00edjazott kkv kateg\u00f3ri\u00e1ban, Gyulay Tibor, \u00fcgyvezet\u0151, KM Expert Kft., a tud\u00e1smenedzsment szak\u00e9rt\u0151 A t\u00e9ma: A tud\u00e1s, mint v\u00e1llalati \u00e9rt\u00e9k megtart\u00e1sa [&hellip;]","og_url":"https:\/\/seed.hu\/hirek\/online-vallalkozoi-forum-a-tudas-mint-vallalati-ertek-megtartasa-es-atadasa-2020-06-25\/","og_site_name":"Seed","article_modified_time":"2022-01-23T16:52:39+00:00","og_image":[{"width":250,"height":206,"url":"https:\/\/seed.hu\/wp-content\/uploads\/2018\/04\/SEED_logo.png","type":"image\/png"}],"twitter_card":"summary_large_image","twitter_misc":{"Est. reading time":"1 minute"},"schema":{"@context":"https:\/\/schema.org","@graph":[{"@type":"WebPage","@id":"https:\/\/seed.hu\/hirek\/online-vallalkozoi-forum-a-tudas-mint-vallalati-ertek-megtartasa-es-atadasa-2020-06-25\/","url":"https:\/\/seed.hu\/hirek\/online-vallalkozoi-forum-a-tudas-mint-vallalati-ertek-megtartasa-es-atadasa-2020-06-25\/","name":"Online V\u00e1llalkoz\u00f3i F\u00f3rum - A tud\u00e1s, mint v\u00e1llalati \u00e9rt\u00e9k megtart\u00e1sa \u00e9s \u00e1tad\u00e1sa, 2020.06.25. - Seed","isPartOf":{"@id":"https:\/\/seed.hu\/#website"},"primaryImageOfPage":{"@id":"https:\/\/seed.hu\/hirek\/online-vallalkozoi-forum-a-tudas-mint-vallalati-ertek-megtartasa-es-atadasa-2020-06-25\/#primaryimage"},"image":{"@id":"https:\/\/seed.hu\/hirek\/online-vallalkozoi-forum-a-tudas-mint-vallalati-ertek-megtartasa-es-atadasa-2020-06-25\/#primaryimage"},"thumbnailUrl":"https:\/\/seed.hu\/wp-content\/uploads\/2018\/04\/SEED_logo.png","datePublished":"2020-06-18T18:53:16+00:00","dateModified":"2022-01-23T16:52:39+00:00","breadcrumb":{"@id":"https:\/\/seed.hu\/hirek\/online-vallalkozoi-forum-a-tudas-mint-vallalati-ertek-megtartasa-es-atadasa-2020-06-25\/#breadcrumb"},"inLanguage":"en-US","potentialAction":[{"@type":"ReadAction","target":["https:\/\/seed.hu\/hirek\/online-vallalkozoi-forum-a-tudas-mint-vallalati-ertek-megtartasa-es-atadasa-2020-06-25\/"]}]},{"@type":"ImageObject","inLanguage":"en-US","@id":"https:\/\/seed.hu\/hirek\/online-vallalkozoi-forum-a-tudas-mint-vallalati-ertek-megtartasa-es-atadasa-2020-06-25\/#primaryimage","url":"https:\/\/seed.hu\/wp-content\/uploads\/2018\/04\/SEED_logo.png","contentUrl":"https:\/\/seed.hu\/wp-content\/uploads\/2018\/04\/SEED_logo.png","width":250,"height":206},{"@type":"BreadcrumbList","@id":"https:\/\/seed.hu\/hirek\/online-vallalkozoi-forum-a-tudas-mint-vallalati-ertek-megtartasa-es-atadasa-2020-06-25\/#breadcrumb","itemListElement":[{"@type":"ListItem","position":1,"name":"H\u00edrek","item":"https:\/\/seed.hu\/hirek\/"},{"@type":"ListItem","position":2,"name":"Online V\u00e1llalkoz\u00f3i F\u00f3rum &#8211; A tud\u00e1s, mint v\u00e1llalati \u00e9rt\u00e9k megtart\u00e1sa \u00e9s \u00e1tad\u00e1sa, 2020.06.25."}]},{"@type":"WebSite","@id":"https:\/\/seed.hu\/#website","url":"https:\/\/seed.hu\/","name":"Seed","description":"","potentialAction":[{"@type":"SearchAction","target":{"@type":"EntryPoint","urlTemplate":"https:\/\/seed.hu\/?s={search_term_string}"},"query-input":{"@type":"PropertyValueSpecification","valueRequired":true,"valueName":"search_term_string"}}],"inLanguage":"en-US"}]}},"_links":{"self":[{"href":"https:\/\/seed.hu\/en\/wp-json\/wp\/v2\/hirek\/1013","targetHints":{"allow":["GET"]}}],"collection":[{"href":"https:\/\/seed.hu\/en\/wp-json\/wp\/v2\/hirek"}],"about":[{"href":"https:\/\/seed.hu\/en\/wp-json\/wp\/v2\/types\/hirek"}],"wp:featuredmedia":[{"embeddable":true,"href":"https:\/\/seed.hu\/en\/wp-json\/wp\/v2\/media\/792"}],"wp:attachment":[{"href":"https:\/\/seed.hu\/en\/wp-json\/wp\/v2\/media?parent=1013"}],"curies":[{"name":"wp","href":"https:\/\/api.w.org\/{rel}","templated":true}]}}