{"id":1014,"date":"2020-06-25T21:02:44","date_gmt":"2020-06-25T19:02:44","guid":{"rendered":"https:\/\/seed.hu\/?post_type=hirek&#038;p=1014"},"modified":"2022-01-23T17:54:27","modified_gmt":"2022-01-23T16:54:27","slug":"online-vallalkozoi-forum-az-online-konferencia-mint-ertekallo-marketing-eszkoz","status":"publish","type":"hirek","link":"https:\/\/seed.hu\/en\/hirek\/online-vallalkozoi-forum-az-online-konferencia-mint-ertekallo-marketing-eszkoz\/","title":{"rendered":"Online V\u00e1llalkoz\u00f3i F\u00f3rum &#8211; Az online konferencia, mint \u00e9rt\u00e9k\u00e1ll\u00f3 marketing eszk\u00f6z"},"content":{"rendered":"<p><a href=\"https:\/\/seed.hu\/szolgaltatasok\/kerdezd-a-tanacsadot\/partnerbig2\/\" rel=\"attachment wp-att-41\"><img loading=\"lazy\" decoding=\"async\" class=\"alignnone  wp-image-41\" src=\"https:\/\/seed.hu\/wp-content\/uploads\/2021\/02\/partnerBig2.png\" alt=\"\" width=\"285\" height=\"90\" \/><\/a><\/p>\n<p>A SEED Kisv\u00e1llalkoz\u00e1s-fejleszt\u00e9si Alap\u00edtv\u00e1ny \u201eegy szak\u00e9rt\u0151, egy v\u00e1llalkoz\u00f3, egy t\u00e9ma, 1 \u00f3ra\u201d elnevez\u00e9s\u0171 interakt\u00edv online v\u00e1llalkoz\u00f3i f\u00f3ruma imm\u00e1r 8. alakalommal ker\u00fclt megrendez\u00e9sre, melynek keret\u00e9ben az online konferenci\u00e1ban rejl\u0151 lehet\u0151s\u00e9geket vett\u00e9k g\u00f3rcs\u0151 al\u00e1 a megh\u00edvott vend\u00e9gek, Kov\u00e1cs D\u00e1niel \u00e9s R\u00e1cz Erzs\u00e9bet. A k\u00e9rdez\u0151 Lakatosn\u00e9 Luk\u00e1cs Zsuzsanna, a SEED \u00fcgyvezet\u0151je.<\/p>\n<p><strong>A besz\u00e9lget\u0151t\u00e1rsak:<\/strong><\/p>\n<p><strong>R\u00e1cz Erzs\u00e9bet (Zs\u00f3) <\/strong>business coach, strat\u00e9giai tan\u00e1csad\u00f3, csal\u00e1di v\u00e1llalkoz\u00e1sokkal foglalkozik, maga is 1993 \u00f3ta csal\u00e1di v\u00e1llalkoz\u00e1sban m\u0171k\u00f6dik. 6 \u00e9vvel ezel\u0151tt eld\u00f6nt\u00f6tte, hogy hogyan akar 30 \u00e9v m\u00falva \u00e9lni \u00e9s megalkotta a saj\u00e1t strat\u00e9gi\u00e1j\u00e1t, egy vez\u00e9rvonalat, melynek ment\u00e9n folyamatosan \u00e9p\u00edti \u00e9s fejleszti a v\u00e1llalkoz\u00e1s\u00e1t. Tud\u00e1s\u00e1val legink\u00e1bb a gener\u00e1ci\u00f3v\u00e1lt\u00e1ssal \u00e9rintett v\u00e1llalkoz\u00e1soknak tud seg\u00edts\u00e9get ny\u00fajtani, a strat\u00e9gia kidolgoz\u00e1sa azonban nem csak ezen v\u00e1llalkoz\u00e1sok \u00e9let\u00e9ben fontos, m\u00e1s v\u00e1llalkoz\u00f3k sz\u00e1m\u00e1ra is jelent\u0151s el\u0151ny egy tudatos strat\u00e9gia megalkot\u00e1sa.<\/p>\n<p><strong>Kov\u00e1cs D\u00e1niel<\/strong>, a Zsir\u00e1f Kreat\u00edv \u00dcgyn\u00f6ks\u00e9g k\u00e9pviselet\u00e9ben ismertette az \u00e1ltaluk m\u00e1r t\u00f6bb \u00edzben megszervezett \u00e9s lebonyol\u00edtott online konferenci\u00e1k vil\u00e1g\u00e1t. Zs\u00f3val k\u00f6z\u00f6s pontjuk a csal\u00e1di v\u00e1llalkoz\u00e1sban val\u00f3 m\u0171k\u00f6d\u00e9s, Dani m\u00e1r a m\u00e1sodik gener\u00e1ci\u00f3s tagja a Zsir\u00e1fnak. A csal\u00e1di c\u00e9ghez val\u00f3 csatlakoz\u00e1sakor kezdett az \u00fcgyn\u00f6ks\u00e9g az online vil\u00e1g fel\u00e9 nyitni.<\/p>\n<p><strong>Mi is az online konferenci\u00e1k vil\u00e1ga?<\/strong><\/p>\n<p>Kov\u00e1cs D\u00e1niel\u00e9k \u00fcgyn\u00f6ks\u00e9g\u00e9nek 2016-ban j\u00f6tt az els\u0151 online konferencia \u00f6tlet\u00fck, \u00fagy \u00e9rezt\u00e9k, hogy m\u00e9g kiakn\u00e1zatlan volt ez a ter\u00fclet, valamint a piaci r\u00e9st abban l\u00e1tt\u00e1k meg, hogy az \u00e9l\u0151 k\u00f6zvet\u00edt\u00e9sek helyett az el\u0151ad\u00e1sok visszatekinthet\u0151s\u00e9g\u00e9re, azok \u00fajra n\u00e9z\u00e9s\u00e9re koncentr\u00e1ltak. Az el\u0151ad\u00f3k anyagait st\u00fadi\u00f3 k\u00f6r\u00fclm\u00e9nyek k\u00f6z\u00f6tt vett\u00e9k fel, \u00edgy az elk\u00e9sz\u00fclt term\u00e9k min\u0151s\u00e9ge sem kifog\u00e1solhat\u00f3. Az online konferenci\u00e1kon, -hasonl\u00f3an egy szem\u00e9lyes rendezv\u00e9nyhez-ki\u00e1ll\u00edt\u00f3i t\u00e9r \u00e9s szponzorok is megjelentek, az online stand pedig bemutatja az el\u0151ad\u00f3k \u00e1ltal ny\u00fajtott szolg\u00e1ltat\u00e1sokat. Az interakt\u00edv konferenci\u00e1t a chat-el\u00e9s lehet\u0151s\u00e9ge emeli, ak\u00e1r arccal, ak\u00e1r anonim m\u00f3don is feltehet\u0151k a k\u00e9rd\u00e9sek. Dani a 2018-ban \u00e1ltaluk menedzselt \u201eCsal\u00e1dban maradt workshop\u201d-ot emeli ki, melyen besz\u00e9lget\u0151t\u00e1rsa, Zs\u00f3 is r\u00e9szt vett, mint t\u00e1mogat\u00f3 \u00e9s el\u0151ad\u00f3 is.<\/p>\n<p>A Zsir\u00e1f Kreat\u00edv \u00dcgyn\u00f6ks\u00e9g online konferenci\u00e1i \u00e1ltal\u00e1ban nagyt\u00f6megeknek sz\u00f3lnak \u00e9s ingyenesen megtekinthet\u0151ek, ak\u00e1rcsak a nemr\u00e9g megrendezett online konferenci\u00e1juk, a di\u00e1koknak sz\u00f3l\u00f3 Felv\u00e9teliz\u0151k H\u00e9tv\u00e9g\u00e9j\u00e9n, melyen nagyj\u00e1b\u00f3l 10-20 ezer di\u00e1k vett r\u00e9szt.<\/p>\n<p><strong>Egy egy\u00e9ni v\u00e1llalkoz\u00e1s, mint amilyen a R\u00e1cz Consulting, mi\u00e9rt \u00e9rezte, hogy csatlakoznia kell egy online konferenci\u00e1hoz? Milyen lehet\u0151s\u00e9gek rejlenek benne?<\/strong><\/p>\n<p>Zs\u00f3, mint egy\u00e9ni v\u00e1llalkoz\u00f3 networkinggel, aj\u00e1nl\u00e1ssal szerzi az \u00fcgyfeleit, bizalmi alapon dolgozik. Az online konferenci\u00e1kon val\u00f3 megjelen\u00e9se sor\u00e1n a tud\u00e1s\u00e1nak megoszt\u00e1s\u00e1t \u00e9s tart\u00f3s k\u00f6zl\u00e9si v\u00e1gy\u00e1t is ki tudja \u00e9lni \u00e9s mivel a konferencia tartalmai visszatekinthet\u0151k, \u00edgy fontosnak tartja, hogy hogy ami ott elhangzott, annak \u00e9vek m\u00falva is \u00e9rt\u00e9ke legyen. Nem utols\u00f3 sorban az elk\u00e9sz\u00fclt, st\u00fadi\u00f3keretek k\u00f6z\u00f6tt felvett anyagokat, tartalmakat fel tudja haszn\u00e1lni a saj\u00e1t marketing tev\u00e9kenys\u00e9g\u00e9nek keretein bel\u00fcl is.<\/p>\n<p>Az online konferenci\u00e1n val\u00f3 megjelen\u00e9s sz\u00e1m\u00e1ra brandj\u00e9nek \u00e9p\u00edt\u00e9s\u00e9t, \u00fcgyf\u00e9lszerz\u00e9st, \u00e9s olyan marketinganyagokat adott, melyek \u00e9vek m\u00falva is felhaszn\u00e1lhat\u00f3k, \u00e9rt\u00e9k\u00e1ll\u00f3k.<\/p>\n<p><strong>2016-ban j\u00f6tt az els\u0151 \u00f6tlete a Zsir\u00e1fnak az online konferenci\u00e1k megval\u00f3s\u00edt\u00e1s\u00e1ra, de mi t\u00f6rt\u00e9nt az elm\u00falt p\u00e1r h\u00f3napban?<\/strong><\/p>\n<p>Dani tapasztalata szerint kor\u00e1bban az \u00e9l\u0151, szem\u00e9lyes rendezv\u00e9nyeken val\u00f3 r\u00e9szv\u00e9tel volt priorit\u00e1sban, az ut\u00f3bbi \u00e9vekben volt egy nagyobb nyit\u00e1s az online t\u00e9rben val\u00f3 konferenci\u00e1kra, hiszen az online szolg\u00e1ltat\u00e1soknak megn\u0151ttek a felhaszn\u00e1l\u00f3i, (Netflix, Google, Zoom elterjed\u00e9s\u00e9vel) a pand\u00e9mi\u00e1s id\u0151szakban azt \u00e9rzi, hogy m\u00e1r nem nekik kell a c\u00e9geknek aj\u00e1nlaniuk ezt a szolg\u00e1ltat\u00e1st, hanem a c\u00e9gek keresik meg \u0151ket.<\/p>\n<p>Zs\u00f3val egyet\u00e9rtenek abban, hogy a konferenci\u00e1k anyagai, mint marketing anyagok a k\u00e9s\u0151bbiekben is fennmaradnak \u00e9s felhaszn\u00e1lhat\u00f3k. D\u00e1niel tapasztalata szerint a c\u00e9gek sokkal t\u00f6bb p\u00e9nzt k\u00f6ltenek marketingre, mint online konferenci\u00e1ra, de ez v\u00e1ltozhat, ha felismerik az ebben rejl\u0151 lehet\u0151s\u00e9geket.<\/p>\n<p><strong>Mi\u00e9rt \u00e9ri meg a KKV-knak, a \u201ekicsiknek\u201d, hogy r\u00e9szt vegyen online konferenci\u00e1kon?<\/strong><\/p>\n<p>Kov\u00e1cs D\u00e1niel statisztik\u00e1t mutatott be a google adwords seg\u00edts\u00e9g\u00e9vel, \u00edgy rendk\u00edv\u00fcl r\u00e9szletes statisztik\u00e1k mutathat\u00f3k ki. V\u00e9lem\u00e9nye szerint nem csak az az \u00e9rt\u00e9k\u00e1ll\u00f3, hogy az online konferenci\u00e1n jelen volt a szolg\u00e1ltat\u00f3, hanem az is, hogy a m\u00e1r azt megel\u0151z\u0151 kommunik\u00e1ci\u00f3s kamp\u00e1nyban is megjelent a szolg\u00e1ltat\u00f3 log\u00f3ja, a potenci\u00e1lis \u00fcgyfelek ak\u00e1r m\u00e1r \u00edgy is felfigyelhetnek a v\u00e1llalkoz\u00e1s ny\u00fajtotta szolg\u00e1ltat\u00e1sokra. Zs\u00f3 kiemeli, hogy ak\u00e1r egy egyszer\u0171 google keres\u00e9ssel is azonnal az els\u0151k k\u00f6z\u00f6tt tal\u00e1lhat\u00f3 meg annak a 2018-as \u201eCsal\u00e1dban maradt\u201d konferencia anyaga, melyet a Zsir\u00e1f szervezett, \u00e9s amin \u0151, mint t\u00e1mogat\u00f3 r\u00e9szt vett, \u00edgy \u00fcgyf\u00e9lszerz\u00e9s szempontj\u00e1b\u00f3l is kiv\u00e1l\u00f3 lehet\u0151s\u00e9g.<\/p>\n<p><strong>A KKV-knak r\u00e9sztvev\u0151k\u00e9nt: <\/strong>brand\u00e9pit\u00e9s, adatb\u00e1zisgy\u0171jt\u00e9s, direktkommunik\u00e1ci\u00f3 szempontj\u00e1b\u00f3l mindenk\u00e9pp \u00e9rdemes \u00e9s j\u00f3 lehet\u0151s\u00e9g a r\u00e9sztv\u00e9tel, nem utols\u00f3 sorban olyan nemzetk\u00f6zi v\u00e1llalkoz\u00e1sokkal is kapcsolatot teremthet a szolg\u00e1ltat\u00f3, akikkel egy offline rendezv\u00e9ny sor\u00e1n kev\u00e9s es\u00e9ly van (pl. egy D\u00e1ni\u00e1ban \u00e9l\u0151 magyar v\u00e1llalkoz\u00f3).<\/p>\n<p><strong>A KKV-knak szervez\u0151k\u00e9nt:<\/strong> D\u00e1niel szerint fontos a konferencia mondanival\u00f3ja, min\u00e9l innovat\u00edvabb\u00e1, \u00e9s \u00e9rdekesebb\u00e9 kell tenni a tartalmat, illetve a t\u00e9ma is legyen sz\u00e9lesk\u00f6r\u0171. Az el\u0151munka hasonl\u00f3 terhekkel \u00e9s sok munk\u00e1val j\u00e1r, ak\u00e1rcsak egy szem\u00e9lyes rendezv\u00e9ny\u00e9l. A kisebb v\u00e1llalkoz\u00e1soknak, akiknek nagy terveik vannak\u00a0 azt tan\u00e1csolja, hogy keressenek m\u00e1s kisebb c\u00e9geket, akiket maguk mell\u00e9 \u00e1ll\u00edthatnak egy k\u00f6z\u00f6s online konferencia megszervez\u00e9s\u00e9hez.<\/p>\n<p>Zs\u00f3 ki\u00e1ll\u00edt\u00f3k\u00e9nt szokott befizetni az ilyen jelleg\u0171 konferenci\u00e1kra, mely egy hossz\u00fat\u00e1v\u00fa befektet\u00e9s. Amennyiben van m\u00f3dja az online bejelentkez\u00e9sekre, mindig \u00e9l a lehet\u0151s\u00e9ggel, hiszen kev\u00e9s energiabefektet\u00e9ssel j\u00e1r, s az ut\u00f3kommunik\u00e1ci\u00f3 sokat seg\u00edt a brand\u00e9p\u00edt\u00e9sben. A kicsiknek \u0151 is azt javasolja, hogy \u00e1lljanak \u00f6ssze -ak\u00e1r ipar\u00e1gt\u00f3l f\u00fcggetlen\u00fcl-, s teremtsenek egy\u00fctt \u00e9rt\u00e9ket.<\/p>\n<p><strong>Az online konferencia teh\u00e1t nem csak a v\u00e1llalkoz\u00e1s marketingj\u00e9ben tud seg\u00edts\u00e9get ny\u00fajtani. Mik azok a lehet\u0151s\u00e9gek amit a szervez\u0151k \u00e9s a r\u00e9sztvev\u0151k is tudnak haszn\u00e1lni az ut\u00f3munka sor\u00e1n?<\/strong><\/p>\n<p>Kov\u00e1cs D\u00e1niel a teljess\u00e9g ig\u00e9nye n\u00e9lk\u00fcl adott javaslatokat, ilyen p\u00e9ld\u00e1ul: Lapozgat\u00f3 form\u00e1tum\u00fa magazin, a rendezv\u00e9nyre l\u00e1togat\u00f3 vagy feliratkoz\u00f3k r\u00e9sz\u00e9re egy \u201eremarketing\u201d keret\u00e9n bel\u00fcl, egyfajta ut\u00f3kommunik\u00e1ci\u00f3k\u00e9nt el tudj\u00e1k juttatni a megval\u00f3sult konferencia h\u00edr\u00e9t. Ak\u00e1r z\u00e1rt rendszeren bel\u00fcl, kisebb konferencia is t\u00f6k\u00e9letesen tud m\u0171k\u00f6dni, j\u00e1t\u00e9kokkal, kv\u00edzekkel, tesztekkel megf\u0171szerezve, melynek csak a kreativit\u00e1s szab csak hat\u00e1rt. Fontos tiszt\u00e1zni, hogy mi a c\u00e9lja a konferenci\u00e1nak. Adatb\u00e1zis ki\u00e9p\u00edt\u00e9se vagy brand\u00e9p\u00edt\u00e9s? Negat\u00edvk\u00e9nt megeml\u00edti, hogy az online t\u00e9rben mindig t\u00f6rt\u00e9nhet v\u00e1ratlan esem\u00e9ny, karbantart\u00e1s vagy t\u00falterhelts\u00e9g miatt, ezt sokszor nem lehet elker\u00fclni, vagy kik\u00fcsz\u00f6b\u00f6lni. A tartalom azonban mindig legyen r\u00f6vid \u00e9s l\u00e9nyegret\u00f6r\u0151, s ha kell vegy\u00fck ig\u00e9nybe marketing szakember seg\u00edts\u00e9g\u00e9t.<\/p>\n<p><strong>Hogy l\u00e1tj\u00e1tok a j\u00f6v\u0151t?<\/strong><\/p>\n<p>Zs\u00f3 szerint a vil\u00e1g v\u00e1ltozik, ezt mindenkinek el kell fogadnia \u00a0\u00e9s ne \u00e1lljon ellen az \u00fajnak, otthonosan kell mozogni online \u00e9s offline is. Gyakorlott online networking haszn\u00e1l\u00f3, t\u00e1rgyal\u00e1sokat is tart online, azt \u00e9rzi, mindk\u00e9t helyen jelen kell lennie. \u201eAz online konferenci\u00e1n val\u00f3 megjelen\u00e9s csak \u00fagy veszhet ki az \u00e9letemb\u0151l, ha j\u00f6n valami \u00faj, valami jobb\u201d-mondja.<\/p>\n<p>D\u00e1niel z\u00e1rsz\u00f3k\u00e9nt elmondja, hogy a j\u00e1rv\u00e1ny id\u0151szak\u00e1ban t\u00f6bb v\u00e1llalkoz\u00e1snak fontosabb lett a webshopj\u00e1nak, weboldal\u00e1nak kitiszt\u00e1z\u00e1sa, mely a kor\u00e1bbi fesz\u00edtett \u00fczletmenetben sokszor h\u00e1tt\u00e9rbe szorult, emiatt fontos, hogy a j\u00e1rv\u00e1ny lecseng\u00e9se ut\u00e1n egy v\u00e1llalkoz\u00e1s megjelen\u00e9se ugyanolyan tiszta legyen online, mint offline. \u2013 Egyet\u00e9rt\u00fcnk D\u00e1niellel.<\/p>\n<p>A teljes besz\u00e9lget\u00e9s felv\u00e9tele megtekinthet\u0151 \u00e9s hallgathat\u00f3 a SEED Alap\u00edtv\u00e1ny honlapj\u00e1n.<\/p>\n<p style=\"text-align: left;\"><iframe loading=\"lazy\" src=\"https:\/\/www.youtube.com\/embed\/NJ0DqCOFMVA\" width=\"500\" height=\"300\" frameborder=\"0\" scrolling=\"no\" allowfullscreen=\"allowfullscreen\"><\/iframe><\/p>\n","protected":false},"featured_media":792,"menu_order":0,"template":"","meta":{"_acf_changed":false},"class_list":["post-1014","hirek","type-hirek","status-publish","has-post-thumbnail","hentry"],"acf":[],"yoast_head":"<!-- This site is optimized with the Yoast SEO plugin v27.4 - https:\/\/yoast.com\/product\/yoast-seo-wordpress\/ -->\n<title>Online V\u00e1llalkoz\u00f3i F\u00f3rum - Az online konferencia, mint \u00e9rt\u00e9k\u00e1ll\u00f3 marketing eszk\u00f6z - Seed<\/title>\n<meta name=\"robots\" content=\"index, follow, max-snippet:-1, max-image-preview:large, max-video-preview:-1\" \/>\n<link rel=\"canonical\" href=\"https:\/\/seed.hu\/hirek\/online-vallalkozoi-forum-az-online-konferencia-mint-ertekallo-marketing-eszkoz\/\" \/>\n<meta property=\"og:locale\" content=\"en_US\" \/>\n<meta property=\"og:type\" content=\"article\" \/>\n<meta property=\"og:title\" content=\"Online V\u00e1llalkoz\u00f3i F\u00f3rum - Az online konferencia, mint \u00e9rt\u00e9k\u00e1ll\u00f3 marketing eszk\u00f6z - Seed\" \/>\n<meta property=\"og:description\" content=\"A SEED Kisv\u00e1llalkoz\u00e1s-fejleszt\u00e9si Alap\u00edtv\u00e1ny \u201eegy szak\u00e9rt\u0151, egy v\u00e1llalkoz\u00f3, egy t\u00e9ma, 1 \u00f3ra\u201d elnevez\u00e9s\u0171 interakt\u00edv online v\u00e1llalkoz\u00f3i f\u00f3ruma imm\u00e1r 8. alakalommal ker\u00fclt megrendez\u00e9sre, melynek keret\u00e9ben az online konferenci\u00e1ban rejl\u0151 lehet\u0151s\u00e9geket vett\u00e9k g\u00f3rcs\u0151 al\u00e1 a megh\u00edvott vend\u00e9gek, Kov\u00e1cs D\u00e1niel \u00e9s R\u00e1cz Erzs\u00e9bet. A k\u00e9rdez\u0151 Lakatosn\u00e9 Luk\u00e1cs Zsuzsanna, a SEED \u00fcgyvezet\u0151je. A besz\u00e9lget\u0151t\u00e1rsak: R\u00e1cz Erzs\u00e9bet (Zs\u00f3) business coach, [&hellip;]\" \/>\n<meta property=\"og:url\" content=\"https:\/\/seed.hu\/hirek\/online-vallalkozoi-forum-az-online-konferencia-mint-ertekallo-marketing-eszkoz\/\" \/>\n<meta property=\"og:site_name\" content=\"Seed\" \/>\n<meta property=\"article:modified_time\" content=\"2022-01-23T16:54:27+00:00\" \/>\n<meta property=\"og:image\" content=\"https:\/\/seed.hu\/wp-content\/uploads\/2018\/04\/SEED_logo.png\" \/>\n\t<meta property=\"og:image:width\" content=\"250\" \/>\n\t<meta property=\"og:image:height\" content=\"206\" \/>\n\t<meta property=\"og:image:type\" content=\"image\/png\" \/>\n<meta name=\"twitter:card\" content=\"summary_large_image\" \/>\n<meta name=\"twitter:label1\" content=\"Est. reading time\" \/>\n\t<meta name=\"twitter:data1\" content=\"8 minutes\" \/>\n<script type=\"application\/ld+json\" class=\"yoast-schema-graph\">{\"@context\":\"https:\\\/\\\/schema.org\",\"@graph\":[{\"@type\":\"WebPage\",\"@id\":\"https:\\\/\\\/seed.hu\\\/hirek\\\/online-vallalkozoi-forum-az-online-konferencia-mint-ertekallo-marketing-eszkoz\\\/\",\"url\":\"https:\\\/\\\/seed.hu\\\/hirek\\\/online-vallalkozoi-forum-az-online-konferencia-mint-ertekallo-marketing-eszkoz\\\/\",\"name\":\"Online V\u00e1llalkoz\u00f3i F\u00f3rum - Az online konferencia, mint \u00e9rt\u00e9k\u00e1ll\u00f3 marketing eszk\u00f6z - Seed\",\"isPartOf\":{\"@id\":\"https:\\\/\\\/seed.hu\\\/#website\"},\"primaryImageOfPage\":{\"@id\":\"https:\\\/\\\/seed.hu\\\/hirek\\\/online-vallalkozoi-forum-az-online-konferencia-mint-ertekallo-marketing-eszkoz\\\/#primaryimage\"},\"image\":{\"@id\":\"https:\\\/\\\/seed.hu\\\/hirek\\\/online-vallalkozoi-forum-az-online-konferencia-mint-ertekallo-marketing-eszkoz\\\/#primaryimage\"},\"thumbnailUrl\":\"https:\\\/\\\/seed.hu\\\/wp-content\\\/uploads\\\/2018\\\/04\\\/SEED_logo.png\",\"datePublished\":\"2020-06-25T19:02:44+00:00\",\"dateModified\":\"2022-01-23T16:54:27+00:00\",\"breadcrumb\":{\"@id\":\"https:\\\/\\\/seed.hu\\\/hirek\\\/online-vallalkozoi-forum-az-online-konferencia-mint-ertekallo-marketing-eszkoz\\\/#breadcrumb\"},\"inLanguage\":\"en-US\",\"potentialAction\":[{\"@type\":\"ReadAction\",\"target\":[\"https:\\\/\\\/seed.hu\\\/hirek\\\/online-vallalkozoi-forum-az-online-konferencia-mint-ertekallo-marketing-eszkoz\\\/\"]}]},{\"@type\":\"ImageObject\",\"inLanguage\":\"en-US\",\"@id\":\"https:\\\/\\\/seed.hu\\\/hirek\\\/online-vallalkozoi-forum-az-online-konferencia-mint-ertekallo-marketing-eszkoz\\\/#primaryimage\",\"url\":\"https:\\\/\\\/seed.hu\\\/wp-content\\\/uploads\\\/2018\\\/04\\\/SEED_logo.png\",\"contentUrl\":\"https:\\\/\\\/seed.hu\\\/wp-content\\\/uploads\\\/2018\\\/04\\\/SEED_logo.png\",\"width\":250,\"height\":206},{\"@type\":\"BreadcrumbList\",\"@id\":\"https:\\\/\\\/seed.hu\\\/hirek\\\/online-vallalkozoi-forum-az-online-konferencia-mint-ertekallo-marketing-eszkoz\\\/#breadcrumb\",\"itemListElement\":[{\"@type\":\"ListItem\",\"position\":1,\"name\":\"H\u00edrek\",\"item\":\"https:\\\/\\\/seed.hu\\\/hirek\\\/\"},{\"@type\":\"ListItem\",\"position\":2,\"name\":\"Online V\u00e1llalkoz\u00f3i F\u00f3rum &#8211; Az online konferencia, mint \u00e9rt\u00e9k\u00e1ll\u00f3 marketing eszk\u00f6z\"}]},{\"@type\":\"WebSite\",\"@id\":\"https:\\\/\\\/seed.hu\\\/#website\",\"url\":\"https:\\\/\\\/seed.hu\\\/\",\"name\":\"Seed\",\"description\":\"\",\"potentialAction\":[{\"@type\":\"SearchAction\",\"target\":{\"@type\":\"EntryPoint\",\"urlTemplate\":\"https:\\\/\\\/seed.hu\\\/?s={search_term_string}\"},\"query-input\":{\"@type\":\"PropertyValueSpecification\",\"valueRequired\":true,\"valueName\":\"search_term_string\"}}],\"inLanguage\":\"en-US\"}]}<\/script>\n<!-- \/ Yoast SEO plugin. -->","yoast_head_json":{"title":"Online V\u00e1llalkoz\u00f3i F\u00f3rum - Az online konferencia, mint \u00e9rt\u00e9k\u00e1ll\u00f3 marketing eszk\u00f6z - Seed","robots":{"index":"index","follow":"follow","max-snippet":"max-snippet:-1","max-image-preview":"max-image-preview:large","max-video-preview":"max-video-preview:-1"},"canonical":"https:\/\/seed.hu\/hirek\/online-vallalkozoi-forum-az-online-konferencia-mint-ertekallo-marketing-eszkoz\/","og_locale":"en_US","og_type":"article","og_title":"Online V\u00e1llalkoz\u00f3i F\u00f3rum - Az online konferencia, mint \u00e9rt\u00e9k\u00e1ll\u00f3 marketing eszk\u00f6z - Seed","og_description":"A SEED Kisv\u00e1llalkoz\u00e1s-fejleszt\u00e9si Alap\u00edtv\u00e1ny \u201eegy szak\u00e9rt\u0151, egy v\u00e1llalkoz\u00f3, egy t\u00e9ma, 1 \u00f3ra\u201d elnevez\u00e9s\u0171 interakt\u00edv online v\u00e1llalkoz\u00f3i f\u00f3ruma imm\u00e1r 8. alakalommal ker\u00fclt megrendez\u00e9sre, melynek keret\u00e9ben az online konferenci\u00e1ban rejl\u0151 lehet\u0151s\u00e9geket vett\u00e9k g\u00f3rcs\u0151 al\u00e1 a megh\u00edvott vend\u00e9gek, Kov\u00e1cs D\u00e1niel \u00e9s R\u00e1cz Erzs\u00e9bet. A k\u00e9rdez\u0151 Lakatosn\u00e9 Luk\u00e1cs Zsuzsanna, a SEED \u00fcgyvezet\u0151je. A besz\u00e9lget\u0151t\u00e1rsak: R\u00e1cz Erzs\u00e9bet (Zs\u00f3) business coach, [&hellip;]","og_url":"https:\/\/seed.hu\/hirek\/online-vallalkozoi-forum-az-online-konferencia-mint-ertekallo-marketing-eszkoz\/","og_site_name":"Seed","article_modified_time":"2022-01-23T16:54:27+00:00","og_image":[{"width":250,"height":206,"url":"https:\/\/seed.hu\/wp-content\/uploads\/2018\/04\/SEED_logo.png","type":"image\/png"}],"twitter_card":"summary_large_image","twitter_misc":{"Est. reading time":"8 minutes"},"schema":{"@context":"https:\/\/schema.org","@graph":[{"@type":"WebPage","@id":"https:\/\/seed.hu\/hirek\/online-vallalkozoi-forum-az-online-konferencia-mint-ertekallo-marketing-eszkoz\/","url":"https:\/\/seed.hu\/hirek\/online-vallalkozoi-forum-az-online-konferencia-mint-ertekallo-marketing-eszkoz\/","name":"Online V\u00e1llalkoz\u00f3i F\u00f3rum - Az online konferencia, mint \u00e9rt\u00e9k\u00e1ll\u00f3 marketing eszk\u00f6z - Seed","isPartOf":{"@id":"https:\/\/seed.hu\/#website"},"primaryImageOfPage":{"@id":"https:\/\/seed.hu\/hirek\/online-vallalkozoi-forum-az-online-konferencia-mint-ertekallo-marketing-eszkoz\/#primaryimage"},"image":{"@id":"https:\/\/seed.hu\/hirek\/online-vallalkozoi-forum-az-online-konferencia-mint-ertekallo-marketing-eszkoz\/#primaryimage"},"thumbnailUrl":"https:\/\/seed.hu\/wp-content\/uploads\/2018\/04\/SEED_logo.png","datePublished":"2020-06-25T19:02:44+00:00","dateModified":"2022-01-23T16:54:27+00:00","breadcrumb":{"@id":"https:\/\/seed.hu\/hirek\/online-vallalkozoi-forum-az-online-konferencia-mint-ertekallo-marketing-eszkoz\/#breadcrumb"},"inLanguage":"en-US","potentialAction":[{"@type":"ReadAction","target":["https:\/\/seed.hu\/hirek\/online-vallalkozoi-forum-az-online-konferencia-mint-ertekallo-marketing-eszkoz\/"]}]},{"@type":"ImageObject","inLanguage":"en-US","@id":"https:\/\/seed.hu\/hirek\/online-vallalkozoi-forum-az-online-konferencia-mint-ertekallo-marketing-eszkoz\/#primaryimage","url":"https:\/\/seed.hu\/wp-content\/uploads\/2018\/04\/SEED_logo.png","contentUrl":"https:\/\/seed.hu\/wp-content\/uploads\/2018\/04\/SEED_logo.png","width":250,"height":206},{"@type":"BreadcrumbList","@id":"https:\/\/seed.hu\/hirek\/online-vallalkozoi-forum-az-online-konferencia-mint-ertekallo-marketing-eszkoz\/#breadcrumb","itemListElement":[{"@type":"ListItem","position":1,"name":"H\u00edrek","item":"https:\/\/seed.hu\/hirek\/"},{"@type":"ListItem","position":2,"name":"Online V\u00e1llalkoz\u00f3i F\u00f3rum &#8211; Az online konferencia, mint \u00e9rt\u00e9k\u00e1ll\u00f3 marketing eszk\u00f6z"}]},{"@type":"WebSite","@id":"https:\/\/seed.hu\/#website","url":"https:\/\/seed.hu\/","name":"Seed","description":"","potentialAction":[{"@type":"SearchAction","target":{"@type":"EntryPoint","urlTemplate":"https:\/\/seed.hu\/?s={search_term_string}"},"query-input":{"@type":"PropertyValueSpecification","valueRequired":true,"valueName":"search_term_string"}}],"inLanguage":"en-US"}]}},"_links":{"self":[{"href":"https:\/\/seed.hu\/en\/wp-json\/wp\/v2\/hirek\/1014","targetHints":{"allow":["GET"]}}],"collection":[{"href":"https:\/\/seed.hu\/en\/wp-json\/wp\/v2\/hirek"}],"about":[{"href":"https:\/\/seed.hu\/en\/wp-json\/wp\/v2\/types\/hirek"}],"wp:featuredmedia":[{"embeddable":true,"href":"https:\/\/seed.hu\/en\/wp-json\/wp\/v2\/media\/792"}],"wp:attachment":[{"href":"https:\/\/seed.hu\/en\/wp-json\/wp\/v2\/media?parent=1014"}],"curies":[{"name":"wp","href":"https:\/\/api.w.org\/{rel}","templated":true}]}}