{"id":1015,"date":"2020-06-25T21:20:33","date_gmt":"2020-06-25T19:20:33","guid":{"rendered":"https:\/\/seed.hu\/?post_type=hirek&#038;p=1015"},"modified":"2022-01-23T17:55:40","modified_gmt":"2022-01-23T16:55:40","slug":"jarulj-hozza-te-is-velemenyeddel-az-europai-bizottsag-noi-vallalkozasfejlesztesi-politikajahoz-es-tamogatasi-eszkozeinek-kialakitasahoz-hatarido-2020-julius-31","status":"publish","type":"hirek","link":"https:\/\/seed.hu\/en\/hirek\/jarulj-hozza-te-is-velemenyeddel-az-europai-bizottsag-noi-vallalkozasfejlesztesi-politikajahoz-es-tamogatasi-eszkozeinek-kialakitasahoz-hatarido-2020-julius-31\/","title":{"rendered":"J\u00e1rulj hozz\u00e1 Te is v\u00e9lem\u00e9nyeddel az Eur\u00f3pai Bizotts\u00e1g n\u0151i v\u00e1llalkoz\u00e1sfejleszt\u00e9si politik\u00e1j\u00e1hoz \u00e9s t\u00e1mogat\u00e1si eszk\u00f6zeinek kialak\u00edt\u00e1s\u00e1hoz &#8211; HAT\u00c1RID\u0150: 2020. j\u00falius 31"},"content":{"rendered":"<p>Az Eur\u00f3pai Bizotts\u00e1g \u00e1ltal l\u00e9trehozott, n\u0151i v\u00e1llalkoz\u00e1sokat c\u00e9lz\u00f3 WeGate digit\u00e1lis platform (<strong><a href=\"https:\/\/wegate.eu\" target=\"_blank\" rel=\"noopener\">https:\/\/wegate.eu<\/a><\/strong>)\u00a0a c\u00e9lcsoportot \u00e9rint\u0151 tag\u00e1llami \u00e9s EU szint\u0171 inform\u00e1ci\u00f3k, v\u00e1llalkoz\u00e1sfejleszt\u00e9si szervezetek \u00e9s pozit\u00edv p\u00e9ld\u00e1k el\u00e9rhet\u0151s\u00e9g\u00e9t hivatott biztos\u00edtani.<\/p>\n<p>A platform m\u0171k\u00f6dtet\u00e9s\u00e9vel 2020. febru\u00e1rj\u00e1ban felhatalmazott konzorcium \u00faj lehet\u0151s\u00e9get adott annak, hogy bet\u00f6ltse eredeti c\u00e9lkit\u0171z\u00e9s\u00e9t \u00e9s bevonja a tag\u00e1llami n\u0151i v\u00e1llalkoz\u00f3kat az eur\u00f3pai v\u00e9rkering\u00e9sbe.<\/p>\n<p>Ennek az\u00e9rt is van jelent\u0151s\u00e9ge, mert ennek r\u00e9v\u00e9n\u00a0meger\u0151s\u00f6dhet a v\u00e1llalkoz\u00f3n\u0151i \u00e9rdekek \u00e9rv\u00e9nyes\u00edt\u00e9se a t\u00e1mogat\u00e1spolitikai eszk\u00f6z\u00f6k kialak\u00edt\u00e1s\u00e1ban.<\/p>\n<p>A SEED Alap\u00edtv\u00e1ny c\u00e9lja nem csak nemzeti, de uni\u00f3s szinten is k\u00e9pviselni a n\u0151i v\u00e1llalkoz\u00f3k fejleszt\u00e9si t\u00f6rekv\u00e9seit, ez\u00e9rt \u00fcdv\u00f6z\u00f6lj\u00fck az \u00faj menedzsmentet \u00e9s a platform \u00fajj\u00e1\u00e9leszt\u00e9s\u00e9t.<\/p>\n<p>A k\u00e9rd\u0151\u00edv kit\u00f6lt\u00e9s\u00e9vel k\u00e9rlek, Te is j\u00e1rulj hozz\u00e1 ahhoz, hogy a 2020. november 16-17-\u00e9n Berlinben megrendezend\u0151 EU KKV K\u00f6zgy\u0171l\u00e9sen a n\u0151i v\u00e1llalkoz\u00e1sfejleszt\u00e9s a kkv politika f\u00f3kusz\u00e1ban maradjon.<\/p>\n<p>&nbsp;<\/p>\n<p><strong><a href=\"https:\/\/survey.wegate.eu\/c\/webarometer-2020\" target=\"_blank\" rel=\"noopener\">https:\/\/survey.wegate.eu\/c\/webarometer-2020<\/a><\/strong><\/p>\n","protected":false},"featured_media":792,"menu_order":0,"template":"","meta":{"_acf_changed":false},"class_list":["post-1015","hirek","type-hirek","status-publish","has-post-thumbnail","hentry"],"acf":[],"yoast_head":"<!-- This site is optimized with the Yoast SEO plugin v27.4 - https:\/\/yoast.com\/product\/yoast-seo-wordpress\/ -->\n<title>J\u00e1rulj hozz\u00e1 Te is v\u00e9lem\u00e9nyeddel az Eur\u00f3pai Bizotts\u00e1g n\u0151i v\u00e1llalkoz\u00e1sfejleszt\u00e9si politik\u00e1j\u00e1hoz \u00e9s t\u00e1mogat\u00e1si eszk\u00f6zeinek kialak\u00edt\u00e1s\u00e1hoz - HAT\u00c1RID\u0150: 2020. j\u00falius 31 - Seed<\/title>\n<meta name=\"robots\" content=\"index, follow, max-snippet:-1, max-image-preview:large, max-video-preview:-1\" \/>\n<link rel=\"canonical\" href=\"https:\/\/seed.hu\/hirek\/jarulj-hozza-te-is-velemenyeddel-az-europai-bizottsag-noi-vallalkozasfejlesztesi-politikajahoz-es-tamogatasi-eszkozeinek-kialakitasahoz-hatarido-2020-julius-31\/\" \/>\n<meta property=\"og:locale\" content=\"en_US\" \/>\n<meta property=\"og:type\" content=\"article\" \/>\n<meta property=\"og:title\" content=\"J\u00e1rulj hozz\u00e1 Te is v\u00e9lem\u00e9nyeddel az Eur\u00f3pai Bizotts\u00e1g n\u0151i v\u00e1llalkoz\u00e1sfejleszt\u00e9si politik\u00e1j\u00e1hoz \u00e9s t\u00e1mogat\u00e1si eszk\u00f6zeinek kialak\u00edt\u00e1s\u00e1hoz - HAT\u00c1RID\u0150: 2020. j\u00falius 31 - Seed\" \/>\n<meta property=\"og:description\" content=\"Az Eur\u00f3pai Bizotts\u00e1g \u00e1ltal l\u00e9trehozott, n\u0151i v\u00e1llalkoz\u00e1sokat c\u00e9lz\u00f3 WeGate digit\u00e1lis platform (https:\/\/wegate.eu)\u00a0a c\u00e9lcsoportot \u00e9rint\u0151 tag\u00e1llami \u00e9s EU szint\u0171 inform\u00e1ci\u00f3k, v\u00e1llalkoz\u00e1sfejleszt\u00e9si szervezetek \u00e9s pozit\u00edv p\u00e9ld\u00e1k el\u00e9rhet\u0151s\u00e9g\u00e9t hivatott biztos\u00edtani. A platform m\u0171k\u00f6dtet\u00e9s\u00e9vel 2020. febru\u00e1rj\u00e1ban felhatalmazott konzorcium \u00faj lehet\u0151s\u00e9get adott annak, hogy bet\u00f6ltse eredeti c\u00e9lkit\u0171z\u00e9s\u00e9t \u00e9s bevonja a tag\u00e1llami n\u0151i v\u00e1llalkoz\u00f3kat az eur\u00f3pai v\u00e9rkering\u00e9sbe. Ennek az\u00e9rt is van [&hellip;]\" \/>\n<meta property=\"og:url\" content=\"https:\/\/seed.hu\/hirek\/jarulj-hozza-te-is-velemenyeddel-az-europai-bizottsag-noi-vallalkozasfejlesztesi-politikajahoz-es-tamogatasi-eszkozeinek-kialakitasahoz-hatarido-2020-julius-31\/\" \/>\n<meta property=\"og:site_name\" content=\"Seed\" \/>\n<meta property=\"article:modified_time\" content=\"2022-01-23T16:55:40+00:00\" \/>\n<meta property=\"og:image\" content=\"https:\/\/seed.hu\/wp-content\/uploads\/2018\/04\/SEED_logo.png\" \/>\n\t<meta property=\"og:image:width\" content=\"250\" \/>\n\t<meta property=\"og:image:height\" content=\"206\" \/>\n\t<meta property=\"og:image:type\" content=\"image\/png\" \/>\n<meta name=\"twitter:card\" content=\"summary_large_image\" \/>\n<meta name=\"twitter:label1\" content=\"Est. reading time\" \/>\n\t<meta name=\"twitter:data1\" content=\"1 minute\" \/>\n<script type=\"application\/ld+json\" class=\"yoast-schema-graph\">{\"@context\":\"https:\\\/\\\/schema.org\",\"@graph\":[{\"@type\":\"WebPage\",\"@id\":\"https:\\\/\\\/seed.hu\\\/hirek\\\/jarulj-hozza-te-is-velemenyeddel-az-europai-bizottsag-noi-vallalkozasfejlesztesi-politikajahoz-es-tamogatasi-eszkozeinek-kialakitasahoz-hatarido-2020-julius-31\\\/\",\"url\":\"https:\\\/\\\/seed.hu\\\/hirek\\\/jarulj-hozza-te-is-velemenyeddel-az-europai-bizottsag-noi-vallalkozasfejlesztesi-politikajahoz-es-tamogatasi-eszkozeinek-kialakitasahoz-hatarido-2020-julius-31\\\/\",\"name\":\"J\u00e1rulj hozz\u00e1 Te is v\u00e9lem\u00e9nyeddel az Eur\u00f3pai Bizotts\u00e1g n\u0151i v\u00e1llalkoz\u00e1sfejleszt\u00e9si politik\u00e1j\u00e1hoz \u00e9s t\u00e1mogat\u00e1si eszk\u00f6zeinek kialak\u00edt\u00e1s\u00e1hoz - HAT\u00c1RID\u0150: 2020. j\u00falius 31 - Seed\",\"isPartOf\":{\"@id\":\"https:\\\/\\\/seed.hu\\\/#website\"},\"primaryImageOfPage\":{\"@id\":\"https:\\\/\\\/seed.hu\\\/hirek\\\/jarulj-hozza-te-is-velemenyeddel-az-europai-bizottsag-noi-vallalkozasfejlesztesi-politikajahoz-es-tamogatasi-eszkozeinek-kialakitasahoz-hatarido-2020-julius-31\\\/#primaryimage\"},\"image\":{\"@id\":\"https:\\\/\\\/seed.hu\\\/hirek\\\/jarulj-hozza-te-is-velemenyeddel-az-europai-bizottsag-noi-vallalkozasfejlesztesi-politikajahoz-es-tamogatasi-eszkozeinek-kialakitasahoz-hatarido-2020-julius-31\\\/#primaryimage\"},\"thumbnailUrl\":\"https:\\\/\\\/seed.hu\\\/wp-content\\\/uploads\\\/2018\\\/04\\\/SEED_logo.png\",\"datePublished\":\"2020-06-25T19:20:33+00:00\",\"dateModified\":\"2022-01-23T16:55:40+00:00\",\"breadcrumb\":{\"@id\":\"https:\\\/\\\/seed.hu\\\/hirek\\\/jarulj-hozza-te-is-velemenyeddel-az-europai-bizottsag-noi-vallalkozasfejlesztesi-politikajahoz-es-tamogatasi-eszkozeinek-kialakitasahoz-hatarido-2020-julius-31\\\/#breadcrumb\"},\"inLanguage\":\"en-US\",\"potentialAction\":[{\"@type\":\"ReadAction\",\"target\":[\"https:\\\/\\\/seed.hu\\\/hirek\\\/jarulj-hozza-te-is-velemenyeddel-az-europai-bizottsag-noi-vallalkozasfejlesztesi-politikajahoz-es-tamogatasi-eszkozeinek-kialakitasahoz-hatarido-2020-julius-31\\\/\"]}]},{\"@type\":\"ImageObject\",\"inLanguage\":\"en-US\",\"@id\":\"https:\\\/\\\/seed.hu\\\/hirek\\\/jarulj-hozza-te-is-velemenyeddel-az-europai-bizottsag-noi-vallalkozasfejlesztesi-politikajahoz-es-tamogatasi-eszkozeinek-kialakitasahoz-hatarido-2020-julius-31\\\/#primaryimage\",\"url\":\"https:\\\/\\\/seed.hu\\\/wp-content\\\/uploads\\\/2018\\\/04\\\/SEED_logo.png\",\"contentUrl\":\"https:\\\/\\\/seed.hu\\\/wp-content\\\/uploads\\\/2018\\\/04\\\/SEED_logo.png\",\"width\":250,\"height\":206},{\"@type\":\"BreadcrumbList\",\"@id\":\"https:\\\/\\\/seed.hu\\\/hirek\\\/jarulj-hozza-te-is-velemenyeddel-az-europai-bizottsag-noi-vallalkozasfejlesztesi-politikajahoz-es-tamogatasi-eszkozeinek-kialakitasahoz-hatarido-2020-julius-31\\\/#breadcrumb\",\"itemListElement\":[{\"@type\":\"ListItem\",\"position\":1,\"name\":\"H\u00edrek\",\"item\":\"https:\\\/\\\/seed.hu\\\/hirek\\\/\"},{\"@type\":\"ListItem\",\"position\":2,\"name\":\"J\u00e1rulj hozz\u00e1 Te is v\u00e9lem\u00e9nyeddel az Eur\u00f3pai Bizotts\u00e1g n\u0151i v\u00e1llalkoz\u00e1sfejleszt\u00e9si politik\u00e1j\u00e1hoz \u00e9s t\u00e1mogat\u00e1si eszk\u00f6zeinek kialak\u00edt\u00e1s\u00e1hoz &#8211; HAT\u00c1RID\u0150: 2020. j\u00falius 31\"}]},{\"@type\":\"WebSite\",\"@id\":\"https:\\\/\\\/seed.hu\\\/#website\",\"url\":\"https:\\\/\\\/seed.hu\\\/\",\"name\":\"Seed\",\"description\":\"\",\"potentialAction\":[{\"@type\":\"SearchAction\",\"target\":{\"@type\":\"EntryPoint\",\"urlTemplate\":\"https:\\\/\\\/seed.hu\\\/?s={search_term_string}\"},\"query-input\":{\"@type\":\"PropertyValueSpecification\",\"valueRequired\":true,\"valueName\":\"search_term_string\"}}],\"inLanguage\":\"en-US\"}]}<\/script>\n<!-- \/ Yoast SEO plugin. -->","yoast_head_json":{"title":"J\u00e1rulj hozz\u00e1 Te is v\u00e9lem\u00e9nyeddel az Eur\u00f3pai Bizotts\u00e1g n\u0151i v\u00e1llalkoz\u00e1sfejleszt\u00e9si politik\u00e1j\u00e1hoz \u00e9s t\u00e1mogat\u00e1si eszk\u00f6zeinek kialak\u00edt\u00e1s\u00e1hoz - HAT\u00c1RID\u0150: 2020. j\u00falius 31 - Seed","robots":{"index":"index","follow":"follow","max-snippet":"max-snippet:-1","max-image-preview":"max-image-preview:large","max-video-preview":"max-video-preview:-1"},"canonical":"https:\/\/seed.hu\/hirek\/jarulj-hozza-te-is-velemenyeddel-az-europai-bizottsag-noi-vallalkozasfejlesztesi-politikajahoz-es-tamogatasi-eszkozeinek-kialakitasahoz-hatarido-2020-julius-31\/","og_locale":"en_US","og_type":"article","og_title":"J\u00e1rulj hozz\u00e1 Te is v\u00e9lem\u00e9nyeddel az Eur\u00f3pai Bizotts\u00e1g n\u0151i v\u00e1llalkoz\u00e1sfejleszt\u00e9si politik\u00e1j\u00e1hoz \u00e9s t\u00e1mogat\u00e1si eszk\u00f6zeinek kialak\u00edt\u00e1s\u00e1hoz - HAT\u00c1RID\u0150: 2020. j\u00falius 31 - Seed","og_description":"Az Eur\u00f3pai Bizotts\u00e1g \u00e1ltal l\u00e9trehozott, n\u0151i v\u00e1llalkoz\u00e1sokat c\u00e9lz\u00f3 WeGate digit\u00e1lis platform (https:\/\/wegate.eu)\u00a0a c\u00e9lcsoportot \u00e9rint\u0151 tag\u00e1llami \u00e9s EU szint\u0171 inform\u00e1ci\u00f3k, v\u00e1llalkoz\u00e1sfejleszt\u00e9si szervezetek \u00e9s pozit\u00edv p\u00e9ld\u00e1k el\u00e9rhet\u0151s\u00e9g\u00e9t hivatott biztos\u00edtani. A platform m\u0171k\u00f6dtet\u00e9s\u00e9vel 2020. febru\u00e1rj\u00e1ban felhatalmazott konzorcium \u00faj lehet\u0151s\u00e9get adott annak, hogy bet\u00f6ltse eredeti c\u00e9lkit\u0171z\u00e9s\u00e9t \u00e9s bevonja a tag\u00e1llami n\u0151i v\u00e1llalkoz\u00f3kat az eur\u00f3pai v\u00e9rkering\u00e9sbe. Ennek az\u00e9rt is van [&hellip;]","og_url":"https:\/\/seed.hu\/hirek\/jarulj-hozza-te-is-velemenyeddel-az-europai-bizottsag-noi-vallalkozasfejlesztesi-politikajahoz-es-tamogatasi-eszkozeinek-kialakitasahoz-hatarido-2020-julius-31\/","og_site_name":"Seed","article_modified_time":"2022-01-23T16:55:40+00:00","og_image":[{"width":250,"height":206,"url":"https:\/\/seed.hu\/wp-content\/uploads\/2018\/04\/SEED_logo.png","type":"image\/png"}],"twitter_card":"summary_large_image","twitter_misc":{"Est. reading time":"1 minute"},"schema":{"@context":"https:\/\/schema.org","@graph":[{"@type":"WebPage","@id":"https:\/\/seed.hu\/hirek\/jarulj-hozza-te-is-velemenyeddel-az-europai-bizottsag-noi-vallalkozasfejlesztesi-politikajahoz-es-tamogatasi-eszkozeinek-kialakitasahoz-hatarido-2020-julius-31\/","url":"https:\/\/seed.hu\/hirek\/jarulj-hozza-te-is-velemenyeddel-az-europai-bizottsag-noi-vallalkozasfejlesztesi-politikajahoz-es-tamogatasi-eszkozeinek-kialakitasahoz-hatarido-2020-julius-31\/","name":"J\u00e1rulj hozz\u00e1 Te is v\u00e9lem\u00e9nyeddel az Eur\u00f3pai Bizotts\u00e1g n\u0151i v\u00e1llalkoz\u00e1sfejleszt\u00e9si politik\u00e1j\u00e1hoz \u00e9s t\u00e1mogat\u00e1si eszk\u00f6zeinek kialak\u00edt\u00e1s\u00e1hoz - HAT\u00c1RID\u0150: 2020. j\u00falius 31 - Seed","isPartOf":{"@id":"https:\/\/seed.hu\/#website"},"primaryImageOfPage":{"@id":"https:\/\/seed.hu\/hirek\/jarulj-hozza-te-is-velemenyeddel-az-europai-bizottsag-noi-vallalkozasfejlesztesi-politikajahoz-es-tamogatasi-eszkozeinek-kialakitasahoz-hatarido-2020-julius-31\/#primaryimage"},"image":{"@id":"https:\/\/seed.hu\/hirek\/jarulj-hozza-te-is-velemenyeddel-az-europai-bizottsag-noi-vallalkozasfejlesztesi-politikajahoz-es-tamogatasi-eszkozeinek-kialakitasahoz-hatarido-2020-julius-31\/#primaryimage"},"thumbnailUrl":"https:\/\/seed.hu\/wp-content\/uploads\/2018\/04\/SEED_logo.png","datePublished":"2020-06-25T19:20:33+00:00","dateModified":"2022-01-23T16:55:40+00:00","breadcrumb":{"@id":"https:\/\/seed.hu\/hirek\/jarulj-hozza-te-is-velemenyeddel-az-europai-bizottsag-noi-vallalkozasfejlesztesi-politikajahoz-es-tamogatasi-eszkozeinek-kialakitasahoz-hatarido-2020-julius-31\/#breadcrumb"},"inLanguage":"en-US","potentialAction":[{"@type":"ReadAction","target":["https:\/\/seed.hu\/hirek\/jarulj-hozza-te-is-velemenyeddel-az-europai-bizottsag-noi-vallalkozasfejlesztesi-politikajahoz-es-tamogatasi-eszkozeinek-kialakitasahoz-hatarido-2020-julius-31\/"]}]},{"@type":"ImageObject","inLanguage":"en-US","@id":"https:\/\/seed.hu\/hirek\/jarulj-hozza-te-is-velemenyeddel-az-europai-bizottsag-noi-vallalkozasfejlesztesi-politikajahoz-es-tamogatasi-eszkozeinek-kialakitasahoz-hatarido-2020-julius-31\/#primaryimage","url":"https:\/\/seed.hu\/wp-content\/uploads\/2018\/04\/SEED_logo.png","contentUrl":"https:\/\/seed.hu\/wp-content\/uploads\/2018\/04\/SEED_logo.png","width":250,"height":206},{"@type":"BreadcrumbList","@id":"https:\/\/seed.hu\/hirek\/jarulj-hozza-te-is-velemenyeddel-az-europai-bizottsag-noi-vallalkozasfejlesztesi-politikajahoz-es-tamogatasi-eszkozeinek-kialakitasahoz-hatarido-2020-julius-31\/#breadcrumb","itemListElement":[{"@type":"ListItem","position":1,"name":"H\u00edrek","item":"https:\/\/seed.hu\/hirek\/"},{"@type":"ListItem","position":2,"name":"J\u00e1rulj hozz\u00e1 Te is v\u00e9lem\u00e9nyeddel az Eur\u00f3pai Bizotts\u00e1g n\u0151i v\u00e1llalkoz\u00e1sfejleszt\u00e9si politik\u00e1j\u00e1hoz \u00e9s t\u00e1mogat\u00e1si eszk\u00f6zeinek kialak\u00edt\u00e1s\u00e1hoz &#8211; HAT\u00c1RID\u0150: 2020. j\u00falius 31"}]},{"@type":"WebSite","@id":"https:\/\/seed.hu\/#website","url":"https:\/\/seed.hu\/","name":"Seed","description":"","potentialAction":[{"@type":"SearchAction","target":{"@type":"EntryPoint","urlTemplate":"https:\/\/seed.hu\/?s={search_term_string}"},"query-input":{"@type":"PropertyValueSpecification","valueRequired":true,"valueName":"search_term_string"}}],"inLanguage":"en-US"}]}},"_links":{"self":[{"href":"https:\/\/seed.hu\/en\/wp-json\/wp\/v2\/hirek\/1015","targetHints":{"allow":["GET"]}}],"collection":[{"href":"https:\/\/seed.hu\/en\/wp-json\/wp\/v2\/hirek"}],"about":[{"href":"https:\/\/seed.hu\/en\/wp-json\/wp\/v2\/types\/hirek"}],"wp:featuredmedia":[{"embeddable":true,"href":"https:\/\/seed.hu\/en\/wp-json\/wp\/v2\/media\/792"}],"wp:attachment":[{"href":"https:\/\/seed.hu\/en\/wp-json\/wp\/v2\/media?parent=1015"}],"curies":[{"name":"wp","href":"https:\/\/api.w.org\/{rel}","templated":true}]}}