{"id":1016,"date":"2020-06-25T21:24:50","date_gmt":"2020-06-25T19:24:50","guid":{"rendered":"https:\/\/seed.hu\/?post_type=hirek&#038;p=1016"},"modified":"2022-01-23T17:57:48","modified_gmt":"2022-01-23T16:57:48","slug":"jelentkezz-junius-30-aig-a-szemelyes-vallalkozoi-mentorprogramba-hogy-a-mentoroddal-mar-augusztustol-dolgozhass-vallalkozasod-novekedesi-palyara-allitasan","status":"publish","type":"hirek","link":"https:\/\/seed.hu\/en\/hirek\/jelentkezz-junius-30-aig-a-szemelyes-vallalkozoi-mentorprogramba-hogy-a-mentoroddal-mar-augusztustol-dolgozhass-vallalkozasod-novekedesi-palyara-allitasan\/","title":{"rendered":"Jelentkezz j\u00fanius 30-\u00e1ig a szem\u00e9lyes v\u00e1llalkoz\u00f3i mentorprogramba, hogy a mentoroddal m\u00e1r augusztust\u00f3l dolgozhass v\u00e1llalkoz\u00e1sod n\u00f6veked\u00e9si p\u00e1ly\u00e1ra \u00e1ll\u00edt\u00e1s\u00e1n!"},"content":{"rendered":"<p><a href=\"https:\/\/seed.hu\/hirek\/uj-irodaba-koltozott-a-seed-alapitvany\/seed_logo\/\" rel=\"attachment wp-att-792\"><img loading=\"lazy\" decoding=\"async\" class=\"alignnone size-full wp-image-792\" src=\"https:\/\/seed.hu\/wp-content\/uploads\/2018\/04\/SEED_logo.png\" alt=\"\" width=\"250\" height=\"206\" \/><\/a><a href=\"https:\/\/seed.hu\/hirek\/mentorok-es-mentoraltak-jelentkezeset-varja-a-seed-alapitvany\/ovm\/\" rel=\"attachment wp-att-844\"><img loading=\"lazy\" decoding=\"async\" class=\"alignnone wp-image-844 size-full\" src=\"https:\/\/seed.hu\/wp-content\/uploads\/2022\/01\/OVM.png\" alt=\"\" width=\"601\" height=\"163\" srcset=\"https:\/\/seed.hu\/wp-content\/uploads\/2022\/01\/OVM.png 601w, https:\/\/seed.hu\/wp-content\/uploads\/2022\/01\/OVM-300x81.png 300w\" sizes=\"auto, (max-width: 601px) 100vw, 601px\" \/><\/a><\/p>\n<p><strong>Hozd magad lend\u00fcletbe<\/strong><\/p>\n<p><em>J\u00f3 lenne megosztani a v\u00e1llalkoz\u00e1s mindennapi k\u00e9rd\u00e9seit, neh\u00e9zs\u00e9geit egy tapasztalt szak\u00e9rt\u0151vel? Hi\u00e1nyzik a t\u00e1mogat\u00f3 h\u00e1tt\u00e9r? J\u00f3 lenne tudni hogyan lehet sikeresen fel\u00e9p\u00edteni \u00e9s m\u0171k\u00f6dtetni egy v\u00e1llalkoz\u00e1st?\u00a0 Esetleg Online v\u00e1llalkoz\u00e1st ind\u00edtan\u00e1l?<\/em><\/p>\n<p><span style=\"color: #c0392b;\"><strong>VAN V\u00c1LASZ A K\u00c9RD\u00c9SEKRE!<\/strong><\/span><\/p>\n<p><strong>A Szem\u00e9lyes V\u00e1llalkoz\u00f3i Mentorprogramban <\/strong>lehet\u0151s\u00e9ged ny\u00edlik <strong>az \u00fczleti elk\u00e9pzel\u00e9sed <\/strong>(a jelenlegi v\u00e1llalkoz\u00e1sod \u00e9s a potenci\u00e1lis lehet\u0151s\u00e9gek) <strong>m\u00e1s n\u00e9z\u0151pontb\u00f3l t\u00f6rt\u00e9n\u0151 \u00e1ttekint\u00e9s\u00e9re.<\/strong> Tanulhatsz a mentorod \u00e1ltal meg\u00e9lt neh\u00e9zs\u00e9gekb\u0151l, azokb\u00f3l a kih\u00edv\u00e1sokb\u00f3l, amelyeken \u0151 m\u00e1r \u00e1tment. Seg\u00edts\u00e9get kaphatsz a <strong>saj\u00e1t gondolataid c\u00e9lir\u00e1nyos rendez\u00e9s\u00e9ben, d\u00f6nt\u00e9sek el\u0151k\u00e9sz\u00edt\u00e9s\u00e9ben, t\u00f6bb alternat\u00edva kidolgoz\u00e1s\u00e1val. Olyan eszk\u00f6z\u00f6ket ismerhetsz meg<\/strong> a gyakorlatban, amir\u0151l iskol\u00e1ban, tanfolyamon m\u00e1r tanulhatt\u00e1l, de azt nem tan\u00edtott\u00e1k meg neked, hogy <strong>&#8220;val\u00f3s harci helyzetben&#8221; mik\u00e9nt alkalmazd azokat <\/strong>(\u00e9s mik\u00e9nt ne), <strong>pl. strat\u00e9giai-\u00fczleti tervez\u00e9si eszk\u00f6zt\u00e1r, modern marketing eszk\u00f6z\u00f6k, business networking, \u00fcgyf\u00e9l- \u00e9s folyamatszeml\u00e9let.<\/strong> A mentor seg\u00edt neked l\u00e1t\u00e1sm\u00f3dod kisz\u00e9les\u00edteni, \u00faj n\u00e9z\u0151pontot tal\u00e1lni saj\u00e1t tapasztalatai \u00e9s kapcsolatrendszere r\u00e9v\u00e9n.<\/p>\n<p><strong>Kik lehetnek mentor\u00e1ltak?<\/strong><\/p>\n<ul>\n<li><strong>Fiatal v\u00e1llalkoz\u00e1sok <\/strong>(35 \u00e9v alatti szem\u00e9lyek \u00e1ltal t\u00f6bbs\u00e9g\u00e9ben tulajdonolt \u00e9s 35 \u00e9v alatti szem\u00e9ly \u00e1ltal vezetett v\u00e1llalkoz\u00e1sok)<\/li>\n<li><strong>N\u0151i v\u00e1llalkoz\u00e1sok <\/strong>(N\u0151i t\u00f6bbs\u00e9gi tulajdonossal \u00e9s n\u0151i \u00fcgyvezet\u0151vel b\u00edr\u00f3 v\u00e1llalkoz\u00e1sok)<\/li>\n<li><strong>Gener\u00e1ci\u00f3v\u00e1lt\u00e1s el\u0151tt \u00e1ll\u00f3 csal\u00e1di v\u00e1llalkoz\u00e1sok <\/strong>(akik tervezik, vagy m\u00e1r benne vannak az ut\u00f3dl\u00e1si folyamatban, ak\u00e1r csal\u00e1don k\u00edv\u00fcli, ak\u00e1r csal\u00e1don bel\u00fcli szem\u00e9ly veszi \u00e1t a vezet\u0151i, tulajdonosi szerepek egy r\u00e9sz\u00e9t, vagy eg\u00e9sz\u00e9t)<\/li>\n<\/ul>\n<p>A v\u00e1llalkoz\u00e1s m\u00e9ret\u00e9t \u00e9s m\u0171k\u00f6d\u00e9si idej\u00e9t tekintve nincs megk\u00f6t\u00e9s, egy\u00e9ni v\u00e1llalkoz\u00e1sok, mikrov\u00e1llalkoz\u00e1sok \u00e9s indul\u00f3 v\u00e1llalkoz\u00e1sok is jelentkezhetnek.<\/p>\n<p><strong>Mit nyer a r\u00e9szv\u00e9tellel, aki jelentkezik?<\/strong><\/p>\n<ul>\n<li>Egy tapasztalt v\u00e1llalkoz\u00f3 t\u00e1mogat\u00e1s\u00e1t v\u00e1llalkoz\u00f3i c\u00e9ljainak megval\u00f3s\u00edt\u00e1s\u00e1hoz.<\/li>\n<li>Speci\u00e1lis tan\u00e1csad\u00e1s ig\u00e9nybev\u00e9teli lehet\u0151s\u00e9g\u00e9t a program ideje alatt (marketing, jog, szervezetfejleszt\u00e9s, szem\u00e9lyes hat\u00e9konys\u00e1gfejleszt\u00e9s, \u00e9rt\u00e9kes\u00edt\u00e9si \u00e9s t\u00e1rgyal\u00e1si k\u00e9szs\u00e9gek fejleszt\u00e9se).<\/li>\n<li>\u00daj kapcsolat\u00e9p\u00edt\u00e9si lehet\u0151s\u00e9geket egy \u00e9rt\u00e9kteremt\u0151 v\u00e1llalkoz\u00f3i k\u00f6z\u00f6ss\u00e9g r\u00e9szek\u00e9nt.<\/li>\n<li>Tud\u00e1smegoszt\u00f3 (online) rendezv\u00e9nyeken t\u00f6rt\u00e9n\u0151 r\u00e9szv\u00e9tel lehet\u0151s\u00e9g\u00e9t.<\/li>\n<\/ul>\n<p><strong>A programban val\u00f3 r\u00e9szv\u00e9tel ingyenes!<\/strong><\/p>\n<p><span style=\"color: #c0392b;\"><strong>JELENTKEZZ J\u00daNIUS 30-\u00c1IG[1], HOGY A MENTORODDAL M\u00c1R AUGUSZTUST\u00d3L DOLGOZHASS V\u00c1LLALKOZ\u00c1SOD N\u00d6VEKED\u00c9SI P\u00c1LY\u00c1RA \u00c1LL\u00cdT\u00c1S\u00c1N!<\/strong><\/span><\/p>\n<p><strong>Jelentkez\u00e9s \u00e9s r\u00e9szletek:<\/strong><br \/>\n<span style=\"color: #000099;\"><strong><a href=\"http:\/\/www.vallalkozztudatosan.hu\" target=\"_blank\" rel=\"noopener\">www.vallalkozztudatosan.hu<\/a><\/strong> <\/span>vagy<span style=\"color: #000099;\"> <a href=\"https:\/\/mentorprogram.seed.hu\/\" target=\"_blank\" rel=\"noopener\"><strong>https:\/\/mentorprogram.seed.hu\/<\/strong><\/a><\/span><\/p>\n<p><strong>Kapcsolat:<\/strong><br \/>\n<span style=\"color: #000099;\"><strong><a href=\"mailto:mentorprogram@seed.hu?subject=Jelentkez%C3%A9s%20Mentorprogramba\">mentorprogram@seed.hu<\/a><\/strong><\/span><\/p>\n<p>SEED Kisv\u00e1llalkoz\u00e1s-fejleszt\u00e9si Alap\u00edtv\u00e1ny<br \/>\n<a href=\"http:\/\/www.seed.hu\" target=\"_blank\" rel=\"noopener\"><strong>www.seed.hu<\/strong><\/a><\/p>\n<p>&nbsp;<\/p>\n<p>[1] B\u00e1r a mentorprogramba a jelentkez\u00e9s folyamatos, a mentor\u00e1l\u00e1s akkor tud a legeredm\u00e9nyesebb lenni a mentor\u00e1lt sz\u00e1m\u00e1ra, ha 12, de legal\u00e1bb 9 h\u00f3napig r\u00e9szt vesz a folyamatban.<\/p>\n<p>Aki j\u00fanius 30-\u00e1ig jelentkezik a programba, annak biztos\u00edtjuk,\u00a0 hogy j\u00falius folyam\u00e1n lebonyol\u00edtjuk a kiv\u00e1laszt\u00e1si folyamatot \u00e9s lehet\u0151s\u00e9get teremt\u00fcnk a mentorv\u00e1laszt\u00e1sra.<\/p>\n","protected":false},"featured_media":338,"menu_order":0,"template":"","meta":{"_acf_changed":false},"class_list":["post-1016","hirek","type-hirek","status-publish","has-post-thumbnail","hentry"],"acf":[],"yoast_head":"<!-- This site is optimized with the Yoast SEO plugin v27.4 - https:\/\/yoast.com\/product\/yoast-seo-wordpress\/ -->\n<title>Jelentkezz j\u00fanius 30-\u00e1ig a szem\u00e9lyes v\u00e1llalkoz\u00f3i mentorprogramba, hogy a mentoroddal m\u00e1r augusztust\u00f3l dolgozhass v\u00e1llalkoz\u00e1sod n\u00f6veked\u00e9si p\u00e1ly\u00e1ra \u00e1ll\u00edt\u00e1s\u00e1n! - Seed<\/title>\n<meta name=\"robots\" content=\"index, follow, max-snippet:-1, max-image-preview:large, max-video-preview:-1\" \/>\n<link rel=\"canonical\" href=\"https:\/\/seed.hu\/hirek\/jelentkezz-junius-30-aig-a-szemelyes-vallalkozoi-mentorprogramba-hogy-a-mentoroddal-mar-augusztustol-dolgozhass-vallalkozasod-novekedesi-palyara-allitasan\/\" \/>\n<meta property=\"og:locale\" content=\"en_US\" \/>\n<meta property=\"og:type\" content=\"article\" \/>\n<meta property=\"og:title\" content=\"Jelentkezz j\u00fanius 30-\u00e1ig a szem\u00e9lyes v\u00e1llalkoz\u00f3i mentorprogramba, hogy a mentoroddal m\u00e1r augusztust\u00f3l dolgozhass v\u00e1llalkoz\u00e1sod n\u00f6veked\u00e9si p\u00e1ly\u00e1ra \u00e1ll\u00edt\u00e1s\u00e1n! - Seed\" \/>\n<meta property=\"og:description\" content=\"Hozd magad lend\u00fcletbe J\u00f3 lenne megosztani a v\u00e1llalkoz\u00e1s mindennapi k\u00e9rd\u00e9seit, neh\u00e9zs\u00e9geit egy tapasztalt szak\u00e9rt\u0151vel? Hi\u00e1nyzik a t\u00e1mogat\u00f3 h\u00e1tt\u00e9r? J\u00f3 lenne tudni hogyan lehet sikeresen fel\u00e9p\u00edteni \u00e9s m\u0171k\u00f6dtetni egy v\u00e1llalkoz\u00e1st?\u00a0 Esetleg Online v\u00e1llalkoz\u00e1st ind\u00edtan\u00e1l? VAN V\u00c1LASZ A K\u00c9RD\u00c9SEKRE! A Szem\u00e9lyes V\u00e1llalkoz\u00f3i Mentorprogramban lehet\u0151s\u00e9ged ny\u00edlik az \u00fczleti elk\u00e9pzel\u00e9sed (a jelenlegi v\u00e1llalkoz\u00e1sod \u00e9s a potenci\u00e1lis lehet\u0151s\u00e9gek) m\u00e1s n\u00e9z\u0151pontb\u00f3l [&hellip;]\" \/>\n<meta property=\"og:url\" content=\"https:\/\/seed.hu\/hirek\/jelentkezz-junius-30-aig-a-szemelyes-vallalkozoi-mentorprogramba-hogy-a-mentoroddal-mar-augusztustol-dolgozhass-vallalkozasod-novekedesi-palyara-allitasan\/\" \/>\n<meta property=\"og:site_name\" content=\"Seed\" \/>\n<meta property=\"article:modified_time\" content=\"2022-01-23T16:57:48+00:00\" \/>\n<meta property=\"og:image\" content=\"https:\/\/seed.hu\/wp-content\/uploads\/2021\/04\/Orsza\u0301gos-Va\u0301llalkozo\u0301i-Mentorprogram.png\" \/>\n\t<meta property=\"og:image:width\" content=\"773\" \/>\n\t<meta property=\"og:image:height\" content=\"774\" \/>\n\t<meta property=\"og:image:type\" content=\"image\/png\" \/>\n<meta name=\"twitter:card\" content=\"summary_large_image\" \/>\n<meta name=\"twitter:label1\" content=\"Est. reading time\" \/>\n\t<meta name=\"twitter:data1\" content=\"3 minutes\" \/>\n<script type=\"application\/ld+json\" class=\"yoast-schema-graph\">{\"@context\":\"https:\\\/\\\/schema.org\",\"@graph\":[{\"@type\":\"WebPage\",\"@id\":\"https:\\\/\\\/seed.hu\\\/hirek\\\/jelentkezz-junius-30-aig-a-szemelyes-vallalkozoi-mentorprogramba-hogy-a-mentoroddal-mar-augusztustol-dolgozhass-vallalkozasod-novekedesi-palyara-allitasan\\\/\",\"url\":\"https:\\\/\\\/seed.hu\\\/hirek\\\/jelentkezz-junius-30-aig-a-szemelyes-vallalkozoi-mentorprogramba-hogy-a-mentoroddal-mar-augusztustol-dolgozhass-vallalkozasod-novekedesi-palyara-allitasan\\\/\",\"name\":\"Jelentkezz j\u00fanius 30-\u00e1ig a szem\u00e9lyes v\u00e1llalkoz\u00f3i mentorprogramba, hogy a mentoroddal m\u00e1r augusztust\u00f3l dolgozhass v\u00e1llalkoz\u00e1sod n\u00f6veked\u00e9si p\u00e1ly\u00e1ra \u00e1ll\u00edt\u00e1s\u00e1n! - Seed\",\"isPartOf\":{\"@id\":\"https:\\\/\\\/seed.hu\\\/#website\"},\"primaryImageOfPage\":{\"@id\":\"https:\\\/\\\/seed.hu\\\/hirek\\\/jelentkezz-junius-30-aig-a-szemelyes-vallalkozoi-mentorprogramba-hogy-a-mentoroddal-mar-augusztustol-dolgozhass-vallalkozasod-novekedesi-palyara-allitasan\\\/#primaryimage\"},\"image\":{\"@id\":\"https:\\\/\\\/seed.hu\\\/hirek\\\/jelentkezz-junius-30-aig-a-szemelyes-vallalkozoi-mentorprogramba-hogy-a-mentoroddal-mar-augusztustol-dolgozhass-vallalkozasod-novekedesi-palyara-allitasan\\\/#primaryimage\"},\"thumbnailUrl\":\"https:\\\/\\\/seed.hu\\\/wp-content\\\/uploads\\\/2021\\\/04\\\/Orsza\u0301gos-Va\u0301llalkozo\u0301i-Mentorprogram.png\",\"datePublished\":\"2020-06-25T19:24:50+00:00\",\"dateModified\":\"2022-01-23T16:57:48+00:00\",\"breadcrumb\":{\"@id\":\"https:\\\/\\\/seed.hu\\\/hirek\\\/jelentkezz-junius-30-aig-a-szemelyes-vallalkozoi-mentorprogramba-hogy-a-mentoroddal-mar-augusztustol-dolgozhass-vallalkozasod-novekedesi-palyara-allitasan\\\/#breadcrumb\"},\"inLanguage\":\"en-US\",\"potentialAction\":[{\"@type\":\"ReadAction\",\"target\":[\"https:\\\/\\\/seed.hu\\\/hirek\\\/jelentkezz-junius-30-aig-a-szemelyes-vallalkozoi-mentorprogramba-hogy-a-mentoroddal-mar-augusztustol-dolgozhass-vallalkozasod-novekedesi-palyara-allitasan\\\/\"]}]},{\"@type\":\"ImageObject\",\"inLanguage\":\"en-US\",\"@id\":\"https:\\\/\\\/seed.hu\\\/hirek\\\/jelentkezz-junius-30-aig-a-szemelyes-vallalkozoi-mentorprogramba-hogy-a-mentoroddal-mar-augusztustol-dolgozhass-vallalkozasod-novekedesi-palyara-allitasan\\\/#primaryimage\",\"url\":\"https:\\\/\\\/seed.hu\\\/wp-content\\\/uploads\\\/2021\\\/04\\\/Orsza\u0301gos-Va\u0301llalkozo\u0301i-Mentorprogram.png\",\"contentUrl\":\"https:\\\/\\\/seed.hu\\\/wp-content\\\/uploads\\\/2021\\\/04\\\/Orsza\u0301gos-Va\u0301llalkozo\u0301i-Mentorprogram.png\",\"width\":773,\"height\":774},{\"@type\":\"BreadcrumbList\",\"@id\":\"https:\\\/\\\/seed.hu\\\/hirek\\\/jelentkezz-junius-30-aig-a-szemelyes-vallalkozoi-mentorprogramba-hogy-a-mentoroddal-mar-augusztustol-dolgozhass-vallalkozasod-novekedesi-palyara-allitasan\\\/#breadcrumb\",\"itemListElement\":[{\"@type\":\"ListItem\",\"position\":1,\"name\":\"H\u00edrek\",\"item\":\"https:\\\/\\\/seed.hu\\\/hirek\\\/\"},{\"@type\":\"ListItem\",\"position\":2,\"name\":\"Jelentkezz j\u00fanius 30-\u00e1ig a szem\u00e9lyes v\u00e1llalkoz\u00f3i mentorprogramba, hogy a mentoroddal m\u00e1r augusztust\u00f3l dolgozhass v\u00e1llalkoz\u00e1sod n\u00f6veked\u00e9si p\u00e1ly\u00e1ra \u00e1ll\u00edt\u00e1s\u00e1n!\"}]},{\"@type\":\"WebSite\",\"@id\":\"https:\\\/\\\/seed.hu\\\/#website\",\"url\":\"https:\\\/\\\/seed.hu\\\/\",\"name\":\"Seed\",\"description\":\"\",\"potentialAction\":[{\"@type\":\"SearchAction\",\"target\":{\"@type\":\"EntryPoint\",\"urlTemplate\":\"https:\\\/\\\/seed.hu\\\/?s={search_term_string}\"},\"query-input\":{\"@type\":\"PropertyValueSpecification\",\"valueRequired\":true,\"valueName\":\"search_term_string\"}}],\"inLanguage\":\"en-US\"}]}<\/script>\n<!-- \/ Yoast SEO plugin. -->","yoast_head_json":{"title":"Jelentkezz j\u00fanius 30-\u00e1ig a szem\u00e9lyes v\u00e1llalkoz\u00f3i mentorprogramba, hogy a mentoroddal m\u00e1r augusztust\u00f3l dolgozhass v\u00e1llalkoz\u00e1sod n\u00f6veked\u00e9si p\u00e1ly\u00e1ra \u00e1ll\u00edt\u00e1s\u00e1n! - Seed","robots":{"index":"index","follow":"follow","max-snippet":"max-snippet:-1","max-image-preview":"max-image-preview:large","max-video-preview":"max-video-preview:-1"},"canonical":"https:\/\/seed.hu\/hirek\/jelentkezz-junius-30-aig-a-szemelyes-vallalkozoi-mentorprogramba-hogy-a-mentoroddal-mar-augusztustol-dolgozhass-vallalkozasod-novekedesi-palyara-allitasan\/","og_locale":"en_US","og_type":"article","og_title":"Jelentkezz j\u00fanius 30-\u00e1ig a szem\u00e9lyes v\u00e1llalkoz\u00f3i mentorprogramba, hogy a mentoroddal m\u00e1r augusztust\u00f3l dolgozhass v\u00e1llalkoz\u00e1sod n\u00f6veked\u00e9si p\u00e1ly\u00e1ra \u00e1ll\u00edt\u00e1s\u00e1n! - Seed","og_description":"Hozd magad lend\u00fcletbe J\u00f3 lenne megosztani a v\u00e1llalkoz\u00e1s mindennapi k\u00e9rd\u00e9seit, neh\u00e9zs\u00e9geit egy tapasztalt szak\u00e9rt\u0151vel? Hi\u00e1nyzik a t\u00e1mogat\u00f3 h\u00e1tt\u00e9r? J\u00f3 lenne tudni hogyan lehet sikeresen fel\u00e9p\u00edteni \u00e9s m\u0171k\u00f6dtetni egy v\u00e1llalkoz\u00e1st?\u00a0 Esetleg Online v\u00e1llalkoz\u00e1st ind\u00edtan\u00e1l? VAN V\u00c1LASZ A K\u00c9RD\u00c9SEKRE! A Szem\u00e9lyes V\u00e1llalkoz\u00f3i Mentorprogramban lehet\u0151s\u00e9ged ny\u00edlik az \u00fczleti elk\u00e9pzel\u00e9sed (a jelenlegi v\u00e1llalkoz\u00e1sod \u00e9s a potenci\u00e1lis lehet\u0151s\u00e9gek) m\u00e1s n\u00e9z\u0151pontb\u00f3l [&hellip;]","og_url":"https:\/\/seed.hu\/hirek\/jelentkezz-junius-30-aig-a-szemelyes-vallalkozoi-mentorprogramba-hogy-a-mentoroddal-mar-augusztustol-dolgozhass-vallalkozasod-novekedesi-palyara-allitasan\/","og_site_name":"Seed","article_modified_time":"2022-01-23T16:57:48+00:00","og_image":[{"width":773,"height":774,"url":"https:\/\/seed.hu\/wp-content\/uploads\/2021\/04\/Orsza\u0301gos-Va\u0301llalkozo\u0301i-Mentorprogram.png","type":"image\/png"}],"twitter_card":"summary_large_image","twitter_misc":{"Est. reading time":"3 minutes"},"schema":{"@context":"https:\/\/schema.org","@graph":[{"@type":"WebPage","@id":"https:\/\/seed.hu\/hirek\/jelentkezz-junius-30-aig-a-szemelyes-vallalkozoi-mentorprogramba-hogy-a-mentoroddal-mar-augusztustol-dolgozhass-vallalkozasod-novekedesi-palyara-allitasan\/","url":"https:\/\/seed.hu\/hirek\/jelentkezz-junius-30-aig-a-szemelyes-vallalkozoi-mentorprogramba-hogy-a-mentoroddal-mar-augusztustol-dolgozhass-vallalkozasod-novekedesi-palyara-allitasan\/","name":"Jelentkezz j\u00fanius 30-\u00e1ig a szem\u00e9lyes v\u00e1llalkoz\u00f3i mentorprogramba, hogy a mentoroddal m\u00e1r augusztust\u00f3l dolgozhass v\u00e1llalkoz\u00e1sod n\u00f6veked\u00e9si p\u00e1ly\u00e1ra \u00e1ll\u00edt\u00e1s\u00e1n! - Seed","isPartOf":{"@id":"https:\/\/seed.hu\/#website"},"primaryImageOfPage":{"@id":"https:\/\/seed.hu\/hirek\/jelentkezz-junius-30-aig-a-szemelyes-vallalkozoi-mentorprogramba-hogy-a-mentoroddal-mar-augusztustol-dolgozhass-vallalkozasod-novekedesi-palyara-allitasan\/#primaryimage"},"image":{"@id":"https:\/\/seed.hu\/hirek\/jelentkezz-junius-30-aig-a-szemelyes-vallalkozoi-mentorprogramba-hogy-a-mentoroddal-mar-augusztustol-dolgozhass-vallalkozasod-novekedesi-palyara-allitasan\/#primaryimage"},"thumbnailUrl":"https:\/\/seed.hu\/wp-content\/uploads\/2021\/04\/Orsza\u0301gos-Va\u0301llalkozo\u0301i-Mentorprogram.png","datePublished":"2020-06-25T19:24:50+00:00","dateModified":"2022-01-23T16:57:48+00:00","breadcrumb":{"@id":"https:\/\/seed.hu\/hirek\/jelentkezz-junius-30-aig-a-szemelyes-vallalkozoi-mentorprogramba-hogy-a-mentoroddal-mar-augusztustol-dolgozhass-vallalkozasod-novekedesi-palyara-allitasan\/#breadcrumb"},"inLanguage":"en-US","potentialAction":[{"@type":"ReadAction","target":["https:\/\/seed.hu\/hirek\/jelentkezz-junius-30-aig-a-szemelyes-vallalkozoi-mentorprogramba-hogy-a-mentoroddal-mar-augusztustol-dolgozhass-vallalkozasod-novekedesi-palyara-allitasan\/"]}]},{"@type":"ImageObject","inLanguage":"en-US","@id":"https:\/\/seed.hu\/hirek\/jelentkezz-junius-30-aig-a-szemelyes-vallalkozoi-mentorprogramba-hogy-a-mentoroddal-mar-augusztustol-dolgozhass-vallalkozasod-novekedesi-palyara-allitasan\/#primaryimage","url":"https:\/\/seed.hu\/wp-content\/uploads\/2021\/04\/Orsza\u0301gos-Va\u0301llalkozo\u0301i-Mentorprogram.png","contentUrl":"https:\/\/seed.hu\/wp-content\/uploads\/2021\/04\/Orsza\u0301gos-Va\u0301llalkozo\u0301i-Mentorprogram.png","width":773,"height":774},{"@type":"BreadcrumbList","@id":"https:\/\/seed.hu\/hirek\/jelentkezz-junius-30-aig-a-szemelyes-vallalkozoi-mentorprogramba-hogy-a-mentoroddal-mar-augusztustol-dolgozhass-vallalkozasod-novekedesi-palyara-allitasan\/#breadcrumb","itemListElement":[{"@type":"ListItem","position":1,"name":"H\u00edrek","item":"https:\/\/seed.hu\/hirek\/"},{"@type":"ListItem","position":2,"name":"Jelentkezz j\u00fanius 30-\u00e1ig a szem\u00e9lyes v\u00e1llalkoz\u00f3i mentorprogramba, hogy a mentoroddal m\u00e1r augusztust\u00f3l dolgozhass v\u00e1llalkoz\u00e1sod n\u00f6veked\u00e9si p\u00e1ly\u00e1ra \u00e1ll\u00edt\u00e1s\u00e1n!"}]},{"@type":"WebSite","@id":"https:\/\/seed.hu\/#website","url":"https:\/\/seed.hu\/","name":"Seed","description":"","potentialAction":[{"@type":"SearchAction","target":{"@type":"EntryPoint","urlTemplate":"https:\/\/seed.hu\/?s={search_term_string}"},"query-input":{"@type":"PropertyValueSpecification","valueRequired":true,"valueName":"search_term_string"}}],"inLanguage":"en-US"}]}},"_links":{"self":[{"href":"https:\/\/seed.hu\/en\/wp-json\/wp\/v2\/hirek\/1016","targetHints":{"allow":["GET"]}}],"collection":[{"href":"https:\/\/seed.hu\/en\/wp-json\/wp\/v2\/hirek"}],"about":[{"href":"https:\/\/seed.hu\/en\/wp-json\/wp\/v2\/types\/hirek"}],"wp:featuredmedia":[{"embeddable":true,"href":"https:\/\/seed.hu\/en\/wp-json\/wp\/v2\/media\/338"}],"wp:attachment":[{"href":"https:\/\/seed.hu\/en\/wp-json\/wp\/v2\/media?parent=1016"}],"curies":[{"name":"wp","href":"https:\/\/api.w.org\/{rel}","templated":true}]}}