{"id":1019,"date":"2020-07-10T13:08:14","date_gmt":"2020-07-10T11:08:14","guid":{"rendered":"https:\/\/seed.hu\/?post_type=hirek&#038;p=1019"},"modified":"2022-01-23T18:01:38","modified_gmt":"2022-01-23T17:01:38","slug":"kiderult-hogy-ki-magyarorszag-legsikeresebb-vallalkozonoje-es-noi-vezetoje-2020-ban","status":"publish","type":"hirek","link":"https:\/\/seed.hu\/en\/hirek\/kiderult-hogy-ki-magyarorszag-legsikeresebb-vallalkozonoje-es-noi-vezetoje-2020-ban\/","title":{"rendered":"Kider\u00fclt, hogy ki Magyarorsz\u00e1g legsikeresebb v\u00e1llalkoz\u00f3n\u0151je \u00e9s n\u0151i vezet\u0151je 2020-ban"},"content":{"rendered":"<p><a href=\"https:\/\/seed.hu\/szavazz-2021-leginspiralobb-noi-sikertortenetere\/noi_siker_2021_2\/\" rel=\"attachment wp-att-740\"><img loading=\"lazy\" decoding=\"async\" class=\"alignnone wp-image-740 size-full\" src=\"https:\/\/seed.hu\/wp-content\/uploads\/2021\/02\/Noi_siker_2021_2.png\" alt=\"\" width=\"335\" height=\"79\" srcset=\"https:\/\/seed.hu\/wp-content\/uploads\/2021\/02\/Noi_siker_2021_2.png 335w, https:\/\/seed.hu\/wp-content\/uploads\/2021\/02\/Noi_siker_2021_2-300x71.png 300w\" sizes=\"auto, (max-width: 335px) 100vw, 335px\" \/><\/a><\/p>\n<p><strong>\u00c1prilis v\u00e9g\u00e9n k\u00f6z\u00f6s p\u00e1ly\u00e1zatot \u00edrt ki a SEED Alap\u00edtv\u00e1ny \u00e9s a Sikeres N\u0151k Egyes\u00fclete (Professional Women\u2019s Association \u2013 PWA), amelyben 2020 legsikeresebb n\u0151i v\u00e1llalkoz\u00f3it \u00e9s n\u0151i vezet\u0151it kerest\u00e9k. A p\u00e1ly\u00e1zatra ebben a neh\u00e9z, v\u00e1ls\u00e1gos id\u0151szakban is nyolc rendk\u00edv\u00fcl sz\u00ednvonalas p\u00e1lyamunka \u00e9rkezett be. Az \u00fcnnep\u00e9lyes d\u00edj\u00e1tad\u00f3ra j\u00falius 9-\u00e9n, a SEED Alap\u00edtv\u00e1ny cs\u00fct\u00f6rt\u00f6k\u00f6nk\u00e9nt megrendezett Online V\u00e1llalkoz\u00f3i F\u00f3ruma \u00e9vadz\u00e1r\u00f3 besz\u00e9lget\u00e9s\u00e9nek keret\u00e9ben ker\u00fclt sor a Margitszigeten, a Bring\u00f3hint\u00f3 Kft. helysz\u00edn\u00e9n.<\/strong><\/p>\n<p>Olyan h\u00f6lgyek mes\u00e9lt\u00e9k el a t\u00f6rt\u00e9net\u00fcket, akik a legnagyobb neh\u00e9zs\u00e9gek k\u00f6zepette sem adt\u00e1k fel, akiknek mindig t\u00e1madt egy \u00f6tlet\u00fck a tov\u00e1bbl\u00e9p\u00e9sre, a v\u00e1llalkoz\u00e1s tov\u00e1bblend\u00edt\u00e9s\u00e9re, akiknek volt b\u00e1tors\u00e1guk ahhoz, hogy nemet mondjanak arra, ami nem bel\u0151l\u00fck fakadt, amir\u0151l azt gondolt\u00e1k, hogy nem passzol az egy\u00e9nis\u00e9g\u00fckh\u00f6z, \u00e9s igent arra, ami a m\u00e9lyb\u0151l sz\u00f3l\u00edtotta meg \u0151ket.<\/p>\n<p>A p\u00e1ly\u00e1zatok, az inspir\u00e1l\u00f3 t\u00f6rt\u00e9netek itt tekinthet\u0151k meg:<\/p>\n<p><a href=\"https:\/\/youtu.be\/CJOZl9jK7RM\" target=\"_blank\" rel=\"noopener\">https:\/\/youtu.be\/CJOZl9jK7RM<\/a><\/p>\n<p><a href=\"http:\/\/www.pwa.hu\/category\/sikertortenetek_2020\/\" target=\"_blank\" rel=\"noopener\">http:\/\/www.pwa.hu\/category\/sikertortenetek_2020\/<\/a><\/p>\n<p><strong>I. 2020 legsikeresebb n\u0151i v\u00e1llalkoz\u00f3ja, v\u00e1llalkoz\u00e1sa<\/strong><\/p>\n<p><strong>LOPES-SZAB\u00d3 ZSUZSANNA<\/strong><br \/>\na Gy\u00f6rgytea Kft. vezet\u0151je, aki \u00e9desapj\u00e1val, a b\u00fckki f\u00fcvesemberrel, Szab\u00f3 Gyuri b\u00e1csival alap\u00edtotta a c\u00e9get 2004-ben. \u00c1lljon itt egy r\u00e9szlet Zsuzsanna inspir\u00e1l\u00f3 t\u00f6rt\u00e9net\u00e9b\u0151l.<\/p>\n<p>\u201e<em>2004-ben alap\u00edtottuk \u00e9desap\u00e1mmal a gy\u00f3gyn\u00f6v\u00e9nyes v\u00e1llalkoz\u00e1sunkat. \u00c9n b\u00f6lcs\u00e9sz v\u00e9gzetts\u00e9ggel rendelkezem, az\u00e9rt nekiindultam az ismeretlennek, abban a biztos tudatban, hogy p\u00e1r h\u00f3nap alatt \u00fagyis cs\u0151dbe viszem az eg\u00e9szet. Ma, 16 \u00e9v ut\u00e1n a v\u00e1llalkoz\u00e1s t\u00f6bb sz\u00e1z milli\u00f3s bev\u00e9tellel rendelkezik, \u00e9s 40 munkahelyet teremtett. Kezdetben ap\u00e1m unszol\u00e1s\u00e1nak engedve dolgoztam, majd az \u00e9vek m\u00falt\u00e1val r\u00e1\u00e9bredtem, hogy kedvem lelem a munk\u00e1ban. (\u2026) B\u00fcszke vagyok az eredm\u00e9nyekre. (\u2026) De a legb\u00fcszk\u00e9bb m\u00e9gis arra vagyok, hogy 40 csal\u00e1dban v\u00e1s\u00e1rolnak tejet, kenyeret, a gyereknek cip\u0151t abb\u00f3l a p\u00e9nzb\u0151l, amit n\u00e1lunk keresnek.<\/em>\u201d<\/p>\n<p>Lopes-Szab\u00f3 Zsuzsanna az elismer\u00e9s \u00e1tv\u00e9telekor annyit \u00fczent v\u00e1llalkoz\u00f3 n\u0151t\u00e1rsainak, hogy amikor v\u00e1llalkoz\u00e1sba kezdenek, vagy egy j\u00f3 \u00f6tlet megval\u00f3s\u00edt\u00e1s\u00e1n gondolkodnak, hallgassanak az \u00f6szt\u00f6neikre. Hozz\u00e1tette: a n\u0151i v\u00e1llalkoz\u00f3k \u00f6nbizalm\u00e1nak n\u00f6vel\u00e9s\u00e9hez f\u00e9rfiak is kellenek, \u00fagyhogy \u201eszeressenek \u00e9s b\u00e1tor\u00edtsanak minket uraim!\u201d<\/p>\n<p><strong>II.2020 legsikeresebb n\u0151i vezet\u0151je<\/strong><\/p>\n<p><strong>HERMANN ZSUZSANNA<\/strong><br \/>\na Trade Magazin \u00fcgyvezet\u0151-f\u0151szerkeszt\u0151je<br \/>\n\u00cdme egy r\u00e9szlet Zsuzsanna t\u00f6rt\u00e9net\u00e9b\u0151l, akit a koll\u00e9g\u00e1i jel\u00f6ltek a d\u00edjra:<\/p>\n<p>\u201e<em>Kisv\u00e1llalkoz\u00e1s r\u00e9v\u00e9n m\u00e1r \u2019kis csal\u00e1dk\u00e9nt\u2019 m\u0171k\u00f6dik a csapat, ahol mindenki igyekszik t\u00e1mogatni egym\u00e1st, a felmer\u00fcl\u0151 probl\u00e9m\u00e1kat egy\u00fctt meg tudjuk besz\u00e9lni \u00e9s megold\u00e1st keresni r\u00e1juk.\u00a0 Ez Zsuzsa n\u00e9lk\u00fcl nem j\u00f6hetne l\u00e9tre, nagyon figyel minden koll\u00e9ga szakmai \u00e9s lelki fejl\u0151d\u00e9s\u00e9re is egyar\u00e1nt. A t\u00f6retlen siker tal\u00e1n a folyamatos szakmai meg\u00fajul\u00e1son, alkalmazkod\u00e1son \u00e9s egym\u00e1s k\u00f6lcs\u00f6n\u00f6s tisztelet\u00e9n alapul.<\/em>\u201d<\/p>\n<p>Hermann Zsuzsanna a d\u00edj \u00e1tv\u00e9telekor elmondta, a d\u00edjon k\u00edv\u00fcl nagyon nagy elismer\u00e9s a sz\u00e1m\u00e1ra, hogy a koll\u00e9g\u00e1i nevezt\u00e9k be a p\u00e1ly\u00e1zatra.<\/p>\n<p>A v\u00e1llalkoz\u00f3n\u0151knek \u00fczenve pedig hangs\u00falyozta: A v\u00e1llalkoz\u00f3i l\u00e9tforma nem val\u00f3 mindenkinek. Akinek viszont van egy \u00e1lma, \u00e9s el\u00e9g kreat\u00edv, az ne adja fel, mindenk\u00e9ppen val\u00f3s\u00edtsa meg azt az \u00e1lmot.<\/p>\n<p><strong>III.2020 Leginspir\u00e1l\u00f3bb sikert\u00f6rt\u00e9nete \u2013 a k\u00f6z\u00f6ns\u00e9gszavazatok alapj\u00e1n<\/strong><\/p>\n<p>A p\u00e1ly\u00e1zatokat a ki\u00edr\u00f3k az eredm\u00e9nyhirdet\u00e9s el\u0151tt b\u0151 egy h\u00e9ttel nyilv\u00e1noss\u00e1 tett\u00e9k, hogy szavazni lehessen a leginspir\u00e1l\u00f3bb t\u00f6rt\u00e9netre. \u00d6sszesen 587 szavazat \u00e9rkezett be, amelyek alapj\u00e1n 2020 leginspir\u00e1l\u00f3bb sikert\u00f6rt\u00e9net\u00e9t<\/p>\n<p><strong>DOHOS \u00c1GNES<\/strong><br \/>\naz IT megold\u00e1sokat sz\u00e1ll\u00edt\u00f3 IDBC C\u00e9gcsoport \u00fcgyvezet\u0151 partnere \u00edrta, akit a koll\u00e9g\u00e1i besz\u00e9ltek r\u00e1 a jelentkez\u00e9sre.<\/p>\n<p>\u00c1lljon itt n\u00e9h\u00e1ny r\u00e9szlet \u00c1gnes t\u00f6rt\u00e9net\u00e9b\u0151l, amely ebben az \u00e9vben a legink\u00e1bb meg\u00e9rintette az olvas\u00f3kat:<\/p>\n<p>\u201e<em>\u00c9desap\u00e1m karmester, ez\u00e9rt kiskorom \u00f3ta l\u00e1ttam a p\u00e9ld\u00e1t, hogy a dirig\u00e1l\u00e1s nem parancsolgat\u00e1s, hanem az \u00f6sszhang megteremt\u00e9se a zenekarban. (\u2026) Egyszer csak bel\u00e9pett az \u00e9letembe egy \u00faj p\u00e1rkapcsolat, \u00e9s ez megadta a kell\u0151 l\u00f6k\u00e9st \u00e9s alapot a tov\u00e1bbl\u00e9p\u00e9shez. Az \u00faj p\u00e1rommal \u2013 k\u00e9s\u0151bbi f\u00e9rjemmel \u2013 a k\u00f6z\u00f6s \u00e9let megkezd\u00e9se ut\u00e1n 2014-ben belev\u00e1gtunk a c\u00e9galap\u00edt\u00e1sba is, \u00e9s megsz\u00fcletett az IDBC informatikai tan\u00e1csad\u00f3 c\u00e9gcsoport.\u00a0(\u2026) A kezdeti \u00fczleti sikerek gyorsan lend\u00fcletet adtak a c\u00e9g n\u00f6veked\u00e9s\u00e9hez, az els\u0151 teljes \u00e9v m\u00e1r 15 \u00fcgyfelet \u00e9s 300 milli\u00f3s \u00e1rbev\u00e9telt hozott. Ehhez a n\u00f6veked\u00e9shez hozz\u00e1 kellett igaz\u00edtani a szervezetet \u00e9s persze magunkat is. (\u2026) Sz\u00e1momra az a legfontosabb, hogy folyamatosan figyelj\u00fck \u00e9s fejlessz\u00fck magunkat. Az ut\u00f3bbi id\u0151szakban arra koncentr\u00e1ltam, hogy igazi szakmai k\u00f6z\u00f6ss\u00e9get \u00e9s munkav\u00e1llal\u00f3i \u00e9lm\u00e9nyt adjunk a csapattagjainknak.<\/em>\u201d<\/p>\n<p>\u00c9s mit\u0151l m\u0171k\u00f6dik j\u00f3l az IDBC C\u00e9gcsoport? Att\u00f3l \u2013 fogalmazott \u00c1gnes -, hogy csillog\u00f3 szem\u0171 emberek veszik k\u00f6r\u00fcl.<\/p>\n<p>Tekintettel a j\u00e1rv\u00e1nyhelyzet miatt kialakult nem mindennapi kr\u00edzisre, a zs\u0171ri az \u00e9rt\u00e9kel\u00e9s folyamat\u00e1ban \u00fagy d\u00f6nt\u00f6tt, hogy k\u00fcl\u00f6nd\u00edjat adom\u00e1nyoz annak a v\u00e1llalkoz\u00f3n\u0151nek, aki a gr\u00e9mium meg\u00edt\u00e9l\u00e9se szerint a leghat\u00e9konyabban, a legk\u00f6r\u00fcltekint\u0151bben \u00e9s legsokoldal\u00fabban kezelte a neh\u00e9z helyzetet.<\/p>\n<p><strong>A zs\u0171ri k\u00fcl\u00f6nd\u00edjasa<\/strong><\/p>\n<p><strong>F\u00c1BI\u00c1N N\u00d3RA<\/strong><br \/>\naz Optikal\u00e1sz Optika tulajdonos-\u00fcgyvezet\u0151je<\/p>\n<p>\u0150 \u00edgy vall a c\u00e9g erej\u00e9r\u0151l, amely a v\u00e1ls\u00e1gos id\u0151kben is seg\u00edtett:<\/p>\n<p>\u201e<em>Az Optikal\u00e1sz hajt\u00f3ereje\u00a0a csapatom. Minden munkat\u00e1rsam maxim\u00e1lis profizmussal \u00e1ll a munk\u00e1j\u00e1hoz, ugyanakkor nyitottan, kedvvel \u00e9s \u00f6r\u00f6mmel vizsg\u00e1lja meg, \u00e9s szolg\u00e1lja ki a v\u00e1s\u00e1rl\u00f3inkat. A min\u0151s\u00e9gben hisz\u00fcnk, \u00e9s a j\u00f3 kedvben:\u00a0aki hozz\u00e1nk bet\u00e9r, az mosolyogva \u00e9s el\u00e9gedetten t\u00e1vozik.<\/em>\u201d<\/p>\n<p>&nbsp;<\/p>\n<p><span style=\"font-size: 18px;\"><strong>Minden p\u00e1ly\u00e1z\u00f3nak k\u00f6sz\u00f6nj\u00fck a p\u00e1lyamunk\u00e1kat, tov\u00e1bbi sikereket k\u00edv\u00e1nunk!<\/strong><\/span><\/p>\n<p><strong><img decoding=\"async\" style=\"width: 600px; height: 400px;\" src=\"http:\/\/seed.hu\/files\/2020_sikeres_nok_dijatado.jpg\" alt=\"\" \/><\/strong><\/p>\n","protected":false},"featured_media":792,"menu_order":0,"template":"","meta":{"_acf_changed":false},"class_list":["post-1019","hirek","type-hirek","status-publish","has-post-thumbnail","hentry"],"acf":[],"yoast_head":"<!-- This site is optimized with the Yoast SEO plugin v27.4 - https:\/\/yoast.com\/product\/yoast-seo-wordpress\/ -->\n<title>Kider\u00fclt, hogy ki Magyarorsz\u00e1g legsikeresebb v\u00e1llalkoz\u00f3n\u0151je \u00e9s n\u0151i vezet\u0151je 2020-ban - Seed<\/title>\n<meta name=\"robots\" content=\"index, follow, max-snippet:-1, max-image-preview:large, max-video-preview:-1\" \/>\n<link rel=\"canonical\" href=\"https:\/\/seed.hu\/hirek\/kiderult-hogy-ki-magyarorszag-legsikeresebb-vallalkozonoje-es-noi-vezetoje-2020-ban\/\" \/>\n<meta property=\"og:locale\" content=\"en_US\" \/>\n<meta property=\"og:type\" content=\"article\" \/>\n<meta property=\"og:title\" content=\"Kider\u00fclt, hogy ki Magyarorsz\u00e1g legsikeresebb v\u00e1llalkoz\u00f3n\u0151je \u00e9s n\u0151i vezet\u0151je 2020-ban - Seed\" \/>\n<meta property=\"og:description\" content=\"\u00c1prilis v\u00e9g\u00e9n k\u00f6z\u00f6s p\u00e1ly\u00e1zatot \u00edrt ki a SEED Alap\u00edtv\u00e1ny \u00e9s a Sikeres N\u0151k Egyes\u00fclete (Professional Women\u2019s Association \u2013 PWA), amelyben 2020 legsikeresebb n\u0151i v\u00e1llalkoz\u00f3it \u00e9s n\u0151i vezet\u0151it kerest\u00e9k. A p\u00e1ly\u00e1zatra ebben a neh\u00e9z, v\u00e1ls\u00e1gos id\u0151szakban is nyolc rendk\u00edv\u00fcl sz\u00ednvonalas p\u00e1lyamunka \u00e9rkezett be. Az \u00fcnnep\u00e9lyes d\u00edj\u00e1tad\u00f3ra j\u00falius 9-\u00e9n, a SEED Alap\u00edtv\u00e1ny cs\u00fct\u00f6rt\u00f6k\u00f6nk\u00e9nt megrendezett Online V\u00e1llalkoz\u00f3i F\u00f3ruma [&hellip;]\" \/>\n<meta property=\"og:url\" content=\"https:\/\/seed.hu\/hirek\/kiderult-hogy-ki-magyarorszag-legsikeresebb-vallalkozonoje-es-noi-vezetoje-2020-ban\/\" \/>\n<meta property=\"og:site_name\" content=\"Seed\" \/>\n<meta property=\"article:modified_time\" content=\"2022-01-23T17:01:38+00:00\" \/>\n<meta property=\"og:image\" content=\"https:\/\/seed.hu\/wp-content\/uploads\/2018\/04\/SEED_logo.png\" \/>\n\t<meta property=\"og:image:width\" content=\"250\" \/>\n\t<meta property=\"og:image:height\" content=\"206\" \/>\n\t<meta property=\"og:image:type\" content=\"image\/png\" \/>\n<meta name=\"twitter:card\" content=\"summary_large_image\" \/>\n<meta name=\"twitter:label1\" content=\"Est. reading time\" \/>\n\t<meta name=\"twitter:data1\" content=\"6 minutes\" \/>\n<script type=\"application\/ld+json\" class=\"yoast-schema-graph\">{\"@context\":\"https:\\\/\\\/schema.org\",\"@graph\":[{\"@type\":\"WebPage\",\"@id\":\"https:\\\/\\\/seed.hu\\\/hirek\\\/kiderult-hogy-ki-magyarorszag-legsikeresebb-vallalkozonoje-es-noi-vezetoje-2020-ban\\\/\",\"url\":\"https:\\\/\\\/seed.hu\\\/hirek\\\/kiderult-hogy-ki-magyarorszag-legsikeresebb-vallalkozonoje-es-noi-vezetoje-2020-ban\\\/\",\"name\":\"Kider\u00fclt, hogy ki Magyarorsz\u00e1g legsikeresebb v\u00e1llalkoz\u00f3n\u0151je \u00e9s n\u0151i vezet\u0151je 2020-ban - Seed\",\"isPartOf\":{\"@id\":\"https:\\\/\\\/seed.hu\\\/#website\"},\"primaryImageOfPage\":{\"@id\":\"https:\\\/\\\/seed.hu\\\/hirek\\\/kiderult-hogy-ki-magyarorszag-legsikeresebb-vallalkozonoje-es-noi-vezetoje-2020-ban\\\/#primaryimage\"},\"image\":{\"@id\":\"https:\\\/\\\/seed.hu\\\/hirek\\\/kiderult-hogy-ki-magyarorszag-legsikeresebb-vallalkozonoje-es-noi-vezetoje-2020-ban\\\/#primaryimage\"},\"thumbnailUrl\":\"https:\\\/\\\/seed.hu\\\/wp-content\\\/uploads\\\/2018\\\/04\\\/SEED_logo.png\",\"datePublished\":\"2020-07-10T11:08:14+00:00\",\"dateModified\":\"2022-01-23T17:01:38+00:00\",\"breadcrumb\":{\"@id\":\"https:\\\/\\\/seed.hu\\\/hirek\\\/kiderult-hogy-ki-magyarorszag-legsikeresebb-vallalkozonoje-es-noi-vezetoje-2020-ban\\\/#breadcrumb\"},\"inLanguage\":\"en-US\",\"potentialAction\":[{\"@type\":\"ReadAction\",\"target\":[\"https:\\\/\\\/seed.hu\\\/hirek\\\/kiderult-hogy-ki-magyarorszag-legsikeresebb-vallalkozonoje-es-noi-vezetoje-2020-ban\\\/\"]}]},{\"@type\":\"ImageObject\",\"inLanguage\":\"en-US\",\"@id\":\"https:\\\/\\\/seed.hu\\\/hirek\\\/kiderult-hogy-ki-magyarorszag-legsikeresebb-vallalkozonoje-es-noi-vezetoje-2020-ban\\\/#primaryimage\",\"url\":\"https:\\\/\\\/seed.hu\\\/wp-content\\\/uploads\\\/2018\\\/04\\\/SEED_logo.png\",\"contentUrl\":\"https:\\\/\\\/seed.hu\\\/wp-content\\\/uploads\\\/2018\\\/04\\\/SEED_logo.png\",\"width\":250,\"height\":206},{\"@type\":\"BreadcrumbList\",\"@id\":\"https:\\\/\\\/seed.hu\\\/hirek\\\/kiderult-hogy-ki-magyarorszag-legsikeresebb-vallalkozonoje-es-noi-vezetoje-2020-ban\\\/#breadcrumb\",\"itemListElement\":[{\"@type\":\"ListItem\",\"position\":1,\"name\":\"H\u00edrek\",\"item\":\"https:\\\/\\\/seed.hu\\\/hirek\\\/\"},{\"@type\":\"ListItem\",\"position\":2,\"name\":\"Kider\u00fclt, hogy ki Magyarorsz\u00e1g legsikeresebb v\u00e1llalkoz\u00f3n\u0151je \u00e9s n\u0151i vezet\u0151je 2020-ban\"}]},{\"@type\":\"WebSite\",\"@id\":\"https:\\\/\\\/seed.hu\\\/#website\",\"url\":\"https:\\\/\\\/seed.hu\\\/\",\"name\":\"Seed\",\"description\":\"\",\"potentialAction\":[{\"@type\":\"SearchAction\",\"target\":{\"@type\":\"EntryPoint\",\"urlTemplate\":\"https:\\\/\\\/seed.hu\\\/?s={search_term_string}\"},\"query-input\":{\"@type\":\"PropertyValueSpecification\",\"valueRequired\":true,\"valueName\":\"search_term_string\"}}],\"inLanguage\":\"en-US\"}]}<\/script>\n<!-- \/ Yoast SEO plugin. -->","yoast_head_json":{"title":"Kider\u00fclt, hogy ki Magyarorsz\u00e1g legsikeresebb v\u00e1llalkoz\u00f3n\u0151je \u00e9s n\u0151i vezet\u0151je 2020-ban - Seed","robots":{"index":"index","follow":"follow","max-snippet":"max-snippet:-1","max-image-preview":"max-image-preview:large","max-video-preview":"max-video-preview:-1"},"canonical":"https:\/\/seed.hu\/hirek\/kiderult-hogy-ki-magyarorszag-legsikeresebb-vallalkozonoje-es-noi-vezetoje-2020-ban\/","og_locale":"en_US","og_type":"article","og_title":"Kider\u00fclt, hogy ki Magyarorsz\u00e1g legsikeresebb v\u00e1llalkoz\u00f3n\u0151je \u00e9s n\u0151i vezet\u0151je 2020-ban - Seed","og_description":"\u00c1prilis v\u00e9g\u00e9n k\u00f6z\u00f6s p\u00e1ly\u00e1zatot \u00edrt ki a SEED Alap\u00edtv\u00e1ny \u00e9s a Sikeres N\u0151k Egyes\u00fclete (Professional Women\u2019s Association \u2013 PWA), amelyben 2020 legsikeresebb n\u0151i v\u00e1llalkoz\u00f3it \u00e9s n\u0151i vezet\u0151it kerest\u00e9k. A p\u00e1ly\u00e1zatra ebben a neh\u00e9z, v\u00e1ls\u00e1gos id\u0151szakban is nyolc rendk\u00edv\u00fcl sz\u00ednvonalas p\u00e1lyamunka \u00e9rkezett be. Az \u00fcnnep\u00e9lyes d\u00edj\u00e1tad\u00f3ra j\u00falius 9-\u00e9n, a SEED Alap\u00edtv\u00e1ny cs\u00fct\u00f6rt\u00f6k\u00f6nk\u00e9nt megrendezett Online V\u00e1llalkoz\u00f3i F\u00f3ruma [&hellip;]","og_url":"https:\/\/seed.hu\/hirek\/kiderult-hogy-ki-magyarorszag-legsikeresebb-vallalkozonoje-es-noi-vezetoje-2020-ban\/","og_site_name":"Seed","article_modified_time":"2022-01-23T17:01:38+00:00","og_image":[{"width":250,"height":206,"url":"https:\/\/seed.hu\/wp-content\/uploads\/2018\/04\/SEED_logo.png","type":"image\/png"}],"twitter_card":"summary_large_image","twitter_misc":{"Est. reading time":"6 minutes"},"schema":{"@context":"https:\/\/schema.org","@graph":[{"@type":"WebPage","@id":"https:\/\/seed.hu\/hirek\/kiderult-hogy-ki-magyarorszag-legsikeresebb-vallalkozonoje-es-noi-vezetoje-2020-ban\/","url":"https:\/\/seed.hu\/hirek\/kiderult-hogy-ki-magyarorszag-legsikeresebb-vallalkozonoje-es-noi-vezetoje-2020-ban\/","name":"Kider\u00fclt, hogy ki Magyarorsz\u00e1g legsikeresebb v\u00e1llalkoz\u00f3n\u0151je \u00e9s n\u0151i vezet\u0151je 2020-ban - Seed","isPartOf":{"@id":"https:\/\/seed.hu\/#website"},"primaryImageOfPage":{"@id":"https:\/\/seed.hu\/hirek\/kiderult-hogy-ki-magyarorszag-legsikeresebb-vallalkozonoje-es-noi-vezetoje-2020-ban\/#primaryimage"},"image":{"@id":"https:\/\/seed.hu\/hirek\/kiderult-hogy-ki-magyarorszag-legsikeresebb-vallalkozonoje-es-noi-vezetoje-2020-ban\/#primaryimage"},"thumbnailUrl":"https:\/\/seed.hu\/wp-content\/uploads\/2018\/04\/SEED_logo.png","datePublished":"2020-07-10T11:08:14+00:00","dateModified":"2022-01-23T17:01:38+00:00","breadcrumb":{"@id":"https:\/\/seed.hu\/hirek\/kiderult-hogy-ki-magyarorszag-legsikeresebb-vallalkozonoje-es-noi-vezetoje-2020-ban\/#breadcrumb"},"inLanguage":"en-US","potentialAction":[{"@type":"ReadAction","target":["https:\/\/seed.hu\/hirek\/kiderult-hogy-ki-magyarorszag-legsikeresebb-vallalkozonoje-es-noi-vezetoje-2020-ban\/"]}]},{"@type":"ImageObject","inLanguage":"en-US","@id":"https:\/\/seed.hu\/hirek\/kiderult-hogy-ki-magyarorszag-legsikeresebb-vallalkozonoje-es-noi-vezetoje-2020-ban\/#primaryimage","url":"https:\/\/seed.hu\/wp-content\/uploads\/2018\/04\/SEED_logo.png","contentUrl":"https:\/\/seed.hu\/wp-content\/uploads\/2018\/04\/SEED_logo.png","width":250,"height":206},{"@type":"BreadcrumbList","@id":"https:\/\/seed.hu\/hirek\/kiderult-hogy-ki-magyarorszag-legsikeresebb-vallalkozonoje-es-noi-vezetoje-2020-ban\/#breadcrumb","itemListElement":[{"@type":"ListItem","position":1,"name":"H\u00edrek","item":"https:\/\/seed.hu\/hirek\/"},{"@type":"ListItem","position":2,"name":"Kider\u00fclt, hogy ki Magyarorsz\u00e1g legsikeresebb v\u00e1llalkoz\u00f3n\u0151je \u00e9s n\u0151i vezet\u0151je 2020-ban"}]},{"@type":"WebSite","@id":"https:\/\/seed.hu\/#website","url":"https:\/\/seed.hu\/","name":"Seed","description":"","potentialAction":[{"@type":"SearchAction","target":{"@type":"EntryPoint","urlTemplate":"https:\/\/seed.hu\/?s={search_term_string}"},"query-input":{"@type":"PropertyValueSpecification","valueRequired":true,"valueName":"search_term_string"}}],"inLanguage":"en-US"}]}},"_links":{"self":[{"href":"https:\/\/seed.hu\/en\/wp-json\/wp\/v2\/hirek\/1019","targetHints":{"allow":["GET"]}}],"collection":[{"href":"https:\/\/seed.hu\/en\/wp-json\/wp\/v2\/hirek"}],"about":[{"href":"https:\/\/seed.hu\/en\/wp-json\/wp\/v2\/types\/hirek"}],"wp:featuredmedia":[{"embeddable":true,"href":"https:\/\/seed.hu\/en\/wp-json\/wp\/v2\/media\/792"}],"wp:attachment":[{"href":"https:\/\/seed.hu\/en\/wp-json\/wp\/v2\/media?parent=1019"}],"curies":[{"name":"wp","href":"https:\/\/api.w.org\/{rel}","templated":true}]}}