{"id":1023,"date":"2020-07-12T18:18:21","date_gmt":"2020-07-12T16:18:21","guid":{"rendered":"https:\/\/seed.hu\/?post_type=hirek&#038;p=1023"},"modified":"2022-01-23T18:06:58","modified_gmt":"2022-01-23T17:06:58","slug":"neha-meg-kell-allni-le-kell-ulni-es-korul-kell-nezni","status":"publish","type":"hirek","link":"https:\/\/seed.hu\/en\/hirek\/neha-meg-kell-allni-le-kell-ulni-es-korul-kell-nezni\/","title":{"rendered":"N\u00e9ha meg kell \u00e1llni, le kell \u00fclni \u00e9s k\u00f6r\u00fcl kell n\u00e9zni"},"content":{"rendered":"<p><strong>Izgalmas, informat\u00edv \u00e9s inspirat\u00edv besz\u00e9lget\u00e9ssel z\u00e1rult j\u00falius 9-\u00e9n a SEED Alap\u00edtv\u00e1ny \u00e1prilis v\u00e9g\u00e9n indult Online V\u00e1llalkoz\u00f3i F\u00f3ruma, amely a szervezet egyik v\u00e1lasza volt a j\u00e1rv\u00e1nyhelyzet miatt el\u0151\u00e1llt kommunik\u00e1ci\u00f3s neh\u00e9zs\u00e9gekre, s amely ez\u00fattal online \u00e9s offline \u201em\u00f3dban\u201d is megtekinthet\u0151 volt. Az offline rendezv\u00e9nynek, amely egyben a SEED Alap\u00edtv\u00e1ny \u00e9s a PWA &#8211; Sikeres N\u0151k Egyes\u00fclete \u00e1ltal ki\u00edrt Van egy t\u00f6rt\u00e9neted? p\u00e1ly\u00e1zat \u00fcnnep\u00e9lyes d\u00edj\u00e1tad\u00f3 rendezv\u00e9nyek\u00e9nt is szolg\u00e1lt (err\u0151l l\u00e1sd k\u00fcl\u00f6n h\u00edr\u00fcnket), a Bring\u00f3hint\u00f3 Kft. adott otthont a Margitszigeten. A besz\u00e9lget\u00e9sben Katona Melinda, a Sikeres N\u0151k Egyes\u00fclet\u00e9nek eln\u00f6ke k\u00e9rdezte Nagy Ann\u00e1t, az Egysz\u00fcl\u0151s K\u00f6zpont alap\u00edt\u00f3j\u00e1t \u00e9s vezet\u0151j\u00e9t, \u00e9s egyben a 2019-es \u00e9v legsikeresebb n\u0151i v\u00e1llalkoz\u00f3j\u00e1t arr\u00f3l, hogy milyen v\u00e1llalkoz\u00f3i k\u00e9szs\u00e9gek, kompetenci\u00e1k vihetnek sikerre egy v\u00e1llalkoz\u00e1st.<\/strong><\/p>\n<p>A k\u00e9t \u00e9vvel ezel\u0151tt l\u00e9trej\u00f6tt Egysz\u00fcl\u0151s K\u00f6zpont egy t\u00e1rsadalmi v\u00e1llalkoz\u00e1s, amely a befoly\u00f3 bev\u00e9teleit egysz\u00fcl\u0151s csal\u00e1dok t\u00e1mogat\u00e1s\u00e1ra ford\u00edtja \u2013 kezdte a bemutatkoz\u00e1st Nagy Anna. Magyarorsz\u00e1gon k\u00f6r\u00fclbel\u00fcl 300\u00a0000 ilyen csal\u00e1d van, amelyek f\u00e9lmilli\u00f3 gyermeket nevelnek. A csal\u00e1dok mintegy 50%-a szeg\u00e9nys\u00e9gben vagy m\u00e9lyszeg\u00e9nys\u00e9gben \u00e9l, \u00fagyhogy nagy sz\u00fcks\u00e9g\u00fck van a t\u00e1mogat\u00e1sra.<\/p>\n<p>Milyen kompetenci\u00e1k seg\u00edtett\u00e9k, hogy l\u00e9trehozza ezt a szervezetet? \u2013 tette fel a k\u00e9rd\u00e9st Katona Melinda.<\/p>\n<p>Anna 15 \u00e9vvel ezel\u0151tt alap\u00edtotta az Egyed\u00fcl\u00e1ll\u00f3 Sz\u00fcl\u0151k Klubja Alap\u00edtv\u00e1nyt az egysz\u00fcl\u0151s csal\u00e1dok megseg\u00edt\u00e9s\u00e9re, \u00e9s 13 \u00e9vig k\u00fczd\u00f6tt az\u00e9rt, hogy l\u00e9trej\u00f6jj\u00f6n a k\u00f6zpont. \u00cdgy nem csoda, ha a megsz\u00e1llotts\u00e1got, az \u00fcgybe vetett megingathatatlan hitet jel\u00f6lte meg olyan t\u00e9nyez\u0151k\u00e9nt, amely a siker egyik legfontosabb z\u00e1loga. Az elm\u00falt 15 \u00e9v alatt pedig legink\u00e1bb azt tanulta meg, hogy ha voltak is elakad\u00e1sok, sz\u00edv\u00f3ss\u00e1ggal, makacss\u00e1ggal, elsz\u00e1nts\u00e1ggal siker\u00fclt t\u00fallend\u00fclnie rajtuk. \u00c9s ha egyszer elhat\u00e1rozott valamit, akkor a szerencse is megjelent el\u0151bb-ut\u00f3bb.<\/p>\n<p>Maga a k\u00f6zpont egy\u00e9bk\u00e9nt \u00e1llami t\u00e1mogat\u00e1sb\u00f3l j\u00f6tt l\u00e9tre, de a fenntart\u00e1sa m\u00e1r nem az \u00e1llam, hanem az ott dolgoz\u00f3k feladata. \u00c9ppen ez\u00e9rt, hi\u00e1ba t\u00e1rsadalmi v\u00e1llalkoz\u00e1s, ugyan\u00fagy kell m\u0171k\u00f6dtetni, mint b\u00e1rmely m\u00e1s c\u00e9get: bev\u00e9teleket kell gener\u00e1lni \u00e9s okosan kell gazd\u00e1lkodni a k\u00f6lts\u00e9gekkel. Ennek megfelel\u0151en p\u00e9ld\u00e1ul a k\u00f6zpont \u00dcll\u0151i \u00fati ingatlan\u00e1t nemcsak haszn\u00e1lj\u00e1k, hanem igyekeznek azt sokoldal\u00faan hasznos\u00edtani is: ez\u00e9rt m\u0171k\u00f6dik az \u00e9p\u00fcletben k\u00e1v\u00e9z\u00f3, ez\u00e9rt adj\u00e1k b\u00e9rbe k\u00fcl\u00f6nb\u00f6z\u0151 rendezv\u00e9nyekhez, \u00e9s ez\u00e9rt m\u0171k\u00f6dtetnek benne \u201ek\u00fcls\u0151s\u00f6k\u201d sz\u00e1m\u00e1ra is hozz\u00e1f\u00e9rhet\u0151 j\u00e1tsz\u00f3h\u00e1zat.<\/p>\n<p>Term\u00e9szetesen ahhoz, hogy el tudjon jutni a megfelel\u0151 emberekhez, kiterjedt networkre van sz\u00fcks\u00e9g \u2013 hangs\u00falyozta az Egysz\u00fcl\u0151s K\u00f6zpont vezet\u0151je -, ami nagy \u00e9rt\u00e9k, \u00e9s amivel \u0151 egy\u00e9bk\u00e9nt rendelkezik is.<\/p>\n<p>Ezen a ponton jegyezte meg Katona Melinda, hogy az \u00e1ltala vezetett Borealis Consulting Kft. n\u0151i v\u00e1llalkoz\u00f3kra vonatkoz\u00f3 felm\u00e9r\u00e9se szerint, a h\u00f6lgyeket magas intelligencia, az alacsonyabb kock\u00e1zatvisel\u00e9si hajland\u00f3s\u00e1gb\u00f3l fakad\u00f3an v\u00e1ls\u00e1g\u00e1ll\u00f3bb v\u00e1llalkoz\u00e1s, \u00e9s a bevon\u00f3 t\u00edpus\u00fa vezet\u00e9s el\u0151t\u00e9rbe helyez\u00e9se jellemzi. Ugyanakkor csek\u00e9ly az \u00f6nbizalmuk, amikor le kell \u00fclni a t\u00e1rgyal\u00f3asztalhoz, \u00e9s az \u00fczleti kapcsolatrendszer\u00fck sem igaz\u00e1n kiterjedt.<\/p>\n<p>Miut\u00e1n d\u00edj\u00e1tad\u00f3 g\u00e1l\u00e1n is voltunk, \u00f3hatatlanul sz\u00f3ba ker\u00fclt a 2019-ben elnyert elismer\u00e9s. Anna kiemelte, hogy PR \u00e9s kapcsolat\u00e9p\u00edt\u00e9s szempontj\u00e1b\u00f3l is hasznos volt a p\u00e1ly\u00e1zat. Majd hozz\u00e1tette: \u201eNagyon j\u00f3 volt a jelentkez\u00e9s folyamata, hiszen \u00f6ssze kellett szedni magam, kicsit k\u00edv\u00fclr\u0151l kellett r\u00e1n\u00e9znem \u00f6nmagamra, a v\u00e1llalkoz\u00e1sra. Meg\u00e1llni, le\u00fclni, k\u00f6r\u00fcln\u00e9zni \u2013 ezt az\u00f3ta is rendszeresen gyakoroljuk a csapattal.\u201d<\/p>\n<p>Ezzel az \u00e9vadz\u00e1r\u00f3 esem\u00e9nnyel b\u00facs\u00faztunk a rendk\u00edv\u00fcli kih\u00edv\u00e1sokkal b\u0151velked\u0151 2020. els\u0151 f\u00e9l\u00e9v\u00e9t\u0151l. A f\u00f3rumok sor\u00e1n nemcsak tud\u00e1shoz, inform\u00e1ci\u00f3hoz juthattak a r\u00e9sztvev\u0151k a besz\u00e9lget\u0151t\u00e1rsakt\u00f3l, hanem v\u00e1llalkoz\u00f3i esettanulm\u00e1nyok is seg\u00edtettek, hogy azokat a saj\u00e1t v\u00e1llalkoz\u00e1sukra tudj\u00e1k form\u00e1lni.<\/p>\n<p>A teljes besz\u00e9lget\u00e9s felv\u00e9tele megtekinthet\u0151 \u00e9s hallgathat\u00f3 a SEED Alap\u00edtv\u00e1ny honlapj\u00e1n.<\/p>\n<p style=\"text-align: left;\"><iframe loading=\"lazy\" src=\"https:\/\/www.youtube.com\/embed\/LYCQVF8dSkc\" width=\"500\" height=\"300\" frameborder=\"0\" scrolling=\"no\" allowfullscreen=\"allowfullscreen\"><\/iframe><\/p>\n<p><strong>\u0150sszel ism\u00e9t folytatjuk a f\u00f3rumsorozatot, addig is j\u00f3 pihen\u00e9st, felt\u00f6lt\u0151d\u00e9st k\u00edv\u00e1nunk minden kedves Olvas\u00f3nknak a ny\u00e1ri id\u0151szakra, vigy\u00e1zzanak a maguk \u00e9s m\u00e1sok eg\u00e9szs\u00e9g\u00e9re.<\/strong><\/p>\n<p><img decoding=\"async\" style=\"width: 400px; height: 266px;\" src=\"http:\/\/seed.hu\/files\/attachments\/inline\/dsc01631.jpg\" alt=\"\" \/><img decoding=\"async\" style=\"height: 266px; width: 400px;\" src=\"http:\/\/seed.hu\/files\/attachments\/inline\/dsc01643.jpg\" alt=\"\" \/><\/p>\n","protected":false},"featured_media":792,"menu_order":0,"template":"","meta":{"_acf_changed":false},"class_list":["post-1023","hirek","type-hirek","status-publish","has-post-thumbnail","hentry"],"acf":[],"yoast_head":"<!-- This site is optimized with the Yoast SEO plugin v27.4 - https:\/\/yoast.com\/product\/yoast-seo-wordpress\/ -->\n<title>N\u00e9ha meg kell \u00e1llni, le kell \u00fclni \u00e9s k\u00f6r\u00fcl kell n\u00e9zni - Seed<\/title>\n<meta name=\"robots\" content=\"index, follow, max-snippet:-1, max-image-preview:large, max-video-preview:-1\" \/>\n<link rel=\"canonical\" href=\"https:\/\/seed.hu\/hirek\/neha-meg-kell-allni-le-kell-ulni-es-korul-kell-nezni\/\" \/>\n<meta property=\"og:locale\" content=\"en_US\" \/>\n<meta property=\"og:type\" content=\"article\" \/>\n<meta property=\"og:title\" content=\"N\u00e9ha meg kell \u00e1llni, le kell \u00fclni \u00e9s k\u00f6r\u00fcl kell n\u00e9zni - Seed\" \/>\n<meta property=\"og:description\" content=\"Izgalmas, informat\u00edv \u00e9s inspirat\u00edv besz\u00e9lget\u00e9ssel z\u00e1rult j\u00falius 9-\u00e9n a SEED Alap\u00edtv\u00e1ny \u00e1prilis v\u00e9g\u00e9n indult Online V\u00e1llalkoz\u00f3i F\u00f3ruma, amely a szervezet egyik v\u00e1lasza volt a j\u00e1rv\u00e1nyhelyzet miatt el\u0151\u00e1llt kommunik\u00e1ci\u00f3s neh\u00e9zs\u00e9gekre, s amely ez\u00fattal online \u00e9s offline \u201em\u00f3dban\u201d is megtekinthet\u0151 volt. Az offline rendezv\u00e9nynek, amely egyben a SEED Alap\u00edtv\u00e1ny \u00e9s a PWA &#8211; Sikeres N\u0151k Egyes\u00fclete \u00e1ltal [&hellip;]\" \/>\n<meta property=\"og:url\" content=\"https:\/\/seed.hu\/hirek\/neha-meg-kell-allni-le-kell-ulni-es-korul-kell-nezni\/\" \/>\n<meta property=\"og:site_name\" content=\"Seed\" \/>\n<meta property=\"article:modified_time\" content=\"2022-01-23T17:06:58+00:00\" \/>\n<meta property=\"og:image\" content=\"https:\/\/seed.hu\/wp-content\/uploads\/2018\/04\/SEED_logo.png\" \/>\n\t<meta property=\"og:image:width\" content=\"250\" \/>\n\t<meta property=\"og:image:height\" content=\"206\" \/>\n\t<meta property=\"og:image:type\" content=\"image\/png\" \/>\n<meta name=\"twitter:card\" content=\"summary_large_image\" \/>\n<meta name=\"twitter:label1\" content=\"Est. reading time\" \/>\n\t<meta name=\"twitter:data1\" content=\"4 minutes\" \/>\n<script type=\"application\/ld+json\" class=\"yoast-schema-graph\">{\"@context\":\"https:\\\/\\\/schema.org\",\"@graph\":[{\"@type\":\"WebPage\",\"@id\":\"https:\\\/\\\/seed.hu\\\/hirek\\\/neha-meg-kell-allni-le-kell-ulni-es-korul-kell-nezni\\\/\",\"url\":\"https:\\\/\\\/seed.hu\\\/hirek\\\/neha-meg-kell-allni-le-kell-ulni-es-korul-kell-nezni\\\/\",\"name\":\"N\u00e9ha meg kell \u00e1llni, le kell \u00fclni \u00e9s k\u00f6r\u00fcl kell n\u00e9zni - Seed\",\"isPartOf\":{\"@id\":\"https:\\\/\\\/seed.hu\\\/#website\"},\"primaryImageOfPage\":{\"@id\":\"https:\\\/\\\/seed.hu\\\/hirek\\\/neha-meg-kell-allni-le-kell-ulni-es-korul-kell-nezni\\\/#primaryimage\"},\"image\":{\"@id\":\"https:\\\/\\\/seed.hu\\\/hirek\\\/neha-meg-kell-allni-le-kell-ulni-es-korul-kell-nezni\\\/#primaryimage\"},\"thumbnailUrl\":\"https:\\\/\\\/seed.hu\\\/wp-content\\\/uploads\\\/2018\\\/04\\\/SEED_logo.png\",\"datePublished\":\"2020-07-12T16:18:21+00:00\",\"dateModified\":\"2022-01-23T17:06:58+00:00\",\"breadcrumb\":{\"@id\":\"https:\\\/\\\/seed.hu\\\/hirek\\\/neha-meg-kell-allni-le-kell-ulni-es-korul-kell-nezni\\\/#breadcrumb\"},\"inLanguage\":\"en-US\",\"potentialAction\":[{\"@type\":\"ReadAction\",\"target\":[\"https:\\\/\\\/seed.hu\\\/hirek\\\/neha-meg-kell-allni-le-kell-ulni-es-korul-kell-nezni\\\/\"]}]},{\"@type\":\"ImageObject\",\"inLanguage\":\"en-US\",\"@id\":\"https:\\\/\\\/seed.hu\\\/hirek\\\/neha-meg-kell-allni-le-kell-ulni-es-korul-kell-nezni\\\/#primaryimage\",\"url\":\"https:\\\/\\\/seed.hu\\\/wp-content\\\/uploads\\\/2018\\\/04\\\/SEED_logo.png\",\"contentUrl\":\"https:\\\/\\\/seed.hu\\\/wp-content\\\/uploads\\\/2018\\\/04\\\/SEED_logo.png\",\"width\":250,\"height\":206},{\"@type\":\"BreadcrumbList\",\"@id\":\"https:\\\/\\\/seed.hu\\\/hirek\\\/neha-meg-kell-allni-le-kell-ulni-es-korul-kell-nezni\\\/#breadcrumb\",\"itemListElement\":[{\"@type\":\"ListItem\",\"position\":1,\"name\":\"H\u00edrek\",\"item\":\"https:\\\/\\\/seed.hu\\\/hirek\\\/\"},{\"@type\":\"ListItem\",\"position\":2,\"name\":\"N\u00e9ha meg kell \u00e1llni, le kell \u00fclni \u00e9s k\u00f6r\u00fcl kell n\u00e9zni\"}]},{\"@type\":\"WebSite\",\"@id\":\"https:\\\/\\\/seed.hu\\\/#website\",\"url\":\"https:\\\/\\\/seed.hu\\\/\",\"name\":\"Seed\",\"description\":\"\",\"potentialAction\":[{\"@type\":\"SearchAction\",\"target\":{\"@type\":\"EntryPoint\",\"urlTemplate\":\"https:\\\/\\\/seed.hu\\\/?s={search_term_string}\"},\"query-input\":{\"@type\":\"PropertyValueSpecification\",\"valueRequired\":true,\"valueName\":\"search_term_string\"}}],\"inLanguage\":\"en-US\"}]}<\/script>\n<!-- \/ Yoast SEO plugin. -->","yoast_head_json":{"title":"N\u00e9ha meg kell \u00e1llni, le kell \u00fclni \u00e9s k\u00f6r\u00fcl kell n\u00e9zni - Seed","robots":{"index":"index","follow":"follow","max-snippet":"max-snippet:-1","max-image-preview":"max-image-preview:large","max-video-preview":"max-video-preview:-1"},"canonical":"https:\/\/seed.hu\/hirek\/neha-meg-kell-allni-le-kell-ulni-es-korul-kell-nezni\/","og_locale":"en_US","og_type":"article","og_title":"N\u00e9ha meg kell \u00e1llni, le kell \u00fclni \u00e9s k\u00f6r\u00fcl kell n\u00e9zni - Seed","og_description":"Izgalmas, informat\u00edv \u00e9s inspirat\u00edv besz\u00e9lget\u00e9ssel z\u00e1rult j\u00falius 9-\u00e9n a SEED Alap\u00edtv\u00e1ny \u00e1prilis v\u00e9g\u00e9n indult Online V\u00e1llalkoz\u00f3i F\u00f3ruma, amely a szervezet egyik v\u00e1lasza volt a j\u00e1rv\u00e1nyhelyzet miatt el\u0151\u00e1llt kommunik\u00e1ci\u00f3s neh\u00e9zs\u00e9gekre, s amely ez\u00fattal online \u00e9s offline \u201em\u00f3dban\u201d is megtekinthet\u0151 volt. Az offline rendezv\u00e9nynek, amely egyben a SEED Alap\u00edtv\u00e1ny \u00e9s a PWA &#8211; Sikeres N\u0151k Egyes\u00fclete \u00e1ltal [&hellip;]","og_url":"https:\/\/seed.hu\/hirek\/neha-meg-kell-allni-le-kell-ulni-es-korul-kell-nezni\/","og_site_name":"Seed","article_modified_time":"2022-01-23T17:06:58+00:00","og_image":[{"width":250,"height":206,"url":"https:\/\/seed.hu\/wp-content\/uploads\/2018\/04\/SEED_logo.png","type":"image\/png"}],"twitter_card":"summary_large_image","twitter_misc":{"Est. reading time":"4 minutes"},"schema":{"@context":"https:\/\/schema.org","@graph":[{"@type":"WebPage","@id":"https:\/\/seed.hu\/hirek\/neha-meg-kell-allni-le-kell-ulni-es-korul-kell-nezni\/","url":"https:\/\/seed.hu\/hirek\/neha-meg-kell-allni-le-kell-ulni-es-korul-kell-nezni\/","name":"N\u00e9ha meg kell \u00e1llni, le kell \u00fclni \u00e9s k\u00f6r\u00fcl kell n\u00e9zni - Seed","isPartOf":{"@id":"https:\/\/seed.hu\/#website"},"primaryImageOfPage":{"@id":"https:\/\/seed.hu\/hirek\/neha-meg-kell-allni-le-kell-ulni-es-korul-kell-nezni\/#primaryimage"},"image":{"@id":"https:\/\/seed.hu\/hirek\/neha-meg-kell-allni-le-kell-ulni-es-korul-kell-nezni\/#primaryimage"},"thumbnailUrl":"https:\/\/seed.hu\/wp-content\/uploads\/2018\/04\/SEED_logo.png","datePublished":"2020-07-12T16:18:21+00:00","dateModified":"2022-01-23T17:06:58+00:00","breadcrumb":{"@id":"https:\/\/seed.hu\/hirek\/neha-meg-kell-allni-le-kell-ulni-es-korul-kell-nezni\/#breadcrumb"},"inLanguage":"en-US","potentialAction":[{"@type":"ReadAction","target":["https:\/\/seed.hu\/hirek\/neha-meg-kell-allni-le-kell-ulni-es-korul-kell-nezni\/"]}]},{"@type":"ImageObject","inLanguage":"en-US","@id":"https:\/\/seed.hu\/hirek\/neha-meg-kell-allni-le-kell-ulni-es-korul-kell-nezni\/#primaryimage","url":"https:\/\/seed.hu\/wp-content\/uploads\/2018\/04\/SEED_logo.png","contentUrl":"https:\/\/seed.hu\/wp-content\/uploads\/2018\/04\/SEED_logo.png","width":250,"height":206},{"@type":"BreadcrumbList","@id":"https:\/\/seed.hu\/hirek\/neha-meg-kell-allni-le-kell-ulni-es-korul-kell-nezni\/#breadcrumb","itemListElement":[{"@type":"ListItem","position":1,"name":"H\u00edrek","item":"https:\/\/seed.hu\/hirek\/"},{"@type":"ListItem","position":2,"name":"N\u00e9ha meg kell \u00e1llni, le kell \u00fclni \u00e9s k\u00f6r\u00fcl kell n\u00e9zni"}]},{"@type":"WebSite","@id":"https:\/\/seed.hu\/#website","url":"https:\/\/seed.hu\/","name":"Seed","description":"","potentialAction":[{"@type":"SearchAction","target":{"@type":"EntryPoint","urlTemplate":"https:\/\/seed.hu\/?s={search_term_string}"},"query-input":{"@type":"PropertyValueSpecification","valueRequired":true,"valueName":"search_term_string"}}],"inLanguage":"en-US"}]}},"_links":{"self":[{"href":"https:\/\/seed.hu\/en\/wp-json\/wp\/v2\/hirek\/1023","targetHints":{"allow":["GET"]}}],"collection":[{"href":"https:\/\/seed.hu\/en\/wp-json\/wp\/v2\/hirek"}],"about":[{"href":"https:\/\/seed.hu\/en\/wp-json\/wp\/v2\/types\/hirek"}],"wp:featuredmedia":[{"embeddable":true,"href":"https:\/\/seed.hu\/en\/wp-json\/wp\/v2\/media\/792"}],"wp:attachment":[{"href":"https:\/\/seed.hu\/en\/wp-json\/wp\/v2\/media?parent=1023"}],"curies":[{"name":"wp","href":"https:\/\/api.w.org\/{rel}","templated":true}]}}