{"id":1024,"date":"2020-07-12T18:32:03","date_gmt":"2020-07-12T16:32:03","guid":{"rendered":"https:\/\/seed.hu\/?post_type=hirek&#038;p=1024"},"modified":"2022-01-23T18:08:20","modified_gmt":"2022-01-23T17:08:20","slug":"kiderult-hogy-ki-magyarorszag-legsikeresebb-vallalkozonoje-es-noi-vezetoje-2020-ban-2","status":"publish","type":"hirek","link":"https:\/\/seed.hu\/en\/hirek\/kiderult-hogy-ki-magyarorszag-legsikeresebb-vallalkozonoje-es-noi-vezetoje-2020-ban-2\/","title":{"rendered":"Kider\u00fclt, hogy ki Magyarorsz\u00e1g legsikeresebb v\u00e1llalkoz\u00f3n\u0151je \u00e9s n\u0151i vezet\u0151je 2020-ban"},"content":{"rendered":"<p><a href=\"https:\/\/seed.hu\/szavazz-2021-leginspiralobb-noi-sikertortenetere\/noi_siker_2021_2\/\" rel=\"attachment wp-att-740\"><img loading=\"lazy\" decoding=\"async\" class=\"alignnone wp-image-740 size-full\" src=\"https:\/\/seed.hu\/wp-content\/uploads\/2021\/02\/Noi_siker_2021_2.png\" alt=\"\" width=\"335\" height=\"79\" srcset=\"https:\/\/seed.hu\/wp-content\/uploads\/2021\/02\/Noi_siker_2021_2.png 335w, https:\/\/seed.hu\/wp-content\/uploads\/2021\/02\/Noi_siker_2021_2-300x71.png 300w\" sizes=\"auto, (max-width: 335px) 100vw, 335px\" \/><\/a><\/p>\n<p><strong>\u00c1prilis v\u00e9g\u00e9n k\u00f6z\u00f6s p\u00e1ly\u00e1zatot \u00edrt ki a SEED Alap\u00edtv\u00e1ny \u00e9s a Sikeres N\u0151k Egyes\u00fclete (Professional Women\u2019s Association \u2013 PWA), amelyben 2020 legsikeresebb n\u0151i v\u00e1llalkoz\u00f3it \u00e9s n\u0151i vezet\u0151it kerest\u00e9k. A p\u00e1ly\u00e1zatra ebben a neh\u00e9z, v\u00e1ls\u00e1gos id\u0151szakban is nyolc rendk\u00edv\u00fcl sz\u00ednvonalas p\u00e1lyamunka \u00e9rkezett be. Az \u00fcnnep\u00e9lyes d\u00edj\u00e1tad\u00f3ra j\u00falius 9-\u00e9n,\u00a0a\u00a0SEED Alap\u00edtv\u00e1ny\u00a0cs\u00fct\u00f6rt\u00f6k\u00f6nk\u00e9nt megrendezett Online V\u00e1llalkoz\u00f3i F\u00f3ruma \u00e9vadz\u00e1r\u00f3 besz\u00e9lget\u00e9s\u00e9nek keret\u00e9ben ker\u00fclt sor a Margitszigeten, a Bring\u00f3hint\u00f3 Kft. helysz\u00edn\u00e9n.<\/strong><\/p>\n<p><strong><a href=\"http:\/\/seed.hu\/hirek\/neha-meg-kell-allni-le-kell-ulni-es-korul-kell-nezni\" target=\"_blank\" rel=\"noopener\">B\u0151vebben itt olvashat err\u0151l.<\/a><\/strong><\/p>\n<p><img decoding=\"async\" style=\"width: 600px; height: 398px;\" src=\"http:\/\/seed.hu\/files\/attachments\/inline\/2020-sikeres-nok-dijatado.png\" alt=\"\" \/><\/p>\n","protected":false},"featured_media":792,"menu_order":0,"template":"","meta":{"_acf_changed":false},"class_list":["post-1024","hirek","type-hirek","status-publish","has-post-thumbnail","hentry"],"acf":[],"yoast_head":"<!-- This site is optimized with the Yoast SEO plugin v27.4 - https:\/\/yoast.com\/product\/yoast-seo-wordpress\/ -->\n<title>Kider\u00fclt, hogy ki Magyarorsz\u00e1g legsikeresebb v\u00e1llalkoz\u00f3n\u0151je \u00e9s n\u0151i vezet\u0151je 2020-ban - Seed<\/title>\n<meta name=\"robots\" content=\"index, follow, max-snippet:-1, max-image-preview:large, max-video-preview:-1\" \/>\n<link rel=\"canonical\" href=\"https:\/\/seed.hu\/hirek\/kiderult-hogy-ki-magyarorszag-legsikeresebb-vallalkozonoje-es-noi-vezetoje-2020-ban-2\/\" \/>\n<meta property=\"og:locale\" content=\"en_US\" \/>\n<meta property=\"og:type\" content=\"article\" \/>\n<meta property=\"og:title\" content=\"Kider\u00fclt, hogy ki Magyarorsz\u00e1g legsikeresebb v\u00e1llalkoz\u00f3n\u0151je \u00e9s n\u0151i vezet\u0151je 2020-ban - Seed\" \/>\n<meta property=\"og:description\" content=\"\u00c1prilis v\u00e9g\u00e9n k\u00f6z\u00f6s p\u00e1ly\u00e1zatot \u00edrt ki a SEED Alap\u00edtv\u00e1ny \u00e9s a Sikeres N\u0151k Egyes\u00fclete (Professional Women\u2019s Association \u2013 PWA), amelyben 2020 legsikeresebb n\u0151i v\u00e1llalkoz\u00f3it \u00e9s n\u0151i vezet\u0151it kerest\u00e9k. A p\u00e1ly\u00e1zatra ebben a neh\u00e9z, v\u00e1ls\u00e1gos id\u0151szakban is nyolc rendk\u00edv\u00fcl sz\u00ednvonalas p\u00e1lyamunka \u00e9rkezett be. Az \u00fcnnep\u00e9lyes d\u00edj\u00e1tad\u00f3ra j\u00falius 9-\u00e9n,\u00a0a\u00a0SEED Alap\u00edtv\u00e1ny\u00a0cs\u00fct\u00f6rt\u00f6k\u00f6nk\u00e9nt megrendezett Online V\u00e1llalkoz\u00f3i F\u00f3ruma \u00e9vadz\u00e1r\u00f3 besz\u00e9lget\u00e9s\u00e9nek keret\u00e9ben [&hellip;]\" \/>\n<meta property=\"og:url\" content=\"https:\/\/seed.hu\/hirek\/kiderult-hogy-ki-magyarorszag-legsikeresebb-vallalkozonoje-es-noi-vezetoje-2020-ban-2\/\" \/>\n<meta property=\"og:site_name\" content=\"Seed\" \/>\n<meta property=\"article:modified_time\" content=\"2022-01-23T17:08:20+00:00\" \/>\n<meta property=\"og:image\" content=\"https:\/\/seed.hu\/wp-content\/uploads\/2018\/04\/SEED_logo.png\" \/>\n\t<meta property=\"og:image:width\" content=\"250\" \/>\n\t<meta property=\"og:image:height\" content=\"206\" \/>\n\t<meta property=\"og:image:type\" content=\"image\/png\" \/>\n<meta name=\"twitter:card\" content=\"summary_large_image\" \/>\n<meta name=\"twitter:label1\" content=\"Est. reading time\" \/>\n\t<meta name=\"twitter:data1\" content=\"1 minute\" \/>\n<script type=\"application\/ld+json\" class=\"yoast-schema-graph\">{\"@context\":\"https:\\\/\\\/schema.org\",\"@graph\":[{\"@type\":\"WebPage\",\"@id\":\"https:\\\/\\\/seed.hu\\\/hirek\\\/kiderult-hogy-ki-magyarorszag-legsikeresebb-vallalkozonoje-es-noi-vezetoje-2020-ban-2\\\/\",\"url\":\"https:\\\/\\\/seed.hu\\\/hirek\\\/kiderult-hogy-ki-magyarorszag-legsikeresebb-vallalkozonoje-es-noi-vezetoje-2020-ban-2\\\/\",\"name\":\"Kider\u00fclt, hogy ki Magyarorsz\u00e1g legsikeresebb v\u00e1llalkoz\u00f3n\u0151je \u00e9s n\u0151i vezet\u0151je 2020-ban - Seed\",\"isPartOf\":{\"@id\":\"https:\\\/\\\/seed.hu\\\/#website\"},\"primaryImageOfPage\":{\"@id\":\"https:\\\/\\\/seed.hu\\\/hirek\\\/kiderult-hogy-ki-magyarorszag-legsikeresebb-vallalkozonoje-es-noi-vezetoje-2020-ban-2\\\/#primaryimage\"},\"image\":{\"@id\":\"https:\\\/\\\/seed.hu\\\/hirek\\\/kiderult-hogy-ki-magyarorszag-legsikeresebb-vallalkozonoje-es-noi-vezetoje-2020-ban-2\\\/#primaryimage\"},\"thumbnailUrl\":\"https:\\\/\\\/seed.hu\\\/wp-content\\\/uploads\\\/2018\\\/04\\\/SEED_logo.png\",\"datePublished\":\"2020-07-12T16:32:03+00:00\",\"dateModified\":\"2022-01-23T17:08:20+00:00\",\"breadcrumb\":{\"@id\":\"https:\\\/\\\/seed.hu\\\/hirek\\\/kiderult-hogy-ki-magyarorszag-legsikeresebb-vallalkozonoje-es-noi-vezetoje-2020-ban-2\\\/#breadcrumb\"},\"inLanguage\":\"en-US\",\"potentialAction\":[{\"@type\":\"ReadAction\",\"target\":[\"https:\\\/\\\/seed.hu\\\/hirek\\\/kiderult-hogy-ki-magyarorszag-legsikeresebb-vallalkozonoje-es-noi-vezetoje-2020-ban-2\\\/\"]}]},{\"@type\":\"ImageObject\",\"inLanguage\":\"en-US\",\"@id\":\"https:\\\/\\\/seed.hu\\\/hirek\\\/kiderult-hogy-ki-magyarorszag-legsikeresebb-vallalkozonoje-es-noi-vezetoje-2020-ban-2\\\/#primaryimage\",\"url\":\"https:\\\/\\\/seed.hu\\\/wp-content\\\/uploads\\\/2018\\\/04\\\/SEED_logo.png\",\"contentUrl\":\"https:\\\/\\\/seed.hu\\\/wp-content\\\/uploads\\\/2018\\\/04\\\/SEED_logo.png\",\"width\":250,\"height\":206},{\"@type\":\"BreadcrumbList\",\"@id\":\"https:\\\/\\\/seed.hu\\\/hirek\\\/kiderult-hogy-ki-magyarorszag-legsikeresebb-vallalkozonoje-es-noi-vezetoje-2020-ban-2\\\/#breadcrumb\",\"itemListElement\":[{\"@type\":\"ListItem\",\"position\":1,\"name\":\"H\u00edrek\",\"item\":\"https:\\\/\\\/seed.hu\\\/hirek\\\/\"},{\"@type\":\"ListItem\",\"position\":2,\"name\":\"Kider\u00fclt, hogy ki Magyarorsz\u00e1g legsikeresebb v\u00e1llalkoz\u00f3n\u0151je \u00e9s n\u0151i vezet\u0151je 2020-ban\"}]},{\"@type\":\"WebSite\",\"@id\":\"https:\\\/\\\/seed.hu\\\/#website\",\"url\":\"https:\\\/\\\/seed.hu\\\/\",\"name\":\"Seed\",\"description\":\"\",\"potentialAction\":[{\"@type\":\"SearchAction\",\"target\":{\"@type\":\"EntryPoint\",\"urlTemplate\":\"https:\\\/\\\/seed.hu\\\/?s={search_term_string}\"},\"query-input\":{\"@type\":\"PropertyValueSpecification\",\"valueRequired\":true,\"valueName\":\"search_term_string\"}}],\"inLanguage\":\"en-US\"}]}<\/script>\n<!-- \/ Yoast SEO plugin. -->","yoast_head_json":{"title":"Kider\u00fclt, hogy ki Magyarorsz\u00e1g legsikeresebb v\u00e1llalkoz\u00f3n\u0151je \u00e9s n\u0151i vezet\u0151je 2020-ban - Seed","robots":{"index":"index","follow":"follow","max-snippet":"max-snippet:-1","max-image-preview":"max-image-preview:large","max-video-preview":"max-video-preview:-1"},"canonical":"https:\/\/seed.hu\/hirek\/kiderult-hogy-ki-magyarorszag-legsikeresebb-vallalkozonoje-es-noi-vezetoje-2020-ban-2\/","og_locale":"en_US","og_type":"article","og_title":"Kider\u00fclt, hogy ki Magyarorsz\u00e1g legsikeresebb v\u00e1llalkoz\u00f3n\u0151je \u00e9s n\u0151i vezet\u0151je 2020-ban - Seed","og_description":"\u00c1prilis v\u00e9g\u00e9n k\u00f6z\u00f6s p\u00e1ly\u00e1zatot \u00edrt ki a SEED Alap\u00edtv\u00e1ny \u00e9s a Sikeres N\u0151k Egyes\u00fclete (Professional Women\u2019s Association \u2013 PWA), amelyben 2020 legsikeresebb n\u0151i v\u00e1llalkoz\u00f3it \u00e9s n\u0151i vezet\u0151it kerest\u00e9k. A p\u00e1ly\u00e1zatra ebben a neh\u00e9z, v\u00e1ls\u00e1gos id\u0151szakban is nyolc rendk\u00edv\u00fcl sz\u00ednvonalas p\u00e1lyamunka \u00e9rkezett be. Az \u00fcnnep\u00e9lyes d\u00edj\u00e1tad\u00f3ra j\u00falius 9-\u00e9n,\u00a0a\u00a0SEED Alap\u00edtv\u00e1ny\u00a0cs\u00fct\u00f6rt\u00f6k\u00f6nk\u00e9nt megrendezett Online V\u00e1llalkoz\u00f3i F\u00f3ruma \u00e9vadz\u00e1r\u00f3 besz\u00e9lget\u00e9s\u00e9nek keret\u00e9ben [&hellip;]","og_url":"https:\/\/seed.hu\/hirek\/kiderult-hogy-ki-magyarorszag-legsikeresebb-vallalkozonoje-es-noi-vezetoje-2020-ban-2\/","og_site_name":"Seed","article_modified_time":"2022-01-23T17:08:20+00:00","og_image":[{"width":250,"height":206,"url":"https:\/\/seed.hu\/wp-content\/uploads\/2018\/04\/SEED_logo.png","type":"image\/png"}],"twitter_card":"summary_large_image","twitter_misc":{"Est. reading time":"1 minute"},"schema":{"@context":"https:\/\/schema.org","@graph":[{"@type":"WebPage","@id":"https:\/\/seed.hu\/hirek\/kiderult-hogy-ki-magyarorszag-legsikeresebb-vallalkozonoje-es-noi-vezetoje-2020-ban-2\/","url":"https:\/\/seed.hu\/hirek\/kiderult-hogy-ki-magyarorszag-legsikeresebb-vallalkozonoje-es-noi-vezetoje-2020-ban-2\/","name":"Kider\u00fclt, hogy ki Magyarorsz\u00e1g legsikeresebb v\u00e1llalkoz\u00f3n\u0151je \u00e9s n\u0151i vezet\u0151je 2020-ban - Seed","isPartOf":{"@id":"https:\/\/seed.hu\/#website"},"primaryImageOfPage":{"@id":"https:\/\/seed.hu\/hirek\/kiderult-hogy-ki-magyarorszag-legsikeresebb-vallalkozonoje-es-noi-vezetoje-2020-ban-2\/#primaryimage"},"image":{"@id":"https:\/\/seed.hu\/hirek\/kiderult-hogy-ki-magyarorszag-legsikeresebb-vallalkozonoje-es-noi-vezetoje-2020-ban-2\/#primaryimage"},"thumbnailUrl":"https:\/\/seed.hu\/wp-content\/uploads\/2018\/04\/SEED_logo.png","datePublished":"2020-07-12T16:32:03+00:00","dateModified":"2022-01-23T17:08:20+00:00","breadcrumb":{"@id":"https:\/\/seed.hu\/hirek\/kiderult-hogy-ki-magyarorszag-legsikeresebb-vallalkozonoje-es-noi-vezetoje-2020-ban-2\/#breadcrumb"},"inLanguage":"en-US","potentialAction":[{"@type":"ReadAction","target":["https:\/\/seed.hu\/hirek\/kiderult-hogy-ki-magyarorszag-legsikeresebb-vallalkozonoje-es-noi-vezetoje-2020-ban-2\/"]}]},{"@type":"ImageObject","inLanguage":"en-US","@id":"https:\/\/seed.hu\/hirek\/kiderult-hogy-ki-magyarorszag-legsikeresebb-vallalkozonoje-es-noi-vezetoje-2020-ban-2\/#primaryimage","url":"https:\/\/seed.hu\/wp-content\/uploads\/2018\/04\/SEED_logo.png","contentUrl":"https:\/\/seed.hu\/wp-content\/uploads\/2018\/04\/SEED_logo.png","width":250,"height":206},{"@type":"BreadcrumbList","@id":"https:\/\/seed.hu\/hirek\/kiderult-hogy-ki-magyarorszag-legsikeresebb-vallalkozonoje-es-noi-vezetoje-2020-ban-2\/#breadcrumb","itemListElement":[{"@type":"ListItem","position":1,"name":"H\u00edrek","item":"https:\/\/seed.hu\/hirek\/"},{"@type":"ListItem","position":2,"name":"Kider\u00fclt, hogy ki Magyarorsz\u00e1g legsikeresebb v\u00e1llalkoz\u00f3n\u0151je \u00e9s n\u0151i vezet\u0151je 2020-ban"}]},{"@type":"WebSite","@id":"https:\/\/seed.hu\/#website","url":"https:\/\/seed.hu\/","name":"Seed","description":"","potentialAction":[{"@type":"SearchAction","target":{"@type":"EntryPoint","urlTemplate":"https:\/\/seed.hu\/?s={search_term_string}"},"query-input":{"@type":"PropertyValueSpecification","valueRequired":true,"valueName":"search_term_string"}}],"inLanguage":"en-US"}]}},"_links":{"self":[{"href":"https:\/\/seed.hu\/en\/wp-json\/wp\/v2\/hirek\/1024","targetHints":{"allow":["GET"]}}],"collection":[{"href":"https:\/\/seed.hu\/en\/wp-json\/wp\/v2\/hirek"}],"about":[{"href":"https:\/\/seed.hu\/en\/wp-json\/wp\/v2\/types\/hirek"}],"wp:featuredmedia":[{"embeddable":true,"href":"https:\/\/seed.hu\/en\/wp-json\/wp\/v2\/media\/792"}],"wp:attachment":[{"href":"https:\/\/seed.hu\/en\/wp-json\/wp\/v2\/media?parent=1024"}],"curies":[{"name":"wp","href":"https:\/\/api.w.org\/{rel}","templated":true}]}}