{"id":1026,"date":"2020-07-21T12:28:02","date_gmt":"2020-07-21T10:28:02","guid":{"rendered":"https:\/\/seed.hu\/?post_type=hirek&#038;p=1026"},"modified":"2022-01-23T18:16:08","modified_gmt":"2022-01-23T17:16:08","slug":"emlekezetes-jubileumi-dobbanto","status":"publish","type":"hirek","link":"https:\/\/seed.hu\/en\/hirek\/emlekezetes-jubileumi-dobbanto\/","title":{"rendered":"Eml\u00e9kezetes jubileumi Dobbant\u00f3"},"content":{"rendered":"<p><a href=\"https:\/\/seed.hu\/szolgaltatasok\/dobbanto\/dobbantologo\/\" rel=\"attachment wp-att-39\"><img loading=\"lazy\" decoding=\"async\" class=\"alignnone wp-image-39 size-full\" src=\"https:\/\/seed.hu\/wp-content\/uploads\/2021\/02\/dobbantologo.jpg\" alt=\"\" width=\"384\" height=\"107\" srcset=\"https:\/\/seed.hu\/wp-content\/uploads\/2021\/02\/dobbantologo.jpg 384w, https:\/\/seed.hu\/wp-content\/uploads\/2021\/02\/dobbantologo-300x84.jpg 300w\" sizes=\"auto, (max-width: 384px) 100vw, 384px\" \/><\/a><\/p>\n<p><strong>Alapos pr\u00f3bat\u00e9tel el\u00e9 \u00e1ll\u00edtotta a koronav\u00edrus-j\u00e1rv\u00e1ny a jubileumi, id\u00e9n 10 \u00e9ves Dobbant\u00f3 Program tavaszi tr\u00e9ningj\u00e9nek r\u00e9szvev\u0151it \u00e9s szervez\u0151it: amint az oktat\u00e1sban \u00e1ltal\u00e1ban, \u00fagy n\u00e1lunk is online alapra kellett \u00e1t\u00e1ll\u00edtani a k\u00e9pz\u00e9st. Ezt a csapat kiv\u00e1l\u00f3an megoldotta, s a hibrid forma, szem\u00e9lyes \u00e9s online jelenl\u00e9t egy\u00fctt, j\u00f3l vizsg\u00e1zott. A j\u00f6v\u0151ben egy ilyen helyzet m\u00e1r nem fog meglepet\u00e9st okozni a st\u00e1bnak. Ezzel egy\u00fctt akadt n\u00e9h\u00e1ny r\u00e9sztvev\u0151, aki k\u00fcl\u00f6nb\u00f6z\u0151 okok miatt nem tudott v\u00e9gig egy\u00fctt tartani a csapattal.<\/strong><\/p>\n<p>Ebben az \u00e9vben az \u00e9let \u00edrta a Dobbant\u00f3 tr\u00e9ning forgat\u00f3k\u00f6nyv\u00e9t. Febru\u00e1r 24-\u00e9n indult a k\u00e9pz\u00e9s, 20 lelkes, kreat\u00edv v\u00e1llalkoz\u00f3n\u0151vel, akik, a tervek, szerint \u00e1prilis 7-\u00e9n m\u00e1r \u00e1t is vehett\u00e9k volna Dobbant\u00f3 oklevel\u00fcket. Ezzel szemben a korm\u00e1ny m\u00e1rcius 10-\u00e9n bejelentette a v\u00e9szhelyzeti szab\u00e1lyoz\u00e1s \u00e9letbe l\u00e9p\u00e9s\u00e9t, aminek k\u00f6vetkezt\u00e9ben megszakadt a tantermi, \u00e9l\u0151 kontaktos k\u00e9pz\u00e9s, \u00e9s a Dobbant\u00f3 is online m\u00f3dba kapcsolt.<\/p>\n<p>Nem lenn\u00e9nk \u0151szint\u00e9k, ha azt mondan\u00e1nk, hogy az \u00e1t\u00e1ll\u00e1s k\u00f6nnyed\u00e9n, z\u00f6kken\u0151k n\u00e9lk\u00fcl t\u00f6rt\u00e9nt meg. A rendk\u00edv\u00fcli helyzetre a SEED st\u00e1bja \u00e9s a tr\u00e9nerek azonban gyorsan reag\u00e1ltak. Az \u00fczleti tervez\u00e9s modul tananyag\u00e1b\u00f3l p\u00e9ld\u00e1ul az el\u0151ad\u00f3k r\u00f6vid kis vide\u00f3kat k\u00e9sz\u00edtettek, \u00edgy mindenki a saj\u00e1t \u00fctem\u00e9ben tudott el\u0151rehaladni. A szervez\u0151k t\u00f6bb alkalommal biztos\u00edtottak konzult\u00e1ci\u00f3s lehet\u0151s\u00e9get, \u00e1prilist\u00f3l h\u00e9t h\u00e9ten \u00e1t minden kedden este alkalmank\u00e9nt 2-3 \u00f3r\u00e1s online eszmecsere folyt arr\u00f3l, ki hol tart, ki hogy van, ki hogyan tud megbirk\u00f3zni a helyzettel. Ezzel t\u00f6rekedt\u00fcnk arra, hogy fenntartsuk a Dobbant\u00f3 tr\u00e9ningek f\u0151 f\u0171szer\u00e9t, a l\u00e9trej\u00f6v\u0151 k\u00f6z\u00f6ss\u00e9gben rejl\u0151 hajt\u00f3er\u0151t.<\/p>\n<p>Sokat jelentett a \u201ehallgat\u00f3knak\u201d, hogy az idei folyamatot is egy tapasztalt v\u00e1llalkoz\u00f3i mentor Nov\u00e1kn\u00e9 Gergely Vera k\u00eds\u00e9rte v\u00e9gig, akihez fordulhattak a szakmai \u00e9s egy\u00e9b probl\u00e9m\u00e1ikkal.<\/p>\n<p>A j\u00e1rv\u00e1nyhelyzet enyh\u00fcl\u00e9s\u00e9re tekintettel a tr\u00e9ning z\u00e1r\u00f3napjait szem\u00e9lyesen \u00e9lhett\u00e9k \u00e1t a v\u00e1llalkoz\u00f3 h\u00f6lgyek. A k\u00e9pz\u00e9st v\u00e9g\u00fcl a v\u00e1ltoz\u00e1sok, bizonytalans\u00e1gok, neh\u00e9zs\u00e9gek ellen\u00e9re 11 v\u00e1llalkoz\u00f3n\u0151 fejezte be, \u0151k j\u00falius 14-\u00e9n tartott\u00e1k meg prezent\u00e1ci\u00f3jukat az \u00fczleti terv\u00fckr\u0151l \u00e9s vehett\u00e9k \u00e1t a tan\u00fas\u00edtv\u00e1nyt a k\u00e9pz\u00e9s sikeres elv\u00e9gz\u00e9s\u00e9t megpecs\u00e9telend\u0151.<\/p>\n<p>Azt gondoljuk, mindannyian, szervez\u0151k \u00e9s r\u00e9sztvev\u0151k egyar\u00e1nt, sokat tanultunk ebb\u0151l a rendk\u00edv\u00fcli helyzetb\u0151l. K\u00f6sz\u00f6net mindenkinek, aki erej\u00e9t megfesz\u00edtve tett a siker\u00e9rt, \u00e9s v\u00e9gig kitartott. Tal\u00e1n nem t\u00falz\u00e1s kijelenteni, hogy azok a v\u00e1llalkoz\u00f3n\u0151k, akik rugalmass\u00e1got \u00e9s nyitotts\u00e1got mutatva alkalmazkodni tudtak a megv\u00e1ltozott k\u00f6r\u00fclm\u00e9nyekhez, olyan k\u00e9szs\u00e9geiket er\u0151s\u00edtett\u00e9k, melyekb\u0151l er\u0151t mer\u00edthetnek a j\u00f6v\u0151ben felmer\u00fcl\u0151 kih\u00edv\u00e1sok kezel\u00e9s\u00e9re.<\/p>\n<p>J\u00f3 h\u00edr azoknak, akik lemaradtak a Dobbant\u00f3 tr\u00e9ning tavaszi \u201efordul\u00f3j\u00e1r\u00f3l\u201d: \u0151sszel indul az \u00fajabb csoport. Figyelj\u00e9k a h\u00edreinket, felh\u00edv\u00e1sainkat! Szeretettel v\u00e1runk mindenkit.<\/p>\n<p><img decoding=\"async\" style=\"width: 500px; height: 333px;\" src=\"http:\/\/seed.hu\/files\/attachments\/inline\/dobbanto-csapat.jpg\" alt=\"\" \/><img decoding=\"async\" style=\"width: 500px; height: 333px;\" src=\"http:\/\/seed.hu\/files\/attachments\/inline\/dobbanto-szervezok.jpg\" alt=\"\" \/><\/p>\n","protected":false},"featured_media":335,"menu_order":0,"template":"","meta":{"_acf_changed":false},"class_list":["post-1026","hirek","type-hirek","status-publish","has-post-thumbnail","hentry"],"acf":[],"yoast_head":"<!-- This site is optimized with the Yoast SEO plugin v27.4 - https:\/\/yoast.com\/product\/yoast-seo-wordpress\/ -->\n<title>Eml\u00e9kezetes jubileumi Dobbant\u00f3 - Seed<\/title>\n<meta name=\"robots\" content=\"index, follow, max-snippet:-1, max-image-preview:large, max-video-preview:-1\" \/>\n<link rel=\"canonical\" href=\"https:\/\/seed.hu\/hirek\/emlekezetes-jubileumi-dobbanto\/\" \/>\n<meta property=\"og:locale\" content=\"en_US\" \/>\n<meta property=\"og:type\" content=\"article\" \/>\n<meta property=\"og:title\" content=\"Eml\u00e9kezetes jubileumi Dobbant\u00f3 - Seed\" \/>\n<meta property=\"og:description\" content=\"Alapos pr\u00f3bat\u00e9tel el\u00e9 \u00e1ll\u00edtotta a koronav\u00edrus-j\u00e1rv\u00e1ny a jubileumi, id\u00e9n 10 \u00e9ves Dobbant\u00f3 Program tavaszi tr\u00e9ningj\u00e9nek r\u00e9szvev\u0151it \u00e9s szervez\u0151it: amint az oktat\u00e1sban \u00e1ltal\u00e1ban, \u00fagy n\u00e1lunk is online alapra kellett \u00e1t\u00e1ll\u00edtani a k\u00e9pz\u00e9st. Ezt a csapat kiv\u00e1l\u00f3an megoldotta, s a hibrid forma, szem\u00e9lyes \u00e9s online jelenl\u00e9t egy\u00fctt, j\u00f3l vizsg\u00e1zott. A j\u00f6v\u0151ben egy ilyen helyzet m\u00e1r nem fog [&hellip;]\" \/>\n<meta property=\"og:url\" content=\"https:\/\/seed.hu\/hirek\/emlekezetes-jubileumi-dobbanto\/\" \/>\n<meta property=\"og:site_name\" content=\"Seed\" \/>\n<meta property=\"article:modified_time\" content=\"2022-01-23T17:16:08+00:00\" \/>\n<meta property=\"og:image\" content=\"https:\/\/seed.hu\/wp-content\/uploads\/2021\/04\/dobbanto.png\" \/>\n\t<meta property=\"og:image:width\" content=\"773\" \/>\n\t<meta property=\"og:image:height\" content=\"773\" \/>\n\t<meta property=\"og:image:type\" content=\"image\/png\" \/>\n<meta name=\"twitter:card\" content=\"summary_large_image\" \/>\n<meta name=\"twitter:label1\" content=\"Est. reading time\" \/>\n\t<meta name=\"twitter:data1\" content=\"3 minutes\" \/>\n<script type=\"application\/ld+json\" class=\"yoast-schema-graph\">{\"@context\":\"https:\\\/\\\/schema.org\",\"@graph\":[{\"@type\":\"WebPage\",\"@id\":\"https:\\\/\\\/seed.hu\\\/hirek\\\/emlekezetes-jubileumi-dobbanto\\\/\",\"url\":\"https:\\\/\\\/seed.hu\\\/hirek\\\/emlekezetes-jubileumi-dobbanto\\\/\",\"name\":\"Eml\u00e9kezetes jubileumi Dobbant\u00f3 - Seed\",\"isPartOf\":{\"@id\":\"https:\\\/\\\/seed.hu\\\/#website\"},\"primaryImageOfPage\":{\"@id\":\"https:\\\/\\\/seed.hu\\\/hirek\\\/emlekezetes-jubileumi-dobbanto\\\/#primaryimage\"},\"image\":{\"@id\":\"https:\\\/\\\/seed.hu\\\/hirek\\\/emlekezetes-jubileumi-dobbanto\\\/#primaryimage\"},\"thumbnailUrl\":\"https:\\\/\\\/seed.hu\\\/wp-content\\\/uploads\\\/2021\\\/04\\\/dobbanto.png\",\"datePublished\":\"2020-07-21T10:28:02+00:00\",\"dateModified\":\"2022-01-23T17:16:08+00:00\",\"breadcrumb\":{\"@id\":\"https:\\\/\\\/seed.hu\\\/hirek\\\/emlekezetes-jubileumi-dobbanto\\\/#breadcrumb\"},\"inLanguage\":\"en-US\",\"potentialAction\":[{\"@type\":\"ReadAction\",\"target\":[\"https:\\\/\\\/seed.hu\\\/hirek\\\/emlekezetes-jubileumi-dobbanto\\\/\"]}]},{\"@type\":\"ImageObject\",\"inLanguage\":\"en-US\",\"@id\":\"https:\\\/\\\/seed.hu\\\/hirek\\\/emlekezetes-jubileumi-dobbanto\\\/#primaryimage\",\"url\":\"https:\\\/\\\/seed.hu\\\/wp-content\\\/uploads\\\/2021\\\/04\\\/dobbanto.png\",\"contentUrl\":\"https:\\\/\\\/seed.hu\\\/wp-content\\\/uploads\\\/2021\\\/04\\\/dobbanto.png\",\"width\":773,\"height\":773},{\"@type\":\"BreadcrumbList\",\"@id\":\"https:\\\/\\\/seed.hu\\\/hirek\\\/emlekezetes-jubileumi-dobbanto\\\/#breadcrumb\",\"itemListElement\":[{\"@type\":\"ListItem\",\"position\":1,\"name\":\"H\u00edrek\",\"item\":\"https:\\\/\\\/seed.hu\\\/hirek\\\/\"},{\"@type\":\"ListItem\",\"position\":2,\"name\":\"Eml\u00e9kezetes jubileumi Dobbant\u00f3\"}]},{\"@type\":\"WebSite\",\"@id\":\"https:\\\/\\\/seed.hu\\\/#website\",\"url\":\"https:\\\/\\\/seed.hu\\\/\",\"name\":\"Seed\",\"description\":\"\",\"potentialAction\":[{\"@type\":\"SearchAction\",\"target\":{\"@type\":\"EntryPoint\",\"urlTemplate\":\"https:\\\/\\\/seed.hu\\\/?s={search_term_string}\"},\"query-input\":{\"@type\":\"PropertyValueSpecification\",\"valueRequired\":true,\"valueName\":\"search_term_string\"}}],\"inLanguage\":\"en-US\"}]}<\/script>\n<!-- \/ Yoast SEO plugin. -->","yoast_head_json":{"title":"Eml\u00e9kezetes jubileumi Dobbant\u00f3 - Seed","robots":{"index":"index","follow":"follow","max-snippet":"max-snippet:-1","max-image-preview":"max-image-preview:large","max-video-preview":"max-video-preview:-1"},"canonical":"https:\/\/seed.hu\/hirek\/emlekezetes-jubileumi-dobbanto\/","og_locale":"en_US","og_type":"article","og_title":"Eml\u00e9kezetes jubileumi Dobbant\u00f3 - Seed","og_description":"Alapos pr\u00f3bat\u00e9tel el\u00e9 \u00e1ll\u00edtotta a koronav\u00edrus-j\u00e1rv\u00e1ny a jubileumi, id\u00e9n 10 \u00e9ves Dobbant\u00f3 Program tavaszi tr\u00e9ningj\u00e9nek r\u00e9szvev\u0151it \u00e9s szervez\u0151it: amint az oktat\u00e1sban \u00e1ltal\u00e1ban, \u00fagy n\u00e1lunk is online alapra kellett \u00e1t\u00e1ll\u00edtani a k\u00e9pz\u00e9st. Ezt a csapat kiv\u00e1l\u00f3an megoldotta, s a hibrid forma, szem\u00e9lyes \u00e9s online jelenl\u00e9t egy\u00fctt, j\u00f3l vizsg\u00e1zott. A j\u00f6v\u0151ben egy ilyen helyzet m\u00e1r nem fog [&hellip;]","og_url":"https:\/\/seed.hu\/hirek\/emlekezetes-jubileumi-dobbanto\/","og_site_name":"Seed","article_modified_time":"2022-01-23T17:16:08+00:00","og_image":[{"width":773,"height":773,"url":"https:\/\/seed.hu\/wp-content\/uploads\/2021\/04\/dobbanto.png","type":"image\/png"}],"twitter_card":"summary_large_image","twitter_misc":{"Est. reading time":"3 minutes"},"schema":{"@context":"https:\/\/schema.org","@graph":[{"@type":"WebPage","@id":"https:\/\/seed.hu\/hirek\/emlekezetes-jubileumi-dobbanto\/","url":"https:\/\/seed.hu\/hirek\/emlekezetes-jubileumi-dobbanto\/","name":"Eml\u00e9kezetes jubileumi Dobbant\u00f3 - Seed","isPartOf":{"@id":"https:\/\/seed.hu\/#website"},"primaryImageOfPage":{"@id":"https:\/\/seed.hu\/hirek\/emlekezetes-jubileumi-dobbanto\/#primaryimage"},"image":{"@id":"https:\/\/seed.hu\/hirek\/emlekezetes-jubileumi-dobbanto\/#primaryimage"},"thumbnailUrl":"https:\/\/seed.hu\/wp-content\/uploads\/2021\/04\/dobbanto.png","datePublished":"2020-07-21T10:28:02+00:00","dateModified":"2022-01-23T17:16:08+00:00","breadcrumb":{"@id":"https:\/\/seed.hu\/hirek\/emlekezetes-jubileumi-dobbanto\/#breadcrumb"},"inLanguage":"en-US","potentialAction":[{"@type":"ReadAction","target":["https:\/\/seed.hu\/hirek\/emlekezetes-jubileumi-dobbanto\/"]}]},{"@type":"ImageObject","inLanguage":"en-US","@id":"https:\/\/seed.hu\/hirek\/emlekezetes-jubileumi-dobbanto\/#primaryimage","url":"https:\/\/seed.hu\/wp-content\/uploads\/2021\/04\/dobbanto.png","contentUrl":"https:\/\/seed.hu\/wp-content\/uploads\/2021\/04\/dobbanto.png","width":773,"height":773},{"@type":"BreadcrumbList","@id":"https:\/\/seed.hu\/hirek\/emlekezetes-jubileumi-dobbanto\/#breadcrumb","itemListElement":[{"@type":"ListItem","position":1,"name":"H\u00edrek","item":"https:\/\/seed.hu\/hirek\/"},{"@type":"ListItem","position":2,"name":"Eml\u00e9kezetes jubileumi Dobbant\u00f3"}]},{"@type":"WebSite","@id":"https:\/\/seed.hu\/#website","url":"https:\/\/seed.hu\/","name":"Seed","description":"","potentialAction":[{"@type":"SearchAction","target":{"@type":"EntryPoint","urlTemplate":"https:\/\/seed.hu\/?s={search_term_string}"},"query-input":{"@type":"PropertyValueSpecification","valueRequired":true,"valueName":"search_term_string"}}],"inLanguage":"en-US"}]}},"_links":{"self":[{"href":"https:\/\/seed.hu\/en\/wp-json\/wp\/v2\/hirek\/1026","targetHints":{"allow":["GET"]}}],"collection":[{"href":"https:\/\/seed.hu\/en\/wp-json\/wp\/v2\/hirek"}],"about":[{"href":"https:\/\/seed.hu\/en\/wp-json\/wp\/v2\/types\/hirek"}],"wp:featuredmedia":[{"embeddable":true,"href":"https:\/\/seed.hu\/en\/wp-json\/wp\/v2\/media\/335"}],"wp:attachment":[{"href":"https:\/\/seed.hu\/en\/wp-json\/wp\/v2\/media?parent=1026"}],"curies":[{"name":"wp","href":"https:\/\/api.w.org\/{rel}","templated":true}]}}