{"id":1027,"date":"2020-07-21T12:31:16","date_gmt":"2020-07-21T10:31:16","guid":{"rendered":"https:\/\/seed.hu\/?post_type=hirek&#038;p=1027"},"modified":"2022-01-23T18:17:54","modified_gmt":"2022-01-23T17:17:54","slug":"uj-celcsoporttal-es-intenziv-mentoralasi-folyamat-lehetosegevel-bovul-a-szemelyes-vallalkozoi-mentorprogram","status":"publish","type":"hirek","link":"https:\/\/seed.hu\/en\/hirek\/uj-celcsoporttal-es-intenziv-mentoralasi-folyamat-lehetosegevel-bovul-a-szemelyes-vallalkozoi-mentorprogram\/","title":{"rendered":"\u00daj c\u00e9lcsoporttal \u00e9s intenz\u00edv mentor\u00e1l\u00e1si folyamat lehet\u0151s\u00e9g\u00e9vel b\u0151v\u00fcl a Szem\u00e9lyes V\u00e1llalkoz\u00f3i Mentorprogram"},"content":{"rendered":"<p><a href=\"https:\/\/seed.hu\/hirek\/mentorok-es-mentoraltak-jelentkezeset-varja-a-seed-alapitvany\/ovm\/\" rel=\"attachment wp-att-844\"><img loading=\"lazy\" decoding=\"async\" class=\"alignnone wp-image-844 size-full\" src=\"https:\/\/seed.hu\/wp-content\/uploads\/2022\/01\/OVM.png\" alt=\"\" width=\"601\" height=\"163\" srcset=\"https:\/\/seed.hu\/wp-content\/uploads\/2022\/01\/OVM.png 601w, https:\/\/seed.hu\/wp-content\/uploads\/2022\/01\/OVM-300x81.png 300w\" sizes=\"auto, (max-width: 601px) 100vw, 601px\" \/><\/a><\/p>\n<p>A megv\u00e1ltozott k\u00f6r\u00fclm\u00e9nyekre reag\u00e1lva \u00faj lehet\u0151s\u00e9gekkel b\u0151v\u00fcl az Orsz\u00e1gos V\u00e1llalkoz\u00f3i Mentorprogram keret\u00e9ben megval\u00f3sul\u00f3 Szem\u00e9lyes V\u00e1llalkoz\u00f3i Mentorprogram elnevez\u00e9s\u0171 alprojekt.<\/p>\n<p>A programba mostant\u00f3l az eddigi c\u00e9lcsoportba tartoz\u00f3 v\u00e1llalkoz\u00e1sok mellett, (n\u0151i-, 35 \u00e9v alatti fiatal-, \u00e9s a gener\u00e1ci\u00f3v\u00e1lt\u00f3 v\u00e1llalkoz\u00e1sok) azok a konvergencia r\u00e9gi\u00f3ban (Pest megye kiv\u00e9tel\u00e9vel az orsz\u00e1g \u00f6sszes megy\u00e9je)\u00a0<strong>bejegyzett v\u00e1llalkoz\u00e1ssal rendelkez\u0151k is jelentkezhetnek,\u00a0akikn\u00e9l a j\u00e1rv\u00e1ny<\/strong>\u00a0kezdet\u00e9t\u0151l (2020.03.11.) \u00e9s annak\u00a0<strong>hat\u00e1s\u00e1ra<\/strong>\u00a0t\u00f6bb mint 20%-kal visszaesett a bev\u00e9tel, az \u00fcgyf\u00e9lsz\u00e1m, a v\u00e1llalkoz\u00e1s l\u00e9tsz\u00e1ma, vagy\u00a0<strong>a v\u00e1llalkoz\u00f3i tev\u00e9kenys\u00e9g folytathat\u00f3s\u00e1g\u00e1t alapjaiban rend\u00edtette meg a kialakult pand\u00e9mi\u00e1s helyzet.<\/strong><\/p>\n<p>Tov\u00e1bbi v\u00e1ltoz\u00e1s, hogy az eddigi\u00a0<strong>12 h\u00f3napos mentor\u00e1l\u00e1s mellett lehet\u0151s\u00e9g van intenz\u00edv, 6 h\u00f3napos (2 mentor\u00e1l\u00e1si alkalom\/h\u00f3) v\u00e1llalkoz\u00f3i mentor\u00e1l\u00e1s ig\u00e9nybev\u00e9tel\u00e9re is.<\/strong>\u00a0 A c\u00e9l az, hogy a mentor\u00e1lt v\u00e1llalkoz\u00e1sok seg\u00edts\u00e9get kapjanak megv\u00e1ltozott helyzetben egy tapasztalt szak\u00e9rt\u0151 \u00e1ltal a gazdas\u00e1gban v\u00e9gbemen\u0151 folyamatokhoz val\u00f3 alkalmazkod\u00e1sban, a sz\u00fcks\u00e9ges felz\u00e1rk\u00f3z\u00e1sban, \u00e9s a megny\u00edl\u00f3 \u00faj lehet\u0151s\u00e9gek kihaszn\u00e1l\u00e1s\u00e1ban. T\u00e1mogat\u00e1st kapjanak a d\u00f6nt\u00e9si pontok ki\u00e9rt\u00e9kel\u00e9s\u00e9hez, a helyes strat\u00e9giai ir\u00e1nyok meghat\u00e1roz\u00e1s\u00e1hoz, megval\u00f3s\u00edt\u00e1s\u00e1hoz.<\/p>\n<p><strong>A programban a r\u00e9szv\u00e9tel d\u00edjmentes. Jelentkezni a<\/strong>\u00a0<strong><a href=\"http:\/\/www.vallalkozztudatosan.hu\" target=\"_blank\" rel=\"noopener\">www.vallalkozztudatosan.hu<\/a><\/strong>\u00a0\u00e9s a\u00a0<strong><a href=\"https:\/\/mentorprogram.seed.hu\/\u00a0\" target=\"_blank\" rel=\"noopener\">https:\/\/mentorprogram.seed.hu\/\u00a0<\/a><\/strong>oldalon van lehet\u0151s\u00e9g.<\/p>\n<p><strong>A\u00a0GINOP-1.1.2-VEKOP-17\u00a0p\u00e1ly\u00e1zati felh\u00edv\u00e1s m\u00f3dos\u00edt\u00e1s r\u00e9szletes ismertet\u00e9se a\u00a0<a href=\"http:\/\/www.palyazat.gov.hu\" target=\"_blank\" rel=\"noopener\">www.palyazat.gov.hu<\/a>\u00a0oldalon tekinthet\u0151 meg.<\/strong><\/p>\n","protected":false},"featured_media":338,"menu_order":0,"template":"","meta":{"_acf_changed":false},"class_list":["post-1027","hirek","type-hirek","status-publish","has-post-thumbnail","hentry"],"acf":[],"yoast_head":"<!-- This site is optimized with the Yoast SEO plugin v27.4 - https:\/\/yoast.com\/product\/yoast-seo-wordpress\/ -->\n<title>\u00daj c\u00e9lcsoporttal \u00e9s intenz\u00edv mentor\u00e1l\u00e1si folyamat lehet\u0151s\u00e9g\u00e9vel b\u0151v\u00fcl a Szem\u00e9lyes V\u00e1llalkoz\u00f3i Mentorprogram - Seed<\/title>\n<meta name=\"robots\" content=\"index, follow, max-snippet:-1, max-image-preview:large, max-video-preview:-1\" \/>\n<link rel=\"canonical\" href=\"https:\/\/seed.hu\/hirek\/uj-celcsoporttal-es-intenziv-mentoralasi-folyamat-lehetosegevel-bovul-a-szemelyes-vallalkozoi-mentorprogram\/\" \/>\n<meta property=\"og:locale\" content=\"en_US\" \/>\n<meta property=\"og:type\" content=\"article\" \/>\n<meta property=\"og:title\" content=\"\u00daj c\u00e9lcsoporttal \u00e9s intenz\u00edv mentor\u00e1l\u00e1si folyamat lehet\u0151s\u00e9g\u00e9vel b\u0151v\u00fcl a Szem\u00e9lyes V\u00e1llalkoz\u00f3i Mentorprogram - Seed\" \/>\n<meta property=\"og:description\" content=\"A megv\u00e1ltozott k\u00f6r\u00fclm\u00e9nyekre reag\u00e1lva \u00faj lehet\u0151s\u00e9gekkel b\u0151v\u00fcl az Orsz\u00e1gos V\u00e1llalkoz\u00f3i Mentorprogram keret\u00e9ben megval\u00f3sul\u00f3 Szem\u00e9lyes V\u00e1llalkoz\u00f3i Mentorprogram elnevez\u00e9s\u0171 alprojekt. A programba mostant\u00f3l az eddigi c\u00e9lcsoportba tartoz\u00f3 v\u00e1llalkoz\u00e1sok mellett, (n\u0151i-, 35 \u00e9v alatti fiatal-, \u00e9s a gener\u00e1ci\u00f3v\u00e1lt\u00f3 v\u00e1llalkoz\u00e1sok) azok a konvergencia r\u00e9gi\u00f3ban (Pest megye kiv\u00e9tel\u00e9vel az orsz\u00e1g \u00f6sszes megy\u00e9je)\u00a0bejegyzett v\u00e1llalkoz\u00e1ssal rendelkez\u0151k is jelentkezhetnek,\u00a0akikn\u00e9l a j\u00e1rv\u00e1ny\u00a0kezdet\u00e9t\u0151l (2020.03.11.) \u00e9s [&hellip;]\" \/>\n<meta property=\"og:url\" content=\"https:\/\/seed.hu\/hirek\/uj-celcsoporttal-es-intenziv-mentoralasi-folyamat-lehetosegevel-bovul-a-szemelyes-vallalkozoi-mentorprogram\/\" \/>\n<meta property=\"og:site_name\" content=\"Seed\" \/>\n<meta property=\"article:modified_time\" content=\"2022-01-23T17:17:54+00:00\" \/>\n<meta property=\"og:image\" content=\"https:\/\/seed.hu\/wp-content\/uploads\/2021\/04\/Orsza\u0301gos-Va\u0301llalkozo\u0301i-Mentorprogram.png\" \/>\n\t<meta property=\"og:image:width\" content=\"773\" \/>\n\t<meta property=\"og:image:height\" content=\"774\" \/>\n\t<meta property=\"og:image:type\" content=\"image\/png\" \/>\n<meta name=\"twitter:card\" content=\"summary_large_image\" \/>\n<meta name=\"twitter:label1\" content=\"Est. reading time\" \/>\n\t<meta name=\"twitter:data1\" content=\"2 minutes\" \/>\n<script type=\"application\/ld+json\" class=\"yoast-schema-graph\">{\"@context\":\"https:\\\/\\\/schema.org\",\"@graph\":[{\"@type\":\"WebPage\",\"@id\":\"https:\\\/\\\/seed.hu\\\/hirek\\\/uj-celcsoporttal-es-intenziv-mentoralasi-folyamat-lehetosegevel-bovul-a-szemelyes-vallalkozoi-mentorprogram\\\/\",\"url\":\"https:\\\/\\\/seed.hu\\\/hirek\\\/uj-celcsoporttal-es-intenziv-mentoralasi-folyamat-lehetosegevel-bovul-a-szemelyes-vallalkozoi-mentorprogram\\\/\",\"name\":\"\u00daj c\u00e9lcsoporttal \u00e9s intenz\u00edv mentor\u00e1l\u00e1si folyamat lehet\u0151s\u00e9g\u00e9vel b\u0151v\u00fcl a Szem\u00e9lyes V\u00e1llalkoz\u00f3i Mentorprogram - Seed\",\"isPartOf\":{\"@id\":\"https:\\\/\\\/seed.hu\\\/#website\"},\"primaryImageOfPage\":{\"@id\":\"https:\\\/\\\/seed.hu\\\/hirek\\\/uj-celcsoporttal-es-intenziv-mentoralasi-folyamat-lehetosegevel-bovul-a-szemelyes-vallalkozoi-mentorprogram\\\/#primaryimage\"},\"image\":{\"@id\":\"https:\\\/\\\/seed.hu\\\/hirek\\\/uj-celcsoporttal-es-intenziv-mentoralasi-folyamat-lehetosegevel-bovul-a-szemelyes-vallalkozoi-mentorprogram\\\/#primaryimage\"},\"thumbnailUrl\":\"https:\\\/\\\/seed.hu\\\/wp-content\\\/uploads\\\/2021\\\/04\\\/Orsza\u0301gos-Va\u0301llalkozo\u0301i-Mentorprogram.png\",\"datePublished\":\"2020-07-21T10:31:16+00:00\",\"dateModified\":\"2022-01-23T17:17:54+00:00\",\"breadcrumb\":{\"@id\":\"https:\\\/\\\/seed.hu\\\/hirek\\\/uj-celcsoporttal-es-intenziv-mentoralasi-folyamat-lehetosegevel-bovul-a-szemelyes-vallalkozoi-mentorprogram\\\/#breadcrumb\"},\"inLanguage\":\"en-US\",\"potentialAction\":[{\"@type\":\"ReadAction\",\"target\":[\"https:\\\/\\\/seed.hu\\\/hirek\\\/uj-celcsoporttal-es-intenziv-mentoralasi-folyamat-lehetosegevel-bovul-a-szemelyes-vallalkozoi-mentorprogram\\\/\"]}]},{\"@type\":\"ImageObject\",\"inLanguage\":\"en-US\",\"@id\":\"https:\\\/\\\/seed.hu\\\/hirek\\\/uj-celcsoporttal-es-intenziv-mentoralasi-folyamat-lehetosegevel-bovul-a-szemelyes-vallalkozoi-mentorprogram\\\/#primaryimage\",\"url\":\"https:\\\/\\\/seed.hu\\\/wp-content\\\/uploads\\\/2021\\\/04\\\/Orsza\u0301gos-Va\u0301llalkozo\u0301i-Mentorprogram.png\",\"contentUrl\":\"https:\\\/\\\/seed.hu\\\/wp-content\\\/uploads\\\/2021\\\/04\\\/Orsza\u0301gos-Va\u0301llalkozo\u0301i-Mentorprogram.png\",\"width\":773,\"height\":774},{\"@type\":\"BreadcrumbList\",\"@id\":\"https:\\\/\\\/seed.hu\\\/hirek\\\/uj-celcsoporttal-es-intenziv-mentoralasi-folyamat-lehetosegevel-bovul-a-szemelyes-vallalkozoi-mentorprogram\\\/#breadcrumb\",\"itemListElement\":[{\"@type\":\"ListItem\",\"position\":1,\"name\":\"H\u00edrek\",\"item\":\"https:\\\/\\\/seed.hu\\\/hirek\\\/\"},{\"@type\":\"ListItem\",\"position\":2,\"name\":\"\u00daj c\u00e9lcsoporttal \u00e9s intenz\u00edv mentor\u00e1l\u00e1si folyamat lehet\u0151s\u00e9g\u00e9vel b\u0151v\u00fcl a Szem\u00e9lyes V\u00e1llalkoz\u00f3i Mentorprogram\"}]},{\"@type\":\"WebSite\",\"@id\":\"https:\\\/\\\/seed.hu\\\/#website\",\"url\":\"https:\\\/\\\/seed.hu\\\/\",\"name\":\"Seed\",\"description\":\"\",\"potentialAction\":[{\"@type\":\"SearchAction\",\"target\":{\"@type\":\"EntryPoint\",\"urlTemplate\":\"https:\\\/\\\/seed.hu\\\/?s={search_term_string}\"},\"query-input\":{\"@type\":\"PropertyValueSpecification\",\"valueRequired\":true,\"valueName\":\"search_term_string\"}}],\"inLanguage\":\"en-US\"}]}<\/script>\n<!-- \/ Yoast SEO plugin. -->","yoast_head_json":{"title":"\u00daj c\u00e9lcsoporttal \u00e9s intenz\u00edv mentor\u00e1l\u00e1si folyamat lehet\u0151s\u00e9g\u00e9vel b\u0151v\u00fcl a Szem\u00e9lyes V\u00e1llalkoz\u00f3i Mentorprogram - Seed","robots":{"index":"index","follow":"follow","max-snippet":"max-snippet:-1","max-image-preview":"max-image-preview:large","max-video-preview":"max-video-preview:-1"},"canonical":"https:\/\/seed.hu\/hirek\/uj-celcsoporttal-es-intenziv-mentoralasi-folyamat-lehetosegevel-bovul-a-szemelyes-vallalkozoi-mentorprogram\/","og_locale":"en_US","og_type":"article","og_title":"\u00daj c\u00e9lcsoporttal \u00e9s intenz\u00edv mentor\u00e1l\u00e1si folyamat lehet\u0151s\u00e9g\u00e9vel b\u0151v\u00fcl a Szem\u00e9lyes V\u00e1llalkoz\u00f3i Mentorprogram - Seed","og_description":"A megv\u00e1ltozott k\u00f6r\u00fclm\u00e9nyekre reag\u00e1lva \u00faj lehet\u0151s\u00e9gekkel b\u0151v\u00fcl az Orsz\u00e1gos V\u00e1llalkoz\u00f3i Mentorprogram keret\u00e9ben megval\u00f3sul\u00f3 Szem\u00e9lyes V\u00e1llalkoz\u00f3i Mentorprogram elnevez\u00e9s\u0171 alprojekt. A programba mostant\u00f3l az eddigi c\u00e9lcsoportba tartoz\u00f3 v\u00e1llalkoz\u00e1sok mellett, (n\u0151i-, 35 \u00e9v alatti fiatal-, \u00e9s a gener\u00e1ci\u00f3v\u00e1lt\u00f3 v\u00e1llalkoz\u00e1sok) azok a konvergencia r\u00e9gi\u00f3ban (Pest megye kiv\u00e9tel\u00e9vel az orsz\u00e1g \u00f6sszes megy\u00e9je)\u00a0bejegyzett v\u00e1llalkoz\u00e1ssal rendelkez\u0151k is jelentkezhetnek,\u00a0akikn\u00e9l a j\u00e1rv\u00e1ny\u00a0kezdet\u00e9t\u0151l (2020.03.11.) \u00e9s [&hellip;]","og_url":"https:\/\/seed.hu\/hirek\/uj-celcsoporttal-es-intenziv-mentoralasi-folyamat-lehetosegevel-bovul-a-szemelyes-vallalkozoi-mentorprogram\/","og_site_name":"Seed","article_modified_time":"2022-01-23T17:17:54+00:00","og_image":[{"width":773,"height":774,"url":"https:\/\/seed.hu\/wp-content\/uploads\/2021\/04\/Orsza\u0301gos-Va\u0301llalkozo\u0301i-Mentorprogram.png","type":"image\/png"}],"twitter_card":"summary_large_image","twitter_misc":{"Est. reading time":"2 minutes"},"schema":{"@context":"https:\/\/schema.org","@graph":[{"@type":"WebPage","@id":"https:\/\/seed.hu\/hirek\/uj-celcsoporttal-es-intenziv-mentoralasi-folyamat-lehetosegevel-bovul-a-szemelyes-vallalkozoi-mentorprogram\/","url":"https:\/\/seed.hu\/hirek\/uj-celcsoporttal-es-intenziv-mentoralasi-folyamat-lehetosegevel-bovul-a-szemelyes-vallalkozoi-mentorprogram\/","name":"\u00daj c\u00e9lcsoporttal \u00e9s intenz\u00edv mentor\u00e1l\u00e1si folyamat lehet\u0151s\u00e9g\u00e9vel b\u0151v\u00fcl a Szem\u00e9lyes V\u00e1llalkoz\u00f3i Mentorprogram - Seed","isPartOf":{"@id":"https:\/\/seed.hu\/#website"},"primaryImageOfPage":{"@id":"https:\/\/seed.hu\/hirek\/uj-celcsoporttal-es-intenziv-mentoralasi-folyamat-lehetosegevel-bovul-a-szemelyes-vallalkozoi-mentorprogram\/#primaryimage"},"image":{"@id":"https:\/\/seed.hu\/hirek\/uj-celcsoporttal-es-intenziv-mentoralasi-folyamat-lehetosegevel-bovul-a-szemelyes-vallalkozoi-mentorprogram\/#primaryimage"},"thumbnailUrl":"https:\/\/seed.hu\/wp-content\/uploads\/2021\/04\/Orsza\u0301gos-Va\u0301llalkozo\u0301i-Mentorprogram.png","datePublished":"2020-07-21T10:31:16+00:00","dateModified":"2022-01-23T17:17:54+00:00","breadcrumb":{"@id":"https:\/\/seed.hu\/hirek\/uj-celcsoporttal-es-intenziv-mentoralasi-folyamat-lehetosegevel-bovul-a-szemelyes-vallalkozoi-mentorprogram\/#breadcrumb"},"inLanguage":"en-US","potentialAction":[{"@type":"ReadAction","target":["https:\/\/seed.hu\/hirek\/uj-celcsoporttal-es-intenziv-mentoralasi-folyamat-lehetosegevel-bovul-a-szemelyes-vallalkozoi-mentorprogram\/"]}]},{"@type":"ImageObject","inLanguage":"en-US","@id":"https:\/\/seed.hu\/hirek\/uj-celcsoporttal-es-intenziv-mentoralasi-folyamat-lehetosegevel-bovul-a-szemelyes-vallalkozoi-mentorprogram\/#primaryimage","url":"https:\/\/seed.hu\/wp-content\/uploads\/2021\/04\/Orsza\u0301gos-Va\u0301llalkozo\u0301i-Mentorprogram.png","contentUrl":"https:\/\/seed.hu\/wp-content\/uploads\/2021\/04\/Orsza\u0301gos-Va\u0301llalkozo\u0301i-Mentorprogram.png","width":773,"height":774},{"@type":"BreadcrumbList","@id":"https:\/\/seed.hu\/hirek\/uj-celcsoporttal-es-intenziv-mentoralasi-folyamat-lehetosegevel-bovul-a-szemelyes-vallalkozoi-mentorprogram\/#breadcrumb","itemListElement":[{"@type":"ListItem","position":1,"name":"H\u00edrek","item":"https:\/\/seed.hu\/hirek\/"},{"@type":"ListItem","position":2,"name":"\u00daj c\u00e9lcsoporttal \u00e9s intenz\u00edv mentor\u00e1l\u00e1si folyamat lehet\u0151s\u00e9g\u00e9vel b\u0151v\u00fcl a Szem\u00e9lyes V\u00e1llalkoz\u00f3i Mentorprogram"}]},{"@type":"WebSite","@id":"https:\/\/seed.hu\/#website","url":"https:\/\/seed.hu\/","name":"Seed","description":"","potentialAction":[{"@type":"SearchAction","target":{"@type":"EntryPoint","urlTemplate":"https:\/\/seed.hu\/?s={search_term_string}"},"query-input":{"@type":"PropertyValueSpecification","valueRequired":true,"valueName":"search_term_string"}}],"inLanguage":"en-US"}]}},"_links":{"self":[{"href":"https:\/\/seed.hu\/en\/wp-json\/wp\/v2\/hirek\/1027","targetHints":{"allow":["GET"]}}],"collection":[{"href":"https:\/\/seed.hu\/en\/wp-json\/wp\/v2\/hirek"}],"about":[{"href":"https:\/\/seed.hu\/en\/wp-json\/wp\/v2\/types\/hirek"}],"wp:featuredmedia":[{"embeddable":true,"href":"https:\/\/seed.hu\/en\/wp-json\/wp\/v2\/media\/338"}],"wp:attachment":[{"href":"https:\/\/seed.hu\/en\/wp-json\/wp\/v2\/media?parent=1027"}],"curies":[{"name":"wp","href":"https:\/\/api.w.org\/{rel}","templated":true}]}}