{"id":1028,"date":"2020-09-15T10:29:00","date_gmt":"2020-09-15T08:29:00","guid":{"rendered":"https:\/\/seed.hu\/?post_type=hirek&#038;p=1028"},"modified":"2022-01-23T18:20:14","modified_gmt":"2022-01-23T17:20:14","slug":"a-fokusz-most-nem-rajtunk-hanem-a-bajba-kerult-vallalkozasokon-van-interju-lakatosne-lukacs-zsuzsannaval-a-seed-alapitvany-ugyvezetojevel","status":"publish","type":"hirek","link":"https:\/\/seed.hu\/en\/hirek\/a-fokusz-most-nem-rajtunk-hanem-a-bajba-kerult-vallalkozasokon-van-interju-lakatosne-lukacs-zsuzsannaval-a-seed-alapitvany-ugyvezetojevel\/","title":{"rendered":"A f\u00f3kusz most nem rajtunk, hanem a bajba ker\u00fclt v\u00e1llalkoz\u00e1sokon van Interj\u00fa Lakatosn\u00e9 Luk\u00e1cs Zsuzsann\u00e1val, a SEED Alap\u00edtv\u00e1ny \u00fcgyvezet\u0151j\u00e9vel"},"content":{"rendered":"<p><img decoding=\"async\" style=\"width: 200px; height: 292px;\" src=\"http:\/\/seed.hu\/files\/attachments\/inline\/llzs-videkveled-400.jpg\" alt=\"\" \/><\/p>\n<p><strong>Szeptember 4-\u00e9n \u00fcl\u00e9st tartott a SEED Alap\u00edtv\u00e1ny kurat\u00f3riuma, amelyen a gr\u00e9mium \u00e1ttekintette a SEED tavalyi teljes\u00edtm\u00e9ny\u00e9t, a 2020 eddigi id\u0151szak\u00e1ban v\u00e9gzett tev\u00e9kenys\u00e9g\u00e9t \u00e9s a j\u00f6v\u0151re vonatkoz\u00f3 terveit. Ez j\u00f3 aprop\u00f3ul szolg\u00e1lt arra, hogy mi is ugyanezekr\u0151l a t\u00e9m\u00e1kr\u00f3l besz\u00e9lgess\u00fcnk Lakatosn\u00e9 Luk\u00e1cs Zsuzsann\u00e1val.<\/strong><\/p>\n<p><strong>Milyen teljes\u00edtm\u00e9nyr\u0151l tudott besz\u00e1molni a kurat\u00f3riumnak?<\/strong><\/p>\n<p>A test\u00fcletnek beny\u00fajtott besz\u00e1mol\u00f3ban is annak a bemutat\u00e1s\u00e1ra helyezt\u00fck a legnagyobb hangs\u00falyt, hogy melyek voltak azok a szakmai tev\u00e9kenys\u00e9gek, amelyeket tavaly ell\u00e1ttunk, illetve azt pr\u00f3b\u00e1ltuk kiemelni, mik voltak a v\u00e1ltoz\u00e1sok az el\u0151z\u0151 id\u0151szakhoz k\u00e9pest.<\/p>\n<p>Az idei \u00e9s a tavalyi \u00e9v\u00fcnket is meghat\u00e1rozza a legnagyobb fut\u00f3 projekt\u00fcnk, az Orsz\u00e1gos V\u00e1llalkoz\u00f3i Mentorprogram. A kapacit\u00e1saink nagy r\u00e9sz\u00e9t ez a projekt fedi le, \u00e9s j\u00e1tssza a legnagyobb szerepet az eredm\u00e9ny\u00fcnk alakul\u00e1s\u00e1ban is. Ugyanakkor az \u00e9vnek ezen a szakasz\u00e1ban m\u00e1r egyre ink\u00e1bb arra f\u00f3kusz\u00e1lunk, hogy mik lesznek a j\u00f6v\u0151 \u00e9vi teljes\u00edtm\u00e9ny\u00fcnket megalapoz\u00f3 projektek.<\/p>\n<p>Tavaly, az egy \u00e9vvel kor\u00e1bbihoz k\u00e9pest sz\u00e1mottev\u0151en megn\u00f6vekedett a munk\u00e1nkban a k\u00e9pz\u00e9sek s\u00falya: az ebb\u0151l a tev\u00e9kenys\u00e9gb\u0151l sz\u00e1rmaz\u00f3 bev\u00e9teleink \u00e9s a programjaink sz\u00e1ma egyar\u00e1nt megdupl\u00e1z\u00f3dott. Az \u00e9v 365 napj\u00e1b\u00f3l 122 napoon voltak tr\u00e9ningjeink, amelyeken mintegy 250 f\u0151 vett r\u00e9szt. Ezek \u00a0elk\u00e9peszt\u0151en nagy sz\u00e1mok \u00fagy, hogy tev\u00e9kenys\u00e9g\u00fcnknek ez csak az egyik r\u00e9szter\u00fclete! Ezt nagyon pozit\u00edvnak \u00e9rt\u00e9kelte a gr\u00e9mium. R\u00e1ad\u00e1sul nemcsak t\u00f6bb tud\u00e1st tudtunk \u00edgy \u00e1tadni a v\u00e1llalkoz\u00f3knak, hanem a kor\u00e1bbin\u00e1l t\u00f6bb vid\u00e9ki \u2013 ez alatt a budapesti \u00e9s Pest megyei r\u00e9gi\u00f3n k\u00edv\u00fcli ter\u00fcleteket \u00e9rtem \u2013 v\u00e1llalkoz\u00e1st tudtunk el\u00e9rni.<\/p>\n<p>Fontosnak tartottuk 2019-ben a SEED brand meger\u0151s\u00edt\u00e9s\u00e9t, az Alap\u00edtv\u00e1ny ismerts\u00e9g\u00e9nek \u00e9s elismerts\u00e9g\u00e9nek n\u00f6vel\u00e9s\u00e9t. Ezt a t\u00f6rekv\u00e9s\u00fcnket a mentorprogram \u00e9s a vid\u00e9ki k\u00e9pz\u00e9sek egyar\u00e1nt t\u00e1mogatt\u00e1k, \u00fagyhogy az egy \u00e9vvel kor\u00e1bbi \u00e1llapothoz k\u00e9pest sokkal t\u00f6bb helyen jelent\u00fcnk meg, ak\u00e1r a programjaink kapcs\u00e1n, illetve egyre t\u00f6bbsz\u00f6r szak\u00e9rt\u0151k\u00e9nt. Ezt az ir\u00e1nyt igyeksz\u00fcnk majd tartani a j\u00f6v\u0151ben is.<\/p>\n<p><strong>Hogyan hatott az Alap\u00edtv\u00e1ny tev\u00e9kenys\u00e9g\u00e9re a koronav\u00edrus-j\u00e1rv\u00e1ny?<\/strong><\/p>\n<p>Az idei \u00e9vet nagy lend\u00fclettel kezdt\u00fck: folytattuk a mentorprogramot, egyre t\u00f6bb k\u00e9pz\u00e9st tervezt\u00fcnk, az \u0151szi id\u0151szakra pedig m\u00e1r piaci alapon \u00e1ll\u00f3 tr\u00e9ningeket szerett\u00fcnk volna meghirdetni. Azt\u00e1n vill\u00e1mcsap\u00e1sk\u00e9nt meg\u00e9rkezett a j\u00e1rv\u00e1ny, minden a feje tetej\u00e9re \u00e1llt, \u00e9s arra k\u00e9nyszer\u00edtett benn\u00fcnket, hogy \u00fajragondoljuk a terveinket, a tev\u00e9kenys\u00e9g\u00fcnket. P\u00e9ld\u00e1ul a jubileumi, 10 \u00e9ves Dobbant\u00f3 Programot f\u00e9l\u00faton \u00e9rte a \u201ecsap\u00e1s\u201d, \u00e9s az addig a szem\u00e9lyes jelenl\u00e9tre \u00e9p\u00fcl\u0151, a networkinget el\u0151t\u00e9rbe helyez\u0151 k\u00e9pz\u00e9st hirtelen online alapokra kellett helyezni. Kor\u00e1bban sokat gondolkodtunk azon, hogy a Dobbant\u00f3t, vagy legal\u00e1bbis egyes elemeit lehet-e online m\u00f3don v\u00e9gezni, most azonban ez m\u00e1r nem volt k\u00e9rd\u00e9s, meg kellett csin\u00e1lni.<\/p>\n<p>Mint mindenki m\u00e1snak, nek\u00fcnk is meg kellett oldanunk az otthonr\u00f3l t\u00f6rt\u00e9n\u0151 munkav\u00e9gz\u00e9st. A szervezet l\u00e9tsz\u00e1ma tavaly 4-r\u0151l 11 f\u0151re emelkedett, \u00fagyhogy magunkon is ki kellett pr\u00f3b\u00e1lni azt, amir\u0151l a digit\u00e1lis k\u00e9pz\u00e9seinken besz\u00e9lt\u00fcnk. A feladatot megoldottuk, a koll\u00e9g\u00e1k j\u00f3l \u00e9s rugalmasan alkalmazkodtak a megv\u00e1ltozott k\u00f6r\u00fclm\u00e9nyekhez. 2020 egyik feladat\u00e1nak kit\u0171zt\u00fck a folyamataink digitaliz\u00e1l\u00e1s\u00e1t, ami gyorsabban megval\u00f3sult, mint ahogyan tervezt\u00fck.<\/p>\n<p>\u00d6sszess\u00e9g\u00e9ben teh\u00e1t a v\u00e1ls\u00e1g kicsit megnehez\u00edtette az \u00e9let\u00fcnket, de \u2013 \u00e9s ez a pozit\u00edv hat\u00e1sa \u2013 l\u00f6k\u00e9st adott ahhoz, hogy t\u00f6bb, m\u00e1r r\u00e9g\u00f3ta tervezett folyamatot v\u00e9gig vigy\u00fcnk, megval\u00f3s\u00edtsunk.<\/p>\n<p><strong>Hogyan pr\u00f3b\u00e1lt\u00e1k seg\u00edteni a v\u00e1llalkoz\u00f3kat az \u00faj helyzetben?<\/strong><\/p>\n<p>Nagyon fontosnak tartottuk, hogy ebben a neh\u00e9z helyzetben is \u00e9rezz\u00e9k a v\u00e1llalkoz\u00f3k, hogy mellett\u00fck \u00e1llunk, hogy r\u00e1nk sz\u00e1m\u00edthatnak. Ez\u00e9rt egyfel\u0151l l\u00e9trehoztuk a V\u00e9szhelyzet.info elnevez\u00e9s\u0171 projektoldalt a tanacsadas.seed.hu oldalon, amely k\u00f6r\u00e9 megszervezt\u00fcnk egy kiterjedt tan\u00e1csad\u00f3i k\u00f6rt. A v\u00e1llalkoz\u00f3k ezen az oldalon ingyen juthattak a m\u0171k\u00f6d\u00e9s\u00fcket \u00e9rint\u0151 tan\u00e1csokhoz, jogi, szervezeti, marketing \u00e9s egy\u00e9b \u00fcgyekben. Ez a vel\u00fcnk egy\u00fcttm\u0171k\u00f6d\u0151 szak\u00e9rt\u0151k \u00f6nk\u00e9ntes felaj\u00e1nl\u00e1s\u00e1val tudott megval\u00f3sulni, rendk\u00edv\u00fcl b\u00fcszke vagyok az \u0151 elk\u00f6telez\u0151d\u00e9s\u00fckre is.<\/p>\n<p>Az sem volt k\u00e9rd\u00e9s egyetlen percig sem, hogy a mentorprogramot az \u00faj helyzetben is folytatjuk, \u00e9s az online t\u00e9rbe terelj\u00fck. A v\u00e1llalkoz\u00f3inknak nagyon nagy seg\u00edts\u00e9g volt, hogy ebben a neh\u00e9z id\u0151szakban tapasztalt v\u00e1llalkoz\u00f3k \u00e1llnak mellett\u00fck. A Dobbant\u00f3t, amint m\u00e1r eml\u00edtettem, szint\u00e9n online m\u00f3don vitt\u00fck tov\u00e1bb, esz\u00fcnkbe sem jutott, hogy le\u00e1ll\u00edtsuk. Ugyanakkor ehhez nemcsak mi kellett\u00fcnk, hanem a v\u00e1llalkoz\u00f3k is, akik szint\u00e9n nagyon rugalmasan alkalmazkodtak az \u00faj helyzethez.<\/p>\n<p>Mindemellett elind\u00edtottunk egy t\u00edzr\u00e9szes online sorozatot, Online V\u00e1llalkoz\u00f3i F\u00f3rum n\u00e9ven, amelyben egy v\u00e1llalkoz\u00f3 \u00e9s egy szak\u00e9rt\u0151 a v\u00e1llalkoz\u00e1sokat \u00e9rint\u0151 aktu\u00e1lis k\u00e9rd\u00e9sekr\u0151l besz\u00e9lgetett, v\u00e1llalkoz\u00f3i esettanulm\u00e1nyok bemutat\u00e1s\u00e1val. Ez, amint a v\u00e9szhelyzeti tan\u00e1csad\u00e1s, szint\u00e9n ingyenes volt, mert \u00fagy gondoltuk, hogy a neh\u00e9z helyzetbe ker\u00fclt v\u00e1llalkoz\u00f3knak sz\u00fcks\u00e9g\u00fck van erre a tud\u00e1sra, mik\u00f6zben anyagi er\u0151forr\u00e1saikat most m\u00e1s ter\u00fcletekre kell koncentr\u00e1lniuk a t\u00fal\u00e9l\u00e9s\u00fck \u00e9rdek\u00e9ben. Ez a sorozat egy\u00e9bk\u00e9nt annyira n\u00e9pszer\u0171 lett, hogy \u0151sszel k\u00f6vetkezik a folytat\u00e1s, szint\u00e9n t\u00edz r\u00e9szben.<\/p>\n<p><strong>Kicsit t\u00e9rj\u00fcnk vissza a Szem\u00e9lyes V\u00e1llalkoz\u00f3i Mentorprogramra. Sz\u00e1momra nem az volt a k\u00e9rd\u00e9s, hogy a mentor \u00e9s a mentor\u00e1lt esetleg nem tud digit\u00e1lisan egy\u00fcttm\u0171k\u00f6dni, \u00e9s ez\u00e9rt le\u00e1ll az egy\u00fcttm\u0171k\u00f6d\u00e9s\u00fck, hanem ink\u00e1bb az, hogy a v\u00e1ls\u00e1g nagyon \u00e9rz\u00e9kenyen \u00e9rinti a programban r\u00e9szt vev\u0151 v\u00e1llalkoz\u00e1sokat, esetleg a megsz\u0171n\u00e9s\u00fcket okozva.<\/strong><\/p>\n<p>Nagyon kellett a mentorok jelenl\u00e9te, seg\u00edts\u00e9ge, azzal egy\u00fctt, hogy a v\u00e1ls\u00e1g nemcsak a mentor\u00e1ltak, hanem a mentorok v\u00e1llalkoz\u00e1s\u00e1t is \u00e9rintette. Most der\u00fclt ki, hogy mennyire fontos az, amiben mi mindig is hitt\u00fcnk, hogy egy k\u00fcls\u0151 szem n\u00e9zzen r\u00e1 a v\u00e1llalkoz\u00e1sra. \u00c9ppen a k\u00f6zelm\u00faltban k\u00e9rtem a program szuperv\u00edzorait\u00f3l gyakorlati p\u00e9ld\u00e1kat arra, hogy hatott a v\u00e1ls\u00e1g a programra, az egyes mentor\u00e1l\u00e1si folyamatokra, \u00e9s hogyan siker\u00fclt kezelni az \u00e9lesebb helyezeteket. Sok esetben az seg\u00edtett a v\u00e1llalkoz\u00e1s t\u00fal\u00e9l\u00e9s\u00e9ben, hogy a mentor r\u00e1 tudott mutatni olyan tev\u00e9kenys\u00e9gekre, amelyeket az adott helyzetben el kellett hagyni. Volt olyan takar\u00edt\u00f3 c\u00e9g, amelyik m\u00e1r a k\u00fclpiacra l\u00e9p\u00e9st fontolgatta, de a hat\u00e1rz\u00e1r miatt k\u00fclf\u00f6ldre nem lehetett menni, a home office miatt irod\u00e1kat nem kellett takar\u00edtani. \u00cdgy \u00a0ebben a helyzetben a c\u00e9g a m\u00e1sik l\u00e1b\u00e1t, a gyerekek t\u00e1boroztat\u00e1s\u00e1t er\u0151s\u00edtette meg, amib\u0151l eg\u00e9sz ny\u00e1ron sz\u00fcletett bev\u00e9tele. Tudott teh\u00e1t f\u00f3kuszt v\u00e1ltani, \u00e9s ebben seg\u00edtette \u0151t e mentor. Sokan ford\u00edtottak egy\u00e9bk\u00e9nt id\u0151t \u00e9s energi\u00e1t arra, hogy amikor kevesebb volt a munka, a feladat, a saj\u00e1t szem\u00e9lyes k\u00e9szs\u00e9geiket fejlessz\u00e9k. A mentorprogram teh\u00e1t ezekben a neh\u00e9z id\u0151kben is nagyon j\u00f3l vizsg\u00e1zott.<\/p>\n<p><strong>A SEED, amely alapvet\u0151en n\u0151i v\u00e1llalkoz\u00f3k fejleszt\u00e9s\u00e9re, t\u00e1mogat\u00e1s\u00e1ra helyezte a hangs\u00falyt az elm\u00falt 30 \u00e9vben, n\u00e9h\u00e1ny \u00e9ve nyitott a f\u00e9rfi v\u00e1llalkoz\u00f3k ir\u00e1ny\u00e1ba. Ez az ir\u00e1nyvonal marad?<\/strong><\/p>\n<p>K\u00e9t \u00e9ve t\u0171zt\u00fck ki azt c\u00e9lt, hogy nyitunk a gener\u00e1ci\u00f3v\u00e1lt\u00f3 csal\u00e1di v\u00e1llalkoz\u00e1sok \u00e9s a digitaliz\u00e1ci\u00f3 kih\u00edv\u00e1saival k\u00fczd\u0151 v\u00e1llalkoz\u00f3k fel\u00e9, f\u00fcggetlen\u00fcl att\u00f3l, hogy n\u0151i vagy f\u00e9rfi v\u00e1llalkoz\u00e1sokr\u00f3l, v\u00e1llalkoz\u00f3kr\u00f3l van sz\u00f3. Ezt ma is fontosnak tartjuk, \u00e9s a mentorprogramnak ezen v\u00e1llalkoz\u00f3i k\u00f6r\u00f6k a c\u00e9lcsoportjai, de p\u00e9ld\u00e1ul a Csal\u00e1di V\u00e1llalkoz\u00e1sok Orsz\u00e1gos Sz\u00f6vets\u00e9g\u00e9vel strat\u00e9giai partners\u00e9gben m\u00e1s utakon-m\u00f3dokon is t\u00e1mogatjuk, seg\u00edtj\u00fck a gener\u00e1ci\u00f3v\u00e1lt\u00e1s folyamat\u00e1t. Az egy\u00fcttm\u0171k\u00f6d\u00e9s r\u00e9sze a szeml\u00e9letform\u00e1l\u00e1s, els\u0151sorban az \u00e1tad\u00f3k szeml\u00e9let\u00e9nek form\u00e1l\u00e1sa, illetve az inform\u00e1ci\u00f3k \u00e1raml\u00e1s\u00e1nak el\u0151seg\u00edt\u00e9se \u00e1tad\u00f3 \u00e9s leend\u0151 \u00e1tvev\u0151 k\u00f6z\u00f6tt.<\/p>\n<p>A digitaliz\u00e1ci\u00f3s k\u00e9pz\u00e9seink szint\u00e9n mindk\u00e9t nembe tartoz\u00f3 v\u00e1llalkoz\u00f3k r\u00e9sz\u00e9re nyitottak. Kezdetben, amikor m\u00e9g a Dobbant\u00f3 keret\u00e9ben tartottunk ilyen k\u00e9pz\u00e9seket, ez nem \u00edgy volt, akkor h\u00f6lgyeknek tartottunk 2&#215;1\/2 napos k\u00e9pz\u00e9seket. Azut\u00e1n a COVID-id\u0151szak r\u00e1mutatott arra, hogy ezeket \u00e9rdemes tematiz\u00e1lni \u00e9s kinyitni. Ennek megfelel\u0151en szervezt\u00fcnk egynapos k\u00e9pz\u00e9seket, valamint egy n\u00e9gynapos, elm\u00e9leti \u00e9s gyakorlati k\u00e9pz\u00e9st egyar\u00e1nt mag\u00e1ba foglal\u00f3 kurzust, amelyeket n\u0151k \u00e9s f\u00e9rfiak egyar\u00e1nt l\u00e1togathatnak.<\/p>\n<p><strong>A t\u00f6bb k\u00e9pz\u00e9shez nyilv\u00e1n t\u00f6bb tr\u00e9ner is kell. Siker\u00fclt kialak\u00edtani azt a tr\u00e9nercsapatot, amelyikkel hossz\u00fa t\u00e1von egy\u00fcttm\u0171k\u00f6dik a SEED?<\/strong><\/p>\n<p>Tavaly \u00e9v elej\u00e9n m\u00e9g h\u00e1rom tr\u00e9nercsapattal dolgoztunk, most \u0151szre pedig kialakult az a k\u00e9t csapat, amelyikkel hossz\u00fa t\u00e1von tervezz\u00fck a k\u00f6z\u00f6s munk\u00e1t. \u0150k mindannyian egyetemi oktat\u00f3k \u00e9s gyakorl\u00f3 v\u00e1llalkoz\u00f3k egyben, amit \u00e9n szem\u00e9ly szerint nagyon l\u00e9nyegesnek tartok: nemcsak tan\u00edtj\u00e1k, hanem csin\u00e1lj\u00e1k is a szakm\u00e1t. Elm\u00e9let \u00e9s gyakorlat szerencs\u00e9sen tal\u00e1lkozik a tr\u00e9nereink tud\u00e1s\u00e1ban, ez\u00e9rt hitelesek a v\u00e1llalkoz\u00f3k szem\u00e9ben. Az \u00e9rt\u00e9kel\u00e9sek tekintet\u00e9ben hozt\u00e1k \u00e9s hozz\u00e1k ugyanazt a szintet, amit a SEED Alap\u00edtv\u00e1ny \u00fcgyfelei megszokhattak.<\/p>\n<p><strong>Mi a SEED c\u00e9lja ebben a j\u00e1rv\u00e1ny \u00e1ltal domin\u00e1lt, nem mindennapi helyzetben?<\/strong><\/p>\n<p>Am\u00edg b\u00e9keid\u0151ben arra t\u00f6rekedt\u00fcnk, hogy a k\u00e9pz\u00e9seink min\u00e9l ismertebbek, elismertebbek legyenek, s egyre t\u00f6bben jelentkezzenek r\u00e1juk, ezzel nyilv\u00e1n bev\u00e9telt is gener\u00e1lva nek\u00fcnk, most, ebben a speci\u00e1lis szitu\u00e1ci\u00f3ban \u00e1tmenetileg f\u00e9lretett\u00fck a bev\u00e9teli c\u00e9ljainkat, \u00e9s els\u0151sorban arra koncentr\u00e1lunk, hogy a bajba jutott v\u00e1llalkoz\u00e1sok r\u00e9szben a mi seg\u00edts\u00e9g\u00fcnkkel \u00e1t tudj\u00e1k v\u00e9szelni ezeket a neh\u00e9z id\u0151ket. A f\u00f3kuszt teh\u00e1t saj\u00e1t magunkr\u00f3l \u00e1tir\u00e1ny\u00edtottuk a bajba jutott v\u00e1llalkoz\u00e1sokra, s seg\u00edtj\u00fck \u0151ket szolg\u00e1ltat\u00e1sokkal, k\u00e9pz\u00e9sekkel. Olyan id\u0151szakot \u00e9l\u00fcnk, amikor a v\u00e1llalkoz\u00e1sok j\u00f3 r\u00e9sze nem tudja megfizetni a szolg\u00e1ltat\u00e1sainkat, de a talpon marad\u00e1sukhoz sz\u00fcks\u00e9g\u00fck van a seg\u00edts\u00e9g\u00fcnkre. Mindezt nyilv\u00e1n nem tehetn\u00e9nk meg a tulajdonosok t\u00e1mogat\u00e1sa n\u00e9lk\u00fcl, akik teljes m\u00e9rt\u00e9kben egyet\u00e9rtenek ezzel az elk\u00e9pzel\u00e9ssel.<\/p>\n<p><strong>Milyen k\u00e9pz\u00e9sekben, seg\u00edts\u00e9gben gondolkodnak az id\u00e9n?<\/strong><\/p>\n<p>M\u00e9g a v\u00e1ls\u00e1g els\u0151 szakasz\u00e1ban l\u00e9trehoztuk a v\u00e9szhelyzeti inform\u00e1ci\u00f3s programunkat \u201eV\u00e9szhelyzet.info \u2013 K\u00e9rdezz, a tan\u00e1csad\u00f3 seg\u00edt\u201d c\u00edmmel, amelyet tov\u00e1bbra is fenntartunk.<\/p>\n<p>Ezen k\u00edv\u00fcl folytatjuk a tavasszal elind\u00edtott Online V\u00e1llalkoz\u00f3i F\u00f3rumunkat, amelynek 10 r\u00e9sz\u00e9ben 10, a v\u00e1llalkoz\u00f3k sz\u00e1m\u00e1ra fontos t\u00e9m\u00e1t dolgozunk fel, r\u00e9szenk\u00e9nt egy v\u00e1llalkoz\u00f3 \u00e9s egy tan\u00e1csad\u00f3 k\u00f6zrem\u0171k\u00f6d\u00e9s\u00e9vel.<\/p>\n<p>Term\u00e9szetesen folytat\u00f3dik a Budapest Bankkal k\u00f6z\u00f6s Dobbant\u00f3 Program, amelyet az el\u0151z\u0151 kurzus tapasztalatib\u00f3l tanulva online m\u00f3don val\u00f3s\u00edtunk meg.<\/p>\n<p>Az \u0151sszel indul\u00f3 k\u00e9pz\u00e9seinkben a digit\u00e1lis kompetenci\u00e1k fejleszt\u00e9s\u00e9n lesz a hangs\u00faly, ami a home office vil\u00e1g\u00e1ban, \u00fagy gondolom, elengedhetetlen ir\u00e1ny. Lesznek r\u00f6videbb, az alapvet\u0151 IT tud\u00e1s megszerz\u00e9s\u00e9re koncentr\u00e1l\u00f3 k\u00e9pz\u00e9seink, \u00e9s lesznek hosszabb, n\u00e9gynapos kurzusok, amelyekben m\u00e1r a v\u00e1llalkoz\u00e1s hat\u00e9konys\u00e1g\u00e1t jav\u00edt\u00f3 digit\u00e1lis megold\u00e1sok teljes t\u00e1rh\u00e1za is ter\u00edt\u00e9kre ker\u00fcl.<\/p>\n<p>Figyelembe v\u00e9ve a v\u00e1llalkoz\u00e1sok ig\u00e9nyeit, ind\u00edtunk k\u00e9t egynapos k\u00e9pz\u00e9st, az egyiket marketing \u00e9s online marketing, a m\u00e1sikat kommunik\u00e1ci\u00f3 \u00e9s tartalomgy\u00e1rt\u00e1s t\u00e9m\u00e1ban.<\/p>\n<p><strong>Besz\u00e9lt\u00fcnk arr\u00f3l, hogy a SEED Alap\u00edtv\u00e1ny nyitott a f\u00e9rfi v\u00e1llalkoz\u00f3k ir\u00e1ny\u00e1ba, de a n\u0151i v\u00e1llalkoz\u00f3k elismerts\u00e9g\u00e9nek n\u00f6vel\u00e9s\u00e9t ezzel egy\u00fctt tov\u00e1bbra is nagyon l\u00e9nyegesnek tartja. Az Alap\u00edtv\u00e1ny, egyik fontos partner\u00e9vel, a Sikeres N\u0151k Egyes\u00fclet\u00e9vel k\u00f6z\u00f6sen, tavaly hirdette meg el\u0151sz\u00f6r a legsikeresebb \u00e9s leginspirat\u00edvabb n\u0151i v\u00e1llalkoz\u00f3k, n\u0151i vezet\u0151k megtal\u00e1l\u00e1s\u00e1t \u00e9s bemutat\u00e1s\u00e1t c\u00e9lul t\u0171z\u0151 p\u00e1ly\u00e1zat\u00e1t, amelyet az id\u00e9n \u00fajabb p\u00e1ly\u00e1zati fordul\u00f3 k\u00f6vetett. Marad ez az ir\u00e1ny a j\u00f6v\u0151ben is?<\/strong><\/p>\n<p>A 2019-es \u00e9s a 2020-as p\u00e1ly\u00e1zat k\u00f6z\u00f6tt a legnagyobb k\u00fcl\u00f6nbs\u00e9g az volt, hogy egy \u00e9vvel ezel\u0151tt sokkal t\u00f6bben adtak be p\u00e1ly\u00e1zatot, mint az id\u00e9n. Emiatt ak\u00e1r el is szomorodhatn\u00e1nk, de egyfel\u0151l a p\u00e1ly\u00e1zatok sz\u00e1m\u00e1nak alakul\u00e1s\u00e1ra nyilv\u00e1n hat\u00e1ssal volt a v\u00e1ls\u00e1ghelyzet, amelyben kevesebben \u00e9rezhett\u00e9k \u00fagy, hogy \u0151k sikeresen k\u00fczd\u00f6ttek meg a kr\u00edzissel, m\u00e1sfel\u0151l pedig a beadott p\u00e1ly\u00e1zatok rendk\u00edv\u00fcl sz\u00ednvonalasak \u00e9s inspir\u00e1l\u00f3k voltak. Ezt a tev\u00e9kenys\u00e9get vissz\u00fck tov\u00e1bb, mert a n\u0151i v\u00e1llalkoz\u00e1sfejleszt\u00e9snek mark\u00e1ns r\u00e9sze a pozit\u00edv p\u00e9ld\u00e1k bemutat\u00e1sa. \u00c9s egy\u00e1ltal\u00e1n nem mellesleg ez a projekt a SEED j\u00f3 h\u00edr\u00e9t is viszi a vil\u00e1gba.<\/p>\n<p><strong>Mindabb\u00f3l, amit eddig elmondott, l\u00e1thattuk, hogy j\u00f3l m\u0171k\u00f6dik a mentorprogram, \u00faj elemekkel gyarapodott a SEED k\u00e9pz\u00e9si palett\u00e1ja. Azonban a Szem\u00e9lyes V\u00e1llalkoz\u00f3i Mentorprogram, amely ma az Alap\u00edtv\u00e1ny tev\u00e9kenys\u00e9g\u00e9nek jelent\u0151s r\u00e9sz\u00e9t adja, bel\u00e1that\u00f3 id\u0151n bel\u00fcl kifut. Milyen \u00fajabb projektekben gondolkodnak, amely az ezt k\u00f6vet\u0151 id\u0151szakban lend\u00fcletben tarja a szervezetet?<\/strong><\/p>\n<p>A mentorprogram nemcsak nek\u00fcnk fontos, hanem a v\u00e1llalkoz\u00f3knak is, ez\u00e9rt nagyon szeretn\u00e9nk azt valamilyen m\u00f3don tov\u00e1bbvinni. \u00c9n azt gondolom, hogy ennek van realit\u00e1sa, k\u00fcl\u00f6n\u00f6sen, hogy mi ebben a \u201em\u0171fajban\u201d nagyon komoly tapasztalatokat szerezt\u00fcnk az elm\u00falt \u00e9vekben.<\/p>\n<p>A k\u00e9pz\u00e9seinket szeretn\u00e9nk egyre nagyobb m\u00e9rt\u00e9kben piaci alapokra helyezni, rem\u00e9nykedve abban, hogy el\u0151bb-ut\u00f3bb be\u00e1ll az \u00e9let \u00e9s a gazdas\u00e1g egy tervezhet\u0151bb ir\u00e1nyba. A t\u00edz\u00e9ves Dobbant\u00f3t is tervezz\u00fck folytatni, most m\u00e1r f\u0151k\u00e9nt online keretek k\u00f6z\u00f6tt, de a konzultat\u00edv, k\u00f6z\u00f6ss\u00e9gteremt\u0151 erej\u00e9t megtartva. Rem\u00e9nyeink szerint ez el\u0151seg\u00edti, hogy azok a h\u00f6lgyek, akik eddig nem tudt\u00e1k v\u00e1llalni a Budapestre t\u00f6rt\u00e9n\u0151 utaz\u00e1st, vagy az id\u0151beoszt\u00e1suk akad\u00e1lyozta meg \u0151ket a r\u00e9szv\u00e9telben, jobban be tudjanak kapcsol\u00f3dni a programba. Elk\u00e9sz\u00fclt a Dobbant\u00f3 elm\u00falt t\u00edz \u00e9v\u00e9t \u00e1tfog\u00f3 el\u00e9gedetts\u00e9gi felm\u00e9r\u00e9s, amelynek eredm\u00e9nyeit r\u00f6videsen publik\u00e1lni fogjuk a Budapest Bankkal, mint a program t\u00e1mogat\u00f3j\u00e1val k\u00f6z\u00f6sen.<\/p>\n<p>A v\u00e1llalkoz\u00f3i k\u00f6z\u00f6ss\u00e9gek \u00e9p\u00edt\u00e9se, b\u0151v\u00edt\u00e9se, fenntart\u00e1sa fontos tev\u00e9kenys\u00e9ge marad a SEED-nek a j\u00f6v\u0151ben is, \u00f6szt\u00f6n\u00f6zve, hogy a k\u00fcl\u00f6nb\u00f6z\u0151 programjainkon r\u00e9szt vett h\u00f6lgyek \u00e9s urak kapcsol\u00f3djanak egym\u00e1shoz er\u0151t mer\u00edtve v\u00e1llalkoz\u00f3i aktivit\u00e1suk folytat\u00e1s\u00e1hoz.<\/p>\n<p>Tov\u00e1bbra is nagyon l\u00e9nyegesnek tartjuk a gener\u00e1ci\u00f3v\u00e1lt\u00e1s t\u00e1mogat\u00e1s\u00e1t, els\u0151sorban a szeml\u00e9letform\u00e1l\u00e1s fel\u0151l n\u00e9zve. Err\u0151l n\u00e9h\u00e1ny napon bel\u00fcl \u2212 t\u00f6bb, hozz\u00e1nk hasonl\u00f3an elk\u00f6telezett civil szervezet t\u00e1rsas\u00e1g\u00e1ban \u2212 fontos bejelent\u00e9st fogunk tenni, amelyr\u0151l azonban t\u00f6bbet most m\u00e9g nem \u00e1rulhatok el.<\/p>\n<p><em>Bogn\u00e1r K\u00e1roly<\/em><\/p>\n","protected":false},"featured_media":792,"menu_order":0,"template":"","meta":{"_acf_changed":false},"class_list":["post-1028","hirek","type-hirek","status-publish","has-post-thumbnail","hentry"],"acf":[],"yoast_head":"<!-- This site is optimized with the Yoast SEO plugin v27.4 - https:\/\/yoast.com\/product\/yoast-seo-wordpress\/ -->\n<title>A f\u00f3kusz most nem rajtunk, hanem a bajba ker\u00fclt v\u00e1llalkoz\u00e1sokon van Interj\u00fa Lakatosn\u00e9 Luk\u00e1cs Zsuzsann\u00e1val, a SEED Alap\u00edtv\u00e1ny \u00fcgyvezet\u0151j\u00e9vel - Seed<\/title>\n<meta name=\"robots\" content=\"index, follow, max-snippet:-1, max-image-preview:large, max-video-preview:-1\" \/>\n<link rel=\"canonical\" href=\"https:\/\/seed.hu\/hirek\/a-fokusz-most-nem-rajtunk-hanem-a-bajba-kerult-vallalkozasokon-van-interju-lakatosne-lukacs-zsuzsannaval-a-seed-alapitvany-ugyvezetojevel\/\" \/>\n<meta property=\"og:locale\" content=\"en_US\" \/>\n<meta property=\"og:type\" content=\"article\" \/>\n<meta property=\"og:title\" content=\"A f\u00f3kusz most nem rajtunk, hanem a bajba ker\u00fclt v\u00e1llalkoz\u00e1sokon van Interj\u00fa Lakatosn\u00e9 Luk\u00e1cs Zsuzsann\u00e1val, a SEED Alap\u00edtv\u00e1ny \u00fcgyvezet\u0151j\u00e9vel - Seed\" \/>\n<meta property=\"og:description\" content=\"Szeptember 4-\u00e9n \u00fcl\u00e9st tartott a SEED Alap\u00edtv\u00e1ny kurat\u00f3riuma, amelyen a gr\u00e9mium \u00e1ttekintette a SEED tavalyi teljes\u00edtm\u00e9ny\u00e9t, a 2020 eddigi id\u0151szak\u00e1ban v\u00e9gzett tev\u00e9kenys\u00e9g\u00e9t \u00e9s a j\u00f6v\u0151re vonatkoz\u00f3 terveit. Ez j\u00f3 aprop\u00f3ul szolg\u00e1lt arra, hogy mi is ugyanezekr\u0151l a t\u00e9m\u00e1kr\u00f3l besz\u00e9lgess\u00fcnk Lakatosn\u00e9 Luk\u00e1cs Zsuzsann\u00e1val. Milyen teljes\u00edtm\u00e9nyr\u0151l tudott besz\u00e1molni a kurat\u00f3riumnak? A test\u00fcletnek beny\u00fajtott besz\u00e1mol\u00f3ban is annak a [&hellip;]\" \/>\n<meta property=\"og:url\" content=\"https:\/\/seed.hu\/hirek\/a-fokusz-most-nem-rajtunk-hanem-a-bajba-kerult-vallalkozasokon-van-interju-lakatosne-lukacs-zsuzsannaval-a-seed-alapitvany-ugyvezetojevel\/\" \/>\n<meta property=\"og:site_name\" content=\"Seed\" \/>\n<meta property=\"article:modified_time\" content=\"2022-01-23T17:20:14+00:00\" \/>\n<meta property=\"og:image\" content=\"https:\/\/seed.hu\/wp-content\/uploads\/2018\/04\/SEED_logo.png\" \/>\n\t<meta property=\"og:image:width\" content=\"250\" \/>\n\t<meta property=\"og:image:height\" content=\"206\" \/>\n\t<meta property=\"og:image:type\" content=\"image\/png\" \/>\n<meta name=\"twitter:card\" content=\"summary_large_image\" \/>\n<meta name=\"twitter:label1\" content=\"Est. reading time\" \/>\n\t<meta name=\"twitter:data1\" content=\"15 minutes\" \/>\n<script type=\"application\/ld+json\" class=\"yoast-schema-graph\">{\"@context\":\"https:\\\/\\\/schema.org\",\"@graph\":[{\"@type\":\"WebPage\",\"@id\":\"https:\\\/\\\/seed.hu\\\/hirek\\\/a-fokusz-most-nem-rajtunk-hanem-a-bajba-kerult-vallalkozasokon-van-interju-lakatosne-lukacs-zsuzsannaval-a-seed-alapitvany-ugyvezetojevel\\\/\",\"url\":\"https:\\\/\\\/seed.hu\\\/hirek\\\/a-fokusz-most-nem-rajtunk-hanem-a-bajba-kerult-vallalkozasokon-van-interju-lakatosne-lukacs-zsuzsannaval-a-seed-alapitvany-ugyvezetojevel\\\/\",\"name\":\"A f\u00f3kusz most nem rajtunk, hanem a bajba ker\u00fclt v\u00e1llalkoz\u00e1sokon van Interj\u00fa Lakatosn\u00e9 Luk\u00e1cs Zsuzsann\u00e1val, a SEED Alap\u00edtv\u00e1ny \u00fcgyvezet\u0151j\u00e9vel - Seed\",\"isPartOf\":{\"@id\":\"https:\\\/\\\/seed.hu\\\/#website\"},\"primaryImageOfPage\":{\"@id\":\"https:\\\/\\\/seed.hu\\\/hirek\\\/a-fokusz-most-nem-rajtunk-hanem-a-bajba-kerult-vallalkozasokon-van-interju-lakatosne-lukacs-zsuzsannaval-a-seed-alapitvany-ugyvezetojevel\\\/#primaryimage\"},\"image\":{\"@id\":\"https:\\\/\\\/seed.hu\\\/hirek\\\/a-fokusz-most-nem-rajtunk-hanem-a-bajba-kerult-vallalkozasokon-van-interju-lakatosne-lukacs-zsuzsannaval-a-seed-alapitvany-ugyvezetojevel\\\/#primaryimage\"},\"thumbnailUrl\":\"https:\\\/\\\/seed.hu\\\/wp-content\\\/uploads\\\/2018\\\/04\\\/SEED_logo.png\",\"datePublished\":\"2020-09-15T08:29:00+00:00\",\"dateModified\":\"2022-01-23T17:20:14+00:00\",\"breadcrumb\":{\"@id\":\"https:\\\/\\\/seed.hu\\\/hirek\\\/a-fokusz-most-nem-rajtunk-hanem-a-bajba-kerult-vallalkozasokon-van-interju-lakatosne-lukacs-zsuzsannaval-a-seed-alapitvany-ugyvezetojevel\\\/#breadcrumb\"},\"inLanguage\":\"en-US\",\"potentialAction\":[{\"@type\":\"ReadAction\",\"target\":[\"https:\\\/\\\/seed.hu\\\/hirek\\\/a-fokusz-most-nem-rajtunk-hanem-a-bajba-kerult-vallalkozasokon-van-interju-lakatosne-lukacs-zsuzsannaval-a-seed-alapitvany-ugyvezetojevel\\\/\"]}]},{\"@type\":\"ImageObject\",\"inLanguage\":\"en-US\",\"@id\":\"https:\\\/\\\/seed.hu\\\/hirek\\\/a-fokusz-most-nem-rajtunk-hanem-a-bajba-kerult-vallalkozasokon-van-interju-lakatosne-lukacs-zsuzsannaval-a-seed-alapitvany-ugyvezetojevel\\\/#primaryimage\",\"url\":\"https:\\\/\\\/seed.hu\\\/wp-content\\\/uploads\\\/2018\\\/04\\\/SEED_logo.png\",\"contentUrl\":\"https:\\\/\\\/seed.hu\\\/wp-content\\\/uploads\\\/2018\\\/04\\\/SEED_logo.png\",\"width\":250,\"height\":206},{\"@type\":\"BreadcrumbList\",\"@id\":\"https:\\\/\\\/seed.hu\\\/hirek\\\/a-fokusz-most-nem-rajtunk-hanem-a-bajba-kerult-vallalkozasokon-van-interju-lakatosne-lukacs-zsuzsannaval-a-seed-alapitvany-ugyvezetojevel\\\/#breadcrumb\",\"itemListElement\":[{\"@type\":\"ListItem\",\"position\":1,\"name\":\"H\u00edrek\",\"item\":\"https:\\\/\\\/seed.hu\\\/hirek\\\/\"},{\"@type\":\"ListItem\",\"position\":2,\"name\":\"A f\u00f3kusz most nem rajtunk, hanem a bajba ker\u00fclt v\u00e1llalkoz\u00e1sokon van Interj\u00fa Lakatosn\u00e9 Luk\u00e1cs Zsuzsann\u00e1val, a SEED Alap\u00edtv\u00e1ny \u00fcgyvezet\u0151j\u00e9vel\"}]},{\"@type\":\"WebSite\",\"@id\":\"https:\\\/\\\/seed.hu\\\/#website\",\"url\":\"https:\\\/\\\/seed.hu\\\/\",\"name\":\"Seed\",\"description\":\"\",\"potentialAction\":[{\"@type\":\"SearchAction\",\"target\":{\"@type\":\"EntryPoint\",\"urlTemplate\":\"https:\\\/\\\/seed.hu\\\/?s={search_term_string}\"},\"query-input\":{\"@type\":\"PropertyValueSpecification\",\"valueRequired\":true,\"valueName\":\"search_term_string\"}}],\"inLanguage\":\"en-US\"}]}<\/script>\n<!-- \/ Yoast SEO plugin. -->","yoast_head_json":{"title":"A f\u00f3kusz most nem rajtunk, hanem a bajba ker\u00fclt v\u00e1llalkoz\u00e1sokon van Interj\u00fa Lakatosn\u00e9 Luk\u00e1cs Zsuzsann\u00e1val, a SEED Alap\u00edtv\u00e1ny \u00fcgyvezet\u0151j\u00e9vel - Seed","robots":{"index":"index","follow":"follow","max-snippet":"max-snippet:-1","max-image-preview":"max-image-preview:large","max-video-preview":"max-video-preview:-1"},"canonical":"https:\/\/seed.hu\/hirek\/a-fokusz-most-nem-rajtunk-hanem-a-bajba-kerult-vallalkozasokon-van-interju-lakatosne-lukacs-zsuzsannaval-a-seed-alapitvany-ugyvezetojevel\/","og_locale":"en_US","og_type":"article","og_title":"A f\u00f3kusz most nem rajtunk, hanem a bajba ker\u00fclt v\u00e1llalkoz\u00e1sokon van Interj\u00fa Lakatosn\u00e9 Luk\u00e1cs Zsuzsann\u00e1val, a SEED Alap\u00edtv\u00e1ny \u00fcgyvezet\u0151j\u00e9vel - Seed","og_description":"Szeptember 4-\u00e9n \u00fcl\u00e9st tartott a SEED Alap\u00edtv\u00e1ny kurat\u00f3riuma, amelyen a gr\u00e9mium \u00e1ttekintette a SEED tavalyi teljes\u00edtm\u00e9ny\u00e9t, a 2020 eddigi id\u0151szak\u00e1ban v\u00e9gzett tev\u00e9kenys\u00e9g\u00e9t \u00e9s a j\u00f6v\u0151re vonatkoz\u00f3 terveit. Ez j\u00f3 aprop\u00f3ul szolg\u00e1lt arra, hogy mi is ugyanezekr\u0151l a t\u00e9m\u00e1kr\u00f3l besz\u00e9lgess\u00fcnk Lakatosn\u00e9 Luk\u00e1cs Zsuzsann\u00e1val. Milyen teljes\u00edtm\u00e9nyr\u0151l tudott besz\u00e1molni a kurat\u00f3riumnak? A test\u00fcletnek beny\u00fajtott besz\u00e1mol\u00f3ban is annak a [&hellip;]","og_url":"https:\/\/seed.hu\/hirek\/a-fokusz-most-nem-rajtunk-hanem-a-bajba-kerult-vallalkozasokon-van-interju-lakatosne-lukacs-zsuzsannaval-a-seed-alapitvany-ugyvezetojevel\/","og_site_name":"Seed","article_modified_time":"2022-01-23T17:20:14+00:00","og_image":[{"width":250,"height":206,"url":"https:\/\/seed.hu\/wp-content\/uploads\/2018\/04\/SEED_logo.png","type":"image\/png"}],"twitter_card":"summary_large_image","twitter_misc":{"Est. reading time":"15 minutes"},"schema":{"@context":"https:\/\/schema.org","@graph":[{"@type":"WebPage","@id":"https:\/\/seed.hu\/hirek\/a-fokusz-most-nem-rajtunk-hanem-a-bajba-kerult-vallalkozasokon-van-interju-lakatosne-lukacs-zsuzsannaval-a-seed-alapitvany-ugyvezetojevel\/","url":"https:\/\/seed.hu\/hirek\/a-fokusz-most-nem-rajtunk-hanem-a-bajba-kerult-vallalkozasokon-van-interju-lakatosne-lukacs-zsuzsannaval-a-seed-alapitvany-ugyvezetojevel\/","name":"A f\u00f3kusz most nem rajtunk, hanem a bajba ker\u00fclt v\u00e1llalkoz\u00e1sokon van Interj\u00fa Lakatosn\u00e9 Luk\u00e1cs Zsuzsann\u00e1val, a SEED Alap\u00edtv\u00e1ny \u00fcgyvezet\u0151j\u00e9vel - Seed","isPartOf":{"@id":"https:\/\/seed.hu\/#website"},"primaryImageOfPage":{"@id":"https:\/\/seed.hu\/hirek\/a-fokusz-most-nem-rajtunk-hanem-a-bajba-kerult-vallalkozasokon-van-interju-lakatosne-lukacs-zsuzsannaval-a-seed-alapitvany-ugyvezetojevel\/#primaryimage"},"image":{"@id":"https:\/\/seed.hu\/hirek\/a-fokusz-most-nem-rajtunk-hanem-a-bajba-kerult-vallalkozasokon-van-interju-lakatosne-lukacs-zsuzsannaval-a-seed-alapitvany-ugyvezetojevel\/#primaryimage"},"thumbnailUrl":"https:\/\/seed.hu\/wp-content\/uploads\/2018\/04\/SEED_logo.png","datePublished":"2020-09-15T08:29:00+00:00","dateModified":"2022-01-23T17:20:14+00:00","breadcrumb":{"@id":"https:\/\/seed.hu\/hirek\/a-fokusz-most-nem-rajtunk-hanem-a-bajba-kerult-vallalkozasokon-van-interju-lakatosne-lukacs-zsuzsannaval-a-seed-alapitvany-ugyvezetojevel\/#breadcrumb"},"inLanguage":"en-US","potentialAction":[{"@type":"ReadAction","target":["https:\/\/seed.hu\/hirek\/a-fokusz-most-nem-rajtunk-hanem-a-bajba-kerult-vallalkozasokon-van-interju-lakatosne-lukacs-zsuzsannaval-a-seed-alapitvany-ugyvezetojevel\/"]}]},{"@type":"ImageObject","inLanguage":"en-US","@id":"https:\/\/seed.hu\/hirek\/a-fokusz-most-nem-rajtunk-hanem-a-bajba-kerult-vallalkozasokon-van-interju-lakatosne-lukacs-zsuzsannaval-a-seed-alapitvany-ugyvezetojevel\/#primaryimage","url":"https:\/\/seed.hu\/wp-content\/uploads\/2018\/04\/SEED_logo.png","contentUrl":"https:\/\/seed.hu\/wp-content\/uploads\/2018\/04\/SEED_logo.png","width":250,"height":206},{"@type":"BreadcrumbList","@id":"https:\/\/seed.hu\/hirek\/a-fokusz-most-nem-rajtunk-hanem-a-bajba-kerult-vallalkozasokon-van-interju-lakatosne-lukacs-zsuzsannaval-a-seed-alapitvany-ugyvezetojevel\/#breadcrumb","itemListElement":[{"@type":"ListItem","position":1,"name":"H\u00edrek","item":"https:\/\/seed.hu\/hirek\/"},{"@type":"ListItem","position":2,"name":"A f\u00f3kusz most nem rajtunk, hanem a bajba ker\u00fclt v\u00e1llalkoz\u00e1sokon van Interj\u00fa Lakatosn\u00e9 Luk\u00e1cs Zsuzsann\u00e1val, a SEED Alap\u00edtv\u00e1ny \u00fcgyvezet\u0151j\u00e9vel"}]},{"@type":"WebSite","@id":"https:\/\/seed.hu\/#website","url":"https:\/\/seed.hu\/","name":"Seed","description":"","potentialAction":[{"@type":"SearchAction","target":{"@type":"EntryPoint","urlTemplate":"https:\/\/seed.hu\/?s={search_term_string}"},"query-input":{"@type":"PropertyValueSpecification","valueRequired":true,"valueName":"search_term_string"}}],"inLanguage":"en-US"}]}},"_links":{"self":[{"href":"https:\/\/seed.hu\/en\/wp-json\/wp\/v2\/hirek\/1028","targetHints":{"allow":["GET"]}}],"collection":[{"href":"https:\/\/seed.hu\/en\/wp-json\/wp\/v2\/hirek"}],"about":[{"href":"https:\/\/seed.hu\/en\/wp-json\/wp\/v2\/types\/hirek"}],"wp:featuredmedia":[{"embeddable":true,"href":"https:\/\/seed.hu\/en\/wp-json\/wp\/v2\/media\/792"}],"wp:attachment":[{"href":"https:\/\/seed.hu\/en\/wp-json\/wp\/v2\/media?parent=1028"}],"curies":[{"name":"wp","href":"https:\/\/api.w.org\/{rel}","templated":true}]}}