{"id":1031,"date":"2020-09-18T14:39:31","date_gmt":"2020-09-18T12:39:31","guid":{"rendered":"https:\/\/seed.hu\/?post_type=hirek&#038;p=1031"},"modified":"2022-01-23T18:27:04","modified_gmt":"2022-01-23T17:27:04","slug":"kkv-mento-hitelek-palyazatok-szombathely","status":"publish","type":"hirek","link":"https:\/\/seed.hu\/en\/hirek\/kkv-mento-hitelek-palyazatok-szombathely\/","title":{"rendered":"KKV-ment\u0151 hitelek, p\u00e1ly\u00e1zatok &#8211; Szombathely"},"content":{"rendered":"<p>&nbsp;<\/p>\n<table style=\"width: 600px;\" border=\"0\" cellspacing=\"1\" cellpadding=\"1\" align=\"left\">\n<tbody>\n<tr>\n<td>\n<p style=\"margin-bottom: 11px;\"><span style=\"font-size: 11pt;\"><span style=\"background: white;\"><span style=\"line-height: 107%;\"><span style=\"font-family: Calibri,sans-serif;\"><span style=\"font-size: 14.0pt;\"><span style=\"line-height: 107%;\"><span style=\"font-family: 'Times New Roman',serif;\">Tisztelt Tagt\u00e1rsunk, Partner\u00fcnk!<\/span><\/span><\/span><\/span><\/span><\/span><\/span><\/p>\n<p style=\"margin-bottom: 11px;\"><span style=\"font-size: 11pt;\"><span style=\"background: white;\"><span style=\"line-height: 107%;\"><span style=\"font-family: Calibri,sans-serif;\"><span style=\"font-size: 14.0pt;\"><span style=\"line-height: 107%;\"><span style=\"font-family: 'Times New Roman',serif;\">Szeretettel megh\u00edvjuk a PP Konferenciak\u00f6zpont <b><span style=\"color: red;\">P\u00e9nz, de honnan?<\/span><\/b> roadshowj\u00e1ra, Szombathelyre, melyen a<\/span><\/span><\/span><b><span style=\"font-size: 14.0pt;\"><span style=\"line-height: 107%;\"><span style=\"font-family: 'Times New Roman',serif;\"> SEED <\/span><\/span><\/span><\/b><span style=\"font-size: 14.0pt;\"><span style=\"line-height: 107%;\"><span style=\"font-family: 'Times New Roman',serif;\">szakmai t\u00e1mogat\u00e1st v\u00e1llalt. A konferencia ingyenes, csak regisztr\u00e1ci\u00f3 sz\u00fcks\u00e9ges hozz\u00e1.<\/span><\/span><\/span><\/span><\/span><\/span><\/span><\/p>\n<p align=\"center\"><img loading=\"lazy\" decoding=\"async\" src=\"https:\/\/salesautopilot.s3.amazonaws.com\/newsletter\/letter\/c12055\/uploads\/PDH_600x200.jpg\" alt=\"\" width=\"600\" height=\"200\" \/><\/p>\n<p style=\"text-align: center;\" align=\"center\"><span style=\"font-family: Tahoma;\"><span style=\"font-size: 11pt;\"><span style=\"line-height: normal;\"><b><span style=\"font-size: 22.0pt;\"><span style=\"color: red;\">KKV-ment\u0151 hitelek, p\u00e1ly\u00e1zatok <\/span><\/span><\/b><\/span><\/span><\/span><\/p>\n<p style=\"text-align: center;\" align=\"center\">\n<p style=\"text-align: center;\" align=\"center\"><span style=\"font-family: Tahoma;\"><span style=\"font-size: 11pt;\"><span style=\"line-height: normal;\"><b><span style=\"font-size: 18.0pt;\"><span style=\"color: red;\">\u00c9lj\u00fcnk a t\u00e1mogat\u00e1sokkal!<\/span><\/span><\/b><\/span><\/span><\/span><\/p>\n<p>&nbsp;<\/p>\n<p>&nbsp;<\/p>\n<p><span style=\"font-size: 14px;\"><span style=\"font-family: Tahoma;\"><span style=\"line-height: normal;\"><b>Region\u00e1lis roadshow kkv-d\u00f6nt\u00e9shoz\u00f3knak <\/b><\/span><\/span><\/span><\/p>\n<p>&nbsp;<\/p>\n<p style=\"text-align: center;\" align=\"center\"><span style=\"font-size: 14px;\"><span style=\"font-family: Tahoma;\"><span style=\"line-height: normal;\"><b>Szombathely <\/b>(Nyugat-Dun\u00e1nt\u00fal R\u00e9gi\u00f3)<\/span><\/span><\/span><\/p>\n<p>&nbsp;<\/p>\n<p><span style=\"font-size: 14px;\"><span style=\"font-family: Tahoma;\"><span style=\"line-height: normal;\">Kiemelt Szakmai Partner:<b> Vas Megyei Kereskedelmi \u00e9s Iparkamara <\/b><\/span><\/span><\/span><\/p>\n<p>&nbsp;<\/p>\n<p><span style=\"font-size: 14px;\"><span style=\"font-family: Tahoma;\"><span style=\"line-height: normal;\"><b>Id\u0151pont: <\/b>szeptember 24. cs\u00fct\u00f6rt\u00f6k, 9.30\u201313.30<\/span><\/span><\/span><\/p>\n<p>&nbsp;<\/p>\n<p><span style=\"font-size: 14px;\"><span style=\"font-family: Tahoma;\"><span style=\"line-height: normal;\"><b>Helysz\u00edn: <span style=\"background: white;\"><span style=\"color: red;\">Szombathely, T\u00f3vend\u00e9gl\u0151,\u00a0Rumi Rajki s\u00e9t\u00e1ny 1.<\/span><\/span><\/b><\/span><\/span><\/span><\/p>\n<p>&nbsp;<\/p>\n<p style=\"text-align: center;\" align=\"center\"><span style=\"font-size: 14px;\"><span style=\"font-family: Tahoma;\"><span style=\"line-height: normal;\"><b><span style=\"color: red;\">A gazdas\u00e1gi visszaes\u00e9sben is m\u0171k\u00f6dn\u00fcnk kell. Fejleszt\u00e9ssel k\u00f6nnyebb!<\/span><\/b><\/span><\/span><\/span><\/p>\n<p style=\"text-align: center;\" align=\"center\">\n<p style=\"text-align: center;\" align=\"center\"><span style=\"font-size: 14px;\"><span style=\"font-family: Tahoma;\"><span style=\"line-height: normal;\"><b>Vegy\u00fck ig\u00e9nybe a talpra \u00e1ll\u00e1st seg\u00edt\u0151 t\u00e1mogatott forr\u00e1sokat.<\/b><\/span><\/span><\/span><\/p>\n<p style=\"text-align: center;\" align=\"center\">\n<p style=\"text-align: center;\" align=\"center\"><span style=\"font-size: 14px;\"><span style=\"font-family: Tahoma;\"><span style=\"line-height: normal;\"><b><span style=\"color: red;\">A konferencia t\u00e9r\u00edt\u00e9smentes, csak regisztr\u00e1ci\u00f3 sz\u00fcks\u00e9ges!<\/span><\/b><\/span><\/span><\/span><\/p>\n<p style=\"text-align: center;\" align=\"center\">\n<p style=\"text-align: center;\" align=\"center\"><span style=\"font-size: 14px;\"><span style=\"font-family: Tahoma;\"><span style=\"line-height: normal;\"><b><span style=\"color: #002060;\">Figyelem! A helysz\u00ednre j\u00f6v\u0151k sz\u00e1m\u00e1ra minden v\u00edrusbiztons\u00e1gi el\u0151\u00edr\u00e1st betartunk \u2013 k\u00f6telez\u0151 maszkhaszn\u00e1lat, fert\u0151tlen\u00edt\u00e9s, t\u00e1vols\u00e1gtart\u00e1s.<\/span><\/b><\/span><\/span><\/span><\/p>\n<p>&nbsp;<\/p>\n<p><span style=\"font-size: 14px;\"><span style=\"font-family: Tahoma;\"><span style=\"line-height: normal;\"><b><span style=\"color: red;\">Mir\u0151l sz\u00f3lunk?<\/span><\/b><\/span><\/span><\/span><\/p>\n<p>&nbsp;<\/p>\n<p><span style=\"font-size: 14px;\"><span style=\"font-family: Tahoma;\"><span style=\"line-height: normal;\">A v\u00edrus okozta vil\u00e1gv\u00e1ls\u00e1g miatt <b>nagy gazdas\u00e1gi visszaes\u00e9st \u00e9l\u00fcnk meg, melynek tovagy\u0171r\u0171z\u0151 hat\u00e1saival m\u00e9g sok\u00e1ig sz\u00e1molnunk kell.<\/b> <b>Addig is ki kell tartani, finansz\u00edrozni kell a m\u0171k\u00f6d\u00e9st, a talpra \u00e1ll\u00e1st. <\/b>A legolcs\u00f3bb megold\u00e1s erre a t\u00e1mogatott hitelprogramok, melyek <b>beruh\u00e1z\u00e1sra, forg\u00f3eszk\u00f6zre, likvidit\u00e1s finasz\u00edroz\u00e1sra \u00e9s munkahely-meg\u0151rz\u00e9sre <\/b>egyar\u00e1nt felvehet\u0151k. A kr\u00edzisb\u0151l leggyorsabban kil\u00e1balni \u00e1ltal\u00e1ban csak <b>gyors technol\u00f3giav\u00e1lt\u00e1ssal <\/b>lehet. A hazai v\u00e1llalkoz\u00e1sok 50 %-a m\u00e1r \u00fagy d\u00f6nt\u00f6tt, erre k\u00f6lti saj\u00e1t, illetve k\u00f6lcs\u00f6nforr\u00e1sait. Nemsok\u00e1ra elindul a gazdas\u00e1gv\u00e9delmi akci\u00f3terv harmadik szakasza is. <b>2022-ig a tervek szerint tov\u00e1bb \u00f6ntik a gazdas\u00e1gba a p\u00e9nzt, melyb\u0151l jut b\u0151ven a kkv-knak is.<\/b> \u00a0<\/span><\/span><\/span><\/p>\n<p><span style=\"font-size: 14px;\"><span style=\"font-family: Tahoma;\"><span style=\"line-height: normal;\">Az Eur\u00f3pai Uni\u00f3s vissza nem t\u00e9r\u00edtend\u0151 t\u00e1mogat\u00e1sokat is \u00e1tir\u00e1ny\u00edtott\u00e1k gazdas\u00e1gment\u00e9sre, abb\u00f3l is jut j\u00f3csk\u00e1n seg\u00edts\u00e9g a k\u00f6vetkez\u0151 h\u00f3napokban, \u00e9vekben.\u00a0 <\/span><\/span><\/span><\/p>\n<p><span style=\"font-size: 14px;\"><span style=\"font-family: Tahoma;\"><span style=\"line-height: normal;\">Mindenkinek van es\u00e9lye arra, hogy elad\u00f3sod\u00e1s n\u00e9lk\u00fcl meg\u00faszhassa a recesszi\u00f3t. <\/span><\/span><\/span><\/p>\n<p><span style=\"font-size: 14px;\"><span style=\"font-family: Tahoma;\"><span style=\"line-height: normal;\">Milyen forr\u00e1sok \u00e9s finansz\u00edroz\u00e1si seg\u00edts\u00e9gek maradtak m\u00e9g, mely \u00fajakra lehet sz\u00e1m\u00edtani az elk\u00f6vetkezend\u0151 id\u0151kben?<b> A konferencia el\u0151ad\u00f3i biztosan tudnak olyan finansz\u00edroz\u00e1si megold\u00e1sokat mondani, amely az \u00f6n c\u00e9g\u00e9nek is testhez\u00e1ll\u00f3.<\/b><\/span><\/span><\/span><\/p>\n<p>&nbsp;<\/p>\n<p><span style=\"font-size: 14px;\"><span style=\"font-family: Tahoma;\"><span style=\"line-height: normal;\"><b><span style=\"color: red;\">Kiknek sz\u00f3lunk?<\/span><\/b><\/span><\/span><\/span><\/p>\n<p><span style=\"font-size: 14px;\"><span style=\"font-family: Tahoma;\"><span style=\"line-height: normal;\">V\u00e1rjuk a mikro- kis- \u00e9s k\u00f6z\u00e9pv\u00e1llalati d\u00f6nt\u00e9shoz\u00f3kat! Rengeteg p\u00e9nzhez jut\u00e1si lehet\u0151s\u00e9get osztunk meg, azonnal hasznos\u00edthat\u00f3 tan\u00e1csokkal, szem\u00e9lyes konzult\u00e1ci\u00f3s lehet\u0151s\u00e9ggel. <\/span><\/span><\/span><\/p>\n<p>&nbsp;<\/p>\n<p style=\"text-align: center;\" align=\"center\"><span style=\"font-size: 14px;\"><span style=\"font-family: Tahoma;\"><span style=\"line-height: normal;\"><b><span style=\"color: red;\">A konferencia t\u00e9r\u00edt\u00e9smentes, csak regisztr\u00e1lni kell!<\/span><\/b><\/span><\/span><\/span><\/p>\n<p><span style=\"font-size: 14px;\"><span style=\"font-family: Tahoma;\"><span style=\"line-height: normal;\"><b><span style=\"color: red;\">Figyelem!<\/span><\/b><\/span><\/span><\/span><\/p>\n<p style=\"text-align: justify;\"><span style=\"font-size: 14px;\"><span style=\"font-family: Tahoma;\"><span style=\"background: white;\"><span style=\"line-height: normal;\"><b><i>V\u00edrusj\u00e1rv\u00e1ny miatti tilt\u00e1s eset\u00e9n a helysz\u00edni konferenci\u00e1kra jelentkez\u0151k \u00e9l\u0151 vide\u00f3konferencia-szolg\u00e1ltat\u00e1st kapnak! Az adott helyzetben a konferenci\u00e1k napj\u00e1t Rendez\u0151 m\u00f3dos\u00edthatja.<\/i><\/b><\/span><\/span><\/span><\/span><\/p>\n<p style=\"text-align: center;\" align=\"center\"><span style=\"font-size: 14px;\"><span style=\"font-family: Tahoma;\"><span style=\"line-height: normal;\"><span class=\"MsoHyperlink\" style=\"color: #0563c1;\"><span style=\"text-decoration: underline;\"><b><a id=\"15616876\" style=\"color: #0563c1; text-decoration: underline;\" href=\"https:\/\/ppkonferencia.hu\/konferenciakozpont\/penz-de-honnan-36\/\" target=\"_blank\" rel=\"noopener\">A konferencia r\u00e9szletes programja \u00e9s regisztr\u00e1ci\u00f3<\/a><\/b><\/span><\/span><\/span><\/span><\/span><\/p>\n<p style=\"text-align: center;\" align=\"center\">\n<p align=\"center\"><span style=\"font-size: 14px;\"><span style=\"font-family: Tahoma;\"><span style=\"line-height: normal;\"><b><span style=\"color: red;\">Rendez\u0151: \u00a0\u00a0\u00a0 \u00a0<\/span><\/b><\/span><\/span><\/span><\/p>\n<p align=\"center\"><span style=\"font-size: 14px;\"><span style=\"font-family: Tahoma;\"><span style=\"line-height: normal;\"><b><span style=\"color: red;\"><img loading=\"lazy\" decoding=\"async\" src=\"https:\/\/salesautopilot.s3.amazonaws.com\/newsletter\/letter\/c12055\/uploads\/PP%20logo%20piktogramos%20k%C3%A9tsoros.png\" alt=\"\" width=\"200\" height=\"92\" \/>\u00a0\u00a0<\/span><\/b><\/span><\/span><\/span><\/p>\n<p align=\"center\"><span style=\"font-size: 14px;\"><span style=\"font-family: Tahoma;\"><span style=\"line-height: normal;\"><b><span style=\"color: red;\">Kiemelt Szakmai Partner:<\/span><\/b><\/span><\/span><\/span><\/p>\n<p align=\"center\"><span style=\"font-size: 14px;\"><span style=\"font-family: Tahoma;\"><span style=\"line-height: normal;\"><b><span style=\"color: red;\"><img loading=\"lazy\" decoding=\"async\" src=\"https:\/\/salesautopilot.s3.amazonaws.com\/newsletter\/letter\/c12055\/uploads\/VMKIK.jpg\" alt=\"\" width=\"200\" height=\"131\" \/><\/span><\/b><\/span><\/span><\/span><\/p>\n<p align=\"center\"><span style=\"font-size: 14px;\"><span style=\"font-family: Tahoma;\"><span style=\"line-height: normal;\"><b><span style=\"color: red;\">Szakmai t\u00e1mogat\u00f3k:<\/span><\/b><\/span><\/span><\/span><\/p>\n<p><span style=\"font-size: 14px;\"><span style=\"font-family: Tahoma;\"><span style=\"line-height: normal;\"><b><span style=\"color: red;\"><img loading=\"lazy\" decoding=\"async\" src=\"https:\/\/salesautopilot.s3.amazonaws.com\/newsletter\/letter\/c12055\/uploads\/log%C3%B3sorleg%C3%BAjabb.jpg\" alt=\"\" width=\"600\" height=\"250\" \/><\/span><\/b><\/span><\/span><\/span><\/p>\n<p style=\"margin-bottom: 11px;\"><span style=\"font-size: 11pt;\"><span style=\"line-height: 107%;\"><span style=\"font-family: Calibri,sans-serif;\"><b><span style=\"font-size: 10.0pt;\"><span style=\"line-height: 107%;\"><span style=\"font-family: 'Times New Roman',serif;\">Tov\u00e1bbi felvil\u00e1gos\u00edt\u00e1s \u00e9s inform\u00e1ci\u00f3:<\/span><\/span><\/span><\/b><\/span><\/span><\/span><\/p>\n<p style=\"margin-bottom: 11px;\"><span style=\"font-size: 11pt;\"><span style=\"background: white;\"><span style=\"line-height: normal;\"><span style=\"tab-stops: 276.45pt;\"><span style=\"font-family: Calibri,sans-serif;\"><span style=\"font-size: 10.0pt;\"><span style=\"font-family: 'Times New Roman',serif;\">Tel.: (1) 239 \u2013 9597\u00a0\u00a0\u00a0\u00a0\u00a0\u00a0\u00a0\u00a0\u00a0\u00a0\u00a0\u00a0\u00a0\u00a0\u00a0\u00a0\u00a0\u00a0\u00a0\u00a0\u00a0\u00a0\u00a0\u00a0\u00a0\u00a0\u00a0\u00a0\u00a0\u00a0\u00a0\u00a0\u00a0\u00a0\u00a0\u00a0\u00a0\u00a0\u00a0\u00a0\u00a0\u00a0\u00a0\u00a0\u00a0\u00a0\u00a0\u00a0\u00a0\u00a0\u00a0\u00a0\u00a0\u00a0\u00a0\u00a0\u00a0\u00a0\u00a0\u00a0\u00a0\u00a0\u00a0\u00a0\u00a0\u00a0\u00a0\u00a0\u00a0\u00a0\u00a0\u00a0\u00a0\u00a0\u00a0\u00a0\u00a0\u00a0\u00a0\u00a0\u00a0\u00a0\u00a0\u00a0\u00a0\u00a0<\/span><\/span><span class=\"MsoHyperlink\" style=\"color: #0563c1;\"><span style=\"text-decoration: underline;\"><a style=\"color: #0563c1; text-decoration: underline;\" href=\"mailto:konferencia@ppkonferencia.hu\" target=\"_blank\" rel=\"noopener\">konferencia@ppkonferencia.hu<\/a><\/span><\/span><\/span><\/span><\/span><\/span><\/span><\/p>\n<p style=\"margin-bottom: 11px;\"><span style=\"font-size: 11pt;\"><span style=\"background: white;\"><span style=\"line-height: normal;\"><span style=\"tab-stops: 276.45pt;\"><span style=\"font-family: Calibri,sans-serif;\"><span class=\"MsoHyperlink\" style=\"color: #0563c1;\"><span style=\"text-decoration: underline;\"><a id=\"15616877\" style=\"color: #0563c1; text-decoration: underline;\" href=\"http:\/\/www.ppkonferencia.hu\" target=\"_blank\" rel=\"noopener\">www.ppkonferencia.hu<\/a><\/span><\/span><\/span><\/span><\/span><\/span><\/span><\/p>\n<\/td>\n<\/tr>\n<tr>\n<td><\/td>\n<\/tr>\n<\/tbody>\n<\/table>\n","protected":false},"featured_media":792,"menu_order":0,"template":"","meta":{"_acf_changed":false},"class_list":["post-1031","hirek","type-hirek","status-publish","has-post-thumbnail","hentry"],"acf":[],"yoast_head":"<!-- This site is optimized with the Yoast SEO plugin v27.4 - https:\/\/yoast.com\/product\/yoast-seo-wordpress\/ -->\n<title>KKV-ment\u0151 hitelek, p\u00e1ly\u00e1zatok - Szombathely - Seed<\/title>\n<meta name=\"robots\" content=\"index, follow, max-snippet:-1, max-image-preview:large, max-video-preview:-1\" \/>\n<link rel=\"canonical\" href=\"https:\/\/seed.hu\/hirek\/kkv-mento-hitelek-palyazatok-szombathely\/\" \/>\n<meta property=\"og:locale\" content=\"en_US\" \/>\n<meta property=\"og:type\" content=\"article\" \/>\n<meta property=\"og:title\" content=\"KKV-ment\u0151 hitelek, p\u00e1ly\u00e1zatok - Szombathely - Seed\" \/>\n<meta property=\"og:description\" content=\"&nbsp; Tisztelt Tagt\u00e1rsunk, Partner\u00fcnk! Szeretettel megh\u00edvjuk a PP Konferenciak\u00f6zpont P\u00e9nz, de honnan? roadshowj\u00e1ra, Szombathelyre, melyen a SEED szakmai t\u00e1mogat\u00e1st v\u00e1llalt. A konferencia ingyenes, csak regisztr\u00e1ci\u00f3 sz\u00fcks\u00e9ges hozz\u00e1. KKV-ment\u0151 hitelek, p\u00e1ly\u00e1zatok \u00c9lj\u00fcnk a t\u00e1mogat\u00e1sokkal! &nbsp; &nbsp; Region\u00e1lis roadshow kkv-d\u00f6nt\u00e9shoz\u00f3knak &nbsp; Szombathely (Nyugat-Dun\u00e1nt\u00fal R\u00e9gi\u00f3) &nbsp; Kiemelt Szakmai Partner: Vas Megyei Kereskedelmi \u00e9s Iparkamara &nbsp; Id\u0151pont: szeptember 24. [&hellip;]\" \/>\n<meta property=\"og:url\" content=\"https:\/\/seed.hu\/hirek\/kkv-mento-hitelek-palyazatok-szombathely\/\" \/>\n<meta property=\"og:site_name\" content=\"Seed\" \/>\n<meta property=\"article:modified_time\" content=\"2022-01-23T17:27:04+00:00\" \/>\n<meta property=\"og:image\" content=\"https:\/\/seed.hu\/wp-content\/uploads\/2018\/04\/SEED_logo.png\" \/>\n\t<meta property=\"og:image:width\" content=\"250\" \/>\n\t<meta property=\"og:image:height\" content=\"206\" \/>\n\t<meta property=\"og:image:type\" content=\"image\/png\" \/>\n<meta name=\"twitter:card\" content=\"summary_large_image\" \/>\n<meta name=\"twitter:label1\" content=\"Est. reading time\" \/>\n\t<meta name=\"twitter:data1\" content=\"3 minutes\" \/>\n<script type=\"application\/ld+json\" class=\"yoast-schema-graph\">{\"@context\":\"https:\\\/\\\/schema.org\",\"@graph\":[{\"@type\":\"WebPage\",\"@id\":\"https:\\\/\\\/seed.hu\\\/hirek\\\/kkv-mento-hitelek-palyazatok-szombathely\\\/\",\"url\":\"https:\\\/\\\/seed.hu\\\/hirek\\\/kkv-mento-hitelek-palyazatok-szombathely\\\/\",\"name\":\"KKV-ment\u0151 hitelek, p\u00e1ly\u00e1zatok - Szombathely - Seed\",\"isPartOf\":{\"@id\":\"https:\\\/\\\/seed.hu\\\/#website\"},\"primaryImageOfPage\":{\"@id\":\"https:\\\/\\\/seed.hu\\\/hirek\\\/kkv-mento-hitelek-palyazatok-szombathely\\\/#primaryimage\"},\"image\":{\"@id\":\"https:\\\/\\\/seed.hu\\\/hirek\\\/kkv-mento-hitelek-palyazatok-szombathely\\\/#primaryimage\"},\"thumbnailUrl\":\"https:\\\/\\\/seed.hu\\\/wp-content\\\/uploads\\\/2018\\\/04\\\/SEED_logo.png\",\"datePublished\":\"2020-09-18T12:39:31+00:00\",\"dateModified\":\"2022-01-23T17:27:04+00:00\",\"breadcrumb\":{\"@id\":\"https:\\\/\\\/seed.hu\\\/hirek\\\/kkv-mento-hitelek-palyazatok-szombathely\\\/#breadcrumb\"},\"inLanguage\":\"en-US\",\"potentialAction\":[{\"@type\":\"ReadAction\",\"target\":[\"https:\\\/\\\/seed.hu\\\/hirek\\\/kkv-mento-hitelek-palyazatok-szombathely\\\/\"]}]},{\"@type\":\"ImageObject\",\"inLanguage\":\"en-US\",\"@id\":\"https:\\\/\\\/seed.hu\\\/hirek\\\/kkv-mento-hitelek-palyazatok-szombathely\\\/#primaryimage\",\"url\":\"https:\\\/\\\/seed.hu\\\/wp-content\\\/uploads\\\/2018\\\/04\\\/SEED_logo.png\",\"contentUrl\":\"https:\\\/\\\/seed.hu\\\/wp-content\\\/uploads\\\/2018\\\/04\\\/SEED_logo.png\",\"width\":250,\"height\":206},{\"@type\":\"BreadcrumbList\",\"@id\":\"https:\\\/\\\/seed.hu\\\/hirek\\\/kkv-mento-hitelek-palyazatok-szombathely\\\/#breadcrumb\",\"itemListElement\":[{\"@type\":\"ListItem\",\"position\":1,\"name\":\"H\u00edrek\",\"item\":\"https:\\\/\\\/seed.hu\\\/hirek\\\/\"},{\"@type\":\"ListItem\",\"position\":2,\"name\":\"KKV-ment\u0151 hitelek, p\u00e1ly\u00e1zatok &#8211; Szombathely\"}]},{\"@type\":\"WebSite\",\"@id\":\"https:\\\/\\\/seed.hu\\\/#website\",\"url\":\"https:\\\/\\\/seed.hu\\\/\",\"name\":\"Seed\",\"description\":\"\",\"potentialAction\":[{\"@type\":\"SearchAction\",\"target\":{\"@type\":\"EntryPoint\",\"urlTemplate\":\"https:\\\/\\\/seed.hu\\\/?s={search_term_string}\"},\"query-input\":{\"@type\":\"PropertyValueSpecification\",\"valueRequired\":true,\"valueName\":\"search_term_string\"}}],\"inLanguage\":\"en-US\"}]}<\/script>\n<!-- \/ Yoast SEO plugin. -->","yoast_head_json":{"title":"KKV-ment\u0151 hitelek, p\u00e1ly\u00e1zatok - Szombathely - Seed","robots":{"index":"index","follow":"follow","max-snippet":"max-snippet:-1","max-image-preview":"max-image-preview:large","max-video-preview":"max-video-preview:-1"},"canonical":"https:\/\/seed.hu\/hirek\/kkv-mento-hitelek-palyazatok-szombathely\/","og_locale":"en_US","og_type":"article","og_title":"KKV-ment\u0151 hitelek, p\u00e1ly\u00e1zatok - Szombathely - Seed","og_description":"&nbsp; Tisztelt Tagt\u00e1rsunk, Partner\u00fcnk! Szeretettel megh\u00edvjuk a PP Konferenciak\u00f6zpont P\u00e9nz, de honnan? roadshowj\u00e1ra, Szombathelyre, melyen a SEED szakmai t\u00e1mogat\u00e1st v\u00e1llalt. A konferencia ingyenes, csak regisztr\u00e1ci\u00f3 sz\u00fcks\u00e9ges hozz\u00e1. KKV-ment\u0151 hitelek, p\u00e1ly\u00e1zatok \u00c9lj\u00fcnk a t\u00e1mogat\u00e1sokkal! &nbsp; &nbsp; Region\u00e1lis roadshow kkv-d\u00f6nt\u00e9shoz\u00f3knak &nbsp; Szombathely (Nyugat-Dun\u00e1nt\u00fal R\u00e9gi\u00f3) &nbsp; Kiemelt Szakmai Partner: Vas Megyei Kereskedelmi \u00e9s Iparkamara &nbsp; Id\u0151pont: szeptember 24. [&hellip;]","og_url":"https:\/\/seed.hu\/hirek\/kkv-mento-hitelek-palyazatok-szombathely\/","og_site_name":"Seed","article_modified_time":"2022-01-23T17:27:04+00:00","og_image":[{"width":250,"height":206,"url":"https:\/\/seed.hu\/wp-content\/uploads\/2018\/04\/SEED_logo.png","type":"image\/png"}],"twitter_card":"summary_large_image","twitter_misc":{"Est. reading time":"3 minutes"},"schema":{"@context":"https:\/\/schema.org","@graph":[{"@type":"WebPage","@id":"https:\/\/seed.hu\/hirek\/kkv-mento-hitelek-palyazatok-szombathely\/","url":"https:\/\/seed.hu\/hirek\/kkv-mento-hitelek-palyazatok-szombathely\/","name":"KKV-ment\u0151 hitelek, p\u00e1ly\u00e1zatok - Szombathely - Seed","isPartOf":{"@id":"https:\/\/seed.hu\/#website"},"primaryImageOfPage":{"@id":"https:\/\/seed.hu\/hirek\/kkv-mento-hitelek-palyazatok-szombathely\/#primaryimage"},"image":{"@id":"https:\/\/seed.hu\/hirek\/kkv-mento-hitelek-palyazatok-szombathely\/#primaryimage"},"thumbnailUrl":"https:\/\/seed.hu\/wp-content\/uploads\/2018\/04\/SEED_logo.png","datePublished":"2020-09-18T12:39:31+00:00","dateModified":"2022-01-23T17:27:04+00:00","breadcrumb":{"@id":"https:\/\/seed.hu\/hirek\/kkv-mento-hitelek-palyazatok-szombathely\/#breadcrumb"},"inLanguage":"en-US","potentialAction":[{"@type":"ReadAction","target":["https:\/\/seed.hu\/hirek\/kkv-mento-hitelek-palyazatok-szombathely\/"]}]},{"@type":"ImageObject","inLanguage":"en-US","@id":"https:\/\/seed.hu\/hirek\/kkv-mento-hitelek-palyazatok-szombathely\/#primaryimage","url":"https:\/\/seed.hu\/wp-content\/uploads\/2018\/04\/SEED_logo.png","contentUrl":"https:\/\/seed.hu\/wp-content\/uploads\/2018\/04\/SEED_logo.png","width":250,"height":206},{"@type":"BreadcrumbList","@id":"https:\/\/seed.hu\/hirek\/kkv-mento-hitelek-palyazatok-szombathely\/#breadcrumb","itemListElement":[{"@type":"ListItem","position":1,"name":"H\u00edrek","item":"https:\/\/seed.hu\/hirek\/"},{"@type":"ListItem","position":2,"name":"KKV-ment\u0151 hitelek, p\u00e1ly\u00e1zatok &#8211; Szombathely"}]},{"@type":"WebSite","@id":"https:\/\/seed.hu\/#website","url":"https:\/\/seed.hu\/","name":"Seed","description":"","potentialAction":[{"@type":"SearchAction","target":{"@type":"EntryPoint","urlTemplate":"https:\/\/seed.hu\/?s={search_term_string}"},"query-input":{"@type":"PropertyValueSpecification","valueRequired":true,"valueName":"search_term_string"}}],"inLanguage":"en-US"}]}},"_links":{"self":[{"href":"https:\/\/seed.hu\/en\/wp-json\/wp\/v2\/hirek\/1031","targetHints":{"allow":["GET"]}}],"collection":[{"href":"https:\/\/seed.hu\/en\/wp-json\/wp\/v2\/hirek"}],"about":[{"href":"https:\/\/seed.hu\/en\/wp-json\/wp\/v2\/types\/hirek"}],"wp:featuredmedia":[{"embeddable":true,"href":"https:\/\/seed.hu\/en\/wp-json\/wp\/v2\/media\/792"}],"wp:attachment":[{"href":"https:\/\/seed.hu\/en\/wp-json\/wp\/v2\/media?parent=1031"}],"curies":[{"name":"wp","href":"https:\/\/api.w.org\/{rel}","templated":true}]}}