{"id":1036,"date":"2020-10-02T06:40:04","date_gmt":"2020-10-02T04:40:04","guid":{"rendered":"https:\/\/seed.hu\/?post_type=hirek&#038;p=1036"},"modified":"2022-01-23T18:40:13","modified_gmt":"2022-01-23T17:40:13","slug":"online-vallalkozoi-forum-noi-vallalkozok-a-valsag-idejen-2020-10-08","status":"publish","type":"hirek","link":"https:\/\/seed.hu\/en\/hirek\/online-vallalkozoi-forum-noi-vallalkozok-a-valsag-idejen-2020-10-08\/","title":{"rendered":"Online V\u00e1llalkoz\u00f3i F\u00f3rum &#8211; N\u0151i v\u00e1llalkoz\u00f3k a v\u00e1ls\u00e1g idej\u00e9n, 2020.10.08."},"content":{"rendered":"<p><a href=\"https:\/\/seed.hu\/szolgaltatasok\/kerdezd-a-tanacsadot\/partnerbig2\/\" rel=\"attachment wp-att-41\"><img loading=\"lazy\" decoding=\"async\" class=\"alignnone size-full wp-image-41\" src=\"https:\/\/seed.hu\/wp-content\/uploads\/2021\/02\/partnerBig2.png\" alt=\"\" width=\"241\" height=\"75\" \/><\/a><\/p>\n<p><span style=\"font-size: 20px;\"><strong>Online V\u00e1llalkoz\u00f3i F\u00f3rum &#8211; Egy szak\u00e9rt\u0151, egy v\u00e1llalkoz\u00f3, egy t\u00e9ma, 1 \u00f3ra<\/strong><\/span><\/p>\n<p><strong><u>A k\u00f6vetkez\u0151\u00a0szakmai besz\u00e9lget\u00e9s id\u0151pontja:<\/u><\/strong><br \/>\n2020. okt\u00f3ber\u00a008., cs\u00fct\u00f6rt\u00f6k, 17:30-19:00.<\/p>\n<p><strong><u>A besz\u00e9lget\u0151partnerek:<\/u><\/strong><\/p>\n<ul>\n<li>Koltai Luca,\u00a0Irodavezet\u0151, K\u00f6zpolitikai \u00e9s Hat\u00e1svizsg\u00e1lati Iroda, H\u00e9tfa Kutat\u00f3int\u00e9zet,<\/li>\n<li>Geambasu R\u00e9ka, PhD,\u00a0Tudom\u00e1nyos f\u0151munkat\u00e1rs, H\u00e9tfa Kutat\u00f3int\u00e9zet, Babe\u0219-Bolyai Tudom\u00e1nyegyetem, Kolozsv\u00e1r<\/li>\n<li>Dohos \u00c1gnes,\u00a0IDBC C\u00e9gcsoport \u00fcgyvezet\u0151 partnere<\/li>\n<li>F\u00e1bi\u00e1n N\u00f3ra,\u00a0Optikalasz Optika tulajdonos \u00fcgyvezet\u0151je<\/li>\n<\/ul>\n<p><strong><u>A t\u00e9ma:<\/u><\/strong><\/p>\n<p>N\u0151i v\u00e1llalkoz\u00f3k a v\u00e1ls\u00e1g idej\u00e9n<\/p>\n<p><strong><u>R\u00e9szletes t\u00e9ma:<\/u><\/strong><\/p>\n<ul>\n<li>A t\u00e9m\u00e1ban k\u00e9sz\u00edtett hazai \u00e9s nemzetk\u00f6zi kitekint\u00e9st is tartalmaz\u00f3 kutat\u00e1s eredm\u00e9nyeinek bemutat\u00e1sa.<\/li>\n<li>A sikeresen m\u0171k\u00f6d\u0151 n\u0151i v\u00e1llalkoz\u00f3k egy\u00e9ni szint\u0171 meg\u00e9l\u00e9s\u00e9nek, megk\u00fczd\u00e9s\u00e9nek megismer\u00e9se.<\/li>\n<li>A H\u00e9tfa Kutat\u00f3int\u00e9zet \u00e9s nemzetk\u00f6zi partnerek t\u00e1mogat\u00e1s\u00e1val k\u00e9sz\u00edtett kutat\u00e1s hazai eredm\u00e9nyeinek bemutat\u00e1sa,<br \/>\navagy hogyan \u00e9lt\u00e9k meg itthon \u00e9s m\u00e1s eur\u00f3pai orsz\u00e1gokban a v\u00e1llalkoz\u00f3n\u0151k a koronav\u00edrus j\u00e1rv\u00e1nyt, a korl\u00e1toz\u00e1si<br \/>\nint\u00e9zked\u00e9seket \u00e9s azok hat\u00e1sait<br \/>\n&#8211; Kih\u00edv\u00e1sok \u00e9s lehets\u00e9ges megold\u00e1sok a v\u00e1llalkoz\u00e1s m\u0171k\u00f6d\u00e9s\u00e9nek fenntart\u00e1s\u00e1ra: volt-e el\u00e9rhet\u0151 t\u00e1mogat\u00e1s? Ig\u00e9nybe tudt\u00e1k-e venni?<br \/>\n&#8211; Milyen egy\u00e9b strat\u00e9gi\u00e1kat alkalmaztak? N\u0151tt-e a v\u00e1llalkoz\u00f3n\u0151kre h\u00e1rul\u00f3 kett\u0151s teher?<\/li>\n<\/ul>\n<p><strong><em>A f\u00f3rumon a r\u00e9szv\u00e9tel ingyenes, de el\u0151zetes regisztr\u00e1ci\u00f3hoz k\u00f6t\u00f6tt.<\/em><\/strong><\/p>\n<p><strong><em>Jelentkez\u00e9si hat\u00e1rid\u0151: 2020. okt\u00f3ber\u00a008. 12:00<\/em><\/strong><\/p>\n<p><a href=\"https:\/\/seed.hu\/kerdoiv\/online-vallalkozoi-forum-noi-vallalkozok-a-valsag-idejen-2020-10-08\" target=\"_blank\" rel=\"noopener\"><img decoding=\"async\" style=\"width: 130px; height: 42px;\" src=\"https:\/\/seed.hu\/files\/attachments\/inline\/regisztracio4.png\" alt=\"\" \/><\/a><\/p>\n<p>&nbsp;<\/p>\n","protected":false},"featured_media":792,"menu_order":0,"template":"","meta":{"_acf_changed":false},"class_list":["post-1036","hirek","type-hirek","status-publish","has-post-thumbnail","hentry"],"acf":[],"yoast_head":"<!-- This site is optimized with the Yoast SEO plugin v27.4 - https:\/\/yoast.com\/product\/yoast-seo-wordpress\/ -->\n<title>Online V\u00e1llalkoz\u00f3i F\u00f3rum - N\u0151i v\u00e1llalkoz\u00f3k a v\u00e1ls\u00e1g idej\u00e9n, 2020.10.08. - Seed<\/title>\n<meta name=\"robots\" content=\"index, follow, max-snippet:-1, max-image-preview:large, max-video-preview:-1\" \/>\n<link rel=\"canonical\" href=\"https:\/\/seed.hu\/hirek\/online-vallalkozoi-forum-noi-vallalkozok-a-valsag-idejen-2020-10-08\/\" \/>\n<meta property=\"og:locale\" content=\"en_US\" \/>\n<meta property=\"og:type\" content=\"article\" \/>\n<meta property=\"og:title\" content=\"Online V\u00e1llalkoz\u00f3i F\u00f3rum - N\u0151i v\u00e1llalkoz\u00f3k a v\u00e1ls\u00e1g idej\u00e9n, 2020.10.08. - Seed\" \/>\n<meta property=\"og:description\" content=\"Online V\u00e1llalkoz\u00f3i F\u00f3rum &#8211; Egy szak\u00e9rt\u0151, egy v\u00e1llalkoz\u00f3, egy t\u00e9ma, 1 \u00f3ra A k\u00f6vetkez\u0151\u00a0szakmai besz\u00e9lget\u00e9s id\u0151pontja: 2020. okt\u00f3ber\u00a008., cs\u00fct\u00f6rt\u00f6k, 17:30-19:00. A besz\u00e9lget\u0151partnerek: Koltai Luca,\u00a0Irodavezet\u0151, K\u00f6zpolitikai \u00e9s Hat\u00e1svizsg\u00e1lati Iroda, H\u00e9tfa Kutat\u00f3int\u00e9zet, Geambasu R\u00e9ka, PhD,\u00a0Tudom\u00e1nyos f\u0151munkat\u00e1rs, H\u00e9tfa Kutat\u00f3int\u00e9zet, Babe\u0219-Bolyai Tudom\u00e1nyegyetem, Kolozsv\u00e1r Dohos \u00c1gnes,\u00a0IDBC C\u00e9gcsoport \u00fcgyvezet\u0151 partnere F\u00e1bi\u00e1n N\u00f3ra,\u00a0Optikalasz Optika tulajdonos \u00fcgyvezet\u0151je A t\u00e9ma: N\u0151i v\u00e1llalkoz\u00f3k a v\u00e1ls\u00e1g [&hellip;]\" \/>\n<meta property=\"og:url\" content=\"https:\/\/seed.hu\/hirek\/online-vallalkozoi-forum-noi-vallalkozok-a-valsag-idejen-2020-10-08\/\" \/>\n<meta property=\"og:site_name\" content=\"Seed\" \/>\n<meta property=\"article:modified_time\" content=\"2022-01-23T17:40:13+00:00\" \/>\n<meta property=\"og:image\" content=\"https:\/\/seed.hu\/wp-content\/uploads\/2018\/04\/SEED_logo.png\" \/>\n\t<meta property=\"og:image:width\" content=\"250\" \/>\n\t<meta property=\"og:image:height\" content=\"206\" \/>\n\t<meta property=\"og:image:type\" content=\"image\/png\" \/>\n<meta name=\"twitter:card\" content=\"summary_large_image\" \/>\n<meta name=\"twitter:label1\" content=\"Est. reading time\" \/>\n\t<meta name=\"twitter:data1\" content=\"1 minute\" \/>\n<script type=\"application\/ld+json\" class=\"yoast-schema-graph\">{\"@context\":\"https:\\\/\\\/schema.org\",\"@graph\":[{\"@type\":\"WebPage\",\"@id\":\"https:\\\/\\\/seed.hu\\\/hirek\\\/online-vallalkozoi-forum-noi-vallalkozok-a-valsag-idejen-2020-10-08\\\/\",\"url\":\"https:\\\/\\\/seed.hu\\\/hirek\\\/online-vallalkozoi-forum-noi-vallalkozok-a-valsag-idejen-2020-10-08\\\/\",\"name\":\"Online V\u00e1llalkoz\u00f3i F\u00f3rum - N\u0151i v\u00e1llalkoz\u00f3k a v\u00e1ls\u00e1g idej\u00e9n, 2020.10.08. - Seed\",\"isPartOf\":{\"@id\":\"https:\\\/\\\/seed.hu\\\/#website\"},\"primaryImageOfPage\":{\"@id\":\"https:\\\/\\\/seed.hu\\\/hirek\\\/online-vallalkozoi-forum-noi-vallalkozok-a-valsag-idejen-2020-10-08\\\/#primaryimage\"},\"image\":{\"@id\":\"https:\\\/\\\/seed.hu\\\/hirek\\\/online-vallalkozoi-forum-noi-vallalkozok-a-valsag-idejen-2020-10-08\\\/#primaryimage\"},\"thumbnailUrl\":\"https:\\\/\\\/seed.hu\\\/wp-content\\\/uploads\\\/2018\\\/04\\\/SEED_logo.png\",\"datePublished\":\"2020-10-02T04:40:04+00:00\",\"dateModified\":\"2022-01-23T17:40:13+00:00\",\"breadcrumb\":{\"@id\":\"https:\\\/\\\/seed.hu\\\/hirek\\\/online-vallalkozoi-forum-noi-vallalkozok-a-valsag-idejen-2020-10-08\\\/#breadcrumb\"},\"inLanguage\":\"en-US\",\"potentialAction\":[{\"@type\":\"ReadAction\",\"target\":[\"https:\\\/\\\/seed.hu\\\/hirek\\\/online-vallalkozoi-forum-noi-vallalkozok-a-valsag-idejen-2020-10-08\\\/\"]}]},{\"@type\":\"ImageObject\",\"inLanguage\":\"en-US\",\"@id\":\"https:\\\/\\\/seed.hu\\\/hirek\\\/online-vallalkozoi-forum-noi-vallalkozok-a-valsag-idejen-2020-10-08\\\/#primaryimage\",\"url\":\"https:\\\/\\\/seed.hu\\\/wp-content\\\/uploads\\\/2018\\\/04\\\/SEED_logo.png\",\"contentUrl\":\"https:\\\/\\\/seed.hu\\\/wp-content\\\/uploads\\\/2018\\\/04\\\/SEED_logo.png\",\"width\":250,\"height\":206},{\"@type\":\"BreadcrumbList\",\"@id\":\"https:\\\/\\\/seed.hu\\\/hirek\\\/online-vallalkozoi-forum-noi-vallalkozok-a-valsag-idejen-2020-10-08\\\/#breadcrumb\",\"itemListElement\":[{\"@type\":\"ListItem\",\"position\":1,\"name\":\"H\u00edrek\",\"item\":\"https:\\\/\\\/seed.hu\\\/hirek\\\/\"},{\"@type\":\"ListItem\",\"position\":2,\"name\":\"Online V\u00e1llalkoz\u00f3i F\u00f3rum &#8211; N\u0151i v\u00e1llalkoz\u00f3k a v\u00e1ls\u00e1g idej\u00e9n, 2020.10.08.\"}]},{\"@type\":\"WebSite\",\"@id\":\"https:\\\/\\\/seed.hu\\\/#website\",\"url\":\"https:\\\/\\\/seed.hu\\\/\",\"name\":\"Seed\",\"description\":\"\",\"potentialAction\":[{\"@type\":\"SearchAction\",\"target\":{\"@type\":\"EntryPoint\",\"urlTemplate\":\"https:\\\/\\\/seed.hu\\\/?s={search_term_string}\"},\"query-input\":{\"@type\":\"PropertyValueSpecification\",\"valueRequired\":true,\"valueName\":\"search_term_string\"}}],\"inLanguage\":\"en-US\"}]}<\/script>\n<!-- \/ Yoast SEO plugin. -->","yoast_head_json":{"title":"Online V\u00e1llalkoz\u00f3i F\u00f3rum - N\u0151i v\u00e1llalkoz\u00f3k a v\u00e1ls\u00e1g idej\u00e9n, 2020.10.08. - Seed","robots":{"index":"index","follow":"follow","max-snippet":"max-snippet:-1","max-image-preview":"max-image-preview:large","max-video-preview":"max-video-preview:-1"},"canonical":"https:\/\/seed.hu\/hirek\/online-vallalkozoi-forum-noi-vallalkozok-a-valsag-idejen-2020-10-08\/","og_locale":"en_US","og_type":"article","og_title":"Online V\u00e1llalkoz\u00f3i F\u00f3rum - N\u0151i v\u00e1llalkoz\u00f3k a v\u00e1ls\u00e1g idej\u00e9n, 2020.10.08. - Seed","og_description":"Online V\u00e1llalkoz\u00f3i F\u00f3rum &#8211; Egy szak\u00e9rt\u0151, egy v\u00e1llalkoz\u00f3, egy t\u00e9ma, 1 \u00f3ra A k\u00f6vetkez\u0151\u00a0szakmai besz\u00e9lget\u00e9s id\u0151pontja: 2020. okt\u00f3ber\u00a008., cs\u00fct\u00f6rt\u00f6k, 17:30-19:00. A besz\u00e9lget\u0151partnerek: Koltai Luca,\u00a0Irodavezet\u0151, K\u00f6zpolitikai \u00e9s Hat\u00e1svizsg\u00e1lati Iroda, H\u00e9tfa Kutat\u00f3int\u00e9zet, Geambasu R\u00e9ka, PhD,\u00a0Tudom\u00e1nyos f\u0151munkat\u00e1rs, H\u00e9tfa Kutat\u00f3int\u00e9zet, Babe\u0219-Bolyai Tudom\u00e1nyegyetem, Kolozsv\u00e1r Dohos \u00c1gnes,\u00a0IDBC C\u00e9gcsoport \u00fcgyvezet\u0151 partnere F\u00e1bi\u00e1n N\u00f3ra,\u00a0Optikalasz Optika tulajdonos \u00fcgyvezet\u0151je A t\u00e9ma: N\u0151i v\u00e1llalkoz\u00f3k a v\u00e1ls\u00e1g [&hellip;]","og_url":"https:\/\/seed.hu\/hirek\/online-vallalkozoi-forum-noi-vallalkozok-a-valsag-idejen-2020-10-08\/","og_site_name":"Seed","article_modified_time":"2022-01-23T17:40:13+00:00","og_image":[{"width":250,"height":206,"url":"https:\/\/seed.hu\/wp-content\/uploads\/2018\/04\/SEED_logo.png","type":"image\/png"}],"twitter_card":"summary_large_image","twitter_misc":{"Est. reading time":"1 minute"},"schema":{"@context":"https:\/\/schema.org","@graph":[{"@type":"WebPage","@id":"https:\/\/seed.hu\/hirek\/online-vallalkozoi-forum-noi-vallalkozok-a-valsag-idejen-2020-10-08\/","url":"https:\/\/seed.hu\/hirek\/online-vallalkozoi-forum-noi-vallalkozok-a-valsag-idejen-2020-10-08\/","name":"Online V\u00e1llalkoz\u00f3i F\u00f3rum - N\u0151i v\u00e1llalkoz\u00f3k a v\u00e1ls\u00e1g idej\u00e9n, 2020.10.08. - Seed","isPartOf":{"@id":"https:\/\/seed.hu\/#website"},"primaryImageOfPage":{"@id":"https:\/\/seed.hu\/hirek\/online-vallalkozoi-forum-noi-vallalkozok-a-valsag-idejen-2020-10-08\/#primaryimage"},"image":{"@id":"https:\/\/seed.hu\/hirek\/online-vallalkozoi-forum-noi-vallalkozok-a-valsag-idejen-2020-10-08\/#primaryimage"},"thumbnailUrl":"https:\/\/seed.hu\/wp-content\/uploads\/2018\/04\/SEED_logo.png","datePublished":"2020-10-02T04:40:04+00:00","dateModified":"2022-01-23T17:40:13+00:00","breadcrumb":{"@id":"https:\/\/seed.hu\/hirek\/online-vallalkozoi-forum-noi-vallalkozok-a-valsag-idejen-2020-10-08\/#breadcrumb"},"inLanguage":"en-US","potentialAction":[{"@type":"ReadAction","target":["https:\/\/seed.hu\/hirek\/online-vallalkozoi-forum-noi-vallalkozok-a-valsag-idejen-2020-10-08\/"]}]},{"@type":"ImageObject","inLanguage":"en-US","@id":"https:\/\/seed.hu\/hirek\/online-vallalkozoi-forum-noi-vallalkozok-a-valsag-idejen-2020-10-08\/#primaryimage","url":"https:\/\/seed.hu\/wp-content\/uploads\/2018\/04\/SEED_logo.png","contentUrl":"https:\/\/seed.hu\/wp-content\/uploads\/2018\/04\/SEED_logo.png","width":250,"height":206},{"@type":"BreadcrumbList","@id":"https:\/\/seed.hu\/hirek\/online-vallalkozoi-forum-noi-vallalkozok-a-valsag-idejen-2020-10-08\/#breadcrumb","itemListElement":[{"@type":"ListItem","position":1,"name":"H\u00edrek","item":"https:\/\/seed.hu\/hirek\/"},{"@type":"ListItem","position":2,"name":"Online V\u00e1llalkoz\u00f3i F\u00f3rum &#8211; N\u0151i v\u00e1llalkoz\u00f3k a v\u00e1ls\u00e1g idej\u00e9n, 2020.10.08."}]},{"@type":"WebSite","@id":"https:\/\/seed.hu\/#website","url":"https:\/\/seed.hu\/","name":"Seed","description":"","potentialAction":[{"@type":"SearchAction","target":{"@type":"EntryPoint","urlTemplate":"https:\/\/seed.hu\/?s={search_term_string}"},"query-input":{"@type":"PropertyValueSpecification","valueRequired":true,"valueName":"search_term_string"}}],"inLanguage":"en-US"}]}},"_links":{"self":[{"href":"https:\/\/seed.hu\/en\/wp-json\/wp\/v2\/hirek\/1036","targetHints":{"allow":["GET"]}}],"collection":[{"href":"https:\/\/seed.hu\/en\/wp-json\/wp\/v2\/hirek"}],"about":[{"href":"https:\/\/seed.hu\/en\/wp-json\/wp\/v2\/types\/hirek"}],"wp:featuredmedia":[{"embeddable":true,"href":"https:\/\/seed.hu\/en\/wp-json\/wp\/v2\/media\/792"}],"wp:attachment":[{"href":"https:\/\/seed.hu\/en\/wp-json\/wp\/v2\/media?parent=1036"}],"curies":[{"name":"wp","href":"https:\/\/api.w.org\/{rel}","templated":true}]}}