{"id":1037,"date":"2020-10-02T06:44:21","date_gmt":"2020-10-02T04:44:21","guid":{"rendered":"https:\/\/seed.hu\/?post_type=hirek&#038;p=1037"},"modified":"2022-01-23T18:44:33","modified_gmt":"2022-01-23T17:44:33","slug":"matol-lehet-jelentkezni-az-oszi-kepzesi-programjainkra","status":"publish","type":"hirek","link":"https:\/\/seed.hu\/en\/hirek\/matol-lehet-jelentkezni-az-oszi-kepzesi-programjainkra\/","title":{"rendered":"M\u00e1t\u00f3l lehet jelentkezni az \u0151szi k\u00e9pz\u00e9si programjainkra"},"content":{"rendered":"<p><a href=\"https:\/\/seed.hu\/hirek\/matol-lehet-jelentkezni-az-oszi-kepzesi-programjainkra\/seed_digitalis_kepzes\/\" rel=\"attachment wp-att-1038\"><img loading=\"lazy\" decoding=\"async\" class=\"alignnone wp-image-1038 size-full\" src=\"https:\/\/seed.hu\/wp-content\/uploads\/2022\/01\/SEED_digitalis_kepzes.png\" alt=\"\" width=\"646\" height=\"201\" srcset=\"https:\/\/seed.hu\/wp-content\/uploads\/2022\/01\/SEED_digitalis_kepzes.png 646w, https:\/\/seed.hu\/wp-content\/uploads\/2022\/01\/SEED_digitalis_kepzes-300x93.png 300w\" sizes=\"auto, (max-width: 646px) 100vw, 646px\" \/><\/a><\/p>\n<p><strong>A hazai v\u00e1llalkoz\u00f3i kult\u00fara fejleszt\u00e9s\u00e9t, a n\u0151i v\u00e1llalkoz\u00f3k t\u00e9rnyer\u00e9s\u00e9t, t\u00e1rsadalmi elismerts\u00e9g\u00e9t\u00a0 imm\u00e1r 30 \u00e9ve t\u00e1mogat\u00f3 SEED Alap\u00edtv\u00e1ny sz\u00e1mos izgalmas k\u00e9pz\u00e9st ind\u00edt \u00fatj\u00e1ra \u0151sszel. A hagyom\u00e1nyosan a n\u0151i v\u00e1llalkoz\u00f3k tud\u00e1s\u00e1nak, v\u00e1llalkoz\u00f3i kompetenci\u00e1inak elm\u00e9ly\u00edt\u00e9s\u00e9t seg\u00edt\u0151 alap\u00edtv\u00e1ny legt\u00f6bb k\u00e9pz\u00e9s\u00e9re napjainkban m\u00e1r f\u00e9rfi v\u00e1llalkoz\u00f3k is jelentkezhetnek. A SEED k\u00e9pz\u00e9si tev\u00e9kenys\u00e9g\u00e9nek k\u00f6zpontj\u00e1ban, v\u00e1laszk\u00e9nt korunk egyik nagy kih\u00edv\u00e1s\u00e1ra, a digit\u00e1lis kompetenci\u00e1k meger\u0151s\u00edt\u00e9se \u00e1ll.<\/strong><\/p>\n<p>Itt van az \u0151sz, elindult az iskola, \u00e9s elind\u00edtja k\u00e9pz\u00e9seit a SEED Alap\u00edtv\u00e1ny is. Tekintettel a j\u00e1rv\u00e1nyhelyzettel j\u00e1r\u00f3 bizonytalan k\u00f6r\u00fclm\u00e9nyekre, minden k\u00e9pz\u00e9st online m\u00f3don val\u00f3s\u00edtunk meg.<\/p>\n<p>Az online csatorna azonban nem korl\u00e1tozza a v\u00e1llalkoz\u00f3i k\u00f6z\u00f6ss\u00e9g\u00e9p\u00edt\u00e9st, amely nemcsak a k\u00e9pz\u00e9sek r\u00e9szek\u00e9nt lesz jelen, hanem a cs\u00fct\u00f6rt\u00f6k\u00f6nk\u00e9nt \u00fajraindul\u00f3 online v\u00e1llalkoz\u00f3i f\u00f3rumok r\u00e9v\u00e9n is.<\/p>\n<p>A tr\u00e9ningek k\u00e9t nagyobb ter\u00fcleten val\u00f3sulnak meg: egyr\u00e9szt a v\u00e1llalkoz\u00f3i k\u00e9szs\u00e9gekre helyezz\u00fck a hangs\u00falyt, m\u00e1sr\u00e9szt nagyobb teret kap a v\u00e1llalkoz\u00f3k digitaliz\u00e1ci\u00f3s t\u00f6rekv\u00e9seinek t\u00e1mogat\u00e1sa.<\/p>\n<p>Tekintettel a v\u00e1ls\u00e1g alatti nagysz\u00e1m\u00fa visszajelz\u00e9sre, miszerint a v\u00e1llalkoz\u00e1sok egyik fontos probl\u00e9m\u00e1ja, hogyan \u00e9rj\u00e9k el az \u00faj \u00fcgyfeleket, az \u0151sz folyam\u00e1n az Alap\u00edtv\u00e1ny 1 napos k\u00e9pz\u00e9st tart marketing \u00e9s online marketing t\u00e9mak\u00f6rben.<\/p>\n<p>Mivel pedig az sem mindegy, hogy mit \u00e9s hogyan kommunik\u00e1lnak a v\u00e1llalkoz\u00f3k, szint\u00e9n 1 napon saj\u00e1t\u00edthatj\u00e1k el a kommunik\u00e1ci\u00f3 \u00e9s a tartalomgy\u00e1rt\u00e1s apr\u00f3bb \u00e9s nagyobb fog\u00e1sait. Ezekre a k\u00f6zelj\u00f6v\u0151ben megjelenik a jelentkez\u00e9si fel\u00fclet, de a <a href=\"mailto:seed@seed.hu?subject=E%C5%91zetes%20regisztr%C3%A1ci%C3%B3%20digit%C3%A1lis%20k%C3%A9pz%C3%A9sre\">seed@seed.hu<\/a> e-mail c\u00edmen v\u00e1rjuk el\u0151zetes regisztr\u00e1ci\u00f3jukat.<\/p>\n<p>A digit\u00e1lis k\u00e9pz\u00e9sportf\u00f3li\u00f3 keret\u00e9ben \u0151sszel is lehet jelentkezni a r\u00f6videbb workshopokra, amelyek a t\u00e1vmunka megval\u00f3s\u00edt\u00e1s\u00e1t \u00e9s a hat\u00e9konys\u00e1g m\u00e9r\u00e9s\u00e9t helyezik el\u0151t\u00e9rbe. Az \u00e1tfog\u00f3 digit\u00e1lis tud\u00e1s megszerz\u00e9s\u00e9t c\u00e9lozza a QuickIT nev\u0171, 2&#215;1\/2 napos k\u00e9pz\u00e9s, amely az alapvet\u0151 digit\u00e1lis kompetenci\u00e1k elsaj\u00e1t\u00edt\u00e1s\u00e1r\u00f3l sz\u00f3l, m\u00edg a digITall, 4 napos digit\u00e1lis kompetenciafejleszt\u0151 tr\u00e9ningen m\u00e1r j\u00f3val \u00f6sszetettebb digit\u00e1lis probl\u00e9m\u00e1kra is megold\u00e1st \u00e9s v\u00e1laszt kapnak az \u00e9rdekl\u0151d\u0151k. A workshopok, k\u00e9pz\u00e9sek c\u00e9lja, tartalma a frissen elk\u00e9sz\u00fclt digital.seed.hu oldalon \u00e9rhet\u0151k el.<\/p>\n<p>A SEED Alap\u00edtv\u00e1ny igyekszik honor\u00e1lni azokat a v\u00e1llalkoz\u00f3kat, akik t\u00f6bb programj\u00e1ban is r\u00e9szt vesznek, ez\u00e9rt, akik legal\u00e1bb 3 programban tanulnak-tanultak, 20 sz\u00e1zal\u00e9kos kedvezm\u00e9nyt kapnak az egynapos k\u00e9pz\u00e9sek \u00e9s a QuickIT k\u00e9pz\u00e9s d\u00edj\u00e1b\u00f3l.<\/p>\n<p>A szervezet \u0151sszel folytatja a v\u00e9szhelyzet idej\u00e9n ind\u00edtott Online V\u00e1llalkoz\u00f3i F\u00f3rum\u00e1t, amelynek keret\u00e9ben 10 h\u00e9ten kereszt\u00fcl, cs\u00fct\u00f6rt\u00f6k\u00f6nk\u00e9nt, relev\u00e1ns v\u00e1llalkoz\u00e1si t\u00e9m\u00e1kban hallhatnak, n\u00e9zhetnek szak\u00e9rt\u0151k \u00e9s v\u00e1llalkoz\u00f3k k\u00f6z\u00f6tti besz\u00e9lget\u00e9seket az \u00e9rdekl\u0151d\u0151k. \u00a0Az utols\u00f3, \u00e9vadz\u00e1r\u00f3 esem\u00e9nyt offline form\u00e1ban tervezi megszervezni a SEED, term\u00e9szetesen a j\u00e1rv\u00e1nyhelyzet f\u00fcggv\u00e9ny\u00e9ben. Az els\u0151 besz\u00e9lget\u00e9sre okt\u00f3ber 8-\u00e1n, 17:30-kor ker\u00fcl sor.<\/p>\n<p>Az elm\u00e9leti tud\u00e1s al\u00e1t\u00e1maszt\u00e1sa c\u00e9lj\u00e1b\u00f3l a SEED egy sz\u00e1m\u00e1ra teljesen \u00faj tud\u00e1s- \u00e9s tapasztalatmegoszt\u00e1si form\u00e1ba is belev\u00e1g: ipar\u00e1gi c\u00e9gl\u00e1togat\u00e1sokkal egybek\u00f6t\u00f6tt szak\u00e9rt\u0151i tan\u00e1csad\u00e1st szervez, alkalmank\u00e9nt 5-10 f\u0151 sz\u00e1m\u00e1ra.. A helysz\u00ednen megismert c\u00e9gekt\u0151l v\u00e1llalkoz\u00f3kt\u00f3l \u00a0sokat tanulhatnak a vend\u00e9gek, mik\u00f6zben ipar\u00e1gi, \u00e9s az ipar\u00e1gat legink\u00e1bb \u00e9rint\u0151 szakter\u00fcleten illet\u00e9kes tan\u00e1csad\u00f3val konzult\u00e1hatnak az eg\u00e9sz napos t\u00fara sor\u00e1n. Csak\u00fagy, mint az egynapos marketing workshopok\u00e9, ezek jelentkez\u00e9si fel\u00fclete is a k\u00f6zelj\u00f6v\u0151ben jelenik meg, \u00a0de \u00e9rdekl\u0151d\u00e9s eset\u00e9n a <a href=\"mailto:seed@seed.hu?subject=E%C5%91zetes%20regisztr%C3%A1ci%C3%B3%20digit%C3%A1lis%20k%C3%A9pz%C3%A9sre\">seed@seed.hu<\/a> e-mail c\u00edmen v\u00e1rjuk el\u0151zetes \u00a0jelentkez\u00e9s\u00fcket.<\/p>\n<p>Mindezek mellett term\u00e9szetesen id\u00e9n \u0151sszel \u00a0is z\u00e1szl\u00f3t bont \u00a0a Dobbant\u00f3 tr\u00e9ning amely a SEED-nek a Budapest Bankkal k\u00f6z\u00f6s, imm\u00e1r 10 \u00e9ve fut\u00f3 programja. Err\u0151l \u00a0r\u00e9szletek a j\u00f6v\u0151 heti h\u00edrlevel\u00fcnkben, valamint Facebook oldalunkon lesznek el\u00e9rhet\u0151k.<\/p>\n","protected":false},"featured_media":792,"menu_order":0,"template":"","meta":{"_acf_changed":false},"class_list":["post-1037","hirek","type-hirek","status-publish","has-post-thumbnail","hentry"],"acf":[],"yoast_head":"<!-- This site is optimized with the Yoast SEO plugin v27.4 - https:\/\/yoast.com\/product\/yoast-seo-wordpress\/ -->\n<title>M\u00e1t\u00f3l lehet jelentkezni az \u0151szi k\u00e9pz\u00e9si programjainkra - Seed<\/title>\n<meta name=\"robots\" content=\"index, follow, max-snippet:-1, max-image-preview:large, max-video-preview:-1\" \/>\n<link rel=\"canonical\" href=\"https:\/\/seed.hu\/hirek\/matol-lehet-jelentkezni-az-oszi-kepzesi-programjainkra\/\" \/>\n<meta property=\"og:locale\" content=\"en_US\" \/>\n<meta property=\"og:type\" content=\"article\" \/>\n<meta property=\"og:title\" content=\"M\u00e1t\u00f3l lehet jelentkezni az \u0151szi k\u00e9pz\u00e9si programjainkra - Seed\" \/>\n<meta property=\"og:description\" content=\"A hazai v\u00e1llalkoz\u00f3i kult\u00fara fejleszt\u00e9s\u00e9t, a n\u0151i v\u00e1llalkoz\u00f3k t\u00e9rnyer\u00e9s\u00e9t, t\u00e1rsadalmi elismerts\u00e9g\u00e9t\u00a0 imm\u00e1r 30 \u00e9ve t\u00e1mogat\u00f3 SEED Alap\u00edtv\u00e1ny sz\u00e1mos izgalmas k\u00e9pz\u00e9st ind\u00edt \u00fatj\u00e1ra \u0151sszel. A hagyom\u00e1nyosan a n\u0151i v\u00e1llalkoz\u00f3k tud\u00e1s\u00e1nak, v\u00e1llalkoz\u00f3i kompetenci\u00e1inak elm\u00e9ly\u00edt\u00e9s\u00e9t seg\u00edt\u0151 alap\u00edtv\u00e1ny legt\u00f6bb k\u00e9pz\u00e9s\u00e9re napjainkban m\u00e1r f\u00e9rfi v\u00e1llalkoz\u00f3k is jelentkezhetnek. A SEED k\u00e9pz\u00e9si tev\u00e9kenys\u00e9g\u00e9nek k\u00f6zpontj\u00e1ban, v\u00e1laszk\u00e9nt korunk egyik nagy kih\u00edv\u00e1s\u00e1ra, a digit\u00e1lis kompetenci\u00e1k [&hellip;]\" \/>\n<meta property=\"og:url\" content=\"https:\/\/seed.hu\/hirek\/matol-lehet-jelentkezni-az-oszi-kepzesi-programjainkra\/\" \/>\n<meta property=\"og:site_name\" content=\"Seed\" \/>\n<meta property=\"article:modified_time\" content=\"2022-01-23T17:44:33+00:00\" \/>\n<meta property=\"og:image\" content=\"https:\/\/seed.hu\/wp-content\/uploads\/2018\/04\/SEED_logo.png\" \/>\n\t<meta property=\"og:image:width\" content=\"250\" \/>\n\t<meta property=\"og:image:height\" content=\"206\" \/>\n\t<meta property=\"og:image:type\" content=\"image\/png\" \/>\n<meta name=\"twitter:card\" content=\"summary_large_image\" \/>\n<meta name=\"twitter:label1\" content=\"Est. reading time\" \/>\n\t<meta name=\"twitter:data1\" content=\"4 minutes\" \/>\n<script type=\"application\/ld+json\" class=\"yoast-schema-graph\">{\"@context\":\"https:\\\/\\\/schema.org\",\"@graph\":[{\"@type\":\"WebPage\",\"@id\":\"https:\\\/\\\/seed.hu\\\/hirek\\\/matol-lehet-jelentkezni-az-oszi-kepzesi-programjainkra\\\/\",\"url\":\"https:\\\/\\\/seed.hu\\\/hirek\\\/matol-lehet-jelentkezni-az-oszi-kepzesi-programjainkra\\\/\",\"name\":\"M\u00e1t\u00f3l lehet jelentkezni az \u0151szi k\u00e9pz\u00e9si programjainkra - Seed\",\"isPartOf\":{\"@id\":\"https:\\\/\\\/seed.hu\\\/#website\"},\"primaryImageOfPage\":{\"@id\":\"https:\\\/\\\/seed.hu\\\/hirek\\\/matol-lehet-jelentkezni-az-oszi-kepzesi-programjainkra\\\/#primaryimage\"},\"image\":{\"@id\":\"https:\\\/\\\/seed.hu\\\/hirek\\\/matol-lehet-jelentkezni-az-oszi-kepzesi-programjainkra\\\/#primaryimage\"},\"thumbnailUrl\":\"https:\\\/\\\/seed.hu\\\/wp-content\\\/uploads\\\/2018\\\/04\\\/SEED_logo.png\",\"datePublished\":\"2020-10-02T04:44:21+00:00\",\"dateModified\":\"2022-01-23T17:44:33+00:00\",\"breadcrumb\":{\"@id\":\"https:\\\/\\\/seed.hu\\\/hirek\\\/matol-lehet-jelentkezni-az-oszi-kepzesi-programjainkra\\\/#breadcrumb\"},\"inLanguage\":\"en-US\",\"potentialAction\":[{\"@type\":\"ReadAction\",\"target\":[\"https:\\\/\\\/seed.hu\\\/hirek\\\/matol-lehet-jelentkezni-az-oszi-kepzesi-programjainkra\\\/\"]}]},{\"@type\":\"ImageObject\",\"inLanguage\":\"en-US\",\"@id\":\"https:\\\/\\\/seed.hu\\\/hirek\\\/matol-lehet-jelentkezni-az-oszi-kepzesi-programjainkra\\\/#primaryimage\",\"url\":\"https:\\\/\\\/seed.hu\\\/wp-content\\\/uploads\\\/2018\\\/04\\\/SEED_logo.png\",\"contentUrl\":\"https:\\\/\\\/seed.hu\\\/wp-content\\\/uploads\\\/2018\\\/04\\\/SEED_logo.png\",\"width\":250,\"height\":206},{\"@type\":\"BreadcrumbList\",\"@id\":\"https:\\\/\\\/seed.hu\\\/hirek\\\/matol-lehet-jelentkezni-az-oszi-kepzesi-programjainkra\\\/#breadcrumb\",\"itemListElement\":[{\"@type\":\"ListItem\",\"position\":1,\"name\":\"H\u00edrek\",\"item\":\"https:\\\/\\\/seed.hu\\\/hirek\\\/\"},{\"@type\":\"ListItem\",\"position\":2,\"name\":\"M\u00e1t\u00f3l lehet jelentkezni az \u0151szi k\u00e9pz\u00e9si programjainkra\"}]},{\"@type\":\"WebSite\",\"@id\":\"https:\\\/\\\/seed.hu\\\/#website\",\"url\":\"https:\\\/\\\/seed.hu\\\/\",\"name\":\"Seed\",\"description\":\"\",\"potentialAction\":[{\"@type\":\"SearchAction\",\"target\":{\"@type\":\"EntryPoint\",\"urlTemplate\":\"https:\\\/\\\/seed.hu\\\/?s={search_term_string}\"},\"query-input\":{\"@type\":\"PropertyValueSpecification\",\"valueRequired\":true,\"valueName\":\"search_term_string\"}}],\"inLanguage\":\"en-US\"}]}<\/script>\n<!-- \/ Yoast SEO plugin. -->","yoast_head_json":{"title":"M\u00e1t\u00f3l lehet jelentkezni az \u0151szi k\u00e9pz\u00e9si programjainkra - Seed","robots":{"index":"index","follow":"follow","max-snippet":"max-snippet:-1","max-image-preview":"max-image-preview:large","max-video-preview":"max-video-preview:-1"},"canonical":"https:\/\/seed.hu\/hirek\/matol-lehet-jelentkezni-az-oszi-kepzesi-programjainkra\/","og_locale":"en_US","og_type":"article","og_title":"M\u00e1t\u00f3l lehet jelentkezni az \u0151szi k\u00e9pz\u00e9si programjainkra - Seed","og_description":"A hazai v\u00e1llalkoz\u00f3i kult\u00fara fejleszt\u00e9s\u00e9t, a n\u0151i v\u00e1llalkoz\u00f3k t\u00e9rnyer\u00e9s\u00e9t, t\u00e1rsadalmi elismerts\u00e9g\u00e9t\u00a0 imm\u00e1r 30 \u00e9ve t\u00e1mogat\u00f3 SEED Alap\u00edtv\u00e1ny sz\u00e1mos izgalmas k\u00e9pz\u00e9st ind\u00edt \u00fatj\u00e1ra \u0151sszel. A hagyom\u00e1nyosan a n\u0151i v\u00e1llalkoz\u00f3k tud\u00e1s\u00e1nak, v\u00e1llalkoz\u00f3i kompetenci\u00e1inak elm\u00e9ly\u00edt\u00e9s\u00e9t seg\u00edt\u0151 alap\u00edtv\u00e1ny legt\u00f6bb k\u00e9pz\u00e9s\u00e9re napjainkban m\u00e1r f\u00e9rfi v\u00e1llalkoz\u00f3k is jelentkezhetnek. A SEED k\u00e9pz\u00e9si tev\u00e9kenys\u00e9g\u00e9nek k\u00f6zpontj\u00e1ban, v\u00e1laszk\u00e9nt korunk egyik nagy kih\u00edv\u00e1s\u00e1ra, a digit\u00e1lis kompetenci\u00e1k [&hellip;]","og_url":"https:\/\/seed.hu\/hirek\/matol-lehet-jelentkezni-az-oszi-kepzesi-programjainkra\/","og_site_name":"Seed","article_modified_time":"2022-01-23T17:44:33+00:00","og_image":[{"width":250,"height":206,"url":"https:\/\/seed.hu\/wp-content\/uploads\/2018\/04\/SEED_logo.png","type":"image\/png"}],"twitter_card":"summary_large_image","twitter_misc":{"Est. reading time":"4 minutes"},"schema":{"@context":"https:\/\/schema.org","@graph":[{"@type":"WebPage","@id":"https:\/\/seed.hu\/hirek\/matol-lehet-jelentkezni-az-oszi-kepzesi-programjainkra\/","url":"https:\/\/seed.hu\/hirek\/matol-lehet-jelentkezni-az-oszi-kepzesi-programjainkra\/","name":"M\u00e1t\u00f3l lehet jelentkezni az \u0151szi k\u00e9pz\u00e9si programjainkra - Seed","isPartOf":{"@id":"https:\/\/seed.hu\/#website"},"primaryImageOfPage":{"@id":"https:\/\/seed.hu\/hirek\/matol-lehet-jelentkezni-az-oszi-kepzesi-programjainkra\/#primaryimage"},"image":{"@id":"https:\/\/seed.hu\/hirek\/matol-lehet-jelentkezni-az-oszi-kepzesi-programjainkra\/#primaryimage"},"thumbnailUrl":"https:\/\/seed.hu\/wp-content\/uploads\/2018\/04\/SEED_logo.png","datePublished":"2020-10-02T04:44:21+00:00","dateModified":"2022-01-23T17:44:33+00:00","breadcrumb":{"@id":"https:\/\/seed.hu\/hirek\/matol-lehet-jelentkezni-az-oszi-kepzesi-programjainkra\/#breadcrumb"},"inLanguage":"en-US","potentialAction":[{"@type":"ReadAction","target":["https:\/\/seed.hu\/hirek\/matol-lehet-jelentkezni-az-oszi-kepzesi-programjainkra\/"]}]},{"@type":"ImageObject","inLanguage":"en-US","@id":"https:\/\/seed.hu\/hirek\/matol-lehet-jelentkezni-az-oszi-kepzesi-programjainkra\/#primaryimage","url":"https:\/\/seed.hu\/wp-content\/uploads\/2018\/04\/SEED_logo.png","contentUrl":"https:\/\/seed.hu\/wp-content\/uploads\/2018\/04\/SEED_logo.png","width":250,"height":206},{"@type":"BreadcrumbList","@id":"https:\/\/seed.hu\/hirek\/matol-lehet-jelentkezni-az-oszi-kepzesi-programjainkra\/#breadcrumb","itemListElement":[{"@type":"ListItem","position":1,"name":"H\u00edrek","item":"https:\/\/seed.hu\/hirek\/"},{"@type":"ListItem","position":2,"name":"M\u00e1t\u00f3l lehet jelentkezni az \u0151szi k\u00e9pz\u00e9si programjainkra"}]},{"@type":"WebSite","@id":"https:\/\/seed.hu\/#website","url":"https:\/\/seed.hu\/","name":"Seed","description":"","potentialAction":[{"@type":"SearchAction","target":{"@type":"EntryPoint","urlTemplate":"https:\/\/seed.hu\/?s={search_term_string}"},"query-input":{"@type":"PropertyValueSpecification","valueRequired":true,"valueName":"search_term_string"}}],"inLanguage":"en-US"}]}},"_links":{"self":[{"href":"https:\/\/seed.hu\/en\/wp-json\/wp\/v2\/hirek\/1037","targetHints":{"allow":["GET"]}}],"collection":[{"href":"https:\/\/seed.hu\/en\/wp-json\/wp\/v2\/hirek"}],"about":[{"href":"https:\/\/seed.hu\/en\/wp-json\/wp\/v2\/types\/hirek"}],"wp:featuredmedia":[{"embeddable":true,"href":"https:\/\/seed.hu\/en\/wp-json\/wp\/v2\/media\/792"}],"wp:attachment":[{"href":"https:\/\/seed.hu\/en\/wp-json\/wp\/v2\/media?parent=1037"}],"curies":[{"name":"wp","href":"https:\/\/api.w.org\/{rel}","templated":true}]}}