{"id":1042,"date":"2020-10-12T11:32:45","date_gmt":"2020-10-12T09:32:45","guid":{"rendered":"https:\/\/seed.hu\/?post_type=hirek&#038;p=1042"},"modified":"2022-01-23T18:52:50","modified_gmt":"2022-01-23T17:52:50","slug":"sikeres-volt-az-interaktiv-online-nyilt-nap","status":"publish","type":"hirek","link":"https:\/\/seed.hu\/en\/hirek\/sikeres-volt-az-interaktiv-online-nyilt-nap\/","title":{"rendered":"Sikeres volt az interakt\u00edv online ny\u00edlt nap"},"content":{"rendered":"<p><a href=\"https:\/\/seed.hu\/hirek\/mentorok-es-mentoraltak-jelentkezeset-varja-a-seed-alapitvany\/ovm\/\" rel=\"attachment wp-att-844\"><img loading=\"lazy\" decoding=\"async\" class=\"alignnone wp-image-844 size-full\" src=\"https:\/\/seed.hu\/wp-content\/uploads\/2022\/01\/OVM.png\" alt=\"\" width=\"601\" height=\"163\" srcset=\"https:\/\/seed.hu\/wp-content\/uploads\/2022\/01\/OVM.png 601w, https:\/\/seed.hu\/wp-content\/uploads\/2022\/01\/OVM-300x81.png 300w\" sizes=\"auto, (max-width: 601px) 100vw, 601px\" \/><\/a><\/p>\n<p><strong>A Szem\u00e9lyes V\u00e1llalkoz\u00f3i Mentorprogramot n\u00e9pszer\u0171s\u00edtend\u0151 okt\u00f3ber 7-\u00e9n, alkalmazkodva az id\u0151k szav\u00e1hoz, online interakt\u00edv ny\u00edlt napon mutattuk be az \u00e9rdekl\u0151d\u0151knek a Szem\u00e9lyes V\u00e1llalkoz\u00f3i Mentorprogramot. A rendezv\u00e9nyre nagyon sokan regisztr\u00e1ltak, \u00e9s sokan \u201eel is j\u00f6ttek\u201d.<\/strong><\/p>\n<p>Mivel a Szem\u00e9lyes V\u00e1llalkoz\u00f3i Mentorprogramba m\u00e9g tudunk fogadni Budapesten \u00e9s Pest megy\u00e9n k\u00edv\u00fcli v\u00e1llalkoz\u00f3kat, \u00fagy d\u00f6nt\u00f6tt\u00fcnk, hogy egy online ny\u00edlt nap keret\u00e9ben mutatjuk be az \u00e9rdekl\u0151d\u0151knek a programot. Sz\u00e1mos csatorn\u00e1n juttattuk el a h\u00edrt a v\u00e1llalkoz\u00f3khoz, \u00e9s igyekezt\u00fcnk nagyon informat\u00edv, nagyon gyakorlatias programot \u00f6ssze\u00e1ll\u00edtani, olyat, amelyik els\u0151 k\u00e9zb\u0151l ad t\u00e1j\u00e9koztat\u00e1st arr\u00f3l, mir\u0151l is sz\u00f3l ez a projekt.<\/p>\n<p>A ny\u00edlt napot r\u00f6vid szavaz\u00e1ssal ind\u00edtottuk: arra voltunk k\u00edv\u00e1ncsiak, hogy a r\u00e9sztvev\u0151 v\u00e1llalkoz\u00f3k mit tartanak v\u00e1llalkoz\u00e1suk legfontosabb c\u00e9lj\u00e1nak. A legt\u00f6bben a bev\u00e9tel n\u00f6vel\u00e9s\u00e9re szavaztak, ezt k\u00f6vette az \u00fcgyf\u00e9lszerz\u00e9s \u00e9s a szem\u00e9lyes fejl\u0151d\u00e9s lehet\u0151s\u00e9ge.<\/p>\n<p>Ezt k\u00f6vet\u0151en Lakatosn\u00e9 Luk\u00e1cs Zsuzsanna, a SEED Alap\u00edtv\u00e1ny \u00fcgyvezet\u0151 igazgat\u00f3ja mutatta be a mentorprogram kereteit, majd Dar\u00f3k-J\u00e1mbor Anita, a program szakmai felel\u0151se osztotta meg a gyakorlatibb jelleg\u0171 tudnival\u00f3kat a nagysz\u00e1m\u00fa \u00e9rdekl\u0151d\u0151vel.<\/p>\n<p>Nagyon l\u00e9nyegesnek tartottuk, hogy olyanok is megsz\u00f3laljanak a ny\u00edlt napon, akik t\u00e9nylegesen r\u00e9szt vesznek a programban, ez\u00e9rt h\u00e1rom mentor-mentor\u00e1lt p\u00e1rost k\u00e9rt\u00fcnk meg arra, foglalj\u00e1k \u00f6ssze \u00e9s ossz\u00e1k meg a tapasztalataikat a r\u00e9sztvev\u0151kkel. A r\u00f6vid interj\u00fakban \u00f6sszesen h\u00e1rom t\u00e9m\u00e1ra koncentr\u00e1ltunk: a c\u00e9lkit\u0171z\u00e9sre, illetve arra, hogy ha a k\u00f6r\u00fclm\u00e9nyek \u00fagy alakulnak, mennyire fontos a rugalmass\u00e1g a kit\u0171z\u00f6tt c\u00e9l megv\u00e1ltoztat\u00e1s\u00e1ban; az alkalmazottb\u00f3l v\u00e1llalkoz\u00f3v\u00e1 v\u00e1l\u00e1s folyamat\u00e1ra, az e m\u00f6g\u00f6tt \u00e1ll\u00f3 motiv\u00e1ci\u00f3kra, illetve az ezt lehet\u0151v\u00e9 tev\u0151 felt\u00e9telek egy\u00fctt \u00e1ll\u00e1s\u00e1ra; a j\u00e1rv\u00e1ny k\u00f6vetkezt\u00e9ben sz\u00fcks\u00e9gess\u00e9 v\u00e1lt online kapcsolattart\u00e1s jellemz\u0151ire. Ez ut\u00f3bbival kapcsolatosan arra is k\u00edv\u00e1ncsiak voltunk, hogy nem megy-e a folyamat hat\u00e9konys\u00e1g\u00e1nak rov\u00e1s\u00e1ra a kapcsolattart\u00e1snak ez a m\u00f3dja.<\/p>\n<p>A ny\u00edlt napon sz\u00e1mos k\u00e9rd\u00e9s \u00e9rkezett a v\u00e1llalkoz\u00f3kt\u00f3l, amelyek legt\u00f6bbj\u00e9re a SEED Alap\u00edtv\u00e1ny koll\u00e9g\u00e1i m\u00e1r a program folyam\u00e1n v\u00e1laszoltak. A legt\u00f6bb k\u00e9rd\u00e9s arra vonatkozott, hogyan lehet csatlakozni a Szem\u00e9lyes V\u00e1llalkoz\u00f3i Mentorprogramba, ami azt jelzi, az interakt\u00edv ny\u00edlt nap el\u00e9rte a c\u00e9lj\u00e1t.<\/p>\n<p>Az interakt\u00edv online ny\u00edlt nap felv\u00e9tele az al\u00e1bbi linken tekinthet\u0151 meg: <a href=\"https:\/\/facebook.com\/seed.alapitvany\/videos\/841732446363517\" target=\"_blank\" rel=\"noopener\">https:\/\/www.facebook.com\/seed.alapitvany\/videos\/841732446363517<\/a><\/p>\n<p>A Szem\u00e9lyes v\u00e1llalkoz\u00f3i mentorprogramba az al\u00e1bbi linken kereszt\u00fcl lehet regisztr\u00e1lni mentor\u00e1ltk\u00e9nt:<\/p>\n<p><a href=\"http:\/\/www.mentorprogram.seed.hu\" target=\"_blank\" rel=\"noopener\">www.mentorprogram.seed.hu<\/a><\/p>\n","protected":false},"featured_media":338,"menu_order":0,"template":"","meta":{"_acf_changed":false},"class_list":["post-1042","hirek","type-hirek","status-publish","has-post-thumbnail","hentry"],"acf":[],"yoast_head":"<!-- This site is optimized with the Yoast SEO plugin v27.4 - https:\/\/yoast.com\/product\/yoast-seo-wordpress\/ -->\n<title>Sikeres volt az interakt\u00edv online ny\u00edlt nap - Seed<\/title>\n<meta name=\"robots\" content=\"index, follow, max-snippet:-1, max-image-preview:large, max-video-preview:-1\" \/>\n<link rel=\"canonical\" href=\"https:\/\/seed.hu\/hirek\/sikeres-volt-az-interaktiv-online-nyilt-nap\/\" \/>\n<meta property=\"og:locale\" content=\"en_US\" \/>\n<meta property=\"og:type\" content=\"article\" \/>\n<meta property=\"og:title\" content=\"Sikeres volt az interakt\u00edv online ny\u00edlt nap - Seed\" \/>\n<meta property=\"og:description\" content=\"A Szem\u00e9lyes V\u00e1llalkoz\u00f3i Mentorprogramot n\u00e9pszer\u0171s\u00edtend\u0151 okt\u00f3ber 7-\u00e9n, alkalmazkodva az id\u0151k szav\u00e1hoz, online interakt\u00edv ny\u00edlt napon mutattuk be az \u00e9rdekl\u0151d\u0151knek a Szem\u00e9lyes V\u00e1llalkoz\u00f3i Mentorprogramot. A rendezv\u00e9nyre nagyon sokan regisztr\u00e1ltak, \u00e9s sokan \u201eel is j\u00f6ttek\u201d. Mivel a Szem\u00e9lyes V\u00e1llalkoz\u00f3i Mentorprogramba m\u00e9g tudunk fogadni Budapesten \u00e9s Pest megy\u00e9n k\u00edv\u00fcli v\u00e1llalkoz\u00f3kat, \u00fagy d\u00f6nt\u00f6tt\u00fcnk, hogy egy online ny\u00edlt nap keret\u00e9ben [&hellip;]\" \/>\n<meta property=\"og:url\" content=\"https:\/\/seed.hu\/hirek\/sikeres-volt-az-interaktiv-online-nyilt-nap\/\" \/>\n<meta property=\"og:site_name\" content=\"Seed\" \/>\n<meta property=\"article:modified_time\" content=\"2022-01-23T17:52:50+00:00\" \/>\n<meta property=\"og:image\" content=\"https:\/\/seed.hu\/wp-content\/uploads\/2021\/04\/Orsza\u0301gos-Va\u0301llalkozo\u0301i-Mentorprogram.png\" \/>\n\t<meta property=\"og:image:width\" content=\"773\" \/>\n\t<meta property=\"og:image:height\" content=\"774\" \/>\n\t<meta property=\"og:image:type\" content=\"image\/png\" \/>\n<meta name=\"twitter:card\" content=\"summary_large_image\" \/>\n<meta name=\"twitter:label1\" content=\"Est. reading time\" \/>\n\t<meta name=\"twitter:data1\" content=\"3 minutes\" \/>\n<script type=\"application\/ld+json\" class=\"yoast-schema-graph\">{\"@context\":\"https:\\\/\\\/schema.org\",\"@graph\":[{\"@type\":\"WebPage\",\"@id\":\"https:\\\/\\\/seed.hu\\\/hirek\\\/sikeres-volt-az-interaktiv-online-nyilt-nap\\\/\",\"url\":\"https:\\\/\\\/seed.hu\\\/hirek\\\/sikeres-volt-az-interaktiv-online-nyilt-nap\\\/\",\"name\":\"Sikeres volt az interakt\u00edv online ny\u00edlt nap - Seed\",\"isPartOf\":{\"@id\":\"https:\\\/\\\/seed.hu\\\/#website\"},\"primaryImageOfPage\":{\"@id\":\"https:\\\/\\\/seed.hu\\\/hirek\\\/sikeres-volt-az-interaktiv-online-nyilt-nap\\\/#primaryimage\"},\"image\":{\"@id\":\"https:\\\/\\\/seed.hu\\\/hirek\\\/sikeres-volt-az-interaktiv-online-nyilt-nap\\\/#primaryimage\"},\"thumbnailUrl\":\"https:\\\/\\\/seed.hu\\\/wp-content\\\/uploads\\\/2021\\\/04\\\/Orsza\u0301gos-Va\u0301llalkozo\u0301i-Mentorprogram.png\",\"datePublished\":\"2020-10-12T09:32:45+00:00\",\"dateModified\":\"2022-01-23T17:52:50+00:00\",\"breadcrumb\":{\"@id\":\"https:\\\/\\\/seed.hu\\\/hirek\\\/sikeres-volt-az-interaktiv-online-nyilt-nap\\\/#breadcrumb\"},\"inLanguage\":\"en-US\",\"potentialAction\":[{\"@type\":\"ReadAction\",\"target\":[\"https:\\\/\\\/seed.hu\\\/hirek\\\/sikeres-volt-az-interaktiv-online-nyilt-nap\\\/\"]}]},{\"@type\":\"ImageObject\",\"inLanguage\":\"en-US\",\"@id\":\"https:\\\/\\\/seed.hu\\\/hirek\\\/sikeres-volt-az-interaktiv-online-nyilt-nap\\\/#primaryimage\",\"url\":\"https:\\\/\\\/seed.hu\\\/wp-content\\\/uploads\\\/2021\\\/04\\\/Orsza\u0301gos-Va\u0301llalkozo\u0301i-Mentorprogram.png\",\"contentUrl\":\"https:\\\/\\\/seed.hu\\\/wp-content\\\/uploads\\\/2021\\\/04\\\/Orsza\u0301gos-Va\u0301llalkozo\u0301i-Mentorprogram.png\",\"width\":773,\"height\":774},{\"@type\":\"BreadcrumbList\",\"@id\":\"https:\\\/\\\/seed.hu\\\/hirek\\\/sikeres-volt-az-interaktiv-online-nyilt-nap\\\/#breadcrumb\",\"itemListElement\":[{\"@type\":\"ListItem\",\"position\":1,\"name\":\"H\u00edrek\",\"item\":\"https:\\\/\\\/seed.hu\\\/hirek\\\/\"},{\"@type\":\"ListItem\",\"position\":2,\"name\":\"Sikeres volt az interakt\u00edv online ny\u00edlt nap\"}]},{\"@type\":\"WebSite\",\"@id\":\"https:\\\/\\\/seed.hu\\\/#website\",\"url\":\"https:\\\/\\\/seed.hu\\\/\",\"name\":\"Seed\",\"description\":\"\",\"potentialAction\":[{\"@type\":\"SearchAction\",\"target\":{\"@type\":\"EntryPoint\",\"urlTemplate\":\"https:\\\/\\\/seed.hu\\\/?s={search_term_string}\"},\"query-input\":{\"@type\":\"PropertyValueSpecification\",\"valueRequired\":true,\"valueName\":\"search_term_string\"}}],\"inLanguage\":\"en-US\"}]}<\/script>\n<!-- \/ Yoast SEO plugin. -->","yoast_head_json":{"title":"Sikeres volt az interakt\u00edv online ny\u00edlt nap - Seed","robots":{"index":"index","follow":"follow","max-snippet":"max-snippet:-1","max-image-preview":"max-image-preview:large","max-video-preview":"max-video-preview:-1"},"canonical":"https:\/\/seed.hu\/hirek\/sikeres-volt-az-interaktiv-online-nyilt-nap\/","og_locale":"en_US","og_type":"article","og_title":"Sikeres volt az interakt\u00edv online ny\u00edlt nap - Seed","og_description":"A Szem\u00e9lyes V\u00e1llalkoz\u00f3i Mentorprogramot n\u00e9pszer\u0171s\u00edtend\u0151 okt\u00f3ber 7-\u00e9n, alkalmazkodva az id\u0151k szav\u00e1hoz, online interakt\u00edv ny\u00edlt napon mutattuk be az \u00e9rdekl\u0151d\u0151knek a Szem\u00e9lyes V\u00e1llalkoz\u00f3i Mentorprogramot. A rendezv\u00e9nyre nagyon sokan regisztr\u00e1ltak, \u00e9s sokan \u201eel is j\u00f6ttek\u201d. Mivel a Szem\u00e9lyes V\u00e1llalkoz\u00f3i Mentorprogramba m\u00e9g tudunk fogadni Budapesten \u00e9s Pest megy\u00e9n k\u00edv\u00fcli v\u00e1llalkoz\u00f3kat, \u00fagy d\u00f6nt\u00f6tt\u00fcnk, hogy egy online ny\u00edlt nap keret\u00e9ben [&hellip;]","og_url":"https:\/\/seed.hu\/hirek\/sikeres-volt-az-interaktiv-online-nyilt-nap\/","og_site_name":"Seed","article_modified_time":"2022-01-23T17:52:50+00:00","og_image":[{"width":773,"height":774,"url":"https:\/\/seed.hu\/wp-content\/uploads\/2021\/04\/Orsza\u0301gos-Va\u0301llalkozo\u0301i-Mentorprogram.png","type":"image\/png"}],"twitter_card":"summary_large_image","twitter_misc":{"Est. reading time":"3 minutes"},"schema":{"@context":"https:\/\/schema.org","@graph":[{"@type":"WebPage","@id":"https:\/\/seed.hu\/hirek\/sikeres-volt-az-interaktiv-online-nyilt-nap\/","url":"https:\/\/seed.hu\/hirek\/sikeres-volt-az-interaktiv-online-nyilt-nap\/","name":"Sikeres volt az interakt\u00edv online ny\u00edlt nap - Seed","isPartOf":{"@id":"https:\/\/seed.hu\/#website"},"primaryImageOfPage":{"@id":"https:\/\/seed.hu\/hirek\/sikeres-volt-az-interaktiv-online-nyilt-nap\/#primaryimage"},"image":{"@id":"https:\/\/seed.hu\/hirek\/sikeres-volt-az-interaktiv-online-nyilt-nap\/#primaryimage"},"thumbnailUrl":"https:\/\/seed.hu\/wp-content\/uploads\/2021\/04\/Orsza\u0301gos-Va\u0301llalkozo\u0301i-Mentorprogram.png","datePublished":"2020-10-12T09:32:45+00:00","dateModified":"2022-01-23T17:52:50+00:00","breadcrumb":{"@id":"https:\/\/seed.hu\/hirek\/sikeres-volt-az-interaktiv-online-nyilt-nap\/#breadcrumb"},"inLanguage":"en-US","potentialAction":[{"@type":"ReadAction","target":["https:\/\/seed.hu\/hirek\/sikeres-volt-az-interaktiv-online-nyilt-nap\/"]}]},{"@type":"ImageObject","inLanguage":"en-US","@id":"https:\/\/seed.hu\/hirek\/sikeres-volt-az-interaktiv-online-nyilt-nap\/#primaryimage","url":"https:\/\/seed.hu\/wp-content\/uploads\/2021\/04\/Orsza\u0301gos-Va\u0301llalkozo\u0301i-Mentorprogram.png","contentUrl":"https:\/\/seed.hu\/wp-content\/uploads\/2021\/04\/Orsza\u0301gos-Va\u0301llalkozo\u0301i-Mentorprogram.png","width":773,"height":774},{"@type":"BreadcrumbList","@id":"https:\/\/seed.hu\/hirek\/sikeres-volt-az-interaktiv-online-nyilt-nap\/#breadcrumb","itemListElement":[{"@type":"ListItem","position":1,"name":"H\u00edrek","item":"https:\/\/seed.hu\/hirek\/"},{"@type":"ListItem","position":2,"name":"Sikeres volt az interakt\u00edv online ny\u00edlt nap"}]},{"@type":"WebSite","@id":"https:\/\/seed.hu\/#website","url":"https:\/\/seed.hu\/","name":"Seed","description":"","potentialAction":[{"@type":"SearchAction","target":{"@type":"EntryPoint","urlTemplate":"https:\/\/seed.hu\/?s={search_term_string}"},"query-input":{"@type":"PropertyValueSpecification","valueRequired":true,"valueName":"search_term_string"}}],"inLanguage":"en-US"}]}},"_links":{"self":[{"href":"https:\/\/seed.hu\/en\/wp-json\/wp\/v2\/hirek\/1042","targetHints":{"allow":["GET"]}}],"collection":[{"href":"https:\/\/seed.hu\/en\/wp-json\/wp\/v2\/hirek"}],"about":[{"href":"https:\/\/seed.hu\/en\/wp-json\/wp\/v2\/types\/hirek"}],"wp:featuredmedia":[{"embeddable":true,"href":"https:\/\/seed.hu\/en\/wp-json\/wp\/v2\/media\/338"}],"wp:attachment":[{"href":"https:\/\/seed.hu\/en\/wp-json\/wp\/v2\/media?parent=1042"}],"curies":[{"name":"wp","href":"https:\/\/api.w.org\/{rel}","templated":true}]}}