{"id":1044,"date":"2020-10-12T11:47:04","date_gmt":"2020-10-12T09:47:04","guid":{"rendered":"https:\/\/seed.hu\/?post_type=hirek&#038;p=1044"},"modified":"2022-01-23T18:57:02","modified_gmt":"2022-01-23T17:57:02","slug":"online-vallalkozoi-forum-ismerd-meg-az-oszi-evad-temait-es-csatlakozz-be","status":"publish","type":"hirek","link":"https:\/\/seed.hu\/en\/hirek\/online-vallalkozoi-forum-ismerd-meg-az-oszi-evad-temait-es-csatlakozz-be\/","title":{"rendered":"Online V\u00e1llalkoz\u00f3i F\u00f3rum \u2013 Ismerd meg az \u0151szi \u00e9vad t\u00e9m\u00e1it \u00e9s csatlakozz be!"},"content":{"rendered":"<h3><a href=\"https:\/\/seed.hu\/szolgaltatasok\/kerdezd-a-tanacsadot\/partnerbig2\/\" rel=\"attachment wp-att-41\"><img loading=\"lazy\" decoding=\"async\" class=\"alignnone wp-image-41 size-full\" src=\"https:\/\/seed.hu\/wp-content\/uploads\/2021\/02\/partnerBig2.png\" alt=\"\" width=\"241\" height=\"75\" \/><\/a><\/h3>\n<h3><strong>Online V\u00e1llalkoz\u00f3i F\u00f3rum \u2013 Ismerd meg az \u0151szi \u00e9vad t\u00e9m\u00e1it \u00e9s csatlakozz be!<\/strong><\/h3>\n<p>A tavaszi f\u00f3rumbesz\u00e9lget\u00e9sek k\u00f6zponti t\u00e9m\u00e1ja a hirtelen \u00e9rkezett kr\u00edzishelyzet kezel\u00e9se, a v\u00e1llalkoz\u00e1sokn\u00e1l egyedi szinten \u00e9rz\u00e9kelt probl\u00e9m\u00e1kra adand\u00f3 legjobb v\u00e1laszok megtal\u00e1l\u00e1sa volt. Az \u0151szi id\u0151szak, b\u00e1r a j\u00e1rv\u00e1nyvesz\u00e9ly nem cs\u00f6kkent mostanra sem, olyan ter\u00fcleteket \u00e9rint m\u00e1r, melyek abban seg\u00edtenek benneteket, hogy v\u00e1llalkoz\u00e1sotok \u00fajratervez\u00e9se sor\u00e1n rendelkezzetek azokkal az inform\u00e1ci\u00f3kkal, melyek sz\u00fcks\u00e9gesek egy \u00fct\u00e9s\u00e1ll\u00f3 v\u00e1llalkoz\u00e1s m\u0171k\u00f6d\u00e9s\u00e9hez. \u00dagy is mondhatn\u00e1nk, hogy a jelen probl\u00e9m\u00e1ira reag\u00e1lva a j\u00f6v\u0151be tekint\u0151 strat\u00e9gia megalkot\u00e1sa c\u00e9l, ehhez szeretn\u00e9nk mun\u00edci\u00f3t adni sz\u00e1motokra.<\/p>\n<p>A december 10-\u00e9ig minden cs\u00fct\u00f6rt\u00f6k\u00f6n a ZOOM-on jelentkez\u0151 f\u00f3rum t\u00e9m\u00e1i az al\u00e1bbiak:<\/p>\n<table style=\"width: 550px;\" border=\"1\" cellspacing=\"1\" cellpadding=\"1\">\n<tbody>\n<tr>\n<td><span style=\"font-size: 14px;\">2020. okt\u00f3ber 8.<\/span><\/td>\n<td><span style=\"font-size: 14px;\">N\u0151i v\u00e1llalkoz\u00f3k a v\u00e1ls\u00e1g idej\u00e9n<\/span><\/td>\n<\/tr>\n<tr>\n<td><span style=\"font-size: 14px;\">2020. okt\u00f3ber 15.<\/span><\/td>\n<td><span style=\"font-size: 14px;\">Biztons\u00e1gban j\u00e1rv\u00e1ny idej\u00e9n is<\/span><\/td>\n<\/tr>\n<tr>\n<td><span style=\"font-size: 14px;\">2020. okt\u00f3ber 22.<\/span><\/td>\n<td><span style=\"font-size: 14px;\">Tartalom\u00edr\u00e1s, tartalomgy\u00e1rt\u00e1s, \u00e9nm\u00e1rka\u00a0\u00e9p\u00edt\u00e9s az online t\u00e9rben<\/span><\/td>\n<\/tr>\n<tr>\n<td><span style=\"font-size: 14px;\">2020. okt\u00f3ber 29.<\/span><\/td>\n<td><span style=\"font-size: 14px;\">GDPR m\u00e1sk\u00e9nt<\/span><\/td>\n<\/tr>\n<tr>\n<td><span style=\"font-size: 14px;\">2020. november 5.<\/span><\/td>\n<td><span style=\"font-size: 14px;\">e-Kereskedelem, Amazon vagy m\u00e1s? Kinek, mikor \u00e9s mit?<\/span><\/td>\n<\/tr>\n<tr>\n<td><span style=\"font-size: 14px;\">2020. november 12.<\/span><\/td>\n<td><span style=\"font-size: 14px;\">Szellemi tulajdon v\u00e9delme<\/span><\/td>\n<\/tr>\n<tr>\n<td><span style=\"font-size: 14px;\">2020. november 19.<\/span><\/td>\n<td><span style=\"font-size: 14px;\">Gener\u00e1ci\u00f3kutat\u00e1s a gener\u00e1ci\u00f3v\u00e1lt\u00e1s m\u00f6g\u00f6tt<\/span><\/td>\n<\/tr>\n<tr>\n<td><span style=\"font-size: 14px;\">2020. november 26.<\/span><\/td>\n<td><span style=\"font-size: 14px;\">C\u00e9ges aj\u00e1nd\u00e9koz\u00e1si etikett<\/span><\/td>\n<\/tr>\n<tr>\n<td><span style=\"font-size: 14px;\">2020. december 3.<\/span><\/td>\n<td><span style=\"font-size: 14px;\">Ad\u00f3z\u00e1si, sz\u00e1mviteli v\u00e1ltoz\u00e1sok <\/span><\/td>\n<\/tr>\n<tr>\n<td><span style=\"font-size: 14px;\">2020. december 10.<\/span><\/td>\n<td><span style=\"font-size: 14px;\">Kar\u00e1csonyi k\u00f6sz\u00f6nt\u00e9ssel egybek\u00f6t\u00f6tt \u00e9vadz\u00e1r\u00f3 f\u00f3rum,<br \/>\nAz \u00c9v Tud\u00e1sbar\u00e1t szervezete d\u00edj d\u00edj\u00e1tad\u00f3ja.<\/span><\/td>\n<\/tr>\n<\/tbody>\n<\/table>\n<p>Regisztr\u00e1lni <a href=\"https:\/\/seed.hu\/hirek\/online-vallalkozoi-forum-biztonsagban-jarvany-idejen-is-2020-10-15-0\" target=\"_blank\" rel=\"noopener\"><strong>ITT<\/strong><\/a> tudsz a 2020. okt\u00f3ber 15-i f\u00f3rumra.<\/p>\n<p>Tov\u00e1bbra is k\u00e9rj\u00fck, legyetek sz\u00edvesek regisztr\u00e1lni az egyes esem\u00e9nyekre, vagy jelezni az els\u0151 regisztr\u00e1ci\u00f3 sor\u00e1n, hogy automatikusan k\u00fcldhetj\u00fck a ZOOM linket a k\u00f6vetkez\u0151 alkalmakra is.<\/p>\n","protected":false},"featured_media":792,"menu_order":0,"template":"","meta":{"_acf_changed":false},"class_list":["post-1044","hirek","type-hirek","status-publish","has-post-thumbnail","hentry"],"acf":[],"yoast_head":"<!-- This site is optimized with the Yoast SEO plugin v27.4 - https:\/\/yoast.com\/product\/yoast-seo-wordpress\/ -->\n<title>Online V\u00e1llalkoz\u00f3i F\u00f3rum \u2013 Ismerd meg az \u0151szi \u00e9vad t\u00e9m\u00e1it \u00e9s csatlakozz be! - Seed<\/title>\n<meta name=\"robots\" content=\"index, follow, max-snippet:-1, max-image-preview:large, max-video-preview:-1\" \/>\n<link rel=\"canonical\" href=\"https:\/\/seed.hu\/hirek\/online-vallalkozoi-forum-ismerd-meg-az-oszi-evad-temait-es-csatlakozz-be\/\" \/>\n<meta property=\"og:locale\" content=\"en_US\" \/>\n<meta property=\"og:type\" content=\"article\" \/>\n<meta property=\"og:title\" content=\"Online V\u00e1llalkoz\u00f3i F\u00f3rum \u2013 Ismerd meg az \u0151szi \u00e9vad t\u00e9m\u00e1it \u00e9s csatlakozz be! - Seed\" \/>\n<meta property=\"og:description\" content=\"Online V\u00e1llalkoz\u00f3i F\u00f3rum \u2013 Ismerd meg az \u0151szi \u00e9vad t\u00e9m\u00e1it \u00e9s csatlakozz be! A tavaszi f\u00f3rumbesz\u00e9lget\u00e9sek k\u00f6zponti t\u00e9m\u00e1ja a hirtelen \u00e9rkezett kr\u00edzishelyzet kezel\u00e9se, a v\u00e1llalkoz\u00e1sokn\u00e1l egyedi szinten \u00e9rz\u00e9kelt probl\u00e9m\u00e1kra adand\u00f3 legjobb v\u00e1laszok megtal\u00e1l\u00e1sa volt. Az \u0151szi id\u0151szak, b\u00e1r a j\u00e1rv\u00e1nyvesz\u00e9ly nem cs\u00f6kkent mostanra sem, olyan ter\u00fcleteket \u00e9rint m\u00e1r, melyek abban seg\u00edtenek benneteket, hogy v\u00e1llalkoz\u00e1sotok \u00fajratervez\u00e9se [&hellip;]\" \/>\n<meta property=\"og:url\" content=\"https:\/\/seed.hu\/hirek\/online-vallalkozoi-forum-ismerd-meg-az-oszi-evad-temait-es-csatlakozz-be\/\" \/>\n<meta property=\"og:site_name\" content=\"Seed\" \/>\n<meta property=\"article:modified_time\" content=\"2022-01-23T17:57:02+00:00\" \/>\n<meta property=\"og:image\" content=\"https:\/\/seed.hu\/wp-content\/uploads\/2018\/04\/SEED_logo.png\" \/>\n\t<meta property=\"og:image:width\" content=\"250\" \/>\n\t<meta property=\"og:image:height\" content=\"206\" \/>\n\t<meta property=\"og:image:type\" content=\"image\/png\" \/>\n<meta name=\"twitter:card\" content=\"summary_large_image\" \/>\n<meta name=\"twitter:label1\" content=\"Est. reading time\" \/>\n\t<meta name=\"twitter:data1\" content=\"2 minutes\" \/>\n<script type=\"application\/ld+json\" class=\"yoast-schema-graph\">{\"@context\":\"https:\\\/\\\/schema.org\",\"@graph\":[{\"@type\":\"WebPage\",\"@id\":\"https:\\\/\\\/seed.hu\\\/hirek\\\/online-vallalkozoi-forum-ismerd-meg-az-oszi-evad-temait-es-csatlakozz-be\\\/\",\"url\":\"https:\\\/\\\/seed.hu\\\/hirek\\\/online-vallalkozoi-forum-ismerd-meg-az-oszi-evad-temait-es-csatlakozz-be\\\/\",\"name\":\"Online V\u00e1llalkoz\u00f3i F\u00f3rum \u2013 Ismerd meg az \u0151szi \u00e9vad t\u00e9m\u00e1it \u00e9s csatlakozz be! - Seed\",\"isPartOf\":{\"@id\":\"https:\\\/\\\/seed.hu\\\/#website\"},\"primaryImageOfPage\":{\"@id\":\"https:\\\/\\\/seed.hu\\\/hirek\\\/online-vallalkozoi-forum-ismerd-meg-az-oszi-evad-temait-es-csatlakozz-be\\\/#primaryimage\"},\"image\":{\"@id\":\"https:\\\/\\\/seed.hu\\\/hirek\\\/online-vallalkozoi-forum-ismerd-meg-az-oszi-evad-temait-es-csatlakozz-be\\\/#primaryimage\"},\"thumbnailUrl\":\"https:\\\/\\\/seed.hu\\\/wp-content\\\/uploads\\\/2018\\\/04\\\/SEED_logo.png\",\"datePublished\":\"2020-10-12T09:47:04+00:00\",\"dateModified\":\"2022-01-23T17:57:02+00:00\",\"breadcrumb\":{\"@id\":\"https:\\\/\\\/seed.hu\\\/hirek\\\/online-vallalkozoi-forum-ismerd-meg-az-oszi-evad-temait-es-csatlakozz-be\\\/#breadcrumb\"},\"inLanguage\":\"en-US\",\"potentialAction\":[{\"@type\":\"ReadAction\",\"target\":[\"https:\\\/\\\/seed.hu\\\/hirek\\\/online-vallalkozoi-forum-ismerd-meg-az-oszi-evad-temait-es-csatlakozz-be\\\/\"]}]},{\"@type\":\"ImageObject\",\"inLanguage\":\"en-US\",\"@id\":\"https:\\\/\\\/seed.hu\\\/hirek\\\/online-vallalkozoi-forum-ismerd-meg-az-oszi-evad-temait-es-csatlakozz-be\\\/#primaryimage\",\"url\":\"https:\\\/\\\/seed.hu\\\/wp-content\\\/uploads\\\/2018\\\/04\\\/SEED_logo.png\",\"contentUrl\":\"https:\\\/\\\/seed.hu\\\/wp-content\\\/uploads\\\/2018\\\/04\\\/SEED_logo.png\",\"width\":250,\"height\":206},{\"@type\":\"BreadcrumbList\",\"@id\":\"https:\\\/\\\/seed.hu\\\/hirek\\\/online-vallalkozoi-forum-ismerd-meg-az-oszi-evad-temait-es-csatlakozz-be\\\/#breadcrumb\",\"itemListElement\":[{\"@type\":\"ListItem\",\"position\":1,\"name\":\"H\u00edrek\",\"item\":\"https:\\\/\\\/seed.hu\\\/hirek\\\/\"},{\"@type\":\"ListItem\",\"position\":2,\"name\":\"Online V\u00e1llalkoz\u00f3i F\u00f3rum \u2013 Ismerd meg az \u0151szi \u00e9vad t\u00e9m\u00e1it \u00e9s csatlakozz be!\"}]},{\"@type\":\"WebSite\",\"@id\":\"https:\\\/\\\/seed.hu\\\/#website\",\"url\":\"https:\\\/\\\/seed.hu\\\/\",\"name\":\"Seed\",\"description\":\"\",\"potentialAction\":[{\"@type\":\"SearchAction\",\"target\":{\"@type\":\"EntryPoint\",\"urlTemplate\":\"https:\\\/\\\/seed.hu\\\/?s={search_term_string}\"},\"query-input\":{\"@type\":\"PropertyValueSpecification\",\"valueRequired\":true,\"valueName\":\"search_term_string\"}}],\"inLanguage\":\"en-US\"}]}<\/script>\n<!-- \/ Yoast SEO plugin. -->","yoast_head_json":{"title":"Online V\u00e1llalkoz\u00f3i F\u00f3rum \u2013 Ismerd meg az \u0151szi \u00e9vad t\u00e9m\u00e1it \u00e9s csatlakozz be! - Seed","robots":{"index":"index","follow":"follow","max-snippet":"max-snippet:-1","max-image-preview":"max-image-preview:large","max-video-preview":"max-video-preview:-1"},"canonical":"https:\/\/seed.hu\/hirek\/online-vallalkozoi-forum-ismerd-meg-az-oszi-evad-temait-es-csatlakozz-be\/","og_locale":"en_US","og_type":"article","og_title":"Online V\u00e1llalkoz\u00f3i F\u00f3rum \u2013 Ismerd meg az \u0151szi \u00e9vad t\u00e9m\u00e1it \u00e9s csatlakozz be! - Seed","og_description":"Online V\u00e1llalkoz\u00f3i F\u00f3rum \u2013 Ismerd meg az \u0151szi \u00e9vad t\u00e9m\u00e1it \u00e9s csatlakozz be! A tavaszi f\u00f3rumbesz\u00e9lget\u00e9sek k\u00f6zponti t\u00e9m\u00e1ja a hirtelen \u00e9rkezett kr\u00edzishelyzet kezel\u00e9se, a v\u00e1llalkoz\u00e1sokn\u00e1l egyedi szinten \u00e9rz\u00e9kelt probl\u00e9m\u00e1kra adand\u00f3 legjobb v\u00e1laszok megtal\u00e1l\u00e1sa volt. Az \u0151szi id\u0151szak, b\u00e1r a j\u00e1rv\u00e1nyvesz\u00e9ly nem cs\u00f6kkent mostanra sem, olyan ter\u00fcleteket \u00e9rint m\u00e1r, melyek abban seg\u00edtenek benneteket, hogy v\u00e1llalkoz\u00e1sotok \u00fajratervez\u00e9se [&hellip;]","og_url":"https:\/\/seed.hu\/hirek\/online-vallalkozoi-forum-ismerd-meg-az-oszi-evad-temait-es-csatlakozz-be\/","og_site_name":"Seed","article_modified_time":"2022-01-23T17:57:02+00:00","og_image":[{"width":250,"height":206,"url":"https:\/\/seed.hu\/wp-content\/uploads\/2018\/04\/SEED_logo.png","type":"image\/png"}],"twitter_card":"summary_large_image","twitter_misc":{"Est. reading time":"2 minutes"},"schema":{"@context":"https:\/\/schema.org","@graph":[{"@type":"WebPage","@id":"https:\/\/seed.hu\/hirek\/online-vallalkozoi-forum-ismerd-meg-az-oszi-evad-temait-es-csatlakozz-be\/","url":"https:\/\/seed.hu\/hirek\/online-vallalkozoi-forum-ismerd-meg-az-oszi-evad-temait-es-csatlakozz-be\/","name":"Online V\u00e1llalkoz\u00f3i F\u00f3rum \u2013 Ismerd meg az \u0151szi \u00e9vad t\u00e9m\u00e1it \u00e9s csatlakozz be! - Seed","isPartOf":{"@id":"https:\/\/seed.hu\/#website"},"primaryImageOfPage":{"@id":"https:\/\/seed.hu\/hirek\/online-vallalkozoi-forum-ismerd-meg-az-oszi-evad-temait-es-csatlakozz-be\/#primaryimage"},"image":{"@id":"https:\/\/seed.hu\/hirek\/online-vallalkozoi-forum-ismerd-meg-az-oszi-evad-temait-es-csatlakozz-be\/#primaryimage"},"thumbnailUrl":"https:\/\/seed.hu\/wp-content\/uploads\/2018\/04\/SEED_logo.png","datePublished":"2020-10-12T09:47:04+00:00","dateModified":"2022-01-23T17:57:02+00:00","breadcrumb":{"@id":"https:\/\/seed.hu\/hirek\/online-vallalkozoi-forum-ismerd-meg-az-oszi-evad-temait-es-csatlakozz-be\/#breadcrumb"},"inLanguage":"en-US","potentialAction":[{"@type":"ReadAction","target":["https:\/\/seed.hu\/hirek\/online-vallalkozoi-forum-ismerd-meg-az-oszi-evad-temait-es-csatlakozz-be\/"]}]},{"@type":"ImageObject","inLanguage":"en-US","@id":"https:\/\/seed.hu\/hirek\/online-vallalkozoi-forum-ismerd-meg-az-oszi-evad-temait-es-csatlakozz-be\/#primaryimage","url":"https:\/\/seed.hu\/wp-content\/uploads\/2018\/04\/SEED_logo.png","contentUrl":"https:\/\/seed.hu\/wp-content\/uploads\/2018\/04\/SEED_logo.png","width":250,"height":206},{"@type":"BreadcrumbList","@id":"https:\/\/seed.hu\/hirek\/online-vallalkozoi-forum-ismerd-meg-az-oszi-evad-temait-es-csatlakozz-be\/#breadcrumb","itemListElement":[{"@type":"ListItem","position":1,"name":"H\u00edrek","item":"https:\/\/seed.hu\/hirek\/"},{"@type":"ListItem","position":2,"name":"Online V\u00e1llalkoz\u00f3i F\u00f3rum \u2013 Ismerd meg az \u0151szi \u00e9vad t\u00e9m\u00e1it \u00e9s csatlakozz be!"}]},{"@type":"WebSite","@id":"https:\/\/seed.hu\/#website","url":"https:\/\/seed.hu\/","name":"Seed","description":"","potentialAction":[{"@type":"SearchAction","target":{"@type":"EntryPoint","urlTemplate":"https:\/\/seed.hu\/?s={search_term_string}"},"query-input":{"@type":"PropertyValueSpecification","valueRequired":true,"valueName":"search_term_string"}}],"inLanguage":"en-US"}]}},"_links":{"self":[{"href":"https:\/\/seed.hu\/en\/wp-json\/wp\/v2\/hirek\/1044","targetHints":{"allow":["GET"]}}],"collection":[{"href":"https:\/\/seed.hu\/en\/wp-json\/wp\/v2\/hirek"}],"about":[{"href":"https:\/\/seed.hu\/en\/wp-json\/wp\/v2\/types\/hirek"}],"wp:featuredmedia":[{"embeddable":true,"href":"https:\/\/seed.hu\/en\/wp-json\/wp\/v2\/media\/792"}],"wp:attachment":[{"href":"https:\/\/seed.hu\/en\/wp-json\/wp\/v2\/media?parent=1044"}],"curies":[{"name":"wp","href":"https:\/\/api.w.org\/{rel}","templated":true}]}}