{"id":1047,"date":"2020-10-12T11:55:28","date_gmt":"2020-10-12T09:55:28","guid":{"rendered":"https:\/\/seed.hu\/?post_type=hirek&#038;p=1047"},"modified":"2022-01-23T19:00:51","modified_gmt":"2022-01-23T18:00:51","slug":"hogyan-hatott-a-valsag-a-noi-vallalkozokra","status":"publish","type":"hirek","link":"https:\/\/seed.hu\/en\/hirek\/hogyan-hatott-a-valsag-a-noi-vallalkozokra\/","title":{"rendered":"Hogyan hatott a v\u00e1ls\u00e1g a n\u0151i v\u00e1llalkoz\u00f3kra?"},"content":{"rendered":"<p><a href=\"https:\/\/seed.hu\/szolgaltatasok\/kerdezd-a-tanacsadot\/partnerbig2\/\" rel=\"attachment wp-att-41\"><img loading=\"lazy\" decoding=\"async\" class=\"alignnone size-full wp-image-41\" src=\"https:\/\/seed.hu\/wp-content\/uploads\/2021\/02\/partnerBig2.png\" alt=\"\" width=\"241\" height=\"75\" \/><\/a><\/p>\n<p>Az Online V\u00e1llalkoz\u00f3i F\u00f3rum \u0151szi \u00e9vad\u00e1nak els\u0151 besz\u00e9lget\u00e9se a n\u0151i v\u00e1llalkoz\u00f3k helyt\u00e1ll\u00e1s\u00e1r\u00f3l sz\u00f3lt a tavaszi j\u00e1rv\u00e1nyhelyzet idej\u00e9n. A H\u00e9tfa Kutat\u00f3int\u00e9zet \u00e1ltal k\u00e9sz\u00edtett tanulm\u00e1nyt Koltai Luca irodavezet\u0151 \u00e9s Geambasu R\u00e9ka tudom\u00e1nyos f\u0151munkat\u00e1rs mutatt\u00e1k be. Ahogy az a f\u00f3rumbesz\u00e9lget\u00e9seken lenni szokott, a szak\u00e9rt\u0151k mellett a t\u00e9m\u00e1ban \u00e9rintett v\u00e1llalkoz\u00f3k is elmondj\u00e1k a tapasztalataikat. Ez\u00fattal 2020. \u00e9v legsikeresebb n\u0151i v\u00e1llalkoz\u00f3ja d\u00edj k\u00e9t nyertese, Dohos \u00c1gnes, az IDBC C\u00e9gcsoport \u00fcgyvezet\u0151 partnere \u00e9s F\u00e1bi\u00e1n N\u00f3ra, az Optikal\u00e1sz Optika tulajdonosa mes\u00e9lt\u00e9k el a saj\u00e1t \u00e9lm\u00e9nyeiket.<\/p>\n<p>Katona Melinda, a PWA eln\u00f6ke, aki Lakatosn\u00e9 Luk\u00e1cs Zsuzsann\u00e1val, a SEED Alap\u00edtv\u00e1ny \u00fcgyvezet\u0151 igazgat\u00f3j\u00e1val k\u00f6z\u00f6sen vezette a besz\u00e9lget\u00e9st, azzal az \u00fatraval\u00f3val z\u00e1rta a k\u00f6rt, hogy a j\u00e1rv\u00e1nyhelyzet idej\u00e9n tanultakat, tapasztaltakat tegy\u00fck a mindennapi m\u0171k\u00f6d\u00e9s\u00fcnk r\u00e9sz\u00e9v\u00e9. Ha el\u0151retekintve, megtartjuk a bev\u00e1lt m\u00f3dszereket, akkor egy k\u00e9s\u0151bbi hasonl\u00f3 szitu\u00e1ci\u00f3 m\u00e1r kisebb fennakad\u00e1st \u00e9s k\u00f6nnyebb \u00e1tv\u00e9szel\u00e9st enged nek\u00fcnk.<\/p>\n<p>A besz\u00e9lget\u00e9s teljes vide\u00f3ja<a href=\"https:\/\/seed.hu\/a-seed-ingyenes-vallalkozasokat-segito-tanacsado-oldala\" target=\"_blank\" rel=\"noopener\"> <strong>ITT<\/strong> <\/a>tekinthet\u0151 meg.<\/p>\n<p>N\u00e9h\u00e1ny fontosabb meg\u00e1llap\u00edt\u00e1s a tanulm\u00e1nyb\u00f3l:<\/p>\n<ul>\n<li>A v\u00e1laszad\u00f3 n\u0151k \u00e1ltal vezetett v\u00e1llalkoz\u00e1sok 71%-\u00e1t \u00e9rintette negat\u00edvan a gazdas\u00e1gi v\u00e1ls\u00e1g. K\u00f6zel tized\u00fck (8%) sz\u00e1m\u00e1ra lehetetlenn\u00e9 v\u00e1lt a tev\u00e9kenys\u00e9g\u00fck gyakorl\u00e1sa, k\u00e9tharmaduk szerint kisebb\/nagyobb m\u00e9rt\u00e9kben romlottak a kil\u00e1t\u00e1saik, tized\u00fck viszont \u00fagy v\u00e9lte, a j\u00e1rv\u00e1ny jav\u00edtotta a c\u00e9g \u00fczleti lehet\u0151s\u00e9geit.<\/li>\n<li>A szigor\u00fa korl\u00e1toz\u00e1sok miatt a v\u00e1llalkoz\u00f3n\u0151k els\u0151sorban a hirtelen cs\u00f6kken\u0151 bev\u00e9tellel, visszaes\u0151 kereslettel, megb\u00edz\u00e1sokkal tal\u00e1lkoztak. De t\u00f6bben sz\u00e1moltak be olyan hat\u00e1sokr\u00f3l is, amelyek hossz\u00fat\u00e1von meger\u0151s\u00edthetik a v\u00e1llalkoz\u00e1sukat, p\u00e9ld\u00e1ul az \u00faj term\u00e9kek bevezet\u00e9se, az online \u00e9rt\u00e9kes\u00edt\u00e9s b\u0151v\u00fcl\u00e9se vagy \u00faj piacok felfedez\u00e9se.<\/li>\n<li>A v\u00e1llalkoz\u00f3n\u0151k sokf\u00e9lek\u00e9ppen reag\u00e1ltak a j\u00e1rv\u00e1ny hat\u00e1saira. A k\u00e9rd\u0151\u00edvre v\u00e1laszol\u00f3k k\u00f6r\u00fclbel\u00fcl harmada alak\u00edtotta \u00e1t tev\u00e9kenys\u00e9geit, ugyanennyien f\u00fcggesztett\u00e9k fel azokat, de az online \u00e9rt\u00e9kes\u00edt\u00e9s er\u0151s\u00edt\u00e9se is a legfontosabb l\u00e9p\u00e9sek k\u00f6z\u00e9 tartozott. A munkaid\u0151 cs\u00f6kkent\u00e9se, a karbantart\u00e1si feladatok v\u00e9gz\u00e9se \u00e9s a dolgoz\u00f3k k\u00e9pz\u00e9se is megjelent. A l\u00e9tsz\u00e1mcs\u00f6kkent\u00e9s a legkev\u00e9sb\u00e9 gyakori int\u00e9zked\u00e9sek k\u00f6z\u00e9 tartozott: a v\u00e1laszad\u00f3k 9%-a nyilatkozta, hogy l\u00e9tsz\u00e1mcs\u00f6kkent\u00e9st hajtott v\u00e9gre.<\/li>\n<li>Azok a v\u00e1llalkoz\u00e1sok, melyeket nem, vagy pozit\u00edvan \u00e9rintett a v\u00e1ls\u00e1g, m\u00e1r kor\u00e1bban is gyakrabban haszn\u00e1ltak online eszk\u00f6z\u00f6ket. Ezt az is befoly\u00e1solhatta, hogy azokat az \u00e1gazatokat \u00e9rintette kev\u00e9sb\u00e9 a j\u00e1rv\u00e1ny, ahol a munka jellege lehet\u0151v\u00e9 tette az online eszk\u00f6z\u00f6k haszn\u00e1lat\u00e1t, m\u00edg a j\u00e1rv\u00e1nyint\u00e9zked\u00e9sek jobban \u00e9rintett\u00e9k azokat az \u00e1gazatokat, melyek ink\u00e1bb ig\u00e9nyelt\u00e9k a szem\u00e9lyes jelenl\u00e9tet.<\/li>\n<li><strong>A v\u00e1llalkoz\u00f3n\u0151k k\u00e9tharmada nem vett ig\u00e9nybe t\u00e1mogat\u00e1st a j\u00e1rv\u00e1ny kapcs\u00e1n<\/strong>. Mivel \u2013 mind itthon, mind k\u00fclf\u00f6ld\u00f6n \u2013 a n\u0151i v\u00e1llalkoz\u00f3k javar\u00e9szt \u00f6nfoglalkoztat\u00f3k, illetve nem foglalkoztatnak m\u00e1sokat, \u00edgy sz\u00e1mukra a foglalkoztat\u00e1si t\u00e1mogat\u00e1s nem is lehetett opci\u00f3. A hitelt\u00f6rleszt\u00e9s vagy a KATA megfizet\u00e9s\u00e9nek felf\u00fcggeszt\u00e9si lehet\u0151s\u00e9g\u00e9vel a v\u00e1laszad\u00f3k k\u00f6zel 15%-a \u00e9lt.<\/li>\n<li><strong>A j\u00e1rv\u00e1ny idej\u00e9n a v\u00e1llalkoz\u00f3n\u0151k 18%-a szinte csak mag\u00e1ra sz\u00e1m\u00edthatott a gondoskod\u00e1si feladatok megold\u00e1s\u00e1ban, m\u00edg 30%-uk a h\u00e1ztart\u00e1si munk\u00e1kat v\u00e9gezte szinte egyed\u00fcl.<\/strong> A gyermeket nevel\u0151 v\u00e1laszad\u00f3k \u00fagy \u00e9rezt\u00e9k, a gondoskod\u00e1si feladatok \u00e9s h\u00e1ztart\u00e1si feladatok \u00e1tlagosan 70%-\u00e1t v\u00e9gezt\u00e9k \u0151k maguk.<\/li>\n<li><strong>A kisgyermeket nevel\u0151 v\u00e1llalkoz\u00f3n\u0151k 39%-a nyilatkozott \u00fagy, hogy a gondoskod\u00e1si k\u00f6telezetts\u00e9gei n\u00f6veked\u00e9se miatt jutott kevesebb ideje a v\u00e1llalkoz\u00e1s\u00e1ra, m\u00edg az iskol\u00e1skor\u00fa gyermeket nevel\u0151 v\u00e1llalkoz\u00f3n\u0151k 26%-a gondolkodott hasonl\u00f3an.<\/strong> Azok a n\u0151k, akik nem voltak f\u0151keres\u0151k a csal\u00e1djukban, nagyobb m\u00e9rt\u00e9kben \u00e1ldozt\u00e1k be a v\u00e1llalkoz\u00e1si tev\u00e9kenys\u00e9g\u00fcket a gondoskod\u00e1si k\u00f6telezetts\u00e9geik miatt.<\/li>\n<li>A v\u00e1laszad\u00f3k a j\u00e1rv\u00e1ny alatt egy \u00e1tlagos h\u00e9tk\u00f6znapon <strong>\u00e1tlagosan 1 \u00f3r\u00e1val kevesebb id\u0151t t\u00f6lt\u00f6ttek a v\u00e1llalkoz\u00e1sukkal \u00e9s k\u00f6zel m\u00e1sf\u00e9l \u00f3r\u00e1val t\u00f6bbet a gondoskod\u00e1si feladatokkal. A legnagyobb terheket az iskol\u00e1s gyermeket nevel\u0151 v\u00e1llalkoz\u00f3n\u0151k viselt\u00e9k, akiknek a gondoskod\u00e1si \u00e9s h\u00e1ztart\u00e1si tennival\u00f3i t\u00f6bb mint napi h\u00e1rom \u00f3r\u00e1val n\u0151ttek.<\/strong><\/li>\n<\/ul>\n","protected":false},"featured_media":792,"menu_order":0,"template":"","meta":{"_acf_changed":false},"class_list":["post-1047","hirek","type-hirek","status-publish","has-post-thumbnail","hentry"],"acf":[],"yoast_head":"<!-- This site is optimized with the Yoast SEO plugin v27.4 - https:\/\/yoast.com\/product\/yoast-seo-wordpress\/ -->\n<title>Hogyan hatott a v\u00e1ls\u00e1g a n\u0151i v\u00e1llalkoz\u00f3kra? - Seed<\/title>\n<meta name=\"robots\" content=\"index, follow, max-snippet:-1, max-image-preview:large, max-video-preview:-1\" \/>\n<link rel=\"canonical\" href=\"https:\/\/seed.hu\/hirek\/hogyan-hatott-a-valsag-a-noi-vallalkozokra\/\" \/>\n<meta property=\"og:locale\" content=\"en_US\" \/>\n<meta property=\"og:type\" content=\"article\" \/>\n<meta property=\"og:title\" content=\"Hogyan hatott a v\u00e1ls\u00e1g a n\u0151i v\u00e1llalkoz\u00f3kra? - Seed\" \/>\n<meta property=\"og:description\" content=\"Az Online V\u00e1llalkoz\u00f3i F\u00f3rum \u0151szi \u00e9vad\u00e1nak els\u0151 besz\u00e9lget\u00e9se a n\u0151i v\u00e1llalkoz\u00f3k helyt\u00e1ll\u00e1s\u00e1r\u00f3l sz\u00f3lt a tavaszi j\u00e1rv\u00e1nyhelyzet idej\u00e9n. A H\u00e9tfa Kutat\u00f3int\u00e9zet \u00e1ltal k\u00e9sz\u00edtett tanulm\u00e1nyt Koltai Luca irodavezet\u0151 \u00e9s Geambasu R\u00e9ka tudom\u00e1nyos f\u0151munkat\u00e1rs mutatt\u00e1k be. Ahogy az a f\u00f3rumbesz\u00e9lget\u00e9seken lenni szokott, a szak\u00e9rt\u0151k mellett a t\u00e9m\u00e1ban \u00e9rintett v\u00e1llalkoz\u00f3k is elmondj\u00e1k a tapasztalataikat. Ez\u00fattal 2020. \u00e9v legsikeresebb n\u0151i [&hellip;]\" \/>\n<meta property=\"og:url\" content=\"https:\/\/seed.hu\/hirek\/hogyan-hatott-a-valsag-a-noi-vallalkozokra\/\" \/>\n<meta property=\"og:site_name\" content=\"Seed\" \/>\n<meta property=\"article:modified_time\" content=\"2022-01-23T18:00:51+00:00\" \/>\n<meta property=\"og:image\" content=\"https:\/\/seed.hu\/wp-content\/uploads\/2018\/04\/SEED_logo.png\" \/>\n\t<meta property=\"og:image:width\" content=\"250\" \/>\n\t<meta property=\"og:image:height\" content=\"206\" \/>\n\t<meta property=\"og:image:type\" content=\"image\/png\" \/>\n<meta name=\"twitter:card\" content=\"summary_large_image\" \/>\n<meta name=\"twitter:label1\" content=\"Est. reading time\" \/>\n\t<meta name=\"twitter:data1\" content=\"4 minutes\" \/>\n<script type=\"application\/ld+json\" class=\"yoast-schema-graph\">{\"@context\":\"https:\\\/\\\/schema.org\",\"@graph\":[{\"@type\":\"WebPage\",\"@id\":\"https:\\\/\\\/seed.hu\\\/hirek\\\/hogyan-hatott-a-valsag-a-noi-vallalkozokra\\\/\",\"url\":\"https:\\\/\\\/seed.hu\\\/hirek\\\/hogyan-hatott-a-valsag-a-noi-vallalkozokra\\\/\",\"name\":\"Hogyan hatott a v\u00e1ls\u00e1g a n\u0151i v\u00e1llalkoz\u00f3kra? - Seed\",\"isPartOf\":{\"@id\":\"https:\\\/\\\/seed.hu\\\/#website\"},\"primaryImageOfPage\":{\"@id\":\"https:\\\/\\\/seed.hu\\\/hirek\\\/hogyan-hatott-a-valsag-a-noi-vallalkozokra\\\/#primaryimage\"},\"image\":{\"@id\":\"https:\\\/\\\/seed.hu\\\/hirek\\\/hogyan-hatott-a-valsag-a-noi-vallalkozokra\\\/#primaryimage\"},\"thumbnailUrl\":\"https:\\\/\\\/seed.hu\\\/wp-content\\\/uploads\\\/2018\\\/04\\\/SEED_logo.png\",\"datePublished\":\"2020-10-12T09:55:28+00:00\",\"dateModified\":\"2022-01-23T18:00:51+00:00\",\"breadcrumb\":{\"@id\":\"https:\\\/\\\/seed.hu\\\/hirek\\\/hogyan-hatott-a-valsag-a-noi-vallalkozokra\\\/#breadcrumb\"},\"inLanguage\":\"en-US\",\"potentialAction\":[{\"@type\":\"ReadAction\",\"target\":[\"https:\\\/\\\/seed.hu\\\/hirek\\\/hogyan-hatott-a-valsag-a-noi-vallalkozokra\\\/\"]}]},{\"@type\":\"ImageObject\",\"inLanguage\":\"en-US\",\"@id\":\"https:\\\/\\\/seed.hu\\\/hirek\\\/hogyan-hatott-a-valsag-a-noi-vallalkozokra\\\/#primaryimage\",\"url\":\"https:\\\/\\\/seed.hu\\\/wp-content\\\/uploads\\\/2018\\\/04\\\/SEED_logo.png\",\"contentUrl\":\"https:\\\/\\\/seed.hu\\\/wp-content\\\/uploads\\\/2018\\\/04\\\/SEED_logo.png\",\"width\":250,\"height\":206},{\"@type\":\"BreadcrumbList\",\"@id\":\"https:\\\/\\\/seed.hu\\\/hirek\\\/hogyan-hatott-a-valsag-a-noi-vallalkozokra\\\/#breadcrumb\",\"itemListElement\":[{\"@type\":\"ListItem\",\"position\":1,\"name\":\"H\u00edrek\",\"item\":\"https:\\\/\\\/seed.hu\\\/hirek\\\/\"},{\"@type\":\"ListItem\",\"position\":2,\"name\":\"Hogyan hatott a v\u00e1ls\u00e1g a n\u0151i v\u00e1llalkoz\u00f3kra?\"}]},{\"@type\":\"WebSite\",\"@id\":\"https:\\\/\\\/seed.hu\\\/#website\",\"url\":\"https:\\\/\\\/seed.hu\\\/\",\"name\":\"Seed\",\"description\":\"\",\"potentialAction\":[{\"@type\":\"SearchAction\",\"target\":{\"@type\":\"EntryPoint\",\"urlTemplate\":\"https:\\\/\\\/seed.hu\\\/?s={search_term_string}\"},\"query-input\":{\"@type\":\"PropertyValueSpecification\",\"valueRequired\":true,\"valueName\":\"search_term_string\"}}],\"inLanguage\":\"en-US\"}]}<\/script>\n<!-- \/ Yoast SEO plugin. -->","yoast_head_json":{"title":"Hogyan hatott a v\u00e1ls\u00e1g a n\u0151i v\u00e1llalkoz\u00f3kra? - Seed","robots":{"index":"index","follow":"follow","max-snippet":"max-snippet:-1","max-image-preview":"max-image-preview:large","max-video-preview":"max-video-preview:-1"},"canonical":"https:\/\/seed.hu\/hirek\/hogyan-hatott-a-valsag-a-noi-vallalkozokra\/","og_locale":"en_US","og_type":"article","og_title":"Hogyan hatott a v\u00e1ls\u00e1g a n\u0151i v\u00e1llalkoz\u00f3kra? - Seed","og_description":"Az Online V\u00e1llalkoz\u00f3i F\u00f3rum \u0151szi \u00e9vad\u00e1nak els\u0151 besz\u00e9lget\u00e9se a n\u0151i v\u00e1llalkoz\u00f3k helyt\u00e1ll\u00e1s\u00e1r\u00f3l sz\u00f3lt a tavaszi j\u00e1rv\u00e1nyhelyzet idej\u00e9n. A H\u00e9tfa Kutat\u00f3int\u00e9zet \u00e1ltal k\u00e9sz\u00edtett tanulm\u00e1nyt Koltai Luca irodavezet\u0151 \u00e9s Geambasu R\u00e9ka tudom\u00e1nyos f\u0151munkat\u00e1rs mutatt\u00e1k be. Ahogy az a f\u00f3rumbesz\u00e9lget\u00e9seken lenni szokott, a szak\u00e9rt\u0151k mellett a t\u00e9m\u00e1ban \u00e9rintett v\u00e1llalkoz\u00f3k is elmondj\u00e1k a tapasztalataikat. Ez\u00fattal 2020. \u00e9v legsikeresebb n\u0151i [&hellip;]","og_url":"https:\/\/seed.hu\/hirek\/hogyan-hatott-a-valsag-a-noi-vallalkozokra\/","og_site_name":"Seed","article_modified_time":"2022-01-23T18:00:51+00:00","og_image":[{"width":250,"height":206,"url":"https:\/\/seed.hu\/wp-content\/uploads\/2018\/04\/SEED_logo.png","type":"image\/png"}],"twitter_card":"summary_large_image","twitter_misc":{"Est. reading time":"4 minutes"},"schema":{"@context":"https:\/\/schema.org","@graph":[{"@type":"WebPage","@id":"https:\/\/seed.hu\/hirek\/hogyan-hatott-a-valsag-a-noi-vallalkozokra\/","url":"https:\/\/seed.hu\/hirek\/hogyan-hatott-a-valsag-a-noi-vallalkozokra\/","name":"Hogyan hatott a v\u00e1ls\u00e1g a n\u0151i v\u00e1llalkoz\u00f3kra? - Seed","isPartOf":{"@id":"https:\/\/seed.hu\/#website"},"primaryImageOfPage":{"@id":"https:\/\/seed.hu\/hirek\/hogyan-hatott-a-valsag-a-noi-vallalkozokra\/#primaryimage"},"image":{"@id":"https:\/\/seed.hu\/hirek\/hogyan-hatott-a-valsag-a-noi-vallalkozokra\/#primaryimage"},"thumbnailUrl":"https:\/\/seed.hu\/wp-content\/uploads\/2018\/04\/SEED_logo.png","datePublished":"2020-10-12T09:55:28+00:00","dateModified":"2022-01-23T18:00:51+00:00","breadcrumb":{"@id":"https:\/\/seed.hu\/hirek\/hogyan-hatott-a-valsag-a-noi-vallalkozokra\/#breadcrumb"},"inLanguage":"en-US","potentialAction":[{"@type":"ReadAction","target":["https:\/\/seed.hu\/hirek\/hogyan-hatott-a-valsag-a-noi-vallalkozokra\/"]}]},{"@type":"ImageObject","inLanguage":"en-US","@id":"https:\/\/seed.hu\/hirek\/hogyan-hatott-a-valsag-a-noi-vallalkozokra\/#primaryimage","url":"https:\/\/seed.hu\/wp-content\/uploads\/2018\/04\/SEED_logo.png","contentUrl":"https:\/\/seed.hu\/wp-content\/uploads\/2018\/04\/SEED_logo.png","width":250,"height":206},{"@type":"BreadcrumbList","@id":"https:\/\/seed.hu\/hirek\/hogyan-hatott-a-valsag-a-noi-vallalkozokra\/#breadcrumb","itemListElement":[{"@type":"ListItem","position":1,"name":"H\u00edrek","item":"https:\/\/seed.hu\/hirek\/"},{"@type":"ListItem","position":2,"name":"Hogyan hatott a v\u00e1ls\u00e1g a n\u0151i v\u00e1llalkoz\u00f3kra?"}]},{"@type":"WebSite","@id":"https:\/\/seed.hu\/#website","url":"https:\/\/seed.hu\/","name":"Seed","description":"","potentialAction":[{"@type":"SearchAction","target":{"@type":"EntryPoint","urlTemplate":"https:\/\/seed.hu\/?s={search_term_string}"},"query-input":{"@type":"PropertyValueSpecification","valueRequired":true,"valueName":"search_term_string"}}],"inLanguage":"en-US"}]}},"_links":{"self":[{"href":"https:\/\/seed.hu\/en\/wp-json\/wp\/v2\/hirek\/1047","targetHints":{"allow":["GET"]}}],"collection":[{"href":"https:\/\/seed.hu\/en\/wp-json\/wp\/v2\/hirek"}],"about":[{"href":"https:\/\/seed.hu\/en\/wp-json\/wp\/v2\/types\/hirek"}],"wp:featuredmedia":[{"embeddable":true,"href":"https:\/\/seed.hu\/en\/wp-json\/wp\/v2\/media\/792"}],"wp:attachment":[{"href":"https:\/\/seed.hu\/en\/wp-json\/wp\/v2\/media?parent=1047"}],"curies":[{"name":"wp","href":"https:\/\/api.w.org\/{rel}","templated":true}]}}