{"id":1051,"date":"2020-10-29T17:45:43","date_gmt":"2020-10-29T16:45:43","guid":{"rendered":"https:\/\/seed.hu\/?post_type=hirek&#038;p=1051"},"modified":"2022-01-23T19:04:51","modified_gmt":"2022-01-23T18:04:51","slug":"online-vallalkozoi-forum-e-kereskedelem-amazon-vagy-mas-kinek-mikor-es-mit-2020-11-05","status":"publish","type":"hirek","link":"https:\/\/seed.hu\/en\/hirek\/online-vallalkozoi-forum-e-kereskedelem-amazon-vagy-mas-kinek-mikor-es-mit-2020-11-05\/","title":{"rendered":"Online V\u00e1llalkoz\u00f3i F\u00f3rum &#8211; e-Kereskedelem, Amazon vagy m\u00e1s? Kinek, mikor \u00e9s mit?, 2020.11.05."},"content":{"rendered":"<p><a href=\"https:\/\/seed.hu\/szolgaltatasok\/kerdezd-a-tanacsadot\/partnerbig2\/\" rel=\"attachment wp-att-41\"><img loading=\"lazy\" decoding=\"async\" class=\"alignnone size-full wp-image-41\" src=\"https:\/\/seed.hu\/wp-content\/uploads\/2021\/02\/partnerBig2.png\" alt=\"\" width=\"241\" height=\"75\" \/><\/a><\/p>\n<p><span style=\"font-size: 20px;\"><strong>Online V\u00e1llalkoz\u00f3i F\u00f3rum &#8211; Egy szak\u00e9rt\u0151, egy v\u00e1llalkoz\u00f3, egy t\u00e9ma, 1 \u00f3ra<\/strong><\/span><\/p>\n<p><strong><u>A k\u00f6vetkez\u0151\u00a0szakmai besz\u00e9lget\u00e9s id\u0151pontja:<\/u><\/strong><br \/>\n2020. november 5., cs\u00fct\u00f6rt\u00f6k, 17:30-19:00.<\/p>\n<p><strong><u>A besz\u00e9lget\u0151partner:<\/u><\/strong><\/p>\n<ul>\n<li>G\u00f6nd\u00f6cs G\u00e1bor, Eco-cortex Kft.,<\/li>\n<li>Gyukli Kriszti\u00e1n, Juniorchef, Gyukli Pince Balatonf\u00fcred<\/li>\n<\/ul>\n<p><strong><u>A t\u00e9ma:<\/u><\/strong><\/p>\n<p>e-Kereskedelem, Amazon vagy m\u00e1s? Kinek, mikor \u00e9s mit?<\/p>\n<p><strong><u>R\u00e9szletes t\u00e9ma:<\/u><\/strong><\/p>\n<ul>\n<li>Online kereskedelmi alapismeretek.<\/li>\n<li>A vev\u0151k digit\u00e1lis t\u00e9rben t\u00f6rt\u00e9n\u0151 el\u00e9r\u00e9se felveti a k\u00e9rd\u00e9st, melyik a legjobb v\u00e1laszt\u00e1s?<\/li>\n<li>Az eddig bev\u00e1lt \u00e9rt\u00e9kes\u00edt\u00e9si m\u00f3dszerek, a szem\u00e9lyes \u00e9rt\u00e9kes\u00edt\u00e9si csatorn\u00e1k a megv\u00e1ltozott gazdas\u00e1gi k\u00f6r\u00fclm\u00e9nyek k\u00f6z\u00f6tt n\u00e1lad is korl\u00e1tozt\u00e1k az elad\u00e1sokat?<\/li>\n<li>Szeretn\u00e9l te is az online t\u00e9rben \u00e9rt\u00e9kes\u00edteni, vagy elindult\u00e1l m\u00e1r ezen az \u00faton, de k\u00e9ts\u00e9geid vannak afel\u0151l, hogy a legjobb platformot v\u00e1lasztottad-e?<\/li>\n<\/ul>\n<p>Ez a besz\u00e9lget\u00e9s r\u00f3lad \u00e9s neked sz\u00f3l.<br \/>\nBesz\u00e9l\u00fcnk arr\u00f3l, hogy mit\u0151l m\u00e1s az online \u00e9s az offline kereskedelem, \u00e9s gyakorlati tippekkel, v\u00e1llalkoz\u00f3i tapasztalatokkal seg\u00edts\u00e9get ny\u00fajtunk ahhoz, hogy te is otthonosan mozogj ezekben az \u00e9rt\u00e9kes\u00edt\u00e9si csatorn\u00e1kban.<br \/>\n<strong><em>A f\u00f3rumon a r\u00e9szv\u00e9tel ingyenes, de el\u0151zetes regisztr\u00e1ci\u00f3hoz k\u00f6t\u00f6tt.<\/em><\/strong><\/p>\n<p><strong><em>Jelentkez\u00e9si hat\u00e1rid\u0151: 2020. november 5. 12:00<\/em><\/strong><\/p>\n<p><a href=\"https:\/\/seed.hu\/kerdoiv\/online-vallalkozoi-forum-e-kereskedelem-amazon-vagy-mas-kinek-mikor-es-mit-2020-11-05\" target=\"_blank\" rel=\"noopener\"><img decoding=\"async\" style=\"width: 130px; height: 42px;\" src=\"https:\/\/seed.hu\/files\/attachments\/inline\/regisztracio4.png\" alt=\"\" \/><\/a><\/p>\n<p>&nbsp;<\/p>\n","protected":false},"featured_media":792,"menu_order":0,"template":"","meta":{"_acf_changed":false},"class_list":["post-1051","hirek","type-hirek","status-publish","has-post-thumbnail","hentry"],"acf":[],"yoast_head":"<!-- This site is optimized with the Yoast SEO plugin v27.4 - https:\/\/yoast.com\/product\/yoast-seo-wordpress\/ -->\n<title>Online V\u00e1llalkoz\u00f3i F\u00f3rum - e-Kereskedelem, Amazon vagy m\u00e1s? Kinek, mikor \u00e9s mit?, 2020.11.05. - Seed<\/title>\n<meta name=\"robots\" content=\"index, follow, max-snippet:-1, max-image-preview:large, max-video-preview:-1\" \/>\n<link rel=\"canonical\" href=\"https:\/\/seed.hu\/hirek\/online-vallalkozoi-forum-e-kereskedelem-amazon-vagy-mas-kinek-mikor-es-mit-2020-11-05\/\" \/>\n<meta property=\"og:locale\" content=\"en_US\" \/>\n<meta property=\"og:type\" content=\"article\" \/>\n<meta property=\"og:title\" content=\"Online V\u00e1llalkoz\u00f3i F\u00f3rum - e-Kereskedelem, Amazon vagy m\u00e1s? Kinek, mikor \u00e9s mit?, 2020.11.05. - Seed\" \/>\n<meta property=\"og:description\" content=\"Online V\u00e1llalkoz\u00f3i F\u00f3rum &#8211; Egy szak\u00e9rt\u0151, egy v\u00e1llalkoz\u00f3, egy t\u00e9ma, 1 \u00f3ra A k\u00f6vetkez\u0151\u00a0szakmai besz\u00e9lget\u00e9s id\u0151pontja: 2020. november 5., cs\u00fct\u00f6rt\u00f6k, 17:30-19:00. A besz\u00e9lget\u0151partner: G\u00f6nd\u00f6cs G\u00e1bor, Eco-cortex Kft., Gyukli Kriszti\u00e1n, Juniorchef, Gyukli Pince Balatonf\u00fcred A t\u00e9ma: e-Kereskedelem, Amazon vagy m\u00e1s? Kinek, mikor \u00e9s mit? R\u00e9szletes t\u00e9ma: Online kereskedelmi alapismeretek. A vev\u0151k digit\u00e1lis t\u00e9rben t\u00f6rt\u00e9n\u0151 el\u00e9r\u00e9se felveti [&hellip;]\" \/>\n<meta property=\"og:url\" content=\"https:\/\/seed.hu\/hirek\/online-vallalkozoi-forum-e-kereskedelem-amazon-vagy-mas-kinek-mikor-es-mit-2020-11-05\/\" \/>\n<meta property=\"og:site_name\" content=\"Seed\" \/>\n<meta property=\"article:modified_time\" content=\"2022-01-23T18:04:51+00:00\" \/>\n<meta property=\"og:image\" content=\"https:\/\/seed.hu\/wp-content\/uploads\/2018\/04\/SEED_logo.png\" \/>\n\t<meta property=\"og:image:width\" content=\"250\" \/>\n\t<meta property=\"og:image:height\" content=\"206\" \/>\n\t<meta property=\"og:image:type\" content=\"image\/png\" \/>\n<meta name=\"twitter:card\" content=\"summary_large_image\" \/>\n<meta name=\"twitter:label1\" content=\"Est. reading time\" \/>\n\t<meta name=\"twitter:data1\" content=\"1 minute\" \/>\n<script type=\"application\/ld+json\" class=\"yoast-schema-graph\">{\"@context\":\"https:\\\/\\\/schema.org\",\"@graph\":[{\"@type\":\"WebPage\",\"@id\":\"https:\\\/\\\/seed.hu\\\/hirek\\\/online-vallalkozoi-forum-e-kereskedelem-amazon-vagy-mas-kinek-mikor-es-mit-2020-11-05\\\/\",\"url\":\"https:\\\/\\\/seed.hu\\\/hirek\\\/online-vallalkozoi-forum-e-kereskedelem-amazon-vagy-mas-kinek-mikor-es-mit-2020-11-05\\\/\",\"name\":\"Online V\u00e1llalkoz\u00f3i F\u00f3rum - e-Kereskedelem, Amazon vagy m\u00e1s? Kinek, mikor \u00e9s mit?, 2020.11.05. - Seed\",\"isPartOf\":{\"@id\":\"https:\\\/\\\/seed.hu\\\/#website\"},\"primaryImageOfPage\":{\"@id\":\"https:\\\/\\\/seed.hu\\\/hirek\\\/online-vallalkozoi-forum-e-kereskedelem-amazon-vagy-mas-kinek-mikor-es-mit-2020-11-05\\\/#primaryimage\"},\"image\":{\"@id\":\"https:\\\/\\\/seed.hu\\\/hirek\\\/online-vallalkozoi-forum-e-kereskedelem-amazon-vagy-mas-kinek-mikor-es-mit-2020-11-05\\\/#primaryimage\"},\"thumbnailUrl\":\"https:\\\/\\\/seed.hu\\\/wp-content\\\/uploads\\\/2018\\\/04\\\/SEED_logo.png\",\"datePublished\":\"2020-10-29T16:45:43+00:00\",\"dateModified\":\"2022-01-23T18:04:51+00:00\",\"breadcrumb\":{\"@id\":\"https:\\\/\\\/seed.hu\\\/hirek\\\/online-vallalkozoi-forum-e-kereskedelem-amazon-vagy-mas-kinek-mikor-es-mit-2020-11-05\\\/#breadcrumb\"},\"inLanguage\":\"en-US\",\"potentialAction\":[{\"@type\":\"ReadAction\",\"target\":[\"https:\\\/\\\/seed.hu\\\/hirek\\\/online-vallalkozoi-forum-e-kereskedelem-amazon-vagy-mas-kinek-mikor-es-mit-2020-11-05\\\/\"]}]},{\"@type\":\"ImageObject\",\"inLanguage\":\"en-US\",\"@id\":\"https:\\\/\\\/seed.hu\\\/hirek\\\/online-vallalkozoi-forum-e-kereskedelem-amazon-vagy-mas-kinek-mikor-es-mit-2020-11-05\\\/#primaryimage\",\"url\":\"https:\\\/\\\/seed.hu\\\/wp-content\\\/uploads\\\/2018\\\/04\\\/SEED_logo.png\",\"contentUrl\":\"https:\\\/\\\/seed.hu\\\/wp-content\\\/uploads\\\/2018\\\/04\\\/SEED_logo.png\",\"width\":250,\"height\":206},{\"@type\":\"BreadcrumbList\",\"@id\":\"https:\\\/\\\/seed.hu\\\/hirek\\\/online-vallalkozoi-forum-e-kereskedelem-amazon-vagy-mas-kinek-mikor-es-mit-2020-11-05\\\/#breadcrumb\",\"itemListElement\":[{\"@type\":\"ListItem\",\"position\":1,\"name\":\"H\u00edrek\",\"item\":\"https:\\\/\\\/seed.hu\\\/hirek\\\/\"},{\"@type\":\"ListItem\",\"position\":2,\"name\":\"Online V\u00e1llalkoz\u00f3i F\u00f3rum &#8211; e-Kereskedelem, Amazon vagy m\u00e1s? Kinek, mikor \u00e9s mit?, 2020.11.05.\"}]},{\"@type\":\"WebSite\",\"@id\":\"https:\\\/\\\/seed.hu\\\/#website\",\"url\":\"https:\\\/\\\/seed.hu\\\/\",\"name\":\"Seed\",\"description\":\"\",\"potentialAction\":[{\"@type\":\"SearchAction\",\"target\":{\"@type\":\"EntryPoint\",\"urlTemplate\":\"https:\\\/\\\/seed.hu\\\/?s={search_term_string}\"},\"query-input\":{\"@type\":\"PropertyValueSpecification\",\"valueRequired\":true,\"valueName\":\"search_term_string\"}}],\"inLanguage\":\"en-US\"}]}<\/script>\n<!-- \/ Yoast SEO plugin. -->","yoast_head_json":{"title":"Online V\u00e1llalkoz\u00f3i F\u00f3rum - e-Kereskedelem, Amazon vagy m\u00e1s? Kinek, mikor \u00e9s mit?, 2020.11.05. - Seed","robots":{"index":"index","follow":"follow","max-snippet":"max-snippet:-1","max-image-preview":"max-image-preview:large","max-video-preview":"max-video-preview:-1"},"canonical":"https:\/\/seed.hu\/hirek\/online-vallalkozoi-forum-e-kereskedelem-amazon-vagy-mas-kinek-mikor-es-mit-2020-11-05\/","og_locale":"en_US","og_type":"article","og_title":"Online V\u00e1llalkoz\u00f3i F\u00f3rum - e-Kereskedelem, Amazon vagy m\u00e1s? Kinek, mikor \u00e9s mit?, 2020.11.05. - Seed","og_description":"Online V\u00e1llalkoz\u00f3i F\u00f3rum &#8211; Egy szak\u00e9rt\u0151, egy v\u00e1llalkoz\u00f3, egy t\u00e9ma, 1 \u00f3ra A k\u00f6vetkez\u0151\u00a0szakmai besz\u00e9lget\u00e9s id\u0151pontja: 2020. november 5., cs\u00fct\u00f6rt\u00f6k, 17:30-19:00. A besz\u00e9lget\u0151partner: G\u00f6nd\u00f6cs G\u00e1bor, Eco-cortex Kft., Gyukli Kriszti\u00e1n, Juniorchef, Gyukli Pince Balatonf\u00fcred A t\u00e9ma: e-Kereskedelem, Amazon vagy m\u00e1s? Kinek, mikor \u00e9s mit? R\u00e9szletes t\u00e9ma: Online kereskedelmi alapismeretek. A vev\u0151k digit\u00e1lis t\u00e9rben t\u00f6rt\u00e9n\u0151 el\u00e9r\u00e9se felveti [&hellip;]","og_url":"https:\/\/seed.hu\/hirek\/online-vallalkozoi-forum-e-kereskedelem-amazon-vagy-mas-kinek-mikor-es-mit-2020-11-05\/","og_site_name":"Seed","article_modified_time":"2022-01-23T18:04:51+00:00","og_image":[{"width":250,"height":206,"url":"https:\/\/seed.hu\/wp-content\/uploads\/2018\/04\/SEED_logo.png","type":"image\/png"}],"twitter_card":"summary_large_image","twitter_misc":{"Est. reading time":"1 minute"},"schema":{"@context":"https:\/\/schema.org","@graph":[{"@type":"WebPage","@id":"https:\/\/seed.hu\/hirek\/online-vallalkozoi-forum-e-kereskedelem-amazon-vagy-mas-kinek-mikor-es-mit-2020-11-05\/","url":"https:\/\/seed.hu\/hirek\/online-vallalkozoi-forum-e-kereskedelem-amazon-vagy-mas-kinek-mikor-es-mit-2020-11-05\/","name":"Online V\u00e1llalkoz\u00f3i F\u00f3rum - e-Kereskedelem, Amazon vagy m\u00e1s? Kinek, mikor \u00e9s mit?, 2020.11.05. - Seed","isPartOf":{"@id":"https:\/\/seed.hu\/#website"},"primaryImageOfPage":{"@id":"https:\/\/seed.hu\/hirek\/online-vallalkozoi-forum-e-kereskedelem-amazon-vagy-mas-kinek-mikor-es-mit-2020-11-05\/#primaryimage"},"image":{"@id":"https:\/\/seed.hu\/hirek\/online-vallalkozoi-forum-e-kereskedelem-amazon-vagy-mas-kinek-mikor-es-mit-2020-11-05\/#primaryimage"},"thumbnailUrl":"https:\/\/seed.hu\/wp-content\/uploads\/2018\/04\/SEED_logo.png","datePublished":"2020-10-29T16:45:43+00:00","dateModified":"2022-01-23T18:04:51+00:00","breadcrumb":{"@id":"https:\/\/seed.hu\/hirek\/online-vallalkozoi-forum-e-kereskedelem-amazon-vagy-mas-kinek-mikor-es-mit-2020-11-05\/#breadcrumb"},"inLanguage":"en-US","potentialAction":[{"@type":"ReadAction","target":["https:\/\/seed.hu\/hirek\/online-vallalkozoi-forum-e-kereskedelem-amazon-vagy-mas-kinek-mikor-es-mit-2020-11-05\/"]}]},{"@type":"ImageObject","inLanguage":"en-US","@id":"https:\/\/seed.hu\/hirek\/online-vallalkozoi-forum-e-kereskedelem-amazon-vagy-mas-kinek-mikor-es-mit-2020-11-05\/#primaryimage","url":"https:\/\/seed.hu\/wp-content\/uploads\/2018\/04\/SEED_logo.png","contentUrl":"https:\/\/seed.hu\/wp-content\/uploads\/2018\/04\/SEED_logo.png","width":250,"height":206},{"@type":"BreadcrumbList","@id":"https:\/\/seed.hu\/hirek\/online-vallalkozoi-forum-e-kereskedelem-amazon-vagy-mas-kinek-mikor-es-mit-2020-11-05\/#breadcrumb","itemListElement":[{"@type":"ListItem","position":1,"name":"H\u00edrek","item":"https:\/\/seed.hu\/hirek\/"},{"@type":"ListItem","position":2,"name":"Online V\u00e1llalkoz\u00f3i F\u00f3rum &#8211; e-Kereskedelem, Amazon vagy m\u00e1s? Kinek, mikor \u00e9s mit?, 2020.11.05."}]},{"@type":"WebSite","@id":"https:\/\/seed.hu\/#website","url":"https:\/\/seed.hu\/","name":"Seed","description":"","potentialAction":[{"@type":"SearchAction","target":{"@type":"EntryPoint","urlTemplate":"https:\/\/seed.hu\/?s={search_term_string}"},"query-input":{"@type":"PropertyValueSpecification","valueRequired":true,"valueName":"search_term_string"}}],"inLanguage":"en-US"}]}},"_links":{"self":[{"href":"https:\/\/seed.hu\/en\/wp-json\/wp\/v2\/hirek\/1051","targetHints":{"allow":["GET"]}}],"collection":[{"href":"https:\/\/seed.hu\/en\/wp-json\/wp\/v2\/hirek"}],"about":[{"href":"https:\/\/seed.hu\/en\/wp-json\/wp\/v2\/types\/hirek"}],"wp:featuredmedia":[{"embeddable":true,"href":"https:\/\/seed.hu\/en\/wp-json\/wp\/v2\/media\/792"}],"wp:attachment":[{"href":"https:\/\/seed.hu\/en\/wp-json\/wp\/v2\/media?parent=1051"}],"curies":[{"name":"wp","href":"https:\/\/api.w.org\/{rel}","templated":true}]}}