{"id":1052,"date":"2020-11-05T07:45:58","date_gmt":"2020-11-05T06:45:58","guid":{"rendered":"https:\/\/seed.hu\/?post_type=hirek&#038;p=1052"},"modified":"2022-01-23T19:10:14","modified_gmt":"2022-01-23T18:10:14","slug":"ismet-varjak-a-tudasbarat-szervezetek-kozottuk-az-agrarvallalkozasok-palyazatait","status":"publish","type":"hirek","link":"https:\/\/seed.hu\/en\/hirek\/ismet-varjak-a-tudasbarat-szervezetek-kozottuk-az-agrarvallalkozasok-palyazatait\/","title":{"rendered":"Ism\u00e9t v\u00e1rj\u00e1k a tud\u00e1sbar\u00e1t szervezetek, k\u00f6z\u00f6tt\u00fck az agr\u00e1rv\u00e1llalkoz\u00e1sok p\u00e1ly\u00e1zatait"},"content":{"rendered":"<p>&nbsp;<\/p>\n<p><a href=\"https:\/\/seed.hu\/hirek\/meghosszabbitja-a-tudasbarat-szervezet-palyazat-hataridejet-a-seed-alapitvany-es-a-ttka\/seed_ttka\/\" rel=\"attachment wp-att-907\"><img loading=\"lazy\" decoding=\"async\" class=\"alignnone wp-image-907 size-full\" src=\"https:\/\/seed.hu\/wp-content\/uploads\/2022\/01\/SEED_TTKA.png\" alt=\"\" width=\"553\" height=\"145\" srcset=\"https:\/\/seed.hu\/wp-content\/uploads\/2022\/01\/SEED_TTKA.png 553w, https:\/\/seed.hu\/wp-content\/uploads\/2022\/01\/SEED_TTKA-300x79.png 300w\" sizes=\"auto, (max-width: 553px) 100vw, 553px\" \/><\/a><\/p>\n<p>Az elm\u00falt \u00e9vi p\u00e1ly\u00e1zat sikere \u00e9s kedvez\u0151 fogadtat\u00e1sa, valamint a t\u00e9ma fontoss\u00e1ga miatt a Tehets\u00e9g \u00e9s Tud\u00e1s K\u00f6zpont Alap\u00edtv\u00e1ny (TTKA), valamint a SEED Kisv\u00e1llalkoz\u00e1s-fejleszt\u00e9si Alap\u00edtv\u00e1ny a tud\u00e1s\u00e1tad\u00e1s t\u00e1mogat\u00e1s\u00e1ra, el\u0151seg\u00edt\u00e9s\u00e9re l\u00e9trej\u00f6tt Kur\u00e1zsi Konzorcium \u00e9gisze alatt 2020-ban is ki\u00edrja a<\/p>\n<p><strong>\u201eGener\u00e1ci\u00f3k k\u00f6z\u00f6tti tud\u00e1s\u00e1tad\u00e1s a szervezetekben \u2013 j\u00f3 gyakorlatok\u201d c\u00edm\u0171 p\u00e1ly\u00e1zatot.<\/strong><\/p>\n<p>A legjobb p\u00e1lyamunk\u00e1kat bead\u00f3 szervezetek, v\u00e1llalkoz\u00e1sok elnyerik a \u201e<strong>Tud\u00e1sbar\u00e1t szervezet 2020<\/strong>\u201d \u2013 elismer\u00e9st.<\/p>\n<p>A tud\u00e1s hatalom, tartja a mond\u00e1s, de nem csak az\u2026 A tud\u00e1s versenyt\u00e9nyez\u0151 is! Egyre nagyobb kih\u00edv\u00e1st jelent ugyanakkor a gener\u00e1ci\u00f3k egy\u00fctt\u00e9l\u00e9se \u00e9s menedzsel\u00e9se a munkahelyeken. A c\u00e9l az id\u0151sebb munkav\u00e1llal\u00f3k munkak\u00e9pess\u00e9g\u00e9nek, motiv\u00e1ci\u00f3j\u00e1nak, eg\u00e9szs\u00e9ges \u00f6n\u00e9rt\u00e9kel\u00e9s\u00e9nek fenntart\u00e1sa, er\u0151s\u00edt\u00e9se az\u00e1ltal, hogy sz\u00e1m\u00edtanak a tud\u00e1sukra, tapasztalataikra; a fiatal munkav\u00e1llal\u00f3k sikeres integr\u00e1ci\u00f3ja; a tud\u00e1s szisztematikus \u00e1tad\u00e1sa a k\u00fcl\u00f6nb\u00f6z\u0151 nemzed\u00e9kek, munkav\u00e1llal\u00f3k k\u00f6z\u00f6tt, valamint a tud\u00e1s szervezeten bel\u00fcli megtart\u00e1sa.<\/p>\n<p>A gener\u00e1ci\u00f3v\u00e1lt\u00e1s komoly gond a kis- \u00e9s nagyv\u00e1llalatokn\u00e1l egyar\u00e1nt. Nagy sz\u00fcks\u00e9g van az elm\u00e9leti \u00e9s a tapasztalati tud\u00e1s\u00e1tad\u00e1s el\u0151seg\u00edt\u00e9sre. Kev\u00e9s v\u00e1llalkoz\u00e1s, v\u00e1llalat mondhatja el mag\u00e1r\u00f3l, hogy ennek j\u00f3l kialakult, szervezett keretei vannak. Fokozottan igaz ez az agr\u00e1rium ter\u00fclet\u00e9n. A gener\u00e1ci\u00f3v\u00e1lt\u00e1s a mez\u0151gazdas\u00e1gi v\u00e1llalkoz\u00e1soknak is az egyik \u00e9get\u0151 probl\u00e9m\u00e1ja, hiszen az 55 \u00e9v f\u00f6l\u00f6tti agr\u00e1rv\u00e1llalkoz\u00f3k ar\u00e1nya meghaladja az 50%-ot. Gyakran el\u0151fordul, hogy az id\u0151sebb \u00e9s a fiatalabb koroszt\u00e1lyok k\u00f6z\u00f6tt nincs kommunik\u00e1ci\u00f3, \u00e9s kur\u00e1zsi kell ahhoz, hogy megteremt\u0151dj\u00f6n a p\u00e1rbesz\u00e9d.<\/p>\n<p>A p\u00e1ly\u00e1zat ki\u00edr\u00e1s\u00e1val a c\u00e9l a szeml\u00e9letform\u00e1l\u00e1s, a k\u00e9pz\u00e9s, valamint a pozit\u00edv p\u00e9ld\u00e1k \u00e9s j\u00f3 gyakorlatok terjeszt\u00e9s\u00e9vel egy\u00fctt a kis-, k\u00f6zepes \u00e9s nagyv\u00e1llalatok \u00f6szt\u00f6nz\u00e9se arra, hogy vessenek egy pillant\u00e1st a m\u0171k\u00f6d\u00e9s\u00fckre, n\u00e9zz\u00e9k meg, milyen szinten van jelen a szervezetben a tud\u00e1s\u00e1tad\u00e1s, \u00e9s t\u00f6rekedjenek a tud\u00e1s\u00e1tad\u00e1s szervezett keretek k\u00f6z\u00f6tt t\u00f6rt\u00e9n\u0151 megval\u00f3s\u00edt\u00e1s\u00e1ra.<\/p>\n<p>A Tud\u00e1sbar\u00e1t szervezet 2019 d\u00edjban a nagyv\u00e1llalati kateg\u00f3ri\u00e1kban az <strong>MVM Paksi Atomer\u0151m\u0171 Zrt.<\/strong>, a <strong>Legrand Zft.<\/strong>, m\u00edg a kis- \u00e9s k\u00f6z\u00e9pv\u00e1llalkoz\u00e1sok kateg\u00f3ri\u00e1j\u00e1ban a <strong>p2m Consulting Kft.<\/strong>, a <strong>Zsir\u00e1f Kreat\u00edv \u00dcgyn\u00f6ks\u00e9g<\/strong> r\u00e9szes\u00fcltek.<\/p>\n<p><strong>Mi\u00e9rt \u00e9rdemes p\u00e1ly\u00e1zni a \u201eTud\u00e1sbar\u00e1t szervezet 2020\u201d d\u00edjra?<\/strong><\/p>\n<ul>\n<li>A \u201eTud\u00e1sbar\u00e1t szervezet 2020\u201d d\u00edj nyertesei haszn\u00e1lhatj\u00e1k a k\u00fcls\u0151 \u00e9s bels\u0151 v\u00e1llalati kommunik\u00e1ci\u00f3ban a titulust, ami seg\u00edti a v\u00e1llalkoz\u00e1st r\u00e9gi munkat\u00e1rsai megtart\u00e1s\u00e1ban, illetve \u00faj munkaer\u0151 mag\u00e1hoz vonz\u00e1s\u00e1ban (\u201eemployer branding\u201d).<\/li>\n<li>A v\u00e1llalkoz\u00e1s egy fontos ter\u00fcleten jelenik meg felel\u0151s szerepl\u0151k\u00e9nt (brand\u00e9p\u00edt\u00e9s).<\/li>\n<li>A p\u00e1ly\u00e1zaton indul\u00f3 szervezetek a p\u00e1ly\u00e1zat meg\u00edr\u00e1sa sor\u00e1n \u00e1ttekintik a tud\u00e1s\u00e1tad\u00e1sra ir\u00e1nyul\u00f3 v\u00e1llalati strat\u00e9gi\u00e1jukat, \u00e9s \u00e1tgondolj\u00e1k annak be\u00e9p\u00edt\u00e9si lehet\u0151s\u00e9g\u00e9t a szervezeti kult\u00far\u00e1ba.<\/li>\n<li>A p\u00e1ly\u00e1zat meg\u00edr\u00e1sa arra szor\u00edtja a p\u00e1ly\u00e1z\u00f3kat, hogy \u00e1ttekints\u00e9k \u00e9s meg\u00e9rts\u00e9k a szervezeten bel\u00fcl egy\u00fctt dolgoz\u00f3 gener\u00e1ci\u00f3k k\u00f6z\u00f6tti egy\u00fcttm\u0171k\u00f6d\u00e9s, tud\u00e1s\u00e1tad\u00e1s fontoss\u00e1g\u00e1t, ami hat\u00e1ssal van a v\u00e1llalat fejl\u0151d\u00e9s\u00e9re, a munkaer\u0151 megtart\u00e1s\u00e1ra.<\/li>\n<\/ul>\n<p><strong>P\u00e1ly\u00e1zni a k\u00f6vetkez\u0151 h\u00e1rom kateg\u00f3ri\u00e1ban lehet<\/strong><\/p>\n<p>1.\u00a0 \u00a0A v\u00e1llalaton bel\u00fcli tud\u00e1s\u00e1tad\u00e1s eszk\u00f6zei, folyamata, tud\u00e1sbr\u00f3kerek a c\u00e9gen bel\u00fcl.<\/p>\n<p>2.<br \/>\na. A tud\u00e1stranszfer digit\u00e1lis eszk\u00f6zei\/E-learning, inform\u00e1ci\u00f3megoszt\u00f3 fel\u00fcletek \u2013 \u201eszakosodott\u201d bels\u0151 kommunik\u00e1ci\u00f3<br \/>\nb. A tud\u00e1stranszfer digit\u00e1lis eszk\u00f6zei\/E-learning tud\u00e1smegoszt\u00f3 fel\u00fcletetek az agr\u00e1r\u00e1gazatokban \u2013 \u201eszakosodott\u201d bels\u0151 kommunik\u00e1ci\u00f3<\/p>\n<p>3.\u00a0 \u00a0Klasszikus gener\u00e1ci\u00f3v\u00e1lt\u00e1s, illetve szakm\u00e1k \u00e1tad\u00e1sa gener\u00e1ci\u00f3k k\u00f6z\u00f6tt.<\/p>\n<p><strong>A p\u00e1ly\u00e1zatra a regisztr\u00e1ci\u00f3 ingyenes.\u00a0<\/strong><br \/>\nOnline regisztr\u00e1ci\u00f3 itt:\u00a0<a href=\"https:\/\/tudasbaratszervezet.ttk.seed.hu\/user\/register\" target=\"_blank\" rel=\"noopener\">https:\/\/tudasbaratszervezet.ttk.seed.hu\/user\/register<\/a><\/p>\n<p>A regisztr\u00e1ci\u00f3t k\u00f6vet\u0151en elk\u00fcldj\u00fck a p\u00e1ly\u00e1zati anyagot: a p\u00e1ly\u00e1zat elk\u00e9sz\u00edt\u00e9s\u00e9t seg\u00edt\u0151 k\u00e9rd\u00e9seket, az elb\u00edr\u00e1l\u00e1s szempontjait, az adatkezel\u00e9si nyilatkozatot.<\/p>\n<p>A p\u00e1ly\u00e1zat bek\u00fcld\u00e9si hat\u00e1rideje: 2020. december 3.<\/p>\n<p><strong>Eredm\u00e9nyhirdet\u00e9s: <\/strong>2020. december 10-\u00e9n eredm\u00e9nyhirdet\u00e9ssel egybek\u00f6t\u00f6tt online konferencia keret\u00e9ben, melyen a szervez\u0151k lehet\u0151s\u00e9get biztos\u00edtanak a d\u00edjazottak bemutatkoz\u00e1s\u00e1ra.<\/p>\n<p><strong>A szerkeszt\u0151k figyelm\u00e9be:<\/strong><\/p>\n<p><strong>Tehets\u00e9g \u00e9s Tud\u00e1s K\u00f6zpont Alap\u00edtv\u00e1ny (TTKA)<\/strong><\/p>\n<p>A Tehets\u00e9g \u00e9s Tud\u00e1s K\u00f6zpont Alap\u00edtv\u00e1ny f\u0151 misszi\u00f3ja a munkahelyi tud\u00e1smegoszt\u00e1s el\u0151seg\u00edt\u00e9se, a gener\u00e1ci\u00f3k k\u00f6z\u00f6tti h\u00edd \u00e9p\u00edt\u00e9se el\u0151ad\u00e1sok szervez\u00e9s\u00e9vel, oktat\u00e1ssal, k\u00e9pz\u00e9ssel.<\/p>\n<p>Katona Melinda: <a href=\"mailto:melinda.katona@borealisconsulting.hu?subject=Tud%C3%A1sbar%C3%A1t%20szervezet%202020%20d%C3%ADj\">melinda.katona@borealisconsulting.hu<\/a>\u00a0\u00a0\u00a0 +36 30\u00a0445 3487<\/p>\n<p><strong>SEED Kisv\u00e1llalkoz\u00e1s-fejleszt\u00e9si Alap\u00edtv\u00e1ny<\/strong><\/p>\n<p>A SEED Kisv\u00e1llalkoz\u00e1s-fejleszt\u00e9si Alap\u00edtv\u00e1nyt 1990 elej\u00e9n hozt\u00e1k l\u00e9tre v\u00e1llalkoz\u00f3i \u00e9rdekk\u00e9pviseletek, fels\u0151oktat\u00e1si int\u00e9zm\u00e9nyek, p\u00e9nzint\u00e9zetek \u00e9s miniszt\u00e9riumok (az ITM \u00e9s az Agr\u00e1rminiszt\u00e9rium jogel\u0151djei).<\/p>\n<p>A SEED k\u00fcldet\u00e9se a magyarorsz\u00e1gi v\u00e1llalkoz\u00f3i kult\u00fara fejleszt\u00e9se, a v\u00e1llalkoz\u00f3k szakmai ismereteinek b\u0151v\u00edt\u00e9se, a kisv\u00e1llalkoz\u00e1sok versenyk\u00e9pess\u00e9g\u00e9nek n\u00f6vel\u00e9se, ez\u00e1ltal a fenntarthat\u00f3 gazdas\u00e1gi fejl\u0151d\u00e9s el\u0151mozd\u00edt\u00e1sa, a tudatos \u00e9s hat\u00e9kony v\u00e1llalkoz\u00f3i magatart\u00e1s n\u00e9pszer\u0171s\u00edt\u00e9se \u00e9s fejleszt\u00e9se.<\/p>\n<p>Lakatosn\u00e9 Luk\u00e1cs Zsuzsanna: <a href=\"mailto:zsuzsanna.lukacs.lakatosne@seed.hu?subject=Tud%C3%A1sbar%C3%A1t%20szervezet%202020%20d%C3%ADj\">zsuzsanna.lukacs.lakatosne@seed.hu<\/a> +36 20 4747486<\/p>\n<p><strong>Kur\u00e1zsi Konzorcium<\/strong><\/p>\n<p>Szeptember 16-\u00e1n \u00f6t elismert civil szervezet, a SEED Kisv\u00e1llalkoz\u00e1s-fejleszt\u00e9si Alap\u00edtv\u00e1ny (konzorciumvezet\u0151), a Csal\u00e1di V\u00e1llalkoz\u00e1sok Orsz\u00e1gos Egyes\u00fclete, a Csal\u00e1di V\u00e1llalkoz\u00e1sok K\u00f6zhaszn\u00fa Alap\u00edtv\u00e1nya, a Junior Achievement Alap\u00edtv\u00e1ny \u00e9s a Tehets\u00e9g \u00e9s Tud\u00e1s K\u00f6zpont Alap\u00edtv\u00e1ny megalap\u00edtotta a fiatalok v\u00e1llalkoz\u00f3v\u00e1 v\u00e1l\u00e1s\u00e1t seg\u00edt\u0151,\u00a0a gener\u00e1ci\u00f3v\u00e1lt\u00e1st (ezzel is) t\u00e1mogat\u00f3 Kur\u00e1zsi Konzorciumot. A Konzorcium tagjai egyszerre k\u00e9pesek felk\u00e9sz\u00edteni a gener\u00e1ci\u00f3v\u00e1lt\u00e1sra \u00e9rett v\u00e1llalkoz\u00e1sok tulajdonosait, vezet\u0151it az \u00e1tad\u00e1sra, mik\u00f6zben er\u0151s\u00edtik a szakmailag j\u00f3l k\u00e9pzett fiatalok v\u00e1llalkoz\u00f3i hajland\u00f3s\u00e1g\u00e1t azzal, hogy utat mutatnak egy sikeres v\u00e1llalkoz\u00e1s fel\u00e9p\u00edt\u00e9s\u00e9hez, vagy \u00e1tv\u00e9tel\u00e9hez.<\/p>\n<p>&nbsp;<\/p>\n<p>Lakatosn\u00e9 Luk\u00e1cs Zsuzsanna: <a href=\"mailto:zsuzsanna.lukacs.lakatosne@seed.hu?subject=Tud%C3%A1sbar%C3%A1t%20szervezet%202020%20d%C3%ADj\">zsuzsanna.lukacs.lakatosne@seed.hu<\/a> +36 20 4747486<\/p>\n","protected":false},"featured_media":792,"menu_order":0,"template":"","meta":{"_acf_changed":false},"class_list":["post-1052","hirek","type-hirek","status-publish","has-post-thumbnail","hentry"],"acf":[],"yoast_head":"<!-- This site is optimized with the Yoast SEO plugin v27.4 - https:\/\/yoast.com\/product\/yoast-seo-wordpress\/ -->\n<title>Ism\u00e9t v\u00e1rj\u00e1k a tud\u00e1sbar\u00e1t szervezetek, k\u00f6z\u00f6tt\u00fck az agr\u00e1rv\u00e1llalkoz\u00e1sok p\u00e1ly\u00e1zatait - Seed<\/title>\n<meta name=\"robots\" content=\"index, follow, max-snippet:-1, max-image-preview:large, max-video-preview:-1\" \/>\n<link rel=\"canonical\" href=\"https:\/\/seed.hu\/hirek\/ismet-varjak-a-tudasbarat-szervezetek-kozottuk-az-agrarvallalkozasok-palyazatait\/\" \/>\n<meta property=\"og:locale\" content=\"en_US\" \/>\n<meta property=\"og:type\" content=\"article\" \/>\n<meta property=\"og:title\" content=\"Ism\u00e9t v\u00e1rj\u00e1k a tud\u00e1sbar\u00e1t szervezetek, k\u00f6z\u00f6tt\u00fck az agr\u00e1rv\u00e1llalkoz\u00e1sok p\u00e1ly\u00e1zatait - Seed\" \/>\n<meta property=\"og:description\" content=\"&nbsp; Az elm\u00falt \u00e9vi p\u00e1ly\u00e1zat sikere \u00e9s kedvez\u0151 fogadtat\u00e1sa, valamint a t\u00e9ma fontoss\u00e1ga miatt a Tehets\u00e9g \u00e9s Tud\u00e1s K\u00f6zpont Alap\u00edtv\u00e1ny (TTKA), valamint a SEED Kisv\u00e1llalkoz\u00e1s-fejleszt\u00e9si Alap\u00edtv\u00e1ny a tud\u00e1s\u00e1tad\u00e1s t\u00e1mogat\u00e1s\u00e1ra, el\u0151seg\u00edt\u00e9s\u00e9re l\u00e9trej\u00f6tt Kur\u00e1zsi Konzorcium \u00e9gisze alatt 2020-ban is ki\u00edrja a \u201eGener\u00e1ci\u00f3k k\u00f6z\u00f6tti tud\u00e1s\u00e1tad\u00e1s a szervezetekben \u2013 j\u00f3 gyakorlatok\u201d c\u00edm\u0171 p\u00e1ly\u00e1zatot. A legjobb p\u00e1lyamunk\u00e1kat bead\u00f3 szervezetek, v\u00e1llalkoz\u00e1sok [&hellip;]\" \/>\n<meta property=\"og:url\" content=\"https:\/\/seed.hu\/hirek\/ismet-varjak-a-tudasbarat-szervezetek-kozottuk-az-agrarvallalkozasok-palyazatait\/\" \/>\n<meta property=\"og:site_name\" content=\"Seed\" \/>\n<meta property=\"article:modified_time\" content=\"2022-01-23T18:10:14+00:00\" \/>\n<meta property=\"og:image\" content=\"https:\/\/seed.hu\/wp-content\/uploads\/2018\/04\/SEED_logo.png\" \/>\n\t<meta property=\"og:image:width\" content=\"250\" \/>\n\t<meta property=\"og:image:height\" content=\"206\" \/>\n\t<meta property=\"og:image:type\" content=\"image\/png\" \/>\n<meta name=\"twitter:card\" content=\"summary_large_image\" \/>\n<meta name=\"twitter:label1\" content=\"Est. reading time\" \/>\n\t<meta name=\"twitter:data1\" content=\"6 minutes\" \/>\n<script type=\"application\/ld+json\" class=\"yoast-schema-graph\">{\"@context\":\"https:\\\/\\\/schema.org\",\"@graph\":[{\"@type\":\"WebPage\",\"@id\":\"https:\\\/\\\/seed.hu\\\/hirek\\\/ismet-varjak-a-tudasbarat-szervezetek-kozottuk-az-agrarvallalkozasok-palyazatait\\\/\",\"url\":\"https:\\\/\\\/seed.hu\\\/hirek\\\/ismet-varjak-a-tudasbarat-szervezetek-kozottuk-az-agrarvallalkozasok-palyazatait\\\/\",\"name\":\"Ism\u00e9t v\u00e1rj\u00e1k a tud\u00e1sbar\u00e1t szervezetek, k\u00f6z\u00f6tt\u00fck az agr\u00e1rv\u00e1llalkoz\u00e1sok p\u00e1ly\u00e1zatait - Seed\",\"isPartOf\":{\"@id\":\"https:\\\/\\\/seed.hu\\\/#website\"},\"primaryImageOfPage\":{\"@id\":\"https:\\\/\\\/seed.hu\\\/hirek\\\/ismet-varjak-a-tudasbarat-szervezetek-kozottuk-az-agrarvallalkozasok-palyazatait\\\/#primaryimage\"},\"image\":{\"@id\":\"https:\\\/\\\/seed.hu\\\/hirek\\\/ismet-varjak-a-tudasbarat-szervezetek-kozottuk-az-agrarvallalkozasok-palyazatait\\\/#primaryimage\"},\"thumbnailUrl\":\"https:\\\/\\\/seed.hu\\\/wp-content\\\/uploads\\\/2018\\\/04\\\/SEED_logo.png\",\"datePublished\":\"2020-11-05T06:45:58+00:00\",\"dateModified\":\"2022-01-23T18:10:14+00:00\",\"breadcrumb\":{\"@id\":\"https:\\\/\\\/seed.hu\\\/hirek\\\/ismet-varjak-a-tudasbarat-szervezetek-kozottuk-az-agrarvallalkozasok-palyazatait\\\/#breadcrumb\"},\"inLanguage\":\"en-US\",\"potentialAction\":[{\"@type\":\"ReadAction\",\"target\":[\"https:\\\/\\\/seed.hu\\\/hirek\\\/ismet-varjak-a-tudasbarat-szervezetek-kozottuk-az-agrarvallalkozasok-palyazatait\\\/\"]}]},{\"@type\":\"ImageObject\",\"inLanguage\":\"en-US\",\"@id\":\"https:\\\/\\\/seed.hu\\\/hirek\\\/ismet-varjak-a-tudasbarat-szervezetek-kozottuk-az-agrarvallalkozasok-palyazatait\\\/#primaryimage\",\"url\":\"https:\\\/\\\/seed.hu\\\/wp-content\\\/uploads\\\/2018\\\/04\\\/SEED_logo.png\",\"contentUrl\":\"https:\\\/\\\/seed.hu\\\/wp-content\\\/uploads\\\/2018\\\/04\\\/SEED_logo.png\",\"width\":250,\"height\":206},{\"@type\":\"BreadcrumbList\",\"@id\":\"https:\\\/\\\/seed.hu\\\/hirek\\\/ismet-varjak-a-tudasbarat-szervezetek-kozottuk-az-agrarvallalkozasok-palyazatait\\\/#breadcrumb\",\"itemListElement\":[{\"@type\":\"ListItem\",\"position\":1,\"name\":\"H\u00edrek\",\"item\":\"https:\\\/\\\/seed.hu\\\/hirek\\\/\"},{\"@type\":\"ListItem\",\"position\":2,\"name\":\"Ism\u00e9t v\u00e1rj\u00e1k a tud\u00e1sbar\u00e1t szervezetek, k\u00f6z\u00f6tt\u00fck az agr\u00e1rv\u00e1llalkoz\u00e1sok p\u00e1ly\u00e1zatait\"}]},{\"@type\":\"WebSite\",\"@id\":\"https:\\\/\\\/seed.hu\\\/#website\",\"url\":\"https:\\\/\\\/seed.hu\\\/\",\"name\":\"Seed\",\"description\":\"\",\"potentialAction\":[{\"@type\":\"SearchAction\",\"target\":{\"@type\":\"EntryPoint\",\"urlTemplate\":\"https:\\\/\\\/seed.hu\\\/?s={search_term_string}\"},\"query-input\":{\"@type\":\"PropertyValueSpecification\",\"valueRequired\":true,\"valueName\":\"search_term_string\"}}],\"inLanguage\":\"en-US\"}]}<\/script>\n<!-- \/ Yoast SEO plugin. -->","yoast_head_json":{"title":"Ism\u00e9t v\u00e1rj\u00e1k a tud\u00e1sbar\u00e1t szervezetek, k\u00f6z\u00f6tt\u00fck az agr\u00e1rv\u00e1llalkoz\u00e1sok p\u00e1ly\u00e1zatait - Seed","robots":{"index":"index","follow":"follow","max-snippet":"max-snippet:-1","max-image-preview":"max-image-preview:large","max-video-preview":"max-video-preview:-1"},"canonical":"https:\/\/seed.hu\/hirek\/ismet-varjak-a-tudasbarat-szervezetek-kozottuk-az-agrarvallalkozasok-palyazatait\/","og_locale":"en_US","og_type":"article","og_title":"Ism\u00e9t v\u00e1rj\u00e1k a tud\u00e1sbar\u00e1t szervezetek, k\u00f6z\u00f6tt\u00fck az agr\u00e1rv\u00e1llalkoz\u00e1sok p\u00e1ly\u00e1zatait - Seed","og_description":"&nbsp; Az elm\u00falt \u00e9vi p\u00e1ly\u00e1zat sikere \u00e9s kedvez\u0151 fogadtat\u00e1sa, valamint a t\u00e9ma fontoss\u00e1ga miatt a Tehets\u00e9g \u00e9s Tud\u00e1s K\u00f6zpont Alap\u00edtv\u00e1ny (TTKA), valamint a SEED Kisv\u00e1llalkoz\u00e1s-fejleszt\u00e9si Alap\u00edtv\u00e1ny a tud\u00e1s\u00e1tad\u00e1s t\u00e1mogat\u00e1s\u00e1ra, el\u0151seg\u00edt\u00e9s\u00e9re l\u00e9trej\u00f6tt Kur\u00e1zsi Konzorcium \u00e9gisze alatt 2020-ban is ki\u00edrja a \u201eGener\u00e1ci\u00f3k k\u00f6z\u00f6tti tud\u00e1s\u00e1tad\u00e1s a szervezetekben \u2013 j\u00f3 gyakorlatok\u201d c\u00edm\u0171 p\u00e1ly\u00e1zatot. A legjobb p\u00e1lyamunk\u00e1kat bead\u00f3 szervezetek, v\u00e1llalkoz\u00e1sok [&hellip;]","og_url":"https:\/\/seed.hu\/hirek\/ismet-varjak-a-tudasbarat-szervezetek-kozottuk-az-agrarvallalkozasok-palyazatait\/","og_site_name":"Seed","article_modified_time":"2022-01-23T18:10:14+00:00","og_image":[{"width":250,"height":206,"url":"https:\/\/seed.hu\/wp-content\/uploads\/2018\/04\/SEED_logo.png","type":"image\/png"}],"twitter_card":"summary_large_image","twitter_misc":{"Est. reading time":"6 minutes"},"schema":{"@context":"https:\/\/schema.org","@graph":[{"@type":"WebPage","@id":"https:\/\/seed.hu\/hirek\/ismet-varjak-a-tudasbarat-szervezetek-kozottuk-az-agrarvallalkozasok-palyazatait\/","url":"https:\/\/seed.hu\/hirek\/ismet-varjak-a-tudasbarat-szervezetek-kozottuk-az-agrarvallalkozasok-palyazatait\/","name":"Ism\u00e9t v\u00e1rj\u00e1k a tud\u00e1sbar\u00e1t szervezetek, k\u00f6z\u00f6tt\u00fck az agr\u00e1rv\u00e1llalkoz\u00e1sok p\u00e1ly\u00e1zatait - Seed","isPartOf":{"@id":"https:\/\/seed.hu\/#website"},"primaryImageOfPage":{"@id":"https:\/\/seed.hu\/hirek\/ismet-varjak-a-tudasbarat-szervezetek-kozottuk-az-agrarvallalkozasok-palyazatait\/#primaryimage"},"image":{"@id":"https:\/\/seed.hu\/hirek\/ismet-varjak-a-tudasbarat-szervezetek-kozottuk-az-agrarvallalkozasok-palyazatait\/#primaryimage"},"thumbnailUrl":"https:\/\/seed.hu\/wp-content\/uploads\/2018\/04\/SEED_logo.png","datePublished":"2020-11-05T06:45:58+00:00","dateModified":"2022-01-23T18:10:14+00:00","breadcrumb":{"@id":"https:\/\/seed.hu\/hirek\/ismet-varjak-a-tudasbarat-szervezetek-kozottuk-az-agrarvallalkozasok-palyazatait\/#breadcrumb"},"inLanguage":"en-US","potentialAction":[{"@type":"ReadAction","target":["https:\/\/seed.hu\/hirek\/ismet-varjak-a-tudasbarat-szervezetek-kozottuk-az-agrarvallalkozasok-palyazatait\/"]}]},{"@type":"ImageObject","inLanguage":"en-US","@id":"https:\/\/seed.hu\/hirek\/ismet-varjak-a-tudasbarat-szervezetek-kozottuk-az-agrarvallalkozasok-palyazatait\/#primaryimage","url":"https:\/\/seed.hu\/wp-content\/uploads\/2018\/04\/SEED_logo.png","contentUrl":"https:\/\/seed.hu\/wp-content\/uploads\/2018\/04\/SEED_logo.png","width":250,"height":206},{"@type":"BreadcrumbList","@id":"https:\/\/seed.hu\/hirek\/ismet-varjak-a-tudasbarat-szervezetek-kozottuk-az-agrarvallalkozasok-palyazatait\/#breadcrumb","itemListElement":[{"@type":"ListItem","position":1,"name":"H\u00edrek","item":"https:\/\/seed.hu\/hirek\/"},{"@type":"ListItem","position":2,"name":"Ism\u00e9t v\u00e1rj\u00e1k a tud\u00e1sbar\u00e1t szervezetek, k\u00f6z\u00f6tt\u00fck az agr\u00e1rv\u00e1llalkoz\u00e1sok p\u00e1ly\u00e1zatait"}]},{"@type":"WebSite","@id":"https:\/\/seed.hu\/#website","url":"https:\/\/seed.hu\/","name":"Seed","description":"","potentialAction":[{"@type":"SearchAction","target":{"@type":"EntryPoint","urlTemplate":"https:\/\/seed.hu\/?s={search_term_string}"},"query-input":{"@type":"PropertyValueSpecification","valueRequired":true,"valueName":"search_term_string"}}],"inLanguage":"en-US"}]}},"_links":{"self":[{"href":"https:\/\/seed.hu\/en\/wp-json\/wp\/v2\/hirek\/1052","targetHints":{"allow":["GET"]}}],"collection":[{"href":"https:\/\/seed.hu\/en\/wp-json\/wp\/v2\/hirek"}],"about":[{"href":"https:\/\/seed.hu\/en\/wp-json\/wp\/v2\/types\/hirek"}],"wp:featuredmedia":[{"embeddable":true,"href":"https:\/\/seed.hu\/en\/wp-json\/wp\/v2\/media\/792"}],"wp:attachment":[{"href":"https:\/\/seed.hu\/en\/wp-json\/wp\/v2\/media?parent=1052"}],"curies":[{"name":"wp","href":"https:\/\/api.w.org\/{rel}","templated":true}]}}