{"id":1053,"date":"2020-11-05T21:01:22","date_gmt":"2020-11-05T20:01:22","guid":{"rendered":"https:\/\/seed.hu\/?post_type=hirek&#038;p=1053"},"modified":"2022-01-23T19:15:03","modified_gmt":"2022-01-23T18:15:03","slug":"online-vallalkozoi-forum-szellemi-tulajdon-vedelme-es-a-brandepites-2020-11-12","status":"publish","type":"hirek","link":"https:\/\/seed.hu\/en\/hirek\/online-vallalkozoi-forum-szellemi-tulajdon-vedelme-es-a-brandepites-2020-11-12\/","title":{"rendered":"Online V\u00e1llalkoz\u00f3i F\u00f3rum &#8211; Szellemi tulajdon v\u00e9delme \u00e9s a brand\u00e9p\u00edt\u00e9s, 2020.11.12."},"content":{"rendered":"<p><a href=\"https:\/\/seed.hu\/szolgaltatasok\/kerdezd-a-tanacsadot\/partnerbig2\/\" rel=\"attachment wp-att-41\"><img loading=\"lazy\" decoding=\"async\" class=\"alignnone size-full wp-image-41\" src=\"https:\/\/seed.hu\/wp-content\/uploads\/2021\/02\/partnerBig2.png\" alt=\"\" width=\"241\" height=\"75\" \/><\/a><\/p>\n<p><span style=\"font-size: 20px;\"><strong>Online V\u00e1llalkoz\u00f3i F\u00f3rum &#8211; Egy szak\u00e9rt\u0151, egy v\u00e1llalkoz\u00f3, egy t\u00e9ma, 1 \u00f3ra<\/strong><\/span><\/p>\n<p><strong><u>A k\u00f6vetkez\u0151\u00a0szakmai besz\u00e9lget\u00e9s id\u0151pontja:<\/u><\/strong><br \/>\n2020. november 12., cs\u00fct\u00f6rt\u00f6k, 17:30-19:00.<\/p>\n<p><strong><u>A besz\u00e9lget\u0151partnerek:<\/u><\/strong><\/p>\n<ul>\n<li>Dr. Gl\u00e1ser Tam\u00e1s, Magyar V\u00e9djegy Egyes\u00fclet \u00fcgyvezet\u0151 eln\u00f6ke, valamint a Hamis\u00edt\u00e1s Elleni Nemzeti Test\u00fclet tagja,<\/li>\n<li>D\u00f6m\u00f6t\u00f6r \u00c1kos, Strat\u00e9giai \u00e9rt\u00e9kes\u00edt\u00e9si vezet\u0151, Glaub Automation Kft, v\u00e1llalkoz\u00f3i mentor<\/li>\n<\/ul>\n<p><strong><u>A t\u00e9ma:<\/u><\/strong><\/p>\n<p>Szellemi tulajdon v\u00e9delme \u00e9s a brand\u00e9p\u00edt\u00e9s<\/p>\n<p><strong><u>R\u00e9szletes t\u00e9ma:<\/u><\/strong><\/p>\n<ul>\n<li>A v\u00e1llalkoz\u00e1sunk mindennapi, k\u00fclvil\u00e1g fel\u00e9 ir\u00e1nyul\u00f3 tev\u00e9kenys\u00e9ge, f\u0151k\u00e9nt az online t\u00e9r megh\u00f3d\u00edt\u00e1s\u00e1val, kitett\u00e9 tesz minket, a brandet, amit fel\u00e9p\u00edtett\u00fck, az \u00e1ltalunk l\u00e9trehozott szellemi tulajdont, az \u00edgy l\u00e9trej\u00f6tt, sz\u00e1munkra egyedi szolg\u00e1ltat\u00e1sainkat \u00e9s term\u00e9keinket. Ez\u00e9rt fontos megismerni, hogyan tudjuk ezek v\u00e9delm\u00e9t biztos\u00edtani.<\/li>\n<li>A besz\u00e9lget\u00e9s sor\u00e1n sz\u00f3 lesz a v\u00e1llalkoz\u00e1sok brand\u00e9p\u00edt\u00e9ssel kapcsolatos f\u0151bb feladataira, melyben kiemelten besz\u00e9lget\u00fcnk arr\u00f3l, mikor \u00e9s hogyan \u00e9rdemes a szellemi tulajdont v\u00e9deni az iparjogv\u00e9delem, a v\u00e9djegy \u00e9s tov\u00e1bbi el\u00e9rhet\u0151 szolg\u00e1ltat\u00e1sok ig\u00e9nybev\u00e9tel\u00e9vel. Kit\u00e9r\u00fcnk az \u00fczleti titok \u00e9s a know-how k\u00e9rd\u00e9seire is, valamint a kereskedelemben \u00e9s az \u00a0internetes kereskedelemben egyre n\u00f6vekv\u0151 \u00e1ruhamis\u00edt\u00e1sok t\u00e9m\u00e1j\u00e1ra is.<\/li>\n<li>Minden egyes t\u00e9ma a v\u00e1llalkoz\u00e1sok versenyk\u00e9pess\u00e9g\u00e9t jav\u00edtja, hiszen az egyes jogv\u00e9delmek biztos\u00edtj\u00e1k a kiz\u00e1r\u00f3lagos tulajdont \u00e9s ezzel az \u00e1ru \u00e9s\/vagy szolg\u00e1ltat\u00e1sok egyedis\u00e9g\u00e9nek fenntart\u00e1s\u00e1t.<\/li>\n<\/ul>\n<p><strong><em>A f\u00f3rumon a r\u00e9szv\u00e9tel ingyenes, de el\u0151zetes regisztr\u00e1ci\u00f3hoz k\u00f6t\u00f6tt.<\/em><\/strong><\/p>\n<p><strong><em>Jelentkez\u00e9si hat\u00e1rid\u0151: 2020. november 12. 12:00<\/em><\/strong><\/p>\n<p><a href=\"https:\/\/seed.hu\/kerdoiv\/online-vallalkozoi-forum-szellemi-tulajdon-vedelme-es-a-brandepites-2020-11-12\" target=\"_blank\" rel=\"noopener\"><img decoding=\"async\" style=\"width: 130px; height: 42px;\" src=\"https:\/\/seed.hu\/files\/attachments\/inline\/regisztracio4.png\" alt=\"\" \/><\/a><\/p>\n<p>&nbsp;<\/p>\n","protected":false},"featured_media":792,"menu_order":0,"template":"","meta":{"_acf_changed":false},"class_list":["post-1053","hirek","type-hirek","status-publish","has-post-thumbnail","hentry"],"acf":[],"yoast_head":"<!-- This site is optimized with the Yoast SEO plugin v27.4 - https:\/\/yoast.com\/product\/yoast-seo-wordpress\/ -->\n<title>Online V\u00e1llalkoz\u00f3i F\u00f3rum - Szellemi tulajdon v\u00e9delme \u00e9s a brand\u00e9p\u00edt\u00e9s, 2020.11.12. - Seed<\/title>\n<meta name=\"robots\" content=\"index, follow, max-snippet:-1, max-image-preview:large, max-video-preview:-1\" \/>\n<link rel=\"canonical\" href=\"https:\/\/seed.hu\/hirek\/online-vallalkozoi-forum-szellemi-tulajdon-vedelme-es-a-brandepites-2020-11-12\/\" \/>\n<meta property=\"og:locale\" content=\"en_US\" \/>\n<meta property=\"og:type\" content=\"article\" \/>\n<meta property=\"og:title\" content=\"Online V\u00e1llalkoz\u00f3i F\u00f3rum - Szellemi tulajdon v\u00e9delme \u00e9s a brand\u00e9p\u00edt\u00e9s, 2020.11.12. - Seed\" \/>\n<meta property=\"og:description\" content=\"Online V\u00e1llalkoz\u00f3i F\u00f3rum &#8211; Egy szak\u00e9rt\u0151, egy v\u00e1llalkoz\u00f3, egy t\u00e9ma, 1 \u00f3ra A k\u00f6vetkez\u0151\u00a0szakmai besz\u00e9lget\u00e9s id\u0151pontja: 2020. november 12., cs\u00fct\u00f6rt\u00f6k, 17:30-19:00. A besz\u00e9lget\u0151partnerek: Dr. Gl\u00e1ser Tam\u00e1s, Magyar V\u00e9djegy Egyes\u00fclet \u00fcgyvezet\u0151 eln\u00f6ke, valamint a Hamis\u00edt\u00e1s Elleni Nemzeti Test\u00fclet tagja, D\u00f6m\u00f6t\u00f6r \u00c1kos, Strat\u00e9giai \u00e9rt\u00e9kes\u00edt\u00e9si vezet\u0151, Glaub Automation Kft, v\u00e1llalkoz\u00f3i mentor A t\u00e9ma: Szellemi tulajdon v\u00e9delme \u00e9s a [&hellip;]\" \/>\n<meta property=\"og:url\" content=\"https:\/\/seed.hu\/hirek\/online-vallalkozoi-forum-szellemi-tulajdon-vedelme-es-a-brandepites-2020-11-12\/\" \/>\n<meta property=\"og:site_name\" content=\"Seed\" \/>\n<meta property=\"article:modified_time\" content=\"2022-01-23T18:15:03+00:00\" \/>\n<meta property=\"og:image\" content=\"https:\/\/seed.hu\/wp-content\/uploads\/2018\/04\/SEED_logo.png\" \/>\n\t<meta property=\"og:image:width\" content=\"250\" \/>\n\t<meta property=\"og:image:height\" content=\"206\" \/>\n\t<meta property=\"og:image:type\" content=\"image\/png\" \/>\n<meta name=\"twitter:card\" content=\"summary_large_image\" \/>\n<meta name=\"twitter:label1\" content=\"Est. reading time\" \/>\n\t<meta name=\"twitter:data1\" content=\"2 minutes\" \/>\n<script type=\"application\/ld+json\" class=\"yoast-schema-graph\">{\"@context\":\"https:\\\/\\\/schema.org\",\"@graph\":[{\"@type\":\"WebPage\",\"@id\":\"https:\\\/\\\/seed.hu\\\/hirek\\\/online-vallalkozoi-forum-szellemi-tulajdon-vedelme-es-a-brandepites-2020-11-12\\\/\",\"url\":\"https:\\\/\\\/seed.hu\\\/hirek\\\/online-vallalkozoi-forum-szellemi-tulajdon-vedelme-es-a-brandepites-2020-11-12\\\/\",\"name\":\"Online V\u00e1llalkoz\u00f3i F\u00f3rum - Szellemi tulajdon v\u00e9delme \u00e9s a brand\u00e9p\u00edt\u00e9s, 2020.11.12. - Seed\",\"isPartOf\":{\"@id\":\"https:\\\/\\\/seed.hu\\\/#website\"},\"primaryImageOfPage\":{\"@id\":\"https:\\\/\\\/seed.hu\\\/hirek\\\/online-vallalkozoi-forum-szellemi-tulajdon-vedelme-es-a-brandepites-2020-11-12\\\/#primaryimage\"},\"image\":{\"@id\":\"https:\\\/\\\/seed.hu\\\/hirek\\\/online-vallalkozoi-forum-szellemi-tulajdon-vedelme-es-a-brandepites-2020-11-12\\\/#primaryimage\"},\"thumbnailUrl\":\"https:\\\/\\\/seed.hu\\\/wp-content\\\/uploads\\\/2018\\\/04\\\/SEED_logo.png\",\"datePublished\":\"2020-11-05T20:01:22+00:00\",\"dateModified\":\"2022-01-23T18:15:03+00:00\",\"breadcrumb\":{\"@id\":\"https:\\\/\\\/seed.hu\\\/hirek\\\/online-vallalkozoi-forum-szellemi-tulajdon-vedelme-es-a-brandepites-2020-11-12\\\/#breadcrumb\"},\"inLanguage\":\"en-US\",\"potentialAction\":[{\"@type\":\"ReadAction\",\"target\":[\"https:\\\/\\\/seed.hu\\\/hirek\\\/online-vallalkozoi-forum-szellemi-tulajdon-vedelme-es-a-brandepites-2020-11-12\\\/\"]}]},{\"@type\":\"ImageObject\",\"inLanguage\":\"en-US\",\"@id\":\"https:\\\/\\\/seed.hu\\\/hirek\\\/online-vallalkozoi-forum-szellemi-tulajdon-vedelme-es-a-brandepites-2020-11-12\\\/#primaryimage\",\"url\":\"https:\\\/\\\/seed.hu\\\/wp-content\\\/uploads\\\/2018\\\/04\\\/SEED_logo.png\",\"contentUrl\":\"https:\\\/\\\/seed.hu\\\/wp-content\\\/uploads\\\/2018\\\/04\\\/SEED_logo.png\",\"width\":250,\"height\":206},{\"@type\":\"BreadcrumbList\",\"@id\":\"https:\\\/\\\/seed.hu\\\/hirek\\\/online-vallalkozoi-forum-szellemi-tulajdon-vedelme-es-a-brandepites-2020-11-12\\\/#breadcrumb\",\"itemListElement\":[{\"@type\":\"ListItem\",\"position\":1,\"name\":\"H\u00edrek\",\"item\":\"https:\\\/\\\/seed.hu\\\/hirek\\\/\"},{\"@type\":\"ListItem\",\"position\":2,\"name\":\"Online V\u00e1llalkoz\u00f3i F\u00f3rum &#8211; Szellemi tulajdon v\u00e9delme \u00e9s a brand\u00e9p\u00edt\u00e9s, 2020.11.12.\"}]},{\"@type\":\"WebSite\",\"@id\":\"https:\\\/\\\/seed.hu\\\/#website\",\"url\":\"https:\\\/\\\/seed.hu\\\/\",\"name\":\"Seed\",\"description\":\"\",\"potentialAction\":[{\"@type\":\"SearchAction\",\"target\":{\"@type\":\"EntryPoint\",\"urlTemplate\":\"https:\\\/\\\/seed.hu\\\/?s={search_term_string}\"},\"query-input\":{\"@type\":\"PropertyValueSpecification\",\"valueRequired\":true,\"valueName\":\"search_term_string\"}}],\"inLanguage\":\"en-US\"}]}<\/script>\n<!-- \/ Yoast SEO plugin. -->","yoast_head_json":{"title":"Online V\u00e1llalkoz\u00f3i F\u00f3rum - Szellemi tulajdon v\u00e9delme \u00e9s a brand\u00e9p\u00edt\u00e9s, 2020.11.12. - Seed","robots":{"index":"index","follow":"follow","max-snippet":"max-snippet:-1","max-image-preview":"max-image-preview:large","max-video-preview":"max-video-preview:-1"},"canonical":"https:\/\/seed.hu\/hirek\/online-vallalkozoi-forum-szellemi-tulajdon-vedelme-es-a-brandepites-2020-11-12\/","og_locale":"en_US","og_type":"article","og_title":"Online V\u00e1llalkoz\u00f3i F\u00f3rum - Szellemi tulajdon v\u00e9delme \u00e9s a brand\u00e9p\u00edt\u00e9s, 2020.11.12. - Seed","og_description":"Online V\u00e1llalkoz\u00f3i F\u00f3rum &#8211; Egy szak\u00e9rt\u0151, egy v\u00e1llalkoz\u00f3, egy t\u00e9ma, 1 \u00f3ra A k\u00f6vetkez\u0151\u00a0szakmai besz\u00e9lget\u00e9s id\u0151pontja: 2020. november 12., cs\u00fct\u00f6rt\u00f6k, 17:30-19:00. A besz\u00e9lget\u0151partnerek: Dr. Gl\u00e1ser Tam\u00e1s, Magyar V\u00e9djegy Egyes\u00fclet \u00fcgyvezet\u0151 eln\u00f6ke, valamint a Hamis\u00edt\u00e1s Elleni Nemzeti Test\u00fclet tagja, D\u00f6m\u00f6t\u00f6r \u00c1kos, Strat\u00e9giai \u00e9rt\u00e9kes\u00edt\u00e9si vezet\u0151, Glaub Automation Kft, v\u00e1llalkoz\u00f3i mentor A t\u00e9ma: Szellemi tulajdon v\u00e9delme \u00e9s a [&hellip;]","og_url":"https:\/\/seed.hu\/hirek\/online-vallalkozoi-forum-szellemi-tulajdon-vedelme-es-a-brandepites-2020-11-12\/","og_site_name":"Seed","article_modified_time":"2022-01-23T18:15:03+00:00","og_image":[{"width":250,"height":206,"url":"https:\/\/seed.hu\/wp-content\/uploads\/2018\/04\/SEED_logo.png","type":"image\/png"}],"twitter_card":"summary_large_image","twitter_misc":{"Est. reading time":"2 minutes"},"schema":{"@context":"https:\/\/schema.org","@graph":[{"@type":"WebPage","@id":"https:\/\/seed.hu\/hirek\/online-vallalkozoi-forum-szellemi-tulajdon-vedelme-es-a-brandepites-2020-11-12\/","url":"https:\/\/seed.hu\/hirek\/online-vallalkozoi-forum-szellemi-tulajdon-vedelme-es-a-brandepites-2020-11-12\/","name":"Online V\u00e1llalkoz\u00f3i F\u00f3rum - Szellemi tulajdon v\u00e9delme \u00e9s a brand\u00e9p\u00edt\u00e9s, 2020.11.12. - Seed","isPartOf":{"@id":"https:\/\/seed.hu\/#website"},"primaryImageOfPage":{"@id":"https:\/\/seed.hu\/hirek\/online-vallalkozoi-forum-szellemi-tulajdon-vedelme-es-a-brandepites-2020-11-12\/#primaryimage"},"image":{"@id":"https:\/\/seed.hu\/hirek\/online-vallalkozoi-forum-szellemi-tulajdon-vedelme-es-a-brandepites-2020-11-12\/#primaryimage"},"thumbnailUrl":"https:\/\/seed.hu\/wp-content\/uploads\/2018\/04\/SEED_logo.png","datePublished":"2020-11-05T20:01:22+00:00","dateModified":"2022-01-23T18:15:03+00:00","breadcrumb":{"@id":"https:\/\/seed.hu\/hirek\/online-vallalkozoi-forum-szellemi-tulajdon-vedelme-es-a-brandepites-2020-11-12\/#breadcrumb"},"inLanguage":"en-US","potentialAction":[{"@type":"ReadAction","target":["https:\/\/seed.hu\/hirek\/online-vallalkozoi-forum-szellemi-tulajdon-vedelme-es-a-brandepites-2020-11-12\/"]}]},{"@type":"ImageObject","inLanguage":"en-US","@id":"https:\/\/seed.hu\/hirek\/online-vallalkozoi-forum-szellemi-tulajdon-vedelme-es-a-brandepites-2020-11-12\/#primaryimage","url":"https:\/\/seed.hu\/wp-content\/uploads\/2018\/04\/SEED_logo.png","contentUrl":"https:\/\/seed.hu\/wp-content\/uploads\/2018\/04\/SEED_logo.png","width":250,"height":206},{"@type":"BreadcrumbList","@id":"https:\/\/seed.hu\/hirek\/online-vallalkozoi-forum-szellemi-tulajdon-vedelme-es-a-brandepites-2020-11-12\/#breadcrumb","itemListElement":[{"@type":"ListItem","position":1,"name":"H\u00edrek","item":"https:\/\/seed.hu\/hirek\/"},{"@type":"ListItem","position":2,"name":"Online V\u00e1llalkoz\u00f3i F\u00f3rum &#8211; Szellemi tulajdon v\u00e9delme \u00e9s a brand\u00e9p\u00edt\u00e9s, 2020.11.12."}]},{"@type":"WebSite","@id":"https:\/\/seed.hu\/#website","url":"https:\/\/seed.hu\/","name":"Seed","description":"","potentialAction":[{"@type":"SearchAction","target":{"@type":"EntryPoint","urlTemplate":"https:\/\/seed.hu\/?s={search_term_string}"},"query-input":{"@type":"PropertyValueSpecification","valueRequired":true,"valueName":"search_term_string"}}],"inLanguage":"en-US"}]}},"_links":{"self":[{"href":"https:\/\/seed.hu\/en\/wp-json\/wp\/v2\/hirek\/1053","targetHints":{"allow":["GET"]}}],"collection":[{"href":"https:\/\/seed.hu\/en\/wp-json\/wp\/v2\/hirek"}],"about":[{"href":"https:\/\/seed.hu\/en\/wp-json\/wp\/v2\/types\/hirek"}],"wp:featuredmedia":[{"embeddable":true,"href":"https:\/\/seed.hu\/en\/wp-json\/wp\/v2\/media\/792"}],"wp:attachment":[{"href":"https:\/\/seed.hu\/en\/wp-json\/wp\/v2\/media?parent=1053"}],"curies":[{"name":"wp","href":"https:\/\/api.w.org\/{rel}","templated":true}]}}