{"id":1054,"date":"2020-11-16T10:45:08","date_gmt":"2020-11-16T09:45:08","guid":{"rendered":"https:\/\/seed.hu\/?post_type=hirek&#038;p=1054"},"modified":"2022-01-23T19:16:12","modified_gmt":"2022-01-23T18:16:12","slug":"online-vallalkozoi-forum-gondolatok-visszavonulo-alapito-tulajdonosok-tollabol-miert-olyan-nehez-az-elszakadas-2020-11-19","status":"publish","type":"hirek","link":"https:\/\/seed.hu\/en\/hirek\/online-vallalkozoi-forum-gondolatok-visszavonulo-alapito-tulajdonosok-tollabol-miert-olyan-nehez-az-elszakadas-2020-11-19\/","title":{"rendered":"Online V\u00e1llalkoz\u00f3i F\u00f3rum &#8211; Gondolatok visszavonul\u00f3 alap\u00edt\u00f3 tulajdonosok toll\u00e1b\u00f3l &#8211; mi\u00e9rt olyan neh\u00e9z az elszakad\u00e1s? 2020.11.19."},"content":{"rendered":"<p><a href=\"https:\/\/seed.hu\/szolgaltatasok\/kerdezd-a-tanacsadot\/partnerbig2\/\" rel=\"attachment wp-att-41\"><img loading=\"lazy\" decoding=\"async\" class=\"alignnone size-full wp-image-41\" src=\"https:\/\/seed.hu\/wp-content\/uploads\/2021\/02\/partnerBig2.png\" alt=\"\" width=\"241\" height=\"75\" \/><\/a><\/p>\n<p><span style=\"font-size: 20px;\"><strong>Online V\u00e1llalkoz\u00f3i F\u00f3rum &#8211; Egy szak\u00e9rt\u0151, egy v\u00e1llalkoz\u00f3, egy t\u00e9ma, 1 \u00f3ra<\/strong><\/span><\/p>\n<p><strong><u>A k\u00f6vetkez\u0151\u00a0szakmai besz\u00e9lget\u00e9s id\u0151pontja:<\/u><\/strong><br \/>\n2020. november 19., cs\u00fct\u00f6rt\u00f6k, 17:30-19:00.<\/p>\n<p><strong><u>A besz\u00e9lget\u0151partnerek:<\/u><\/strong><\/p>\n<ul>\n<li>dr. Berendi P\u00e9ter, a Roland Divath\u00e1z alap\u00edt\u00f3 tulajdonosa,<\/li>\n<li>id. Vida P\u00e9ter, a Vida Borbirtok alap\u00edt\u00f3 tulajdonosa,<\/li>\n<\/ul>\n<p><u><strong>Moder\u00e1tor: <\/strong><\/u><\/p>\n<ul>\n<li>R\u00e1cz Erzs\u00e9bet, gener\u00e1ci\u00f3v\u00e1lt\u00e1s strat\u00e9giai tan\u00e1csad\u00f3<\/li>\n<\/ul>\n<p><u><strong>Meglepet\u00e9svend\u00e9gek:<\/strong><\/u><\/p>\n<ul>\n<li>Bemutatkoznak a j\u00f6v\u0151 alap\u00edt\u00f3 tulajdonosai: a JAM Innov\u00e1ci\u00f3s Nap k\u00f6z\u00e9piskol\u00e1s di\u00e1kv\u00e1llalkoz\u00e1si csapatai<\/li>\n<\/ul>\n<p><strong><u>A t\u00e9ma:<\/u><\/strong><\/p>\n<p>Gondolatok visszavonul\u00f3\u00a0alap\u00edt\u00f3 tulajdonosok toll\u00e1b\u00f3l &#8211; mi\u00e9rt olyan neh\u00e9z az elszakad\u00e1s?<\/p>\n<p><strong><u>R\u00e9szletes t\u00e9ma:<\/u><\/strong><\/p>\n<ul>\n<li>&#8220;T\u00f6bb p\u00e9nzt szeretn\u00e9k keresni. Szeretn\u00e9k megszabadulni kellemetlen f\u0151n\u00f6k\u00f6mt\u0151l. \u00c9rzek magamba el\u00e9g fizikai er\u0151t, mert gondolom, hogy egy v\u00e1llalkoz\u00f3 14-16 \u00f3r\u00e1t is dolgozik.\u00a0 Van fant\u00e1zi\u00e1m \u00e9s felk\u00e9sz\u00fclts\u00e9gem, t\u0171r\u00f6m a stresszt, van konkr\u00e9t \u00fczleti tervem. Mint alkalmazott tulajdonk\u00e9ppen ilyen gondolataim m\u00e1r voltak, de helyettem oldott\u00e1k meg, esetleg a seg\u00edts\u00e9gemet k\u00e9rt\u00e9k, de v\u00e9g\u00fclis ir\u00e1ny\u00edt\u00e1s mellett dolgoztam\u2026\u2026Hi\u00e1ba akartam valami \u00fajat, nem volt lehet\u0151s\u00e9gem. DE MOST bebizony\u00edtom\u2026\u2026Az a t\u00e9ny, hogy mindent \u00c9N d\u00f6nt\u00f6k el, \u00f3ri\u00e1si lehet\u0151s\u00e9geket rejt mag\u00e1ban, de \u00e9ppen olyan vesz\u00e9lyes is lehet, mintha k\u00f6r\u00fcltekint\u00e9s n\u00e9lk\u00fcl a m\u00e9lybe ugran\u00e9k.\u201d \u00a0(dr. Berendi P\u00e9ter)<\/li>\n<li>&#8220;K\u00f6z\u00e9piskolai \u00e9veimben csal\u00e1dunk 600 n\u00e9gysz\u00f6g\u00f6l ter\u00fcletet v\u00e1s\u00e1rolt a Bakt\u00e1ban, azon a nagyszer\u0171 helyen, ahol a r\u00e9gi \u00e9rt\u00e9krendet k\u00e9pvisel\u0151 vil\u00e1gban soha nem lehetett birtokot venni, csak \u00f6r\u00f6k\u00f6lni. Mivel \u00e9n tanultam sz\u0151l\u00e9szetet, ez\u00e9rt els\u0151sorban az \u00e9n, \u00e9s testv\u00e9reim feladata volt m\u0171velni a sz\u0151l\u0151t. Elhat\u00e1roztam, hogy a helyi borversenyen benevezem a csal\u00e1d kadarka bor\u00e1t, \u00e9desap\u00e1m nev\u00e9n, persze ezt \u00fagy tettem, hogy senki se tudja. Az egyik vas\u00e1rnap reggel\u00e9n \u00e9desap\u00e1m a helyi \u00fajs\u00e1got olvassa, \u00e9s nagy bet\u0171kkel hozz\u00e1k, hogy az els\u0151 helyen v\u00e9gzett Vida S\u00e1ndor kadark\u00e1ja. Ap\u00e1m nagyon szigor\u00fa ember volt, de akkor megcsillant a k\u00f6nny a szem\u00e9ben. Mag\u00e1hoz \u00f6lelt \u00e9s azt mondta: &#8220;Megl\u00e1tod, m\u00e9g ezt az \u00dar megh\u00e1l\u00e1lja&#8221;. Ez a sz\u00fcl\u0151i gondolat ism\u00e9t meger\u0151s\u00edtett abban, hogy a borral \u00e9rdemes foglalkozni.&#8221; (id. Vida P\u00e9ter)<\/li>\n<\/ul>\n<p><strong><em>A f\u00f3rumon a r\u00e9szv\u00e9tel ingyenes, de el\u0151zetes regisztr\u00e1ci\u00f3hoz k\u00f6t\u00f6tt.<\/em><\/strong><\/p>\n<p><strong><em>Jelentkez\u00e9si hat\u00e1rid\u0151: 2020. november 19. 12:00<\/em><\/strong><\/p>\n<p><a href=\"https:\/\/seed.hu\/kerdoiv\/online-vallalkozoi-forum-gondolatok-visszavonult-alapito-tulajdonosok-tollabol-miert-olyan\" target=\"_blank\" rel=\"noopener\"><img decoding=\"async\" style=\"width: 130px; height: 42px;\" src=\"https:\/\/seed.hu\/files\/attachments\/inline\/regisztracio4.png\" alt=\"\" \/><\/a><\/p>\n<p>&nbsp;<\/p>\n","protected":false},"featured_media":792,"menu_order":0,"template":"","meta":{"_acf_changed":false},"class_list":["post-1054","hirek","type-hirek","status-publish","has-post-thumbnail","hentry"],"acf":[],"yoast_head":"<!-- This site is optimized with the Yoast SEO plugin v27.4 - https:\/\/yoast.com\/product\/yoast-seo-wordpress\/ -->\n<title>Online V\u00e1llalkoz\u00f3i F\u00f3rum - Gondolatok visszavonul\u00f3 alap\u00edt\u00f3 tulajdonosok toll\u00e1b\u00f3l - mi\u00e9rt olyan neh\u00e9z az elszakad\u00e1s? 2020.11.19. - Seed<\/title>\n<meta name=\"robots\" content=\"index, follow, max-snippet:-1, max-image-preview:large, max-video-preview:-1\" \/>\n<link rel=\"canonical\" href=\"https:\/\/seed.hu\/hirek\/online-vallalkozoi-forum-gondolatok-visszavonulo-alapito-tulajdonosok-tollabol-miert-olyan-nehez-az-elszakadas-2020-11-19\/\" \/>\n<meta property=\"og:locale\" content=\"en_US\" \/>\n<meta property=\"og:type\" content=\"article\" \/>\n<meta property=\"og:title\" content=\"Online V\u00e1llalkoz\u00f3i F\u00f3rum - Gondolatok visszavonul\u00f3 alap\u00edt\u00f3 tulajdonosok toll\u00e1b\u00f3l - mi\u00e9rt olyan neh\u00e9z az elszakad\u00e1s? 2020.11.19. - Seed\" \/>\n<meta property=\"og:description\" content=\"Online V\u00e1llalkoz\u00f3i F\u00f3rum &#8211; Egy szak\u00e9rt\u0151, egy v\u00e1llalkoz\u00f3, egy t\u00e9ma, 1 \u00f3ra A k\u00f6vetkez\u0151\u00a0szakmai besz\u00e9lget\u00e9s id\u0151pontja: 2020. november 19., cs\u00fct\u00f6rt\u00f6k, 17:30-19:00. A besz\u00e9lget\u0151partnerek: dr. Berendi P\u00e9ter, a Roland Divath\u00e1z alap\u00edt\u00f3 tulajdonosa, id. Vida P\u00e9ter, a Vida Borbirtok alap\u00edt\u00f3 tulajdonosa, Moder\u00e1tor: R\u00e1cz Erzs\u00e9bet, gener\u00e1ci\u00f3v\u00e1lt\u00e1s strat\u00e9giai tan\u00e1csad\u00f3 Meglepet\u00e9svend\u00e9gek: Bemutatkoznak a j\u00f6v\u0151 alap\u00edt\u00f3 tulajdonosai: a JAM Innov\u00e1ci\u00f3s Nap [&hellip;]\" \/>\n<meta property=\"og:url\" content=\"https:\/\/seed.hu\/hirek\/online-vallalkozoi-forum-gondolatok-visszavonulo-alapito-tulajdonosok-tollabol-miert-olyan-nehez-az-elszakadas-2020-11-19\/\" \/>\n<meta property=\"og:site_name\" content=\"Seed\" \/>\n<meta property=\"article:modified_time\" content=\"2022-01-23T18:16:12+00:00\" \/>\n<meta property=\"og:image\" content=\"https:\/\/seed.hu\/wp-content\/uploads\/2018\/04\/SEED_logo.png\" \/>\n\t<meta property=\"og:image:width\" content=\"250\" \/>\n\t<meta property=\"og:image:height\" content=\"206\" \/>\n\t<meta property=\"og:image:type\" content=\"image\/png\" \/>\n<meta name=\"twitter:card\" content=\"summary_large_image\" \/>\n<meta name=\"twitter:label1\" content=\"Est. reading time\" \/>\n\t<meta name=\"twitter:data1\" content=\"2 minutes\" \/>\n<script type=\"application\/ld+json\" class=\"yoast-schema-graph\">{\"@context\":\"https:\\\/\\\/schema.org\",\"@graph\":[{\"@type\":\"WebPage\",\"@id\":\"https:\\\/\\\/seed.hu\\\/hirek\\\/online-vallalkozoi-forum-gondolatok-visszavonulo-alapito-tulajdonosok-tollabol-miert-olyan-nehez-az-elszakadas-2020-11-19\\\/\",\"url\":\"https:\\\/\\\/seed.hu\\\/hirek\\\/online-vallalkozoi-forum-gondolatok-visszavonulo-alapito-tulajdonosok-tollabol-miert-olyan-nehez-az-elszakadas-2020-11-19\\\/\",\"name\":\"Online V\u00e1llalkoz\u00f3i F\u00f3rum - Gondolatok visszavonul\u00f3 alap\u00edt\u00f3 tulajdonosok toll\u00e1b\u00f3l - mi\u00e9rt olyan neh\u00e9z az elszakad\u00e1s? 2020.11.19. - Seed\",\"isPartOf\":{\"@id\":\"https:\\\/\\\/seed.hu\\\/#website\"},\"primaryImageOfPage\":{\"@id\":\"https:\\\/\\\/seed.hu\\\/hirek\\\/online-vallalkozoi-forum-gondolatok-visszavonulo-alapito-tulajdonosok-tollabol-miert-olyan-nehez-az-elszakadas-2020-11-19\\\/#primaryimage\"},\"image\":{\"@id\":\"https:\\\/\\\/seed.hu\\\/hirek\\\/online-vallalkozoi-forum-gondolatok-visszavonulo-alapito-tulajdonosok-tollabol-miert-olyan-nehez-az-elszakadas-2020-11-19\\\/#primaryimage\"},\"thumbnailUrl\":\"https:\\\/\\\/seed.hu\\\/wp-content\\\/uploads\\\/2018\\\/04\\\/SEED_logo.png\",\"datePublished\":\"2020-11-16T09:45:08+00:00\",\"dateModified\":\"2022-01-23T18:16:12+00:00\",\"breadcrumb\":{\"@id\":\"https:\\\/\\\/seed.hu\\\/hirek\\\/online-vallalkozoi-forum-gondolatok-visszavonulo-alapito-tulajdonosok-tollabol-miert-olyan-nehez-az-elszakadas-2020-11-19\\\/#breadcrumb\"},\"inLanguage\":\"en-US\",\"potentialAction\":[{\"@type\":\"ReadAction\",\"target\":[\"https:\\\/\\\/seed.hu\\\/hirek\\\/online-vallalkozoi-forum-gondolatok-visszavonulo-alapito-tulajdonosok-tollabol-miert-olyan-nehez-az-elszakadas-2020-11-19\\\/\"]}]},{\"@type\":\"ImageObject\",\"inLanguage\":\"en-US\",\"@id\":\"https:\\\/\\\/seed.hu\\\/hirek\\\/online-vallalkozoi-forum-gondolatok-visszavonulo-alapito-tulajdonosok-tollabol-miert-olyan-nehez-az-elszakadas-2020-11-19\\\/#primaryimage\",\"url\":\"https:\\\/\\\/seed.hu\\\/wp-content\\\/uploads\\\/2018\\\/04\\\/SEED_logo.png\",\"contentUrl\":\"https:\\\/\\\/seed.hu\\\/wp-content\\\/uploads\\\/2018\\\/04\\\/SEED_logo.png\",\"width\":250,\"height\":206},{\"@type\":\"BreadcrumbList\",\"@id\":\"https:\\\/\\\/seed.hu\\\/hirek\\\/online-vallalkozoi-forum-gondolatok-visszavonulo-alapito-tulajdonosok-tollabol-miert-olyan-nehez-az-elszakadas-2020-11-19\\\/#breadcrumb\",\"itemListElement\":[{\"@type\":\"ListItem\",\"position\":1,\"name\":\"H\u00edrek\",\"item\":\"https:\\\/\\\/seed.hu\\\/hirek\\\/\"},{\"@type\":\"ListItem\",\"position\":2,\"name\":\"Online V\u00e1llalkoz\u00f3i F\u00f3rum &#8211; Gondolatok visszavonul\u00f3 alap\u00edt\u00f3 tulajdonosok toll\u00e1b\u00f3l &#8211; mi\u00e9rt olyan neh\u00e9z az elszakad\u00e1s? 2020.11.19.\"}]},{\"@type\":\"WebSite\",\"@id\":\"https:\\\/\\\/seed.hu\\\/#website\",\"url\":\"https:\\\/\\\/seed.hu\\\/\",\"name\":\"Seed\",\"description\":\"\",\"potentialAction\":[{\"@type\":\"SearchAction\",\"target\":{\"@type\":\"EntryPoint\",\"urlTemplate\":\"https:\\\/\\\/seed.hu\\\/?s={search_term_string}\"},\"query-input\":{\"@type\":\"PropertyValueSpecification\",\"valueRequired\":true,\"valueName\":\"search_term_string\"}}],\"inLanguage\":\"en-US\"}]}<\/script>\n<!-- \/ Yoast SEO plugin. -->","yoast_head_json":{"title":"Online V\u00e1llalkoz\u00f3i F\u00f3rum - Gondolatok visszavonul\u00f3 alap\u00edt\u00f3 tulajdonosok toll\u00e1b\u00f3l - mi\u00e9rt olyan neh\u00e9z az elszakad\u00e1s? 2020.11.19. - Seed","robots":{"index":"index","follow":"follow","max-snippet":"max-snippet:-1","max-image-preview":"max-image-preview:large","max-video-preview":"max-video-preview:-1"},"canonical":"https:\/\/seed.hu\/hirek\/online-vallalkozoi-forum-gondolatok-visszavonulo-alapito-tulajdonosok-tollabol-miert-olyan-nehez-az-elszakadas-2020-11-19\/","og_locale":"en_US","og_type":"article","og_title":"Online V\u00e1llalkoz\u00f3i F\u00f3rum - Gondolatok visszavonul\u00f3 alap\u00edt\u00f3 tulajdonosok toll\u00e1b\u00f3l - mi\u00e9rt olyan neh\u00e9z az elszakad\u00e1s? 2020.11.19. - Seed","og_description":"Online V\u00e1llalkoz\u00f3i F\u00f3rum &#8211; Egy szak\u00e9rt\u0151, egy v\u00e1llalkoz\u00f3, egy t\u00e9ma, 1 \u00f3ra A k\u00f6vetkez\u0151\u00a0szakmai besz\u00e9lget\u00e9s id\u0151pontja: 2020. november 19., cs\u00fct\u00f6rt\u00f6k, 17:30-19:00. A besz\u00e9lget\u0151partnerek: dr. Berendi P\u00e9ter, a Roland Divath\u00e1z alap\u00edt\u00f3 tulajdonosa, id. Vida P\u00e9ter, a Vida Borbirtok alap\u00edt\u00f3 tulajdonosa, Moder\u00e1tor: R\u00e1cz Erzs\u00e9bet, gener\u00e1ci\u00f3v\u00e1lt\u00e1s strat\u00e9giai tan\u00e1csad\u00f3 Meglepet\u00e9svend\u00e9gek: Bemutatkoznak a j\u00f6v\u0151 alap\u00edt\u00f3 tulajdonosai: a JAM Innov\u00e1ci\u00f3s Nap [&hellip;]","og_url":"https:\/\/seed.hu\/hirek\/online-vallalkozoi-forum-gondolatok-visszavonulo-alapito-tulajdonosok-tollabol-miert-olyan-nehez-az-elszakadas-2020-11-19\/","og_site_name":"Seed","article_modified_time":"2022-01-23T18:16:12+00:00","og_image":[{"width":250,"height":206,"url":"https:\/\/seed.hu\/wp-content\/uploads\/2018\/04\/SEED_logo.png","type":"image\/png"}],"twitter_card":"summary_large_image","twitter_misc":{"Est. reading time":"2 minutes"},"schema":{"@context":"https:\/\/schema.org","@graph":[{"@type":"WebPage","@id":"https:\/\/seed.hu\/hirek\/online-vallalkozoi-forum-gondolatok-visszavonulo-alapito-tulajdonosok-tollabol-miert-olyan-nehez-az-elszakadas-2020-11-19\/","url":"https:\/\/seed.hu\/hirek\/online-vallalkozoi-forum-gondolatok-visszavonulo-alapito-tulajdonosok-tollabol-miert-olyan-nehez-az-elszakadas-2020-11-19\/","name":"Online V\u00e1llalkoz\u00f3i F\u00f3rum - Gondolatok visszavonul\u00f3 alap\u00edt\u00f3 tulajdonosok toll\u00e1b\u00f3l - mi\u00e9rt olyan neh\u00e9z az elszakad\u00e1s? 2020.11.19. - Seed","isPartOf":{"@id":"https:\/\/seed.hu\/#website"},"primaryImageOfPage":{"@id":"https:\/\/seed.hu\/hirek\/online-vallalkozoi-forum-gondolatok-visszavonulo-alapito-tulajdonosok-tollabol-miert-olyan-nehez-az-elszakadas-2020-11-19\/#primaryimage"},"image":{"@id":"https:\/\/seed.hu\/hirek\/online-vallalkozoi-forum-gondolatok-visszavonulo-alapito-tulajdonosok-tollabol-miert-olyan-nehez-az-elszakadas-2020-11-19\/#primaryimage"},"thumbnailUrl":"https:\/\/seed.hu\/wp-content\/uploads\/2018\/04\/SEED_logo.png","datePublished":"2020-11-16T09:45:08+00:00","dateModified":"2022-01-23T18:16:12+00:00","breadcrumb":{"@id":"https:\/\/seed.hu\/hirek\/online-vallalkozoi-forum-gondolatok-visszavonulo-alapito-tulajdonosok-tollabol-miert-olyan-nehez-az-elszakadas-2020-11-19\/#breadcrumb"},"inLanguage":"en-US","potentialAction":[{"@type":"ReadAction","target":["https:\/\/seed.hu\/hirek\/online-vallalkozoi-forum-gondolatok-visszavonulo-alapito-tulajdonosok-tollabol-miert-olyan-nehez-az-elszakadas-2020-11-19\/"]}]},{"@type":"ImageObject","inLanguage":"en-US","@id":"https:\/\/seed.hu\/hirek\/online-vallalkozoi-forum-gondolatok-visszavonulo-alapito-tulajdonosok-tollabol-miert-olyan-nehez-az-elszakadas-2020-11-19\/#primaryimage","url":"https:\/\/seed.hu\/wp-content\/uploads\/2018\/04\/SEED_logo.png","contentUrl":"https:\/\/seed.hu\/wp-content\/uploads\/2018\/04\/SEED_logo.png","width":250,"height":206},{"@type":"BreadcrumbList","@id":"https:\/\/seed.hu\/hirek\/online-vallalkozoi-forum-gondolatok-visszavonulo-alapito-tulajdonosok-tollabol-miert-olyan-nehez-az-elszakadas-2020-11-19\/#breadcrumb","itemListElement":[{"@type":"ListItem","position":1,"name":"H\u00edrek","item":"https:\/\/seed.hu\/hirek\/"},{"@type":"ListItem","position":2,"name":"Online V\u00e1llalkoz\u00f3i F\u00f3rum &#8211; Gondolatok visszavonul\u00f3 alap\u00edt\u00f3 tulajdonosok toll\u00e1b\u00f3l &#8211; mi\u00e9rt olyan neh\u00e9z az elszakad\u00e1s? 2020.11.19."}]},{"@type":"WebSite","@id":"https:\/\/seed.hu\/#website","url":"https:\/\/seed.hu\/","name":"Seed","description":"","potentialAction":[{"@type":"SearchAction","target":{"@type":"EntryPoint","urlTemplate":"https:\/\/seed.hu\/?s={search_term_string}"},"query-input":{"@type":"PropertyValueSpecification","valueRequired":true,"valueName":"search_term_string"}}],"inLanguage":"en-US"}]}},"_links":{"self":[{"href":"https:\/\/seed.hu\/en\/wp-json\/wp\/v2\/hirek\/1054","targetHints":{"allow":["GET"]}}],"collection":[{"href":"https:\/\/seed.hu\/en\/wp-json\/wp\/v2\/hirek"}],"about":[{"href":"https:\/\/seed.hu\/en\/wp-json\/wp\/v2\/types\/hirek"}],"wp:featuredmedia":[{"embeddable":true,"href":"https:\/\/seed.hu\/en\/wp-json\/wp\/v2\/media\/792"}],"wp:attachment":[{"href":"https:\/\/seed.hu\/en\/wp-json\/wp\/v2\/media?parent=1054"}],"curies":[{"name":"wp","href":"https:\/\/api.w.org\/{rel}","templated":true}]}}