{"id":1059,"date":"2020-11-20T19:07:23","date_gmt":"2020-11-20T18:07:23","guid":{"rendered":"https:\/\/seed.hu\/?post_type=hirek&#038;p=1059"},"modified":"2022-01-23T19:24:40","modified_gmt":"2022-01-23T18:24:40","slug":"tudasbarat-szervezet-dij-december-3-aig-lehet-palyazni-a-tudasbarat-szervezet-2020-elismeresre","status":"publish","type":"hirek","link":"https:\/\/seed.hu\/en\/hirek\/tudasbarat-szervezet-dij-december-3-aig-lehet-palyazni-a-tudasbarat-szervezet-2020-elismeresre\/","title":{"rendered":"Tud\u00e1sbar\u00e1t szervezet d\u00edj &#8211; december 3-\u00e1ig lehet p\u00e1ly\u00e1zni a Tud\u00e1sbar\u00e1t szervezet 2020 elismer\u00e9sre"},"content":{"rendered":"<p>&nbsp;<\/p>\n<p><a href=\"https:\/\/seed.hu\/hirek\/tudasbarat-szervezet-dij-december-3-aig-lehet-palyazni-a-tudasbarat-szervezet-2020-elismeresre\/seed_tudasbarat\/\" rel=\"attachment wp-att-1060\"><img loading=\"lazy\" decoding=\"async\" class=\"alignnone wp-image-1060 size-full\" src=\"https:\/\/seed.hu\/wp-content\/uploads\/2022\/01\/SEED_Tudasbarat.png\" alt=\"\" width=\"578\" height=\"219\" srcset=\"https:\/\/seed.hu\/wp-content\/uploads\/2022\/01\/SEED_Tudasbarat.png 578w, https:\/\/seed.hu\/wp-content\/uploads\/2022\/01\/SEED_Tudasbarat-300x114.png 300w\" sizes=\"auto, (max-width: 578px) 100vw, 578px\" \/><\/a><\/p>\n<p><strong><span style=\"font-size: 20px;\">Sosem k\u00e9s\u0151 \u00e1tgondolni, hogyan viszonyul a v\u00e1llalatod a tud\u00e1smegoszt\u00e1shoz.<\/span><\/strong><\/p>\n<p>Ha most gondolod \u00e1t \u00e9s megosztod vel\u00fcnk, es\u00e9lyes lehetsz a Tud\u00e1sbar\u00e1t szervezet 2020 d\u00edjra, \u00edgy m\u00e1sok is megismerhetik v\u00e1llalkoz\u00e1sod ezen oldal\u00e1t is!<\/p>\n<p>A Tehets\u00e9g \u00e9s\u00a0Tud\u00e1s\u00a0K\u00f6zpont Alap\u00edtv\u00e1nnyal k\u00f6z\u00f6sen tavaly el\u0151sz\u00f6r \u00edrtuk ki\u00a0a\u00a0<strong>Tud\u00e1sbar\u00e1t\u00a0szervezet\u00a0d\u00edjat<\/strong>.<\/p>\n<p>A p\u00e1ly\u00e1zat ki\u00edr\u00e1s\u00e1val a c\u00e9l\u00a0a kis-, k\u00f6zepes \u00e9s nagyv\u00e1llalatok \u00f6szt\u00f6nz\u00e9se\u00a0arra, hogy vessenek egy pillant\u00e1st a m\u0171k\u00f6d\u00e9s\u00fckre, n\u00e9zz\u00e9k meg, milyen szinten van jelen a szervezetben a\u00a0tud\u00e1s\u00e1tad\u00e1s, \u00e9s t\u00f6rekedjenek a\u00a0tud\u00e1s\u00e1tad\u00e1s szervezett keretek k\u00f6z\u00f6tt t\u00f6rt\u00e9n\u0151 megval\u00f3s\u00edt\u00e1s\u00e1ra.<\/p>\n<p>A p\u00e1ly\u00e1zat sor\u00e1n c\u00e9lunk azon v\u00e1llalati j\u00f3 gyakorlatok \u00e9s pozit\u00edv p\u00e9ld\u00e1k megismer\u00e9se, ahol a\u00a0tud\u00e1s\u00a0\u00e1tad\u00e1sa m\u00e1r be\u00e9p\u00fclt a\u00a0szervezet\u00a0mindennapi m\u0171k\u00f6d\u00e9s\u00e9be, ezzel hozz\u00e1j\u00e1rulva a v\u00e1llalati szektor szeml\u00e9letform\u00e1l\u00e1s\u00e1hoz, fel- \u00e9s elismertetve azt a t\u00e9nyt, hogy v\u00e1llalaton bel\u00fcl felgy\u0171lt tud\u00e1st meg kell \u0151rizni \u00e9s a koll\u00e9g\u00e1k sz\u00e1m\u00e1ra el\u00e9rhet\u0151v\u00e9 kell tenni.<\/p>\n<p>\u201eTud\u00e1sbar\u00e1t\u00a0Szervezet\u00a02020\u201d d\u00edjat kateg\u00f3ri\u00e1nk\u00e9nt egy nagyv\u00e1llalat \u00e9s egy kis\/k\u00f6z\u00e9pv\u00e1llalat kapja meg, \u00edgy \u00f6sszesen a 4 kateg\u00f3ri\u00e1ban 8\u00a0szervezet\u00a0d\u00edjazhat\u00f3.<\/p>\n<p>Az egyes d\u00edjazott kateg\u00f3ri\u00e1k:<\/p>\n<p>1. Tud\u00e1sbr\u00f3kerek a v\u00e1llalaton bel\u00fcl \u00e9s\/vagy a tud\u00e1stranszfer folyamatai<br \/>\n2.\u00a0A tud\u00e1stranszfer digit\u00e1lis m\u00f3dszerei, eszk\u00f6zei<br \/>\n3.\u00a0A tud\u00e1stranszfer digit\u00e1lis m\u00f3dszerei, eszk\u00f6zei az agr\u00e1r\u00e1gazatban<br \/>\n4.\u00a0Szakm\u00e1k \u00e1tad\u00e1sa a gener\u00e1ci\u00f3k k\u00f6z\u00f6tt \u00e9s\/vagy klasszikus gener\u00e1ci\u00f3v\u00e1lt\u00e1s<\/p>\n<p>A p\u00e1ly\u00e1zat r\u00e9szletei \u00e9s beny\u00fajt\u00e1s:\u00a0<a href=\"https:\/\/tudasbaratszervezet.ttk.seed.hu\/\" target=\"_blank\" rel=\"noopener\">https:\/\/tudasbaratszervezet.ttk.seed.hu\/<\/a><\/p>\n","protected":false},"featured_media":792,"menu_order":0,"template":"","meta":{"_acf_changed":false},"class_list":["post-1059","hirek","type-hirek","status-publish","has-post-thumbnail","hentry"],"acf":[],"yoast_head":"<!-- This site is optimized with the Yoast SEO plugin v27.4 - https:\/\/yoast.com\/product\/yoast-seo-wordpress\/ -->\n<title>Tud\u00e1sbar\u00e1t szervezet d\u00edj - december 3-\u00e1ig lehet p\u00e1ly\u00e1zni a Tud\u00e1sbar\u00e1t szervezet 2020 elismer\u00e9sre - Seed<\/title>\n<meta name=\"robots\" content=\"index, follow, max-snippet:-1, max-image-preview:large, max-video-preview:-1\" \/>\n<link rel=\"canonical\" href=\"https:\/\/seed.hu\/hirek\/tudasbarat-szervezet-dij-december-3-aig-lehet-palyazni-a-tudasbarat-szervezet-2020-elismeresre\/\" \/>\n<meta property=\"og:locale\" content=\"en_US\" \/>\n<meta property=\"og:type\" content=\"article\" \/>\n<meta property=\"og:title\" content=\"Tud\u00e1sbar\u00e1t szervezet d\u00edj - december 3-\u00e1ig lehet p\u00e1ly\u00e1zni a Tud\u00e1sbar\u00e1t szervezet 2020 elismer\u00e9sre - Seed\" \/>\n<meta property=\"og:description\" content=\"&nbsp; Sosem k\u00e9s\u0151 \u00e1tgondolni, hogyan viszonyul a v\u00e1llalatod a tud\u00e1smegoszt\u00e1shoz. Ha most gondolod \u00e1t \u00e9s megosztod vel\u00fcnk, es\u00e9lyes lehetsz a Tud\u00e1sbar\u00e1t szervezet 2020 d\u00edjra, \u00edgy m\u00e1sok is megismerhetik v\u00e1llalkoz\u00e1sod ezen oldal\u00e1t is! A Tehets\u00e9g \u00e9s\u00a0Tud\u00e1s\u00a0K\u00f6zpont Alap\u00edtv\u00e1nnyal k\u00f6z\u00f6sen tavaly el\u0151sz\u00f6r \u00edrtuk ki\u00a0a\u00a0Tud\u00e1sbar\u00e1t\u00a0szervezet\u00a0d\u00edjat. A p\u00e1ly\u00e1zat ki\u00edr\u00e1s\u00e1val a c\u00e9l\u00a0a kis-, k\u00f6zepes \u00e9s nagyv\u00e1llalatok \u00f6szt\u00f6nz\u00e9se\u00a0arra, hogy vessenek egy pillant\u00e1st [&hellip;]\" \/>\n<meta property=\"og:url\" content=\"https:\/\/seed.hu\/hirek\/tudasbarat-szervezet-dij-december-3-aig-lehet-palyazni-a-tudasbarat-szervezet-2020-elismeresre\/\" \/>\n<meta property=\"og:site_name\" content=\"Seed\" \/>\n<meta property=\"article:modified_time\" content=\"2022-01-23T18:24:40+00:00\" \/>\n<meta property=\"og:image\" content=\"https:\/\/seed.hu\/wp-content\/uploads\/2018\/04\/SEED_logo.png\" \/>\n\t<meta property=\"og:image:width\" content=\"250\" \/>\n\t<meta property=\"og:image:height\" content=\"206\" \/>\n\t<meta property=\"og:image:type\" content=\"image\/png\" \/>\n<meta name=\"twitter:card\" content=\"summary_large_image\" \/>\n<meta name=\"twitter:label1\" content=\"Est. reading time\" \/>\n\t<meta name=\"twitter:data1\" content=\"2 minutes\" \/>\n<script type=\"application\/ld+json\" class=\"yoast-schema-graph\">{\"@context\":\"https:\\\/\\\/schema.org\",\"@graph\":[{\"@type\":\"WebPage\",\"@id\":\"https:\\\/\\\/seed.hu\\\/hirek\\\/tudasbarat-szervezet-dij-december-3-aig-lehet-palyazni-a-tudasbarat-szervezet-2020-elismeresre\\\/\",\"url\":\"https:\\\/\\\/seed.hu\\\/hirek\\\/tudasbarat-szervezet-dij-december-3-aig-lehet-palyazni-a-tudasbarat-szervezet-2020-elismeresre\\\/\",\"name\":\"Tud\u00e1sbar\u00e1t szervezet d\u00edj - december 3-\u00e1ig lehet p\u00e1ly\u00e1zni a Tud\u00e1sbar\u00e1t szervezet 2020 elismer\u00e9sre - Seed\",\"isPartOf\":{\"@id\":\"https:\\\/\\\/seed.hu\\\/#website\"},\"primaryImageOfPage\":{\"@id\":\"https:\\\/\\\/seed.hu\\\/hirek\\\/tudasbarat-szervezet-dij-december-3-aig-lehet-palyazni-a-tudasbarat-szervezet-2020-elismeresre\\\/#primaryimage\"},\"image\":{\"@id\":\"https:\\\/\\\/seed.hu\\\/hirek\\\/tudasbarat-szervezet-dij-december-3-aig-lehet-palyazni-a-tudasbarat-szervezet-2020-elismeresre\\\/#primaryimage\"},\"thumbnailUrl\":\"https:\\\/\\\/seed.hu\\\/wp-content\\\/uploads\\\/2018\\\/04\\\/SEED_logo.png\",\"datePublished\":\"2020-11-20T18:07:23+00:00\",\"dateModified\":\"2022-01-23T18:24:40+00:00\",\"breadcrumb\":{\"@id\":\"https:\\\/\\\/seed.hu\\\/hirek\\\/tudasbarat-szervezet-dij-december-3-aig-lehet-palyazni-a-tudasbarat-szervezet-2020-elismeresre\\\/#breadcrumb\"},\"inLanguage\":\"en-US\",\"potentialAction\":[{\"@type\":\"ReadAction\",\"target\":[\"https:\\\/\\\/seed.hu\\\/hirek\\\/tudasbarat-szervezet-dij-december-3-aig-lehet-palyazni-a-tudasbarat-szervezet-2020-elismeresre\\\/\"]}]},{\"@type\":\"ImageObject\",\"inLanguage\":\"en-US\",\"@id\":\"https:\\\/\\\/seed.hu\\\/hirek\\\/tudasbarat-szervezet-dij-december-3-aig-lehet-palyazni-a-tudasbarat-szervezet-2020-elismeresre\\\/#primaryimage\",\"url\":\"https:\\\/\\\/seed.hu\\\/wp-content\\\/uploads\\\/2018\\\/04\\\/SEED_logo.png\",\"contentUrl\":\"https:\\\/\\\/seed.hu\\\/wp-content\\\/uploads\\\/2018\\\/04\\\/SEED_logo.png\",\"width\":250,\"height\":206},{\"@type\":\"BreadcrumbList\",\"@id\":\"https:\\\/\\\/seed.hu\\\/hirek\\\/tudasbarat-szervezet-dij-december-3-aig-lehet-palyazni-a-tudasbarat-szervezet-2020-elismeresre\\\/#breadcrumb\",\"itemListElement\":[{\"@type\":\"ListItem\",\"position\":1,\"name\":\"H\u00edrek\",\"item\":\"https:\\\/\\\/seed.hu\\\/hirek\\\/\"},{\"@type\":\"ListItem\",\"position\":2,\"name\":\"Tud\u00e1sbar\u00e1t szervezet d\u00edj &#8211; december 3-\u00e1ig lehet p\u00e1ly\u00e1zni a Tud\u00e1sbar\u00e1t szervezet 2020 elismer\u00e9sre\"}]},{\"@type\":\"WebSite\",\"@id\":\"https:\\\/\\\/seed.hu\\\/#website\",\"url\":\"https:\\\/\\\/seed.hu\\\/\",\"name\":\"Seed\",\"description\":\"\",\"potentialAction\":[{\"@type\":\"SearchAction\",\"target\":{\"@type\":\"EntryPoint\",\"urlTemplate\":\"https:\\\/\\\/seed.hu\\\/?s={search_term_string}\"},\"query-input\":{\"@type\":\"PropertyValueSpecification\",\"valueRequired\":true,\"valueName\":\"search_term_string\"}}],\"inLanguage\":\"en-US\"}]}<\/script>\n<!-- \/ Yoast SEO plugin. -->","yoast_head_json":{"title":"Tud\u00e1sbar\u00e1t szervezet d\u00edj - december 3-\u00e1ig lehet p\u00e1ly\u00e1zni a Tud\u00e1sbar\u00e1t szervezet 2020 elismer\u00e9sre - Seed","robots":{"index":"index","follow":"follow","max-snippet":"max-snippet:-1","max-image-preview":"max-image-preview:large","max-video-preview":"max-video-preview:-1"},"canonical":"https:\/\/seed.hu\/hirek\/tudasbarat-szervezet-dij-december-3-aig-lehet-palyazni-a-tudasbarat-szervezet-2020-elismeresre\/","og_locale":"en_US","og_type":"article","og_title":"Tud\u00e1sbar\u00e1t szervezet d\u00edj - december 3-\u00e1ig lehet p\u00e1ly\u00e1zni a Tud\u00e1sbar\u00e1t szervezet 2020 elismer\u00e9sre - Seed","og_description":"&nbsp; Sosem k\u00e9s\u0151 \u00e1tgondolni, hogyan viszonyul a v\u00e1llalatod a tud\u00e1smegoszt\u00e1shoz. Ha most gondolod \u00e1t \u00e9s megosztod vel\u00fcnk, es\u00e9lyes lehetsz a Tud\u00e1sbar\u00e1t szervezet 2020 d\u00edjra, \u00edgy m\u00e1sok is megismerhetik v\u00e1llalkoz\u00e1sod ezen oldal\u00e1t is! A Tehets\u00e9g \u00e9s\u00a0Tud\u00e1s\u00a0K\u00f6zpont Alap\u00edtv\u00e1nnyal k\u00f6z\u00f6sen tavaly el\u0151sz\u00f6r \u00edrtuk ki\u00a0a\u00a0Tud\u00e1sbar\u00e1t\u00a0szervezet\u00a0d\u00edjat. A p\u00e1ly\u00e1zat ki\u00edr\u00e1s\u00e1val a c\u00e9l\u00a0a kis-, k\u00f6zepes \u00e9s nagyv\u00e1llalatok \u00f6szt\u00f6nz\u00e9se\u00a0arra, hogy vessenek egy pillant\u00e1st [&hellip;]","og_url":"https:\/\/seed.hu\/hirek\/tudasbarat-szervezet-dij-december-3-aig-lehet-palyazni-a-tudasbarat-szervezet-2020-elismeresre\/","og_site_name":"Seed","article_modified_time":"2022-01-23T18:24:40+00:00","og_image":[{"width":250,"height":206,"url":"https:\/\/seed.hu\/wp-content\/uploads\/2018\/04\/SEED_logo.png","type":"image\/png"}],"twitter_card":"summary_large_image","twitter_misc":{"Est. reading time":"2 minutes"},"schema":{"@context":"https:\/\/schema.org","@graph":[{"@type":"WebPage","@id":"https:\/\/seed.hu\/hirek\/tudasbarat-szervezet-dij-december-3-aig-lehet-palyazni-a-tudasbarat-szervezet-2020-elismeresre\/","url":"https:\/\/seed.hu\/hirek\/tudasbarat-szervezet-dij-december-3-aig-lehet-palyazni-a-tudasbarat-szervezet-2020-elismeresre\/","name":"Tud\u00e1sbar\u00e1t szervezet d\u00edj - december 3-\u00e1ig lehet p\u00e1ly\u00e1zni a Tud\u00e1sbar\u00e1t szervezet 2020 elismer\u00e9sre - Seed","isPartOf":{"@id":"https:\/\/seed.hu\/#website"},"primaryImageOfPage":{"@id":"https:\/\/seed.hu\/hirek\/tudasbarat-szervezet-dij-december-3-aig-lehet-palyazni-a-tudasbarat-szervezet-2020-elismeresre\/#primaryimage"},"image":{"@id":"https:\/\/seed.hu\/hirek\/tudasbarat-szervezet-dij-december-3-aig-lehet-palyazni-a-tudasbarat-szervezet-2020-elismeresre\/#primaryimage"},"thumbnailUrl":"https:\/\/seed.hu\/wp-content\/uploads\/2018\/04\/SEED_logo.png","datePublished":"2020-11-20T18:07:23+00:00","dateModified":"2022-01-23T18:24:40+00:00","breadcrumb":{"@id":"https:\/\/seed.hu\/hirek\/tudasbarat-szervezet-dij-december-3-aig-lehet-palyazni-a-tudasbarat-szervezet-2020-elismeresre\/#breadcrumb"},"inLanguage":"en-US","potentialAction":[{"@type":"ReadAction","target":["https:\/\/seed.hu\/hirek\/tudasbarat-szervezet-dij-december-3-aig-lehet-palyazni-a-tudasbarat-szervezet-2020-elismeresre\/"]}]},{"@type":"ImageObject","inLanguage":"en-US","@id":"https:\/\/seed.hu\/hirek\/tudasbarat-szervezet-dij-december-3-aig-lehet-palyazni-a-tudasbarat-szervezet-2020-elismeresre\/#primaryimage","url":"https:\/\/seed.hu\/wp-content\/uploads\/2018\/04\/SEED_logo.png","contentUrl":"https:\/\/seed.hu\/wp-content\/uploads\/2018\/04\/SEED_logo.png","width":250,"height":206},{"@type":"BreadcrumbList","@id":"https:\/\/seed.hu\/hirek\/tudasbarat-szervezet-dij-december-3-aig-lehet-palyazni-a-tudasbarat-szervezet-2020-elismeresre\/#breadcrumb","itemListElement":[{"@type":"ListItem","position":1,"name":"H\u00edrek","item":"https:\/\/seed.hu\/hirek\/"},{"@type":"ListItem","position":2,"name":"Tud\u00e1sbar\u00e1t szervezet d\u00edj &#8211; december 3-\u00e1ig lehet p\u00e1ly\u00e1zni a Tud\u00e1sbar\u00e1t szervezet 2020 elismer\u00e9sre"}]},{"@type":"WebSite","@id":"https:\/\/seed.hu\/#website","url":"https:\/\/seed.hu\/","name":"Seed","description":"","potentialAction":[{"@type":"SearchAction","target":{"@type":"EntryPoint","urlTemplate":"https:\/\/seed.hu\/?s={search_term_string}"},"query-input":{"@type":"PropertyValueSpecification","valueRequired":true,"valueName":"search_term_string"}}],"inLanguage":"en-US"}]}},"_links":{"self":[{"href":"https:\/\/seed.hu\/en\/wp-json\/wp\/v2\/hirek\/1059","targetHints":{"allow":["GET"]}}],"collection":[{"href":"https:\/\/seed.hu\/en\/wp-json\/wp\/v2\/hirek"}],"about":[{"href":"https:\/\/seed.hu\/en\/wp-json\/wp\/v2\/types\/hirek"}],"wp:featuredmedia":[{"embeddable":true,"href":"https:\/\/seed.hu\/en\/wp-json\/wp\/v2\/media\/792"}],"wp:attachment":[{"href":"https:\/\/seed.hu\/en\/wp-json\/wp\/v2\/media?parent=1059"}],"curies":[{"name":"wp","href":"https:\/\/api.w.org\/{rel}","templated":true}]}}