{"id":1106,"date":"2020-11-30T11:20:30","date_gmt":"2020-11-30T10:20:30","guid":{"rendered":"https:\/\/seed.hu\/?post_type=hirek&#038;p=1106"},"modified":"2022-01-24T14:25:40","modified_gmt":"2022-01-24T13:25:40","slug":"online-vallalkozoi-forum-adozasi-es-szamviteli-valtozasok-2021-2020-12-03","status":"publish","type":"hirek","link":"https:\/\/seed.hu\/en\/hirek\/online-vallalkozoi-forum-adozasi-es-szamviteli-valtozasok-2021-2020-12-03\/","title":{"rendered":"Online V\u00e1llalkoz\u00f3i F\u00f3rum &#8211; Ad\u00f3z\u00e1si \u00e9s sz\u00e1mviteli v\u00e1ltoz\u00e1sok 2021, 2020.12.03."},"content":{"rendered":"<p><a href=\"https:\/\/seed.hu\/szolgaltatasok\/kerdezd-a-tanacsadot\/partnerbig2\/\" rel=\"attachment wp-att-41\"><img loading=\"lazy\" decoding=\"async\" class=\"alignnone size-full wp-image-41\" src=\"https:\/\/seed.hu\/wp-content\/uploads\/2021\/02\/partnerBig2.png\" alt=\"\" width=\"241\" height=\"75\" \/><\/a><\/p>\n<p><span style=\"font-size: 20px;\"><strong>Online V\u00e1llalkoz\u00f3i F\u00f3rum &#8211; Egy szak\u00e9rt\u0151, egy v\u00e1llalkoz\u00f3, egy t\u00e9ma, 1 \u00f3ra<\/strong><\/span><\/p>\n<p><strong><u>A k\u00f6vetkez\u0151\u00a0szakmai besz\u00e9lget\u00e9s id\u0151pontja:<\/u><\/strong><br \/>\n2020. december 3., cs\u00fct\u00f6rt\u00f6k, 17:30-19:00.<\/p>\n<p><strong><u>A besz\u00e9lget\u0151partnerek:<\/u><\/strong><\/p>\n<ul>\n<li>G\u00e1l Dezs\u0151, m\u00e9rlegk\u00e9pes k\u00f6nyvel\u0151, K.\u00c1.D.E Tan\u00e1csad\u00f3 Kft., tulajdonos, \u00fcgyvezet\u0151,<\/li>\n<li>Vilm\u00e1nyi Rita, SEED Alap\u00edtv\u00e1ny, p\u00e9nz\u00fcgyi vezet\u0151, p\u00e1ly\u00e1zatok p\u00e9nz\u00fcgyi tervez\u0151je<\/li>\n<\/ul>\n<p><strong><u>A t\u00e9ma:<\/u><\/strong><\/p>\n<p>Ad\u00f3z\u00e1si \u00e9s sz\u00e1mviteli v\u00e1ltoz\u00e1sok 2021<\/p>\n<p><strong><u>R\u00e9szletes t\u00e9ma:<\/u><\/strong><\/p>\n<ul>\n<li>Eddig KATA szerint ad\u00f3zt\u00e1l, de \u00fagy t\u0171nik, hogy 2021-ben m\u00e1r nem tudod \u00e9lvezni ennek az el\u0151nyeit? Mi lehet az alternat\u00edva?<\/li>\n<li>Hogyan \u00e9rintik a jogszab\u00e1lyi m\u00f3dos\u00edt\u00e1sok a KIVA ter\u00fclet\u00e9t? Mit jelent ez a c\u00e9ged eset\u00e9ben?<\/li>\n<li>M\u00e9g nem l\u00e1tod \u00e1t pontosan, a sz\u00e1ml\u00e1z\u00e1si folyamatok hogyan m\u00f3dosulnak, mire kell felk\u00e9sz\u00fcln\u00f6d?<\/li>\n<li>Ha v\u00e1ltozik az ad\u00f3z\u00e1s m\u00f3dja, m\u00e9rt\u00e9ke, hogyan hat a fut\u00f3, p\u00e1ly\u00e1zati forr\u00e1sb\u00f3l megval\u00f3sul\u00f3 projektjeid k\u00f6lts\u00e9gvet\u00e9s\u00e9re?<\/li>\n<li>Ha \u00fagy \u00e9rzed, vannak m\u00e9g hom\u00e1lyos r\u00e9szek az ad\u00f3- \u00e9s sz\u00e1mviteli t\u00f6rv\u00e9nyek m\u00f3dos\u00edt\u00e1sa ter\u00e9n, melyeket szeretn\u00e9l tiszt\u00e1ba tenni, vagy konkr\u00e9t k\u00e9rd\u00e9sed van ezek c\u00e9gedet \u00e9rint\u0151 eseteiben, a szak\u00e9rt\u0151ink k\u00e9szek megv\u00e1laszolni.<\/li>\n<\/ul>\n<p><strong><em>A f\u00f3rumon a r\u00e9szv\u00e9tel ingyenes, de el\u0151zetes regisztr\u00e1ci\u00f3hoz k\u00f6t\u00f6tt.<\/em><\/strong><\/p>\n<p><strong><em>Jelentkez\u00e9si hat\u00e1rid\u0151: 2020. december 3. 12:00<\/em><\/strong><\/p>\n<p><a href=\"https:\/\/seed.hu\/kerdoiv\/online-vallalkozoi-forum-adozasi-es-szamviteli-valtozasok-2021-2020-12-03\" target=\"_blank\" rel=\"noopener\"><img decoding=\"async\" style=\"width: 130px; height: 42px;\" src=\"https:\/\/seed.hu\/files\/attachments\/inline\/regisztracio4.png\" alt=\"\" \/><\/a><\/p>\n<p>&nbsp;<\/p>\n","protected":false},"featured_media":792,"menu_order":0,"template":"","meta":{"_acf_changed":false},"class_list":["post-1106","hirek","type-hirek","status-publish","has-post-thumbnail","hentry"],"acf":[],"yoast_head":"<!-- This site is optimized with the Yoast SEO plugin v27.4 - https:\/\/yoast.com\/product\/yoast-seo-wordpress\/ -->\n<title>Online V\u00e1llalkoz\u00f3i F\u00f3rum - Ad\u00f3z\u00e1si \u00e9s sz\u00e1mviteli v\u00e1ltoz\u00e1sok 2021, 2020.12.03. - Seed<\/title>\n<meta name=\"robots\" content=\"index, follow, max-snippet:-1, max-image-preview:large, max-video-preview:-1\" \/>\n<link rel=\"canonical\" href=\"https:\/\/seed.hu\/hirek\/online-vallalkozoi-forum-adozasi-es-szamviteli-valtozasok-2021-2020-12-03\/\" \/>\n<meta property=\"og:locale\" content=\"en_US\" \/>\n<meta property=\"og:type\" content=\"article\" \/>\n<meta property=\"og:title\" content=\"Online V\u00e1llalkoz\u00f3i F\u00f3rum - Ad\u00f3z\u00e1si \u00e9s sz\u00e1mviteli v\u00e1ltoz\u00e1sok 2021, 2020.12.03. - Seed\" \/>\n<meta property=\"og:description\" content=\"Online V\u00e1llalkoz\u00f3i F\u00f3rum &#8211; Egy szak\u00e9rt\u0151, egy v\u00e1llalkoz\u00f3, egy t\u00e9ma, 1 \u00f3ra A k\u00f6vetkez\u0151\u00a0szakmai besz\u00e9lget\u00e9s id\u0151pontja: 2020. december 3., cs\u00fct\u00f6rt\u00f6k, 17:30-19:00. A besz\u00e9lget\u0151partnerek: G\u00e1l Dezs\u0151, m\u00e9rlegk\u00e9pes k\u00f6nyvel\u0151, K.\u00c1.D.E Tan\u00e1csad\u00f3 Kft., tulajdonos, \u00fcgyvezet\u0151, Vilm\u00e1nyi Rita, SEED Alap\u00edtv\u00e1ny, p\u00e9nz\u00fcgyi vezet\u0151, p\u00e1ly\u00e1zatok p\u00e9nz\u00fcgyi tervez\u0151je A t\u00e9ma: Ad\u00f3z\u00e1si \u00e9s sz\u00e1mviteli v\u00e1ltoz\u00e1sok 2021 R\u00e9szletes t\u00e9ma: Eddig KATA szerint ad\u00f3zt\u00e1l, de [&hellip;]\" \/>\n<meta property=\"og:url\" content=\"https:\/\/seed.hu\/hirek\/online-vallalkozoi-forum-adozasi-es-szamviteli-valtozasok-2021-2020-12-03\/\" \/>\n<meta property=\"og:site_name\" content=\"Seed\" \/>\n<meta property=\"article:modified_time\" content=\"2022-01-24T13:25:40+00:00\" \/>\n<meta property=\"og:image\" content=\"https:\/\/seed.hu\/wp-content\/uploads\/2018\/04\/SEED_logo.png\" \/>\n\t<meta property=\"og:image:width\" content=\"250\" \/>\n\t<meta property=\"og:image:height\" content=\"206\" \/>\n\t<meta property=\"og:image:type\" content=\"image\/png\" \/>\n<meta name=\"twitter:card\" content=\"summary_large_image\" \/>\n<meta name=\"twitter:label1\" content=\"Est. reading time\" \/>\n\t<meta name=\"twitter:data1\" content=\"1 minute\" \/>\n<script type=\"application\/ld+json\" class=\"yoast-schema-graph\">{\"@context\":\"https:\\\/\\\/schema.org\",\"@graph\":[{\"@type\":\"WebPage\",\"@id\":\"https:\\\/\\\/seed.hu\\\/hirek\\\/online-vallalkozoi-forum-adozasi-es-szamviteli-valtozasok-2021-2020-12-03\\\/\",\"url\":\"https:\\\/\\\/seed.hu\\\/hirek\\\/online-vallalkozoi-forum-adozasi-es-szamviteli-valtozasok-2021-2020-12-03\\\/\",\"name\":\"Online V\u00e1llalkoz\u00f3i F\u00f3rum - Ad\u00f3z\u00e1si \u00e9s sz\u00e1mviteli v\u00e1ltoz\u00e1sok 2021, 2020.12.03. - Seed\",\"isPartOf\":{\"@id\":\"https:\\\/\\\/seed.hu\\\/#website\"},\"primaryImageOfPage\":{\"@id\":\"https:\\\/\\\/seed.hu\\\/hirek\\\/online-vallalkozoi-forum-adozasi-es-szamviteli-valtozasok-2021-2020-12-03\\\/#primaryimage\"},\"image\":{\"@id\":\"https:\\\/\\\/seed.hu\\\/hirek\\\/online-vallalkozoi-forum-adozasi-es-szamviteli-valtozasok-2021-2020-12-03\\\/#primaryimage\"},\"thumbnailUrl\":\"https:\\\/\\\/seed.hu\\\/wp-content\\\/uploads\\\/2018\\\/04\\\/SEED_logo.png\",\"datePublished\":\"2020-11-30T10:20:30+00:00\",\"dateModified\":\"2022-01-24T13:25:40+00:00\",\"breadcrumb\":{\"@id\":\"https:\\\/\\\/seed.hu\\\/hirek\\\/online-vallalkozoi-forum-adozasi-es-szamviteli-valtozasok-2021-2020-12-03\\\/#breadcrumb\"},\"inLanguage\":\"en-US\",\"potentialAction\":[{\"@type\":\"ReadAction\",\"target\":[\"https:\\\/\\\/seed.hu\\\/hirek\\\/online-vallalkozoi-forum-adozasi-es-szamviteli-valtozasok-2021-2020-12-03\\\/\"]}]},{\"@type\":\"ImageObject\",\"inLanguage\":\"en-US\",\"@id\":\"https:\\\/\\\/seed.hu\\\/hirek\\\/online-vallalkozoi-forum-adozasi-es-szamviteli-valtozasok-2021-2020-12-03\\\/#primaryimage\",\"url\":\"https:\\\/\\\/seed.hu\\\/wp-content\\\/uploads\\\/2018\\\/04\\\/SEED_logo.png\",\"contentUrl\":\"https:\\\/\\\/seed.hu\\\/wp-content\\\/uploads\\\/2018\\\/04\\\/SEED_logo.png\",\"width\":250,\"height\":206},{\"@type\":\"BreadcrumbList\",\"@id\":\"https:\\\/\\\/seed.hu\\\/hirek\\\/online-vallalkozoi-forum-adozasi-es-szamviteli-valtozasok-2021-2020-12-03\\\/#breadcrumb\",\"itemListElement\":[{\"@type\":\"ListItem\",\"position\":1,\"name\":\"H\u00edrek\",\"item\":\"https:\\\/\\\/seed.hu\\\/hirek\\\/\"},{\"@type\":\"ListItem\",\"position\":2,\"name\":\"Online V\u00e1llalkoz\u00f3i F\u00f3rum &#8211; Ad\u00f3z\u00e1si \u00e9s sz\u00e1mviteli v\u00e1ltoz\u00e1sok 2021, 2020.12.03.\"}]},{\"@type\":\"WebSite\",\"@id\":\"https:\\\/\\\/seed.hu\\\/#website\",\"url\":\"https:\\\/\\\/seed.hu\\\/\",\"name\":\"Seed\",\"description\":\"\",\"potentialAction\":[{\"@type\":\"SearchAction\",\"target\":{\"@type\":\"EntryPoint\",\"urlTemplate\":\"https:\\\/\\\/seed.hu\\\/?s={search_term_string}\"},\"query-input\":{\"@type\":\"PropertyValueSpecification\",\"valueRequired\":true,\"valueName\":\"search_term_string\"}}],\"inLanguage\":\"en-US\"}]}<\/script>\n<!-- \/ Yoast SEO plugin. -->","yoast_head_json":{"title":"Online V\u00e1llalkoz\u00f3i F\u00f3rum - Ad\u00f3z\u00e1si \u00e9s sz\u00e1mviteli v\u00e1ltoz\u00e1sok 2021, 2020.12.03. - Seed","robots":{"index":"index","follow":"follow","max-snippet":"max-snippet:-1","max-image-preview":"max-image-preview:large","max-video-preview":"max-video-preview:-1"},"canonical":"https:\/\/seed.hu\/hirek\/online-vallalkozoi-forum-adozasi-es-szamviteli-valtozasok-2021-2020-12-03\/","og_locale":"en_US","og_type":"article","og_title":"Online V\u00e1llalkoz\u00f3i F\u00f3rum - Ad\u00f3z\u00e1si \u00e9s sz\u00e1mviteli v\u00e1ltoz\u00e1sok 2021, 2020.12.03. - Seed","og_description":"Online V\u00e1llalkoz\u00f3i F\u00f3rum &#8211; Egy szak\u00e9rt\u0151, egy v\u00e1llalkoz\u00f3, egy t\u00e9ma, 1 \u00f3ra A k\u00f6vetkez\u0151\u00a0szakmai besz\u00e9lget\u00e9s id\u0151pontja: 2020. december 3., cs\u00fct\u00f6rt\u00f6k, 17:30-19:00. A besz\u00e9lget\u0151partnerek: G\u00e1l Dezs\u0151, m\u00e9rlegk\u00e9pes k\u00f6nyvel\u0151, K.\u00c1.D.E Tan\u00e1csad\u00f3 Kft., tulajdonos, \u00fcgyvezet\u0151, Vilm\u00e1nyi Rita, SEED Alap\u00edtv\u00e1ny, p\u00e9nz\u00fcgyi vezet\u0151, p\u00e1ly\u00e1zatok p\u00e9nz\u00fcgyi tervez\u0151je A t\u00e9ma: Ad\u00f3z\u00e1si \u00e9s sz\u00e1mviteli v\u00e1ltoz\u00e1sok 2021 R\u00e9szletes t\u00e9ma: Eddig KATA szerint ad\u00f3zt\u00e1l, de [&hellip;]","og_url":"https:\/\/seed.hu\/hirek\/online-vallalkozoi-forum-adozasi-es-szamviteli-valtozasok-2021-2020-12-03\/","og_site_name":"Seed","article_modified_time":"2022-01-24T13:25:40+00:00","og_image":[{"width":250,"height":206,"url":"https:\/\/seed.hu\/wp-content\/uploads\/2018\/04\/SEED_logo.png","type":"image\/png"}],"twitter_card":"summary_large_image","twitter_misc":{"Est. reading time":"1 minute"},"schema":{"@context":"https:\/\/schema.org","@graph":[{"@type":"WebPage","@id":"https:\/\/seed.hu\/hirek\/online-vallalkozoi-forum-adozasi-es-szamviteli-valtozasok-2021-2020-12-03\/","url":"https:\/\/seed.hu\/hirek\/online-vallalkozoi-forum-adozasi-es-szamviteli-valtozasok-2021-2020-12-03\/","name":"Online V\u00e1llalkoz\u00f3i F\u00f3rum - Ad\u00f3z\u00e1si \u00e9s sz\u00e1mviteli v\u00e1ltoz\u00e1sok 2021, 2020.12.03. - Seed","isPartOf":{"@id":"https:\/\/seed.hu\/#website"},"primaryImageOfPage":{"@id":"https:\/\/seed.hu\/hirek\/online-vallalkozoi-forum-adozasi-es-szamviteli-valtozasok-2021-2020-12-03\/#primaryimage"},"image":{"@id":"https:\/\/seed.hu\/hirek\/online-vallalkozoi-forum-adozasi-es-szamviteli-valtozasok-2021-2020-12-03\/#primaryimage"},"thumbnailUrl":"https:\/\/seed.hu\/wp-content\/uploads\/2018\/04\/SEED_logo.png","datePublished":"2020-11-30T10:20:30+00:00","dateModified":"2022-01-24T13:25:40+00:00","breadcrumb":{"@id":"https:\/\/seed.hu\/hirek\/online-vallalkozoi-forum-adozasi-es-szamviteli-valtozasok-2021-2020-12-03\/#breadcrumb"},"inLanguage":"en-US","potentialAction":[{"@type":"ReadAction","target":["https:\/\/seed.hu\/hirek\/online-vallalkozoi-forum-adozasi-es-szamviteli-valtozasok-2021-2020-12-03\/"]}]},{"@type":"ImageObject","inLanguage":"en-US","@id":"https:\/\/seed.hu\/hirek\/online-vallalkozoi-forum-adozasi-es-szamviteli-valtozasok-2021-2020-12-03\/#primaryimage","url":"https:\/\/seed.hu\/wp-content\/uploads\/2018\/04\/SEED_logo.png","contentUrl":"https:\/\/seed.hu\/wp-content\/uploads\/2018\/04\/SEED_logo.png","width":250,"height":206},{"@type":"BreadcrumbList","@id":"https:\/\/seed.hu\/hirek\/online-vallalkozoi-forum-adozasi-es-szamviteli-valtozasok-2021-2020-12-03\/#breadcrumb","itemListElement":[{"@type":"ListItem","position":1,"name":"H\u00edrek","item":"https:\/\/seed.hu\/hirek\/"},{"@type":"ListItem","position":2,"name":"Online V\u00e1llalkoz\u00f3i F\u00f3rum &#8211; Ad\u00f3z\u00e1si \u00e9s sz\u00e1mviteli v\u00e1ltoz\u00e1sok 2021, 2020.12.03."}]},{"@type":"WebSite","@id":"https:\/\/seed.hu\/#website","url":"https:\/\/seed.hu\/","name":"Seed","description":"","potentialAction":[{"@type":"SearchAction","target":{"@type":"EntryPoint","urlTemplate":"https:\/\/seed.hu\/?s={search_term_string}"},"query-input":{"@type":"PropertyValueSpecification","valueRequired":true,"valueName":"search_term_string"}}],"inLanguage":"en-US"}]}},"_links":{"self":[{"href":"https:\/\/seed.hu\/en\/wp-json\/wp\/v2\/hirek\/1106","targetHints":{"allow":["GET"]}}],"collection":[{"href":"https:\/\/seed.hu\/en\/wp-json\/wp\/v2\/hirek"}],"about":[{"href":"https:\/\/seed.hu\/en\/wp-json\/wp\/v2\/types\/hirek"}],"wp:featuredmedia":[{"embeddable":true,"href":"https:\/\/seed.hu\/en\/wp-json\/wp\/v2\/media\/792"}],"wp:attachment":[{"href":"https:\/\/seed.hu\/en\/wp-json\/wp\/v2\/media?parent=1106"}],"curies":[{"name":"wp","href":"https:\/\/api.w.org\/{rel}","templated":true}]}}