{"id":1108,"date":"2020-12-08T07:42:02","date_gmt":"2020-12-08T06:42:02","guid":{"rendered":"https:\/\/seed.hu\/?post_type=hirek&#038;p=1108"},"modified":"2022-01-24T14:28:19","modified_gmt":"2022-01-24T13:28:19","slug":"online-vallalkozoi-forum-generaciok-egymas-kozt-karacsonyi-koszontessel-egybekotott-evadzaro-forum-2020-12-10","status":"publish","type":"hirek","link":"https:\/\/seed.hu\/en\/hirek\/online-vallalkozoi-forum-generaciok-egymas-kozt-karacsonyi-koszontessel-egybekotott-evadzaro-forum-2020-12-10\/","title":{"rendered":"Online V\u00e1llalkoz\u00f3i F\u00f3rum &#8211; Gener\u00e1ci\u00f3k egym\u00e1s k\u00f6zt &#8211; Kar\u00e1csonyi k\u00f6sz\u00f6nt\u00e9ssel egybek\u00f6t\u00f6tt \u00e9vadz\u00e1r\u00f3 f\u00f3rum, 2020.12.10."},"content":{"rendered":"<p><a href=\"https:\/\/seed.hu\/szolgaltatasok\/kerdezd-a-tanacsadot\/partnerbig2\/\" rel=\"attachment wp-att-41\"><img loading=\"lazy\" decoding=\"async\" class=\"alignnone size-full wp-image-41\" src=\"https:\/\/seed.hu\/wp-content\/uploads\/2021\/02\/partnerBig2.png\" alt=\"\" width=\"241\" height=\"75\" \/><\/a><\/p>\n<p><span style=\"font-size: 20px;\"><strong>Online V\u00e1llalkoz\u00f3i F\u00f3rum &#8211; Egy szak\u00e9rt\u0151, egy v\u00e1llalkoz\u00f3, egy t\u00e9ma, 1 \u00f3ra<\/strong><\/span><\/p>\n<p><strong><u>A k\u00f6vetkez\u0151\u00a0szakmai besz\u00e9lget\u00e9s id\u0151pontja:<\/u><\/strong><br \/>\n2020. december 10., cs\u00fct\u00f6rt\u00f6k, 17:30-19:00.<\/p>\n<p><strong><u>A besz\u00e9lget\u0151partnerek:<\/u><\/strong><\/p>\n<ul>\n<li>Katona Melinda, eln\u00f6k, Tehets\u00e9g \u00e9s Tud\u00e1s K\u00f6zpont Alap\u00edtv\u00e1ny,<\/li>\n<li>Gergely Orsolya, \u00fcgyvezet\u0151, JAM Alap\u00edtv\u00e1ny,<\/li>\n<li>dr. Berendi P\u00e9ter, eln\u00f6k, Csal\u00e1di V\u00e1llalkoz\u00e1sok K\u00f6zhaszn\u00fa Alap\u00edtv\u00e1nya<\/li>\n<li>dr. Rudas L\u00e1szl\u00f3, eln\u00f6k, Csal\u00e1di V\u00e1llalkoz\u00e1sok Orsz\u00e1gos Egyes\u00fclete, Istenhegyi Klinika, tulajdonosa,<\/li>\n<li>dr. Imreh Szabolcs, v\u00e1llalkoz\u00f3i mentor, a Szegedi Tudom\u00e1nyegyetem V\u00e1llalkoz\u00e1sfejleszt\u00e9s szakir\u00e1ny szakfelel\u0151s docense, sorozatv\u00e1llalkoz\u00f3, az Innoversity Kft. senior tan\u00e1csad\u00f3ja<\/li>\n<\/ul>\n<p><strong><u>A t\u00e9ma:<\/u><\/strong><\/p>\n<p>Gener\u00e1ci\u00f3k egym\u00e1s k\u00f6zt &#8211; Kar\u00e1csonyi k\u00f6sz\u00f6nt\u00e9ssel egybek\u00f6t\u00f6tt \u00e9vadz\u00e1r\u00f3 f\u00f3rum<\/p>\n<p><strong><u>R\u00e9szletes program:<\/u><\/strong><\/p>\n<ul>\n<li>A JAM Innov\u00e1ci\u00f3s Napok di\u00e1kv\u00e1llalkoz\u00e1sainak prezent\u00e1ci\u00f3ja &#8211; fantasztikus fiatalok, innovat\u00edv gondolatok, remek prezent\u00e1ci\u00f3kkal.<\/li>\n<li>Szakmai besz\u00e9lget\u00e9s a gener\u00e1ci\u00f3kutat\u00e1sr\u00f3l, a k\u00fcl\u00f6nb\u00f6z\u0151 gener\u00e1ci\u00f3k elt\u00e9r\u0151 gondolk\u00e1d\u00e1s\u00e1r\u00f3l, a m\u00f6g\u00f6ttes befoly\u00e1sol\u00f3 t\u00e9nyez\u0151kr\u0151l.<\/li>\n<li>K\u00f6zel\u00edts\u00fcnk! A k\u00fcl\u00f6nb\u00f6z\u0151 gener\u00e1ci\u00f3k elt\u00e9r\u0151 megold\u00e1sai ugyanarra a probl\u00e9m\u00e1ra.<\/li>\n<li>Fogadjuk el\/be m\u00e1s gener\u00e1ci\u00f3k tud\u00e1s\u00e1t, tapasztalat\u00e1t!<\/li>\n<\/ul>\n<p>Pezsg\u0151s koccint\u00e1ssal b\u00facs\u00faztatjuk az \u0151szi \u00e9vadot \u00e9s r\u00e1hangol\u00f3dunk az \u00fcnnepi k\u00e9sz\u00fcl\u0151d\u00e9sre!<\/p>\n<p><strong><em>A f\u00f3rumon a r\u00e9szv\u00e9tel ingyenes, de el\u0151zetes regisztr\u00e1ci\u00f3hoz k\u00f6t\u00f6tt.<\/em><\/strong><\/p>\n<p><strong><em>Jelentkez\u00e9si hat\u00e1rid\u0151: 2020. december 10. 12:00<\/em><\/strong><\/p>\n<p><a href=\"https:\/\/seed.hu\/kerdoiv\/online-vallalkozoi-forum-generaciok-egymas-kozt-karacsonyi-koszontessel-egybekotott-evadzaro\" target=\"_blank\" rel=\"noopener\"><img decoding=\"async\" style=\"width: 130px; height: 42px;\" src=\"https:\/\/seed.hu\/files\/attachments\/inline\/regisztracio4.png\" alt=\"\" \/><\/a><\/p>\n<p>&nbsp;<\/p>\n","protected":false},"featured_media":792,"menu_order":0,"template":"","meta":{"_acf_changed":false},"class_list":["post-1108","hirek","type-hirek","status-publish","has-post-thumbnail","hentry"],"acf":[],"yoast_head":"<!-- This site is optimized with the Yoast SEO plugin v27.4 - https:\/\/yoast.com\/product\/yoast-seo-wordpress\/ -->\n<title>Online V\u00e1llalkoz\u00f3i F\u00f3rum - Gener\u00e1ci\u00f3k egym\u00e1s k\u00f6zt - Kar\u00e1csonyi k\u00f6sz\u00f6nt\u00e9ssel egybek\u00f6t\u00f6tt \u00e9vadz\u00e1r\u00f3 f\u00f3rum, 2020.12.10. - Seed<\/title>\n<meta name=\"robots\" content=\"index, follow, max-snippet:-1, max-image-preview:large, max-video-preview:-1\" \/>\n<link rel=\"canonical\" href=\"https:\/\/seed.hu\/hirek\/online-vallalkozoi-forum-generaciok-egymas-kozt-karacsonyi-koszontessel-egybekotott-evadzaro-forum-2020-12-10\/\" \/>\n<meta property=\"og:locale\" content=\"en_US\" \/>\n<meta property=\"og:type\" content=\"article\" \/>\n<meta property=\"og:title\" content=\"Online V\u00e1llalkoz\u00f3i F\u00f3rum - Gener\u00e1ci\u00f3k egym\u00e1s k\u00f6zt - Kar\u00e1csonyi k\u00f6sz\u00f6nt\u00e9ssel egybek\u00f6t\u00f6tt \u00e9vadz\u00e1r\u00f3 f\u00f3rum, 2020.12.10. - Seed\" \/>\n<meta property=\"og:description\" content=\"Online V\u00e1llalkoz\u00f3i F\u00f3rum &#8211; Egy szak\u00e9rt\u0151, egy v\u00e1llalkoz\u00f3, egy t\u00e9ma, 1 \u00f3ra A k\u00f6vetkez\u0151\u00a0szakmai besz\u00e9lget\u00e9s id\u0151pontja: 2020. december 10., cs\u00fct\u00f6rt\u00f6k, 17:30-19:00. A besz\u00e9lget\u0151partnerek: Katona Melinda, eln\u00f6k, Tehets\u00e9g \u00e9s Tud\u00e1s K\u00f6zpont Alap\u00edtv\u00e1ny, Gergely Orsolya, \u00fcgyvezet\u0151, JAM Alap\u00edtv\u00e1ny, dr. Berendi P\u00e9ter, eln\u00f6k, Csal\u00e1di V\u00e1llalkoz\u00e1sok K\u00f6zhaszn\u00fa Alap\u00edtv\u00e1nya dr. Rudas L\u00e1szl\u00f3, eln\u00f6k, Csal\u00e1di V\u00e1llalkoz\u00e1sok Orsz\u00e1gos Egyes\u00fclete, Istenhegyi Klinika, tulajdonosa, [&hellip;]\" \/>\n<meta property=\"og:url\" content=\"https:\/\/seed.hu\/hirek\/online-vallalkozoi-forum-generaciok-egymas-kozt-karacsonyi-koszontessel-egybekotott-evadzaro-forum-2020-12-10\/\" \/>\n<meta property=\"og:site_name\" content=\"Seed\" \/>\n<meta property=\"article:modified_time\" content=\"2022-01-24T13:28:19+00:00\" \/>\n<meta property=\"og:image\" content=\"https:\/\/seed.hu\/wp-content\/uploads\/2018\/04\/SEED_logo.png\" \/>\n\t<meta property=\"og:image:width\" content=\"250\" \/>\n\t<meta property=\"og:image:height\" content=\"206\" \/>\n\t<meta property=\"og:image:type\" content=\"image\/png\" \/>\n<meta name=\"twitter:card\" content=\"summary_large_image\" \/>\n<meta name=\"twitter:label1\" content=\"Est. reading time\" \/>\n\t<meta name=\"twitter:data1\" content=\"1 minute\" \/>\n<script type=\"application\/ld+json\" class=\"yoast-schema-graph\">{\"@context\":\"https:\\\/\\\/schema.org\",\"@graph\":[{\"@type\":\"WebPage\",\"@id\":\"https:\\\/\\\/seed.hu\\\/hirek\\\/online-vallalkozoi-forum-generaciok-egymas-kozt-karacsonyi-koszontessel-egybekotott-evadzaro-forum-2020-12-10\\\/\",\"url\":\"https:\\\/\\\/seed.hu\\\/hirek\\\/online-vallalkozoi-forum-generaciok-egymas-kozt-karacsonyi-koszontessel-egybekotott-evadzaro-forum-2020-12-10\\\/\",\"name\":\"Online V\u00e1llalkoz\u00f3i F\u00f3rum - Gener\u00e1ci\u00f3k egym\u00e1s k\u00f6zt - Kar\u00e1csonyi k\u00f6sz\u00f6nt\u00e9ssel egybek\u00f6t\u00f6tt \u00e9vadz\u00e1r\u00f3 f\u00f3rum, 2020.12.10. - Seed\",\"isPartOf\":{\"@id\":\"https:\\\/\\\/seed.hu\\\/#website\"},\"primaryImageOfPage\":{\"@id\":\"https:\\\/\\\/seed.hu\\\/hirek\\\/online-vallalkozoi-forum-generaciok-egymas-kozt-karacsonyi-koszontessel-egybekotott-evadzaro-forum-2020-12-10\\\/#primaryimage\"},\"image\":{\"@id\":\"https:\\\/\\\/seed.hu\\\/hirek\\\/online-vallalkozoi-forum-generaciok-egymas-kozt-karacsonyi-koszontessel-egybekotott-evadzaro-forum-2020-12-10\\\/#primaryimage\"},\"thumbnailUrl\":\"https:\\\/\\\/seed.hu\\\/wp-content\\\/uploads\\\/2018\\\/04\\\/SEED_logo.png\",\"datePublished\":\"2020-12-08T06:42:02+00:00\",\"dateModified\":\"2022-01-24T13:28:19+00:00\",\"breadcrumb\":{\"@id\":\"https:\\\/\\\/seed.hu\\\/hirek\\\/online-vallalkozoi-forum-generaciok-egymas-kozt-karacsonyi-koszontessel-egybekotott-evadzaro-forum-2020-12-10\\\/#breadcrumb\"},\"inLanguage\":\"en-US\",\"potentialAction\":[{\"@type\":\"ReadAction\",\"target\":[\"https:\\\/\\\/seed.hu\\\/hirek\\\/online-vallalkozoi-forum-generaciok-egymas-kozt-karacsonyi-koszontessel-egybekotott-evadzaro-forum-2020-12-10\\\/\"]}]},{\"@type\":\"ImageObject\",\"inLanguage\":\"en-US\",\"@id\":\"https:\\\/\\\/seed.hu\\\/hirek\\\/online-vallalkozoi-forum-generaciok-egymas-kozt-karacsonyi-koszontessel-egybekotott-evadzaro-forum-2020-12-10\\\/#primaryimage\",\"url\":\"https:\\\/\\\/seed.hu\\\/wp-content\\\/uploads\\\/2018\\\/04\\\/SEED_logo.png\",\"contentUrl\":\"https:\\\/\\\/seed.hu\\\/wp-content\\\/uploads\\\/2018\\\/04\\\/SEED_logo.png\",\"width\":250,\"height\":206},{\"@type\":\"BreadcrumbList\",\"@id\":\"https:\\\/\\\/seed.hu\\\/hirek\\\/online-vallalkozoi-forum-generaciok-egymas-kozt-karacsonyi-koszontessel-egybekotott-evadzaro-forum-2020-12-10\\\/#breadcrumb\",\"itemListElement\":[{\"@type\":\"ListItem\",\"position\":1,\"name\":\"H\u00edrek\",\"item\":\"https:\\\/\\\/seed.hu\\\/hirek\\\/\"},{\"@type\":\"ListItem\",\"position\":2,\"name\":\"Online V\u00e1llalkoz\u00f3i F\u00f3rum &#8211; Gener\u00e1ci\u00f3k egym\u00e1s k\u00f6zt &#8211; Kar\u00e1csonyi k\u00f6sz\u00f6nt\u00e9ssel egybek\u00f6t\u00f6tt \u00e9vadz\u00e1r\u00f3 f\u00f3rum, 2020.12.10.\"}]},{\"@type\":\"WebSite\",\"@id\":\"https:\\\/\\\/seed.hu\\\/#website\",\"url\":\"https:\\\/\\\/seed.hu\\\/\",\"name\":\"Seed\",\"description\":\"\",\"potentialAction\":[{\"@type\":\"SearchAction\",\"target\":{\"@type\":\"EntryPoint\",\"urlTemplate\":\"https:\\\/\\\/seed.hu\\\/?s={search_term_string}\"},\"query-input\":{\"@type\":\"PropertyValueSpecification\",\"valueRequired\":true,\"valueName\":\"search_term_string\"}}],\"inLanguage\":\"en-US\"}]}<\/script>\n<!-- \/ Yoast SEO plugin. -->","yoast_head_json":{"title":"Online V\u00e1llalkoz\u00f3i F\u00f3rum - Gener\u00e1ci\u00f3k egym\u00e1s k\u00f6zt - Kar\u00e1csonyi k\u00f6sz\u00f6nt\u00e9ssel egybek\u00f6t\u00f6tt \u00e9vadz\u00e1r\u00f3 f\u00f3rum, 2020.12.10. - Seed","robots":{"index":"index","follow":"follow","max-snippet":"max-snippet:-1","max-image-preview":"max-image-preview:large","max-video-preview":"max-video-preview:-1"},"canonical":"https:\/\/seed.hu\/hirek\/online-vallalkozoi-forum-generaciok-egymas-kozt-karacsonyi-koszontessel-egybekotott-evadzaro-forum-2020-12-10\/","og_locale":"en_US","og_type":"article","og_title":"Online V\u00e1llalkoz\u00f3i F\u00f3rum - Gener\u00e1ci\u00f3k egym\u00e1s k\u00f6zt - Kar\u00e1csonyi k\u00f6sz\u00f6nt\u00e9ssel egybek\u00f6t\u00f6tt \u00e9vadz\u00e1r\u00f3 f\u00f3rum, 2020.12.10. - Seed","og_description":"Online V\u00e1llalkoz\u00f3i F\u00f3rum &#8211; Egy szak\u00e9rt\u0151, egy v\u00e1llalkoz\u00f3, egy t\u00e9ma, 1 \u00f3ra A k\u00f6vetkez\u0151\u00a0szakmai besz\u00e9lget\u00e9s id\u0151pontja: 2020. december 10., cs\u00fct\u00f6rt\u00f6k, 17:30-19:00. A besz\u00e9lget\u0151partnerek: Katona Melinda, eln\u00f6k, Tehets\u00e9g \u00e9s Tud\u00e1s K\u00f6zpont Alap\u00edtv\u00e1ny, Gergely Orsolya, \u00fcgyvezet\u0151, JAM Alap\u00edtv\u00e1ny, dr. Berendi P\u00e9ter, eln\u00f6k, Csal\u00e1di V\u00e1llalkoz\u00e1sok K\u00f6zhaszn\u00fa Alap\u00edtv\u00e1nya dr. Rudas L\u00e1szl\u00f3, eln\u00f6k, Csal\u00e1di V\u00e1llalkoz\u00e1sok Orsz\u00e1gos Egyes\u00fclete, Istenhegyi Klinika, tulajdonosa, [&hellip;]","og_url":"https:\/\/seed.hu\/hirek\/online-vallalkozoi-forum-generaciok-egymas-kozt-karacsonyi-koszontessel-egybekotott-evadzaro-forum-2020-12-10\/","og_site_name":"Seed","article_modified_time":"2022-01-24T13:28:19+00:00","og_image":[{"width":250,"height":206,"url":"https:\/\/seed.hu\/wp-content\/uploads\/2018\/04\/SEED_logo.png","type":"image\/png"}],"twitter_card":"summary_large_image","twitter_misc":{"Est. reading time":"1 minute"},"schema":{"@context":"https:\/\/schema.org","@graph":[{"@type":"WebPage","@id":"https:\/\/seed.hu\/hirek\/online-vallalkozoi-forum-generaciok-egymas-kozt-karacsonyi-koszontessel-egybekotott-evadzaro-forum-2020-12-10\/","url":"https:\/\/seed.hu\/hirek\/online-vallalkozoi-forum-generaciok-egymas-kozt-karacsonyi-koszontessel-egybekotott-evadzaro-forum-2020-12-10\/","name":"Online V\u00e1llalkoz\u00f3i F\u00f3rum - Gener\u00e1ci\u00f3k egym\u00e1s k\u00f6zt - Kar\u00e1csonyi k\u00f6sz\u00f6nt\u00e9ssel egybek\u00f6t\u00f6tt \u00e9vadz\u00e1r\u00f3 f\u00f3rum, 2020.12.10. - Seed","isPartOf":{"@id":"https:\/\/seed.hu\/#website"},"primaryImageOfPage":{"@id":"https:\/\/seed.hu\/hirek\/online-vallalkozoi-forum-generaciok-egymas-kozt-karacsonyi-koszontessel-egybekotott-evadzaro-forum-2020-12-10\/#primaryimage"},"image":{"@id":"https:\/\/seed.hu\/hirek\/online-vallalkozoi-forum-generaciok-egymas-kozt-karacsonyi-koszontessel-egybekotott-evadzaro-forum-2020-12-10\/#primaryimage"},"thumbnailUrl":"https:\/\/seed.hu\/wp-content\/uploads\/2018\/04\/SEED_logo.png","datePublished":"2020-12-08T06:42:02+00:00","dateModified":"2022-01-24T13:28:19+00:00","breadcrumb":{"@id":"https:\/\/seed.hu\/hirek\/online-vallalkozoi-forum-generaciok-egymas-kozt-karacsonyi-koszontessel-egybekotott-evadzaro-forum-2020-12-10\/#breadcrumb"},"inLanguage":"en-US","potentialAction":[{"@type":"ReadAction","target":["https:\/\/seed.hu\/hirek\/online-vallalkozoi-forum-generaciok-egymas-kozt-karacsonyi-koszontessel-egybekotott-evadzaro-forum-2020-12-10\/"]}]},{"@type":"ImageObject","inLanguage":"en-US","@id":"https:\/\/seed.hu\/hirek\/online-vallalkozoi-forum-generaciok-egymas-kozt-karacsonyi-koszontessel-egybekotott-evadzaro-forum-2020-12-10\/#primaryimage","url":"https:\/\/seed.hu\/wp-content\/uploads\/2018\/04\/SEED_logo.png","contentUrl":"https:\/\/seed.hu\/wp-content\/uploads\/2018\/04\/SEED_logo.png","width":250,"height":206},{"@type":"BreadcrumbList","@id":"https:\/\/seed.hu\/hirek\/online-vallalkozoi-forum-generaciok-egymas-kozt-karacsonyi-koszontessel-egybekotott-evadzaro-forum-2020-12-10\/#breadcrumb","itemListElement":[{"@type":"ListItem","position":1,"name":"H\u00edrek","item":"https:\/\/seed.hu\/hirek\/"},{"@type":"ListItem","position":2,"name":"Online V\u00e1llalkoz\u00f3i F\u00f3rum &#8211; Gener\u00e1ci\u00f3k egym\u00e1s k\u00f6zt &#8211; Kar\u00e1csonyi k\u00f6sz\u00f6nt\u00e9ssel egybek\u00f6t\u00f6tt \u00e9vadz\u00e1r\u00f3 f\u00f3rum, 2020.12.10."}]},{"@type":"WebSite","@id":"https:\/\/seed.hu\/#website","url":"https:\/\/seed.hu\/","name":"Seed","description":"","potentialAction":[{"@type":"SearchAction","target":{"@type":"EntryPoint","urlTemplate":"https:\/\/seed.hu\/?s={search_term_string}"},"query-input":{"@type":"PropertyValueSpecification","valueRequired":true,"valueName":"search_term_string"}}],"inLanguage":"en-US"}]}},"_links":{"self":[{"href":"https:\/\/seed.hu\/en\/wp-json\/wp\/v2\/hirek\/1108","targetHints":{"allow":["GET"]}}],"collection":[{"href":"https:\/\/seed.hu\/en\/wp-json\/wp\/v2\/hirek"}],"about":[{"href":"https:\/\/seed.hu\/en\/wp-json\/wp\/v2\/types\/hirek"}],"wp:featuredmedia":[{"embeddable":true,"href":"https:\/\/seed.hu\/en\/wp-json\/wp\/v2\/media\/792"}],"wp:attachment":[{"href":"https:\/\/seed.hu\/en\/wp-json\/wp\/v2\/media?parent=1108"}],"curies":[{"name":"wp","href":"https:\/\/api.w.org\/{rel}","templated":true}]}}