{"id":1109,"date":"2021-01-20T20:00:27","date_gmt":"2021-01-20T19:00:27","guid":{"rendered":"https:\/\/seed.hu\/?post_type=hirek&#038;p=1109"},"modified":"2022-01-24T14:29:57","modified_gmt":"2022-01-24T13:29:57","slug":"generaciovaltas-szakmai-partneri-meghivo","status":"publish","type":"hirek","link":"https:\/\/seed.hu\/en\/hirek\/generaciovaltas-szakmai-partneri-meghivo\/","title":{"rendered":"Gener\u00e1ci\u00f3v\u00e1lt\u00e1s- szakmai partneri megh\u00edv\u00f3"},"content":{"rendered":"<p>&nbsp;<\/p>\n<table style=\"width: 667px;\" border=\"0\" cellspacing=\"1\" cellpadding=\"1\" align=\"center\">\n<tbody>\n<tr>\n<td style=\"width: 664.688px;\">\n<div class=\"gmail_attr\" dir=\"ltr\">\n<p><span style=\"font-family: tahoma, arial, helvetica, sans-serif; font-size: 14px;\"><b>Szeretettel megh\u00edvjuk<\/b> a BKIK \u00e9s a PP Konferenciak\u00f6zpont <span style=\"color: #ff0000;\"><b>Gener\u00e1ci\u00f3v\u00e1lt\u00e1s <\/b><\/span>c\u00edm\u0171 konferenci\u00e1j\u00e1ra, melyen a <span style=\"color: #ff0000;\"><b>SEED<\/b><\/span> Szakmai partners\u00e9get v\u00e1llalt. Tagt\u00e1rsaink, partnereink jelent\u0151s kedvezm\u00e9nnyel vehetnek r\u00e9szt vide\u00f3konferenci\u00e1nkon.<\/span><\/p>\n<p><span style=\"font-family: tahoma, arial, helvetica, sans-serif; font-size: 14px;\"><b>Kedvezm\u00e9nyes r\u00e9szv\u00e9teli d\u00edj <\/b><\/span><\/p>\n<p style=\"text-align: center;\"><span style=\"font-family: tahoma, arial, helvetica, sans-serif; font-size: 14px;\"><span style=\"color: #ff0000;\"><b>11 000 Ft + \u00e1fa.<\/b><\/span>\u00a0 Kuponk\u00f3d: <span style=\"color: #ff0000;\"><b>SZP20<\/b><\/span><\/span><\/p>\n<p><span style=\"font-family: tahoma, arial, helvetica, sans-serif; font-size: 14px;\"><b>Figyelem! A kedvezm\u00e9ny ig\u00e9nybe v\u00e9tel\u00e9hez\u00a0a<\/b> Regisztr\u00e1ci\u00f3s \u0171rlap v\u00e9g\u00e9n lev\u0151 <b>\u201eKupon k\u00f3d\u201d <\/b>mez\u0151be \u00edrj\u00e1k be a v\u00e1lasztott kedvezm\u00e9ny k\u00f3dj\u00e1t!<\/span><\/p>\n<p><img loading=\"lazy\" decoding=\"async\" src=\"https:\/\/wg.kkv-akademia.hu\/files\/images\/1830\/800x210-sc3gat.jpg\" alt=\"\" width=\"800\" height=\"210\" \/><\/p>\n<p style=\"text-align: center;\"><span style=\"font-size: 44px; color: #000080;\"><b><span style=\"font-family: tahoma, arial, helvetica, sans-serif;\">Gener\u00e1ci\u00f3v\u00e1lt\u00e1s<\/span> <\/b><\/span><\/p>\n<p style=\"text-align: center;\"><span style=\"font-family: tahoma, arial, helvetica, sans-serif; font-size: 36px; color: #000080;\"><b>V\u00e1ls\u00e1g miatt elnapolva?<\/b><\/span><\/p>\n<p><span style=\"font-family: tahoma, arial, helvetica, sans-serif; font-size: 14px;\"><b>\u00a0<\/b><\/span><\/p>\n<p><span style=\"font-family: tahoma, arial, helvetica, sans-serif; font-size: 14px;\"><b>Id\u0151pont:<\/b> 2021. febru\u00e1r 4.\u00a0 9.30\u201316.00 (ut\u00e1na m\u00e9g 6 napig megtekinthet\u0151)<\/span><\/p>\n<p><span style=\"font-family: tahoma, arial, helvetica, sans-serif; font-size: 14px;\"><b>Helysz\u00edn:<\/b> Orsz\u00e1gos \u00e9l\u0151 vide\u00f3konferencia (interneten, mobilon, tableten)<\/span><\/p>\n<p>&nbsp;<\/p>\n<p style=\"text-align: center;\"><span style=\"font-family: tahoma, arial, helvetica, sans-serif; font-size: 14px; color: #ff0000;\"><b>Az alap\u00edt\u00f3k visszamentek v\u00e1ls\u00e1got menteni. Ebben m\u00e9g verhetetlenek.<\/b><\/span><\/p>\n<p style=\"text-align: center;\"><span style=\"font-family: tahoma, arial, helvetica, sans-serif; font-size: 14px; color: #000000;\"><b>Mi lesz a gener\u00e1civ\u00e1lt\u00e1ssal a tart\u00f3s recesszi\u00f3ban? Se vagyoni \u00e9rt\u00e9k, se piac?<\/b><\/span><\/p>\n<p style=\"text-align: center;\"><span style=\"font-family: tahoma, arial, helvetica, sans-serif; font-size: 14px; color: #ff0000;\"><b>Elnapoljuk az ut\u00f3dl\u00e1st vagy v\u00e1gjunk bele a legbiztons\u00e1gosabb megold\u00e1sba?<\/b><\/span><\/p>\n<p><span style=\"font-family: tahoma, arial, helvetica, sans-serif; font-size: 14px;\"><b>\u00a0<\/b><\/span><\/p>\n<p style=\"text-align: center;\"><span style=\"font-family: tahoma, arial, helvetica, sans-serif; font-size: 14px; color: #000080;\"><b>A vide\u00f3k\u00f6zvet\u00edt\u00e9s a konferencia napj\u00e1n \u00e9s m\u00e9g 6 napig visszan\u00e9zhet\u0151!<\/b><\/span><\/p>\n<p>&nbsp;<\/p>\n<p><span style=\"font-family: tahoma, arial, helvetica, sans-serif; font-size: 14px; color: #ff0000;\"><b>Mir\u0151l sz\u00f3lunk?<\/b><\/span><\/p>\n<p style=\"text-align: justify;\"><span style=\"font-family: tahoma, arial, helvetica, sans-serif; font-size: 14px;\">A hazai v\u00e1llalkoz\u00e1sok 40 %-a \u00e9rintett a gener\u00e1ci\u00f3v\u00e1lt\u00e1sban. 5 \u00e9v \u00f3ta feler\u0151s\u00f6d\u00f6tt a staf\u00e9ta \u00e1tad\u00e1s\u00e1nak ig\u00e9nye az els\u0151 gener\u00e1ci\u00f3s c\u00e9galap\u00edt\u00f3kn\u00e1l. <b>A \u00a0j\u00e1rv\u00e1ny miatt<\/b> lassan egy \u00e9ve tart\u00f3 gazdas\u00e1gi v\u00e1ls\u00e1gban azonban a <b>legt\u00f6bb gener\u00e1ci\u00f3v\u00e1lt\u00f3 folyamat azonnal megszakadt.<\/b> A m\u00e1r sok gazdas\u00e1gi v\u00e1ls\u00e1got meg\u00e9lt, menedzselt, t\u00f6bbsz\u00f6r elbukott \u00e9s fel\u00e1llt <b>alap\u00edt\u00f3k t\u00f6bbs\u00e9ge ugyanis a nagy baj bek\u00f6sz\u00f6ntekor visszavette az ir\u00e1ny\u00edt\u00e1st<\/b>. V\u00e1ls\u00e1gmenedzsel\u00e9sben ugyanis verhetetlenek. <b>Eg\u00e9sz \u00e9let\u00fck munk\u00e1j\u00e1t mentett\u00e9k.<\/b><\/span><\/p>\n<p style=\"text-align: justify;\"><span style=\"font-family: tahoma, arial, helvetica, sans-serif; font-size: 14px;\"><b>Recesszi\u00f3ban am\u00fagy sem szabad eladni. <\/b>Lehet, hogy a c\u00e9g v\u00e1ls\u00e1g el\u0151tti \u00e9rt\u00e9k\u00e9nek csak t\u00f6red\u00e9k\u00e9t lehetne \u00e9rv\u00e9nyes\u00edteni m\u00e9g hossz\u00fa \u00e9veken \u00e1t. <b>De az ut\u00f3dnak sem nagyon \u00e9ri meg rossz piaci helyzet\u0171 c\u00e9get \u00e1tvenni. <\/b><\/span><\/p>\n<p style=\"text-align: justify;\"><span style=\"font-family: tahoma, arial, helvetica, sans-serif; font-size: 14px;\">A v\u00e1ls\u00e1g felsz\u00ednre hozott j\u00f3 n\u00e9h\u00e1ny olyan ut\u00f3dl\u00e1si, biztons\u00e1gi, emberi, szervezeti, jogi probl\u00e9m\u00e1t, amire eddig nem gondolt senki.<\/span><\/p>\n<p style=\"text-align: justify;\"><span style=\"font-family: tahoma, arial, helvetica, sans-serif; font-size: 14px;\">Sajnos a <b>hatalmas gazdas\u00e1gi visszaes\u00e9sben m\u00e9g nehezebb\u00e9 v\u00e1lt a nyugalomba vonul\u00e1s \u00e9s a staf\u00e9ta \u00e1tvev\u00e9s\u00e9nek sz\u00ednterepe<\/b>. S teljesen megv\u00e1ltoztak a fontoss\u00e1gi sorrendek. <b>Hogyan lehet ilyen neh\u00e9z id\u0151kben r\u00e1b\u00edzni m\u00e1sra a megteremtett \u00e9rt\u00e9keinket? Hogyan val\u00f3s\u00edthat\u00f3 meg m\u00e9gis egy sikeres gener\u00e1ci\u00f3v\u00e1lt\u00e1s?<\/b><\/span><\/p>\n<p><span style=\"font-family: tahoma, arial, helvetica, sans-serif; font-size: 14px; color: #ff0000;\"><b>Kiknek sz\u00f3lunk?<\/b><\/span><\/p>\n<p style=\"text-align: justify;\"><span style=\"font-size: 14px;\"><b><em><span style=\"font-family: tahoma, arial, helvetica, sans-serif;\">V\u00e1rjuk a staf\u00e9t\u00e1t \u00e1tadni sz\u00e1nd\u00e9koz\u00f3 alap\u00edt\u00f3kat \u00e9s az amb\u00edci\u00f3zus gener\u00e1ci\u00f3v\u00e1lt\u00f3kat! K\u00f6z\u00f6s sz\u00e1nd\u00e9kuk megval\u00f3s\u00edt\u00e1s\u00e1ban sokat tudnak seg\u00edteni az el\u0151ad\u00f3k, a sorst\u00e1rsak, a j\u00f3 \u00e9s a rossz p\u00e9ld\u00e1k, a tan\u00e1csad\u00f3 szakemberek, jog\u00e1szok, ad\u00f3szak\u00e9rt\u0151k, befektet\u0151k.\u00a0<\/span> <\/em><\/b><\/span><\/p>\n<p><span style=\"font-family: tahoma, arial, helvetica, sans-serif; font-size: 14px;\"><b>\u00a0<\/b><\/span><\/p>\n<p style=\"text-align: center;\"><span style=\"font-family: tahoma, arial, helvetica, sans-serif; font-size: 14px; color: #000080;\"><b><a style=\"color: #000080;\" href=\"https:\/\/ppkonferencia.hu\/konferenciakozpont\/generaciovaltas\/\">A konferencia r\u00e9szletes programja \u00e9s regisztr\u00e1ci\u00f3<\/a><\/b><\/span><\/p>\n<p>&nbsp;<\/p>\n<p><span style=\"font-family: tahoma, arial, helvetica, sans-serif; font-size: 14px; color: #ff0000;\"><b>Fontos!<\/b><\/span><\/p>\n<p><span style=\"font-family: tahoma, arial, helvetica, sans-serif; font-size: 14px;\"><b>Figyelem! Az el\u0151ad\u00f3kkal szem\u00e9lyes konzult\u00e1ci\u00f3s lehet\u0151s\u00e9g 7 napon \u00e1t a vide\u00f3k\u00f6zvet\u00edt\u00e9s fel\u00fclet\u00e9n, az el\u0151ad\u00f3k fot\u00f3ja alatt. A vide\u00f3k\u00f6zvet\u00edt\u00e9s aznap \u00e9s m\u00e9g 6 napig visszan\u00e9zhet\u0151!<\/b><\/span><\/p>\n<p>&nbsp;<\/p>\n<p style=\"text-align: center;\"><span style=\"font-family: tahoma, arial, helvetica, sans-serif; font-size: 14px; color: #ff0000;\"><b>Rendez\u0151k:<\/b><\/span><\/p>\n<p><span style=\"font-family: tahoma, arial, helvetica, sans-serif; font-size: 14px;\"><b><em>\u00a0<img loading=\"lazy\" decoding=\"async\" style=\"display: block; margin-left: auto; margin-right: auto;\" src=\"https:\/\/wg.kkv-akademia.hu\/files\/images\/1830\/bp-kniuo4.jpg\" alt=\"\" width=\"392\" height=\"90\" \/><\/em><\/b><\/span><\/p>\n<p><span style=\"font-family: tahoma, arial, helvetica, sans-serif; font-size: 14px;\"><b>\u00a0<\/b><\/span><\/p>\n<p><span style=\"font-family: tahoma, arial, helvetica, sans-serif; font-size: 14px;\"><b>\u00a0Tov\u00e1bbi felvil\u00e1gos\u00edt\u00e1s \u00e9s inform\u00e1ci\u00f3:<\/b><\/span><\/p>\n<p><span style=\"font-family: tahoma, arial, helvetica, sans-serif; font-size: 14px;\">Tel.: (1) 239 \u2013 9597\u00a0\u00a0\u00a0\u00a0\u00a0\u00a0\u00a0\u00a0\u00a0\u00a0\u00a0\u00a0\u00a0\u00a0\u00a0\u00a0\u00a0\u00a0\u00a0\u00a0\u00a0\u00a0\u00a0\u00a0\u00a0\u00a0\u00a0\u00a0\u00a0\u00a0\u00a0\u00a0\u00a0\u00a0\u00a0\u00a0\u00a0\u00a0\u00a0\u00a0\u00a0\u00a0\u00a0\u00a0\u00a0\u00a0\u00a0\u00a0\u00a0\u00a0\u00a0\u00a0\u00a0\u00a0\u00a0\u00a0\u00a0\u00a0\u00a0\u00a0\u00a0\u00a0\u00a0\u00a0\u00a0\u00a0\u00a0\u00a0\u00a0\u00a0\u00a0\u00a0\u00a0\u00a0\u00a0\u00a0\u00a0\u00a0\u00a0\u00a0\u00a0\u00a0\u00a0\u00a0\u00a0\u00a0 E-mail: <a href=\"mailto:konferencia@ppkonferencia.hu\">konferencia@ppkonferencia.hu<\/a><\/span><\/p>\n<p><span style=\"font-family: tahoma, arial, helvetica, sans-serif; font-size: 14px;\">weboldal: <a href=\"http:\/\/www.ppkonferencia.hu\">www.ppkonferencia.hu<\/a><\/span><\/p>\n<p><span style=\"font-family: tahoma, arial, helvetica, sans-serif; font-size: 14px;\"><b>\u00a0<img loading=\"lazy\" decoding=\"async\" src=\"https:\/\/wg.kkv-akademia.hu\/files\/images\/1830\/pp-ih682q.jpg\" alt=\"\" width=\"782\" height=\"54\" \/><\/b><\/span><\/p>\n<\/div>\n<\/td>\n<\/tr>\n<tr>\n<td style=\"width: 664.688px;\">\n<div class=\"gmail_attr\" dir=\"ltr\">\n<p style=\"text-align: center;\"><span style=\"font-family: tahoma, arial, helvetica, sans-serif;\"><b>\u00a0<\/b><\/span><\/p>\n<\/div>\n<\/td>\n<\/tr>\n<\/tbody>\n<\/table>\n","protected":false},"featured_media":0,"menu_order":0,"template":"","meta":{"_acf_changed":false},"class_list":["post-1109","hirek","type-hirek","status-publish","hentry"],"acf":[],"yoast_head":"<!-- This site is optimized with the Yoast SEO plugin v27.4 - https:\/\/yoast.com\/product\/yoast-seo-wordpress\/ -->\n<title>Gener\u00e1ci\u00f3v\u00e1lt\u00e1s- szakmai partneri megh\u00edv\u00f3 - Seed<\/title>\n<meta name=\"robots\" content=\"index, follow, max-snippet:-1, max-image-preview:large, max-video-preview:-1\" \/>\n<link rel=\"canonical\" href=\"https:\/\/seed.hu\/hirek\/generaciovaltas-szakmai-partneri-meghivo\/\" \/>\n<meta property=\"og:locale\" content=\"en_US\" \/>\n<meta property=\"og:type\" content=\"article\" \/>\n<meta property=\"og:title\" content=\"Gener\u00e1ci\u00f3v\u00e1lt\u00e1s- szakmai partneri megh\u00edv\u00f3 - Seed\" \/>\n<meta property=\"og:description\" content=\"&nbsp; Szeretettel megh\u00edvjuk a BKIK \u00e9s a PP Konferenciak\u00f6zpont Gener\u00e1ci\u00f3v\u00e1lt\u00e1s c\u00edm\u0171 konferenci\u00e1j\u00e1ra, melyen a SEED Szakmai partners\u00e9get v\u00e1llalt. Tagt\u00e1rsaink, partnereink jelent\u0151s kedvezm\u00e9nnyel vehetnek r\u00e9szt vide\u00f3konferenci\u00e1nkon. Kedvezm\u00e9nyes r\u00e9szv\u00e9teli d\u00edj 11 000 Ft + \u00e1fa.\u00a0 Kuponk\u00f3d: SZP20 Figyelem! A kedvezm\u00e9ny ig\u00e9nybe v\u00e9tel\u00e9hez\u00a0a Regisztr\u00e1ci\u00f3s \u0171rlap v\u00e9g\u00e9n lev\u0151 \u201eKupon k\u00f3d\u201d mez\u0151be \u00edrj\u00e1k be a v\u00e1lasztott kedvezm\u00e9ny k\u00f3dj\u00e1t! Gener\u00e1ci\u00f3v\u00e1lt\u00e1s V\u00e1ls\u00e1g [&hellip;]\" \/>\n<meta property=\"og:url\" content=\"https:\/\/seed.hu\/hirek\/generaciovaltas-szakmai-partneri-meghivo\/\" \/>\n<meta property=\"og:site_name\" content=\"Seed\" \/>\n<meta property=\"article:modified_time\" content=\"2022-01-24T13:29:57+00:00\" \/>\n<meta property=\"og:image\" content=\"https:\/\/wg.kkv-akademia.hu\/files\/images\/1830\/800x210-sc3gat.jpg\" \/>\n<meta name=\"twitter:card\" content=\"summary_large_image\" \/>\n<meta name=\"twitter:label1\" content=\"Est. reading time\" \/>\n\t<meta name=\"twitter:data1\" content=\"3 minutes\" \/>\n<script type=\"application\/ld+json\" class=\"yoast-schema-graph\">{\"@context\":\"https:\\\/\\\/schema.org\",\"@graph\":[{\"@type\":\"WebPage\",\"@id\":\"https:\\\/\\\/seed.hu\\\/hirek\\\/generaciovaltas-szakmai-partneri-meghivo\\\/\",\"url\":\"https:\\\/\\\/seed.hu\\\/hirek\\\/generaciovaltas-szakmai-partneri-meghivo\\\/\",\"name\":\"Gener\u00e1ci\u00f3v\u00e1lt\u00e1s- szakmai partneri megh\u00edv\u00f3 - Seed\",\"isPartOf\":{\"@id\":\"https:\\\/\\\/seed.hu\\\/#website\"},\"primaryImageOfPage\":{\"@id\":\"https:\\\/\\\/seed.hu\\\/hirek\\\/generaciovaltas-szakmai-partneri-meghivo\\\/#primaryimage\"},\"image\":{\"@id\":\"https:\\\/\\\/seed.hu\\\/hirek\\\/generaciovaltas-szakmai-partneri-meghivo\\\/#primaryimage\"},\"thumbnailUrl\":\"https:\\\/\\\/wg.kkv-akademia.hu\\\/files\\\/images\\\/1830\\\/800x210-sc3gat.jpg\",\"datePublished\":\"2021-01-20T19:00:27+00:00\",\"dateModified\":\"2022-01-24T13:29:57+00:00\",\"breadcrumb\":{\"@id\":\"https:\\\/\\\/seed.hu\\\/hirek\\\/generaciovaltas-szakmai-partneri-meghivo\\\/#breadcrumb\"},\"inLanguage\":\"en-US\",\"potentialAction\":[{\"@type\":\"ReadAction\",\"target\":[\"https:\\\/\\\/seed.hu\\\/hirek\\\/generaciovaltas-szakmai-partneri-meghivo\\\/\"]}]},{\"@type\":\"ImageObject\",\"inLanguage\":\"en-US\",\"@id\":\"https:\\\/\\\/seed.hu\\\/hirek\\\/generaciovaltas-szakmai-partneri-meghivo\\\/#primaryimage\",\"url\":\"https:\\\/\\\/wg.kkv-akademia.hu\\\/files\\\/images\\\/1830\\\/800x210-sc3gat.jpg\",\"contentUrl\":\"https:\\\/\\\/wg.kkv-akademia.hu\\\/files\\\/images\\\/1830\\\/800x210-sc3gat.jpg\"},{\"@type\":\"BreadcrumbList\",\"@id\":\"https:\\\/\\\/seed.hu\\\/hirek\\\/generaciovaltas-szakmai-partneri-meghivo\\\/#breadcrumb\",\"itemListElement\":[{\"@type\":\"ListItem\",\"position\":1,\"name\":\"H\u00edrek\",\"item\":\"https:\\\/\\\/seed.hu\\\/hirek\\\/\"},{\"@type\":\"ListItem\",\"position\":2,\"name\":\"Gener\u00e1ci\u00f3v\u00e1lt\u00e1s- szakmai partneri megh\u00edv\u00f3\"}]},{\"@type\":\"WebSite\",\"@id\":\"https:\\\/\\\/seed.hu\\\/#website\",\"url\":\"https:\\\/\\\/seed.hu\\\/\",\"name\":\"Seed\",\"description\":\"\",\"potentialAction\":[{\"@type\":\"SearchAction\",\"target\":{\"@type\":\"EntryPoint\",\"urlTemplate\":\"https:\\\/\\\/seed.hu\\\/?s={search_term_string}\"},\"query-input\":{\"@type\":\"PropertyValueSpecification\",\"valueRequired\":true,\"valueName\":\"search_term_string\"}}],\"inLanguage\":\"en-US\"}]}<\/script>\n<!-- \/ Yoast SEO plugin. -->","yoast_head_json":{"title":"Gener\u00e1ci\u00f3v\u00e1lt\u00e1s- szakmai partneri megh\u00edv\u00f3 - Seed","robots":{"index":"index","follow":"follow","max-snippet":"max-snippet:-1","max-image-preview":"max-image-preview:large","max-video-preview":"max-video-preview:-1"},"canonical":"https:\/\/seed.hu\/hirek\/generaciovaltas-szakmai-partneri-meghivo\/","og_locale":"en_US","og_type":"article","og_title":"Gener\u00e1ci\u00f3v\u00e1lt\u00e1s- szakmai partneri megh\u00edv\u00f3 - Seed","og_description":"&nbsp; Szeretettel megh\u00edvjuk a BKIK \u00e9s a PP Konferenciak\u00f6zpont Gener\u00e1ci\u00f3v\u00e1lt\u00e1s c\u00edm\u0171 konferenci\u00e1j\u00e1ra, melyen a SEED Szakmai partners\u00e9get v\u00e1llalt. Tagt\u00e1rsaink, partnereink jelent\u0151s kedvezm\u00e9nnyel vehetnek r\u00e9szt vide\u00f3konferenci\u00e1nkon. Kedvezm\u00e9nyes r\u00e9szv\u00e9teli d\u00edj 11 000 Ft + \u00e1fa.\u00a0 Kuponk\u00f3d: SZP20 Figyelem! A kedvezm\u00e9ny ig\u00e9nybe v\u00e9tel\u00e9hez\u00a0a Regisztr\u00e1ci\u00f3s \u0171rlap v\u00e9g\u00e9n lev\u0151 \u201eKupon k\u00f3d\u201d mez\u0151be \u00edrj\u00e1k be a v\u00e1lasztott kedvezm\u00e9ny k\u00f3dj\u00e1t! Gener\u00e1ci\u00f3v\u00e1lt\u00e1s V\u00e1ls\u00e1g [&hellip;]","og_url":"https:\/\/seed.hu\/hirek\/generaciovaltas-szakmai-partneri-meghivo\/","og_site_name":"Seed","article_modified_time":"2022-01-24T13:29:57+00:00","og_image":[{"url":"https:\/\/wg.kkv-akademia.hu\/files\/images\/1830\/800x210-sc3gat.jpg","type":"","width":"","height":""}],"twitter_card":"summary_large_image","twitter_misc":{"Est. reading time":"3 minutes"},"schema":{"@context":"https:\/\/schema.org","@graph":[{"@type":"WebPage","@id":"https:\/\/seed.hu\/hirek\/generaciovaltas-szakmai-partneri-meghivo\/","url":"https:\/\/seed.hu\/hirek\/generaciovaltas-szakmai-partneri-meghivo\/","name":"Gener\u00e1ci\u00f3v\u00e1lt\u00e1s- szakmai partneri megh\u00edv\u00f3 - Seed","isPartOf":{"@id":"https:\/\/seed.hu\/#website"},"primaryImageOfPage":{"@id":"https:\/\/seed.hu\/hirek\/generaciovaltas-szakmai-partneri-meghivo\/#primaryimage"},"image":{"@id":"https:\/\/seed.hu\/hirek\/generaciovaltas-szakmai-partneri-meghivo\/#primaryimage"},"thumbnailUrl":"https:\/\/wg.kkv-akademia.hu\/files\/images\/1830\/800x210-sc3gat.jpg","datePublished":"2021-01-20T19:00:27+00:00","dateModified":"2022-01-24T13:29:57+00:00","breadcrumb":{"@id":"https:\/\/seed.hu\/hirek\/generaciovaltas-szakmai-partneri-meghivo\/#breadcrumb"},"inLanguage":"en-US","potentialAction":[{"@type":"ReadAction","target":["https:\/\/seed.hu\/hirek\/generaciovaltas-szakmai-partneri-meghivo\/"]}]},{"@type":"ImageObject","inLanguage":"en-US","@id":"https:\/\/seed.hu\/hirek\/generaciovaltas-szakmai-partneri-meghivo\/#primaryimage","url":"https:\/\/wg.kkv-akademia.hu\/files\/images\/1830\/800x210-sc3gat.jpg","contentUrl":"https:\/\/wg.kkv-akademia.hu\/files\/images\/1830\/800x210-sc3gat.jpg"},{"@type":"BreadcrumbList","@id":"https:\/\/seed.hu\/hirek\/generaciovaltas-szakmai-partneri-meghivo\/#breadcrumb","itemListElement":[{"@type":"ListItem","position":1,"name":"H\u00edrek","item":"https:\/\/seed.hu\/hirek\/"},{"@type":"ListItem","position":2,"name":"Gener\u00e1ci\u00f3v\u00e1lt\u00e1s- szakmai partneri megh\u00edv\u00f3"}]},{"@type":"WebSite","@id":"https:\/\/seed.hu\/#website","url":"https:\/\/seed.hu\/","name":"Seed","description":"","potentialAction":[{"@type":"SearchAction","target":{"@type":"EntryPoint","urlTemplate":"https:\/\/seed.hu\/?s={search_term_string}"},"query-input":{"@type":"PropertyValueSpecification","valueRequired":true,"valueName":"search_term_string"}}],"inLanguage":"en-US"}]}},"_links":{"self":[{"href":"https:\/\/seed.hu\/en\/wp-json\/wp\/v2\/hirek\/1109","targetHints":{"allow":["GET"]}}],"collection":[{"href":"https:\/\/seed.hu\/en\/wp-json\/wp\/v2\/hirek"}],"about":[{"href":"https:\/\/seed.hu\/en\/wp-json\/wp\/v2\/types\/hirek"}],"wp:attachment":[{"href":"https:\/\/seed.hu\/en\/wp-json\/wp\/v2\/media?parent=1109"}],"curies":[{"name":"wp","href":"https:\/\/api.w.org\/{rel}","templated":true}]}}