{"id":1110,"date":"2021-01-20T20:05:05","date_gmt":"2021-01-20T19:05:05","guid":{"rendered":"https:\/\/seed.hu\/?post_type=hirek&#038;p=1110"},"modified":"2022-01-24T14:31:37","modified_gmt":"2022-01-24T13:31:37","slug":"csapatepitesi-trendek","status":"publish","type":"hirek","link":"https:\/\/seed.hu\/en\/hirek\/csapatepitesi-trendek\/","title":{"rendered":"Csapat\u00e9p\u00edt\u00e9si trendek"},"content":{"rendered":"<div><\/div>\n<div>\n<table style=\"width: 667px;\" border=\"0\" cellspacing=\"1\" cellpadding=\"1\" align=\"center\">\n<tbody>\n<tr>\n<td style=\"width: 664.688px;\">\n<div class=\"gmail_attr\" dir=\"ltr\">\n<p style=\"text-align: center;\"><span style=\"font-family: tahoma, arial, helvetica, sans-serif; font-size: 14px;\"><b>Szeretettel megh\u00edvjuk<\/b> a BKIK \u00e9s a PP Konferenciak\u00f6zpont <span style=\"color: #ff0000;\"><b>Csapat\u00e9p\u00edt\u00e9si trendek &#8211; 2021 <\/b><b>\u00a0<\/b><\/span>c\u00edm\u0171 konferenci\u00e1j\u00e1ra, melyen a <span style=\"color: #ff0000;\"><b>SEED<\/b><\/span> Szakmai partners\u00e9get v\u00e1llalt. Tagt\u00e1rsaink, partnereink jelent\u0151s kedvezm\u00e9nnyel vehetnek r\u00e9szt vide\u00f3konferenci\u00e1nkon.<\/span><\/p>\n<p><span style=\"font-family: tahoma, arial, helvetica, sans-serif; font-size: 14px;\"><b>Kedvezm\u00e9nyes r\u00e9szv\u00e9teli d\u00edj <\/b><\/span><\/p>\n<p style=\"text-align: center;\"><span style=\"font-family: tahoma, arial, helvetica, sans-serif; font-size: 14px;\"><span style=\"color: #ff0000;\"><b>11 000 Ft + \u00e1fa.<\/b><\/span>\u00a0 Kuponk\u00f3d: <span style=\"color: #ff0000;\"><b>SZP20<\/b><\/span><\/span><\/p>\n<p><span style=\"font-family: tahoma, arial, helvetica, sans-serif; font-size: 14px;\"><b>Figyelem! A kedvezm\u00e9ny ig\u00e9nybe v\u00e9tel\u00e9hez\u00a0a<\/b> Regisztr\u00e1ci\u00f3s \u0171rlap v\u00e9g\u00e9n lev\u0151 <b>\u201eKupon k\u00f3d\u201d <\/b>mez\u0151be \u00edrj\u00e1k be a v\u00e1lasztott kedvezm\u00e9ny k\u00f3dj\u00e1t!<\/span><\/p>\n<p><img loading=\"lazy\" decoding=\"async\" src=\"https:\/\/wg.kkv-akademia.hu\/files\/images\/3205\/800x210-chrajl.jpg\" alt=\"\" width=\"800\" height=\"210\" \/><\/p>\n<p style=\"text-align: center;\"><span style=\"font-family: tahoma, arial, helvetica, sans-serif; font-size: 44px; color: #000080;\"><b>Csapat\u00e9p\u00edt\u00e9si trendek \u2013 2021<\/b><\/span><\/p>\n<p style=\"text-align: center;\"><span style=\"font-family: tahoma, arial, helvetica, sans-serif; font-size: 36px; color: #000080;\"><b>Egy fel\u00e9 kell haladnunk!<\/b><\/span><\/p>\n<p><span style=\"font-family: tahoma, arial, helvetica, sans-serif; font-size: 14px;\"><b>\u00a0<\/b><\/span><\/p>\n<p><span style=\"font-family: tahoma, arial, helvetica, sans-serif; font-size: 14px;\"><b>Id\u0151pont: <\/b>2021 janu\u00e1r 28. cs\u00fct\u00f6rt\u00f6k, 9.30\u201316.00 (ut\u00e1na m\u00e9g 6 napig megn\u00e9zhet\u0151 megtekinthet\u0151)<\/span><\/p>\n<p><span style=\"font-family: tahoma, arial, helvetica, sans-serif; font-size: 14px;\"><b>Helysz\u00edn:<\/b> Orsz\u00e1gos \u00e9l\u0151 vide\u00f3konferencia (interneten, mobilon, tableten)<\/span><\/p>\n<p>&nbsp;<\/p>\n<p style=\"text-align: center;\"><span style=\"font-family: tahoma, arial, helvetica, sans-serif; color: #ff0000;\"><b>Hogyan \u00e9rj\u00fck el, hogy egy fel\u00e9 h\u00fazzon a csapat?<\/b><\/span><\/p>\n<p style=\"text-align: center;\"><span style=\"font-family: tahoma, arial, helvetica, sans-serif; color: #000000;\"><b>Mi\u00e9rt lesz k\u00e9pes a csapattag a c\u00e9g j\u00f6v\u0151j\u00e9\u00e9rt \u00e1ldozatra \u00e9s lemond\u00e1sra?<\/b><\/span><\/p>\n<p style=\"text-align: center;\"><span style=\"font-family: tahoma, arial, helvetica, sans-serif; color: #ff0000;\"><b>A gener\u00e1ci\u00f3k k\u00f6z\u00f6tti digit\u00e1lis k\u00fcl\u00f6nbs\u00e9gek toler\u00e1lhatatlann\u00e1 v\u00e1ltak?<\/b><\/span><\/p>\n<p><span style=\"font-family: tahoma, arial, helvetica, sans-serif; font-size: 14px;\"><b>\u00a0<\/b><\/span><\/p>\n<p style=\"text-align: center;\"><span style=\"font-family: tahoma, arial, helvetica, sans-serif; font-size: 14px; color: #000080;\"><b>A vide\u00f3k\u00f6zvet\u00edt\u00e9s a konferencia napj\u00e1n \u00e9s m\u00e9g 6 napig visszan\u00e9zhet\u0151!<\/b><\/span><\/p>\n<p>&nbsp;<\/p>\n<p><span style=\"font-family: tahoma, arial, helvetica, sans-serif; font-size: 14px; color: #ff0000;\"><b>Mir\u0151l sz\u00f3lunk?<\/b><\/span><\/p>\n<p style=\"text-align: justify;\"><span style=\"font-family: tahoma, arial, helvetica, sans-serif; font-size: 14px;\"><b>\u00dagy t\u0171nik, 2021-ben csak a bajban, neh\u00e9zs\u00e9gben \u00f6sszetart\u00f3, egym\u00e1s\u00e9rt \u00e9s a c\u00e9g\u00e9rt k\u00fczd\u0151 csapat lehet a nyer\u0151. <\/b>A munkahely\u00e9t gyorsan v\u00e1ltoztat\u00f3, a saj\u00e1t \u00e9rdekeit a c\u00e9g \u00e9s a csapat el\u00e9 helyez\u0151, a k\u00f6z\u00f6s c\u00e9l\u00e9rt \u00e1ldozatot nem v\u00e1llal\u00f3 munkat\u00e1rsakat most nem b\u00edrja el a csapat, a c\u00e9g.\u00a0<\/span><\/p>\n<p style=\"text-align: justify;\"><span style=\"font-family: tahoma, arial, helvetica, sans-serif; font-size: 14px;\">2020 elej\u00e9n, az utols\u00f3 Csapat\u00e9p\u00edt\u00e9si trendek konferenci\u00e1nkon<b> m\u00e9g arr\u00f3l besz\u00e9lt\u00fcnk, milyen \u00e9lm\u00e9nyt, komfort\u00e9rzetet adjunk a csapattagoknak, munkat\u00e1rsaknak, hogy j\u00f3l \u00e9rezz\u00e9k magukat. K\u00f6zben nagyot fordult a vil\u00e1g. Most a bajban \u00f6sszetart\u00f3, \u00e1ldozatot v\u00e1llalni is hajland\u00f3, egy fel\u00e9 h\u00faz\u00f3 evez\u0151s\u00f6kr\u0151l, az \u00fajfajta munkahelyi csapatr\u00f3l fogunk besz\u00e9lni.\u00a0 <\/b><\/span><\/p>\n<p style=\"text-align: justify;\"><span style=\"font-family: tahoma, arial, helvetica, sans-serif; font-size: 14px;\"><b>Egy fel\u00e9 h\u00fazunk? Mindenki ugyanabba az ir\u00e1nyba halad? Vil\u00e1gosan megszabtuk az ir\u00e1nyt? Van jogalap \u00e9s etika ahhoz, hogy elv\u00e1rjuk az \u00e1ldozatot, a lemond\u00e1st \u00e9s az eddigiekn\u00e9l j\u00f3val nagyobb er\u0151fesz\u00edt\u00e9st a c\u00e9g j\u00f6v\u0151j\u00e9\u00e9rt? Milyen \u00faj k\u00e9pess\u00e9geket kell el\u0151hoznia mag\u00e1b\u00f3l \u00e9s csapat\u00e1b\u00f3l a vezet\u0151nek, hogy a c\u00e9g a viharban megvesse a l\u00e1b\u00e1t, a haj\u00f3 a vizen maradjon?<\/b><\/span><\/p>\n<p><span style=\"font-family: tahoma, arial, helvetica, sans-serif; font-size: 14px; color: #ff0000;\"><b>Kiknek sz\u00f3lunk?<\/b><\/span><\/p>\n<p style=\"text-align: justify;\"><span style=\"font-family: tahoma, arial, helvetica, sans-serif; font-size: 14px;\"><b><em>Ezekre a k\u00e9rd\u00e9sekre adunk v\u00e1laszokat, tudatos\u00edtjuk a v\u00e1ltoz\u00e1st \u00e9s a j\u00f3 gyakorlatokat a kkv-d\u00f6nt\u00e9shoz\u00f3k sz\u00e1m\u00e1ra. Sok mindent megtett\u00fcnk, de \u00e9rdemes meg\u00e1llni, elemezni \u00e9s a k\u00f6vetkeztet\u00e9seket levonni, majd \u00faj \u00fczleti modellk\u00e9nt bele\u00e9p\u00edteni a v\u00e1llalatvezet\u00e9s, csapatvezet\u00e9s m\u0171k\u00f6d\u00e9s\u00e9be. <\/em><\/b><\/span><\/p>\n<p style=\"text-align: justify;\"><span style=\"font-family: tahoma, arial, helvetica, sans-serif; font-size: 14px;\"><b>\u00a0<\/b><\/span><\/p>\n<p style=\"text-align: center;\"><span style=\"font-family: tahoma, arial, helvetica, sans-serif; color: #000080;\"><b><a style=\"color: #000080;\" href=\"https:\/\/ppkonferencia.hu\/konferenciakozpont\/csapatepitesi-trendek-2021\/\">A konferencia r\u00e9szletes programja \u00e9s regisztr\u00e1ci\u00f3<\/a><\/b><\/span><\/p>\n<p>&nbsp;<\/p>\n<p><span style=\"font-family: tahoma, arial, helvetica, sans-serif; font-size: 14px; color: #ff0000;\"><b>Fontos!<\/b><\/span><\/p>\n<p><span style=\"font-family: tahoma, arial, helvetica, sans-serif; font-size: 14px;\"><b>Figyelem! Az el\u0151ad\u00f3kkal szem\u00e9lyes konzult\u00e1ci\u00f3s lehet\u0151s\u00e9g 7 napon \u00e1t a vide\u00f3k\u00f6zvet\u00edt\u00e9s fel\u00fclet\u00e9n, az el\u0151ad\u00f3k fot\u00f3ja alatt. A vide\u00f3k\u00f6zvet\u00edt\u00e9s aznap \u00e9s m\u00e9g 6 napig visszan\u00e9zhet\u0151!<\/b><\/span><\/p>\n<p>&nbsp;<\/p>\n<p style=\"text-align: center;\"><span style=\"font-family: tahoma, arial, helvetica, sans-serif; font-size: 14px; color: #ff0000;\"><b>Rendez\u0151k:<\/b><\/span><\/p>\n<p><span style=\"font-family: tahoma, arial, helvetica, sans-serif; font-size: 14px;\"><b><em>\u00a0<img loading=\"lazy\" decoding=\"async\" style=\"display: block; margin-left: auto; margin-right: auto;\" src=\"https:\/\/wg.kkv-akademia.hu\/files\/images\/3205\/bp-kniuo4.jpg\" alt=\"\" width=\"392\" height=\"90\" \/><\/em><\/b><\/span><\/p>\n<p><span style=\"font-family: tahoma, arial, helvetica, sans-serif; font-size: 14px;\"><b>\u00a0<\/b><\/span><\/p>\n<p><span style=\"font-family: tahoma, arial, helvetica, sans-serif; font-size: 14px;\"><b>\u00a0Tov\u00e1bbi felvil\u00e1gos\u00edt\u00e1s \u00e9s inform\u00e1ci\u00f3:<\/b><\/span><\/p>\n<p><span style=\"font-family: tahoma, arial, helvetica, sans-serif; font-size: 14px;\">Tel.: (1) 239 \u2013 9597\u00a0\u00a0\u00a0\u00a0\u00a0\u00a0\u00a0\u00a0\u00a0\u00a0\u00a0\u00a0\u00a0\u00a0\u00a0\u00a0\u00a0\u00a0\u00a0\u00a0\u00a0\u00a0\u00a0\u00a0\u00a0\u00a0\u00a0\u00a0\u00a0\u00a0\u00a0\u00a0\u00a0\u00a0\u00a0\u00a0\u00a0\u00a0\u00a0\u00a0\u00a0\u00a0\u00a0\u00a0\u00a0\u00a0\u00a0\u00a0\u00a0\u00a0\u00a0\u00a0\u00a0\u00a0\u00a0\u00a0\u00a0\u00a0\u00a0\u00a0\u00a0\u00a0\u00a0\u00a0\u00a0\u00a0\u00a0\u00a0\u00a0\u00a0\u00a0\u00a0\u00a0\u00a0\u00a0\u00a0\u00a0\u00a0\u00a0\u00a0\u00a0\u00a0\u00a0\u00a0\u00a0\u00a0 E-mail: <a href=\"mailto:konferencia@ppkonferencia.hu\">konferencia@ppkonferencia.hu<\/a><\/span><\/p>\n<p><span style=\"font-family: tahoma, arial, helvetica, sans-serif; font-size: 14px;\">weboldal: <a href=\"http:\/\/www.ppkonferencia.hu\">www.ppkonferencia.hu<\/a><\/span><\/p>\n<p><span style=\"font-family: tahoma, arial, helvetica, sans-serif; font-size: 14px;\"><b>\u00a0<img loading=\"lazy\" decoding=\"async\" src=\"https:\/\/wg.kkv-akademia.hu\/files\/images\/3205\/pp-ih682q.jpg\" alt=\"\" width=\"782\" height=\"54\" \/><\/b><\/span><\/p>\n<\/div>\n<\/td>\n<\/tr>\n<tr>\n<td style=\"width: 664.688px;\">\n<div class=\"gmail_attr\" dir=\"ltr\">\n<p style=\"text-align: center;\"><span style=\"font-family: tahoma, arial, helvetica, sans-serif;\"><b>\u00a0<\/b><\/span><\/p>\n<\/div>\n<\/td>\n<\/tr>\n<\/tbody>\n<\/table>\n<\/div>\n","protected":false},"featured_media":0,"menu_order":0,"template":"","meta":{"_acf_changed":false},"class_list":["post-1110","hirek","type-hirek","status-publish","hentry"],"acf":[],"yoast_head":"<!-- This site is optimized with the Yoast SEO plugin v27.4 - https:\/\/yoast.com\/product\/yoast-seo-wordpress\/ -->\n<title>Csapat\u00e9p\u00edt\u00e9si trendek - Seed<\/title>\n<meta name=\"robots\" content=\"index, follow, max-snippet:-1, max-image-preview:large, max-video-preview:-1\" \/>\n<link rel=\"canonical\" href=\"https:\/\/seed.hu\/hirek\/csapatepitesi-trendek\/\" \/>\n<meta property=\"og:locale\" content=\"en_US\" \/>\n<meta property=\"og:type\" content=\"article\" \/>\n<meta property=\"og:title\" content=\"Csapat\u00e9p\u00edt\u00e9si trendek - Seed\" \/>\n<meta property=\"og:description\" content=\"Szeretettel megh\u00edvjuk a BKIK \u00e9s a PP Konferenciak\u00f6zpont Csapat\u00e9p\u00edt\u00e9si trendek &#8211; 2021 \u00a0c\u00edm\u0171 konferenci\u00e1j\u00e1ra, melyen a SEED Szakmai partners\u00e9get v\u00e1llalt. Tagt\u00e1rsaink, partnereink jelent\u0151s kedvezm\u00e9nnyel vehetnek r\u00e9szt vide\u00f3konferenci\u00e1nkon. Kedvezm\u00e9nyes r\u00e9szv\u00e9teli d\u00edj 11 000 Ft + \u00e1fa.\u00a0 Kuponk\u00f3d: SZP20 Figyelem! A kedvezm\u00e9ny ig\u00e9nybe v\u00e9tel\u00e9hez\u00a0a Regisztr\u00e1ci\u00f3s \u0171rlap v\u00e9g\u00e9n lev\u0151 \u201eKupon k\u00f3d\u201d mez\u0151be \u00edrj\u00e1k be a v\u00e1lasztott kedvezm\u00e9ny k\u00f3dj\u00e1t! [&hellip;]\" \/>\n<meta property=\"og:url\" content=\"https:\/\/seed.hu\/hirek\/csapatepitesi-trendek\/\" \/>\n<meta property=\"og:site_name\" content=\"Seed\" \/>\n<meta property=\"article:modified_time\" content=\"2022-01-24T13:31:37+00:00\" \/>\n<meta property=\"og:image\" content=\"https:\/\/wg.kkv-akademia.hu\/files\/images\/3205\/800x210-chrajl.jpg\" \/>\n<meta name=\"twitter:card\" content=\"summary_large_image\" \/>\n<meta name=\"twitter:label1\" content=\"Est. reading time\" \/>\n\t<meta name=\"twitter:data1\" content=\"3 minutes\" \/>\n<script type=\"application\/ld+json\" class=\"yoast-schema-graph\">{\"@context\":\"https:\\\/\\\/schema.org\",\"@graph\":[{\"@type\":\"WebPage\",\"@id\":\"https:\\\/\\\/seed.hu\\\/hirek\\\/csapatepitesi-trendek\\\/\",\"url\":\"https:\\\/\\\/seed.hu\\\/hirek\\\/csapatepitesi-trendek\\\/\",\"name\":\"Csapat\u00e9p\u00edt\u00e9si trendek - Seed\",\"isPartOf\":{\"@id\":\"https:\\\/\\\/seed.hu\\\/#website\"},\"primaryImageOfPage\":{\"@id\":\"https:\\\/\\\/seed.hu\\\/hirek\\\/csapatepitesi-trendek\\\/#primaryimage\"},\"image\":{\"@id\":\"https:\\\/\\\/seed.hu\\\/hirek\\\/csapatepitesi-trendek\\\/#primaryimage\"},\"thumbnailUrl\":\"https:\\\/\\\/wg.kkv-akademia.hu\\\/files\\\/images\\\/3205\\\/800x210-chrajl.jpg\",\"datePublished\":\"2021-01-20T19:05:05+00:00\",\"dateModified\":\"2022-01-24T13:31:37+00:00\",\"breadcrumb\":{\"@id\":\"https:\\\/\\\/seed.hu\\\/hirek\\\/csapatepitesi-trendek\\\/#breadcrumb\"},\"inLanguage\":\"en-US\",\"potentialAction\":[{\"@type\":\"ReadAction\",\"target\":[\"https:\\\/\\\/seed.hu\\\/hirek\\\/csapatepitesi-trendek\\\/\"]}]},{\"@type\":\"ImageObject\",\"inLanguage\":\"en-US\",\"@id\":\"https:\\\/\\\/seed.hu\\\/hirek\\\/csapatepitesi-trendek\\\/#primaryimage\",\"url\":\"https:\\\/\\\/wg.kkv-akademia.hu\\\/files\\\/images\\\/3205\\\/800x210-chrajl.jpg\",\"contentUrl\":\"https:\\\/\\\/wg.kkv-akademia.hu\\\/files\\\/images\\\/3205\\\/800x210-chrajl.jpg\"},{\"@type\":\"BreadcrumbList\",\"@id\":\"https:\\\/\\\/seed.hu\\\/hirek\\\/csapatepitesi-trendek\\\/#breadcrumb\",\"itemListElement\":[{\"@type\":\"ListItem\",\"position\":1,\"name\":\"H\u00edrek\",\"item\":\"https:\\\/\\\/seed.hu\\\/hirek\\\/\"},{\"@type\":\"ListItem\",\"position\":2,\"name\":\"Csapat\u00e9p\u00edt\u00e9si trendek\"}]},{\"@type\":\"WebSite\",\"@id\":\"https:\\\/\\\/seed.hu\\\/#website\",\"url\":\"https:\\\/\\\/seed.hu\\\/\",\"name\":\"Seed\",\"description\":\"\",\"potentialAction\":[{\"@type\":\"SearchAction\",\"target\":{\"@type\":\"EntryPoint\",\"urlTemplate\":\"https:\\\/\\\/seed.hu\\\/?s={search_term_string}\"},\"query-input\":{\"@type\":\"PropertyValueSpecification\",\"valueRequired\":true,\"valueName\":\"search_term_string\"}}],\"inLanguage\":\"en-US\"}]}<\/script>\n<!-- \/ Yoast SEO plugin. -->","yoast_head_json":{"title":"Csapat\u00e9p\u00edt\u00e9si trendek - Seed","robots":{"index":"index","follow":"follow","max-snippet":"max-snippet:-1","max-image-preview":"max-image-preview:large","max-video-preview":"max-video-preview:-1"},"canonical":"https:\/\/seed.hu\/hirek\/csapatepitesi-trendek\/","og_locale":"en_US","og_type":"article","og_title":"Csapat\u00e9p\u00edt\u00e9si trendek - Seed","og_description":"Szeretettel megh\u00edvjuk a BKIK \u00e9s a PP Konferenciak\u00f6zpont Csapat\u00e9p\u00edt\u00e9si trendek &#8211; 2021 \u00a0c\u00edm\u0171 konferenci\u00e1j\u00e1ra, melyen a SEED Szakmai partners\u00e9get v\u00e1llalt. Tagt\u00e1rsaink, partnereink jelent\u0151s kedvezm\u00e9nnyel vehetnek r\u00e9szt vide\u00f3konferenci\u00e1nkon. Kedvezm\u00e9nyes r\u00e9szv\u00e9teli d\u00edj 11 000 Ft + \u00e1fa.\u00a0 Kuponk\u00f3d: SZP20 Figyelem! A kedvezm\u00e9ny ig\u00e9nybe v\u00e9tel\u00e9hez\u00a0a Regisztr\u00e1ci\u00f3s \u0171rlap v\u00e9g\u00e9n lev\u0151 \u201eKupon k\u00f3d\u201d mez\u0151be \u00edrj\u00e1k be a v\u00e1lasztott kedvezm\u00e9ny k\u00f3dj\u00e1t! [&hellip;]","og_url":"https:\/\/seed.hu\/hirek\/csapatepitesi-trendek\/","og_site_name":"Seed","article_modified_time":"2022-01-24T13:31:37+00:00","og_image":[{"url":"https:\/\/wg.kkv-akademia.hu\/files\/images\/3205\/800x210-chrajl.jpg","type":"","width":"","height":""}],"twitter_card":"summary_large_image","twitter_misc":{"Est. reading time":"3 minutes"},"schema":{"@context":"https:\/\/schema.org","@graph":[{"@type":"WebPage","@id":"https:\/\/seed.hu\/hirek\/csapatepitesi-trendek\/","url":"https:\/\/seed.hu\/hirek\/csapatepitesi-trendek\/","name":"Csapat\u00e9p\u00edt\u00e9si trendek - Seed","isPartOf":{"@id":"https:\/\/seed.hu\/#website"},"primaryImageOfPage":{"@id":"https:\/\/seed.hu\/hirek\/csapatepitesi-trendek\/#primaryimage"},"image":{"@id":"https:\/\/seed.hu\/hirek\/csapatepitesi-trendek\/#primaryimage"},"thumbnailUrl":"https:\/\/wg.kkv-akademia.hu\/files\/images\/3205\/800x210-chrajl.jpg","datePublished":"2021-01-20T19:05:05+00:00","dateModified":"2022-01-24T13:31:37+00:00","breadcrumb":{"@id":"https:\/\/seed.hu\/hirek\/csapatepitesi-trendek\/#breadcrumb"},"inLanguage":"en-US","potentialAction":[{"@type":"ReadAction","target":["https:\/\/seed.hu\/hirek\/csapatepitesi-trendek\/"]}]},{"@type":"ImageObject","inLanguage":"en-US","@id":"https:\/\/seed.hu\/hirek\/csapatepitesi-trendek\/#primaryimage","url":"https:\/\/wg.kkv-akademia.hu\/files\/images\/3205\/800x210-chrajl.jpg","contentUrl":"https:\/\/wg.kkv-akademia.hu\/files\/images\/3205\/800x210-chrajl.jpg"},{"@type":"BreadcrumbList","@id":"https:\/\/seed.hu\/hirek\/csapatepitesi-trendek\/#breadcrumb","itemListElement":[{"@type":"ListItem","position":1,"name":"H\u00edrek","item":"https:\/\/seed.hu\/hirek\/"},{"@type":"ListItem","position":2,"name":"Csapat\u00e9p\u00edt\u00e9si trendek"}]},{"@type":"WebSite","@id":"https:\/\/seed.hu\/#website","url":"https:\/\/seed.hu\/","name":"Seed","description":"","potentialAction":[{"@type":"SearchAction","target":{"@type":"EntryPoint","urlTemplate":"https:\/\/seed.hu\/?s={search_term_string}"},"query-input":{"@type":"PropertyValueSpecification","valueRequired":true,"valueName":"search_term_string"}}],"inLanguage":"en-US"}]}},"_links":{"self":[{"href":"https:\/\/seed.hu\/en\/wp-json\/wp\/v2\/hirek\/1110","targetHints":{"allow":["GET"]}}],"collection":[{"href":"https:\/\/seed.hu\/en\/wp-json\/wp\/v2\/hirek"}],"about":[{"href":"https:\/\/seed.hu\/en\/wp-json\/wp\/v2\/types\/hirek"}],"wp:attachment":[{"href":"https:\/\/seed.hu\/en\/wp-json\/wp\/v2\/media?parent=1110"}],"curies":[{"name":"wp","href":"https:\/\/api.w.org\/{rel}","templated":true}]}}