{"id":1117,"date":"2021-01-20T20:45:40","date_gmt":"2021-01-20T19:45:40","guid":{"rendered":"https:\/\/seed.hu\/?post_type=hirek&#038;p=1117"},"modified":"2022-01-24T14:38:15","modified_gmt":"2022-01-24T13:38:15","slug":"uj-ev-ujratervezes-2021-ben-is-folytatodik-a-vallalkozoi-mentorprogram","status":"publish","type":"hirek","link":"https:\/\/seed.hu\/en\/hirek\/uj-ev-ujratervezes-2021-ben-is-folytatodik-a-vallalkozoi-mentorprogram\/","title":{"rendered":"\u00daj \u00e9v, \u00faj(ra)tervez\u00e9s! 2021-ben is folytat\u00f3dik a V\u00e1llalkoz\u00f3i Mentorprogram"},"content":{"rendered":"<p><a href=\"https:\/\/seed.hu\/hirek\/mentorok-es-mentoraltak-jelentkezeset-varja-a-seed-alapitvany\/ovm\/\" rel=\"attachment wp-att-844\"><img loading=\"lazy\" decoding=\"async\" class=\"alignnone wp-image-844 size-full\" src=\"https:\/\/seed.hu\/wp-content\/uploads\/2022\/01\/OVM.png\" alt=\"\" width=\"601\" height=\"163\" srcset=\"https:\/\/seed.hu\/wp-content\/uploads\/2022\/01\/OVM.png 601w, https:\/\/seed.hu\/wp-content\/uploads\/2022\/01\/OVM-300x81.png 300w\" sizes=\"auto, (max-width: 601px) 100vw, 601px\" \/><\/a><\/p>\n<p>K\u00f6zel 200 f\u0151 mentor\u00e1lt v\u00e1lasztott m\u00e1r maga mell\u00e9 egy-egy v\u00e1llalkoz\u00f3i mentort, akivel szem\u00e9lyes v\u00e1llalkoz\u00f3i c\u00e9ljai el\u00e9r\u00e9s\u00e9n dolgozhat. T\u00f6bb programr\u00e9sztvev\u0151 az elm\u00falt \u00e9v nem v\u00e1rt fordulatai kapcs\u00e1n \u00e9rezhette meg igaz\u00e1n, milyen szerencs\u00e9s, hogy nem egyed\u00fcl kell megk\u00fczdenie a r\u00e1 z\u00fadul\u00f3 kih\u00edv\u00e1sokkal \u00e9s van kivel \u00e1tbesz\u00e9lnie a lehets\u00e9ges \u00faj ir\u00e1nyt, m\u00e9rlegelni, mely \u00f6tletek lehetnek \u00e9letk\u00e9pesek, majd ezek megval\u00f3s\u00edt\u00e1sa sor\u00e1n is maga m\u00f6g\u00f6tt tudhatja mentora t\u00e1mogat\u00e1s\u00e1t.<\/p>\n<p><strong>Speci\u00e1lis szakmai tan\u00e1csad\u00e1sok a programr\u00e9sztvev\u0151knek<\/strong><\/p>\n<p>Az idei \u00e9vt\u0151l, az egy\u00e9ni c\u00e9lok ment\u00e9n v\u00e9gzett mentori t\u00e1mogat\u00e1s mellett speci\u00e1lis tan\u00e1csad\u00e1sok ig\u00e9nybev\u00e9tel\u00e9nek lehet\u0151s\u00e9g\u00e9t is biztos\u00edtja a program minden mentor\u00e1lt r\u00e9sztvev\u0151 sz\u00e1m\u00e1ra az al\u00e1bbi ter\u00fcleteken:<\/p>\n<ul>\n<li>marketing,<\/li>\n<li>jog,<\/li>\n<li>\u00e9rt\u00e9kes\u00edt\u00e9s \u00e9s t\u00e1rgyal\u00e1stechnika,<\/li>\n<li>szem\u00e9lyes hat\u00e9konys\u00e1g fejleszt\u00e9s,<\/li>\n<li>szervezetfejleszt\u00e9s.<\/li>\n<\/ul>\n<p>Egy eg\u00e9sz szak\u00e9rt\u0151 st\u00e1b dolgozik teh\u00e1t azon, hogy a mentor\u00e1lt sikeresen el\u00e9rje c\u00e9ljait, megtal\u00e1lja \u00e9s stabiliz\u00e1lja hely\u00e9t a tev\u00e9keny\u00e9gi ter\u00fclet\u00e9n, vagy \u00faj ter\u00fcletek, piacok fel\u00e9 tudjon nyitni. Olyan ismereteket szerezzen meg, amit tank\u00f6nyvekb\u0151l nem lehet megtanulni.<\/p>\n<p><strong>V\u00e1llalkoz\u00f3i k\u00f6z\u00f6ss\u00e9g \u00e9p\u00fcl<\/strong><\/p>\n<p>2021 \u00e9v nagy pillanata lesz mindenki sz\u00e1m\u00e1ra &#8211; b\u00edzunk benne, m\u00e1r nincs messze- amikor \u00fajra szem\u00e9lyesen is alkalom ny\u00edlik a tal\u00e1lkoz\u00e1sra, a v\u00e1llalkoz\u00f3i-, \u00e9s a mentoring tapasztaltok megoszt\u00e1s\u00e1ra, kapcsolat\u00e9p\u00edt\u00e9sre. Addig is az online t\u00e9r adta lehet\u0151s\u00e9gekkel \u00e9lve ez a platform fog teret adni a tervezett v\u00e1llalkoz\u00f3i f\u00f3rumok, tud\u00e1smegoszt\u00f3 alkalmak \u00e9s mentor klubok megrendez\u00e9s\u00e9re.<\/p>\n<p><strong><a href=\"https:\/\/mentorprogram.seed.hu\/regisztracio-mentorok-szamara\" target=\"_blank\" rel=\"noopener\">Regisztr\u00e1ci\u00f3 MENTOROK sz\u00e1m\u00e1ra<\/a><\/strong><\/p>\n<p><strong><a href=\"https:\/\/mentorprogram.seed.hu\/regisztracio-mentoraltak-szamara\" target=\"_blank\" rel=\"noopener\">Regisztr\u00e1ci\u00f3 MENTOR\u00c1LTAK sz\u00e1m\u00e1ra<\/a><\/strong><\/p>\n","protected":false},"featured_media":338,"menu_order":0,"template":"","meta":{"_acf_changed":false},"class_list":["post-1117","hirek","type-hirek","status-publish","has-post-thumbnail","hentry"],"acf":[],"yoast_head":"<!-- This site is optimized with the Yoast SEO plugin v27.4 - https:\/\/yoast.com\/product\/yoast-seo-wordpress\/ -->\n<title>\u00daj \u00e9v, \u00faj(ra)tervez\u00e9s! 2021-ben is folytat\u00f3dik a V\u00e1llalkoz\u00f3i Mentorprogram - Seed<\/title>\n<meta name=\"robots\" content=\"index, follow, max-snippet:-1, max-image-preview:large, max-video-preview:-1\" \/>\n<link rel=\"canonical\" href=\"https:\/\/seed.hu\/hirek\/uj-ev-ujratervezes-2021-ben-is-folytatodik-a-vallalkozoi-mentorprogram\/\" \/>\n<meta property=\"og:locale\" content=\"en_US\" \/>\n<meta property=\"og:type\" content=\"article\" \/>\n<meta property=\"og:title\" content=\"\u00daj \u00e9v, \u00faj(ra)tervez\u00e9s! 2021-ben is folytat\u00f3dik a V\u00e1llalkoz\u00f3i Mentorprogram - Seed\" \/>\n<meta property=\"og:description\" content=\"K\u00f6zel 200 f\u0151 mentor\u00e1lt v\u00e1lasztott m\u00e1r maga mell\u00e9 egy-egy v\u00e1llalkoz\u00f3i mentort, akivel szem\u00e9lyes v\u00e1llalkoz\u00f3i c\u00e9ljai el\u00e9r\u00e9s\u00e9n dolgozhat. T\u00f6bb programr\u00e9sztvev\u0151 az elm\u00falt \u00e9v nem v\u00e1rt fordulatai kapcs\u00e1n \u00e9rezhette meg igaz\u00e1n, milyen szerencs\u00e9s, hogy nem egyed\u00fcl kell megk\u00fczdenie a r\u00e1 z\u00fadul\u00f3 kih\u00edv\u00e1sokkal \u00e9s van kivel \u00e1tbesz\u00e9lnie a lehets\u00e9ges \u00faj ir\u00e1nyt, m\u00e9rlegelni, mely \u00f6tletek lehetnek \u00e9letk\u00e9pesek, majd ezek [&hellip;]\" \/>\n<meta property=\"og:url\" content=\"https:\/\/seed.hu\/hirek\/uj-ev-ujratervezes-2021-ben-is-folytatodik-a-vallalkozoi-mentorprogram\/\" \/>\n<meta property=\"og:site_name\" content=\"Seed\" \/>\n<meta property=\"article:modified_time\" content=\"2022-01-24T13:38:15+00:00\" \/>\n<meta property=\"og:image\" content=\"https:\/\/seed.hu\/wp-content\/uploads\/2021\/04\/Orsza\u0301gos-Va\u0301llalkozo\u0301i-Mentorprogram.png\" \/>\n\t<meta property=\"og:image:width\" content=\"773\" \/>\n\t<meta property=\"og:image:height\" content=\"774\" \/>\n\t<meta property=\"og:image:type\" content=\"image\/png\" \/>\n<meta name=\"twitter:card\" content=\"summary_large_image\" \/>\n<meta name=\"twitter:label1\" content=\"Est. reading time\" \/>\n\t<meta name=\"twitter:data1\" content=\"2 minutes\" \/>\n<script type=\"application\/ld+json\" class=\"yoast-schema-graph\">{\"@context\":\"https:\\\/\\\/schema.org\",\"@graph\":[{\"@type\":\"WebPage\",\"@id\":\"https:\\\/\\\/seed.hu\\\/hirek\\\/uj-ev-ujratervezes-2021-ben-is-folytatodik-a-vallalkozoi-mentorprogram\\\/\",\"url\":\"https:\\\/\\\/seed.hu\\\/hirek\\\/uj-ev-ujratervezes-2021-ben-is-folytatodik-a-vallalkozoi-mentorprogram\\\/\",\"name\":\"\u00daj \u00e9v, \u00faj(ra)tervez\u00e9s! 2021-ben is folytat\u00f3dik a V\u00e1llalkoz\u00f3i Mentorprogram - Seed\",\"isPartOf\":{\"@id\":\"https:\\\/\\\/seed.hu\\\/#website\"},\"primaryImageOfPage\":{\"@id\":\"https:\\\/\\\/seed.hu\\\/hirek\\\/uj-ev-ujratervezes-2021-ben-is-folytatodik-a-vallalkozoi-mentorprogram\\\/#primaryimage\"},\"image\":{\"@id\":\"https:\\\/\\\/seed.hu\\\/hirek\\\/uj-ev-ujratervezes-2021-ben-is-folytatodik-a-vallalkozoi-mentorprogram\\\/#primaryimage\"},\"thumbnailUrl\":\"https:\\\/\\\/seed.hu\\\/wp-content\\\/uploads\\\/2021\\\/04\\\/Orsza\u0301gos-Va\u0301llalkozo\u0301i-Mentorprogram.png\",\"datePublished\":\"2021-01-20T19:45:40+00:00\",\"dateModified\":\"2022-01-24T13:38:15+00:00\",\"breadcrumb\":{\"@id\":\"https:\\\/\\\/seed.hu\\\/hirek\\\/uj-ev-ujratervezes-2021-ben-is-folytatodik-a-vallalkozoi-mentorprogram\\\/#breadcrumb\"},\"inLanguage\":\"en-US\",\"potentialAction\":[{\"@type\":\"ReadAction\",\"target\":[\"https:\\\/\\\/seed.hu\\\/hirek\\\/uj-ev-ujratervezes-2021-ben-is-folytatodik-a-vallalkozoi-mentorprogram\\\/\"]}]},{\"@type\":\"ImageObject\",\"inLanguage\":\"en-US\",\"@id\":\"https:\\\/\\\/seed.hu\\\/hirek\\\/uj-ev-ujratervezes-2021-ben-is-folytatodik-a-vallalkozoi-mentorprogram\\\/#primaryimage\",\"url\":\"https:\\\/\\\/seed.hu\\\/wp-content\\\/uploads\\\/2021\\\/04\\\/Orsza\u0301gos-Va\u0301llalkozo\u0301i-Mentorprogram.png\",\"contentUrl\":\"https:\\\/\\\/seed.hu\\\/wp-content\\\/uploads\\\/2021\\\/04\\\/Orsza\u0301gos-Va\u0301llalkozo\u0301i-Mentorprogram.png\",\"width\":773,\"height\":774},{\"@type\":\"BreadcrumbList\",\"@id\":\"https:\\\/\\\/seed.hu\\\/hirek\\\/uj-ev-ujratervezes-2021-ben-is-folytatodik-a-vallalkozoi-mentorprogram\\\/#breadcrumb\",\"itemListElement\":[{\"@type\":\"ListItem\",\"position\":1,\"name\":\"H\u00edrek\",\"item\":\"https:\\\/\\\/seed.hu\\\/hirek\\\/\"},{\"@type\":\"ListItem\",\"position\":2,\"name\":\"\u00daj \u00e9v, \u00faj(ra)tervez\u00e9s! 2021-ben is folytat\u00f3dik a V\u00e1llalkoz\u00f3i Mentorprogram\"}]},{\"@type\":\"WebSite\",\"@id\":\"https:\\\/\\\/seed.hu\\\/#website\",\"url\":\"https:\\\/\\\/seed.hu\\\/\",\"name\":\"Seed\",\"description\":\"\",\"potentialAction\":[{\"@type\":\"SearchAction\",\"target\":{\"@type\":\"EntryPoint\",\"urlTemplate\":\"https:\\\/\\\/seed.hu\\\/?s={search_term_string}\"},\"query-input\":{\"@type\":\"PropertyValueSpecification\",\"valueRequired\":true,\"valueName\":\"search_term_string\"}}],\"inLanguage\":\"en-US\"}]}<\/script>\n<!-- \/ Yoast SEO plugin. -->","yoast_head_json":{"title":"\u00daj \u00e9v, \u00faj(ra)tervez\u00e9s! 2021-ben is folytat\u00f3dik a V\u00e1llalkoz\u00f3i Mentorprogram - Seed","robots":{"index":"index","follow":"follow","max-snippet":"max-snippet:-1","max-image-preview":"max-image-preview:large","max-video-preview":"max-video-preview:-1"},"canonical":"https:\/\/seed.hu\/hirek\/uj-ev-ujratervezes-2021-ben-is-folytatodik-a-vallalkozoi-mentorprogram\/","og_locale":"en_US","og_type":"article","og_title":"\u00daj \u00e9v, \u00faj(ra)tervez\u00e9s! 2021-ben is folytat\u00f3dik a V\u00e1llalkoz\u00f3i Mentorprogram - Seed","og_description":"K\u00f6zel 200 f\u0151 mentor\u00e1lt v\u00e1lasztott m\u00e1r maga mell\u00e9 egy-egy v\u00e1llalkoz\u00f3i mentort, akivel szem\u00e9lyes v\u00e1llalkoz\u00f3i c\u00e9ljai el\u00e9r\u00e9s\u00e9n dolgozhat. T\u00f6bb programr\u00e9sztvev\u0151 az elm\u00falt \u00e9v nem v\u00e1rt fordulatai kapcs\u00e1n \u00e9rezhette meg igaz\u00e1n, milyen szerencs\u00e9s, hogy nem egyed\u00fcl kell megk\u00fczdenie a r\u00e1 z\u00fadul\u00f3 kih\u00edv\u00e1sokkal \u00e9s van kivel \u00e1tbesz\u00e9lnie a lehets\u00e9ges \u00faj ir\u00e1nyt, m\u00e9rlegelni, mely \u00f6tletek lehetnek \u00e9letk\u00e9pesek, majd ezek [&hellip;]","og_url":"https:\/\/seed.hu\/hirek\/uj-ev-ujratervezes-2021-ben-is-folytatodik-a-vallalkozoi-mentorprogram\/","og_site_name":"Seed","article_modified_time":"2022-01-24T13:38:15+00:00","og_image":[{"width":773,"height":774,"url":"https:\/\/seed.hu\/wp-content\/uploads\/2021\/04\/Orsza\u0301gos-Va\u0301llalkozo\u0301i-Mentorprogram.png","type":"image\/png"}],"twitter_card":"summary_large_image","twitter_misc":{"Est. reading time":"2 minutes"},"schema":{"@context":"https:\/\/schema.org","@graph":[{"@type":"WebPage","@id":"https:\/\/seed.hu\/hirek\/uj-ev-ujratervezes-2021-ben-is-folytatodik-a-vallalkozoi-mentorprogram\/","url":"https:\/\/seed.hu\/hirek\/uj-ev-ujratervezes-2021-ben-is-folytatodik-a-vallalkozoi-mentorprogram\/","name":"\u00daj \u00e9v, \u00faj(ra)tervez\u00e9s! 2021-ben is folytat\u00f3dik a V\u00e1llalkoz\u00f3i Mentorprogram - Seed","isPartOf":{"@id":"https:\/\/seed.hu\/#website"},"primaryImageOfPage":{"@id":"https:\/\/seed.hu\/hirek\/uj-ev-ujratervezes-2021-ben-is-folytatodik-a-vallalkozoi-mentorprogram\/#primaryimage"},"image":{"@id":"https:\/\/seed.hu\/hirek\/uj-ev-ujratervezes-2021-ben-is-folytatodik-a-vallalkozoi-mentorprogram\/#primaryimage"},"thumbnailUrl":"https:\/\/seed.hu\/wp-content\/uploads\/2021\/04\/Orsza\u0301gos-Va\u0301llalkozo\u0301i-Mentorprogram.png","datePublished":"2021-01-20T19:45:40+00:00","dateModified":"2022-01-24T13:38:15+00:00","breadcrumb":{"@id":"https:\/\/seed.hu\/hirek\/uj-ev-ujratervezes-2021-ben-is-folytatodik-a-vallalkozoi-mentorprogram\/#breadcrumb"},"inLanguage":"en-US","potentialAction":[{"@type":"ReadAction","target":["https:\/\/seed.hu\/hirek\/uj-ev-ujratervezes-2021-ben-is-folytatodik-a-vallalkozoi-mentorprogram\/"]}]},{"@type":"ImageObject","inLanguage":"en-US","@id":"https:\/\/seed.hu\/hirek\/uj-ev-ujratervezes-2021-ben-is-folytatodik-a-vallalkozoi-mentorprogram\/#primaryimage","url":"https:\/\/seed.hu\/wp-content\/uploads\/2021\/04\/Orsza\u0301gos-Va\u0301llalkozo\u0301i-Mentorprogram.png","contentUrl":"https:\/\/seed.hu\/wp-content\/uploads\/2021\/04\/Orsza\u0301gos-Va\u0301llalkozo\u0301i-Mentorprogram.png","width":773,"height":774},{"@type":"BreadcrumbList","@id":"https:\/\/seed.hu\/hirek\/uj-ev-ujratervezes-2021-ben-is-folytatodik-a-vallalkozoi-mentorprogram\/#breadcrumb","itemListElement":[{"@type":"ListItem","position":1,"name":"H\u00edrek","item":"https:\/\/seed.hu\/hirek\/"},{"@type":"ListItem","position":2,"name":"\u00daj \u00e9v, \u00faj(ra)tervez\u00e9s! 2021-ben is folytat\u00f3dik a V\u00e1llalkoz\u00f3i Mentorprogram"}]},{"@type":"WebSite","@id":"https:\/\/seed.hu\/#website","url":"https:\/\/seed.hu\/","name":"Seed","description":"","potentialAction":[{"@type":"SearchAction","target":{"@type":"EntryPoint","urlTemplate":"https:\/\/seed.hu\/?s={search_term_string}"},"query-input":{"@type":"PropertyValueSpecification","valueRequired":true,"valueName":"search_term_string"}}],"inLanguage":"en-US"}]}},"_links":{"self":[{"href":"https:\/\/seed.hu\/en\/wp-json\/wp\/v2\/hirek\/1117","targetHints":{"allow":["GET"]}}],"collection":[{"href":"https:\/\/seed.hu\/en\/wp-json\/wp\/v2\/hirek"}],"about":[{"href":"https:\/\/seed.hu\/en\/wp-json\/wp\/v2\/types\/hirek"}],"wp:featuredmedia":[{"embeddable":true,"href":"https:\/\/seed.hu\/en\/wp-json\/wp\/v2\/media\/338"}],"wp:attachment":[{"href":"https:\/\/seed.hu\/en\/wp-json\/wp\/v2\/media?parent=1117"}],"curies":[{"name":"wp","href":"https:\/\/api.w.org\/{rel}","templated":true}]}}