{"id":1118,"date":"2021-01-20T20:50:20","date_gmt":"2021-01-20T19:50:20","guid":{"rendered":"https:\/\/seed.hu\/?post_type=hirek&#038;p=1118"},"modified":"2022-01-24T14:39:33","modified_gmt":"2022-01-24T13:39:33","slug":"legyen-a-vallalkozasod-tudasbarat-szervezet-februar-28-ig-varjuk-a-palyazatokat","status":"publish","type":"hirek","link":"https:\/\/seed.hu\/en\/hirek\/legyen-a-vallalkozasod-tudasbarat-szervezet-februar-28-ig-varjuk-a-palyazatokat\/","title":{"rendered":"Legyen a v\u00e1llalkoz\u00e1sod tud\u00e1sbar\u00e1t szervezet, febru\u00e1r 28-ig v\u00e1rjuk a p\u00e1ly\u00e1zatokat"},"content":{"rendered":"<p><a href=\"https:\/\/seed.hu\/hirek\/tudasbarat-szervezet-dij-december-3-aig-lehet-palyazni-a-tudasbarat-szervezet-2020-elismeresre\/seed_tudasbarat\/\" rel=\"attachment wp-att-1060\"><img loading=\"lazy\" decoding=\"async\" class=\"alignnone wp-image-1060 size-full\" src=\"https:\/\/seed.hu\/wp-content\/uploads\/2022\/01\/SEED_Tudasbarat.png\" alt=\"\" width=\"578\" height=\"219\" srcset=\"https:\/\/seed.hu\/wp-content\/uploads\/2022\/01\/SEED_Tudasbarat.png 578w, https:\/\/seed.hu\/wp-content\/uploads\/2022\/01\/SEED_Tudasbarat-300x114.png 300w\" sizes=\"auto, (max-width: 578px) 100vw, 578px\" \/><\/a><\/p>\n<p><strong>A 2019-es p\u00e1ly\u00e1zat sikere \u00e9s kedvez\u0151 fogadtat\u00e1sa, valamint a t\u00e9ma fontoss\u00e1ga miatt a Tehets\u00e9g \u00e9s Tud\u00e1s K\u00f6zpont Alap\u00edtv\u00e1ny (TTKA), valamint a SEED Kisv\u00e1llalkoz\u00e1s-fejleszt\u00e9si Alap\u00edtv\u00e1ny 2020-ban is meghirdette a\u00a0\u201eGener\u00e1ci\u00f3k k\u00f6z\u00f6tti tud\u00e1s\u00e1tad\u00e1s a szervezetekben \u2013 j\u00f3 gyakorlatok\u201d c\u00edm\u0171 p\u00e1ly\u00e1zatot, melyre 2021. febru\u00e1r 28-\u00e1ig lehet p\u00e1ly\u00e1zni<\/strong><\/p>\n<p>&nbsp;<\/p>\n<p>A legjobb p\u00e1lyamunk\u00e1kat bead\u00f3 szervezetek, v\u00e1llalkoz\u00e1sok elnyerik a \u201eTud\u00e1sbar\u00e1t szervezet 2020\u201d \u2013 elismer\u00e9st.<\/p>\n<p>A tud\u00e1s hatalom, tartja a mond\u00e1s, de nem csak az\u2026 A tud\u00e1s versenyt\u00e9nyez\u0151 is! Egyre nagyobb kih\u00edv\u00e1st jelent a gener\u00e1ci\u00f3k egy\u00fctt\u00e9l\u00e9se \u00e9s menedzsel\u00e9se a munkahelyeken, illetve a gener\u00e1ci\u00f3v\u00e1lt\u00e1s tulajdonosi, vezet\u0151i szinteken.<\/p>\n<p><strong>A p\u00e1ly\u00e1zat ki\u00edr\u00e1s\u00e1val \u00e9s a d\u00edj \u00e1tad\u00e1s\u00e1val a c\u00e9l<\/strong>\u00a0megtal\u00e1lni \u00e9s pozit\u00edv p\u00e9ldak\u00e9nt sz\u00e9les k\u00f6rben bemutatni azon nagyv\u00e1llalati, valamint kis- \u00e9s k\u00f6z\u00e9pv\u00e1llalati j\u00f3gyakorlatokat, amelyek arr\u00f3l tan\u00faskodnak, hogy az adott v\u00e1llalatok, v\u00e1llalkoz\u00e1sok a tud\u00e1s szervezeten bel\u00fcl tart\u00e1s\u00e1nak a jelent\u0151s\u00e9g\u00e9t m\u00e1r felismert\u00e9k, \u00e9s megtett\u00e9k az ahhoz vezet\u0151 l\u00e9p\u00e9seket, fejleszt\u00e9seket.<\/p>\n<p><strong>Mi\u00e9rt \u00e9rdemes p\u00e1ly\u00e1zni?<\/strong>\u00a0Nem csak a d\u00edjjal j\u00e1r\u00f3 preszt\u00edzs \u00e9rt\u00e9ke \u00e9s a c\u00e9gr\u0151l a piacon mutatott pozit\u00edv k\u00e9p miatt lehet fontos, de az\u00e9rt is, mert a p\u00e1ly\u00e1zatban megfogalmazott k\u00e9rd\u00e9sek t\u00e1mpontot adnak ahhoz, hogy a szervezet vezet\u0151i, munkat\u00e1rsai vethessenek egy pillant\u00e1st a m\u0171k\u00f6d\u00e9s\u00fckre, \u00e1ttekinthess\u00e9k milyen szinten van jelen a szervezetben a tud\u00e1s\u00e1tad\u00e1s, \u00e9s ennek r\u00e9v\u00e9n t\u00f6rekedjenek a tud\u00e1s\u00e1tad\u00e1s szervezett keretek k\u00f6z\u00f6tt t\u00f6rt\u00e9n\u0151 megval\u00f3s\u00edt\u00e1s\u00e1ra.<\/p>\n<p>A Tud\u00e1sbar\u00e1t szervezet 2019 d\u00edjban a nagyv\u00e1llalati kateg\u00f3ri\u00e1kban az\u00a0<strong>MVM Paksi Atomer\u0151m\u0171 Zrt. \u00e9s a Legrand Zrt.<\/strong>,\u00a0m\u00edg a kis- \u00e9s k\u00f6z\u00e9pv\u00e1llalkoz\u00e1sok kateg\u00f3ri\u00e1j\u00e1ban a\u00a0<strong>p2m Consulting Kft. \u00e9s a Zsir\u00e1f Kreat\u00edv \u00dcgyn\u00f6ks\u00e9g<\/strong>\u00a0r\u00e9szes\u00fclt.<\/p>\n<p>A 2019. \u00e9vben meghirdetett p\u00e1ly\u00e1zati kateg\u00f3ri\u00e1kat kib\u0151v\u00edtett\u00fck a kimondottan agr\u00e1r\u00e1gazatban megval\u00f3sul\u00f3 j\u00f3gyakorlatokkal, \u00edgy\u00a0<strong>p\u00e1ly\u00e1zni a k\u00f6vetkez\u0151 n\u00e9gy kateg\u00f3ri\u00e1ban lehet<\/strong>:<\/p>\n<p>1.A v\u00e1llalaton bel\u00fcli tud\u00e1s\u00e1tad\u00e1s eszk\u00f6zei, folyamata, tud\u00e1sbr\u00f3kerek a c\u00e9gen bel\u00fcl.<br \/>\na. A tud\u00e1stranszfer digit\u00e1lis eszk\u00f6zei\/E-learning, inform\u00e1ci\u00f3megoszt\u00f3 fel\u00fcletek \u2013 \u201eszakosodott\u201d bels\u0151 kommunik\u00e1ci\u00f3<br \/>\nb. A tud\u00e1stranszfer digit\u00e1lis eszk\u00f6zei\/E-learning tud\u00e1smegoszt\u00f3 fel\u00fcletetek az agr\u00e1r\u00e1gazatokban \u2013 \u201eszakosodott\u201d bels\u0151 kommunik\u00e1ci\u00f3<br \/>\n2. Klasszikus gener\u00e1ci\u00f3v\u00e1lt\u00e1s, illetve szakm\u00e1k \u00e1tad\u00e1sa gener\u00e1ci\u00f3k k\u00f6z\u00f6tt.<\/p>\n<p>&nbsp;<\/p>\n<p>A p\u00e1ly\u00e1zatra az al\u00e1bbi linken lehet regisztr\u00e1lni \u00e9s megv\u00e1laszolni a k\u00e9rd\u00e9seket:\u00a0<a href=\"https:\/\/tudasbaratszervezet.ttk.seed.hu\/user\/register\" target=\"_blank\" rel=\"noopener\"><strong>https:\/\/tudasbaratszervezet.ttk.seed.hu\/user\/register<\/strong><\/a><\/p>\n<p>&nbsp;<\/p>\n<p>A regisztr\u00e1ci\u00f3t k\u00f6vet\u0151en elk\u00fcldj\u00fck a p\u00e1ly\u00e1zati anyagot: a p\u00e1ly\u00e1zat elk\u00e9sz\u00edt\u00e9s\u00e9t seg\u00edt\u0151 k\u00e9rd\u00e9seket, az elb\u00edr\u00e1l\u00e1s szempontjait, az adatkezel\u00e9si nyilatkozatot.<\/p>\n<p>&nbsp;<\/p>\n<p><strong>A p\u00e1ly\u00e1zat bek\u00fcld\u00e9si hat\u00e1rideje: 2021. febru\u00e1r 28.<\/strong><\/p>\n","protected":false},"featured_media":792,"menu_order":0,"template":"","meta":{"_acf_changed":false},"class_list":["post-1118","hirek","type-hirek","status-publish","has-post-thumbnail","hentry"],"acf":[],"yoast_head":"<!-- This site is optimized with the Yoast SEO plugin v27.4 - https:\/\/yoast.com\/product\/yoast-seo-wordpress\/ -->\n<title>Legyen a v\u00e1llalkoz\u00e1sod tud\u00e1sbar\u00e1t szervezet, febru\u00e1r 28-ig v\u00e1rjuk a p\u00e1ly\u00e1zatokat - Seed<\/title>\n<meta name=\"robots\" content=\"index, follow, max-snippet:-1, max-image-preview:large, max-video-preview:-1\" \/>\n<link rel=\"canonical\" href=\"https:\/\/seed.hu\/hirek\/legyen-a-vallalkozasod-tudasbarat-szervezet-februar-28-ig-varjuk-a-palyazatokat\/\" \/>\n<meta property=\"og:locale\" content=\"en_US\" \/>\n<meta property=\"og:type\" content=\"article\" \/>\n<meta property=\"og:title\" content=\"Legyen a v\u00e1llalkoz\u00e1sod tud\u00e1sbar\u00e1t szervezet, febru\u00e1r 28-ig v\u00e1rjuk a p\u00e1ly\u00e1zatokat - Seed\" \/>\n<meta property=\"og:description\" content=\"A 2019-es p\u00e1ly\u00e1zat sikere \u00e9s kedvez\u0151 fogadtat\u00e1sa, valamint a t\u00e9ma fontoss\u00e1ga miatt a Tehets\u00e9g \u00e9s Tud\u00e1s K\u00f6zpont Alap\u00edtv\u00e1ny (TTKA), valamint a SEED Kisv\u00e1llalkoz\u00e1s-fejleszt\u00e9si Alap\u00edtv\u00e1ny 2020-ban is meghirdette a\u00a0\u201eGener\u00e1ci\u00f3k k\u00f6z\u00f6tti tud\u00e1s\u00e1tad\u00e1s a szervezetekben \u2013 j\u00f3 gyakorlatok\u201d c\u00edm\u0171 p\u00e1ly\u00e1zatot, melyre 2021. febru\u00e1r 28-\u00e1ig lehet p\u00e1ly\u00e1zni &nbsp; A legjobb p\u00e1lyamunk\u00e1kat bead\u00f3 szervezetek, v\u00e1llalkoz\u00e1sok elnyerik a \u201eTud\u00e1sbar\u00e1t szervezet 2020\u201d [&hellip;]\" \/>\n<meta property=\"og:url\" content=\"https:\/\/seed.hu\/hirek\/legyen-a-vallalkozasod-tudasbarat-szervezet-februar-28-ig-varjuk-a-palyazatokat\/\" \/>\n<meta property=\"og:site_name\" content=\"Seed\" \/>\n<meta property=\"article:modified_time\" content=\"2022-01-24T13:39:33+00:00\" \/>\n<meta property=\"og:image\" content=\"https:\/\/seed.hu\/wp-content\/uploads\/2018\/04\/SEED_logo.png\" \/>\n\t<meta property=\"og:image:width\" content=\"250\" \/>\n\t<meta property=\"og:image:height\" content=\"206\" \/>\n\t<meta property=\"og:image:type\" content=\"image\/png\" \/>\n<meta name=\"twitter:card\" content=\"summary_large_image\" \/>\n<meta name=\"twitter:label1\" content=\"Est. reading time\" \/>\n\t<meta name=\"twitter:data1\" content=\"3 minutes\" \/>\n<script type=\"application\/ld+json\" class=\"yoast-schema-graph\">{\"@context\":\"https:\\\/\\\/schema.org\",\"@graph\":[{\"@type\":\"WebPage\",\"@id\":\"https:\\\/\\\/seed.hu\\\/hirek\\\/legyen-a-vallalkozasod-tudasbarat-szervezet-februar-28-ig-varjuk-a-palyazatokat\\\/\",\"url\":\"https:\\\/\\\/seed.hu\\\/hirek\\\/legyen-a-vallalkozasod-tudasbarat-szervezet-februar-28-ig-varjuk-a-palyazatokat\\\/\",\"name\":\"Legyen a v\u00e1llalkoz\u00e1sod tud\u00e1sbar\u00e1t szervezet, febru\u00e1r 28-ig v\u00e1rjuk a p\u00e1ly\u00e1zatokat - Seed\",\"isPartOf\":{\"@id\":\"https:\\\/\\\/seed.hu\\\/#website\"},\"primaryImageOfPage\":{\"@id\":\"https:\\\/\\\/seed.hu\\\/hirek\\\/legyen-a-vallalkozasod-tudasbarat-szervezet-februar-28-ig-varjuk-a-palyazatokat\\\/#primaryimage\"},\"image\":{\"@id\":\"https:\\\/\\\/seed.hu\\\/hirek\\\/legyen-a-vallalkozasod-tudasbarat-szervezet-februar-28-ig-varjuk-a-palyazatokat\\\/#primaryimage\"},\"thumbnailUrl\":\"https:\\\/\\\/seed.hu\\\/wp-content\\\/uploads\\\/2018\\\/04\\\/SEED_logo.png\",\"datePublished\":\"2021-01-20T19:50:20+00:00\",\"dateModified\":\"2022-01-24T13:39:33+00:00\",\"breadcrumb\":{\"@id\":\"https:\\\/\\\/seed.hu\\\/hirek\\\/legyen-a-vallalkozasod-tudasbarat-szervezet-februar-28-ig-varjuk-a-palyazatokat\\\/#breadcrumb\"},\"inLanguage\":\"en-US\",\"potentialAction\":[{\"@type\":\"ReadAction\",\"target\":[\"https:\\\/\\\/seed.hu\\\/hirek\\\/legyen-a-vallalkozasod-tudasbarat-szervezet-februar-28-ig-varjuk-a-palyazatokat\\\/\"]}]},{\"@type\":\"ImageObject\",\"inLanguage\":\"en-US\",\"@id\":\"https:\\\/\\\/seed.hu\\\/hirek\\\/legyen-a-vallalkozasod-tudasbarat-szervezet-februar-28-ig-varjuk-a-palyazatokat\\\/#primaryimage\",\"url\":\"https:\\\/\\\/seed.hu\\\/wp-content\\\/uploads\\\/2018\\\/04\\\/SEED_logo.png\",\"contentUrl\":\"https:\\\/\\\/seed.hu\\\/wp-content\\\/uploads\\\/2018\\\/04\\\/SEED_logo.png\",\"width\":250,\"height\":206},{\"@type\":\"BreadcrumbList\",\"@id\":\"https:\\\/\\\/seed.hu\\\/hirek\\\/legyen-a-vallalkozasod-tudasbarat-szervezet-februar-28-ig-varjuk-a-palyazatokat\\\/#breadcrumb\",\"itemListElement\":[{\"@type\":\"ListItem\",\"position\":1,\"name\":\"H\u00edrek\",\"item\":\"https:\\\/\\\/seed.hu\\\/hirek\\\/\"},{\"@type\":\"ListItem\",\"position\":2,\"name\":\"Legyen a v\u00e1llalkoz\u00e1sod tud\u00e1sbar\u00e1t szervezet, febru\u00e1r 28-ig v\u00e1rjuk a p\u00e1ly\u00e1zatokat\"}]},{\"@type\":\"WebSite\",\"@id\":\"https:\\\/\\\/seed.hu\\\/#website\",\"url\":\"https:\\\/\\\/seed.hu\\\/\",\"name\":\"Seed\",\"description\":\"\",\"potentialAction\":[{\"@type\":\"SearchAction\",\"target\":{\"@type\":\"EntryPoint\",\"urlTemplate\":\"https:\\\/\\\/seed.hu\\\/?s={search_term_string}\"},\"query-input\":{\"@type\":\"PropertyValueSpecification\",\"valueRequired\":true,\"valueName\":\"search_term_string\"}}],\"inLanguage\":\"en-US\"}]}<\/script>\n<!-- \/ Yoast SEO plugin. -->","yoast_head_json":{"title":"Legyen a v\u00e1llalkoz\u00e1sod tud\u00e1sbar\u00e1t szervezet, febru\u00e1r 28-ig v\u00e1rjuk a p\u00e1ly\u00e1zatokat - Seed","robots":{"index":"index","follow":"follow","max-snippet":"max-snippet:-1","max-image-preview":"max-image-preview:large","max-video-preview":"max-video-preview:-1"},"canonical":"https:\/\/seed.hu\/hirek\/legyen-a-vallalkozasod-tudasbarat-szervezet-februar-28-ig-varjuk-a-palyazatokat\/","og_locale":"en_US","og_type":"article","og_title":"Legyen a v\u00e1llalkoz\u00e1sod tud\u00e1sbar\u00e1t szervezet, febru\u00e1r 28-ig v\u00e1rjuk a p\u00e1ly\u00e1zatokat - Seed","og_description":"A 2019-es p\u00e1ly\u00e1zat sikere \u00e9s kedvez\u0151 fogadtat\u00e1sa, valamint a t\u00e9ma fontoss\u00e1ga miatt a Tehets\u00e9g \u00e9s Tud\u00e1s K\u00f6zpont Alap\u00edtv\u00e1ny (TTKA), valamint a SEED Kisv\u00e1llalkoz\u00e1s-fejleszt\u00e9si Alap\u00edtv\u00e1ny 2020-ban is meghirdette a\u00a0\u201eGener\u00e1ci\u00f3k k\u00f6z\u00f6tti tud\u00e1s\u00e1tad\u00e1s a szervezetekben \u2013 j\u00f3 gyakorlatok\u201d c\u00edm\u0171 p\u00e1ly\u00e1zatot, melyre 2021. febru\u00e1r 28-\u00e1ig lehet p\u00e1ly\u00e1zni &nbsp; A legjobb p\u00e1lyamunk\u00e1kat bead\u00f3 szervezetek, v\u00e1llalkoz\u00e1sok elnyerik a \u201eTud\u00e1sbar\u00e1t szervezet 2020\u201d [&hellip;]","og_url":"https:\/\/seed.hu\/hirek\/legyen-a-vallalkozasod-tudasbarat-szervezet-februar-28-ig-varjuk-a-palyazatokat\/","og_site_name":"Seed","article_modified_time":"2022-01-24T13:39:33+00:00","og_image":[{"width":250,"height":206,"url":"https:\/\/seed.hu\/wp-content\/uploads\/2018\/04\/SEED_logo.png","type":"image\/png"}],"twitter_card":"summary_large_image","twitter_misc":{"Est. reading time":"3 minutes"},"schema":{"@context":"https:\/\/schema.org","@graph":[{"@type":"WebPage","@id":"https:\/\/seed.hu\/hirek\/legyen-a-vallalkozasod-tudasbarat-szervezet-februar-28-ig-varjuk-a-palyazatokat\/","url":"https:\/\/seed.hu\/hirek\/legyen-a-vallalkozasod-tudasbarat-szervezet-februar-28-ig-varjuk-a-palyazatokat\/","name":"Legyen a v\u00e1llalkoz\u00e1sod tud\u00e1sbar\u00e1t szervezet, febru\u00e1r 28-ig v\u00e1rjuk a p\u00e1ly\u00e1zatokat - Seed","isPartOf":{"@id":"https:\/\/seed.hu\/#website"},"primaryImageOfPage":{"@id":"https:\/\/seed.hu\/hirek\/legyen-a-vallalkozasod-tudasbarat-szervezet-februar-28-ig-varjuk-a-palyazatokat\/#primaryimage"},"image":{"@id":"https:\/\/seed.hu\/hirek\/legyen-a-vallalkozasod-tudasbarat-szervezet-februar-28-ig-varjuk-a-palyazatokat\/#primaryimage"},"thumbnailUrl":"https:\/\/seed.hu\/wp-content\/uploads\/2018\/04\/SEED_logo.png","datePublished":"2021-01-20T19:50:20+00:00","dateModified":"2022-01-24T13:39:33+00:00","breadcrumb":{"@id":"https:\/\/seed.hu\/hirek\/legyen-a-vallalkozasod-tudasbarat-szervezet-februar-28-ig-varjuk-a-palyazatokat\/#breadcrumb"},"inLanguage":"en-US","potentialAction":[{"@type":"ReadAction","target":["https:\/\/seed.hu\/hirek\/legyen-a-vallalkozasod-tudasbarat-szervezet-februar-28-ig-varjuk-a-palyazatokat\/"]}]},{"@type":"ImageObject","inLanguage":"en-US","@id":"https:\/\/seed.hu\/hirek\/legyen-a-vallalkozasod-tudasbarat-szervezet-februar-28-ig-varjuk-a-palyazatokat\/#primaryimage","url":"https:\/\/seed.hu\/wp-content\/uploads\/2018\/04\/SEED_logo.png","contentUrl":"https:\/\/seed.hu\/wp-content\/uploads\/2018\/04\/SEED_logo.png","width":250,"height":206},{"@type":"BreadcrumbList","@id":"https:\/\/seed.hu\/hirek\/legyen-a-vallalkozasod-tudasbarat-szervezet-februar-28-ig-varjuk-a-palyazatokat\/#breadcrumb","itemListElement":[{"@type":"ListItem","position":1,"name":"H\u00edrek","item":"https:\/\/seed.hu\/hirek\/"},{"@type":"ListItem","position":2,"name":"Legyen a v\u00e1llalkoz\u00e1sod tud\u00e1sbar\u00e1t szervezet, febru\u00e1r 28-ig v\u00e1rjuk a p\u00e1ly\u00e1zatokat"}]},{"@type":"WebSite","@id":"https:\/\/seed.hu\/#website","url":"https:\/\/seed.hu\/","name":"Seed","description":"","potentialAction":[{"@type":"SearchAction","target":{"@type":"EntryPoint","urlTemplate":"https:\/\/seed.hu\/?s={search_term_string}"},"query-input":{"@type":"PropertyValueSpecification","valueRequired":true,"valueName":"search_term_string"}}],"inLanguage":"en-US"}]}},"_links":{"self":[{"href":"https:\/\/seed.hu\/en\/wp-json\/wp\/v2\/hirek\/1118","targetHints":{"allow":["GET"]}}],"collection":[{"href":"https:\/\/seed.hu\/en\/wp-json\/wp\/v2\/hirek"}],"about":[{"href":"https:\/\/seed.hu\/en\/wp-json\/wp\/v2\/types\/hirek"}],"wp:featuredmedia":[{"embeddable":true,"href":"https:\/\/seed.hu\/en\/wp-json\/wp\/v2\/media\/792"}],"wp:attachment":[{"href":"https:\/\/seed.hu\/en\/wp-json\/wp\/v2\/media?parent=1118"}],"curies":[{"name":"wp","href":"https:\/\/api.w.org\/{rel}","templated":true}]}}