{"id":1120,"date":"2021-01-20T21:10:25","date_gmt":"2021-01-20T20:10:25","guid":{"rendered":"https:\/\/seed.hu\/?post_type=hirek&#038;p=1120"},"modified":"2022-01-24T14:42:21","modified_gmt":"2022-01-24T13:42:21","slug":"a-seed-alapitvany-kepzeseivel-programjaival-duplan-nyerhettek-most-nem-csak-a-tudast-megszerzett-tapasztalatot-es-kapcsolatokat-tudhatjatok-magatokenak-de-a-megjelent-fejleszteseket-tamogato-paly","status":"publish","type":"hirek","link":"https:\/\/seed.hu\/en\/hirek\/a-seed-alapitvany-kepzeseivel-programjaival-duplan-nyerhettek-most-nem-csak-a-tudast-megszerzett-tapasztalatot-es-kapcsolatokat-tudhatjatok-magatokenak-de-a-megjelent-fejleszteseket-tamogato-paly\/","title":{"rendered":"A SEED Alap\u00edtv\u00e1ny k\u00e9pz\u00e9seivel, programjaival dupl\u00e1n nyerhettek: most nem csak a tud\u00e1st, megszerzett tapasztalatot \u00e9s kapcsolatokat tudhatj\u00e1tok magatok\u00e9nak, de a megjelent, fejleszt\u00e9seket t\u00e1mogat\u00f3 p\u00e1ly\u00e1zatokon is pontot \u00e9rnek \u00e9s elsz\u00e1molhat\u00f3ak"},"content":{"rendered":"<p><strong>Mely k\u00e9pz\u00e9seink \u00e9s programjaink sz\u00e1molhat\u00f3ak el?<\/strong><\/p>\n<p><strong>1)V\u00e1llalkoz\u00f3i Tudnival\u00f3k, Tennival\u00f3k, Tanulnival\u00f3k &#8211; v\u00e1llalkoz\u00f3i kompetenciafejleszt\u00e9s<\/strong><\/p>\n<p>A\u00a0 90 \u00f3ra id\u0151tartam\u00fa k\u00e9pz\u00e9s c\u00e9lja, hogy a v\u00e1llalkoz\u00e1s\u00e1t vezet\u0151 v\u00e1llalkoz\u00f3 vagy v\u00e1llalkoz\u00e1s\u00e1t tervez\u0151, v\u00e1llalkoz\u00e1si \u00f6tlettel rendelkez\u0151 r\u00e9sztvev\u0151 ismerje meg a v\u00e1llalkoz\u00e1s sikeres m\u0171k\u00f6d\u00e9s\u00e9hez sz\u00fcks\u00e9ges alapvet\u0151 ismereteket, tudnival\u00f3kat.<\/p>\n<p><strong>Kulcsszavak:<\/strong> v\u00e1llalkoz\u00f3i kompetenciafejleszt\u00e9s, marketing, menedzsment, \u00fczleti tervez\u00e9s, \u00fczleti modellez\u00e9s, strat\u00e9gia<\/p>\n<p><strong><a href=\"https:\/\/seed.hu\/vallalkozoi-ttt-tudnivalok-tennivalok-tanulnivalok\" target=\"_blank\" rel=\"noopener\">https:\/\/seed.hu\/vallalkozoi-ttt-tudnivalok-tennivalok-tanulnivalok<\/a><\/strong><\/p>\n<p><strong>2) digITall &#8211; Digit\u00e1lis Kompetenciafejleszt\u00e9s<\/strong><\/p>\n<p>A 32 \u00f3ra id\u0151tartam\u00fa k\u00e9pz\u00e9s c\u00e9lja t\u00e1mogatni a v\u00e1llalatvezet\u0151k \u00e9s munkat\u00e1rsaik digit\u00e1lis k\u00e9szs\u00e9geinek fejleszt\u00e9s\u00e9t. A tematika a v\u00e1llalkoz\u00e1s m\u0171k\u00f6d\u00e9si ter\u00fcleteinek teljes spektrum\u00e1t \u00e9rinti a digitaliz\u00e1ci\u00f3s fejleszt\u00e9si lehet\u0151s\u00e9geket bemutatva, \u00e9s gyakorlatban megismerve az azonnal el\u00e9rhet\u0151 applik\u00e1ci\u00f3kat, szoftvereket.<\/p>\n<p><strong>Kulcsszavak:<\/strong>\u00a0digit\u00e1lis kompetenciafejleszt\u00e9s, egy\u00fcttm\u0171k\u00f6d\u00e9s, kereskedelem, HR, marketing, biztons\u00e1g, adatv\u00e9delem az online t\u00e9rben, informatika<\/p>\n<p><strong><a href=\"https:\/\/seed.hu\/digitall\" target=\"_blank\" rel=\"noopener\">https:\/\/seed.hu\/digitall<\/a><\/strong><\/p>\n<p><strong>3) Egynapos tr\u00e9ningek digit\u00e1lis k\u00e9szs\u00e9gfejleszt\u00e9s \u00e9s \u00fczleti tervez\u00e9s t\u00e9m\u00e1kban<\/strong><\/p>\n<p><strong>Online Business Model Canvas workshop<\/strong><\/p>\n<p><strong><a href=\"https:\/\/seed.hu\/online-business-model-canvas-workshop-0\" target=\"_blank\" rel=\"noopener\">https:\/\/seed.hu\/online-business-model-canvas-workshop-0<\/a><\/strong><\/p>\n<p><strong>quickIT k\u00e9pz\u00e9s \u2013 online t\u00e9rben<\/strong><\/p>\n<p><strong><a href=\"https:\/\/seed.hu\/quickit\" target=\"_blank\" rel=\"noopener\">https:\/\/seed.hu\/quickit<\/a><\/strong><\/p>\n<p><strong>A hat\u00e9konys\u00e1g m\u00e9rhet\u0151! &#8211; \u00e1r-\u00e9rt\u00e9k alapon hozott d\u00f6nt\u00e9sek<\/strong><\/p>\n<p><strong><a href=\"https:\/\/seed.hu\/a-hatekonysag-merheto-ar-ertek-alapon-hozott-dontesek-0\" target=\"_blank\" rel=\"noopener\">https:\/\/seed.hu\/a-hatekonysag-merheto-ar-ertek-alapon-hozott-dontesek-0<\/a><\/strong><\/p>\n<p><strong>A t\u00e1vmunka is legyen teljes \u00e9rt\u00e9k\u0171! &#8211; egy\u00fcttm\u0171k\u00f6d\u00e9s \u00e9s visszajelz\u00e9s az online t\u00e9rben<\/strong><\/p>\n<p><strong><a href=\"https:\/\/seed.hu\/a-tavmunka-is-legyen-teljes-erteku-egyuttmukodes-es-visszajelzes-az-online-terben\" target=\"_blank\" rel=\"noopener\">https:\/\/seed.hu\/a-tavmunka-is-legyen-teljes-erteku-egyuttmukodes-es-visszajelzes-az-online-terben<\/a><\/strong><\/p>\n<p>&nbsp;<\/p>\n<p><strong>Mely p\u00e1ly\u00e1zatokban \u00e9s hogyan?<\/strong><\/p>\n<p><strong>a) A t\u00e1mogat\u00e1sb\u00f3l finansz\u00edrozhat\u00f3 form\u00e1ban:<\/strong><\/p>\n<p>Az 1. \u00e9s 2. pontban felsorolt k\u00e9pz\u00e9sek vehet\u0151k figyelembe<\/p>\n<ul>\n<li><strong>GINOP-1.2.9-20 H\u00e1tr\u00e1nyos helyzet\u0171 telep\u00fcl\u00e9seken m\u0171k\u00f6d\u0151 mikro- \u00e9s kisv\u00e1llalkoz\u00e1sok fejleszt\u00e9seinek t\u00e1mogat\u00e1sa<\/strong><\/li>\n<\/ul>\n<p>A projektben az elsz\u00e1molhat\u00f3 \u00f6sszk\u00f6lts\u00e9g max. 20%-a erej\u00e9ig,\u00a0v\u00e1laszthat\u00f3, \u00f6n\u00e1ll\u00f3an nem t\u00e1mogathat\u00f3 tev\u00e9kenys\u00e9g r\u00e9v\u00e9n.<\/p>\n<ul>\n<li><strong>GINOP-1.2.12-21 \u00c9lelmiszeripari k\u00f6z\u00e9pv\u00e1llalatok komplex beruh\u00e1z\u00e1sainak t\u00e1mogat\u00e1sa<\/strong><\/li>\n<\/ul>\n<p>A projektben az elsz\u00e1molhat\u00f3 \u00f6sszk\u00f6lts\u00e9g max. 20%-a erej\u00e9ig,\u00a0v\u00e1laszthat\u00f3, \u00f6n\u00e1ll\u00f3an nem t\u00e1mogathat\u00f3 tev\u00e9kenys\u00e9g r\u00e9v\u00e9n.<\/p>\n<p>&nbsp;<\/p>\n<p><strong>b) Az eredm\u00e9nyess\u00e9gi m\u00e9r\u00e9s sor\u00e1n, a kapott t\u00e1mogat\u00e1s visszat\u00e9r\u00edtend\u0151b\u0151l vissza nem t\u00e9r\u00edtend\u0151v\u00e9 alak\u00edt\u00e1sa \u00e9rdek\u00e9ben. Ezekben a p\u00e1ly\u00e1zatokban a t\u00e1mogat\u00e1st alapvet\u0151en visszat\u00e9r\u00edtend\u0151 t\u00e1mogat\u00e1sk\u00e9nt kapja meg a p\u00e1ly\u00e1z\u00f3, de bizonyos tev\u00e9kenys\u00e9gek ell\u00e1t\u00e1sa a fenntart\u00e1si id\u0151szakban pontot \u00e9r, mellyel vissza nem t\u00e9r\u00edtend\u0151v\u00e9 alak\u00edthat\u00f3 az.<\/strong><\/p>\n<p>Minden fent eml\u00edtett k\u00e9pz\u00e9s \u00e9s tr\u00e9ning figyelembe vehet\u0151<\/p>\n<ul>\n<li><strong>GINOP-1.2.13-20 \u00e9s VEKOP-1.2.8-20 Az egyszer haszn\u00e1latos \u00e9s egy\u00e9b m\u0171anyagterm\u00e9kek forgalomba hozatal\u00e1nak korl\u00e1toz\u00e1s\u00e1val \u00e9rintett, valamint az ezeket helyettes\u00edt\u0151 term\u00e9kek gy\u00e1rt\u00e1s\u00e1val foglalkoz\u00f3 v\u00e1llalkoz\u00e1sok technol\u00f3giav\u00e1lt\u00e1s\u00e1nak \u00e9s kapacit\u00e1sb\u0151v\u00edt\u00e9s\u00e9nek t\u00e1mogat\u00e1sa<\/strong><\/li>\n<\/ul>\n<p>80 pontb\u00f3l 10 pontot \u00e9r ha ig\u00e9nybe vett a projekt lez\u00e1r\u00e1s\u00e1t\u00f3l sz\u00e1m\u00edtott els\u0151 \u00fczleti \u00e9vben valamilyen szakmai vagy \u00fczleti jelleg\u0171 oktat\u00e1si\/szakk\u00e9pz\u00e9si\/tr\u00e9ning jelleg\u0171 szolg\u00e1ltat\u00e1st az IFKA \u00e1ltal min\u0151s\u00edtett szolg\u00e1ltat\u00f3kt\u00f3l.<\/p>\n<ul>\n<li><strong>GINOP-1.2.14-20 \u00e9s VEKOP-1.2.7-20 Divat \u00e9s Diz\u00e1jnipari mikro-, kis- \u00e9s k\u00f6z\u00e9pv\u00e1llalkoz\u00e1sok modern \u00fczleti \u00e9s termel\u00e9si kih\u00edv\u00e1sokhoz val\u00f3 alkalmazkod\u00e1s\u00e1t seg\u00edt\u0151 fejleszt\u00e9sek t\u00e1mogat\u00e1sa<\/strong><\/li>\n<\/ul>\n<p>50 pontb\u00f3l 15 pont \u00e9r ha a v\u00e1llalkoz\u00e1s ig\u00e9nybe vett a T\u00e1mogat\u00f3i Okirat hat\u00e1lyba l\u00e9p\u00e9s\u00e9nek id\u0151pontj\u00e1t\u00f3l a projekt fizikai befejez\u00e9s\u00e9t k\u00f6vet\u0151 els\u0151 \u00fczleti \u00e9v v\u00e9g\u00e9ig tart\u00f3 id\u0151szakban valamilyen szakmai vagy \u00fczleti jelleg\u0171 oktat\u00e1si\/szakk\u00e9pz\u00e9si\/tr\u00e9ning jelleg\u0171 szolg\u00e1ltat\u00e1st az IFKA \u00e1ltal min\u0151s\u00edtett vagy az MDD\u00dc \u00e1ltal elismert oktat\u00e1si\/szakk\u00e9pz\u00e9si szolg\u00e1ltat\u00f3kt\u00f3l.<\/p>\n<p>&nbsp;<\/p>\n<p><strong>Miel\u0151tt p\u00e1ly\u00e1zat\u00edr\u00e1sra adod a fejed,\u00a0vagy p\u00e1ly\u00e1zat\u00edr\u00f3hoz fordulsz, az al\u00e1bbiakat \u00e9rdemes \u00e1tgondolni:<\/strong><\/p>\n<ul>\n<li>a t\u00e1mogathat\u00f3 tev\u00e9kenys\u00e9gek illeszkednek-e a c\u00e9ljaidhoz,<\/li>\n<li>a t\u00e1mogat\u00e1s \u00f6sszege mell\u00e9 sz\u00fcks\u00e9ges \u00f6ner\u0151t rendelkez\u00e9sre tudod-e bocs\u00e1tani,<\/li>\n<li>megfelelsz-e minden krit\u00e9riumnak, mely a felh\u00edv\u00e1sok T\u00e1mogat\u00e1st ig\u00e9nyl\u0151k k\u00f6re pontj\u00e1ban szerepel,<\/li>\n<li>tudod-e v\u00e1llalni a k\u00f6telez\u0151 v\u00e1llal\u00e1sokat.<\/li>\n<\/ul>\n<p>\u00e9s m\u00e9g sz\u00e1mos apr\u00f3s\u00e1g sz\u00f3ba j\u00f6het&#8230;<\/p>\n<p>&nbsp;<\/p>\n<p>A p\u00e1ly\u00e1zatokr\u00f3l tov\u00e1bbi inform\u00e1ci\u00f3t szerezhettek mentorunkt\u00f3l, Gl\u00f3sz Andre\u00e1t\u00f3l a Gl\u00f3sz \u00e9s T\u00e1rsa Kft-t\u0151l\u00a0<strong><a href=\"https:\/\/glosz.hu\/\" target=\"_blank\" rel=\"noopener\">https:\/\/glosz.hu\/<\/a><\/strong>.<\/p>\n","protected":false},"featured_media":792,"menu_order":0,"template":"","meta":{"_acf_changed":false},"class_list":["post-1120","hirek","type-hirek","status-publish","has-post-thumbnail","hentry"],"acf":[],"yoast_head":"<!-- This site is optimized with the Yoast SEO plugin v27.4 - https:\/\/yoast.com\/product\/yoast-seo-wordpress\/ -->\n<title>A SEED Alap\u00edtv\u00e1ny k\u00e9pz\u00e9seivel, programjaival dupl\u00e1n nyerhettek: most nem csak a tud\u00e1st, megszerzett tapasztalatot \u00e9s kapcsolatokat tudhatj\u00e1tok magatok\u00e9nak, de a megjelent, fejleszt\u00e9seket t\u00e1mogat\u00f3 p\u00e1ly\u00e1zatokon is pontot \u00e9rnek \u00e9s elsz\u00e1molhat\u00f3ak - Seed<\/title>\n<meta name=\"robots\" content=\"index, follow, max-snippet:-1, max-image-preview:large, max-video-preview:-1\" \/>\n<link rel=\"canonical\" href=\"https:\/\/seed.hu\/hirek\/a-seed-alapitvany-kepzeseivel-programjaival-duplan-nyerhettek-most-nem-csak-a-tudast-megszerzett-tapasztalatot-es-kapcsolatokat-tudhatjatok-magatokenak-de-a-megjelent-fejleszteseket-tamogato-paly\/\" \/>\n<meta property=\"og:locale\" content=\"en_US\" \/>\n<meta property=\"og:type\" content=\"article\" \/>\n<meta property=\"og:title\" content=\"A SEED Alap\u00edtv\u00e1ny k\u00e9pz\u00e9seivel, programjaival dupl\u00e1n nyerhettek: most nem csak a tud\u00e1st, megszerzett tapasztalatot \u00e9s kapcsolatokat tudhatj\u00e1tok magatok\u00e9nak, de a megjelent, fejleszt\u00e9seket t\u00e1mogat\u00f3 p\u00e1ly\u00e1zatokon is pontot \u00e9rnek \u00e9s elsz\u00e1molhat\u00f3ak - Seed\" \/>\n<meta property=\"og:description\" content=\"Mely k\u00e9pz\u00e9seink \u00e9s programjaink sz\u00e1molhat\u00f3ak el? 1)V\u00e1llalkoz\u00f3i Tudnival\u00f3k, Tennival\u00f3k, Tanulnival\u00f3k &#8211; v\u00e1llalkoz\u00f3i kompetenciafejleszt\u00e9s A\u00a0 90 \u00f3ra id\u0151tartam\u00fa k\u00e9pz\u00e9s c\u00e9lja, hogy a v\u00e1llalkoz\u00e1s\u00e1t vezet\u0151 v\u00e1llalkoz\u00f3 vagy v\u00e1llalkoz\u00e1s\u00e1t tervez\u0151, v\u00e1llalkoz\u00e1si \u00f6tlettel rendelkez\u0151 r\u00e9sztvev\u0151 ismerje meg a v\u00e1llalkoz\u00e1s sikeres m\u0171k\u00f6d\u00e9s\u00e9hez sz\u00fcks\u00e9ges alapvet\u0151 ismereteket, tudnival\u00f3kat. Kulcsszavak: v\u00e1llalkoz\u00f3i kompetenciafejleszt\u00e9s, marketing, menedzsment, \u00fczleti tervez\u00e9s, \u00fczleti modellez\u00e9s, strat\u00e9gia https:\/\/seed.hu\/vallalkozoi-ttt-tudnivalok-tennivalok-tanulnivalok 2) digITall &#8211; [&hellip;]\" \/>\n<meta property=\"og:url\" content=\"https:\/\/seed.hu\/hirek\/a-seed-alapitvany-kepzeseivel-programjaival-duplan-nyerhettek-most-nem-csak-a-tudast-megszerzett-tapasztalatot-es-kapcsolatokat-tudhatjatok-magatokenak-de-a-megjelent-fejleszteseket-tamogato-paly\/\" \/>\n<meta property=\"og:site_name\" content=\"Seed\" \/>\n<meta property=\"article:modified_time\" content=\"2022-01-24T13:42:21+00:00\" \/>\n<meta property=\"og:image\" content=\"https:\/\/seed.hu\/wp-content\/uploads\/2018\/04\/SEED_logo.png\" \/>\n\t<meta property=\"og:image:width\" content=\"250\" \/>\n\t<meta property=\"og:image:height\" content=\"206\" \/>\n\t<meta property=\"og:image:type\" content=\"image\/png\" \/>\n<meta name=\"twitter:card\" content=\"summary_large_image\" \/>\n<meta name=\"twitter:label1\" content=\"Est. reading time\" \/>\n\t<meta name=\"twitter:data1\" content=\"4 minutes\" \/>\n<script type=\"application\/ld+json\" class=\"yoast-schema-graph\">{\"@context\":\"https:\\\/\\\/schema.org\",\"@graph\":[{\"@type\":\"WebPage\",\"@id\":\"https:\\\/\\\/seed.hu\\\/hirek\\\/a-seed-alapitvany-kepzeseivel-programjaival-duplan-nyerhettek-most-nem-csak-a-tudast-megszerzett-tapasztalatot-es-kapcsolatokat-tudhatjatok-magatokenak-de-a-megjelent-fejleszteseket-tamogato-paly\\\/\",\"url\":\"https:\\\/\\\/seed.hu\\\/hirek\\\/a-seed-alapitvany-kepzeseivel-programjaival-duplan-nyerhettek-most-nem-csak-a-tudast-megszerzett-tapasztalatot-es-kapcsolatokat-tudhatjatok-magatokenak-de-a-megjelent-fejleszteseket-tamogato-paly\\\/\",\"name\":\"A SEED Alap\u00edtv\u00e1ny k\u00e9pz\u00e9seivel, programjaival dupl\u00e1n nyerhettek: most nem csak a tud\u00e1st, megszerzett tapasztalatot \u00e9s kapcsolatokat tudhatj\u00e1tok magatok\u00e9nak, de a megjelent, fejleszt\u00e9seket t\u00e1mogat\u00f3 p\u00e1ly\u00e1zatokon is pontot \u00e9rnek \u00e9s elsz\u00e1molhat\u00f3ak - Seed\",\"isPartOf\":{\"@id\":\"https:\\\/\\\/seed.hu\\\/#website\"},\"primaryImageOfPage\":{\"@id\":\"https:\\\/\\\/seed.hu\\\/hirek\\\/a-seed-alapitvany-kepzeseivel-programjaival-duplan-nyerhettek-most-nem-csak-a-tudast-megszerzett-tapasztalatot-es-kapcsolatokat-tudhatjatok-magatokenak-de-a-megjelent-fejleszteseket-tamogato-paly\\\/#primaryimage\"},\"image\":{\"@id\":\"https:\\\/\\\/seed.hu\\\/hirek\\\/a-seed-alapitvany-kepzeseivel-programjaival-duplan-nyerhettek-most-nem-csak-a-tudast-megszerzett-tapasztalatot-es-kapcsolatokat-tudhatjatok-magatokenak-de-a-megjelent-fejleszteseket-tamogato-paly\\\/#primaryimage\"},\"thumbnailUrl\":\"https:\\\/\\\/seed.hu\\\/wp-content\\\/uploads\\\/2018\\\/04\\\/SEED_logo.png\",\"datePublished\":\"2021-01-20T20:10:25+00:00\",\"dateModified\":\"2022-01-24T13:42:21+00:00\",\"breadcrumb\":{\"@id\":\"https:\\\/\\\/seed.hu\\\/hirek\\\/a-seed-alapitvany-kepzeseivel-programjaival-duplan-nyerhettek-most-nem-csak-a-tudast-megszerzett-tapasztalatot-es-kapcsolatokat-tudhatjatok-magatokenak-de-a-megjelent-fejleszteseket-tamogato-paly\\\/#breadcrumb\"},\"inLanguage\":\"en-US\",\"potentialAction\":[{\"@type\":\"ReadAction\",\"target\":[\"https:\\\/\\\/seed.hu\\\/hirek\\\/a-seed-alapitvany-kepzeseivel-programjaival-duplan-nyerhettek-most-nem-csak-a-tudast-megszerzett-tapasztalatot-es-kapcsolatokat-tudhatjatok-magatokenak-de-a-megjelent-fejleszteseket-tamogato-paly\\\/\"]}]},{\"@type\":\"ImageObject\",\"inLanguage\":\"en-US\",\"@id\":\"https:\\\/\\\/seed.hu\\\/hirek\\\/a-seed-alapitvany-kepzeseivel-programjaival-duplan-nyerhettek-most-nem-csak-a-tudast-megszerzett-tapasztalatot-es-kapcsolatokat-tudhatjatok-magatokenak-de-a-megjelent-fejleszteseket-tamogato-paly\\\/#primaryimage\",\"url\":\"https:\\\/\\\/seed.hu\\\/wp-content\\\/uploads\\\/2018\\\/04\\\/SEED_logo.png\",\"contentUrl\":\"https:\\\/\\\/seed.hu\\\/wp-content\\\/uploads\\\/2018\\\/04\\\/SEED_logo.png\",\"width\":250,\"height\":206},{\"@type\":\"BreadcrumbList\",\"@id\":\"https:\\\/\\\/seed.hu\\\/hirek\\\/a-seed-alapitvany-kepzeseivel-programjaival-duplan-nyerhettek-most-nem-csak-a-tudast-megszerzett-tapasztalatot-es-kapcsolatokat-tudhatjatok-magatokenak-de-a-megjelent-fejleszteseket-tamogato-paly\\\/#breadcrumb\",\"itemListElement\":[{\"@type\":\"ListItem\",\"position\":1,\"name\":\"H\u00edrek\",\"item\":\"https:\\\/\\\/seed.hu\\\/hirek\\\/\"},{\"@type\":\"ListItem\",\"position\":2,\"name\":\"A SEED Alap\u00edtv\u00e1ny k\u00e9pz\u00e9seivel, programjaival dupl\u00e1n nyerhettek: most nem csak a tud\u00e1st, megszerzett tapasztalatot \u00e9s kapcsolatokat tudhatj\u00e1tok magatok\u00e9nak, de a megjelent, fejleszt\u00e9seket t\u00e1mogat\u00f3 p\u00e1ly\u00e1zatokon is pontot \u00e9rnek \u00e9s elsz\u00e1molhat\u00f3ak\"}]},{\"@type\":\"WebSite\",\"@id\":\"https:\\\/\\\/seed.hu\\\/#website\",\"url\":\"https:\\\/\\\/seed.hu\\\/\",\"name\":\"Seed\",\"description\":\"\",\"potentialAction\":[{\"@type\":\"SearchAction\",\"target\":{\"@type\":\"EntryPoint\",\"urlTemplate\":\"https:\\\/\\\/seed.hu\\\/?s={search_term_string}\"},\"query-input\":{\"@type\":\"PropertyValueSpecification\",\"valueRequired\":true,\"valueName\":\"search_term_string\"}}],\"inLanguage\":\"en-US\"}]}<\/script>\n<!-- \/ Yoast SEO plugin. -->","yoast_head_json":{"title":"A SEED Alap\u00edtv\u00e1ny k\u00e9pz\u00e9seivel, programjaival dupl\u00e1n nyerhettek: most nem csak a tud\u00e1st, megszerzett tapasztalatot \u00e9s kapcsolatokat tudhatj\u00e1tok magatok\u00e9nak, de a megjelent, fejleszt\u00e9seket t\u00e1mogat\u00f3 p\u00e1ly\u00e1zatokon is pontot \u00e9rnek \u00e9s elsz\u00e1molhat\u00f3ak - Seed","robots":{"index":"index","follow":"follow","max-snippet":"max-snippet:-1","max-image-preview":"max-image-preview:large","max-video-preview":"max-video-preview:-1"},"canonical":"https:\/\/seed.hu\/hirek\/a-seed-alapitvany-kepzeseivel-programjaival-duplan-nyerhettek-most-nem-csak-a-tudast-megszerzett-tapasztalatot-es-kapcsolatokat-tudhatjatok-magatokenak-de-a-megjelent-fejleszteseket-tamogato-paly\/","og_locale":"en_US","og_type":"article","og_title":"A SEED Alap\u00edtv\u00e1ny k\u00e9pz\u00e9seivel, programjaival dupl\u00e1n nyerhettek: most nem csak a tud\u00e1st, megszerzett tapasztalatot \u00e9s kapcsolatokat tudhatj\u00e1tok magatok\u00e9nak, de a megjelent, fejleszt\u00e9seket t\u00e1mogat\u00f3 p\u00e1ly\u00e1zatokon is pontot \u00e9rnek \u00e9s elsz\u00e1molhat\u00f3ak - Seed","og_description":"Mely k\u00e9pz\u00e9seink \u00e9s programjaink sz\u00e1molhat\u00f3ak el? 1)V\u00e1llalkoz\u00f3i Tudnival\u00f3k, Tennival\u00f3k, Tanulnival\u00f3k &#8211; v\u00e1llalkoz\u00f3i kompetenciafejleszt\u00e9s A\u00a0 90 \u00f3ra id\u0151tartam\u00fa k\u00e9pz\u00e9s c\u00e9lja, hogy a v\u00e1llalkoz\u00e1s\u00e1t vezet\u0151 v\u00e1llalkoz\u00f3 vagy v\u00e1llalkoz\u00e1s\u00e1t tervez\u0151, v\u00e1llalkoz\u00e1si \u00f6tlettel rendelkez\u0151 r\u00e9sztvev\u0151 ismerje meg a v\u00e1llalkoz\u00e1s sikeres m\u0171k\u00f6d\u00e9s\u00e9hez sz\u00fcks\u00e9ges alapvet\u0151 ismereteket, tudnival\u00f3kat. Kulcsszavak: v\u00e1llalkoz\u00f3i kompetenciafejleszt\u00e9s, marketing, menedzsment, \u00fczleti tervez\u00e9s, \u00fczleti modellez\u00e9s, strat\u00e9gia https:\/\/seed.hu\/vallalkozoi-ttt-tudnivalok-tennivalok-tanulnivalok 2) digITall &#8211; [&hellip;]","og_url":"https:\/\/seed.hu\/hirek\/a-seed-alapitvany-kepzeseivel-programjaival-duplan-nyerhettek-most-nem-csak-a-tudast-megszerzett-tapasztalatot-es-kapcsolatokat-tudhatjatok-magatokenak-de-a-megjelent-fejleszteseket-tamogato-paly\/","og_site_name":"Seed","article_modified_time":"2022-01-24T13:42:21+00:00","og_image":[{"width":250,"height":206,"url":"https:\/\/seed.hu\/wp-content\/uploads\/2018\/04\/SEED_logo.png","type":"image\/png"}],"twitter_card":"summary_large_image","twitter_misc":{"Est. reading time":"4 minutes"},"schema":{"@context":"https:\/\/schema.org","@graph":[{"@type":"WebPage","@id":"https:\/\/seed.hu\/hirek\/a-seed-alapitvany-kepzeseivel-programjaival-duplan-nyerhettek-most-nem-csak-a-tudast-megszerzett-tapasztalatot-es-kapcsolatokat-tudhatjatok-magatokenak-de-a-megjelent-fejleszteseket-tamogato-paly\/","url":"https:\/\/seed.hu\/hirek\/a-seed-alapitvany-kepzeseivel-programjaival-duplan-nyerhettek-most-nem-csak-a-tudast-megszerzett-tapasztalatot-es-kapcsolatokat-tudhatjatok-magatokenak-de-a-megjelent-fejleszteseket-tamogato-paly\/","name":"A SEED Alap\u00edtv\u00e1ny k\u00e9pz\u00e9seivel, programjaival dupl\u00e1n nyerhettek: most nem csak a tud\u00e1st, megszerzett tapasztalatot \u00e9s kapcsolatokat tudhatj\u00e1tok magatok\u00e9nak, de a megjelent, fejleszt\u00e9seket t\u00e1mogat\u00f3 p\u00e1ly\u00e1zatokon is pontot \u00e9rnek \u00e9s elsz\u00e1molhat\u00f3ak - Seed","isPartOf":{"@id":"https:\/\/seed.hu\/#website"},"primaryImageOfPage":{"@id":"https:\/\/seed.hu\/hirek\/a-seed-alapitvany-kepzeseivel-programjaival-duplan-nyerhettek-most-nem-csak-a-tudast-megszerzett-tapasztalatot-es-kapcsolatokat-tudhatjatok-magatokenak-de-a-megjelent-fejleszteseket-tamogato-paly\/#primaryimage"},"image":{"@id":"https:\/\/seed.hu\/hirek\/a-seed-alapitvany-kepzeseivel-programjaival-duplan-nyerhettek-most-nem-csak-a-tudast-megszerzett-tapasztalatot-es-kapcsolatokat-tudhatjatok-magatokenak-de-a-megjelent-fejleszteseket-tamogato-paly\/#primaryimage"},"thumbnailUrl":"https:\/\/seed.hu\/wp-content\/uploads\/2018\/04\/SEED_logo.png","datePublished":"2021-01-20T20:10:25+00:00","dateModified":"2022-01-24T13:42:21+00:00","breadcrumb":{"@id":"https:\/\/seed.hu\/hirek\/a-seed-alapitvany-kepzeseivel-programjaival-duplan-nyerhettek-most-nem-csak-a-tudast-megszerzett-tapasztalatot-es-kapcsolatokat-tudhatjatok-magatokenak-de-a-megjelent-fejleszteseket-tamogato-paly\/#breadcrumb"},"inLanguage":"en-US","potentialAction":[{"@type":"ReadAction","target":["https:\/\/seed.hu\/hirek\/a-seed-alapitvany-kepzeseivel-programjaival-duplan-nyerhettek-most-nem-csak-a-tudast-megszerzett-tapasztalatot-es-kapcsolatokat-tudhatjatok-magatokenak-de-a-megjelent-fejleszteseket-tamogato-paly\/"]}]},{"@type":"ImageObject","inLanguage":"en-US","@id":"https:\/\/seed.hu\/hirek\/a-seed-alapitvany-kepzeseivel-programjaival-duplan-nyerhettek-most-nem-csak-a-tudast-megszerzett-tapasztalatot-es-kapcsolatokat-tudhatjatok-magatokenak-de-a-megjelent-fejleszteseket-tamogato-paly\/#primaryimage","url":"https:\/\/seed.hu\/wp-content\/uploads\/2018\/04\/SEED_logo.png","contentUrl":"https:\/\/seed.hu\/wp-content\/uploads\/2018\/04\/SEED_logo.png","width":250,"height":206},{"@type":"BreadcrumbList","@id":"https:\/\/seed.hu\/hirek\/a-seed-alapitvany-kepzeseivel-programjaival-duplan-nyerhettek-most-nem-csak-a-tudast-megszerzett-tapasztalatot-es-kapcsolatokat-tudhatjatok-magatokenak-de-a-megjelent-fejleszteseket-tamogato-paly\/#breadcrumb","itemListElement":[{"@type":"ListItem","position":1,"name":"H\u00edrek","item":"https:\/\/seed.hu\/hirek\/"},{"@type":"ListItem","position":2,"name":"A SEED Alap\u00edtv\u00e1ny k\u00e9pz\u00e9seivel, programjaival dupl\u00e1n nyerhettek: most nem csak a tud\u00e1st, megszerzett tapasztalatot \u00e9s kapcsolatokat tudhatj\u00e1tok magatok\u00e9nak, de a megjelent, fejleszt\u00e9seket t\u00e1mogat\u00f3 p\u00e1ly\u00e1zatokon is pontot \u00e9rnek \u00e9s elsz\u00e1molhat\u00f3ak"}]},{"@type":"WebSite","@id":"https:\/\/seed.hu\/#website","url":"https:\/\/seed.hu\/","name":"Seed","description":"","potentialAction":[{"@type":"SearchAction","target":{"@type":"EntryPoint","urlTemplate":"https:\/\/seed.hu\/?s={search_term_string}"},"query-input":{"@type":"PropertyValueSpecification","valueRequired":true,"valueName":"search_term_string"}}],"inLanguage":"en-US"}]}},"_links":{"self":[{"href":"https:\/\/seed.hu\/en\/wp-json\/wp\/v2\/hirek\/1120","targetHints":{"allow":["GET"]}}],"collection":[{"href":"https:\/\/seed.hu\/en\/wp-json\/wp\/v2\/hirek"}],"about":[{"href":"https:\/\/seed.hu\/en\/wp-json\/wp\/v2\/types\/hirek"}],"wp:featuredmedia":[{"embeddable":true,"href":"https:\/\/seed.hu\/en\/wp-json\/wp\/v2\/media\/792"}],"wp:attachment":[{"href":"https:\/\/seed.hu\/en\/wp-json\/wp\/v2\/media?parent=1120"}],"curies":[{"name":"wp","href":"https:\/\/api.w.org\/{rel}","templated":true}]}}