{"id":1121,"date":"2021-02-11T16:22:26","date_gmt":"2021-02-11T15:22:26","guid":{"rendered":"https:\/\/seed.hu\/?post_type=hirek&#038;p=1121"},"modified":"2022-01-24T14:43:51","modified_gmt":"2022-01-24T13:43:51","slug":"biznisz-az-ingatlanban-hogyan-eri-meg-maganszemelykent-vagy-cegkent","status":"publish","type":"hirek","link":"https:\/\/seed.hu\/en\/hirek\/biznisz-az-ingatlanban-hogyan-eri-meg-maganszemelykent-vagy-cegkent\/","title":{"rendered":"Biznisz az ingatlanban Hogyan \u00e9ri meg? Mag\u00e1nszem\u00e9lyk\u00e9nt vagy c\u00e9gk\u00e9nt?"},"content":{"rendered":"<div><\/div>\n<div>\n<table style=\"width: 667px;\" border=\"0\" cellspacing=\"1\" cellpadding=\"1\" align=\"center\">\n<tbody>\n<tr>\n<td style=\"width: 664.688px;\">\n<div class=\"gmail_attr\" dir=\"ltr\">\n<p><span style=\"font-family: tahoma, arial, helvetica, sans-serif;\"><b>Szeretettel megh\u00edvjuk<\/b> a BKIK \u00e9s a PP Konferenciak\u00f6zpont <span style=\"color: #ff0000;\"><b>Biznisz az ingatlanban <\/b><\/span>c\u00edm\u0171 konferenci\u00e1j\u00e1ra, melyen a <span style=\"color: #ff0000;\"><b>SEED <\/b><\/span>Szakmai partners\u00e9get v\u00e1llalt. Tagt\u00e1rsaink, partnereink jelent\u0151s kedvezm\u00e9nnyel vehetnek r\u00e9szt vide\u00f3konferenci\u00e1nkon.<\/span><\/p>\n<p><span style=\"font-family: tahoma, arial, helvetica, sans-serif;\"><b>Kedvezm\u00e9nyes r\u00e9szv\u00e9teli d\u00edj <\/b><\/span><\/p>\n<p style=\"text-align: center;\"><span style=\"font-family: tahoma, arial, helvetica, sans-serif;\"><span style=\"color: #ff0000;\"><b>11 000 Ft + \u00e1fa.<\/b><\/span>\u00a0 Kuponk\u00f3d: <span style=\"color: #ff0000;\"><b>SZP20<\/b><\/span><\/span><\/p>\n<p><span style=\"font-family: tahoma, arial, helvetica, sans-serif;\"><b>Figyelem! A kedvezm\u00e9ny ig\u00e9nybe v\u00e9tel\u00e9hez\u00a0a<\/b> Regisztr\u00e1ci\u00f3s \u0171rlap v\u00e9g\u00e9n lev\u0151 <b>\u201eKupon k\u00f3d\u201d <\/b>mez\u0151be \u00edrj\u00e1k be a v\u00e1lasztott kedvezm\u00e9ny k\u00f3dj\u00e1t!<\/span><\/p>\n<p><img loading=\"lazy\" decoding=\"async\" style=\"display: block; margin-left: auto; margin-right: auto;\" src=\"https:\/\/wg.kkv-akademia.hu\/files\/images\/3866\/800x210-439k02.jpg\" alt=\"\" width=\"800\" height=\"210\" \/><\/p>\n<p style=\"text-align: center;\"><span style=\"font-family: tahoma, arial, helvetica, sans-serif; font-size: 36px; color: #000080;\"><b>Biznisz az ingatlanban<\/b><\/span><\/p>\n<p style=\"text-align: center;\"><span style=\"font-family: tahoma, arial, helvetica, sans-serif; color: #000080;\"><b><span style=\"font-size: 24px;\">Hogyan \u00e9ri meg? Mag\u00e1nszem\u00e9lyk\u00e9nt vagy c\u00e9gk\u00e9nt?<\/span> <\/b><\/span><\/p>\n<p><span style=\"font-family: tahoma, arial, helvetica, sans-serif; font-size: 14px;\"><b>\u00a0<\/b><\/span><\/p>\n<p><span style=\"font-family: tahoma, arial, helvetica, sans-serif; font-size: 14px;\"><b>Id\u0151pont: <\/b><span style=\"font-family: tahoma, arial, helvetica, sans-serif; font-size: 14px;\">2021. <\/span>m\u00e1rcius 4. cs\u00fct\u00f6rt\u00f6k, 9.30\u201316.00 (aznap \u00e9s m\u00e9g 6 napig megtekinthet\u0151)<\/span><\/p>\n<p><span style=\"font-family: tahoma, arial, helvetica, sans-serif; font-size: 14px;\"><b>Helysz\u00edn:<\/b> Orsz\u00e1gos \u00e9l\u0151 vide\u00f3konferencia (interneten, mobilon, tableten)<\/span><\/p>\n<p>&nbsp;<\/p>\n<p style=\"text-align: center;\"><span style=\"font-family: tahoma, arial, helvetica, sans-serif; font-size: 14px; color: #ff0000;\"><b>Most \u00e9rdemes ingatlanba beruh\u00e1zni. Tudd meg, mi\u00e9rt?<\/b><\/span><\/p>\n<p style=\"text-align: center;\"><span style=\"font-family: tahoma, arial, helvetica, sans-serif; font-size: 14px;\"><b>\u00c9rdemes kisz\u00e1m\u00edtani a mag\u00e1n \u00e9s a c\u00e9ges beruh\u00e1z\u00e1sok k\u00f6lts\u00e9g\u00e9t. Vari\u00e1lhat\u00f3!<\/b><\/span><\/p>\n<p style=\"text-align: center;\"><span style=\"font-family: tahoma, arial, helvetica, sans-serif; font-size: 14px; color: #ff0000;\"><b>Fejlessz az \u00faj kereslethez igazodva! Tudd meg most mi a j\u00f3 biznisz!<\/b><\/span><\/p>\n<p style=\"text-align: center;\"><span style=\"font-family: tahoma, arial, helvetica, sans-serif; font-size: 14px;\"><b>\u00a0<\/b><\/span><\/p>\n<p style=\"text-align: center;\"><span style=\"font-family: tahoma, arial, helvetica, sans-serif; font-size: 14px; color: #000080;\"><b>A vide\u00f3k\u00f6zvet\u00edt\u00e9s a konferencia napj\u00e1n \u00e9s m\u00e9g 6 napig visszan\u00e9zhet\u0151!<\/b><\/span><b>\u00a0<\/b><\/p>\n<p><span style=\"font-family: tahoma, arial, helvetica, sans-serif; font-size: 14px;\"><b>\u00a0<\/b><\/span><\/p>\n<p><span style=\"font-family: tahoma, arial, helvetica, sans-serif; font-size: 16px; color: #ff0000;\"><b>Mir\u0151l sz\u00f3lunk?<\/b><\/span><\/p>\n<p><span style=\"font-family: tahoma, arial, helvetica, sans-serif; font-size: 14px;\"><b>Hatalmas lak\u00e1s\u00e9p\u00edt\u00e9si \u00e9s beruh\u00e1z\u00e1si boomra lehet sz\u00e1m\u00edtani haz\u00e1nkban az \u00e1facs\u00f6kken\u00e9s, a csal\u00e1di otthonteremt\u00e9si kedvezm\u00e9nyek \u00e9s a t\u00e1mogatott hitelek, ad\u00f3elenged\u00e9sek, valamint a rendk\u00edv\u00fcl olcs\u00f3 fejleszt\u00e9si hitelek miatt. <\/b>De az <b>irodaberuh\u00e1z\u00e1sok, b\u00e9rbead\u00e1sok, l\u00edzingel\u00e9sek frontj\u00e1n is nagyok a mozgol\u00f3d\u00e1sok<\/b> a v\u00edrusj\u00e1rv\u00e1ny okozta megv\u00e1ltozott kereslet miatt. Sajnos, sok keresked\u0151, vend\u00e9gl\u00e1t\u00f3 dobta be a t\u00f6r\u00f6lk\u00f6z\u0151t, <b>nagyon olcs\u00f3k lettek a m\u00e1sk\u00e9nt is hasznos\u00edthat\u00f3, j\u00f3 helyen lev\u0151 ingatlanok.<\/b><\/span><\/p>\n<p><span style=\"font-family: tahoma, arial, helvetica, sans-serif; font-size: 14px;\">A glob\u00e1lis \u00e9s hazai ingatlanbefektet\u00e9si piacon a <b>befektet\u0151k portf\u00f3li\u00f3juk b\u0151v\u00edt\u00e9s\u00e9re k\u00e9sz\u00fclnek. <\/b>Az ingatlan a v\u00edrusj\u00e1rv\u00e1ny alatt a legkedveltebb befektet\u00e9si ter\u00fclett\u00e9 v\u00e1lt. Az el\u0151rejelz\u00e9sek szerint az <b>irod\u00e1k, a lak\u00f3parkok, a rakt\u00e1rak, logisztika, de az olcs\u00f3bb rekre\u00e1ci\u00f3s \u00e9s kiskereskedelmi ingatlanok<\/b> is a <b>c\u00e9lpontba ker\u00fclnek<\/b>. <b>A rakt\u00e1rakra kifejezetten t\u00falkereslet van.<\/b> \u00a0Olyan \u00e9p\u00edt\u00e9szeti megold\u00e1sok \u00e9rdeklik a befektet\u0151ket, melyek a v\u00edrusj\u00e1rv\u00e1ny miatt v\u00e1ltoz\u00f3 kereslethez (home office, vend\u00e9gkiszolg\u00e1l\u00e1s stb. biztons\u00e1gos k\u00f6rnyezet) rugalmasan alkalmazkodnak.<\/span><\/p>\n<p><span style=\"font-family: tahoma, arial, helvetica, sans-serif; font-size: 16px; color: #ff0000;\"><b>Kiknek sz\u00f3lunk?<\/b><\/span><\/p>\n<p><span style=\"font-family: tahoma, arial, helvetica, sans-serif; font-size: 14px;\"><b>V\u00e1rjuk azokat a kkv-d\u00f6nt\u00e9shoz\u00f3kat akiknek el\u0151hozta a fant\u00e1zi\u00e1t a mag\u00e1nszem\u00e9lyk\u00e9nt, illetve c\u00e9ges vagyonb\u00f3l \u00e9p\u00edtkez\u00e9s optimaliz\u00e1ci\u00f3j\u00e1nak kih\u00edv\u00e1sa.<\/b> S\u00falyos p\u00e9nzeket lehet megtakar\u00edtani, ha odafigyel\u00fcnk, milyen kombin\u00e1ci\u00f3val oldjuk meg a beruh\u00e1z\u00e1sainkat, fel\u00faj\u00edt\u00e1sainkat, korszer\u0171s\u00edt\u00e9seinket. <b>Az irodab\u00e9rl\u00e9s rugalmas megold\u00e1saira is \u00e9rdemes odafigyeln\u00fcnk. \u00c9rdemes<\/b> \u00fajra gondolni \u00e9s \u00fajra gombolni minden k\u00f6lts\u00e9gt\u00e9nyez\u0151t, <b>s most belev\u00e1gni az ingatlanbizniszbe, vagy megl\u00e9v\u0151 ingatlanvagyonunk okos kezel\u00e9s\u00e9be.<\/b><\/span><\/p>\n<p><span style=\"font-family: tahoma, arial, helvetica, sans-serif; font-size: 14px;\">Sok hasznos tud\u00e1st szedt\u00fcnk \u00f6ssze azoknak a kkv-d\u00f6nt\u00e9shoz\u00f3kat, akik mag\u00e1ntulajdon\u00fa \u00e9s c\u00e9gtulajdonban lev\u0151 ingatlanokkal gazd\u00e1lkodnak, beruh\u00e1z\u00e1si hasznos\u00edt\u00e1si terveik vannak. Sok praktikus inform\u00e1ci\u00f3kkal <b>k\u00e9sz\u00fclt\u00fcnk a leg\u00fajabb szab\u00e1lyoz\u00e1sokr\u00f3l ad\u00f3z\u00e1sr\u00f3l, kedvezm\u00e9nyekr\u0151l \u00e9s \u00faj piaci keresletr\u0151l. <\/b><\/span><\/p>\n<p>&nbsp;<\/p>\n<p style=\"text-align: center;\"><b><a href=\"https:\/\/ppkonferencia.hu\/konferenciakozpont\/biznisz-az-ingatlanban\/\">A konferencia r\u00e9szletes programja \u00e9s regisztr\u00e1ci\u00f3<\/a><\/b><\/p>\n<p>&nbsp;<\/p>\n<p>&nbsp;<\/p>\n<p style=\"text-align: center;\"><span style=\"font-family: tahoma, arial, helvetica, sans-serif; font-size: 14px; color: #ff0000;\"><b>Rendez\u0151k:<\/b><\/span><\/p>\n<p><span style=\"font-family: tahoma, arial, helvetica, sans-serif; font-size: 14px;\"><b><em>\u00a0<img loading=\"lazy\" decoding=\"async\" style=\"display: block; margin-left: auto; margin-right: auto;\" src=\"https:\/\/wg.kkv-akademia.hu\/files\/images\/3866\/bp-kniuo4.jpg\" alt=\"\" width=\"392\" height=\"90\" \/><\/em><\/b><\/span><\/p>\n<p><span style=\"font-family: tahoma, arial, helvetica, sans-serif; font-size: 14px;\"><b>\u00a0<\/b><\/span><\/p>\n<p><span style=\"font-family: tahoma, arial, helvetica, sans-serif; font-size: 14px;\"><b>\u00a0Tov\u00e1bbi felvil\u00e1gos\u00edt\u00e1s \u00e9s inform\u00e1ci\u00f3:<\/b><\/span><\/p>\n<p><span style=\"font-family: tahoma, arial, helvetica, sans-serif; font-size: 14px;\">Tel.: (1) 239 \u2013 9597\u00a0\u00a0\u00a0\u00a0\u00a0\u00a0\u00a0\u00a0\u00a0\u00a0\u00a0\u00a0\u00a0\u00a0\u00a0\u00a0\u00a0\u00a0\u00a0\u00a0\u00a0\u00a0\u00a0\u00a0\u00a0\u00a0\u00a0\u00a0\u00a0\u00a0\u00a0\u00a0\u00a0\u00a0\u00a0\u00a0\u00a0\u00a0\u00a0\u00a0\u00a0\u00a0\u00a0\u00a0\u00a0\u00a0\u00a0\u00a0\u00a0\u00a0\u00a0\u00a0\u00a0\u00a0\u00a0\u00a0\u00a0\u00a0\u00a0\u00a0\u00a0\u00a0\u00a0\u00a0\u00a0\u00a0\u00a0\u00a0\u00a0\u00a0\u00a0\u00a0\u00a0\u00a0\u00a0\u00a0\u00a0\u00a0\u00a0\u00a0\u00a0\u00a0\u00a0\u00a0\u00a0\u00a0 E-mail: <a href=\"mailto:konferencia@ppkonferencia.hu\">konferencia@ppkonferencia.hu<\/a><\/span><\/p>\n<p><span style=\"font-family: tahoma, arial, helvetica, sans-serif; font-size: 14px;\">weboldal: <a href=\"http:\/\/www.ppkonferencia.hu\">www.ppkonferencia.hu<\/a><\/span><\/p>\n<p><span style=\"font-family: tahoma, arial, helvetica, sans-serif; font-size: 14px;\"><b>\u00a0<img loading=\"lazy\" decoding=\"async\" src=\"https:\/\/wg.kkv-akademia.hu\/files\/images\/3866\/pp-ih682q.jpg\" alt=\"\" width=\"782\" height=\"54\" \/><\/b><\/span><\/p>\n<\/div>\n<\/td>\n<\/tr>\n<tr>\n<td style=\"width: 664.688px;\">\n<div class=\"gmail_attr\" dir=\"ltr\">\n<p style=\"text-align: center;\"><span style=\"font-family: tahoma, arial, helvetica, sans-serif;\"><b>\u00a0<\/b><\/span><\/p>\n<\/div>\n<\/td>\n<\/tr>\n<\/tbody>\n<\/table>\n<\/div>\n","protected":false},"featured_media":0,"menu_order":0,"template":"","meta":{"_acf_changed":false},"class_list":["post-1121","hirek","type-hirek","status-publish","hentry"],"acf":[],"yoast_head":"<!-- This site is optimized with the Yoast SEO plugin v27.4 - https:\/\/yoast.com\/product\/yoast-seo-wordpress\/ -->\n<title>Biznisz az ingatlanban Hogyan \u00e9ri meg? Mag\u00e1nszem\u00e9lyk\u00e9nt vagy c\u00e9gk\u00e9nt? - Seed<\/title>\n<meta name=\"robots\" content=\"index, follow, max-snippet:-1, max-image-preview:large, max-video-preview:-1\" \/>\n<link rel=\"canonical\" href=\"https:\/\/seed.hu\/hirek\/biznisz-az-ingatlanban-hogyan-eri-meg-maganszemelykent-vagy-cegkent\/\" \/>\n<meta property=\"og:locale\" content=\"en_US\" \/>\n<meta property=\"og:type\" content=\"article\" \/>\n<meta property=\"og:title\" content=\"Biznisz az ingatlanban Hogyan \u00e9ri meg? Mag\u00e1nszem\u00e9lyk\u00e9nt vagy c\u00e9gk\u00e9nt? - Seed\" \/>\n<meta property=\"og:description\" content=\"Szeretettel megh\u00edvjuk a BKIK \u00e9s a PP Konferenciak\u00f6zpont Biznisz az ingatlanban c\u00edm\u0171 konferenci\u00e1j\u00e1ra, melyen a SEED Szakmai partners\u00e9get v\u00e1llalt. Tagt\u00e1rsaink, partnereink jelent\u0151s kedvezm\u00e9nnyel vehetnek r\u00e9szt vide\u00f3konferenci\u00e1nkon. Kedvezm\u00e9nyes r\u00e9szv\u00e9teli d\u00edj 11 000 Ft + \u00e1fa.\u00a0 Kuponk\u00f3d: SZP20 Figyelem! A kedvezm\u00e9ny ig\u00e9nybe v\u00e9tel\u00e9hez\u00a0a Regisztr\u00e1ci\u00f3s \u0171rlap v\u00e9g\u00e9n lev\u0151 \u201eKupon k\u00f3d\u201d mez\u0151be \u00edrj\u00e1k be a v\u00e1lasztott kedvezm\u00e9ny k\u00f3dj\u00e1t! Biznisz [&hellip;]\" \/>\n<meta property=\"og:url\" content=\"https:\/\/seed.hu\/hirek\/biznisz-az-ingatlanban-hogyan-eri-meg-maganszemelykent-vagy-cegkent\/\" \/>\n<meta property=\"og:site_name\" content=\"Seed\" \/>\n<meta property=\"article:modified_time\" content=\"2022-01-24T13:43:51+00:00\" \/>\n<meta property=\"og:image\" content=\"https:\/\/wg.kkv-akademia.hu\/files\/images\/3866\/800x210-439k02.jpg\" \/>\n<meta name=\"twitter:card\" content=\"summary_large_image\" \/>\n<meta name=\"twitter:label1\" content=\"Est. reading time\" \/>\n\t<meta name=\"twitter:data1\" content=\"3 minutes\" \/>\n<script type=\"application\/ld+json\" class=\"yoast-schema-graph\">{\"@context\":\"https:\\\/\\\/schema.org\",\"@graph\":[{\"@type\":\"WebPage\",\"@id\":\"https:\\\/\\\/seed.hu\\\/hirek\\\/biznisz-az-ingatlanban-hogyan-eri-meg-maganszemelykent-vagy-cegkent\\\/\",\"url\":\"https:\\\/\\\/seed.hu\\\/hirek\\\/biznisz-az-ingatlanban-hogyan-eri-meg-maganszemelykent-vagy-cegkent\\\/\",\"name\":\"Biznisz az ingatlanban Hogyan \u00e9ri meg? Mag\u00e1nszem\u00e9lyk\u00e9nt vagy c\u00e9gk\u00e9nt? - Seed\",\"isPartOf\":{\"@id\":\"https:\\\/\\\/seed.hu\\\/#website\"},\"primaryImageOfPage\":{\"@id\":\"https:\\\/\\\/seed.hu\\\/hirek\\\/biznisz-az-ingatlanban-hogyan-eri-meg-maganszemelykent-vagy-cegkent\\\/#primaryimage\"},\"image\":{\"@id\":\"https:\\\/\\\/seed.hu\\\/hirek\\\/biznisz-az-ingatlanban-hogyan-eri-meg-maganszemelykent-vagy-cegkent\\\/#primaryimage\"},\"thumbnailUrl\":\"https:\\\/\\\/wg.kkv-akademia.hu\\\/files\\\/images\\\/3866\\\/800x210-439k02.jpg\",\"datePublished\":\"2021-02-11T15:22:26+00:00\",\"dateModified\":\"2022-01-24T13:43:51+00:00\",\"breadcrumb\":{\"@id\":\"https:\\\/\\\/seed.hu\\\/hirek\\\/biznisz-az-ingatlanban-hogyan-eri-meg-maganszemelykent-vagy-cegkent\\\/#breadcrumb\"},\"inLanguage\":\"en-US\",\"potentialAction\":[{\"@type\":\"ReadAction\",\"target\":[\"https:\\\/\\\/seed.hu\\\/hirek\\\/biznisz-az-ingatlanban-hogyan-eri-meg-maganszemelykent-vagy-cegkent\\\/\"]}]},{\"@type\":\"ImageObject\",\"inLanguage\":\"en-US\",\"@id\":\"https:\\\/\\\/seed.hu\\\/hirek\\\/biznisz-az-ingatlanban-hogyan-eri-meg-maganszemelykent-vagy-cegkent\\\/#primaryimage\",\"url\":\"https:\\\/\\\/wg.kkv-akademia.hu\\\/files\\\/images\\\/3866\\\/800x210-439k02.jpg\",\"contentUrl\":\"https:\\\/\\\/wg.kkv-akademia.hu\\\/files\\\/images\\\/3866\\\/800x210-439k02.jpg\"},{\"@type\":\"BreadcrumbList\",\"@id\":\"https:\\\/\\\/seed.hu\\\/hirek\\\/biznisz-az-ingatlanban-hogyan-eri-meg-maganszemelykent-vagy-cegkent\\\/#breadcrumb\",\"itemListElement\":[{\"@type\":\"ListItem\",\"position\":1,\"name\":\"H\u00edrek\",\"item\":\"https:\\\/\\\/seed.hu\\\/hirek\\\/\"},{\"@type\":\"ListItem\",\"position\":2,\"name\":\"Biznisz az ingatlanban Hogyan \u00e9ri meg? Mag\u00e1nszem\u00e9lyk\u00e9nt vagy c\u00e9gk\u00e9nt?\"}]},{\"@type\":\"WebSite\",\"@id\":\"https:\\\/\\\/seed.hu\\\/#website\",\"url\":\"https:\\\/\\\/seed.hu\\\/\",\"name\":\"Seed\",\"description\":\"\",\"potentialAction\":[{\"@type\":\"SearchAction\",\"target\":{\"@type\":\"EntryPoint\",\"urlTemplate\":\"https:\\\/\\\/seed.hu\\\/?s={search_term_string}\"},\"query-input\":{\"@type\":\"PropertyValueSpecification\",\"valueRequired\":true,\"valueName\":\"search_term_string\"}}],\"inLanguage\":\"en-US\"}]}<\/script>\n<!-- \/ Yoast SEO plugin. -->","yoast_head_json":{"title":"Biznisz az ingatlanban Hogyan \u00e9ri meg? Mag\u00e1nszem\u00e9lyk\u00e9nt vagy c\u00e9gk\u00e9nt? - Seed","robots":{"index":"index","follow":"follow","max-snippet":"max-snippet:-1","max-image-preview":"max-image-preview:large","max-video-preview":"max-video-preview:-1"},"canonical":"https:\/\/seed.hu\/hirek\/biznisz-az-ingatlanban-hogyan-eri-meg-maganszemelykent-vagy-cegkent\/","og_locale":"en_US","og_type":"article","og_title":"Biznisz az ingatlanban Hogyan \u00e9ri meg? Mag\u00e1nszem\u00e9lyk\u00e9nt vagy c\u00e9gk\u00e9nt? - Seed","og_description":"Szeretettel megh\u00edvjuk a BKIK \u00e9s a PP Konferenciak\u00f6zpont Biznisz az ingatlanban c\u00edm\u0171 konferenci\u00e1j\u00e1ra, melyen a SEED Szakmai partners\u00e9get v\u00e1llalt. Tagt\u00e1rsaink, partnereink jelent\u0151s kedvezm\u00e9nnyel vehetnek r\u00e9szt vide\u00f3konferenci\u00e1nkon. Kedvezm\u00e9nyes r\u00e9szv\u00e9teli d\u00edj 11 000 Ft + \u00e1fa.\u00a0 Kuponk\u00f3d: SZP20 Figyelem! A kedvezm\u00e9ny ig\u00e9nybe v\u00e9tel\u00e9hez\u00a0a Regisztr\u00e1ci\u00f3s \u0171rlap v\u00e9g\u00e9n lev\u0151 \u201eKupon k\u00f3d\u201d mez\u0151be \u00edrj\u00e1k be a v\u00e1lasztott kedvezm\u00e9ny k\u00f3dj\u00e1t! Biznisz [&hellip;]","og_url":"https:\/\/seed.hu\/hirek\/biznisz-az-ingatlanban-hogyan-eri-meg-maganszemelykent-vagy-cegkent\/","og_site_name":"Seed","article_modified_time":"2022-01-24T13:43:51+00:00","og_image":[{"url":"https:\/\/wg.kkv-akademia.hu\/files\/images\/3866\/800x210-439k02.jpg","type":"","width":"","height":""}],"twitter_card":"summary_large_image","twitter_misc":{"Est. reading time":"3 minutes"},"schema":{"@context":"https:\/\/schema.org","@graph":[{"@type":"WebPage","@id":"https:\/\/seed.hu\/hirek\/biznisz-az-ingatlanban-hogyan-eri-meg-maganszemelykent-vagy-cegkent\/","url":"https:\/\/seed.hu\/hirek\/biznisz-az-ingatlanban-hogyan-eri-meg-maganszemelykent-vagy-cegkent\/","name":"Biznisz az ingatlanban Hogyan \u00e9ri meg? Mag\u00e1nszem\u00e9lyk\u00e9nt vagy c\u00e9gk\u00e9nt? - Seed","isPartOf":{"@id":"https:\/\/seed.hu\/#website"},"primaryImageOfPage":{"@id":"https:\/\/seed.hu\/hirek\/biznisz-az-ingatlanban-hogyan-eri-meg-maganszemelykent-vagy-cegkent\/#primaryimage"},"image":{"@id":"https:\/\/seed.hu\/hirek\/biznisz-az-ingatlanban-hogyan-eri-meg-maganszemelykent-vagy-cegkent\/#primaryimage"},"thumbnailUrl":"https:\/\/wg.kkv-akademia.hu\/files\/images\/3866\/800x210-439k02.jpg","datePublished":"2021-02-11T15:22:26+00:00","dateModified":"2022-01-24T13:43:51+00:00","breadcrumb":{"@id":"https:\/\/seed.hu\/hirek\/biznisz-az-ingatlanban-hogyan-eri-meg-maganszemelykent-vagy-cegkent\/#breadcrumb"},"inLanguage":"en-US","potentialAction":[{"@type":"ReadAction","target":["https:\/\/seed.hu\/hirek\/biznisz-az-ingatlanban-hogyan-eri-meg-maganszemelykent-vagy-cegkent\/"]}]},{"@type":"ImageObject","inLanguage":"en-US","@id":"https:\/\/seed.hu\/hirek\/biznisz-az-ingatlanban-hogyan-eri-meg-maganszemelykent-vagy-cegkent\/#primaryimage","url":"https:\/\/wg.kkv-akademia.hu\/files\/images\/3866\/800x210-439k02.jpg","contentUrl":"https:\/\/wg.kkv-akademia.hu\/files\/images\/3866\/800x210-439k02.jpg"},{"@type":"BreadcrumbList","@id":"https:\/\/seed.hu\/hirek\/biznisz-az-ingatlanban-hogyan-eri-meg-maganszemelykent-vagy-cegkent\/#breadcrumb","itemListElement":[{"@type":"ListItem","position":1,"name":"H\u00edrek","item":"https:\/\/seed.hu\/hirek\/"},{"@type":"ListItem","position":2,"name":"Biznisz az ingatlanban Hogyan \u00e9ri meg? Mag\u00e1nszem\u00e9lyk\u00e9nt vagy c\u00e9gk\u00e9nt?"}]},{"@type":"WebSite","@id":"https:\/\/seed.hu\/#website","url":"https:\/\/seed.hu\/","name":"Seed","description":"","potentialAction":[{"@type":"SearchAction","target":{"@type":"EntryPoint","urlTemplate":"https:\/\/seed.hu\/?s={search_term_string}"},"query-input":{"@type":"PropertyValueSpecification","valueRequired":true,"valueName":"search_term_string"}}],"inLanguage":"en-US"}]}},"_links":{"self":[{"href":"https:\/\/seed.hu\/en\/wp-json\/wp\/v2\/hirek\/1121","targetHints":{"allow":["GET"]}}],"collection":[{"href":"https:\/\/seed.hu\/en\/wp-json\/wp\/v2\/hirek"}],"about":[{"href":"https:\/\/seed.hu\/en\/wp-json\/wp\/v2\/types\/hirek"}],"wp:attachment":[{"href":"https:\/\/seed.hu\/en\/wp-json\/wp\/v2\/media?parent=1121"}],"curies":[{"name":"wp","href":"https:\/\/api.w.org\/{rel}","templated":true}]}}