{"id":1124,"date":"2021-02-11T16:30:38","date_gmt":"2021-02-11T15:30:38","guid":{"rendered":"https:\/\/seed.hu\/?post_type=hirek&#038;p=1124"},"modified":"2022-01-24T14:47:54","modified_gmt":"2022-01-24T13:47:54","slug":"penz7-csatlakozz-a-vallalkozoi-onkentesek-taborahoz","status":"publish","type":"hirek","link":"https:\/\/seed.hu\/en\/hirek\/penz7-csatlakozz-a-vallalkozoi-onkentesek-taborahoz\/","title":{"rendered":"P\u00c9NZ7 Csatlakozz a v\u00e1llalkoz\u00f3i \u00f6nk\u00e9ntesek t\u00e1bor\u00e1hoz!"},"content":{"rendered":"<p><strong>Kedves V\u00e1llalkoz\u00f3!<\/strong><\/p>\n<p><strong>Minden \u00e9vben lehet\u0151s\u00e9g\u00fcnk van a v\u00e1llalkoz\u00f3i l\u00e9tet megismertetni \u00e9s megszerettetni a ma di\u00e1kjaival, a j\u00f6v\u0151 fiataljaival. Mi, a SEED r\u00e9sz\u00e9r\u0151l \u00e9l\u00fcnk is az alkalommal \u00e9s hintj\u00fck az &#8220;ig\u00e9t&#8221;&#8230;. Gyere vel\u00fcnk Te is id\u00e9n (is)! Legal\u00e1bb k\u00e9t okot tudok mondani, hogy mi\u00e9rt? Mert (1) nek\u00fcnk, akik ebben a vil\u00e1gban mozgunk nap mint nap, a felel\u0151ss\u00e9g\u00fcnk megmutatni, hogy j\u00f3 v\u00e1llalkoz\u00f3nak lenni p\u00e9lda\u00e9rt\u00e9k\u0171 dolog, elismerts\u00e9get ad, \u00edgy igenis ott kell lennie a fiatalok v\u00e1laszthat\u00f3 karreir\u00fatjai k\u00f6z\u00f6tt, (2) nek\u00fcnk is lehet\u0151s\u00e9get ad bepillant\u00e1st nyerni a fiatalok \u00e9let\u00e9be, gondolkod\u00e1s\u00e1ba, ami nem csak frissess\u00e9get ad, hanem inform\u00e1ci\u00f3t is r\u00f3luk, mint j\u00f6v\u0151beli munkat\u00e1rsakr\u00f3l, versenyt\u00e1rsakr\u00f3l.<\/strong><\/p>\n<p><strong>Ez\u00e9rt&#8230;.<\/strong><\/p>\n<p>Nagy \u00f6r\u00f6mmel t\u00e1j\u00e9koztatunk, hogy ebben a k\u00fcl\u00f6nleges \u00e9vben is megval\u00f3s\u00edtj\u00e1k Partnereink a\u00a0P\u00c9NZ7 P\u00e9nz\u00fcgyi \u00e9s V\u00e1llalkoz\u00f3i t\u00e9mahetet &#8211;\u00a02021. m\u00e1rcius 1-5.\u00a0 \u2013 az \u00e1ltal\u00e1nos \u00e9s k\u00f6z\u00e9piskol\u00e1s fiatalok akt\u00edv bevon\u00e1s\u00e1val, egy\u00fcttm\u0171k\u00f6dve az Emberi Er\u0151forr\u00e1sok Miniszt\u00e9rium\u00e1val \u00e9s az Innov\u00e1ci\u00f3s \u00e9s Technol\u00f3giai Miniszt\u00e9riummal.<\/p>\n<p><strong>A P\u00c9NZ7-r\u0151l<\/strong><\/p>\n<p>A P\u00e9nz7 a Global Money Week \u00e9s a European Money Week nemzetk\u00f6zi kezdem\u00e9nyez\u00e9sek hazai hivatalos programsorozata. C\u00e9lja, hogy p\u00e9nz\u00fcgyi tudatoss\u00e1gra nevelje az \u00e1ltal\u00e1nos- \u00e9s k\u00f6z\u00e9piskol\u00e1s koroszt\u00e1lyt, form\u00e1lja gazdas\u00e1gi szeml\u00e9let\u00fcket., b\u0151v\u00edtse ismereteiket, \u00e9s fejlessze v\u00e1llalkoz\u00f3i kompetenci\u00e1ikat.<\/p>\n<p><u><strong>A JAM Magyarorsz\u00e1g felh\u00edv\u00e1sa az al\u00e1bbiakban tekinthet\u0151 meg:<\/strong><\/u><\/p>\n<p><strong>A v\u00e1llalkoz\u00f3i t\u00e9mah\u00e9tr\u0151l<\/strong><\/p>\n<p>Az idei P\u00c9NZ7 v\u00e1llalkoz\u00f3i t\u00e9mar\u00e9sze, melynek c\u00edme\u00a0<strong>InnoV\u00c1L(L) \u2013 V\u00e1llalkozz okosan!<\/strong>\u00a0innov\u00e1ci\u00f3ra \u00e9s felfedez\u00e9sre \u00f6szt\u00f6nzi a fiatalokat, akik online keretek k\u00f6z\u00f6tt fejleszthetik kreat\u00edv, kooper\u00e1ci\u00f3s \u00e9s v\u00e1llalkoz\u00f3i k\u00e9szs\u00e9geiket sz\u00e1mos t\u00e9ma megismer\u00e9s\u00e9vel. A v\u00e1llalkoz\u00f3kkal val\u00f3 online tal\u00e1lkoz\u00e1sok sor\u00e1n, az \u00f6nk\u00e9ntes t\u00f6rt\u00e9neteib\u0151l, sikereib\u0151l, motiv\u00e1ci\u00f3j\u00e1b\u00f3l pedig inspir\u00e1ci\u00f3ra lelhetnek.<\/p>\n<p>K\u00fcl\u00f6n\u00f6sen fontosnak tartjuk ezen tal\u00e1lkoz\u00e1sokat a jelenlegi helyzetben, amikor a t\u00e1rsas kapcsolatok \u00e1t\u00e9rt\u00e9kel\u0151dnek \u00e9s m\u00e9g fontosabb\u00e1 v\u00e1lik az, hogy utat mutassunk a felt\u00f6rekv\u0151 gener\u00e1ci\u00f3nak, \u00e9lm\u00e9nyeket adjunk di\u00e1koknak, \u00f6nk\u00e9nteseknek egyar\u00e1nt!<\/p>\n<p><strong>Csatlakozzon<\/strong><\/p>\n<p>Ha \u00d6n lelkes, a munk\u00e1ja ir\u00e1nt elhivatott v\u00e1llalkoz\u00f3 \u00e9s sz\u00edvesen mes\u00e9ln\u00e9 el saj\u00e1t t\u00f6rt\u00e9net\u00e9t (<u>ker\u00fclve a direkt marketinget<\/u>)! Ha nyitott arra, hogy munk\u00e1j\u00e1r\u00f3l, sikereir\u0151l b\u00fcszk\u00e9n, a buktat\u00f3kr\u00f3l, kudarcokr\u00f3l kell\u0151 \u0151szintes\u00e9ggel besz\u00e9ljen egy oszt\u00e1lynyi di\u00e1k el\u0151tt!<\/p>\n<p>A v\u00e1llalkoz\u00f3i kompetenciafejleszt\u00e9s 3 egym\u00e1st k\u00f6vet\u0151 tan\u00f3r\u00e1ban zajlik, az \u00f6nk\u00e9ntesek bekapcsol\u00f3d\u00e1s\u00e1t az utols\u00f3 \u00f3r\u00e1ban k\u00e9rj\u00fck, \u00edgy\u00a0<u>ez maximum egy \u00f3r\u00e1s elfoglalts\u00e1got jelent<\/u>.<\/p>\n<p>Legyen olyan hat\u00e1ssal a di\u00e1kokra, amely t\u00e9nyleges v\u00e1ltoz\u00e1st id\u00e9zhet el\u0151!<\/p>\n<p>Seg\u00edtsen, hogy a fiatalok megtal\u00e1lhass\u00e1k a kapcsol\u00f3d\u00e1st a k\u00f6z\u00f6tt, amit az iskol\u00e1ban tanulnak, \u00e9s amire a val\u00f3 \u00e9letben is sz\u00fcks\u00e9g\u00fck lesz, hogy sikeress\u00e9 v\u00e1ljanak a munkaer\u0151piacon \u00e9s a mindennapokban! Az \u00d6n seg\u00edts\u00e9g\u00e9vel hihetnek \u00f6nmagukban, \u00f6tleteikben, ez\u00e1ltal sikeres, kompetens \u00e9s munk\u00e1jukkal el\u00e9gedett feln\u0151ttekk\u00e9 v\u00e1lhatnak!<\/p>\n<p><strong>Hogyan regisztr\u00e1lhat?<\/strong><\/p>\n<p>K\u00f6zvetlen\u00fcl a\u00a0<a href=\"http:\/\/www.penz7.hu\/\" target=\"_blank\" rel=\"noopener\"><strong>www.penz7.hu<\/strong><\/a>\u00a0weboldalon a Regisztr\u00e1ci\u00f3 \u00f6nk\u00e9nteseknek men\u00fcpontban (a 73697-es munkahelyi int\u00e9zm\u00e9nyi k\u00f3d kiv\u00e1laszt\u00e1s\u00e1val)<\/p>\n<p>\u00cdrjon nek\u00fcnk a\u00a0<a href=\"mailto:penz7@ejam.hu?subject=P%C3%A9nz7%20regisztr%C3%A1ci%C3%B3\"><strong>penz7@ejam.hu<\/strong><\/a>\u00a0email c\u00edmre, \u00e9s koll\u00e9g\u00e1nk felveszik a kapcsolatot a regisztr\u00e1ci\u00f3 menet\u00e9vel kapcsolatban!<\/p>\n<p>Keresse koordin\u00e1torunkat a JAM k\u00f6zponti telefonsz\u00e1m\u00e1n: +3670\/272-2312!<\/p>\n<p>&nbsp;<\/p>\n<p>B\u00e1rmilyen felmer\u00fcl\u0151 k\u00e9rd\u00e9s eset\u00e9n\u00a0forduljon hozz\u00e1nk bizalommal a\u00a0<a href=\"mailto:penz7@ejam.hu?subject=P%C3%A9nz7%20%C3%A9rdekl%C5%91d%C3%A9s\"><strong>penz7@ejam.hu<\/strong><\/a>\u00a0email c\u00edmen vagy a +70\/272-2312-es telefonsz\u00e1mon!<\/p>\n<p><img decoding=\"async\" style=\"width: 600px; height: 841px;\" src=\"https:\/\/seed.hu\/files\/attachments\/inline\/penz7-2021-vall-temaresz-felhivas-600x841.jpg\" alt=\"\" \/><\/p>\n","protected":false},"featured_media":0,"menu_order":0,"template":"","meta":{"_acf_changed":false},"class_list":["post-1124","hirek","type-hirek","status-publish","hentry"],"acf":[],"yoast_head":"<!-- This site is optimized with the Yoast SEO plugin v27.4 - https:\/\/yoast.com\/product\/yoast-seo-wordpress\/ -->\n<title>P\u00c9NZ7 Csatlakozz a v\u00e1llalkoz\u00f3i \u00f6nk\u00e9ntesek t\u00e1bor\u00e1hoz! - Seed<\/title>\n<meta name=\"robots\" content=\"index, follow, max-snippet:-1, max-image-preview:large, max-video-preview:-1\" \/>\n<link rel=\"canonical\" href=\"https:\/\/seed.hu\/hirek\/penz7-csatlakozz-a-vallalkozoi-onkentesek-taborahoz\/\" \/>\n<meta property=\"og:locale\" content=\"en_US\" \/>\n<meta property=\"og:type\" content=\"article\" \/>\n<meta property=\"og:title\" content=\"P\u00c9NZ7 Csatlakozz a v\u00e1llalkoz\u00f3i \u00f6nk\u00e9ntesek t\u00e1bor\u00e1hoz! - Seed\" \/>\n<meta property=\"og:description\" content=\"Kedves V\u00e1llalkoz\u00f3! Minden \u00e9vben lehet\u0151s\u00e9g\u00fcnk van a v\u00e1llalkoz\u00f3i l\u00e9tet megismertetni \u00e9s megszerettetni a ma di\u00e1kjaival, a j\u00f6v\u0151 fiataljaival. Mi, a SEED r\u00e9sz\u00e9r\u0151l \u00e9l\u00fcnk is az alkalommal \u00e9s hintj\u00fck az &#8220;ig\u00e9t&#8221;&#8230;. Gyere vel\u00fcnk Te is id\u00e9n (is)! Legal\u00e1bb k\u00e9t okot tudok mondani, hogy mi\u00e9rt? Mert (1) nek\u00fcnk, akik ebben a vil\u00e1gban mozgunk nap mint nap, a [&hellip;]\" \/>\n<meta property=\"og:url\" content=\"https:\/\/seed.hu\/hirek\/penz7-csatlakozz-a-vallalkozoi-onkentesek-taborahoz\/\" \/>\n<meta property=\"og:site_name\" content=\"Seed\" \/>\n<meta property=\"article:modified_time\" content=\"2022-01-24T13:47:54+00:00\" \/>\n<meta property=\"og:image\" content=\"https:\/\/seed.hu\/files\/attachments\/inline\/penz7-2021-vall-temaresz-felhivas-600x841.jpg\" \/>\n<meta name=\"twitter:card\" content=\"summary_large_image\" \/>\n<meta name=\"twitter:label1\" content=\"Est. reading time\" \/>\n\t<meta name=\"twitter:data1\" content=\"4 minutes\" \/>\n<script type=\"application\/ld+json\" class=\"yoast-schema-graph\">{\"@context\":\"https:\\\/\\\/schema.org\",\"@graph\":[{\"@type\":\"WebPage\",\"@id\":\"https:\\\/\\\/seed.hu\\\/hirek\\\/penz7-csatlakozz-a-vallalkozoi-onkentesek-taborahoz\\\/\",\"url\":\"https:\\\/\\\/seed.hu\\\/hirek\\\/penz7-csatlakozz-a-vallalkozoi-onkentesek-taborahoz\\\/\",\"name\":\"P\u00c9NZ7 Csatlakozz a v\u00e1llalkoz\u00f3i \u00f6nk\u00e9ntesek t\u00e1bor\u00e1hoz! - Seed\",\"isPartOf\":{\"@id\":\"https:\\\/\\\/seed.hu\\\/#website\"},\"primaryImageOfPage\":{\"@id\":\"https:\\\/\\\/seed.hu\\\/hirek\\\/penz7-csatlakozz-a-vallalkozoi-onkentesek-taborahoz\\\/#primaryimage\"},\"image\":{\"@id\":\"https:\\\/\\\/seed.hu\\\/hirek\\\/penz7-csatlakozz-a-vallalkozoi-onkentesek-taborahoz\\\/#primaryimage\"},\"thumbnailUrl\":\"https:\\\/\\\/seed.hu\\\/files\\\/attachments\\\/inline\\\/penz7-2021-vall-temaresz-felhivas-600x841.jpg\",\"datePublished\":\"2021-02-11T15:30:38+00:00\",\"dateModified\":\"2022-01-24T13:47:54+00:00\",\"breadcrumb\":{\"@id\":\"https:\\\/\\\/seed.hu\\\/hirek\\\/penz7-csatlakozz-a-vallalkozoi-onkentesek-taborahoz\\\/#breadcrumb\"},\"inLanguage\":\"en-US\",\"potentialAction\":[{\"@type\":\"ReadAction\",\"target\":[\"https:\\\/\\\/seed.hu\\\/hirek\\\/penz7-csatlakozz-a-vallalkozoi-onkentesek-taborahoz\\\/\"]}]},{\"@type\":\"ImageObject\",\"inLanguage\":\"en-US\",\"@id\":\"https:\\\/\\\/seed.hu\\\/hirek\\\/penz7-csatlakozz-a-vallalkozoi-onkentesek-taborahoz\\\/#primaryimage\",\"url\":\"https:\\\/\\\/seed.hu\\\/files\\\/attachments\\\/inline\\\/penz7-2021-vall-temaresz-felhivas-600x841.jpg\",\"contentUrl\":\"https:\\\/\\\/seed.hu\\\/files\\\/attachments\\\/inline\\\/penz7-2021-vall-temaresz-felhivas-600x841.jpg\"},{\"@type\":\"BreadcrumbList\",\"@id\":\"https:\\\/\\\/seed.hu\\\/hirek\\\/penz7-csatlakozz-a-vallalkozoi-onkentesek-taborahoz\\\/#breadcrumb\",\"itemListElement\":[{\"@type\":\"ListItem\",\"position\":1,\"name\":\"H\u00edrek\",\"item\":\"https:\\\/\\\/seed.hu\\\/hirek\\\/\"},{\"@type\":\"ListItem\",\"position\":2,\"name\":\"P\u00c9NZ7 Csatlakozz a v\u00e1llalkoz\u00f3i \u00f6nk\u00e9ntesek t\u00e1bor\u00e1hoz!\"}]},{\"@type\":\"WebSite\",\"@id\":\"https:\\\/\\\/seed.hu\\\/#website\",\"url\":\"https:\\\/\\\/seed.hu\\\/\",\"name\":\"Seed\",\"description\":\"\",\"potentialAction\":[{\"@type\":\"SearchAction\",\"target\":{\"@type\":\"EntryPoint\",\"urlTemplate\":\"https:\\\/\\\/seed.hu\\\/?s={search_term_string}\"},\"query-input\":{\"@type\":\"PropertyValueSpecification\",\"valueRequired\":true,\"valueName\":\"search_term_string\"}}],\"inLanguage\":\"en-US\"}]}<\/script>\n<!-- \/ Yoast SEO plugin. -->","yoast_head_json":{"title":"P\u00c9NZ7 Csatlakozz a v\u00e1llalkoz\u00f3i \u00f6nk\u00e9ntesek t\u00e1bor\u00e1hoz! - Seed","robots":{"index":"index","follow":"follow","max-snippet":"max-snippet:-1","max-image-preview":"max-image-preview:large","max-video-preview":"max-video-preview:-1"},"canonical":"https:\/\/seed.hu\/hirek\/penz7-csatlakozz-a-vallalkozoi-onkentesek-taborahoz\/","og_locale":"en_US","og_type":"article","og_title":"P\u00c9NZ7 Csatlakozz a v\u00e1llalkoz\u00f3i \u00f6nk\u00e9ntesek t\u00e1bor\u00e1hoz! - Seed","og_description":"Kedves V\u00e1llalkoz\u00f3! Minden \u00e9vben lehet\u0151s\u00e9g\u00fcnk van a v\u00e1llalkoz\u00f3i l\u00e9tet megismertetni \u00e9s megszerettetni a ma di\u00e1kjaival, a j\u00f6v\u0151 fiataljaival. Mi, a SEED r\u00e9sz\u00e9r\u0151l \u00e9l\u00fcnk is az alkalommal \u00e9s hintj\u00fck az &#8220;ig\u00e9t&#8221;&#8230;. Gyere vel\u00fcnk Te is id\u00e9n (is)! Legal\u00e1bb k\u00e9t okot tudok mondani, hogy mi\u00e9rt? Mert (1) nek\u00fcnk, akik ebben a vil\u00e1gban mozgunk nap mint nap, a [&hellip;]","og_url":"https:\/\/seed.hu\/hirek\/penz7-csatlakozz-a-vallalkozoi-onkentesek-taborahoz\/","og_site_name":"Seed","article_modified_time":"2022-01-24T13:47:54+00:00","og_image":[{"url":"https:\/\/seed.hu\/files\/attachments\/inline\/penz7-2021-vall-temaresz-felhivas-600x841.jpg","type":"","width":"","height":""}],"twitter_card":"summary_large_image","twitter_misc":{"Est. reading time":"4 minutes"},"schema":{"@context":"https:\/\/schema.org","@graph":[{"@type":"WebPage","@id":"https:\/\/seed.hu\/hirek\/penz7-csatlakozz-a-vallalkozoi-onkentesek-taborahoz\/","url":"https:\/\/seed.hu\/hirek\/penz7-csatlakozz-a-vallalkozoi-onkentesek-taborahoz\/","name":"P\u00c9NZ7 Csatlakozz a v\u00e1llalkoz\u00f3i \u00f6nk\u00e9ntesek t\u00e1bor\u00e1hoz! - Seed","isPartOf":{"@id":"https:\/\/seed.hu\/#website"},"primaryImageOfPage":{"@id":"https:\/\/seed.hu\/hirek\/penz7-csatlakozz-a-vallalkozoi-onkentesek-taborahoz\/#primaryimage"},"image":{"@id":"https:\/\/seed.hu\/hirek\/penz7-csatlakozz-a-vallalkozoi-onkentesek-taborahoz\/#primaryimage"},"thumbnailUrl":"https:\/\/seed.hu\/files\/attachments\/inline\/penz7-2021-vall-temaresz-felhivas-600x841.jpg","datePublished":"2021-02-11T15:30:38+00:00","dateModified":"2022-01-24T13:47:54+00:00","breadcrumb":{"@id":"https:\/\/seed.hu\/hirek\/penz7-csatlakozz-a-vallalkozoi-onkentesek-taborahoz\/#breadcrumb"},"inLanguage":"en-US","potentialAction":[{"@type":"ReadAction","target":["https:\/\/seed.hu\/hirek\/penz7-csatlakozz-a-vallalkozoi-onkentesek-taborahoz\/"]}]},{"@type":"ImageObject","inLanguage":"en-US","@id":"https:\/\/seed.hu\/hirek\/penz7-csatlakozz-a-vallalkozoi-onkentesek-taborahoz\/#primaryimage","url":"https:\/\/seed.hu\/files\/attachments\/inline\/penz7-2021-vall-temaresz-felhivas-600x841.jpg","contentUrl":"https:\/\/seed.hu\/files\/attachments\/inline\/penz7-2021-vall-temaresz-felhivas-600x841.jpg"},{"@type":"BreadcrumbList","@id":"https:\/\/seed.hu\/hirek\/penz7-csatlakozz-a-vallalkozoi-onkentesek-taborahoz\/#breadcrumb","itemListElement":[{"@type":"ListItem","position":1,"name":"H\u00edrek","item":"https:\/\/seed.hu\/hirek\/"},{"@type":"ListItem","position":2,"name":"P\u00c9NZ7 Csatlakozz a v\u00e1llalkoz\u00f3i \u00f6nk\u00e9ntesek t\u00e1bor\u00e1hoz!"}]},{"@type":"WebSite","@id":"https:\/\/seed.hu\/#website","url":"https:\/\/seed.hu\/","name":"Seed","description":"","potentialAction":[{"@type":"SearchAction","target":{"@type":"EntryPoint","urlTemplate":"https:\/\/seed.hu\/?s={search_term_string}"},"query-input":{"@type":"PropertyValueSpecification","valueRequired":true,"valueName":"search_term_string"}}],"inLanguage":"en-US"}]}},"_links":{"self":[{"href":"https:\/\/seed.hu\/en\/wp-json\/wp\/v2\/hirek\/1124","targetHints":{"allow":["GET"]}}],"collection":[{"href":"https:\/\/seed.hu\/en\/wp-json\/wp\/v2\/hirek"}],"about":[{"href":"https:\/\/seed.hu\/en\/wp-json\/wp\/v2\/types\/hirek"}],"wp:attachment":[{"href":"https:\/\/seed.hu\/en\/wp-json\/wp\/v2\/media?parent=1124"}],"curies":[{"name":"wp","href":"https:\/\/api.w.org\/{rel}","templated":true}]}}