{"id":1131,"date":"2021-02-21T21:00:54","date_gmt":"2021-02-21T20:00:54","guid":{"rendered":"https:\/\/seed.hu\/?post_type=hirek&#038;p=1131"},"modified":"2022-01-24T14:56:17","modified_gmt":"2022-01-24T13:56:17","slug":"webaruhazi-trendek-2021-szakmai-partneri-meghivo","status":"publish","type":"hirek","link":"https:\/\/seed.hu\/en\/hirek\/webaruhazi-trendek-2021-szakmai-partneri-meghivo\/","title":{"rendered":"Web\u00e1ruh\u00e1zi trendek &#8211; 2021, szakmai partneri megh\u00edv\u00f3"},"content":{"rendered":"<div><\/div>\n<div>\n<table style=\"width: 667px;\" border=\"0\" cellspacing=\"1\" cellpadding=\"1\" align=\"center\">\n<tbody>\n<tr>\n<td style=\"width: 664.688px;\">\n<div class=\"gmail_attr\" dir=\"ltr\">\n<p><span style=\"font-family: tahoma, arial, helvetica, sans-serif; font-size: 14px;\"><b>Szeretettel megh\u00edvjuk<\/b> a BKIK \u00e9s a PP Konferenciak\u00f6zpont <span style=\"color: #ff0000;\"><b>Web\u00e1ruh\u00e1zi trendek &#8211; 2021 <\/b><\/span>c\u00edm\u0171 konferenci\u00e1j\u00e1ra, melyen a <b><span style=\"color: #ff0000;\">SEED<\/span> <\/b>Szakmai partners\u00e9get v\u00e1llalt. Tagt\u00e1rsaink, partnereink jelent\u0151s kedvezm\u00e9nnyel vehetnek r\u00e9szt vide\u00f3konferenci\u00e1nkon.<\/span><\/p>\n<p><span style=\"font-family: tahoma, arial, helvetica, sans-serif; font-size: 14px;\"><b>Kedvezm\u00e9nyes r\u00e9szv\u00e9teli d\u00edj <\/b><\/span><\/p>\n<p style=\"text-align: center;\"><span style=\"font-family: tahoma, arial, helvetica, sans-serif; font-size: 14px;\"><span style=\"color: #ff0000;\"><b>11 000 Ft + \u00e1fa.<\/b><\/span>\u00a0 Kuponk\u00f3d: <span style=\"color: #ff0000;\"><b>SZP20<\/b><\/span><\/span><\/p>\n<p><span style=\"font-family: tahoma, arial, helvetica, sans-serif;\"><span style=\"font-size: 14px;\"><b>Figyelem! A kedvezm\u00e9ny ig\u00e9nybe v\u00e9tel\u00e9hez\u00a0a<\/b> Regisztr\u00e1ci\u00f3s \u0171rlap v\u00e9g\u00e9n lev\u0151<\/span> <b>\u201eKupon k\u00f3d\u201d <\/b>mez\u0151be \u00edrj\u00e1k be a v\u00e1lasztott kedvezm\u00e9ny k\u00f3dj\u00e1t<\/span>!<\/p>\n<p><img loading=\"lazy\" decoding=\"async\" src=\"https:\/\/wg.kkv-akademia.hu\/files\/images\/3990\/800x210-mbi490.jpg\" alt=\"\" width=\"800\" height=\"210\" \/><\/p>\n<p style=\"text-align: center;\"><span style=\"font-family: tahoma, arial, helvetica, sans-serif; font-size: 36px; color: #000080;\"><b>Web\u00e1ruh\u00e1zi trendek \u2013 2021<\/b><\/span><\/p>\n<p style=\"text-align: center;\"><span style=\"font-family: tahoma, arial, helvetica, sans-serif; font-size: 24px; color: #000080;\"><b>D\u00f6nts v\u00e9glegesen az e-commerce mellett!<\/b><\/span><\/p>\n<p><span style=\"font-family: tahoma, arial, helvetica, sans-serif; font-size: 14px;\"><b>\u00a0<\/b><\/span><\/p>\n<p><b>\u00a0<\/b><\/p>\n<p><span style=\"font-family: tahoma, arial, helvetica, sans-serif; font-size: 14px;\"><b>Id\u0151pont:<\/b> 2021. m\u00e1rcius 11. 9.30\u201316.00 (aznap \u00e9l\u0151 egyenes ad\u00e1sban, 6 napig felv\u00e9telr\u0151l megn\u00e9zhet\u0151)<\/span><\/p>\n<p><span style=\"font-family: tahoma, arial, helvetica, sans-serif; font-size: 14px;\"><b>Helysz\u00edn:<\/b> Orsz\u00e1gos \u00e9l\u0151 vide\u00f3konferencia (interneten, mobilon, tableten)<\/span><\/p>\n<p>&nbsp;<\/p>\n<p style=\"text-align: center;\"><span style=\"font-family: tahoma, arial, helvetica, sans-serif; font-size: 14px; color: #ff0000;\"><b>A webes kereskedelem nyert a pand\u00e9mia ellen. A vev\u0151 n\u00e1la marad.<\/b><\/span><\/p>\n<p style=\"text-align: center;\"><span style=\"font-family: tahoma, arial, helvetica, sans-serif; font-size: 14px; color: #000000;\"><b>Tegy\u00fck ideiglenesb\u0151l profiv\u00e1 a webshopunkat! A v\u00e1s\u00e1rl\u00f3 m\u00e1r \u00e1tszokott.<\/b><\/span><\/p>\n<p style=\"text-align: center;\"><span style=\"font-family: tahoma, arial, helvetica, sans-serif; font-size: 14px; color: #ff0000;\"><b>K\u00f6sd \u00f6ssze a marketingcsatorn\u00e1kat! Haszn\u00e1ld a komplex technol\u00f3gi\u00e1kat!<\/b><\/span><\/p>\n<p style=\"text-align: center;\"><span style=\"font-family: tahoma, arial, helvetica, sans-serif; font-size: 14px; color: #ff0000;\"><b>\u00a0<\/b><\/span><\/p>\n<p style=\"text-align: center;\"><span style=\"font-family: tahoma, arial, helvetica, sans-serif; font-size: 14px; color: #000080;\"><b>A vide\u00f3k\u00f6zvet\u00edt\u00e9s a konferencia napj\u00e1n \u00e9s m\u00e9g 6 napig visszan\u00e9zhet\u0151!<\/b><\/span><\/p>\n<p>&nbsp;<\/p>\n<p><span style=\"font-family: tahoma, arial, helvetica, sans-serif; font-size: 14px; color: #ff0000;\"><b>Mir\u0151l sz\u00f3lunk?<\/b><\/span><\/p>\n<p><span style=\"font-family: tahoma, arial, helvetica, sans-serif; font-size: 14px;\">M\u00e1r egy \u00e9ve vel\u00fcnk \u00e9l a pand\u00e9mia. <b>A kereskedelem, a v\u00e1s\u00e1rl\u00f3k \u00e1tk\u00f6lt\u00f6ztek el\u0151le a webre.<\/b> Aki ezt nem tette meg, v\u00e1rta a j\u00e1rv\u00e1ny elt\u0171n\u00e9s\u00e9t, m\u00e1r biztosan b\u00e1nja. \u00a0Egy \u00e9v ut\u00e1n kijelenthetj\u00fck, hogy <b>a v\u00e1s\u00e1rl\u00e1si szok\u00e1sok v\u00e9gleg \u00e1talakultak.<\/b> <b>A v\u00e1ltoz\u00e1s egy\u00e9rtelm\u0171 nyertesei a web\u00e1ruh\u00e1zak, webshopok, a rakt\u00e1roz\u00e1s \u00e9s a fut\u00e1rszolg\u00e1latok.<\/b><\/span><\/p>\n<p><span style=\"font-family: tahoma, arial, helvetica, sans-serif; font-size: 14px;\">A kereskedelem, a vend\u00e9gl\u00e1t\u00e1s, \u00e9s a c\u00e9ges B2B \u00e9rt\u00e9kes\u00edt\u00e9s t\u00fal\u00e9l\u0151i gyorsan l\u00e9ptek. Aki tehette, gyorsan v\u00e1lasztott, fejlesztett saj\u00e1t webes \u00e9rt\u00e9kes\u00edt\u00e9st, vagy egy online piact\u00e9rhez kapcsol\u00f3dott.\u00a0<\/span><\/p>\n<p><span style=\"font-family: tahoma, arial, helvetica, sans-serif; font-size: 14px;\">T\u00fal vagyunk a kapkod\u00e1son. <b>A legfontosabb k\u00e9rd\u00e9s ma az, hogy az ideiglenesen fel\u00e9p\u00edtett olcs\u00f3, gyors e-commerce megold\u00e1sok helyett a profi, fejlett, hossz\u00fa t\u00e1v\u00fa webes kereskedelem mellett tegy\u00fck-e le a voksunkat. <\/b><\/span><\/p>\n<p><span style=\"font-family: tahoma, arial, helvetica, sans-serif; font-size: 14px;\">A felm\u00e9r\u00e9sek szerint a v\u00e1s\u00e1rl\u00f3k nagy r\u00e9sze nem szokik vissza. <b>A netes k\u00e9nyelem mellett marad. <\/b>\u00a0<b>Okosan tessz\u00fck, ha megy\u00fcnk a v\u00e1s\u00e1rl\u00f3k ut\u00e1n, s a fejlettebb, hat\u00e9konyabb web\u00e1ruh\u00e1zas rendszerek, marketing \u00e9s technol\u00f3gi\u00e1k fel\u00e9 nyitunk.<\/b><\/span><\/p>\n<p><span style=\"font-family: tahoma, arial, helvetica, sans-serif; font-size: 14px;\"><b><span style=\"color: #ff0000;\">Kiknek<\/span> <span style=\"color: #ff0000;\">sz\u00f3lunk?<\/span><\/b><\/span><\/p>\n<p><span style=\"font-family: tahoma, arial, helvetica, sans-serif; font-size: 14px;\"><b><em>V\u00e1rjuk a web\u00e1ruh\u00e1zakat, webkereskedelmet \u00e9p\u00edt\u0151ket \u00faj ismeretekkel, hat\u00e9kony megold\u00e1sokkal \u00e9s\u00a0 a m\u0171k\u00f6dtet\u00e9shez sz\u00fcks\u00e9ges szab\u00e1lyok bemutat\u00e1s\u00e1val. Hat\u00e9kony megold\u00e1sokkal k\u00e9sz\u00fclt\u00fcnk a fizet\u00e9si megold\u00e1sok, a vev\u0151bar\u00e1t v\u00e1s\u00e1rl\u00e1s \u00e9s marketing t\u00e9m\u00e1j\u00e1ban is.\u00a0<\/em><\/b><\/span><\/p>\n<p>&nbsp;<\/p>\n<p style=\"text-align: center;\" align=\"center\"><a title=\"https:\/\/ppkonferencia.hu\/konferenciakozpont\/webaruhazi-trendek-2021\/\" href=\"https:\/\/ppkonferencia.hu\/konferenciakozpont\/webaruhazi-trendek-2021\/\" target=\"_blank\" rel=\"noopener\"><span style=\"font-family: tahoma, arial, helvetica, sans-serif; font-size: 16px;\">A konferencia r\u00e9szletes programja \u00e9s regisztr\u00e1ci\u00f3<\/span><\/a><\/p>\n<p style=\"text-align: center;\" align=\"center\">\n<p style=\"text-align: center;\"><span style=\"font-family: tahoma, arial, helvetica, sans-serif; font-size: 14px; color: #ff0000;\"><b>Rendez\u0151k:<\/b><\/span><\/p>\n<p><span style=\"font-family: tahoma, arial, helvetica, sans-serif; font-size: 14px;\"><b><em>\u00a0<img loading=\"lazy\" decoding=\"async\" style=\"display: block; margin-left: auto; margin-right: auto;\" src=\"https:\/\/wg.kkv-akademia.hu\/files\/images\/3990\/bp-kniuo4.jpg\" alt=\"\" width=\"392\" height=\"90\" \/><\/em><\/b><\/span><\/p>\n<p><span style=\"font-family: tahoma, arial, helvetica, sans-serif; font-size: 14px;\"><b>\u00a0<\/b><\/span><\/p>\n<p><span style=\"font-family: tahoma, arial, helvetica, sans-serif; font-size: 14px;\"><b>\u00a0Tov\u00e1bbi felvil\u00e1gos\u00edt\u00e1s \u00e9s inform\u00e1ci\u00f3:<\/b><\/span><\/p>\n<p><span style=\"font-family: tahoma, arial, helvetica, sans-serif; font-size: 14px;\">Tel.: (1) 239 \u2013 9597\u00a0\u00a0\u00a0\u00a0\u00a0\u00a0\u00a0\u00a0\u00a0\u00a0\u00a0\u00a0\u00a0\u00a0\u00a0\u00a0\u00a0\u00a0\u00a0\u00a0\u00a0\u00a0\u00a0\u00a0\u00a0\u00a0\u00a0\u00a0\u00a0\u00a0\u00a0\u00a0\u00a0\u00a0\u00a0\u00a0\u00a0\u00a0\u00a0\u00a0\u00a0\u00a0\u00a0\u00a0\u00a0\u00a0\u00a0\u00a0\u00a0\u00a0\u00a0\u00a0\u00a0\u00a0\u00a0\u00a0\u00a0\u00a0\u00a0\u00a0\u00a0\u00a0\u00a0\u00a0\u00a0\u00a0\u00a0\u00a0\u00a0\u00a0\u00a0\u00a0\u00a0\u00a0\u00a0\u00a0\u00a0\u00a0\u00a0\u00a0\u00a0\u00a0\u00a0\u00a0\u00a0\u00a0 E-mail: <a href=\"mailto:konferencia@ppkonferencia.hu\">konferencia@ppkonferencia.hu<\/a><\/span><\/p>\n<p><span style=\"font-family: tahoma, arial, helvetica, sans-serif; font-size: 14px;\">weboldal: <a href=\"http:\/\/www.ppkonferencia.hu\">www.ppkonferencia.hu<\/a><\/span><\/p>\n<p><span style=\"font-family: tahoma, arial, helvetica, sans-serif; font-size: 14px;\"><b>\u00a0<img loading=\"lazy\" decoding=\"async\" src=\"https:\/\/wg.kkv-akademia.hu\/files\/images\/3990\/pp-ih682q.jpg\" alt=\"\" width=\"782\" height=\"54\" \/><\/b><\/span><\/p>\n<\/div>\n<\/td>\n<\/tr>\n<tr>\n<td style=\"width: 664.688px;\">\n<div class=\"gmail_attr\" dir=\"ltr\">\n<p style=\"text-align: center;\"><span style=\"font-family: tahoma, arial, helvetica, sans-serif;\"><b>\u00a0<\/b><\/span><\/p>\n<\/div>\n<\/td>\n<\/tr>\n<\/tbody>\n<\/table>\n<\/div>\n","protected":false},"featured_media":0,"menu_order":0,"template":"","meta":{"_acf_changed":false},"class_list":["post-1131","hirek","type-hirek","status-publish","hentry"],"acf":[],"yoast_head":"<!-- This site is optimized with the Yoast SEO plugin v27.4 - https:\/\/yoast.com\/product\/yoast-seo-wordpress\/ -->\n<title>Web\u00e1ruh\u00e1zi trendek - 2021, szakmai partneri megh\u00edv\u00f3 - Seed<\/title>\n<meta name=\"robots\" content=\"index, follow, max-snippet:-1, max-image-preview:large, max-video-preview:-1\" \/>\n<link rel=\"canonical\" href=\"https:\/\/seed.hu\/hirek\/webaruhazi-trendek-2021-szakmai-partneri-meghivo\/\" \/>\n<meta property=\"og:locale\" content=\"en_US\" \/>\n<meta property=\"og:type\" content=\"article\" \/>\n<meta property=\"og:title\" content=\"Web\u00e1ruh\u00e1zi trendek - 2021, szakmai partneri megh\u00edv\u00f3 - Seed\" \/>\n<meta property=\"og:description\" content=\"Szeretettel megh\u00edvjuk a BKIK \u00e9s a PP Konferenciak\u00f6zpont Web\u00e1ruh\u00e1zi trendek &#8211; 2021 c\u00edm\u0171 konferenci\u00e1j\u00e1ra, melyen a SEED Szakmai partners\u00e9get v\u00e1llalt. Tagt\u00e1rsaink, partnereink jelent\u0151s kedvezm\u00e9nnyel vehetnek r\u00e9szt vide\u00f3konferenci\u00e1nkon. Kedvezm\u00e9nyes r\u00e9szv\u00e9teli d\u00edj 11 000 Ft + \u00e1fa.\u00a0 Kuponk\u00f3d: SZP20 Figyelem! A kedvezm\u00e9ny ig\u00e9nybe v\u00e9tel\u00e9hez\u00a0a Regisztr\u00e1ci\u00f3s \u0171rlap v\u00e9g\u00e9n lev\u0151 \u201eKupon k\u00f3d\u201d mez\u0151be \u00edrj\u00e1k be a v\u00e1lasztott kedvezm\u00e9ny k\u00f3dj\u00e1t! [&hellip;]\" \/>\n<meta property=\"og:url\" content=\"https:\/\/seed.hu\/hirek\/webaruhazi-trendek-2021-szakmai-partneri-meghivo\/\" \/>\n<meta property=\"og:site_name\" content=\"Seed\" \/>\n<meta property=\"article:modified_time\" content=\"2022-01-24T13:56:17+00:00\" \/>\n<meta property=\"og:image\" content=\"https:\/\/wg.kkv-akademia.hu\/files\/images\/3990\/800x210-mbi490.jpg\" \/>\n<meta name=\"twitter:card\" content=\"summary_large_image\" \/>\n<meta name=\"twitter:label1\" content=\"Est. reading time\" \/>\n\t<meta name=\"twitter:data1\" content=\"2 minutes\" \/>\n<script type=\"application\/ld+json\" class=\"yoast-schema-graph\">{\"@context\":\"https:\\\/\\\/schema.org\",\"@graph\":[{\"@type\":\"WebPage\",\"@id\":\"https:\\\/\\\/seed.hu\\\/hirek\\\/webaruhazi-trendek-2021-szakmai-partneri-meghivo\\\/\",\"url\":\"https:\\\/\\\/seed.hu\\\/hirek\\\/webaruhazi-trendek-2021-szakmai-partneri-meghivo\\\/\",\"name\":\"Web\u00e1ruh\u00e1zi trendek - 2021, szakmai partneri megh\u00edv\u00f3 - Seed\",\"isPartOf\":{\"@id\":\"https:\\\/\\\/seed.hu\\\/#website\"},\"primaryImageOfPage\":{\"@id\":\"https:\\\/\\\/seed.hu\\\/hirek\\\/webaruhazi-trendek-2021-szakmai-partneri-meghivo\\\/#primaryimage\"},\"image\":{\"@id\":\"https:\\\/\\\/seed.hu\\\/hirek\\\/webaruhazi-trendek-2021-szakmai-partneri-meghivo\\\/#primaryimage\"},\"thumbnailUrl\":\"https:\\\/\\\/wg.kkv-akademia.hu\\\/files\\\/images\\\/3990\\\/800x210-mbi490.jpg\",\"datePublished\":\"2021-02-21T20:00:54+00:00\",\"dateModified\":\"2022-01-24T13:56:17+00:00\",\"breadcrumb\":{\"@id\":\"https:\\\/\\\/seed.hu\\\/hirek\\\/webaruhazi-trendek-2021-szakmai-partneri-meghivo\\\/#breadcrumb\"},\"inLanguage\":\"en-US\",\"potentialAction\":[{\"@type\":\"ReadAction\",\"target\":[\"https:\\\/\\\/seed.hu\\\/hirek\\\/webaruhazi-trendek-2021-szakmai-partneri-meghivo\\\/\"]}]},{\"@type\":\"ImageObject\",\"inLanguage\":\"en-US\",\"@id\":\"https:\\\/\\\/seed.hu\\\/hirek\\\/webaruhazi-trendek-2021-szakmai-partneri-meghivo\\\/#primaryimage\",\"url\":\"https:\\\/\\\/wg.kkv-akademia.hu\\\/files\\\/images\\\/3990\\\/800x210-mbi490.jpg\",\"contentUrl\":\"https:\\\/\\\/wg.kkv-akademia.hu\\\/files\\\/images\\\/3990\\\/800x210-mbi490.jpg\"},{\"@type\":\"BreadcrumbList\",\"@id\":\"https:\\\/\\\/seed.hu\\\/hirek\\\/webaruhazi-trendek-2021-szakmai-partneri-meghivo\\\/#breadcrumb\",\"itemListElement\":[{\"@type\":\"ListItem\",\"position\":1,\"name\":\"H\u00edrek\",\"item\":\"https:\\\/\\\/seed.hu\\\/hirek\\\/\"},{\"@type\":\"ListItem\",\"position\":2,\"name\":\"Web\u00e1ruh\u00e1zi trendek &#8211; 2021, szakmai partneri megh\u00edv\u00f3\"}]},{\"@type\":\"WebSite\",\"@id\":\"https:\\\/\\\/seed.hu\\\/#website\",\"url\":\"https:\\\/\\\/seed.hu\\\/\",\"name\":\"Seed\",\"description\":\"\",\"potentialAction\":[{\"@type\":\"SearchAction\",\"target\":{\"@type\":\"EntryPoint\",\"urlTemplate\":\"https:\\\/\\\/seed.hu\\\/?s={search_term_string}\"},\"query-input\":{\"@type\":\"PropertyValueSpecification\",\"valueRequired\":true,\"valueName\":\"search_term_string\"}}],\"inLanguage\":\"en-US\"}]}<\/script>\n<!-- \/ Yoast SEO plugin. -->","yoast_head_json":{"title":"Web\u00e1ruh\u00e1zi trendek - 2021, szakmai partneri megh\u00edv\u00f3 - Seed","robots":{"index":"index","follow":"follow","max-snippet":"max-snippet:-1","max-image-preview":"max-image-preview:large","max-video-preview":"max-video-preview:-1"},"canonical":"https:\/\/seed.hu\/hirek\/webaruhazi-trendek-2021-szakmai-partneri-meghivo\/","og_locale":"en_US","og_type":"article","og_title":"Web\u00e1ruh\u00e1zi trendek - 2021, szakmai partneri megh\u00edv\u00f3 - Seed","og_description":"Szeretettel megh\u00edvjuk a BKIK \u00e9s a PP Konferenciak\u00f6zpont Web\u00e1ruh\u00e1zi trendek &#8211; 2021 c\u00edm\u0171 konferenci\u00e1j\u00e1ra, melyen a SEED Szakmai partners\u00e9get v\u00e1llalt. Tagt\u00e1rsaink, partnereink jelent\u0151s kedvezm\u00e9nnyel vehetnek r\u00e9szt vide\u00f3konferenci\u00e1nkon. Kedvezm\u00e9nyes r\u00e9szv\u00e9teli d\u00edj 11 000 Ft + \u00e1fa.\u00a0 Kuponk\u00f3d: SZP20 Figyelem! A kedvezm\u00e9ny ig\u00e9nybe v\u00e9tel\u00e9hez\u00a0a Regisztr\u00e1ci\u00f3s \u0171rlap v\u00e9g\u00e9n lev\u0151 \u201eKupon k\u00f3d\u201d mez\u0151be \u00edrj\u00e1k be a v\u00e1lasztott kedvezm\u00e9ny k\u00f3dj\u00e1t! [&hellip;]","og_url":"https:\/\/seed.hu\/hirek\/webaruhazi-trendek-2021-szakmai-partneri-meghivo\/","og_site_name":"Seed","article_modified_time":"2022-01-24T13:56:17+00:00","og_image":[{"url":"https:\/\/wg.kkv-akademia.hu\/files\/images\/3990\/800x210-mbi490.jpg","type":"","width":"","height":""}],"twitter_card":"summary_large_image","twitter_misc":{"Est. reading time":"2 minutes"},"schema":{"@context":"https:\/\/schema.org","@graph":[{"@type":"WebPage","@id":"https:\/\/seed.hu\/hirek\/webaruhazi-trendek-2021-szakmai-partneri-meghivo\/","url":"https:\/\/seed.hu\/hirek\/webaruhazi-trendek-2021-szakmai-partneri-meghivo\/","name":"Web\u00e1ruh\u00e1zi trendek - 2021, szakmai partneri megh\u00edv\u00f3 - Seed","isPartOf":{"@id":"https:\/\/seed.hu\/#website"},"primaryImageOfPage":{"@id":"https:\/\/seed.hu\/hirek\/webaruhazi-trendek-2021-szakmai-partneri-meghivo\/#primaryimage"},"image":{"@id":"https:\/\/seed.hu\/hirek\/webaruhazi-trendek-2021-szakmai-partneri-meghivo\/#primaryimage"},"thumbnailUrl":"https:\/\/wg.kkv-akademia.hu\/files\/images\/3990\/800x210-mbi490.jpg","datePublished":"2021-02-21T20:00:54+00:00","dateModified":"2022-01-24T13:56:17+00:00","breadcrumb":{"@id":"https:\/\/seed.hu\/hirek\/webaruhazi-trendek-2021-szakmai-partneri-meghivo\/#breadcrumb"},"inLanguage":"en-US","potentialAction":[{"@type":"ReadAction","target":["https:\/\/seed.hu\/hirek\/webaruhazi-trendek-2021-szakmai-partneri-meghivo\/"]}]},{"@type":"ImageObject","inLanguage":"en-US","@id":"https:\/\/seed.hu\/hirek\/webaruhazi-trendek-2021-szakmai-partneri-meghivo\/#primaryimage","url":"https:\/\/wg.kkv-akademia.hu\/files\/images\/3990\/800x210-mbi490.jpg","contentUrl":"https:\/\/wg.kkv-akademia.hu\/files\/images\/3990\/800x210-mbi490.jpg"},{"@type":"BreadcrumbList","@id":"https:\/\/seed.hu\/hirek\/webaruhazi-trendek-2021-szakmai-partneri-meghivo\/#breadcrumb","itemListElement":[{"@type":"ListItem","position":1,"name":"H\u00edrek","item":"https:\/\/seed.hu\/hirek\/"},{"@type":"ListItem","position":2,"name":"Web\u00e1ruh\u00e1zi trendek &#8211; 2021, szakmai partneri megh\u00edv\u00f3"}]},{"@type":"WebSite","@id":"https:\/\/seed.hu\/#website","url":"https:\/\/seed.hu\/","name":"Seed","description":"","potentialAction":[{"@type":"SearchAction","target":{"@type":"EntryPoint","urlTemplate":"https:\/\/seed.hu\/?s={search_term_string}"},"query-input":{"@type":"PropertyValueSpecification","valueRequired":true,"valueName":"search_term_string"}}],"inLanguage":"en-US"}]}},"_links":{"self":[{"href":"https:\/\/seed.hu\/en\/wp-json\/wp\/v2\/hirek\/1131","targetHints":{"allow":["GET"]}}],"collection":[{"href":"https:\/\/seed.hu\/en\/wp-json\/wp\/v2\/hirek"}],"about":[{"href":"https:\/\/seed.hu\/en\/wp-json\/wp\/v2\/types\/hirek"}],"wp:attachment":[{"href":"https:\/\/seed.hu\/en\/wp-json\/wp\/v2\/media?parent=1131"}],"curies":[{"name":"wp","href":"https:\/\/api.w.org\/{rel}","templated":true}]}}