{"id":1132,"date":"2021-02-21T21:10:21","date_gmt":"2021-02-21T20:10:21","guid":{"rendered":"https:\/\/seed.hu\/?post_type=hirek&#038;p=1132"},"modified":"2022-01-24T14:58:03","modified_gmt":"2022-01-24T13:58:03","slug":"online-vallalkozoi-forum-reziliencia-mi-van-a-melyponton-tul-2021-februar-25","status":"publish","type":"hirek","link":"https:\/\/seed.hu\/en\/hirek\/online-vallalkozoi-forum-reziliencia-mi-van-a-melyponton-tul-2021-februar-25\/","title":{"rendered":"Online V\u00e1llalkoz\u00f3i F\u00f3rum &#8211; Reziliencia &#8211; Mi van a m\u00e9lyponton t\u00fal? 2021. febru\u00e1r 25."},"content":{"rendered":"<p><a href=\"https:\/\/seed.hu\/szolgaltatasok\/kerdezd-a-tanacsadot\/partnerbig2\/\" rel=\"attachment wp-att-41\"><img loading=\"lazy\" decoding=\"async\" class=\"alignnone size-full wp-image-41\" src=\"https:\/\/seed.hu\/wp-content\/uploads\/2021\/02\/partnerBig2.png\" alt=\"\" width=\"241\" height=\"75\" \/><\/a><\/p>\n<p><span style=\"font-size: 20px;\"><strong>Online V\u00e1llalkoz\u00f3i F\u00f3rum &#8211; Egy szak\u00e9rt\u0151, egy v\u00e1llalkoz\u00f3, egy t\u00e9ma, 1 \u00f3ra<\/strong><\/span><\/p>\n<p><strong><u>A k\u00f6vetkez\u0151\u00a0szakmai besz\u00e9lget\u00e9s id\u0151pontja:<\/u><\/strong><br \/>\n2021. febru\u00e1r 25., cs\u00fct\u00f6rt\u00f6k, 17:30-19:00.<\/p>\n<p><strong><u>A besz\u00e9lget\u0151partnerek:<\/u><\/strong><\/p>\n<ul>\n<li>Kirov-Farkas Cec\u00edlia ment\u00e1lhigi\u00e9n\u00e9s szakember, szuperv\u00edzor SEED Alap\u00edtv\u00e1ny<\/li>\n<li>Cs\u00e9ffalvay G\u00e1bor Flow Consulting Kft. Szervezet-\u00e9s vezet\u00e9sfejleszt\u00e9si, v\u00e1ltoz\u00e1smenedzsment tan\u00e1csad\u00f3, Certified SIZE Prozess tan\u00e1csad\u00f3, outdoor tr\u00e9ner, vezet\u0151i \u00e9s \u00e9letm\u00f3d coach<\/li>\n<\/ul>\n<p><strong><u>A t\u00e9ma:<\/u><\/strong><\/p>\n<p>Reziliencia &#8211; Mi van a m\u00e9lyponton t\u00fal?<\/p>\n<p><strong><u>R\u00e9szletes program:<\/u><\/strong><\/p>\n<ul>\n<li>Hogyan seg\u00edt a lelki alkalmazkod\u00f3k\u00e9pess\u00e9g\u00fcnk abban, hogy a v\u00edrus okozta v\u00e1ls\u00e1gos id\u0151kben is k\u00e9pesek legy\u00fcnk m\u00e1s szemsz\u00f6gb\u0151l n\u00e9zni a neh\u00e9zs\u00e9geinket \u00e9s \u00e9p\u00edtkezni, er\u0151t mer\u00edteni ak\u00e1r a kudarcokb\u00f3l is?<\/li>\n<li>Ti hogyan fejezn\u00e9tek be az al\u00e1bbi mondatokat?<\/li>\n<li>\u00a0 \u00a0 1. Amit az \u00e9letem sor\u00e1n megoldott neh\u00e9z helyezetekb\u0151l megtanultam \u00e9s hasznomra tudom ford\u00edtani az az, hogy&#8230;<\/li>\n<li>\u00a0 \u00a0 2. Amit most tenni tudok, hogy pozit\u00edv hozad\u00e9ka legyen az \u00e9letemben a pand\u00e9mia kapcs\u00e1n kialakult helyzetnek az az, hogy&#8230;<\/li>\n<\/ul>\n<p>Oszd meg vel\u00fcnk cs\u00fct\u00f6rt\u00f6k\u00f6n \u00e9s hallgasd meg, v\u00e1llalkoz\u00f3t\u00e1rsaid hogyan folytatt\u00e1k ezeket a mondatokat!<\/p>\n<p><strong><em>A f\u00f3rumon a r\u00e9szv\u00e9tel ingyenes, de el\u0151zetes regisztr\u00e1ci\u00f3hoz k\u00f6t\u00f6tt.<\/em><\/strong><\/p>\n<p><strong><em>Jelentkez\u00e9si hat\u00e1rid\u0151: 2021. febru\u00e1r 25. 12:00<\/em><\/strong><\/p>\n<p><a href=\"https:\/\/seed.hu\/kerdoiv\/online-vallalkozoi-forum-reziliencia-mi-van-a-melyponton-tul-2021-februar-25\" target=\"_blank\" rel=\"noopener\"><img decoding=\"async\" style=\"width: 130px; height: 42px;\" src=\"https:\/\/seed.hu\/files\/attachments\/inline\/regisztracio4.png\" alt=\"\" \/><\/a><\/p>\n<p>&nbsp;<\/p>\n","protected":false},"featured_media":792,"menu_order":0,"template":"","meta":{"_acf_changed":false},"class_list":["post-1132","hirek","type-hirek","status-publish","has-post-thumbnail","hentry"],"acf":[],"yoast_head":"<!-- This site is optimized with the Yoast SEO plugin v27.4 - https:\/\/yoast.com\/product\/yoast-seo-wordpress\/ -->\n<title>Online V\u00e1llalkoz\u00f3i F\u00f3rum - Reziliencia - Mi van a m\u00e9lyponton t\u00fal? 2021. febru\u00e1r 25. - Seed<\/title>\n<meta name=\"robots\" content=\"index, follow, max-snippet:-1, max-image-preview:large, max-video-preview:-1\" \/>\n<link rel=\"canonical\" href=\"https:\/\/seed.hu\/hirek\/online-vallalkozoi-forum-reziliencia-mi-van-a-melyponton-tul-2021-februar-25\/\" \/>\n<meta property=\"og:locale\" content=\"en_US\" \/>\n<meta property=\"og:type\" content=\"article\" \/>\n<meta property=\"og:title\" content=\"Online V\u00e1llalkoz\u00f3i F\u00f3rum - Reziliencia - Mi van a m\u00e9lyponton t\u00fal? 2021. febru\u00e1r 25. - Seed\" \/>\n<meta property=\"og:description\" content=\"Online V\u00e1llalkoz\u00f3i F\u00f3rum &#8211; Egy szak\u00e9rt\u0151, egy v\u00e1llalkoz\u00f3, egy t\u00e9ma, 1 \u00f3ra A k\u00f6vetkez\u0151\u00a0szakmai besz\u00e9lget\u00e9s id\u0151pontja: 2021. febru\u00e1r 25., cs\u00fct\u00f6rt\u00f6k, 17:30-19:00. A besz\u00e9lget\u0151partnerek: Kirov-Farkas Cec\u00edlia ment\u00e1lhigi\u00e9n\u00e9s szakember, szuperv\u00edzor SEED Alap\u00edtv\u00e1ny Cs\u00e9ffalvay G\u00e1bor Flow Consulting Kft. Szervezet-\u00e9s vezet\u00e9sfejleszt\u00e9si, v\u00e1ltoz\u00e1smenedzsment tan\u00e1csad\u00f3, Certified SIZE Prozess tan\u00e1csad\u00f3, outdoor tr\u00e9ner, vezet\u0151i \u00e9s \u00e9letm\u00f3d coach A t\u00e9ma: Reziliencia &#8211; Mi van [&hellip;]\" \/>\n<meta property=\"og:url\" content=\"https:\/\/seed.hu\/hirek\/online-vallalkozoi-forum-reziliencia-mi-van-a-melyponton-tul-2021-februar-25\/\" \/>\n<meta property=\"og:site_name\" content=\"Seed\" \/>\n<meta property=\"article:modified_time\" content=\"2022-01-24T13:58:03+00:00\" \/>\n<meta property=\"og:image\" content=\"https:\/\/seed.hu\/wp-content\/uploads\/2018\/04\/SEED_logo.png\" \/>\n\t<meta property=\"og:image:width\" content=\"250\" \/>\n\t<meta property=\"og:image:height\" content=\"206\" \/>\n\t<meta property=\"og:image:type\" content=\"image\/png\" \/>\n<meta name=\"twitter:card\" content=\"summary_large_image\" \/>\n<meta name=\"twitter:label1\" content=\"Est. reading time\" \/>\n\t<meta name=\"twitter:data1\" content=\"1 minute\" \/>\n<script type=\"application\/ld+json\" class=\"yoast-schema-graph\">{\"@context\":\"https:\\\/\\\/schema.org\",\"@graph\":[{\"@type\":\"WebPage\",\"@id\":\"https:\\\/\\\/seed.hu\\\/hirek\\\/online-vallalkozoi-forum-reziliencia-mi-van-a-melyponton-tul-2021-februar-25\\\/\",\"url\":\"https:\\\/\\\/seed.hu\\\/hirek\\\/online-vallalkozoi-forum-reziliencia-mi-van-a-melyponton-tul-2021-februar-25\\\/\",\"name\":\"Online V\u00e1llalkoz\u00f3i F\u00f3rum - Reziliencia - Mi van a m\u00e9lyponton t\u00fal? 2021. febru\u00e1r 25. - Seed\",\"isPartOf\":{\"@id\":\"https:\\\/\\\/seed.hu\\\/#website\"},\"primaryImageOfPage\":{\"@id\":\"https:\\\/\\\/seed.hu\\\/hirek\\\/online-vallalkozoi-forum-reziliencia-mi-van-a-melyponton-tul-2021-februar-25\\\/#primaryimage\"},\"image\":{\"@id\":\"https:\\\/\\\/seed.hu\\\/hirek\\\/online-vallalkozoi-forum-reziliencia-mi-van-a-melyponton-tul-2021-februar-25\\\/#primaryimage\"},\"thumbnailUrl\":\"https:\\\/\\\/seed.hu\\\/wp-content\\\/uploads\\\/2018\\\/04\\\/SEED_logo.png\",\"datePublished\":\"2021-02-21T20:10:21+00:00\",\"dateModified\":\"2022-01-24T13:58:03+00:00\",\"breadcrumb\":{\"@id\":\"https:\\\/\\\/seed.hu\\\/hirek\\\/online-vallalkozoi-forum-reziliencia-mi-van-a-melyponton-tul-2021-februar-25\\\/#breadcrumb\"},\"inLanguage\":\"en-US\",\"potentialAction\":[{\"@type\":\"ReadAction\",\"target\":[\"https:\\\/\\\/seed.hu\\\/hirek\\\/online-vallalkozoi-forum-reziliencia-mi-van-a-melyponton-tul-2021-februar-25\\\/\"]}]},{\"@type\":\"ImageObject\",\"inLanguage\":\"en-US\",\"@id\":\"https:\\\/\\\/seed.hu\\\/hirek\\\/online-vallalkozoi-forum-reziliencia-mi-van-a-melyponton-tul-2021-februar-25\\\/#primaryimage\",\"url\":\"https:\\\/\\\/seed.hu\\\/wp-content\\\/uploads\\\/2018\\\/04\\\/SEED_logo.png\",\"contentUrl\":\"https:\\\/\\\/seed.hu\\\/wp-content\\\/uploads\\\/2018\\\/04\\\/SEED_logo.png\",\"width\":250,\"height\":206},{\"@type\":\"BreadcrumbList\",\"@id\":\"https:\\\/\\\/seed.hu\\\/hirek\\\/online-vallalkozoi-forum-reziliencia-mi-van-a-melyponton-tul-2021-februar-25\\\/#breadcrumb\",\"itemListElement\":[{\"@type\":\"ListItem\",\"position\":1,\"name\":\"H\u00edrek\",\"item\":\"https:\\\/\\\/seed.hu\\\/hirek\\\/\"},{\"@type\":\"ListItem\",\"position\":2,\"name\":\"Online V\u00e1llalkoz\u00f3i F\u00f3rum &#8211; Reziliencia &#8211; Mi van a m\u00e9lyponton t\u00fal? 2021. febru\u00e1r 25.\"}]},{\"@type\":\"WebSite\",\"@id\":\"https:\\\/\\\/seed.hu\\\/#website\",\"url\":\"https:\\\/\\\/seed.hu\\\/\",\"name\":\"Seed\",\"description\":\"\",\"potentialAction\":[{\"@type\":\"SearchAction\",\"target\":{\"@type\":\"EntryPoint\",\"urlTemplate\":\"https:\\\/\\\/seed.hu\\\/?s={search_term_string}\"},\"query-input\":{\"@type\":\"PropertyValueSpecification\",\"valueRequired\":true,\"valueName\":\"search_term_string\"}}],\"inLanguage\":\"en-US\"}]}<\/script>\n<!-- \/ Yoast SEO plugin. -->","yoast_head_json":{"title":"Online V\u00e1llalkoz\u00f3i F\u00f3rum - Reziliencia - Mi van a m\u00e9lyponton t\u00fal? 2021. febru\u00e1r 25. - Seed","robots":{"index":"index","follow":"follow","max-snippet":"max-snippet:-1","max-image-preview":"max-image-preview:large","max-video-preview":"max-video-preview:-1"},"canonical":"https:\/\/seed.hu\/hirek\/online-vallalkozoi-forum-reziliencia-mi-van-a-melyponton-tul-2021-februar-25\/","og_locale":"en_US","og_type":"article","og_title":"Online V\u00e1llalkoz\u00f3i F\u00f3rum - Reziliencia - Mi van a m\u00e9lyponton t\u00fal? 2021. febru\u00e1r 25. - Seed","og_description":"Online V\u00e1llalkoz\u00f3i F\u00f3rum &#8211; Egy szak\u00e9rt\u0151, egy v\u00e1llalkoz\u00f3, egy t\u00e9ma, 1 \u00f3ra A k\u00f6vetkez\u0151\u00a0szakmai besz\u00e9lget\u00e9s id\u0151pontja: 2021. febru\u00e1r 25., cs\u00fct\u00f6rt\u00f6k, 17:30-19:00. A besz\u00e9lget\u0151partnerek: Kirov-Farkas Cec\u00edlia ment\u00e1lhigi\u00e9n\u00e9s szakember, szuperv\u00edzor SEED Alap\u00edtv\u00e1ny Cs\u00e9ffalvay G\u00e1bor Flow Consulting Kft. Szervezet-\u00e9s vezet\u00e9sfejleszt\u00e9si, v\u00e1ltoz\u00e1smenedzsment tan\u00e1csad\u00f3, Certified SIZE Prozess tan\u00e1csad\u00f3, outdoor tr\u00e9ner, vezet\u0151i \u00e9s \u00e9letm\u00f3d coach A t\u00e9ma: Reziliencia &#8211; Mi van [&hellip;]","og_url":"https:\/\/seed.hu\/hirek\/online-vallalkozoi-forum-reziliencia-mi-van-a-melyponton-tul-2021-februar-25\/","og_site_name":"Seed","article_modified_time":"2022-01-24T13:58:03+00:00","og_image":[{"width":250,"height":206,"url":"https:\/\/seed.hu\/wp-content\/uploads\/2018\/04\/SEED_logo.png","type":"image\/png"}],"twitter_card":"summary_large_image","twitter_misc":{"Est. reading time":"1 minute"},"schema":{"@context":"https:\/\/schema.org","@graph":[{"@type":"WebPage","@id":"https:\/\/seed.hu\/hirek\/online-vallalkozoi-forum-reziliencia-mi-van-a-melyponton-tul-2021-februar-25\/","url":"https:\/\/seed.hu\/hirek\/online-vallalkozoi-forum-reziliencia-mi-van-a-melyponton-tul-2021-februar-25\/","name":"Online V\u00e1llalkoz\u00f3i F\u00f3rum - Reziliencia - Mi van a m\u00e9lyponton t\u00fal? 2021. febru\u00e1r 25. - Seed","isPartOf":{"@id":"https:\/\/seed.hu\/#website"},"primaryImageOfPage":{"@id":"https:\/\/seed.hu\/hirek\/online-vallalkozoi-forum-reziliencia-mi-van-a-melyponton-tul-2021-februar-25\/#primaryimage"},"image":{"@id":"https:\/\/seed.hu\/hirek\/online-vallalkozoi-forum-reziliencia-mi-van-a-melyponton-tul-2021-februar-25\/#primaryimage"},"thumbnailUrl":"https:\/\/seed.hu\/wp-content\/uploads\/2018\/04\/SEED_logo.png","datePublished":"2021-02-21T20:10:21+00:00","dateModified":"2022-01-24T13:58:03+00:00","breadcrumb":{"@id":"https:\/\/seed.hu\/hirek\/online-vallalkozoi-forum-reziliencia-mi-van-a-melyponton-tul-2021-februar-25\/#breadcrumb"},"inLanguage":"en-US","potentialAction":[{"@type":"ReadAction","target":["https:\/\/seed.hu\/hirek\/online-vallalkozoi-forum-reziliencia-mi-van-a-melyponton-tul-2021-februar-25\/"]}]},{"@type":"ImageObject","inLanguage":"en-US","@id":"https:\/\/seed.hu\/hirek\/online-vallalkozoi-forum-reziliencia-mi-van-a-melyponton-tul-2021-februar-25\/#primaryimage","url":"https:\/\/seed.hu\/wp-content\/uploads\/2018\/04\/SEED_logo.png","contentUrl":"https:\/\/seed.hu\/wp-content\/uploads\/2018\/04\/SEED_logo.png","width":250,"height":206},{"@type":"BreadcrumbList","@id":"https:\/\/seed.hu\/hirek\/online-vallalkozoi-forum-reziliencia-mi-van-a-melyponton-tul-2021-februar-25\/#breadcrumb","itemListElement":[{"@type":"ListItem","position":1,"name":"H\u00edrek","item":"https:\/\/seed.hu\/hirek\/"},{"@type":"ListItem","position":2,"name":"Online V\u00e1llalkoz\u00f3i F\u00f3rum &#8211; Reziliencia &#8211; Mi van a m\u00e9lyponton t\u00fal? 2021. febru\u00e1r 25."}]},{"@type":"WebSite","@id":"https:\/\/seed.hu\/#website","url":"https:\/\/seed.hu\/","name":"Seed","description":"","potentialAction":[{"@type":"SearchAction","target":{"@type":"EntryPoint","urlTemplate":"https:\/\/seed.hu\/?s={search_term_string}"},"query-input":{"@type":"PropertyValueSpecification","valueRequired":true,"valueName":"search_term_string"}}],"inLanguage":"en-US"}]}},"_links":{"self":[{"href":"https:\/\/seed.hu\/en\/wp-json\/wp\/v2\/hirek\/1132","targetHints":{"allow":["GET"]}}],"collection":[{"href":"https:\/\/seed.hu\/en\/wp-json\/wp\/v2\/hirek"}],"about":[{"href":"https:\/\/seed.hu\/en\/wp-json\/wp\/v2\/types\/hirek"}],"wp:featuredmedia":[{"embeddable":true,"href":"https:\/\/seed.hu\/en\/wp-json\/wp\/v2\/media\/792"}],"wp:attachment":[{"href":"https:\/\/seed.hu\/en\/wp-json\/wp\/v2\/media?parent=1132"}],"curies":[{"name":"wp","href":"https:\/\/api.w.org\/{rel}","templated":true}]}}