{"id":1135,"date":"2021-02-25T19:43:21","date_gmt":"2021-02-25T18:43:21","guid":{"rendered":"https:\/\/seed.hu\/?post_type=hirek&#038;p=1135"},"modified":"2022-01-24T15:02:36","modified_gmt":"2022-01-24T14:02:36","slug":"online-vallalkozoi-forum-kornyezetunk-hat-vallalkozasunkra-es-vallalkozasunk-is-hat-a-kornyezetre-miert-es-hogyan-merjuk-mindezt-2021-marcius-4","status":"publish","type":"hirek","link":"https:\/\/seed.hu\/en\/hirek\/online-vallalkozoi-forum-kornyezetunk-hat-vallalkozasunkra-es-vallalkozasunk-is-hat-a-kornyezetre-miert-es-hogyan-merjuk-mindezt-2021-marcius-4\/","title":{"rendered":"Online V\u00e1llalkoz\u00f3i F\u00f3rum &#8211; K\u00f6rnyezet\u00fcnk hat v\u00e1llalkoz\u00e1sunkra \u00e9s v\u00e1llalkoz\u00e1sunk is hat a k\u00f6rnyezetre. Mi\u00e9rt \u00e9s hogyan m\u00e9rj\u00fck mindezt? 2021. m\u00e1rcius 4."},"content":{"rendered":"<p><a href=\"https:\/\/seed.hu\/szolgaltatasok\/kerdezd-a-tanacsadot\/partnerbig2\/\" rel=\"attachment wp-att-41\"><img loading=\"lazy\" decoding=\"async\" class=\"alignnone wp-image-41 size-full\" src=\"https:\/\/seed.hu\/wp-content\/uploads\/2021\/02\/partnerBig2.png\" alt=\"\" width=\"241\" height=\"75\" \/><\/a><\/p>\n<p><span style=\"font-size: 20px;\"><strong>Online V\u00e1llalkoz\u00f3i F\u00f3rum &#8211; Egy szak\u00e9rt\u0151, egy v\u00e1llalkoz\u00f3, egy t\u00e9ma, 1 \u00f3ra<\/strong><\/span><\/p>\n<p><strong><u>A k\u00f6vetkez\u0151\u00a0szakmai besz\u00e9lget\u00e9s id\u0151pontja:<\/u><\/strong><br \/>\n2021. m\u00e1rcius\u00a04., cs\u00fct\u00f6rt\u00f6k, 17:30-19:00.<\/p>\n<p><strong><u>A besz\u00e9lget\u0151partnerek:<\/u><\/strong><\/p>\n<ul>\n<li>R\u00e9p\u00e1ssy Zsuzsanna R\u00e9ka, ittaSzezon.com alap\u00edt\u00f3ja<\/li>\n<li>L\u00e9vai G\u00e1bor, t\u00e1rsadalmi hat\u00e1sm\u00e9r\u00e9s szak\u00e9rt\u0151, Impact Academy t\u00e1rsalap\u00edt\u00f3<\/li>\n<\/ul>\n<p><strong><u>A t\u00e9ma:<\/u><\/strong><\/p>\n<p>K\u00f6rnyezet\u00fcnk hat v\u00e1llalkoz\u00e1sunkra \u00e9s v\u00e1llalkoz\u00e1sunk is hat a k\u00f6rnyezetre. Mi\u00e9rt \u00e9s hogyan m\u00e9rj\u00fck mindezt?<\/p>\n<p><strong><u>R\u00e9szletes program:<\/u><\/strong><\/p>\n<ul>\n<li>A k\u00f6rnyezet\u00fcnkre, mint er\u0151t\u00e9rre er\u0151forr\u00e1sk\u00e9nt tekint\u00fcnk v\u00e1llalkoz\u00e1sunk m\u0171k\u00f6d\u00e9se sor\u00e1n a bels\u0151 er\u0151forr\u00e1saink mellett. De nem csak a k\u00f6rnyezet hat r\u00e1nk, hanem v\u00e1llalkoz\u00e1sunk tev\u00e9kenys\u00e9ge is kihat a k\u00f6rnyezet\u00e9re, a t\u00e1rsadalomra. A t\u00e1rsadalmi hat\u00e1s minden v\u00e1llalkoz\u00e1sn\u00e1l tetten \u00e9rhet\u0151, kin\u00e9l jobban, kin\u00e9l kev\u00e9sb\u00e9. Ha pedig \u00edgy van, akkor a pozit\u00edv t\u00e1rsadalmi hat\u00e1s n\u00f6veli v\u00e1llalkoz\u00e1sunk \u00e9rt\u00e9k\u00e9t, jav\u00edtja meg\u00edt\u00e9l\u00e9s\u00e9t a fogyaszt\u00f3k, besz\u00e1ll\u00edt\u00f3k, partnerek \u00e9s versenyt\u00e1rsak szem\u00e9ben.<\/li>\n<li>De hogyan m\u00e9rhet\u0151 mindez? Hogyan lehet ezt az \u00fczleti modellben, kommunik\u00e1ci\u00f3ban \u00e9rv\u00e9nyes\u00edteni, a versenyt\u00e1rsak k\u00f6z\u00f6tti megk\u00fcl\u00f6nb\u00f6ztet\u00e9s eszk\u00f6zek\u00e9nt alkalmazni?<\/li>\n<li>Ezt mutatja be L\u00e9vai G\u00e1bor hat\u00e1sm\u00e9r\u00e9si szak\u00e9rt\u0151 az ittaSzezon.com p\u00e9ld\u00e1j\u00e1n kereszt\u00fcl.<\/li>\n<\/ul>\n<p><strong><em>A f\u00f3rumon a r\u00e9szv\u00e9tel ingyenes, de el\u0151zetes regisztr\u00e1ci\u00f3hoz k\u00f6t\u00f6tt.<\/em><\/strong><\/p>\n<p><strong><em>Jelentkez\u00e9si hat\u00e1rid\u0151: 2021. m\u00e1rcius\u00a04. 12:00<\/em><\/strong><\/p>\n<p><a href=\"https:\/\/seed.hu\/kerdoiv\/online-vallalkozoi-forum-kornyezetunk-hat-vallalkozasunkra-es-vallalkozasunk-is-hat-a\" target=\"_blank\" rel=\"noopener\"><img decoding=\"async\" style=\"width: 130px; height: 42px;\" src=\"https:\/\/seed.hu\/files\/attachments\/inline\/regisztracio4.png\" alt=\"\" \/><\/a><\/p>\n<p>&nbsp;<\/p>\n","protected":false},"featured_media":792,"menu_order":0,"template":"","meta":{"_acf_changed":false},"class_list":["post-1135","hirek","type-hirek","status-publish","has-post-thumbnail","hentry"],"acf":[],"yoast_head":"<!-- This site is optimized with the Yoast SEO plugin v27.4 - https:\/\/yoast.com\/product\/yoast-seo-wordpress\/ -->\n<title>Online V\u00e1llalkoz\u00f3i F\u00f3rum - K\u00f6rnyezet\u00fcnk hat v\u00e1llalkoz\u00e1sunkra \u00e9s v\u00e1llalkoz\u00e1sunk is hat a k\u00f6rnyezetre. Mi\u00e9rt \u00e9s hogyan m\u00e9rj\u00fck mindezt? 2021. m\u00e1rcius 4. - Seed<\/title>\n<meta name=\"robots\" content=\"index, follow, max-snippet:-1, max-image-preview:large, max-video-preview:-1\" \/>\n<link rel=\"canonical\" href=\"https:\/\/seed.hu\/hirek\/online-vallalkozoi-forum-kornyezetunk-hat-vallalkozasunkra-es-vallalkozasunk-is-hat-a-kornyezetre-miert-es-hogyan-merjuk-mindezt-2021-marcius-4\/\" \/>\n<meta property=\"og:locale\" content=\"en_US\" \/>\n<meta property=\"og:type\" content=\"article\" \/>\n<meta property=\"og:title\" content=\"Online V\u00e1llalkoz\u00f3i F\u00f3rum - K\u00f6rnyezet\u00fcnk hat v\u00e1llalkoz\u00e1sunkra \u00e9s v\u00e1llalkoz\u00e1sunk is hat a k\u00f6rnyezetre. Mi\u00e9rt \u00e9s hogyan m\u00e9rj\u00fck mindezt? 2021. m\u00e1rcius 4. - Seed\" \/>\n<meta property=\"og:description\" content=\"Online V\u00e1llalkoz\u00f3i F\u00f3rum &#8211; Egy szak\u00e9rt\u0151, egy v\u00e1llalkoz\u00f3, egy t\u00e9ma, 1 \u00f3ra A k\u00f6vetkez\u0151\u00a0szakmai besz\u00e9lget\u00e9s id\u0151pontja: 2021. m\u00e1rcius\u00a04., cs\u00fct\u00f6rt\u00f6k, 17:30-19:00. A besz\u00e9lget\u0151partnerek: R\u00e9p\u00e1ssy Zsuzsanna R\u00e9ka, ittaSzezon.com alap\u00edt\u00f3ja L\u00e9vai G\u00e1bor, t\u00e1rsadalmi hat\u00e1sm\u00e9r\u00e9s szak\u00e9rt\u0151, Impact Academy t\u00e1rsalap\u00edt\u00f3 A t\u00e9ma: K\u00f6rnyezet\u00fcnk hat v\u00e1llalkoz\u00e1sunkra \u00e9s v\u00e1llalkoz\u00e1sunk is hat a k\u00f6rnyezetre. Mi\u00e9rt \u00e9s hogyan m\u00e9rj\u00fck mindezt? R\u00e9szletes program: A k\u00f6rnyezet\u00fcnkre, [&hellip;]\" \/>\n<meta property=\"og:url\" content=\"https:\/\/seed.hu\/hirek\/online-vallalkozoi-forum-kornyezetunk-hat-vallalkozasunkra-es-vallalkozasunk-is-hat-a-kornyezetre-miert-es-hogyan-merjuk-mindezt-2021-marcius-4\/\" \/>\n<meta property=\"og:site_name\" content=\"Seed\" \/>\n<meta property=\"article:modified_time\" content=\"2022-01-24T14:02:36+00:00\" \/>\n<meta property=\"og:image\" content=\"https:\/\/seed.hu\/wp-content\/uploads\/2018\/04\/SEED_logo.png\" \/>\n\t<meta property=\"og:image:width\" content=\"250\" \/>\n\t<meta property=\"og:image:height\" content=\"206\" \/>\n\t<meta property=\"og:image:type\" content=\"image\/png\" \/>\n<meta name=\"twitter:card\" content=\"summary_large_image\" \/>\n<meta name=\"twitter:label1\" content=\"Est. reading time\" \/>\n\t<meta name=\"twitter:data1\" content=\"1 minute\" \/>\n<script type=\"application\/ld+json\" class=\"yoast-schema-graph\">{\"@context\":\"https:\\\/\\\/schema.org\",\"@graph\":[{\"@type\":\"WebPage\",\"@id\":\"https:\\\/\\\/seed.hu\\\/hirek\\\/online-vallalkozoi-forum-kornyezetunk-hat-vallalkozasunkra-es-vallalkozasunk-is-hat-a-kornyezetre-miert-es-hogyan-merjuk-mindezt-2021-marcius-4\\\/\",\"url\":\"https:\\\/\\\/seed.hu\\\/hirek\\\/online-vallalkozoi-forum-kornyezetunk-hat-vallalkozasunkra-es-vallalkozasunk-is-hat-a-kornyezetre-miert-es-hogyan-merjuk-mindezt-2021-marcius-4\\\/\",\"name\":\"Online V\u00e1llalkoz\u00f3i F\u00f3rum - K\u00f6rnyezet\u00fcnk hat v\u00e1llalkoz\u00e1sunkra \u00e9s v\u00e1llalkoz\u00e1sunk is hat a k\u00f6rnyezetre. Mi\u00e9rt \u00e9s hogyan m\u00e9rj\u00fck mindezt? 2021. m\u00e1rcius 4. - Seed\",\"isPartOf\":{\"@id\":\"https:\\\/\\\/seed.hu\\\/#website\"},\"primaryImageOfPage\":{\"@id\":\"https:\\\/\\\/seed.hu\\\/hirek\\\/online-vallalkozoi-forum-kornyezetunk-hat-vallalkozasunkra-es-vallalkozasunk-is-hat-a-kornyezetre-miert-es-hogyan-merjuk-mindezt-2021-marcius-4\\\/#primaryimage\"},\"image\":{\"@id\":\"https:\\\/\\\/seed.hu\\\/hirek\\\/online-vallalkozoi-forum-kornyezetunk-hat-vallalkozasunkra-es-vallalkozasunk-is-hat-a-kornyezetre-miert-es-hogyan-merjuk-mindezt-2021-marcius-4\\\/#primaryimage\"},\"thumbnailUrl\":\"https:\\\/\\\/seed.hu\\\/wp-content\\\/uploads\\\/2018\\\/04\\\/SEED_logo.png\",\"datePublished\":\"2021-02-25T18:43:21+00:00\",\"dateModified\":\"2022-01-24T14:02:36+00:00\",\"breadcrumb\":{\"@id\":\"https:\\\/\\\/seed.hu\\\/hirek\\\/online-vallalkozoi-forum-kornyezetunk-hat-vallalkozasunkra-es-vallalkozasunk-is-hat-a-kornyezetre-miert-es-hogyan-merjuk-mindezt-2021-marcius-4\\\/#breadcrumb\"},\"inLanguage\":\"en-US\",\"potentialAction\":[{\"@type\":\"ReadAction\",\"target\":[\"https:\\\/\\\/seed.hu\\\/hirek\\\/online-vallalkozoi-forum-kornyezetunk-hat-vallalkozasunkra-es-vallalkozasunk-is-hat-a-kornyezetre-miert-es-hogyan-merjuk-mindezt-2021-marcius-4\\\/\"]}]},{\"@type\":\"ImageObject\",\"inLanguage\":\"en-US\",\"@id\":\"https:\\\/\\\/seed.hu\\\/hirek\\\/online-vallalkozoi-forum-kornyezetunk-hat-vallalkozasunkra-es-vallalkozasunk-is-hat-a-kornyezetre-miert-es-hogyan-merjuk-mindezt-2021-marcius-4\\\/#primaryimage\",\"url\":\"https:\\\/\\\/seed.hu\\\/wp-content\\\/uploads\\\/2018\\\/04\\\/SEED_logo.png\",\"contentUrl\":\"https:\\\/\\\/seed.hu\\\/wp-content\\\/uploads\\\/2018\\\/04\\\/SEED_logo.png\",\"width\":250,\"height\":206},{\"@type\":\"BreadcrumbList\",\"@id\":\"https:\\\/\\\/seed.hu\\\/hirek\\\/online-vallalkozoi-forum-kornyezetunk-hat-vallalkozasunkra-es-vallalkozasunk-is-hat-a-kornyezetre-miert-es-hogyan-merjuk-mindezt-2021-marcius-4\\\/#breadcrumb\",\"itemListElement\":[{\"@type\":\"ListItem\",\"position\":1,\"name\":\"H\u00edrek\",\"item\":\"https:\\\/\\\/seed.hu\\\/hirek\\\/\"},{\"@type\":\"ListItem\",\"position\":2,\"name\":\"Online V\u00e1llalkoz\u00f3i F\u00f3rum &#8211; K\u00f6rnyezet\u00fcnk hat v\u00e1llalkoz\u00e1sunkra \u00e9s v\u00e1llalkoz\u00e1sunk is hat a k\u00f6rnyezetre. Mi\u00e9rt \u00e9s hogyan m\u00e9rj\u00fck mindezt? 2021. m\u00e1rcius 4.\"}]},{\"@type\":\"WebSite\",\"@id\":\"https:\\\/\\\/seed.hu\\\/#website\",\"url\":\"https:\\\/\\\/seed.hu\\\/\",\"name\":\"Seed\",\"description\":\"\",\"potentialAction\":[{\"@type\":\"SearchAction\",\"target\":{\"@type\":\"EntryPoint\",\"urlTemplate\":\"https:\\\/\\\/seed.hu\\\/?s={search_term_string}\"},\"query-input\":{\"@type\":\"PropertyValueSpecification\",\"valueRequired\":true,\"valueName\":\"search_term_string\"}}],\"inLanguage\":\"en-US\"}]}<\/script>\n<!-- \/ Yoast SEO plugin. -->","yoast_head_json":{"title":"Online V\u00e1llalkoz\u00f3i F\u00f3rum - K\u00f6rnyezet\u00fcnk hat v\u00e1llalkoz\u00e1sunkra \u00e9s v\u00e1llalkoz\u00e1sunk is hat a k\u00f6rnyezetre. Mi\u00e9rt \u00e9s hogyan m\u00e9rj\u00fck mindezt? 2021. m\u00e1rcius 4. - Seed","robots":{"index":"index","follow":"follow","max-snippet":"max-snippet:-1","max-image-preview":"max-image-preview:large","max-video-preview":"max-video-preview:-1"},"canonical":"https:\/\/seed.hu\/hirek\/online-vallalkozoi-forum-kornyezetunk-hat-vallalkozasunkra-es-vallalkozasunk-is-hat-a-kornyezetre-miert-es-hogyan-merjuk-mindezt-2021-marcius-4\/","og_locale":"en_US","og_type":"article","og_title":"Online V\u00e1llalkoz\u00f3i F\u00f3rum - K\u00f6rnyezet\u00fcnk hat v\u00e1llalkoz\u00e1sunkra \u00e9s v\u00e1llalkoz\u00e1sunk is hat a k\u00f6rnyezetre. Mi\u00e9rt \u00e9s hogyan m\u00e9rj\u00fck mindezt? 2021. m\u00e1rcius 4. - Seed","og_description":"Online V\u00e1llalkoz\u00f3i F\u00f3rum &#8211; Egy szak\u00e9rt\u0151, egy v\u00e1llalkoz\u00f3, egy t\u00e9ma, 1 \u00f3ra A k\u00f6vetkez\u0151\u00a0szakmai besz\u00e9lget\u00e9s id\u0151pontja: 2021. m\u00e1rcius\u00a04., cs\u00fct\u00f6rt\u00f6k, 17:30-19:00. A besz\u00e9lget\u0151partnerek: R\u00e9p\u00e1ssy Zsuzsanna R\u00e9ka, ittaSzezon.com alap\u00edt\u00f3ja L\u00e9vai G\u00e1bor, t\u00e1rsadalmi hat\u00e1sm\u00e9r\u00e9s szak\u00e9rt\u0151, Impact Academy t\u00e1rsalap\u00edt\u00f3 A t\u00e9ma: K\u00f6rnyezet\u00fcnk hat v\u00e1llalkoz\u00e1sunkra \u00e9s v\u00e1llalkoz\u00e1sunk is hat a k\u00f6rnyezetre. Mi\u00e9rt \u00e9s hogyan m\u00e9rj\u00fck mindezt? R\u00e9szletes program: A k\u00f6rnyezet\u00fcnkre, [&hellip;]","og_url":"https:\/\/seed.hu\/hirek\/online-vallalkozoi-forum-kornyezetunk-hat-vallalkozasunkra-es-vallalkozasunk-is-hat-a-kornyezetre-miert-es-hogyan-merjuk-mindezt-2021-marcius-4\/","og_site_name":"Seed","article_modified_time":"2022-01-24T14:02:36+00:00","og_image":[{"width":250,"height":206,"url":"https:\/\/seed.hu\/wp-content\/uploads\/2018\/04\/SEED_logo.png","type":"image\/png"}],"twitter_card":"summary_large_image","twitter_misc":{"Est. reading time":"1 minute"},"schema":{"@context":"https:\/\/schema.org","@graph":[{"@type":"WebPage","@id":"https:\/\/seed.hu\/hirek\/online-vallalkozoi-forum-kornyezetunk-hat-vallalkozasunkra-es-vallalkozasunk-is-hat-a-kornyezetre-miert-es-hogyan-merjuk-mindezt-2021-marcius-4\/","url":"https:\/\/seed.hu\/hirek\/online-vallalkozoi-forum-kornyezetunk-hat-vallalkozasunkra-es-vallalkozasunk-is-hat-a-kornyezetre-miert-es-hogyan-merjuk-mindezt-2021-marcius-4\/","name":"Online V\u00e1llalkoz\u00f3i F\u00f3rum - K\u00f6rnyezet\u00fcnk hat v\u00e1llalkoz\u00e1sunkra \u00e9s v\u00e1llalkoz\u00e1sunk is hat a k\u00f6rnyezetre. Mi\u00e9rt \u00e9s hogyan m\u00e9rj\u00fck mindezt? 2021. m\u00e1rcius 4. - Seed","isPartOf":{"@id":"https:\/\/seed.hu\/#website"},"primaryImageOfPage":{"@id":"https:\/\/seed.hu\/hirek\/online-vallalkozoi-forum-kornyezetunk-hat-vallalkozasunkra-es-vallalkozasunk-is-hat-a-kornyezetre-miert-es-hogyan-merjuk-mindezt-2021-marcius-4\/#primaryimage"},"image":{"@id":"https:\/\/seed.hu\/hirek\/online-vallalkozoi-forum-kornyezetunk-hat-vallalkozasunkra-es-vallalkozasunk-is-hat-a-kornyezetre-miert-es-hogyan-merjuk-mindezt-2021-marcius-4\/#primaryimage"},"thumbnailUrl":"https:\/\/seed.hu\/wp-content\/uploads\/2018\/04\/SEED_logo.png","datePublished":"2021-02-25T18:43:21+00:00","dateModified":"2022-01-24T14:02:36+00:00","breadcrumb":{"@id":"https:\/\/seed.hu\/hirek\/online-vallalkozoi-forum-kornyezetunk-hat-vallalkozasunkra-es-vallalkozasunk-is-hat-a-kornyezetre-miert-es-hogyan-merjuk-mindezt-2021-marcius-4\/#breadcrumb"},"inLanguage":"en-US","potentialAction":[{"@type":"ReadAction","target":["https:\/\/seed.hu\/hirek\/online-vallalkozoi-forum-kornyezetunk-hat-vallalkozasunkra-es-vallalkozasunk-is-hat-a-kornyezetre-miert-es-hogyan-merjuk-mindezt-2021-marcius-4\/"]}]},{"@type":"ImageObject","inLanguage":"en-US","@id":"https:\/\/seed.hu\/hirek\/online-vallalkozoi-forum-kornyezetunk-hat-vallalkozasunkra-es-vallalkozasunk-is-hat-a-kornyezetre-miert-es-hogyan-merjuk-mindezt-2021-marcius-4\/#primaryimage","url":"https:\/\/seed.hu\/wp-content\/uploads\/2018\/04\/SEED_logo.png","contentUrl":"https:\/\/seed.hu\/wp-content\/uploads\/2018\/04\/SEED_logo.png","width":250,"height":206},{"@type":"BreadcrumbList","@id":"https:\/\/seed.hu\/hirek\/online-vallalkozoi-forum-kornyezetunk-hat-vallalkozasunkra-es-vallalkozasunk-is-hat-a-kornyezetre-miert-es-hogyan-merjuk-mindezt-2021-marcius-4\/#breadcrumb","itemListElement":[{"@type":"ListItem","position":1,"name":"H\u00edrek","item":"https:\/\/seed.hu\/hirek\/"},{"@type":"ListItem","position":2,"name":"Online V\u00e1llalkoz\u00f3i F\u00f3rum &#8211; K\u00f6rnyezet\u00fcnk hat v\u00e1llalkoz\u00e1sunkra \u00e9s v\u00e1llalkoz\u00e1sunk is hat a k\u00f6rnyezetre. Mi\u00e9rt \u00e9s hogyan m\u00e9rj\u00fck mindezt? 2021. m\u00e1rcius 4."}]},{"@type":"WebSite","@id":"https:\/\/seed.hu\/#website","url":"https:\/\/seed.hu\/","name":"Seed","description":"","potentialAction":[{"@type":"SearchAction","target":{"@type":"EntryPoint","urlTemplate":"https:\/\/seed.hu\/?s={search_term_string}"},"query-input":{"@type":"PropertyValueSpecification","valueRequired":true,"valueName":"search_term_string"}}],"inLanguage":"en-US"}]}},"_links":{"self":[{"href":"https:\/\/seed.hu\/en\/wp-json\/wp\/v2\/hirek\/1135","targetHints":{"allow":["GET"]}}],"collection":[{"href":"https:\/\/seed.hu\/en\/wp-json\/wp\/v2\/hirek"}],"about":[{"href":"https:\/\/seed.hu\/en\/wp-json\/wp\/v2\/types\/hirek"}],"wp:featuredmedia":[{"embeddable":true,"href":"https:\/\/seed.hu\/en\/wp-json\/wp\/v2\/media\/792"}],"wp:attachment":[{"href":"https:\/\/seed.hu\/en\/wp-json\/wp\/v2\/media?parent=1135"}],"curies":[{"name":"wp","href":"https:\/\/api.w.org\/{rel}","templated":true}]}}