{"id":1139,"date":"2021-03-28T18:00:36","date_gmt":"2021-03-28T16:00:36","guid":{"rendered":"https:\/\/seed.hu\/?post_type=hirek&#038;p=1139"},"modified":"2022-01-24T15:08:54","modified_gmt":"2022-01-24T14:08:54","slug":"pp-konferencia-helyezd-biztonsagba-a-cegvagyont","status":"publish","type":"hirek","link":"https:\/\/seed.hu\/en\/hirek\/pp-konferencia-helyezd-biztonsagba-a-cegvagyont\/","title":{"rendered":"PP Konferencia &#8211; Helyezd biztons\u00e1gba a c\u00e9gvagyont"},"content":{"rendered":"<div><\/div>\n<div>\n<table style=\"width: 667px;\" border=\"0\" cellspacing=\"1\" cellpadding=\"1\" align=\"center\">\n<tbody>\n<tr>\n<td style=\"width: 664.688px;\">\n<div class=\"gmail_attr\" dir=\"ltr\">\n<p><span style=\"font-family: tahoma, arial, helvetica, sans-serif;\"><b>Szeretettel megh\u00edvjuk<\/b> a BKIK \u00e9s a PP Konferenciak\u00f6zpont <span style=\"color: #ff0000;\"><b>Helyezd biztons\u00e1gba a c\u00e9gvagyont! <\/b><\/span>c\u00edm\u0171 konferenci\u00e1j\u00e1ra, melyen a <span style=\"color: #ff0000;\"><b>SEED<\/b><\/span> Szakmai partners\u00e9get v\u00e1llalt. Tagt\u00e1rsaink, partnereink jelent\u0151s kedvezm\u00e9nnyel vehetnek r\u00e9szt vide\u00f3konferenci\u00e1nkon.<\/span><\/p>\n<p><span style=\"font-family: tahoma, arial, helvetica, sans-serif;\"><b>Kedvezm\u00e9nyes r\u00e9szv\u00e9teli d\u00edj <\/b><\/span><\/p>\n<p style=\"text-align: center;\"><span style=\"font-family: tahoma, arial, helvetica, sans-serif;\"><span style=\"color: #ff0000;\"><b>11 000 Ft + \u00e1fa.<\/b>\u00a0<\/span> Kuponk\u00f3d: <span style=\"color: #ff0000;\"><b>SZP20<\/b><\/span><\/span><\/p>\n<p><span style=\"font-family: tahoma, arial, helvetica, sans-serif;\"><b>Figyelem! A kedvezm\u00e9ny ig\u00e9nybe v\u00e9tel\u00e9hez\u00a0a<\/b> Regisztr\u00e1ci\u00f3s \u0171rlap v\u00e9g\u00e9n lev\u0151 <b>\u201eKupon k\u00f3d\u201d <\/b>mez\u0151be \u00edrj\u00e1k be a v\u00e1lasztott kedvezm\u00e9ny k\u00f3dj\u00e1t!<\/span><\/p>\n<p><img loading=\"lazy\" decoding=\"async\" src=\"https:\/\/wg.kkv-akademia.hu\/files\/images\/4531\/800x210-uhk9r8.jpg\" alt=\"\" width=\"800\" height=\"210\" \/><\/p>\n<p style=\"text-align: center;\"><span style=\"font-family: tahoma, arial, helvetica, sans-serif; color: #000080; font-size: 36px;\"><b>Helyezd biztons\u00e1gba a c\u00e9gvagyont!<\/b><\/span><\/p>\n<p style=\"text-align: center;\"><span style=\"font-family: tahoma, arial, helvetica, sans-serif; color: #000080; font-size: 24px;\"><b>Haszn\u00e1lj v\u00e1ls\u00e1gbiztos megold\u00e1sokat!<\/b><\/span><\/p>\n<p><span style=\"font-family: tahoma, arial, helvetica, sans-serif; font-size: 14px;\"><b>\u00a0<\/b><\/span><\/p>\n<p><span style=\"font-size: 16px;\"><span style=\"font-family: tahoma, arial, helvetica, sans-serif;\"><b>\u00a0<\/b><\/span><\/span><\/p>\n<p><span style=\"font-family: tahoma, arial, helvetica, sans-serif; font-size: 14px;\"><b>Id\u0151pont: 2021. \u00e1prilis 15<\/b>. cs\u00fct\u00f6rt\u00f6k, 9.30\u201316.00 (aznap \u00e9s m\u00e9g hat napig n\u00e9zhet\u0151)<\/span><\/p>\n<p><span style=\"font-family: tahoma, arial, helvetica, sans-serif; font-size: 14px;\"><b>Helysz\u00edn: Orsz\u00e1gos \u00e9l\u0151 vide\u00f3konferencia<\/b> (interneten, mobilon, tableten)<\/span><\/p>\n<p>&nbsp;<\/p>\n<p style=\"text-align: center;\"><span style=\"font-family: tahoma, arial, helvetica, sans-serif; font-size: 14px; color: #ff0000;\"><b>Ne tegy\u00fck ki a kock\u00e1zatos, v\u00e1ratlan k\u00f6r\u00fclm\u00e9nyeknek a c\u00e9gvagyont!<\/b><\/span><\/p>\n<p style=\"text-align: center;\"><span style=\"font-family: tahoma, arial, helvetica, sans-serif; font-size: 14px;\"><b>Hol van biztons\u00e1gban a p\u00e9nz\u00fcnk, tud\u00e1sunk \u00e9s a befektetett t\u0151k\u00e9nk?<\/b><\/span><\/p>\n<p style=\"text-align: center;\"><span style=\"font-family: tahoma, arial, helvetica, sans-serif; font-size: 14px; color: #ff0000;\"><b>Hogyan vegy\u00fck k\u00f6rbe a c\u00e9get betonbiztos v\u00e9d\u0151falakkal?<\/b><\/span><\/p>\n<p style=\"text-align: center;\">\n<p style=\"text-align: center;\"><span style=\"font-family: tahoma, arial, helvetica, sans-serif; font-size: 14px; color: #000080;\"><b>A vide\u00f3k\u00f6zvet\u00edt\u00e9s a konferencia napj\u00e1n \u00e9s m\u00e9g 6 napig visszan\u00e9zhet\u0151!<\/b><\/span><\/p>\n<p style=\"text-align: center;\"><span style=\"font-family: tahoma, arial, helvetica, sans-serif; font-size: 14px;\"><b>\u00a0<\/b><\/span><\/p>\n<p><span style=\"font-family: tahoma, arial, helvetica, sans-serif; font-size: 14px; color: #ff0000;\"><b>Mir\u0151l sz\u00f3lunk?<\/b><\/span><\/p>\n<p><span style=\"font-family: tahoma, arial, helvetica, sans-serif; font-size: 14px;\"><b>Az ut\u00f3bbi egy \u00e9vben megtanultuk,<\/b> hogy <b>egy szempillant\u00e1s alatt semmiv\u00e9 lehetnek, elt\u0171nhetnek<\/b> a g\u00e9pekben, berendez\u00e9sekben, ingatlanban, ing\u00f3s\u00e1gban \u00e9s szellemi t\u0151k\u00e9ben megtestes\u00fclt, <b>folyamatosan \u00e9rt\u00e9ket termel\u0151 javaink.<\/b> \u00a0A vil\u00e1g nagyon bizonytalann\u00e1 v\u00e1lt. <b>Legy\u00fcnk nagyon \u00f3vatosak!<\/b> Azonnal biztons\u00e1gba kell helyezn\u00fcnk a megteremtett \u00e9rt\u00e9keinket. <b>Kezdj\u00fck ott, hogy tudjuk pontosan, mekkora \u00e9s milyen vagyoni \u00e9rt\u00e9k halmoz\u00f3dott fel a c\u00e9g\u00fcnkben! <\/b>S tegy\u00fck meg mindent a biztons\u00e1gba helyez\u00e9s\u00fck \u00e9rdek\u00e9ben! <b>Legy\u00fcnk naprak\u00e9szek a c\u00e9g piaci \u00e9rt\u00e9kek\u00e9vel is.<\/b><\/span><\/p>\n<p><span style=\"font-family: tahoma, arial, helvetica, sans-serif; font-size: 14px;\"><b>Soksz\u00edn\u0171 c\u00e9gformav\u00e1lt\u00e1sban, c\u00e9gvari\u00e1ci\u00f3ban, befektet\u00e9si, vagyonkezel\u00e9si lehet\u0151s\u00e9gben gondolkodhatunk. Sok bev\u00e1lt, biztons\u00e1gos ad\u00f3z\u00e1si \u00e9s p\u00e9nz\u00fcgyi el\u0151ny\u00f6kkel j\u00e1r\u00f3, k\u00f6lts\u00e9ghat\u00e9kony megold\u00e1st alkalmazhatunk. <\/b>Szak\u00e9rt\u0151 el\u0151ad\u00f3ink megismertetnek benn\u00fcnket az <b>\u00f6sszes vagyon-bev\u00e9d\u00e9si lehet\u0151s\u00e9ggel<\/b>.<\/span><\/p>\n<p><span style=\"font-family: tahoma, arial, helvetica, sans-serif; font-size: 14px;\">Nagy sz\u00fcks\u00e9g\u00fcnk lesz r\u00e1 a j\u00f6v\u0151ben, mert a stabilit\u00e1s, kisz\u00e1m\u00edthat\u00f3s\u00e1g egy darabig m\u00e9g nem lesz vel\u00fcnk.<\/span><\/p>\n<p><span style=\"font-family: tahoma, arial, helvetica, sans-serif; font-size: 14px; color: #ff0000;\"><b>Kiknek sz\u00f3lunk?<\/b><\/span><\/p>\n<p><span style=\"font-family: tahoma, arial, helvetica, sans-serif; font-size: 14px;\"><b><em>A vide\u00f3konferencia el\u0151ad\u00f3i sok arc\u00e1t mutatj\u00e1k meg a biztons\u00e1gos vagyongazd\u00e1lkod\u00e1snak, az \u00e9rt\u00e9kek vesz\u00e9lyt\u0151l meg\u00f3v\u00e1sa jogi, ad\u00f3z\u00e1si, gazd\u00e1lkod\u00e1si, vagyonment\u00e9si lehet\u0151s\u00e9geinek. Tanuljunk t\u0151l\u00fck \u00e9rt\u00e9keink biztons\u00e1gba helyez\u00e9se \u00e9rdek\u00e9ben. V\u00e1rjuk a kkv-d\u00f6nt\u00e9shoz\u00f3kat!<\/em><\/b><\/span><\/p>\n<p><span style=\"font-family: tahoma, arial, helvetica, sans-serif; font-size: 14px;\"><b>\u00a0<\/b><\/span><\/p>\n<p style=\"text-align: center;\" align=\"center\"><a title=\"https:\/\/ppkonferencia.hu\/konferenciakozpont\/helyezd-biztonsagba-a-cegvagyont\/\" href=\"https:\/\/ppkonferencia.hu\/konferenciakozpont\/helyezd-biztonsagba-a-cegvagyont\/\" target=\"_blank\" rel=\"noopener\"><span style=\"font-family: tahoma, arial, helvetica, sans-serif; font-size: 16px;\">A konferencia r\u00e9szletes programja \u00e9s regisztr\u00e1ci\u00f3<\/span><\/a><\/p>\n<p style=\"text-align: center;\" align=\"center\">\n<p style=\"text-align: center;\"><span style=\"font-family: tahoma, arial, helvetica, sans-serif; font-size: 14px; color: #ff0000;\"><b>Rendez\u0151k:<\/b><\/span><\/p>\n<p><span style=\"font-family: tahoma, arial, helvetica, sans-serif; font-size: 14px;\"><b><em>\u00a0<img loading=\"lazy\" decoding=\"async\" style=\"display: block; margin-left: auto; margin-right: auto;\" src=\"https:\/\/wg.kkv-akademia.hu\/files\/images\/4531\/bp-kniuo4.jpg\" alt=\"\" width=\"392\" height=\"90\" \/><\/em><\/b><\/span><\/p>\n<p><span style=\"font-family: tahoma, arial, helvetica, sans-serif; font-size: 14px;\"><b>\u00a0<\/b><\/span><\/p>\n<p><span style=\"font-family: tahoma, arial, helvetica, sans-serif; font-size: 14px;\"><b>\u00a0Tov\u00e1bbi felvil\u00e1gos\u00edt\u00e1s \u00e9s inform\u00e1ci\u00f3:<\/b><\/span><\/p>\n<p><span style=\"font-family: tahoma, arial, helvetica, sans-serif; font-size: 14px;\">Tel.: (1) 239 \u2013 9597\u00a0\u00a0\u00a0\u00a0\u00a0\u00a0\u00a0\u00a0\u00a0\u00a0\u00a0\u00a0\u00a0\u00a0\u00a0\u00a0\u00a0\u00a0\u00a0\u00a0\u00a0\u00a0\u00a0\u00a0\u00a0\u00a0\u00a0\u00a0\u00a0\u00a0\u00a0\u00a0\u00a0\u00a0\u00a0\u00a0\u00a0\u00a0\u00a0\u00a0\u00a0\u00a0\u00a0\u00a0\u00a0\u00a0\u00a0\u00a0\u00a0\u00a0\u00a0\u00a0\u00a0\u00a0\u00a0\u00a0\u00a0\u00a0\u00a0\u00a0\u00a0\u00a0\u00a0\u00a0\u00a0\u00a0\u00a0\u00a0\u00a0\u00a0\u00a0\u00a0\u00a0\u00a0\u00a0\u00a0\u00a0\u00a0\u00a0\u00a0\u00a0\u00a0\u00a0\u00a0\u00a0\u00a0 E-mail: <a href=\"mailto:konferencia@ppkonferencia.hu\">konferencia@ppkonferencia.hu<\/a><\/span><\/p>\n<p><span style=\"font-family: tahoma, arial, helvetica, sans-serif; font-size: 14px;\">weboldal: <a href=\"http:\/\/www.ppkonferencia.hu\">www.ppkonferencia.hu<\/a><\/span><\/p>\n<p><span style=\"font-family: tahoma, arial, helvetica, sans-serif; font-size: 14px;\"><b>\u00a0<img loading=\"lazy\" decoding=\"async\" src=\"https:\/\/wg.kkv-akademia.hu\/files\/images\/4531\/pp-ih682q.jpg\" alt=\"\" width=\"782\" height=\"54\" \/><\/b><\/span><\/p>\n<\/div>\n<\/td>\n<\/tr>\n<tr>\n<td style=\"width: 664.688px;\">\n<div class=\"gmail_attr\" dir=\"ltr\">\n<p style=\"text-align: center;\"><span style=\"font-family: tahoma, arial, helvetica, sans-serif;\"><b>\u00a0<\/b><\/span><\/p>\n<\/div>\n<\/td>\n<\/tr>\n<\/tbody>\n<\/table>\n<\/div>\n","protected":false},"featured_media":0,"menu_order":0,"template":"","meta":{"_acf_changed":false},"class_list":["post-1139","hirek","type-hirek","status-publish","hentry"],"acf":[],"yoast_head":"<!-- This site is optimized with the Yoast SEO plugin v27.4 - https:\/\/yoast.com\/product\/yoast-seo-wordpress\/ -->\n<title>PP Konferencia - Helyezd biztons\u00e1gba a c\u00e9gvagyont - Seed<\/title>\n<meta name=\"robots\" content=\"index, follow, max-snippet:-1, max-image-preview:large, max-video-preview:-1\" \/>\n<link rel=\"canonical\" href=\"https:\/\/seed.hu\/hirek\/pp-konferencia-helyezd-biztonsagba-a-cegvagyont\/\" \/>\n<meta property=\"og:locale\" content=\"en_US\" \/>\n<meta property=\"og:type\" content=\"article\" \/>\n<meta property=\"og:title\" content=\"PP Konferencia - Helyezd biztons\u00e1gba a c\u00e9gvagyont - Seed\" \/>\n<meta property=\"og:description\" content=\"Szeretettel megh\u00edvjuk a BKIK \u00e9s a PP Konferenciak\u00f6zpont Helyezd biztons\u00e1gba a c\u00e9gvagyont! c\u00edm\u0171 konferenci\u00e1j\u00e1ra, melyen a SEED Szakmai partners\u00e9get v\u00e1llalt. Tagt\u00e1rsaink, partnereink jelent\u0151s kedvezm\u00e9nnyel vehetnek r\u00e9szt vide\u00f3konferenci\u00e1nkon. Kedvezm\u00e9nyes r\u00e9szv\u00e9teli d\u00edj 11 000 Ft + \u00e1fa.\u00a0 Kuponk\u00f3d: SZP20 Figyelem! A kedvezm\u00e9ny ig\u00e9nybe v\u00e9tel\u00e9hez\u00a0a Regisztr\u00e1ci\u00f3s \u0171rlap v\u00e9g\u00e9n lev\u0151 \u201eKupon k\u00f3d\u201d mez\u0151be \u00edrj\u00e1k be a v\u00e1lasztott kedvezm\u00e9ny k\u00f3dj\u00e1t! [&hellip;]\" \/>\n<meta property=\"og:url\" content=\"https:\/\/seed.hu\/hirek\/pp-konferencia-helyezd-biztonsagba-a-cegvagyont\/\" \/>\n<meta property=\"og:site_name\" content=\"Seed\" \/>\n<meta property=\"article:modified_time\" content=\"2022-01-24T14:08:54+00:00\" \/>\n<meta property=\"og:image\" content=\"https:\/\/wg.kkv-akademia.hu\/files\/images\/4531\/800x210-uhk9r8.jpg\" \/>\n<meta name=\"twitter:card\" content=\"summary_large_image\" \/>\n<meta name=\"twitter:label1\" content=\"Est. reading time\" \/>\n\t<meta name=\"twitter:data1\" content=\"2 minutes\" \/>\n<script type=\"application\/ld+json\" class=\"yoast-schema-graph\">{\"@context\":\"https:\\\/\\\/schema.org\",\"@graph\":[{\"@type\":\"WebPage\",\"@id\":\"https:\\\/\\\/seed.hu\\\/hirek\\\/pp-konferencia-helyezd-biztonsagba-a-cegvagyont\\\/\",\"url\":\"https:\\\/\\\/seed.hu\\\/hirek\\\/pp-konferencia-helyezd-biztonsagba-a-cegvagyont\\\/\",\"name\":\"PP Konferencia - Helyezd biztons\u00e1gba a c\u00e9gvagyont - Seed\",\"isPartOf\":{\"@id\":\"https:\\\/\\\/seed.hu\\\/#website\"},\"primaryImageOfPage\":{\"@id\":\"https:\\\/\\\/seed.hu\\\/hirek\\\/pp-konferencia-helyezd-biztonsagba-a-cegvagyont\\\/#primaryimage\"},\"image\":{\"@id\":\"https:\\\/\\\/seed.hu\\\/hirek\\\/pp-konferencia-helyezd-biztonsagba-a-cegvagyont\\\/#primaryimage\"},\"thumbnailUrl\":\"https:\\\/\\\/wg.kkv-akademia.hu\\\/files\\\/images\\\/4531\\\/800x210-uhk9r8.jpg\",\"datePublished\":\"2021-03-28T16:00:36+00:00\",\"dateModified\":\"2022-01-24T14:08:54+00:00\",\"breadcrumb\":{\"@id\":\"https:\\\/\\\/seed.hu\\\/hirek\\\/pp-konferencia-helyezd-biztonsagba-a-cegvagyont\\\/#breadcrumb\"},\"inLanguage\":\"en-US\",\"potentialAction\":[{\"@type\":\"ReadAction\",\"target\":[\"https:\\\/\\\/seed.hu\\\/hirek\\\/pp-konferencia-helyezd-biztonsagba-a-cegvagyont\\\/\"]}]},{\"@type\":\"ImageObject\",\"inLanguage\":\"en-US\",\"@id\":\"https:\\\/\\\/seed.hu\\\/hirek\\\/pp-konferencia-helyezd-biztonsagba-a-cegvagyont\\\/#primaryimage\",\"url\":\"https:\\\/\\\/wg.kkv-akademia.hu\\\/files\\\/images\\\/4531\\\/800x210-uhk9r8.jpg\",\"contentUrl\":\"https:\\\/\\\/wg.kkv-akademia.hu\\\/files\\\/images\\\/4531\\\/800x210-uhk9r8.jpg\"},{\"@type\":\"BreadcrumbList\",\"@id\":\"https:\\\/\\\/seed.hu\\\/hirek\\\/pp-konferencia-helyezd-biztonsagba-a-cegvagyont\\\/#breadcrumb\",\"itemListElement\":[{\"@type\":\"ListItem\",\"position\":1,\"name\":\"H\u00edrek\",\"item\":\"https:\\\/\\\/seed.hu\\\/hirek\\\/\"},{\"@type\":\"ListItem\",\"position\":2,\"name\":\"PP Konferencia &#8211; Helyezd biztons\u00e1gba a c\u00e9gvagyont\"}]},{\"@type\":\"WebSite\",\"@id\":\"https:\\\/\\\/seed.hu\\\/#website\",\"url\":\"https:\\\/\\\/seed.hu\\\/\",\"name\":\"Seed\",\"description\":\"\",\"potentialAction\":[{\"@type\":\"SearchAction\",\"target\":{\"@type\":\"EntryPoint\",\"urlTemplate\":\"https:\\\/\\\/seed.hu\\\/?s={search_term_string}\"},\"query-input\":{\"@type\":\"PropertyValueSpecification\",\"valueRequired\":true,\"valueName\":\"search_term_string\"}}],\"inLanguage\":\"en-US\"}]}<\/script>\n<!-- \/ Yoast SEO plugin. -->","yoast_head_json":{"title":"PP Konferencia - Helyezd biztons\u00e1gba a c\u00e9gvagyont - Seed","robots":{"index":"index","follow":"follow","max-snippet":"max-snippet:-1","max-image-preview":"max-image-preview:large","max-video-preview":"max-video-preview:-1"},"canonical":"https:\/\/seed.hu\/hirek\/pp-konferencia-helyezd-biztonsagba-a-cegvagyont\/","og_locale":"en_US","og_type":"article","og_title":"PP Konferencia - Helyezd biztons\u00e1gba a c\u00e9gvagyont - Seed","og_description":"Szeretettel megh\u00edvjuk a BKIK \u00e9s a PP Konferenciak\u00f6zpont Helyezd biztons\u00e1gba a c\u00e9gvagyont! c\u00edm\u0171 konferenci\u00e1j\u00e1ra, melyen a SEED Szakmai partners\u00e9get v\u00e1llalt. Tagt\u00e1rsaink, partnereink jelent\u0151s kedvezm\u00e9nnyel vehetnek r\u00e9szt vide\u00f3konferenci\u00e1nkon. Kedvezm\u00e9nyes r\u00e9szv\u00e9teli d\u00edj 11 000 Ft + \u00e1fa.\u00a0 Kuponk\u00f3d: SZP20 Figyelem! A kedvezm\u00e9ny ig\u00e9nybe v\u00e9tel\u00e9hez\u00a0a Regisztr\u00e1ci\u00f3s \u0171rlap v\u00e9g\u00e9n lev\u0151 \u201eKupon k\u00f3d\u201d mez\u0151be \u00edrj\u00e1k be a v\u00e1lasztott kedvezm\u00e9ny k\u00f3dj\u00e1t! [&hellip;]","og_url":"https:\/\/seed.hu\/hirek\/pp-konferencia-helyezd-biztonsagba-a-cegvagyont\/","og_site_name":"Seed","article_modified_time":"2022-01-24T14:08:54+00:00","og_image":[{"url":"https:\/\/wg.kkv-akademia.hu\/files\/images\/4531\/800x210-uhk9r8.jpg","type":"","width":"","height":""}],"twitter_card":"summary_large_image","twitter_misc":{"Est. reading time":"2 minutes"},"schema":{"@context":"https:\/\/schema.org","@graph":[{"@type":"WebPage","@id":"https:\/\/seed.hu\/hirek\/pp-konferencia-helyezd-biztonsagba-a-cegvagyont\/","url":"https:\/\/seed.hu\/hirek\/pp-konferencia-helyezd-biztonsagba-a-cegvagyont\/","name":"PP Konferencia - Helyezd biztons\u00e1gba a c\u00e9gvagyont - Seed","isPartOf":{"@id":"https:\/\/seed.hu\/#website"},"primaryImageOfPage":{"@id":"https:\/\/seed.hu\/hirek\/pp-konferencia-helyezd-biztonsagba-a-cegvagyont\/#primaryimage"},"image":{"@id":"https:\/\/seed.hu\/hirek\/pp-konferencia-helyezd-biztonsagba-a-cegvagyont\/#primaryimage"},"thumbnailUrl":"https:\/\/wg.kkv-akademia.hu\/files\/images\/4531\/800x210-uhk9r8.jpg","datePublished":"2021-03-28T16:00:36+00:00","dateModified":"2022-01-24T14:08:54+00:00","breadcrumb":{"@id":"https:\/\/seed.hu\/hirek\/pp-konferencia-helyezd-biztonsagba-a-cegvagyont\/#breadcrumb"},"inLanguage":"en-US","potentialAction":[{"@type":"ReadAction","target":["https:\/\/seed.hu\/hirek\/pp-konferencia-helyezd-biztonsagba-a-cegvagyont\/"]}]},{"@type":"ImageObject","inLanguage":"en-US","@id":"https:\/\/seed.hu\/hirek\/pp-konferencia-helyezd-biztonsagba-a-cegvagyont\/#primaryimage","url":"https:\/\/wg.kkv-akademia.hu\/files\/images\/4531\/800x210-uhk9r8.jpg","contentUrl":"https:\/\/wg.kkv-akademia.hu\/files\/images\/4531\/800x210-uhk9r8.jpg"},{"@type":"BreadcrumbList","@id":"https:\/\/seed.hu\/hirek\/pp-konferencia-helyezd-biztonsagba-a-cegvagyont\/#breadcrumb","itemListElement":[{"@type":"ListItem","position":1,"name":"H\u00edrek","item":"https:\/\/seed.hu\/hirek\/"},{"@type":"ListItem","position":2,"name":"PP Konferencia &#8211; Helyezd biztons\u00e1gba a c\u00e9gvagyont"}]},{"@type":"WebSite","@id":"https:\/\/seed.hu\/#website","url":"https:\/\/seed.hu\/","name":"Seed","description":"","potentialAction":[{"@type":"SearchAction","target":{"@type":"EntryPoint","urlTemplate":"https:\/\/seed.hu\/?s={search_term_string}"},"query-input":{"@type":"PropertyValueSpecification","valueRequired":true,"valueName":"search_term_string"}}],"inLanguage":"en-US"}]}},"_links":{"self":[{"href":"https:\/\/seed.hu\/en\/wp-json\/wp\/v2\/hirek\/1139","targetHints":{"allow":["GET"]}}],"collection":[{"href":"https:\/\/seed.hu\/en\/wp-json\/wp\/v2\/hirek"}],"about":[{"href":"https:\/\/seed.hu\/en\/wp-json\/wp\/v2\/types\/hirek"}],"wp:attachment":[{"href":"https:\/\/seed.hu\/en\/wp-json\/wp\/v2\/media?parent=1139"}],"curies":[{"name":"wp","href":"https:\/\/api.w.org\/{rel}","templated":true}]}}