{"id":1141,"date":"2021-03-28T18:05:17","date_gmt":"2021-03-28T16:05:17","guid":{"rendered":"https:\/\/seed.hu\/?post_type=hirek&#038;p=1141"},"modified":"2022-01-24T15:10:38","modified_gmt":"2022-01-24T14:10:38","slug":"pp-konferencia-vi-cegvezetok-csucstalalkozoja-2021","status":"publish","type":"hirek","link":"https:\/\/seed.hu\/en\/hirek\/pp-konferencia-vi-cegvezetok-csucstalalkozoja-2021\/","title":{"rendered":"PP Konferencia &#8211; VI. C\u00e9gvezet\u0151k Cs\u00facstal\u00e1lkoz\u00f3ja &#8211; 2021"},"content":{"rendered":"<div><\/div>\n<div>\n<table style=\"width: 667px;\" border=\"0\" cellspacing=\"1\" cellpadding=\"1\" align=\"center\">\n<tbody>\n<tr>\n<td style=\"width: 664.688px;\">\n<div class=\"gmail_attr\" dir=\"ltr\" style=\"text-align: center;\">\n<p align=\"left\"><span style=\"font-family: tahoma, arial, helvetica, sans-serif; font-size: 14px;\"><b>Szeretettel megh\u00edvjuk<\/b> a BKIK \u00e9s a PP Konferenciak\u00f6zpont <span style=\"color: #ff0000;\"><b>VI. C\u00e9gvezet\u0151k Cs\u00facstal\u00e1lkoz\u00f3ja &#8211; 2021 <\/b><\/span>c\u00edm\u0171 konferenci\u00e1j\u00e1ra, melyen a <span style=\"color: #ff0000;\"><b>SEED <\/b><\/span>Szakmai partners\u00e9get v\u00e1llalt. Tagt\u00e1rsaink, partnereink jelent\u0151s kedvezm\u00e9nnyel vehetnek r\u00e9szt vide\u00f3konferenci\u00e1nkon.<\/span><\/p>\n<p><span style=\"font-family: tahoma, arial, helvetica, sans-serif; font-size: 14px;\"><b>Kedvezm\u00e9nyes r\u00e9szv\u00e9teli d\u00edj <\/b><\/span><\/p>\n<p><span style=\"font-family: tahoma, arial, helvetica, sans-serif;\"><b>Csak a konferencia programj\u00e1ra: <\/b><\/span><\/p>\n<p style=\"text-align: center;\"><span style=\"font-family: tahoma, arial, helvetica, sans-serif;\">14 000 Ft helyett <span style=\"color: #ff0000;\"><b>11\u00a0000 Ft + \u00e1fa.<\/b>\u00a0<\/span> Kuponk\u00f3d:<span style=\"color: #ff0000;\"> <b>SZP21<\/b><\/span><\/span><\/p>\n<p><span style=\"font-family: tahoma, arial, helvetica, sans-serif;\"><b> A konferencia \u00e9s a Networking programra egy\u00fctt: <\/b><\/span><\/p>\n<p style=\"text-align: center;\"><span style=\"font-family: tahoma, arial, helvetica, sans-serif;\">20\u00a0000 Ft helyett<span style=\"color: #ff0000;\"><b> 17\u00a0000 Ft + \u00e1fa. <\/b><\/span>Kuponk\u00f3d:<span style=\"color: #ff0000;\"><b> VR21<\/b><\/span><\/span><\/p>\n<p><span style=\"font-family: tahoma, arial, helvetica, sans-serif; font-size: 14px;\"><b>\u00a0<\/b><\/span><\/p>\n<p><span style=\"font-family: tahoma, arial, helvetica, sans-serif;\"><b><em>Figyelem! A kedvezm\u00e9ny ig\u00e9nybe v\u00e9tel\u00e9hez\u00a0a<\/em><\/b><b><em> Regisztr\u00e1ci\u00f3s \u0171rlap v\u00e9g\u00e9n lev\u0151 <span style=\"color: #ff0000;\">\u201eKupon k\u00f3d\u201d<\/span> mez\u0151be \u00edrj\u00e1k be a v\u00e1lasztott kedvezm\u00e9ny k\u00f3dj\u00e1t! <\/em><\/b><\/span><\/p>\n<p><img loading=\"lazy\" decoding=\"async\" src=\"https:\/\/wg.kkv-akademia.hu\/files\/images\/4268\/800x210-345va9.jpg\" alt=\"\" width=\"800\" height=\"210\" \/><\/p>\n<p><span style=\"font-family: tahoma, arial, helvetica, sans-serif; font-size: 36px; color: #000080;\"><b>VI. C\u00e9gvezet\u0151k Cs\u00facstal\u00e1lkoz\u00f3ja \u2013 2021<\/b><\/span><\/p>\n<p><span style=\"font-family: tahoma, arial, helvetica, sans-serif; font-size: 24px; color: #000080;\"><b>Alkalmazkod\u00f3k\u00e9pess\u00e9g cs\u00facsra j\u00e1ratva<\/b><\/span><\/p>\n<p><span style=\"font-family: tahoma, arial, helvetica, sans-serif; font-size: 14px;\"><b>\u00a0<\/b><\/span><\/p>\n<p><span style=\"font-family: tahoma, arial, helvetica, sans-serif; font-size: 18px; color: #000080;\"><b>Az \u00fczleti szektor vezet\u0151inek \u00e9ves tan\u00e1cskoz\u00e1sa networking k\u00fcl\u00f6nprogrammal<\/b><\/span><\/p>\n<p><span style=\"font-size: 16px;\"><span style=\"font-family: tahoma, arial, helvetica, sans-serif;\"><b>\u00a0<\/b><\/span><\/span><\/p>\n<p align=\"left\"><span style=\"font-family: tahoma, arial, helvetica, sans-serif; font-size: 14px;\"><b>Id\u0151pont: <\/b>2021. <b>\u00e1prilis 8.<\/b> cs\u00fct\u00f6rt\u00f6k, 9.00\u201318.00 (aznap \u00e9s m\u00e9g 6 napig megn\u00e9zhet\u0151)<\/span><\/p>\n<p align=\"left\"><span style=\"font-family: tahoma, arial, helvetica, sans-serif; font-size: 14px;\"><b>Helysz\u00edn: <\/b>Orsz\u00e1gos \u00e9l\u0151 vide\u00f3konferencia (interneten, mobilon, tableten)<\/span><\/p>\n<p>&nbsp;<\/p>\n<p><span style=\"font-family: tahoma, arial, helvetica, sans-serif; font-size: 14px; color: #ff0000;\"><b>Egy \u00e9v alatt kij\u00e1rtuk az alkalmazkod\u00f3k\u00e9pess\u00e9g magasiskol\u00e1j\u00e1t. Bev\u00e1lt.<\/b><\/span><\/p>\n<p><span style=\"font-family: tahoma, arial, helvetica, sans-serif; font-size: 14px; color: #000000;\"><b>Nem l\u00e1tjuk a holnapot? Ha digitaliz\u00e1ci\u00f3ra \u00e9p\u00edtett\u00fcnk, ne agg\u00f3djunk!<\/b><\/span><\/p>\n<p><span style=\"font-family: tahoma, arial, helvetica, sans-serif; font-size: 14px; color: #ff0000;\"><b>Hogyan \u00e9p\u00edts\u00fcnk v\u00e1ls\u00e1gbiztos c\u00e9get? Besz\u00e9lj\u00fck meg!<\/b><\/span><\/p>\n<p><span style=\"font-family: tahoma, arial, helvetica, sans-serif; font-size: 14px;\"><b>\u00a0<\/b><\/span><\/p>\n<p><span style=\"font-family: tahoma, arial, helvetica, sans-serif; font-size: 14px;\"><b>A vide\u00f3k\u00f6zvet\u00edt\u00e9s a konferencia napj\u00e1n \u00e9s m\u00e9g 6 napig visszan\u00e9zhet\u0151!<\/b><\/span><\/p>\n<p><span style=\"font-family: tahoma, arial, helvetica, sans-serif; font-size: 14px;\"><b>\u00a0<\/b><\/span><\/p>\n<p align=\"left\"><span style=\"font-family: tahoma, arial, helvetica, sans-serif; font-size: 14px; color: #ff0000;\"><b>Mir\u0151l sz\u00f3lunk?<\/b><\/span><\/p>\n<p align=\"left\"><span style=\"font-family: tahoma, arial, helvetica, sans-serif; font-size: 14px;\">A hatodik \u00e9ve megrendezend\u0151 cs\u00facstal\u00e1lkoz\u00f3t id\u00e9n is a <b>glob\u00e1lis \u00e9s a hazai \u00fczleti trendek \u00e1tfog\u00f3 \u00e1ttekint\u00e9s\u00e9vel kezdj\u00fck.<\/b> <b>Egy \u00e9vvel ezel\u0151tt<\/b> a konferenci\u00e1n a koronav\u00edrus j\u00e1rv\u00e1ny miatti le\u00e1ll\u00e1s ut\u00e1ni <b>\u00fajrakezd\u00e9sr\u0151l, a talpra \u00e1ll\u00e1s es\u00e9lyeir\u0151l besz\u00e9lgett\u00fcnk.<\/b> Ma ugyanott tartunk, csak <b>most \u00fajraind\u00edt\u00e1snak h\u00edvjuk<\/b>.<\/span><\/p>\n<p align=\"left\"><span style=\"font-family: tahoma, arial, helvetica, sans-serif; font-size: 14px;\"><b>A c\u00e9gvezet\u0151k<\/b> a hatalmas erej\u0171 v\u00e1ls\u00e1g egy \u00e9ve alatt <b>profi v\u00e1ls\u00e1gkezel\u0151v\u00e9 v\u00e1ltak.<\/b> Minden szok\u00e1st maguk m\u00f6g\u00f6tt hagytak, teljesen \u00e1talak\u00edtott\u00e1k az \u00fczleti modelljeiket, az \u00fcgyf\u00e9lkezel\u00e9st, a szervezetet. <b>Kij\u00e1rt\u00e1k az alkalmazkod\u00e1sk\u00e9pess\u00e9g magasiskol\u00e1j\u00e1t. <\/b><\/span><\/p>\n<p align=\"left\"><span style=\"font-family: tahoma, arial, helvetica, sans-serif; font-size: 14px;\"><b>Mi v\u00e1r az \u00fczleti \u00e9let vezet\u0151ire a k\u00f6zelj\u00f6v\u0151ben?<\/b><b>Tudunk-e ak\u00e1r r\u00f6vid t\u00e1vra el\u0151re k\u00e9sz\u00fclni, vagy csak a v\u00e1ratlan, a bizonytalan, ami biztos lesz az \u00e9let\u00fcnkben?<\/b><\/span><\/p>\n<p align=\"left\"><span style=\"font-family: tahoma, arial, helvetica, sans-serif; font-size: 14px;\">Csak a rugalmas, digit\u00e1lis alapokra \u00e9p\u00edtett v\u00e1llalat marad fenn. Csak azok a c\u00e9gvezet\u0151k lehetnek sikeresek, akik alkalmazkodnak, v\u00e1ltoz\u00e1sk\u00e9pesek, v\u00e1ls\u00e1gmendzsel\u00e9sben profik \u00e9s b\u00edznak magukban.<\/span><span style=\"font-family: tahoma, arial, helvetica, sans-serif; font-size: 14px;\"><b>\u00a0<\/b><\/span><\/p>\n<p align=\"left\"><span style=\"font-family: tahoma, arial, helvetica, sans-serif; font-size: 14px; color: #ff0000;\"><b>Kiknek sz\u00f3lunk?<\/b><\/span><\/p>\n<p align=\"left\"><span style=\"font-family: tahoma, arial, helvetica, sans-serif; font-size: 14px;\"><b><em>V\u00e1rjuk a felel\u0151s c\u00e9gvezet\u0151ket, tulajdonosokat a C\u00e9gvezet\u0151k Cs\u00facstal\u00e1lkoz\u00f3ja\u00a0 idei p\u00e1rbesz\u00e9d\u00e9re. Besz\u00e9lj\u00fck meg, hogyan k\u00e9sz\u00fclj\u00fcnk fel a hossz\u00fa t\u00e1v\u00fa bizonytalans\u00e1gra, j\u00f3l fel\u00e9p\u00edtett, biztons\u00e1gos, v\u00e1ls\u00e1g\u00e1ll\u00f3 szervezettel \u00e9s gondolkod\u00e1sm\u00f3ddal, vezet\u00e9si sziszt\u00e9m\u00e1val. <\/em><\/b><\/span><\/p>\n<p>&nbsp;<\/p>\n<p style=\"text-align: center;\" align=\"center\"><b><a title=\"https:\/\/ppkonferencia.hu\/cegvezetok-csucstalalkozoja-2021\/\" href=\"https:\/\/ppkonferencia.hu\/cegvezetok-csucstalalkozoja-2021\/\" target=\"_blank\" rel=\"noopener\"><span style=\"font-family: tahoma, arial, helvetica, sans-serif; font-size: 16px;\">R\u00e9szletes program \u00e9s konferencia regisztr\u00e1ci\u00f3<\/span><\/a><\/b><\/p>\n<p style=\"text-align: center;\" align=\"center\">\n<p style=\"text-align: center;\"><span style=\"font-family: tahoma, arial, helvetica, sans-serif; font-size: 14px; color: #ff0000;\"><b>Rendez\u0151k:<\/b><\/span><\/p>\n<p><span style=\"font-family: tahoma, arial, helvetica, sans-serif; font-size: 14px;\"><b><em>\u00a0<img loading=\"lazy\" decoding=\"async\" style=\"display: block; margin-left: auto; margin-right: auto;\" src=\"https:\/\/wg.kkv-akademia.hu\/files\/images\/4268\/bp-kniuo4.jpg\" alt=\"\" width=\"392\" height=\"90\" \/><\/em><\/b><\/span><\/p>\n<p><span style=\"font-family: tahoma, arial, helvetica, sans-serif; font-size: 14px;\"><b>\u00a0<\/b><\/span><\/p>\n<p><span style=\"font-family: tahoma, arial, helvetica, sans-serif; font-size: 14px;\"><b>\u00a0Tov\u00e1bbi felvil\u00e1gos\u00edt\u00e1s \u00e9s inform\u00e1ci\u00f3:<\/b><\/span><\/p>\n<p><span style=\"font-family: tahoma, arial, helvetica, sans-serif; font-size: 14px;\">Tel.: (1) 239 \u2013 9597\u00a0\u00a0\u00a0\u00a0\u00a0\u00a0\u00a0\u00a0\u00a0\u00a0\u00a0\u00a0\u00a0\u00a0\u00a0\u00a0\u00a0\u00a0\u00a0\u00a0\u00a0\u00a0\u00a0\u00a0\u00a0\u00a0\u00a0\u00a0\u00a0\u00a0\u00a0\u00a0\u00a0\u00a0\u00a0\u00a0\u00a0\u00a0\u00a0\u00a0\u00a0\u00a0\u00a0\u00a0\u00a0\u00a0\u00a0\u00a0\u00a0\u00a0\u00a0\u00a0\u00a0\u00a0\u00a0\u00a0\u00a0\u00a0\u00a0\u00a0\u00a0\u00a0\u00a0\u00a0\u00a0\u00a0\u00a0\u00a0\u00a0\u00a0\u00a0\u00a0\u00a0\u00a0\u00a0\u00a0\u00a0\u00a0\u00a0\u00a0\u00a0\u00a0\u00a0\u00a0\u00a0\u00a0 E-mail: <a href=\"mailto:konferencia@ppkonferencia.hu\">konferencia@ppkonferencia.hu<\/a><\/span><\/p>\n<p><span style=\"font-family: tahoma, arial, helvetica, sans-serif; font-size: 14px;\">weboldal: <a href=\"http:\/\/www.ppkonferencia.hu\">www.ppkonferencia.hu<\/a><\/span><\/p>\n<p><span style=\"font-family: tahoma, arial, helvetica, sans-serif; font-size: 14px;\"><b>\u00a0<img loading=\"lazy\" decoding=\"async\" src=\"https:\/\/wg.kkv-akademia.hu\/files\/images\/4268\/pp-ih682q.jpg\" alt=\"\" width=\"782\" height=\"54\" \/><\/b><\/span><\/p>\n<\/div>\n<\/td>\n<\/tr>\n<tr>\n<td style=\"width: 664.688px;\">\n<div class=\"gmail_attr\" dir=\"ltr\">\n<p style=\"text-align: center;\"><span style=\"font-family: tahoma, arial, helvetica, sans-serif;\"><b>\u00a0<\/b><\/span><\/p>\n<\/div>\n<\/td>\n<\/tr>\n<\/tbody>\n<\/table>\n<\/div>\n","protected":false},"featured_media":0,"menu_order":0,"template":"","meta":{"_acf_changed":false},"class_list":["post-1141","hirek","type-hirek","status-publish","hentry"],"acf":[],"yoast_head":"<!-- This site is optimized with the Yoast SEO plugin v27.4 - https:\/\/yoast.com\/product\/yoast-seo-wordpress\/ -->\n<title>PP Konferencia - VI. C\u00e9gvezet\u0151k Cs\u00facstal\u00e1lkoz\u00f3ja - 2021 - Seed<\/title>\n<meta name=\"robots\" content=\"index, follow, max-snippet:-1, max-image-preview:large, max-video-preview:-1\" \/>\n<link rel=\"canonical\" href=\"https:\/\/seed.hu\/hirek\/pp-konferencia-vi-cegvezetok-csucstalalkozoja-2021\/\" \/>\n<meta property=\"og:locale\" content=\"en_US\" \/>\n<meta property=\"og:type\" content=\"article\" \/>\n<meta property=\"og:title\" content=\"PP Konferencia - VI. C\u00e9gvezet\u0151k Cs\u00facstal\u00e1lkoz\u00f3ja - 2021 - Seed\" \/>\n<meta property=\"og:description\" content=\"Szeretettel megh\u00edvjuk a BKIK \u00e9s a PP Konferenciak\u00f6zpont VI. C\u00e9gvezet\u0151k Cs\u00facstal\u00e1lkoz\u00f3ja &#8211; 2021 c\u00edm\u0171 konferenci\u00e1j\u00e1ra, melyen a SEED Szakmai partners\u00e9get v\u00e1llalt. Tagt\u00e1rsaink, partnereink jelent\u0151s kedvezm\u00e9nnyel vehetnek r\u00e9szt vide\u00f3konferenci\u00e1nkon. Kedvezm\u00e9nyes r\u00e9szv\u00e9teli d\u00edj Csak a konferencia programj\u00e1ra: 14 000 Ft helyett 11\u00a0000 Ft + \u00e1fa.\u00a0 Kuponk\u00f3d: SZP21 A konferencia \u00e9s a Networking programra egy\u00fctt: 20\u00a0000 Ft helyett [&hellip;]\" \/>\n<meta property=\"og:url\" content=\"https:\/\/seed.hu\/hirek\/pp-konferencia-vi-cegvezetok-csucstalalkozoja-2021\/\" \/>\n<meta property=\"og:site_name\" content=\"Seed\" \/>\n<meta property=\"article:modified_time\" content=\"2022-01-24T14:10:38+00:00\" \/>\n<meta property=\"og:image\" content=\"https:\/\/wg.kkv-akademia.hu\/files\/images\/4268\/800x210-345va9.jpg\" \/>\n<meta name=\"twitter:card\" content=\"summary_large_image\" \/>\n<meta name=\"twitter:label1\" content=\"Est. reading time\" \/>\n\t<meta name=\"twitter:data1\" content=\"3 minutes\" \/>\n<script type=\"application\/ld+json\" class=\"yoast-schema-graph\">{\"@context\":\"https:\\\/\\\/schema.org\",\"@graph\":[{\"@type\":\"WebPage\",\"@id\":\"https:\\\/\\\/seed.hu\\\/hirek\\\/pp-konferencia-vi-cegvezetok-csucstalalkozoja-2021\\\/\",\"url\":\"https:\\\/\\\/seed.hu\\\/hirek\\\/pp-konferencia-vi-cegvezetok-csucstalalkozoja-2021\\\/\",\"name\":\"PP Konferencia - VI. C\u00e9gvezet\u0151k Cs\u00facstal\u00e1lkoz\u00f3ja - 2021 - Seed\",\"isPartOf\":{\"@id\":\"https:\\\/\\\/seed.hu\\\/#website\"},\"primaryImageOfPage\":{\"@id\":\"https:\\\/\\\/seed.hu\\\/hirek\\\/pp-konferencia-vi-cegvezetok-csucstalalkozoja-2021\\\/#primaryimage\"},\"image\":{\"@id\":\"https:\\\/\\\/seed.hu\\\/hirek\\\/pp-konferencia-vi-cegvezetok-csucstalalkozoja-2021\\\/#primaryimage\"},\"thumbnailUrl\":\"https:\\\/\\\/wg.kkv-akademia.hu\\\/files\\\/images\\\/4268\\\/800x210-345va9.jpg\",\"datePublished\":\"2021-03-28T16:05:17+00:00\",\"dateModified\":\"2022-01-24T14:10:38+00:00\",\"breadcrumb\":{\"@id\":\"https:\\\/\\\/seed.hu\\\/hirek\\\/pp-konferencia-vi-cegvezetok-csucstalalkozoja-2021\\\/#breadcrumb\"},\"inLanguage\":\"en-US\",\"potentialAction\":[{\"@type\":\"ReadAction\",\"target\":[\"https:\\\/\\\/seed.hu\\\/hirek\\\/pp-konferencia-vi-cegvezetok-csucstalalkozoja-2021\\\/\"]}]},{\"@type\":\"ImageObject\",\"inLanguage\":\"en-US\",\"@id\":\"https:\\\/\\\/seed.hu\\\/hirek\\\/pp-konferencia-vi-cegvezetok-csucstalalkozoja-2021\\\/#primaryimage\",\"url\":\"https:\\\/\\\/wg.kkv-akademia.hu\\\/files\\\/images\\\/4268\\\/800x210-345va9.jpg\",\"contentUrl\":\"https:\\\/\\\/wg.kkv-akademia.hu\\\/files\\\/images\\\/4268\\\/800x210-345va9.jpg\"},{\"@type\":\"BreadcrumbList\",\"@id\":\"https:\\\/\\\/seed.hu\\\/hirek\\\/pp-konferencia-vi-cegvezetok-csucstalalkozoja-2021\\\/#breadcrumb\",\"itemListElement\":[{\"@type\":\"ListItem\",\"position\":1,\"name\":\"H\u00edrek\",\"item\":\"https:\\\/\\\/seed.hu\\\/hirek\\\/\"},{\"@type\":\"ListItem\",\"position\":2,\"name\":\"PP Konferencia &#8211; VI. C\u00e9gvezet\u0151k Cs\u00facstal\u00e1lkoz\u00f3ja &#8211; 2021\"}]},{\"@type\":\"WebSite\",\"@id\":\"https:\\\/\\\/seed.hu\\\/#website\",\"url\":\"https:\\\/\\\/seed.hu\\\/\",\"name\":\"Seed\",\"description\":\"\",\"potentialAction\":[{\"@type\":\"SearchAction\",\"target\":{\"@type\":\"EntryPoint\",\"urlTemplate\":\"https:\\\/\\\/seed.hu\\\/?s={search_term_string}\"},\"query-input\":{\"@type\":\"PropertyValueSpecification\",\"valueRequired\":true,\"valueName\":\"search_term_string\"}}],\"inLanguage\":\"en-US\"}]}<\/script>\n<!-- \/ Yoast SEO plugin. -->","yoast_head_json":{"title":"PP Konferencia - VI. C\u00e9gvezet\u0151k Cs\u00facstal\u00e1lkoz\u00f3ja - 2021 - Seed","robots":{"index":"index","follow":"follow","max-snippet":"max-snippet:-1","max-image-preview":"max-image-preview:large","max-video-preview":"max-video-preview:-1"},"canonical":"https:\/\/seed.hu\/hirek\/pp-konferencia-vi-cegvezetok-csucstalalkozoja-2021\/","og_locale":"en_US","og_type":"article","og_title":"PP Konferencia - VI. C\u00e9gvezet\u0151k Cs\u00facstal\u00e1lkoz\u00f3ja - 2021 - Seed","og_description":"Szeretettel megh\u00edvjuk a BKIK \u00e9s a PP Konferenciak\u00f6zpont VI. C\u00e9gvezet\u0151k Cs\u00facstal\u00e1lkoz\u00f3ja &#8211; 2021 c\u00edm\u0171 konferenci\u00e1j\u00e1ra, melyen a SEED Szakmai partners\u00e9get v\u00e1llalt. Tagt\u00e1rsaink, partnereink jelent\u0151s kedvezm\u00e9nnyel vehetnek r\u00e9szt vide\u00f3konferenci\u00e1nkon. Kedvezm\u00e9nyes r\u00e9szv\u00e9teli d\u00edj Csak a konferencia programj\u00e1ra: 14 000 Ft helyett 11\u00a0000 Ft + \u00e1fa.\u00a0 Kuponk\u00f3d: SZP21 A konferencia \u00e9s a Networking programra egy\u00fctt: 20\u00a0000 Ft helyett [&hellip;]","og_url":"https:\/\/seed.hu\/hirek\/pp-konferencia-vi-cegvezetok-csucstalalkozoja-2021\/","og_site_name":"Seed","article_modified_time":"2022-01-24T14:10:38+00:00","og_image":[{"url":"https:\/\/wg.kkv-akademia.hu\/files\/images\/4268\/800x210-345va9.jpg","type":"","width":"","height":""}],"twitter_card":"summary_large_image","twitter_misc":{"Est. reading time":"3 minutes"},"schema":{"@context":"https:\/\/schema.org","@graph":[{"@type":"WebPage","@id":"https:\/\/seed.hu\/hirek\/pp-konferencia-vi-cegvezetok-csucstalalkozoja-2021\/","url":"https:\/\/seed.hu\/hirek\/pp-konferencia-vi-cegvezetok-csucstalalkozoja-2021\/","name":"PP Konferencia - VI. C\u00e9gvezet\u0151k Cs\u00facstal\u00e1lkoz\u00f3ja - 2021 - Seed","isPartOf":{"@id":"https:\/\/seed.hu\/#website"},"primaryImageOfPage":{"@id":"https:\/\/seed.hu\/hirek\/pp-konferencia-vi-cegvezetok-csucstalalkozoja-2021\/#primaryimage"},"image":{"@id":"https:\/\/seed.hu\/hirek\/pp-konferencia-vi-cegvezetok-csucstalalkozoja-2021\/#primaryimage"},"thumbnailUrl":"https:\/\/wg.kkv-akademia.hu\/files\/images\/4268\/800x210-345va9.jpg","datePublished":"2021-03-28T16:05:17+00:00","dateModified":"2022-01-24T14:10:38+00:00","breadcrumb":{"@id":"https:\/\/seed.hu\/hirek\/pp-konferencia-vi-cegvezetok-csucstalalkozoja-2021\/#breadcrumb"},"inLanguage":"en-US","potentialAction":[{"@type":"ReadAction","target":["https:\/\/seed.hu\/hirek\/pp-konferencia-vi-cegvezetok-csucstalalkozoja-2021\/"]}]},{"@type":"ImageObject","inLanguage":"en-US","@id":"https:\/\/seed.hu\/hirek\/pp-konferencia-vi-cegvezetok-csucstalalkozoja-2021\/#primaryimage","url":"https:\/\/wg.kkv-akademia.hu\/files\/images\/4268\/800x210-345va9.jpg","contentUrl":"https:\/\/wg.kkv-akademia.hu\/files\/images\/4268\/800x210-345va9.jpg"},{"@type":"BreadcrumbList","@id":"https:\/\/seed.hu\/hirek\/pp-konferencia-vi-cegvezetok-csucstalalkozoja-2021\/#breadcrumb","itemListElement":[{"@type":"ListItem","position":1,"name":"H\u00edrek","item":"https:\/\/seed.hu\/hirek\/"},{"@type":"ListItem","position":2,"name":"PP Konferencia &#8211; VI. C\u00e9gvezet\u0151k Cs\u00facstal\u00e1lkoz\u00f3ja &#8211; 2021"}]},{"@type":"WebSite","@id":"https:\/\/seed.hu\/#website","url":"https:\/\/seed.hu\/","name":"Seed","description":"","potentialAction":[{"@type":"SearchAction","target":{"@type":"EntryPoint","urlTemplate":"https:\/\/seed.hu\/?s={search_term_string}"},"query-input":{"@type":"PropertyValueSpecification","valueRequired":true,"valueName":"search_term_string"}}],"inLanguage":"en-US"}]}},"_links":{"self":[{"href":"https:\/\/seed.hu\/en\/wp-json\/wp\/v2\/hirek\/1141","targetHints":{"allow":["GET"]}}],"collection":[{"href":"https:\/\/seed.hu\/en\/wp-json\/wp\/v2\/hirek"}],"about":[{"href":"https:\/\/seed.hu\/en\/wp-json\/wp\/v2\/types\/hirek"}],"wp:attachment":[{"href":"https:\/\/seed.hu\/en\/wp-json\/wp\/v2\/media?parent=1141"}],"curies":[{"name":"wp","href":"https:\/\/api.w.org\/{rel}","templated":true}]}}