{"id":1145,"date":"2021-03-28T18:10:09","date_gmt":"2021-03-28T16:10:09","guid":{"rendered":"https:\/\/seed.hu\/?post_type=hirek&#038;p=1145"},"modified":"2022-01-24T15:13:32","modified_gmt":"2022-01-24T14:13:32","slug":"nemzetkozi-kapcsolatokat-es-tudast-hoz-szamotokra-ha-csatlakoztok-az-ifempower-dijmentes-programjaihoz","status":"publish","type":"hirek","link":"https:\/\/seed.hu\/en\/hirek\/nemzetkozi-kapcsolatokat-es-tudast-hoz-szamotokra-ha-csatlakoztok-az-ifempower-dijmentes-programjaihoz\/","title":{"rendered":"Nemzetk\u00f6zi kapcsolatokat \u00e9s tud\u00e1st hoz sz\u00e1motokra, ha csatlakoztok az ifempower d\u00edjmentes programjaihoz"},"content":{"rendered":"<p><strong>A k\u00f6vetkez\u0151 esem\u00e9nyre \u00e1prilis 13-\u00e1n ker\u00fcl, melyre m\u00e1rcius 31-\u00e9ig kell regisztr\u00e1lni. B\u00e1r az esem\u00e9ny a Tavaszi Egyetem keret\u00e9ben val\u00f3sul meg, ez nem csak egyetemist\u00e1knak sz\u00f3l, hiszen a program d\u00e9lut\u00e1ni esm\u00e9nyein v\u00e1llalkoz\u00e1st\u00e1mogat\u00f3 szervezetek, \u00fczleti angyalok, akt\u00edv v\u00e1llalkoz\u00f3k \u00e9s szak\u00e9rt\u0151k is megjelennek.<\/strong><\/p>\n<p><strong>A 2. szak\u00e9rt\u0151i esem\u00e9nyre a SEED Alap\u00edtv\u00e1ny is megh\u00edv\u00e1st kapott, \u00edgy Port\u00f3ban mi is bemutathattuk k\u00e9pz\u00e9si \u00e9s mentorprogramunkat. Most ismerj\u00fck meg egy\u00fctt m\u00e1sok programjait, v\u00e9lem\u00e9ny\u00e9t!<\/strong><\/p>\n<p>Az ifempower\u00a0<strong><a href=\"https:\/\/ifempower.eu\/2021\/02\/15\/ifempower-winter-school-has-successfully-ended\/\" target=\"_blank\" rel=\"noopener\">T\u00e9li Egyetem tanulm\u00e1nyi program<\/a><\/strong> sikere\u00a0ut\u00e1n k\u00f6vetkezik a Tavaszi Egyetem! A m\u00e1sodik tanulm\u00e1nyi program elind\u00edt\u00e1sa fontos m\u00e9rf\u00f6ldk\u00f6ve a H\u00c9TFA \u00e1ltal koordin\u00e1lt projektnek, melynek egyetemi kurzusain m\u00e1r k\u00f6zel 200 n\u0151i hallgat\u00f3 vett r\u00e9szt a partneregyetemeken.<\/p>\n<p>Az ifempower projekt az Eur\u00f3pai Uni\u00f3 Erasmus+ programja \u00e1ltal t\u00e1rsfinansz\u00edrozott projekt, melyben 7 eur\u00f3pai orsz\u00e1g 9 partnerszervezete vesz r\u00e9szt. Az ifempower projekt f\u0151 c\u00e9lja, hogy a n\u0151ket a v\u00e1llalkoz\u00f3i tev\u00e9kenys\u00e9g folytat\u00e1s\u00e1ra \u00f6szt\u00f6n\u00f6zze. A projekt 2018 szeptember\u00e9ben indult \u00e9s 3 \u00e9vig fog tartani.<\/p>\n<p>Az ifempower Tavaszi Egyeteme egy\u00a0<strong><a href=\"https:\/\/ifempower.eu\/winter-spring-school\/\" target=\"_blank\" rel=\"noopener\">intenz\u00edv tanulm\u00e1nyi program<\/a><\/strong>\u00a0a partneregyetemekr\u0151l kiv\u00e1lasztott n\u0151i hallgat\u00f3k sz\u00e1m\u00e1ra. \u00a0A r\u00e9sztvev\u0151k a projekt partneregyetemeir\u0151l \u2013 Budapesti Corvinus Egyetem, Sapientia Erd\u00e9lyi Magyar Tudom\u00e1nyegyetem, Sigmund Freud University (Ausztria), \u00e9s Andaluc\u00eda Emprende (Spanyolorsz\u00e1g) \u2013 \u00e9rkeznek.<\/p>\n<p>A Tavaszi Egyetem het\u00e9ben ker\u00fcl megrendez\u00e9sre a projekt\u00a0<strong>negyedik online szak\u00e9rt\u0151i esem\u00e9nye is,\u00a02021. \u00e1prilis 13-\u00e1n 10.00-17.00<\/strong>\u00a0k\u00f6z\u00f6tt. Az esem\u00e9ny d\u00e9lel\u0151tti programja egy\u00a0<strong>pitch verseny<\/strong>\u00a0lesz, mely sor\u00e1n a Tavaszi Egyetem di\u00e1kjai 3 percben mutatj\u00e1k be \u00fczleti \u00f6tlet\u00fcket a szakmai zs\u0171rinek \u00e9s a k\u00f6z\u00f6ns\u00e9gnek. D\u00e9lut\u00e1n kiscsoportos \u00e9s egy kerekasztal-besz\u00e9lget\u00e9sek r\u00e9v\u00e9n\u00a0<strong>kapcsolat\u00e9p\u00edt\u00e9sre<\/strong>, valamint\u00a0<strong>online tud\u00e1scser\u00e9re<\/strong>\u00a0is lehet\u0151s\u00e9ge ny\u00edlik a r\u00e9sztvev\u0151knek, akik k\u00f6z\u00f6tt v\u00e1llalkoz\u00e1st\u00e1mogat\u00f3 szervezetek, \u00fczleti angyalok, akt\u00edv v\u00e1llalkoz\u00f3k \u00e9s szak\u00e9rt\u0151k is megjelennek.<\/p>\n<p><strong>Az esem\u00e9ny angol nyelv\u0171, ingyenes \u00e9s el\u0151zetes regisztr\u00e1ci\u00f3 alapj\u00e1n nyitott minden \u00e9rdekl\u0151d\u0151 sz\u00e1m\u00e1ra.\u00a0A szekci\u00f3kr\u00f3l \u00e9s az el\u0151ad\u00f3kr\u00f3l\u00a0<a href=\"https:\/\/ifempower.eu\/wp-content\/uploads\/2021\/03\/ifempower_ME4_online_invitation_teaser_2.pdf\" target=\"_blank\" rel=\"noopener\">itt olvashattok b\u0151vebben<\/a>.<\/strong><\/p>\n<p>Az eredeti tervek szerint az esem\u00e9ny Cs\u00edkszered\u00e1ban, a Sapientia Erd\u00e9lyi Magyar Tudom\u00e1nyegyetem szervez\u00e9s\u00e9ben tartottuk volna meg, azonban a COVID-19 j\u00e1rv\u00e1nyhelyzet miatt a partners\u00e9g a virtu\u00e1lis rendezv\u00e9ny mellett d\u00f6nt\u00f6tt, \u00edgy a rendezv\u00e9nyre ez\u00fattal online ker\u00fcl sor. Szerencs\u00e9re az online form\u00e1tum is sz\u00e1mos pozit\u00edvummal rendelkezik, a digit\u00e1lis \u00e9s okos megold\u00e1sok haszn\u00e1lat\u00e1nak lehet\u0151s\u00e9ge korl\u00e1tlan, \u00edgy a r\u00e9sztvev\u0151k egy interakt\u00edv \u00e9s soksz\u00edn\u0171 programra sz\u00e1m\u00edthatnak.<\/p>\n<p><strong>Regisztr\u00e1ljatok\u00a0legk\u00e9s\u0151bb 2021. m\u00e1rcius 31-ig az ingyenes esem\u00e9nyre,\u00a0<a href=\"https:\/\/www.eventbrite.com\/e\/how-does-the-idea-become-a-business-ifempower-online-multiplier-event-registration-144658420229\" target=\"_blank\" rel=\"noopener\">erre a linkre kattintva<\/a>.<\/strong><\/p>\n<p>Amennyiben a j\u00f6v\u0151ben sem szeretn\u00e9tek lemaradni az Ifempower programjaikr\u00f3l, l\u00e1togassatok el az\u00a0<strong><a href=\"http:\/\/www.ifempower.eu\/\" target=\"_blank\" rel=\"noopener\">ifempower.eu<\/a><\/strong>\u00a0oldalra, valamint iratkozzatok fel\u00a0<a href=\"https:\/\/ifempower.eu\/pages\/contact\/\" target=\"_blank\" rel=\"noopener\"><strong>h\u00edrlevel\u00fckre<\/strong><\/a>! A projektet a\u00a0<a href=\"https:\/\/www.linkedin.com\/company\/35509783\/admin\/\" target=\"_blank\" rel=\"noopener\"><strong>LinkedIn<\/strong><\/a>,\u00a0<a href=\"https:\/\/www.facebook.com\/ifempower.eu\/\" target=\"_blank\" rel=\"noopener\"><strong>Facebook<\/strong><\/a>,\u00a0<a href=\"https:\/\/www.instagram.com\/ifempower\/\" target=\"_blank\" rel=\"noopener\"><strong>Instagram<\/strong><\/a>,\u00a0<a href=\"https:\/\/twitter.com\/ifempower\" target=\"_blank\" rel=\"noopener\"><strong>Twitter<\/strong><\/a>\u00a0\u00e9s\u00a0<a href=\"https:\/\/www.youtube.com\/channel\/UCPD7dLmX3TQYXlTKgGPQeDQ\" target=\"_blank\" rel=\"noopener\"><strong>YouTube<\/strong><\/a>\u00a0fel\u00fcletein is figyelemmel k\u00eds\u00e9rhetitek \u0151ket.<\/p>\n","protected":false},"featured_media":792,"menu_order":0,"template":"","meta":{"_acf_changed":false},"class_list":["post-1145","hirek","type-hirek","status-publish","has-post-thumbnail","hentry"],"acf":[],"yoast_head":"<!-- This site is optimized with the Yoast SEO plugin v27.4 - https:\/\/yoast.com\/product\/yoast-seo-wordpress\/ -->\n<title>Nemzetk\u00f6zi kapcsolatokat \u00e9s tud\u00e1st hoz sz\u00e1motokra, ha csatlakoztok az ifempower d\u00edjmentes programjaihoz - Seed<\/title>\n<meta name=\"robots\" content=\"index, follow, max-snippet:-1, max-image-preview:large, max-video-preview:-1\" \/>\n<link rel=\"canonical\" href=\"https:\/\/seed.hu\/hirek\/nemzetkozi-kapcsolatokat-es-tudast-hoz-szamotokra-ha-csatlakoztok-az-ifempower-dijmentes-programjaihoz\/\" \/>\n<meta property=\"og:locale\" content=\"en_US\" \/>\n<meta property=\"og:type\" content=\"article\" \/>\n<meta property=\"og:title\" content=\"Nemzetk\u00f6zi kapcsolatokat \u00e9s tud\u00e1st hoz sz\u00e1motokra, ha csatlakoztok az ifempower d\u00edjmentes programjaihoz - Seed\" \/>\n<meta property=\"og:description\" content=\"A k\u00f6vetkez\u0151 esem\u00e9nyre \u00e1prilis 13-\u00e1n ker\u00fcl, melyre m\u00e1rcius 31-\u00e9ig kell regisztr\u00e1lni. B\u00e1r az esem\u00e9ny a Tavaszi Egyetem keret\u00e9ben val\u00f3sul meg, ez nem csak egyetemist\u00e1knak sz\u00f3l, hiszen a program d\u00e9lut\u00e1ni esm\u00e9nyein v\u00e1llalkoz\u00e1st\u00e1mogat\u00f3 szervezetek, \u00fczleti angyalok, akt\u00edv v\u00e1llalkoz\u00f3k \u00e9s szak\u00e9rt\u0151k is megjelennek. A 2. szak\u00e9rt\u0151i esem\u00e9nyre a SEED Alap\u00edtv\u00e1ny is megh\u00edv\u00e1st kapott, \u00edgy Port\u00f3ban mi is bemutathattuk [&hellip;]\" \/>\n<meta property=\"og:url\" content=\"https:\/\/seed.hu\/hirek\/nemzetkozi-kapcsolatokat-es-tudast-hoz-szamotokra-ha-csatlakoztok-az-ifempower-dijmentes-programjaihoz\/\" \/>\n<meta property=\"og:site_name\" content=\"Seed\" \/>\n<meta property=\"article:modified_time\" content=\"2022-01-24T14:13:32+00:00\" \/>\n<meta property=\"og:image\" content=\"https:\/\/seed.hu\/wp-content\/uploads\/2018\/04\/SEED_logo.png\" \/>\n\t<meta property=\"og:image:width\" content=\"250\" \/>\n\t<meta property=\"og:image:height\" content=\"206\" \/>\n\t<meta property=\"og:image:type\" content=\"image\/png\" \/>\n<meta name=\"twitter:card\" content=\"summary_large_image\" \/>\n<meta name=\"twitter:label1\" content=\"Est. reading time\" \/>\n\t<meta name=\"twitter:data1\" content=\"3 minutes\" \/>\n<script type=\"application\/ld+json\" class=\"yoast-schema-graph\">{\"@context\":\"https:\\\/\\\/schema.org\",\"@graph\":[{\"@type\":\"WebPage\",\"@id\":\"https:\\\/\\\/seed.hu\\\/hirek\\\/nemzetkozi-kapcsolatokat-es-tudast-hoz-szamotokra-ha-csatlakoztok-az-ifempower-dijmentes-programjaihoz\\\/\",\"url\":\"https:\\\/\\\/seed.hu\\\/hirek\\\/nemzetkozi-kapcsolatokat-es-tudast-hoz-szamotokra-ha-csatlakoztok-az-ifempower-dijmentes-programjaihoz\\\/\",\"name\":\"Nemzetk\u00f6zi kapcsolatokat \u00e9s tud\u00e1st hoz sz\u00e1motokra, ha csatlakoztok az ifempower d\u00edjmentes programjaihoz - Seed\",\"isPartOf\":{\"@id\":\"https:\\\/\\\/seed.hu\\\/#website\"},\"primaryImageOfPage\":{\"@id\":\"https:\\\/\\\/seed.hu\\\/hirek\\\/nemzetkozi-kapcsolatokat-es-tudast-hoz-szamotokra-ha-csatlakoztok-az-ifempower-dijmentes-programjaihoz\\\/#primaryimage\"},\"image\":{\"@id\":\"https:\\\/\\\/seed.hu\\\/hirek\\\/nemzetkozi-kapcsolatokat-es-tudast-hoz-szamotokra-ha-csatlakoztok-az-ifempower-dijmentes-programjaihoz\\\/#primaryimage\"},\"thumbnailUrl\":\"https:\\\/\\\/seed.hu\\\/wp-content\\\/uploads\\\/2018\\\/04\\\/SEED_logo.png\",\"datePublished\":\"2021-03-28T16:10:09+00:00\",\"dateModified\":\"2022-01-24T14:13:32+00:00\",\"breadcrumb\":{\"@id\":\"https:\\\/\\\/seed.hu\\\/hirek\\\/nemzetkozi-kapcsolatokat-es-tudast-hoz-szamotokra-ha-csatlakoztok-az-ifempower-dijmentes-programjaihoz\\\/#breadcrumb\"},\"inLanguage\":\"en-US\",\"potentialAction\":[{\"@type\":\"ReadAction\",\"target\":[\"https:\\\/\\\/seed.hu\\\/hirek\\\/nemzetkozi-kapcsolatokat-es-tudast-hoz-szamotokra-ha-csatlakoztok-az-ifempower-dijmentes-programjaihoz\\\/\"]}]},{\"@type\":\"ImageObject\",\"inLanguage\":\"en-US\",\"@id\":\"https:\\\/\\\/seed.hu\\\/hirek\\\/nemzetkozi-kapcsolatokat-es-tudast-hoz-szamotokra-ha-csatlakoztok-az-ifempower-dijmentes-programjaihoz\\\/#primaryimage\",\"url\":\"https:\\\/\\\/seed.hu\\\/wp-content\\\/uploads\\\/2018\\\/04\\\/SEED_logo.png\",\"contentUrl\":\"https:\\\/\\\/seed.hu\\\/wp-content\\\/uploads\\\/2018\\\/04\\\/SEED_logo.png\",\"width\":250,\"height\":206},{\"@type\":\"BreadcrumbList\",\"@id\":\"https:\\\/\\\/seed.hu\\\/hirek\\\/nemzetkozi-kapcsolatokat-es-tudast-hoz-szamotokra-ha-csatlakoztok-az-ifempower-dijmentes-programjaihoz\\\/#breadcrumb\",\"itemListElement\":[{\"@type\":\"ListItem\",\"position\":1,\"name\":\"H\u00edrek\",\"item\":\"https:\\\/\\\/seed.hu\\\/hirek\\\/\"},{\"@type\":\"ListItem\",\"position\":2,\"name\":\"Nemzetk\u00f6zi kapcsolatokat \u00e9s tud\u00e1st hoz sz\u00e1motokra, ha csatlakoztok az ifempower d\u00edjmentes programjaihoz\"}]},{\"@type\":\"WebSite\",\"@id\":\"https:\\\/\\\/seed.hu\\\/#website\",\"url\":\"https:\\\/\\\/seed.hu\\\/\",\"name\":\"Seed\",\"description\":\"\",\"potentialAction\":[{\"@type\":\"SearchAction\",\"target\":{\"@type\":\"EntryPoint\",\"urlTemplate\":\"https:\\\/\\\/seed.hu\\\/?s={search_term_string}\"},\"query-input\":{\"@type\":\"PropertyValueSpecification\",\"valueRequired\":true,\"valueName\":\"search_term_string\"}}],\"inLanguage\":\"en-US\"}]}<\/script>\n<!-- \/ Yoast SEO plugin. -->","yoast_head_json":{"title":"Nemzetk\u00f6zi kapcsolatokat \u00e9s tud\u00e1st hoz sz\u00e1motokra, ha csatlakoztok az ifempower d\u00edjmentes programjaihoz - Seed","robots":{"index":"index","follow":"follow","max-snippet":"max-snippet:-1","max-image-preview":"max-image-preview:large","max-video-preview":"max-video-preview:-1"},"canonical":"https:\/\/seed.hu\/hirek\/nemzetkozi-kapcsolatokat-es-tudast-hoz-szamotokra-ha-csatlakoztok-az-ifempower-dijmentes-programjaihoz\/","og_locale":"en_US","og_type":"article","og_title":"Nemzetk\u00f6zi kapcsolatokat \u00e9s tud\u00e1st hoz sz\u00e1motokra, ha csatlakoztok az ifempower d\u00edjmentes programjaihoz - Seed","og_description":"A k\u00f6vetkez\u0151 esem\u00e9nyre \u00e1prilis 13-\u00e1n ker\u00fcl, melyre m\u00e1rcius 31-\u00e9ig kell regisztr\u00e1lni. B\u00e1r az esem\u00e9ny a Tavaszi Egyetem keret\u00e9ben val\u00f3sul meg, ez nem csak egyetemist\u00e1knak sz\u00f3l, hiszen a program d\u00e9lut\u00e1ni esm\u00e9nyein v\u00e1llalkoz\u00e1st\u00e1mogat\u00f3 szervezetek, \u00fczleti angyalok, akt\u00edv v\u00e1llalkoz\u00f3k \u00e9s szak\u00e9rt\u0151k is megjelennek. A 2. szak\u00e9rt\u0151i esem\u00e9nyre a SEED Alap\u00edtv\u00e1ny is megh\u00edv\u00e1st kapott, \u00edgy Port\u00f3ban mi is bemutathattuk [&hellip;]","og_url":"https:\/\/seed.hu\/hirek\/nemzetkozi-kapcsolatokat-es-tudast-hoz-szamotokra-ha-csatlakoztok-az-ifempower-dijmentes-programjaihoz\/","og_site_name":"Seed","article_modified_time":"2022-01-24T14:13:32+00:00","og_image":[{"width":250,"height":206,"url":"https:\/\/seed.hu\/wp-content\/uploads\/2018\/04\/SEED_logo.png","type":"image\/png"}],"twitter_card":"summary_large_image","twitter_misc":{"Est. reading time":"3 minutes"},"schema":{"@context":"https:\/\/schema.org","@graph":[{"@type":"WebPage","@id":"https:\/\/seed.hu\/hirek\/nemzetkozi-kapcsolatokat-es-tudast-hoz-szamotokra-ha-csatlakoztok-az-ifempower-dijmentes-programjaihoz\/","url":"https:\/\/seed.hu\/hirek\/nemzetkozi-kapcsolatokat-es-tudast-hoz-szamotokra-ha-csatlakoztok-az-ifempower-dijmentes-programjaihoz\/","name":"Nemzetk\u00f6zi kapcsolatokat \u00e9s tud\u00e1st hoz sz\u00e1motokra, ha csatlakoztok az ifempower d\u00edjmentes programjaihoz - Seed","isPartOf":{"@id":"https:\/\/seed.hu\/#website"},"primaryImageOfPage":{"@id":"https:\/\/seed.hu\/hirek\/nemzetkozi-kapcsolatokat-es-tudast-hoz-szamotokra-ha-csatlakoztok-az-ifempower-dijmentes-programjaihoz\/#primaryimage"},"image":{"@id":"https:\/\/seed.hu\/hirek\/nemzetkozi-kapcsolatokat-es-tudast-hoz-szamotokra-ha-csatlakoztok-az-ifempower-dijmentes-programjaihoz\/#primaryimage"},"thumbnailUrl":"https:\/\/seed.hu\/wp-content\/uploads\/2018\/04\/SEED_logo.png","datePublished":"2021-03-28T16:10:09+00:00","dateModified":"2022-01-24T14:13:32+00:00","breadcrumb":{"@id":"https:\/\/seed.hu\/hirek\/nemzetkozi-kapcsolatokat-es-tudast-hoz-szamotokra-ha-csatlakoztok-az-ifempower-dijmentes-programjaihoz\/#breadcrumb"},"inLanguage":"en-US","potentialAction":[{"@type":"ReadAction","target":["https:\/\/seed.hu\/hirek\/nemzetkozi-kapcsolatokat-es-tudast-hoz-szamotokra-ha-csatlakoztok-az-ifempower-dijmentes-programjaihoz\/"]}]},{"@type":"ImageObject","inLanguage":"en-US","@id":"https:\/\/seed.hu\/hirek\/nemzetkozi-kapcsolatokat-es-tudast-hoz-szamotokra-ha-csatlakoztok-az-ifempower-dijmentes-programjaihoz\/#primaryimage","url":"https:\/\/seed.hu\/wp-content\/uploads\/2018\/04\/SEED_logo.png","contentUrl":"https:\/\/seed.hu\/wp-content\/uploads\/2018\/04\/SEED_logo.png","width":250,"height":206},{"@type":"BreadcrumbList","@id":"https:\/\/seed.hu\/hirek\/nemzetkozi-kapcsolatokat-es-tudast-hoz-szamotokra-ha-csatlakoztok-az-ifempower-dijmentes-programjaihoz\/#breadcrumb","itemListElement":[{"@type":"ListItem","position":1,"name":"H\u00edrek","item":"https:\/\/seed.hu\/hirek\/"},{"@type":"ListItem","position":2,"name":"Nemzetk\u00f6zi kapcsolatokat \u00e9s tud\u00e1st hoz sz\u00e1motokra, ha csatlakoztok az ifempower d\u00edjmentes programjaihoz"}]},{"@type":"WebSite","@id":"https:\/\/seed.hu\/#website","url":"https:\/\/seed.hu\/","name":"Seed","description":"","potentialAction":[{"@type":"SearchAction","target":{"@type":"EntryPoint","urlTemplate":"https:\/\/seed.hu\/?s={search_term_string}"},"query-input":{"@type":"PropertyValueSpecification","valueRequired":true,"valueName":"search_term_string"}}],"inLanguage":"en-US"}]}},"_links":{"self":[{"href":"https:\/\/seed.hu\/en\/wp-json\/wp\/v2\/hirek\/1145","targetHints":{"allow":["GET"]}}],"collection":[{"href":"https:\/\/seed.hu\/en\/wp-json\/wp\/v2\/hirek"}],"about":[{"href":"https:\/\/seed.hu\/en\/wp-json\/wp\/v2\/types\/hirek"}],"wp:featuredmedia":[{"embeddable":true,"href":"https:\/\/seed.hu\/en\/wp-json\/wp\/v2\/media\/792"}],"wp:attachment":[{"href":"https:\/\/seed.hu\/en\/wp-json\/wp\/v2\/media?parent=1145"}],"curies":[{"name":"wp","href":"https:\/\/api.w.org\/{rel}","templated":true}]}}