{"id":1146,"date":"2021-03-28T19:05:40","date_gmt":"2021-03-28T17:05:40","guid":{"rendered":"https:\/\/seed.hu\/?post_type=hirek&#038;p=1146"},"modified":"2022-01-24T15:15:18","modified_gmt":"2022-01-24T14:15:18","slug":"online-vallalkozoi-forum-munkavallalok-es-a-ceg-mukodesebe-bevont-partnerek-motivacioja-es-a-minosegi-munkavegzes-fenntartasa-2021-aprilis-8","status":"publish","type":"hirek","link":"https:\/\/seed.hu\/en\/hirek\/online-vallalkozoi-forum-munkavallalok-es-a-ceg-mukodesebe-bevont-partnerek-motivacioja-es-a-minosegi-munkavegzes-fenntartasa-2021-aprilis-8\/","title":{"rendered":"Online V\u00e1llalkoz\u00f3i F\u00f3rum &#8211; Munkav\u00e1llal\u00f3k \u00e9s a c\u00e9g m\u0171k\u00f6d\u00e9s\u00e9be bevont partnerek motiv\u00e1ci\u00f3ja \u00e9s a min\u0151s\u00e9gi munkav\u00e9gz\u00e9s fenntart\u00e1sa 2021. \u00e1prilis 8."},"content":{"rendered":"<p><a href=\"https:\/\/seed.hu\/szolgaltatasok\/kerdezd-a-tanacsadot\/partnerbig2\/\" rel=\"attachment wp-att-41\"><img loading=\"lazy\" decoding=\"async\" class=\"alignnone size-full wp-image-41\" src=\"https:\/\/seed.hu\/wp-content\/uploads\/2021\/02\/partnerBig2.png\" alt=\"\" width=\"241\" height=\"75\" \/><\/a><\/p>\n<p><span style=\"font-size: 20px;\"><strong>Online V\u00e1llalkoz\u00f3i F\u00f3rum &#8211; Egy szak\u00e9rt\u0151, egy v\u00e1llalkoz\u00f3, egy t\u00e9ma, 1 \u00f3ra<\/strong><\/span><\/p>\n<p><strong><u>A k\u00f6vetkez\u0151\u00a0szakmai besz\u00e9lget\u00e9s id\u0151pontja:<\/u><\/strong><br \/>\n2021. \u00e1prilis 8., cs\u00fct\u00f6rt\u00f6k, 17:30-19:00.<\/p>\n<p><strong><u>A besz\u00e9lget\u0151partnerek:<\/u><\/strong><\/p>\n<ul>\n<li>Varga Szilvia Edit, empatikus kommunik\u00e1ci\u00f3 szak\u00e9rt\u0151, medi\u00e1tor, \u00f6nismereti coach<\/li>\n<li>Toll\u00e1r M\u00f3nika, v\u00e1llalkoz\u00f3, creative brand stylist, v\u00e1llalkoz\u00e1sfejleszt\u00e9si tan\u00e1csad\u00f3<\/li>\n<\/ul>\n<p><strong><u>A t\u00e9ma:<\/u><\/strong><\/p>\n<p>Munkav\u00e1llal\u00f3k \u00e9s a c\u00e9g m\u0171k\u00f6d\u00e9s\u00e9be bevont partnerek motiv\u00e1ci\u00f3ja \u00e9s a min\u0151s\u00e9gi munkav\u00e9gz\u00e9s fenntart\u00e1sa<\/p>\n<p><strong><u>R\u00e9szletes program:<\/u><\/strong><\/p>\n<p>A munkav\u00e1llal\u00f3k motiv\u00e1lts\u00e1ga, a munkav\u00e1llal\u00f3k min\u0151s\u00e9gi munkav\u00e9gz\u00e9s\u00e9nek fenntart\u00e1sa minden vezet\u0151 \u00e1lma.<br \/>\nMivel lehet ezt el\u0151seg\u00edteni? Elvben m\u00e1r mind tudjuk v\u00e1llalkoz\u00f3k\u00e9nt, vezet\u0151k\u00e9nt, hogy fontos a motiv\u00e1ci\u00f3, az elismer\u00e9s, a visszajelz\u00e9s a munkav\u00e1llal\u00f3knak, a partnereinknek egyar\u00e1nt.<br \/>\nGyakorlatban m\u00e1r nehezebb mindezt megval\u00f3s\u00edtani.<br \/>\n&#8211; Hogyan lehet bonyolult m\u00f3dszerek, eszk\u00f6z\u00f6k n\u00e9lk\u00fcl is jelent\u0151s el\u0151rel\u00e9p\u00e9st tenni ezen a t\u00e9ren?<br \/>\n&#8211;\u00a0Mik azok az apr\u00f3, de ann\u00e1l l\u00e9nyegesebb v\u00e1ltoztat\u00e1sok a gondolkod\u00e1sm\u00f3dunkban, kommunik\u00e1ci\u00f3nkban, amivel gyorsan, k\u00f6nnyed\u00e9n tudunk egy (vagy t\u00f6bb) l\u00e9p\u00e9st el\u0151rel\u00e9pni?<\/p>\n<p>Err\u0151l besz\u00e9lget\u00fcnk Varga Szilvia Edittel, aki medi\u00e1tork\u00e9nt \u00e9s er\u0151szakmentes kommunik\u00e1ci\u00f3 szak\u00e9rt\u0151k\u00e9nt osztja meg gyakorlati tud\u00e1s\u00e1t \u00e9s tapasztalat\u00e1t a t\u00e9nyek, \u00e9rz\u00e9sek, sz\u00fcks\u00e9gletek \u00e1ltal vez\u00e9relt kommunik\u00e1ci\u00f3r\u00f3l \u00e9s Toll\u00e1r M\u00f3nik\u00e1val, aki creative brand stylist, v\u00e1llalkoz\u00e1sfejleszt\u00e9si tan\u00e1csad\u00f3 \u00e9s a t\u00f6bb l\u00e1bon \u00e1ll\u00e1s m\u0171v\u00e9sze, a sz\u00f3 szoros \u00e9rtelm\u00e9ben, hiszen mind az \u00fczleti \u00e9letben, mind a sz\u00ednh\u00e1zi vil\u00e1gban sokr\u00e9t\u0171 tapasztalattal rendelkezik a soksz\u00edn\u0171 csapatok, emberek inspir\u00e1l\u00e1s\u00e1ban.<\/p>\n<p><strong><em>A f\u00f3rumon a r\u00e9szv\u00e9tel ingyenes, de el\u0151zetes regisztr\u00e1ci\u00f3hoz k\u00f6t\u00f6tt.<\/em><\/strong><\/p>\n<p><strong><em>Jelentkez\u00e9si hat\u00e1rid\u0151: 2021. \u00e1prilis 8.\u00a012:00<\/em><\/strong><\/p>\n<p><a href=\"https:\/\/seed.hu\/kerdoiv\/online-vallalkozoi-forum-munkavallalok-es-a-ceg-mukodesebe-bevont-partnerek-motivacioja-es-0\" target=\"_blank\" rel=\"noopener\"><img decoding=\"async\" style=\"width: 130px; height: 42px;\" src=\"https:\/\/seed.hu\/files\/attachments\/inline\/regisztracio4.png\" alt=\"\" \/><\/a><\/p>\n<p>&nbsp;<\/p>\n","protected":false},"featured_media":792,"menu_order":0,"template":"","meta":{"_acf_changed":false},"class_list":["post-1146","hirek","type-hirek","status-publish","has-post-thumbnail","hentry"],"acf":[],"yoast_head":"<!-- This site is optimized with the Yoast SEO plugin v27.4 - https:\/\/yoast.com\/product\/yoast-seo-wordpress\/ -->\n<title>Online V\u00e1llalkoz\u00f3i F\u00f3rum - Munkav\u00e1llal\u00f3k \u00e9s a c\u00e9g m\u0171k\u00f6d\u00e9s\u00e9be bevont partnerek motiv\u00e1ci\u00f3ja \u00e9s a min\u0151s\u00e9gi munkav\u00e9gz\u00e9s fenntart\u00e1sa 2021. \u00e1prilis 8. - Seed<\/title>\n<meta name=\"robots\" content=\"index, follow, max-snippet:-1, max-image-preview:large, max-video-preview:-1\" \/>\n<link rel=\"canonical\" href=\"https:\/\/seed.hu\/hirek\/online-vallalkozoi-forum-munkavallalok-es-a-ceg-mukodesebe-bevont-partnerek-motivacioja-es-a-minosegi-munkavegzes-fenntartasa-2021-aprilis-8\/\" \/>\n<meta property=\"og:locale\" content=\"en_US\" \/>\n<meta property=\"og:type\" content=\"article\" \/>\n<meta property=\"og:title\" content=\"Online V\u00e1llalkoz\u00f3i F\u00f3rum - Munkav\u00e1llal\u00f3k \u00e9s a c\u00e9g m\u0171k\u00f6d\u00e9s\u00e9be bevont partnerek motiv\u00e1ci\u00f3ja \u00e9s a min\u0151s\u00e9gi munkav\u00e9gz\u00e9s fenntart\u00e1sa 2021. \u00e1prilis 8. - Seed\" \/>\n<meta property=\"og:description\" content=\"Online V\u00e1llalkoz\u00f3i F\u00f3rum &#8211; Egy szak\u00e9rt\u0151, egy v\u00e1llalkoz\u00f3, egy t\u00e9ma, 1 \u00f3ra A k\u00f6vetkez\u0151\u00a0szakmai besz\u00e9lget\u00e9s id\u0151pontja: 2021. \u00e1prilis 8., cs\u00fct\u00f6rt\u00f6k, 17:30-19:00. A besz\u00e9lget\u0151partnerek: Varga Szilvia Edit, empatikus kommunik\u00e1ci\u00f3 szak\u00e9rt\u0151, medi\u00e1tor, \u00f6nismereti coach Toll\u00e1r M\u00f3nika, v\u00e1llalkoz\u00f3, creative brand stylist, v\u00e1llalkoz\u00e1sfejleszt\u00e9si tan\u00e1csad\u00f3 A t\u00e9ma: Munkav\u00e1llal\u00f3k \u00e9s a c\u00e9g m\u0171k\u00f6d\u00e9s\u00e9be bevont partnerek motiv\u00e1ci\u00f3ja \u00e9s a min\u0151s\u00e9gi munkav\u00e9gz\u00e9s fenntart\u00e1sa [&hellip;]\" \/>\n<meta property=\"og:url\" content=\"https:\/\/seed.hu\/hirek\/online-vallalkozoi-forum-munkavallalok-es-a-ceg-mukodesebe-bevont-partnerek-motivacioja-es-a-minosegi-munkavegzes-fenntartasa-2021-aprilis-8\/\" \/>\n<meta property=\"og:site_name\" content=\"Seed\" \/>\n<meta property=\"article:modified_time\" content=\"2022-01-24T14:15:18+00:00\" \/>\n<meta property=\"og:image\" content=\"https:\/\/seed.hu\/wp-content\/uploads\/2018\/04\/SEED_logo.png\" \/>\n\t<meta property=\"og:image:width\" content=\"250\" \/>\n\t<meta property=\"og:image:height\" content=\"206\" \/>\n\t<meta property=\"og:image:type\" content=\"image\/png\" \/>\n<meta name=\"twitter:card\" content=\"summary_large_image\" \/>\n<meta name=\"twitter:label1\" content=\"Est. reading time\" \/>\n\t<meta name=\"twitter:data1\" content=\"2 minutes\" \/>\n<script type=\"application\/ld+json\" class=\"yoast-schema-graph\">{\"@context\":\"https:\\\/\\\/schema.org\",\"@graph\":[{\"@type\":\"WebPage\",\"@id\":\"https:\\\/\\\/seed.hu\\\/hirek\\\/online-vallalkozoi-forum-munkavallalok-es-a-ceg-mukodesebe-bevont-partnerek-motivacioja-es-a-minosegi-munkavegzes-fenntartasa-2021-aprilis-8\\\/\",\"url\":\"https:\\\/\\\/seed.hu\\\/hirek\\\/online-vallalkozoi-forum-munkavallalok-es-a-ceg-mukodesebe-bevont-partnerek-motivacioja-es-a-minosegi-munkavegzes-fenntartasa-2021-aprilis-8\\\/\",\"name\":\"Online V\u00e1llalkoz\u00f3i F\u00f3rum - Munkav\u00e1llal\u00f3k \u00e9s a c\u00e9g m\u0171k\u00f6d\u00e9s\u00e9be bevont partnerek motiv\u00e1ci\u00f3ja \u00e9s a min\u0151s\u00e9gi munkav\u00e9gz\u00e9s fenntart\u00e1sa 2021. \u00e1prilis 8. - Seed\",\"isPartOf\":{\"@id\":\"https:\\\/\\\/seed.hu\\\/#website\"},\"primaryImageOfPage\":{\"@id\":\"https:\\\/\\\/seed.hu\\\/hirek\\\/online-vallalkozoi-forum-munkavallalok-es-a-ceg-mukodesebe-bevont-partnerek-motivacioja-es-a-minosegi-munkavegzes-fenntartasa-2021-aprilis-8\\\/#primaryimage\"},\"image\":{\"@id\":\"https:\\\/\\\/seed.hu\\\/hirek\\\/online-vallalkozoi-forum-munkavallalok-es-a-ceg-mukodesebe-bevont-partnerek-motivacioja-es-a-minosegi-munkavegzes-fenntartasa-2021-aprilis-8\\\/#primaryimage\"},\"thumbnailUrl\":\"https:\\\/\\\/seed.hu\\\/wp-content\\\/uploads\\\/2018\\\/04\\\/SEED_logo.png\",\"datePublished\":\"2021-03-28T17:05:40+00:00\",\"dateModified\":\"2022-01-24T14:15:18+00:00\",\"breadcrumb\":{\"@id\":\"https:\\\/\\\/seed.hu\\\/hirek\\\/online-vallalkozoi-forum-munkavallalok-es-a-ceg-mukodesebe-bevont-partnerek-motivacioja-es-a-minosegi-munkavegzes-fenntartasa-2021-aprilis-8\\\/#breadcrumb\"},\"inLanguage\":\"en-US\",\"potentialAction\":[{\"@type\":\"ReadAction\",\"target\":[\"https:\\\/\\\/seed.hu\\\/hirek\\\/online-vallalkozoi-forum-munkavallalok-es-a-ceg-mukodesebe-bevont-partnerek-motivacioja-es-a-minosegi-munkavegzes-fenntartasa-2021-aprilis-8\\\/\"]}]},{\"@type\":\"ImageObject\",\"inLanguage\":\"en-US\",\"@id\":\"https:\\\/\\\/seed.hu\\\/hirek\\\/online-vallalkozoi-forum-munkavallalok-es-a-ceg-mukodesebe-bevont-partnerek-motivacioja-es-a-minosegi-munkavegzes-fenntartasa-2021-aprilis-8\\\/#primaryimage\",\"url\":\"https:\\\/\\\/seed.hu\\\/wp-content\\\/uploads\\\/2018\\\/04\\\/SEED_logo.png\",\"contentUrl\":\"https:\\\/\\\/seed.hu\\\/wp-content\\\/uploads\\\/2018\\\/04\\\/SEED_logo.png\",\"width\":250,\"height\":206},{\"@type\":\"BreadcrumbList\",\"@id\":\"https:\\\/\\\/seed.hu\\\/hirek\\\/online-vallalkozoi-forum-munkavallalok-es-a-ceg-mukodesebe-bevont-partnerek-motivacioja-es-a-minosegi-munkavegzes-fenntartasa-2021-aprilis-8\\\/#breadcrumb\",\"itemListElement\":[{\"@type\":\"ListItem\",\"position\":1,\"name\":\"H\u00edrek\",\"item\":\"https:\\\/\\\/seed.hu\\\/hirek\\\/\"},{\"@type\":\"ListItem\",\"position\":2,\"name\":\"Online V\u00e1llalkoz\u00f3i F\u00f3rum &#8211; Munkav\u00e1llal\u00f3k \u00e9s a c\u00e9g m\u0171k\u00f6d\u00e9s\u00e9be bevont partnerek motiv\u00e1ci\u00f3ja \u00e9s a min\u0151s\u00e9gi munkav\u00e9gz\u00e9s fenntart\u00e1sa 2021. \u00e1prilis 8.\"}]},{\"@type\":\"WebSite\",\"@id\":\"https:\\\/\\\/seed.hu\\\/#website\",\"url\":\"https:\\\/\\\/seed.hu\\\/\",\"name\":\"Seed\",\"description\":\"\",\"potentialAction\":[{\"@type\":\"SearchAction\",\"target\":{\"@type\":\"EntryPoint\",\"urlTemplate\":\"https:\\\/\\\/seed.hu\\\/?s={search_term_string}\"},\"query-input\":{\"@type\":\"PropertyValueSpecification\",\"valueRequired\":true,\"valueName\":\"search_term_string\"}}],\"inLanguage\":\"en-US\"}]}<\/script>\n<!-- \/ Yoast SEO plugin. -->","yoast_head_json":{"title":"Online V\u00e1llalkoz\u00f3i F\u00f3rum - Munkav\u00e1llal\u00f3k \u00e9s a c\u00e9g m\u0171k\u00f6d\u00e9s\u00e9be bevont partnerek motiv\u00e1ci\u00f3ja \u00e9s a min\u0151s\u00e9gi munkav\u00e9gz\u00e9s fenntart\u00e1sa 2021. \u00e1prilis 8. - Seed","robots":{"index":"index","follow":"follow","max-snippet":"max-snippet:-1","max-image-preview":"max-image-preview:large","max-video-preview":"max-video-preview:-1"},"canonical":"https:\/\/seed.hu\/hirek\/online-vallalkozoi-forum-munkavallalok-es-a-ceg-mukodesebe-bevont-partnerek-motivacioja-es-a-minosegi-munkavegzes-fenntartasa-2021-aprilis-8\/","og_locale":"en_US","og_type":"article","og_title":"Online V\u00e1llalkoz\u00f3i F\u00f3rum - Munkav\u00e1llal\u00f3k \u00e9s a c\u00e9g m\u0171k\u00f6d\u00e9s\u00e9be bevont partnerek motiv\u00e1ci\u00f3ja \u00e9s a min\u0151s\u00e9gi munkav\u00e9gz\u00e9s fenntart\u00e1sa 2021. \u00e1prilis 8. - Seed","og_description":"Online V\u00e1llalkoz\u00f3i F\u00f3rum &#8211; Egy szak\u00e9rt\u0151, egy v\u00e1llalkoz\u00f3, egy t\u00e9ma, 1 \u00f3ra A k\u00f6vetkez\u0151\u00a0szakmai besz\u00e9lget\u00e9s id\u0151pontja: 2021. \u00e1prilis 8., cs\u00fct\u00f6rt\u00f6k, 17:30-19:00. A besz\u00e9lget\u0151partnerek: Varga Szilvia Edit, empatikus kommunik\u00e1ci\u00f3 szak\u00e9rt\u0151, medi\u00e1tor, \u00f6nismereti coach Toll\u00e1r M\u00f3nika, v\u00e1llalkoz\u00f3, creative brand stylist, v\u00e1llalkoz\u00e1sfejleszt\u00e9si tan\u00e1csad\u00f3 A t\u00e9ma: Munkav\u00e1llal\u00f3k \u00e9s a c\u00e9g m\u0171k\u00f6d\u00e9s\u00e9be bevont partnerek motiv\u00e1ci\u00f3ja \u00e9s a min\u0151s\u00e9gi munkav\u00e9gz\u00e9s fenntart\u00e1sa [&hellip;]","og_url":"https:\/\/seed.hu\/hirek\/online-vallalkozoi-forum-munkavallalok-es-a-ceg-mukodesebe-bevont-partnerek-motivacioja-es-a-minosegi-munkavegzes-fenntartasa-2021-aprilis-8\/","og_site_name":"Seed","article_modified_time":"2022-01-24T14:15:18+00:00","og_image":[{"width":250,"height":206,"url":"https:\/\/seed.hu\/wp-content\/uploads\/2018\/04\/SEED_logo.png","type":"image\/png"}],"twitter_card":"summary_large_image","twitter_misc":{"Est. reading time":"2 minutes"},"schema":{"@context":"https:\/\/schema.org","@graph":[{"@type":"WebPage","@id":"https:\/\/seed.hu\/hirek\/online-vallalkozoi-forum-munkavallalok-es-a-ceg-mukodesebe-bevont-partnerek-motivacioja-es-a-minosegi-munkavegzes-fenntartasa-2021-aprilis-8\/","url":"https:\/\/seed.hu\/hirek\/online-vallalkozoi-forum-munkavallalok-es-a-ceg-mukodesebe-bevont-partnerek-motivacioja-es-a-minosegi-munkavegzes-fenntartasa-2021-aprilis-8\/","name":"Online V\u00e1llalkoz\u00f3i F\u00f3rum - Munkav\u00e1llal\u00f3k \u00e9s a c\u00e9g m\u0171k\u00f6d\u00e9s\u00e9be bevont partnerek motiv\u00e1ci\u00f3ja \u00e9s a min\u0151s\u00e9gi munkav\u00e9gz\u00e9s fenntart\u00e1sa 2021. \u00e1prilis 8. - Seed","isPartOf":{"@id":"https:\/\/seed.hu\/#website"},"primaryImageOfPage":{"@id":"https:\/\/seed.hu\/hirek\/online-vallalkozoi-forum-munkavallalok-es-a-ceg-mukodesebe-bevont-partnerek-motivacioja-es-a-minosegi-munkavegzes-fenntartasa-2021-aprilis-8\/#primaryimage"},"image":{"@id":"https:\/\/seed.hu\/hirek\/online-vallalkozoi-forum-munkavallalok-es-a-ceg-mukodesebe-bevont-partnerek-motivacioja-es-a-minosegi-munkavegzes-fenntartasa-2021-aprilis-8\/#primaryimage"},"thumbnailUrl":"https:\/\/seed.hu\/wp-content\/uploads\/2018\/04\/SEED_logo.png","datePublished":"2021-03-28T17:05:40+00:00","dateModified":"2022-01-24T14:15:18+00:00","breadcrumb":{"@id":"https:\/\/seed.hu\/hirek\/online-vallalkozoi-forum-munkavallalok-es-a-ceg-mukodesebe-bevont-partnerek-motivacioja-es-a-minosegi-munkavegzes-fenntartasa-2021-aprilis-8\/#breadcrumb"},"inLanguage":"en-US","potentialAction":[{"@type":"ReadAction","target":["https:\/\/seed.hu\/hirek\/online-vallalkozoi-forum-munkavallalok-es-a-ceg-mukodesebe-bevont-partnerek-motivacioja-es-a-minosegi-munkavegzes-fenntartasa-2021-aprilis-8\/"]}]},{"@type":"ImageObject","inLanguage":"en-US","@id":"https:\/\/seed.hu\/hirek\/online-vallalkozoi-forum-munkavallalok-es-a-ceg-mukodesebe-bevont-partnerek-motivacioja-es-a-minosegi-munkavegzes-fenntartasa-2021-aprilis-8\/#primaryimage","url":"https:\/\/seed.hu\/wp-content\/uploads\/2018\/04\/SEED_logo.png","contentUrl":"https:\/\/seed.hu\/wp-content\/uploads\/2018\/04\/SEED_logo.png","width":250,"height":206},{"@type":"BreadcrumbList","@id":"https:\/\/seed.hu\/hirek\/online-vallalkozoi-forum-munkavallalok-es-a-ceg-mukodesebe-bevont-partnerek-motivacioja-es-a-minosegi-munkavegzes-fenntartasa-2021-aprilis-8\/#breadcrumb","itemListElement":[{"@type":"ListItem","position":1,"name":"H\u00edrek","item":"https:\/\/seed.hu\/hirek\/"},{"@type":"ListItem","position":2,"name":"Online V\u00e1llalkoz\u00f3i F\u00f3rum &#8211; Munkav\u00e1llal\u00f3k \u00e9s a c\u00e9g m\u0171k\u00f6d\u00e9s\u00e9be bevont partnerek motiv\u00e1ci\u00f3ja \u00e9s a min\u0151s\u00e9gi munkav\u00e9gz\u00e9s fenntart\u00e1sa 2021. \u00e1prilis 8."}]},{"@type":"WebSite","@id":"https:\/\/seed.hu\/#website","url":"https:\/\/seed.hu\/","name":"Seed","description":"","potentialAction":[{"@type":"SearchAction","target":{"@type":"EntryPoint","urlTemplate":"https:\/\/seed.hu\/?s={search_term_string}"},"query-input":{"@type":"PropertyValueSpecification","valueRequired":true,"valueName":"search_term_string"}}],"inLanguage":"en-US"}]}},"_links":{"self":[{"href":"https:\/\/seed.hu\/en\/wp-json\/wp\/v2\/hirek\/1146","targetHints":{"allow":["GET"]}}],"collection":[{"href":"https:\/\/seed.hu\/en\/wp-json\/wp\/v2\/hirek"}],"about":[{"href":"https:\/\/seed.hu\/en\/wp-json\/wp\/v2\/types\/hirek"}],"wp:featuredmedia":[{"embeddable":true,"href":"https:\/\/seed.hu\/en\/wp-json\/wp\/v2\/media\/792"}],"wp:attachment":[{"href":"https:\/\/seed.hu\/en\/wp-json\/wp\/v2\/media?parent=1146"}],"curies":[{"name":"wp","href":"https:\/\/api.w.org\/{rel}","templated":true}]}}