{"id":1148,"date":"2021-03-28T20:01:29","date_gmt":"2021-03-28T18:01:29","guid":{"rendered":"https:\/\/seed.hu\/?post_type=hirek&#038;p=1148"},"modified":"2022-01-24T15:19:02","modified_gmt":"2022-01-24T14:19:02","slug":"minden-vallalkozo-szeretne-eredmenyes-es-sikeres-lenni-megsem-sikerul-mindenkinek-vajon-mi-lehet-a-titok","status":"publish","type":"hirek","link":"https:\/\/seed.hu\/en\/hirek\/minden-vallalkozo-szeretne-eredmenyes-es-sikeres-lenni-megsem-sikerul-mindenkinek-vajon-mi-lehet-a-titok\/","title":{"rendered":"Minden v\u00e1llalkoz\u00f3 szeretne eredm\u00e9nyes \u00e9s sikeres lenni m\u00e9gsem siker\u00fcl mindenkinek. Vajon mi lehet a titok?"},"content":{"rendered":"<p><a href=\"https:\/\/seed.hu\/hirek\/mentorok-es-mentoraltak-jelentkezeset-varja-a-seed-alapitvany\/ovm\/\" rel=\"attachment wp-att-844\"><img loading=\"lazy\" decoding=\"async\" class=\"alignnone wp-image-844 size-full\" src=\"https:\/\/seed.hu\/wp-content\/uploads\/2022\/01\/OVM.png\" alt=\"\" width=\"601\" height=\"163\" srcset=\"https:\/\/seed.hu\/wp-content\/uploads\/2022\/01\/OVM.png 601w, https:\/\/seed.hu\/wp-content\/uploads\/2022\/01\/OVM-300x81.png 300w\" sizes=\"auto, (max-width: 601px) 100vw, 601px\" \/><\/a><\/p>\n<p>Van, aki felismeri a lehet\u0151s\u00e9geket \u00e9s megk\u00fczd a kih\u00edv\u00e1sokkal, m\u00e1s r\u00f6viddel az indul\u00e1s ut\u00e1n elbukik. Titkos recept nincs, de a mentorprogram eddigi m\u0171k\u00f6d\u00e9se alatti tapasztalatok is azt mutatj\u00e1k a mentori seg\u00edts\u00e9g nagyban hozz\u00e1 tud j\u00e1rulni a v\u00e1llalkoz\u00e1s j\u00f6v\u0151j\u00e9nek megalapoz\u00e1s\u00e1hoz, a kr\u00edzisek megold\u00e1s\u00e1hoz, a siker fenntart\u00e1s\u00e1hoz.<\/p>\n<p><strong>A programban jelenleg k\u00f6zel 190 v\u00e1llalkoz\u00f3 mentor\u00e1lt \u00e9s 60 f\u0151 mentor vesz r\u00e9szt.<\/strong>\u00a0A mentor\u00e1ltak c\u00e9lcsoport szerinti megoszl\u00e1s alapj\u00e1n a n\u0151i v\u00e1llalkoz\u00f3k jeleskednek mintegy 93 f\u0151vel, \u0151ket k\u00f6vetik a fiatal \u2013 35 \u00e9v alatti &#8211; v\u00e1llalkoz\u00f3k 53 f\u0151vel. A gener\u00e1ci\u00f3v\u00e1lt\u00e1s el\u0151tt \u00e1ll\u00f3 c\u00e9lcsoport 23 f\u0151vel, az \u00fajratervez\u0151 c\u00e9lcsoport tagjai 21 f\u0151vel vesznek r\u00e9szt a programban.<\/p>\n<p><strong>A mentorok a legk\u00fcl\u00f6nb\u00f6z\u0151bb szakter\u00fcleteken \u00e1llnak a mentor\u00e1ltak rendelkez\u00e9s\u00e9re.<\/strong>\u00a0Legyen sz\u00f3 gazdas\u00e1gi k\u00e9rd\u00e9sekr\u0151l, v\u00e1ls\u00e1gkezel\u00e9sr\u0151l, strat\u00e9giai-\u00fczleti tervez\u00e9sr\u0151l, vagy online marketingr\u0151l.<\/p>\n<p>Az a\u00a0<strong>10-15 f\u0151 szerencs\u00e9s v\u00e1llalkoz\u00f3, aki m\u00e9g most jelentkezik \u00e9s kiv\u00e1laszt\u00e1sra ker\u00fcl<\/strong>, a t\u00f6bbi mentor\u00e1lttal egy\u00fctt megtapasztalhatja milyen, amikor egy mentor\u00a0\u00f6tleteivel, javaslataival, t\u00e1mogat\u00f3 hozz\u00e1\u00e1ll\u00e1s\u00e1val \u00e9s kritikai \u00e9szrev\u00e9teleivel seg\u00edti v\u00e1llalkoz\u00e1s\u00e1t sikeresebb\u00e9 tenni.<\/p>\n<p>A mentor\u00e1l\u00e1si folyamat elej\u00e9n meghat\u00e1rozott c\u00e9lok kiteljesed\u00e9s\u00e9t seg\u00edtik a program keret\u00e9ben ig\u00e9nybe vehet\u0151 tan\u00e1csad\u00e1sok is az al\u00e1bbi ter\u00fcleteken:<\/p>\n<ul>\n<li>marketing,<\/li>\n<li>jog,<\/li>\n<li>\u00e9rt\u00e9kes\u00edt\u00e9s \u00e9s t\u00e1rgyal\u00e1stechnika,<\/li>\n<li>szem\u00e9lyes hat\u00e9konys\u00e1g fejleszt\u00e9s,<\/li>\n<li>szervezetfejleszt\u00e9s.<\/li>\n<\/ul>\n<p>A szem\u00e9lyes hat\u00e9konys\u00e1g fejleszt\u00e9s\u00e9t c\u00e9lz\u00f3 tan\u00e1csad\u00e1sok megkezd\u0151dtek, \u00e9s hamarosan a t\u00f6bbi ter\u00fcleten is elindul a k\u00f6z\u00f6s munka.<\/p>\n","protected":false},"featured_media":338,"menu_order":0,"template":"","meta":{"_acf_changed":false},"class_list":["post-1148","hirek","type-hirek","status-publish","has-post-thumbnail","hentry"],"acf":[],"yoast_head":"<!-- This site is optimized with the Yoast SEO plugin v27.4 - https:\/\/yoast.com\/product\/yoast-seo-wordpress\/ -->\n<title>Minden v\u00e1llalkoz\u00f3 szeretne eredm\u00e9nyes \u00e9s sikeres lenni m\u00e9gsem siker\u00fcl mindenkinek. Vajon mi lehet a titok? - Seed<\/title>\n<meta name=\"robots\" content=\"index, follow, max-snippet:-1, max-image-preview:large, max-video-preview:-1\" \/>\n<link rel=\"canonical\" href=\"https:\/\/seed.hu\/hirek\/minden-vallalkozo-szeretne-eredmenyes-es-sikeres-lenni-megsem-sikerul-mindenkinek-vajon-mi-lehet-a-titok\/\" \/>\n<meta property=\"og:locale\" content=\"en_US\" \/>\n<meta property=\"og:type\" content=\"article\" \/>\n<meta property=\"og:title\" content=\"Minden v\u00e1llalkoz\u00f3 szeretne eredm\u00e9nyes \u00e9s sikeres lenni m\u00e9gsem siker\u00fcl mindenkinek. Vajon mi lehet a titok? - Seed\" \/>\n<meta property=\"og:description\" content=\"Van, aki felismeri a lehet\u0151s\u00e9geket \u00e9s megk\u00fczd a kih\u00edv\u00e1sokkal, m\u00e1s r\u00f6viddel az indul\u00e1s ut\u00e1n elbukik. Titkos recept nincs, de a mentorprogram eddigi m\u0171k\u00f6d\u00e9se alatti tapasztalatok is azt mutatj\u00e1k a mentori seg\u00edts\u00e9g nagyban hozz\u00e1 tud j\u00e1rulni a v\u00e1llalkoz\u00e1s j\u00f6v\u0151j\u00e9nek megalapoz\u00e1s\u00e1hoz, a kr\u00edzisek megold\u00e1s\u00e1hoz, a siker fenntart\u00e1s\u00e1hoz. A programban jelenleg k\u00f6zel 190 v\u00e1llalkoz\u00f3 mentor\u00e1lt \u00e9s 60 f\u0151 [&hellip;]\" \/>\n<meta property=\"og:url\" content=\"https:\/\/seed.hu\/hirek\/minden-vallalkozo-szeretne-eredmenyes-es-sikeres-lenni-megsem-sikerul-mindenkinek-vajon-mi-lehet-a-titok\/\" \/>\n<meta property=\"og:site_name\" content=\"Seed\" \/>\n<meta property=\"article:modified_time\" content=\"2022-01-24T14:19:02+00:00\" \/>\n<meta property=\"og:image\" content=\"https:\/\/seed.hu\/wp-content\/uploads\/2021\/04\/Orsza\u0301gos-Va\u0301llalkozo\u0301i-Mentorprogram.png\" \/>\n\t<meta property=\"og:image:width\" content=\"773\" \/>\n\t<meta property=\"og:image:height\" content=\"774\" \/>\n\t<meta property=\"og:image:type\" content=\"image\/png\" \/>\n<meta name=\"twitter:card\" content=\"summary_large_image\" \/>\n<meta name=\"twitter:label1\" content=\"Est. reading time\" \/>\n\t<meta name=\"twitter:data1\" content=\"2 minutes\" \/>\n<script type=\"application\/ld+json\" class=\"yoast-schema-graph\">{\"@context\":\"https:\\\/\\\/schema.org\",\"@graph\":[{\"@type\":\"WebPage\",\"@id\":\"https:\\\/\\\/seed.hu\\\/hirek\\\/minden-vallalkozo-szeretne-eredmenyes-es-sikeres-lenni-megsem-sikerul-mindenkinek-vajon-mi-lehet-a-titok\\\/\",\"url\":\"https:\\\/\\\/seed.hu\\\/hirek\\\/minden-vallalkozo-szeretne-eredmenyes-es-sikeres-lenni-megsem-sikerul-mindenkinek-vajon-mi-lehet-a-titok\\\/\",\"name\":\"Minden v\u00e1llalkoz\u00f3 szeretne eredm\u00e9nyes \u00e9s sikeres lenni m\u00e9gsem siker\u00fcl mindenkinek. Vajon mi lehet a titok? - Seed\",\"isPartOf\":{\"@id\":\"https:\\\/\\\/seed.hu\\\/#website\"},\"primaryImageOfPage\":{\"@id\":\"https:\\\/\\\/seed.hu\\\/hirek\\\/minden-vallalkozo-szeretne-eredmenyes-es-sikeres-lenni-megsem-sikerul-mindenkinek-vajon-mi-lehet-a-titok\\\/#primaryimage\"},\"image\":{\"@id\":\"https:\\\/\\\/seed.hu\\\/hirek\\\/minden-vallalkozo-szeretne-eredmenyes-es-sikeres-lenni-megsem-sikerul-mindenkinek-vajon-mi-lehet-a-titok\\\/#primaryimage\"},\"thumbnailUrl\":\"https:\\\/\\\/seed.hu\\\/wp-content\\\/uploads\\\/2021\\\/04\\\/Orsza\u0301gos-Va\u0301llalkozo\u0301i-Mentorprogram.png\",\"datePublished\":\"2021-03-28T18:01:29+00:00\",\"dateModified\":\"2022-01-24T14:19:02+00:00\",\"breadcrumb\":{\"@id\":\"https:\\\/\\\/seed.hu\\\/hirek\\\/minden-vallalkozo-szeretne-eredmenyes-es-sikeres-lenni-megsem-sikerul-mindenkinek-vajon-mi-lehet-a-titok\\\/#breadcrumb\"},\"inLanguage\":\"en-US\",\"potentialAction\":[{\"@type\":\"ReadAction\",\"target\":[\"https:\\\/\\\/seed.hu\\\/hirek\\\/minden-vallalkozo-szeretne-eredmenyes-es-sikeres-lenni-megsem-sikerul-mindenkinek-vajon-mi-lehet-a-titok\\\/\"]}]},{\"@type\":\"ImageObject\",\"inLanguage\":\"en-US\",\"@id\":\"https:\\\/\\\/seed.hu\\\/hirek\\\/minden-vallalkozo-szeretne-eredmenyes-es-sikeres-lenni-megsem-sikerul-mindenkinek-vajon-mi-lehet-a-titok\\\/#primaryimage\",\"url\":\"https:\\\/\\\/seed.hu\\\/wp-content\\\/uploads\\\/2021\\\/04\\\/Orsza\u0301gos-Va\u0301llalkozo\u0301i-Mentorprogram.png\",\"contentUrl\":\"https:\\\/\\\/seed.hu\\\/wp-content\\\/uploads\\\/2021\\\/04\\\/Orsza\u0301gos-Va\u0301llalkozo\u0301i-Mentorprogram.png\",\"width\":773,\"height\":774},{\"@type\":\"BreadcrumbList\",\"@id\":\"https:\\\/\\\/seed.hu\\\/hirek\\\/minden-vallalkozo-szeretne-eredmenyes-es-sikeres-lenni-megsem-sikerul-mindenkinek-vajon-mi-lehet-a-titok\\\/#breadcrumb\",\"itemListElement\":[{\"@type\":\"ListItem\",\"position\":1,\"name\":\"H\u00edrek\",\"item\":\"https:\\\/\\\/seed.hu\\\/hirek\\\/\"},{\"@type\":\"ListItem\",\"position\":2,\"name\":\"Minden v\u00e1llalkoz\u00f3 szeretne eredm\u00e9nyes \u00e9s sikeres lenni m\u00e9gsem siker\u00fcl mindenkinek. Vajon mi lehet a titok?\"}]},{\"@type\":\"WebSite\",\"@id\":\"https:\\\/\\\/seed.hu\\\/#website\",\"url\":\"https:\\\/\\\/seed.hu\\\/\",\"name\":\"Seed\",\"description\":\"\",\"potentialAction\":[{\"@type\":\"SearchAction\",\"target\":{\"@type\":\"EntryPoint\",\"urlTemplate\":\"https:\\\/\\\/seed.hu\\\/?s={search_term_string}\"},\"query-input\":{\"@type\":\"PropertyValueSpecification\",\"valueRequired\":true,\"valueName\":\"search_term_string\"}}],\"inLanguage\":\"en-US\"}]}<\/script>\n<!-- \/ Yoast SEO plugin. -->","yoast_head_json":{"title":"Minden v\u00e1llalkoz\u00f3 szeretne eredm\u00e9nyes \u00e9s sikeres lenni m\u00e9gsem siker\u00fcl mindenkinek. Vajon mi lehet a titok? - Seed","robots":{"index":"index","follow":"follow","max-snippet":"max-snippet:-1","max-image-preview":"max-image-preview:large","max-video-preview":"max-video-preview:-1"},"canonical":"https:\/\/seed.hu\/hirek\/minden-vallalkozo-szeretne-eredmenyes-es-sikeres-lenni-megsem-sikerul-mindenkinek-vajon-mi-lehet-a-titok\/","og_locale":"en_US","og_type":"article","og_title":"Minden v\u00e1llalkoz\u00f3 szeretne eredm\u00e9nyes \u00e9s sikeres lenni m\u00e9gsem siker\u00fcl mindenkinek. Vajon mi lehet a titok? - Seed","og_description":"Van, aki felismeri a lehet\u0151s\u00e9geket \u00e9s megk\u00fczd a kih\u00edv\u00e1sokkal, m\u00e1s r\u00f6viddel az indul\u00e1s ut\u00e1n elbukik. Titkos recept nincs, de a mentorprogram eddigi m\u0171k\u00f6d\u00e9se alatti tapasztalatok is azt mutatj\u00e1k a mentori seg\u00edts\u00e9g nagyban hozz\u00e1 tud j\u00e1rulni a v\u00e1llalkoz\u00e1s j\u00f6v\u0151j\u00e9nek megalapoz\u00e1s\u00e1hoz, a kr\u00edzisek megold\u00e1s\u00e1hoz, a siker fenntart\u00e1s\u00e1hoz. A programban jelenleg k\u00f6zel 190 v\u00e1llalkoz\u00f3 mentor\u00e1lt \u00e9s 60 f\u0151 [&hellip;]","og_url":"https:\/\/seed.hu\/hirek\/minden-vallalkozo-szeretne-eredmenyes-es-sikeres-lenni-megsem-sikerul-mindenkinek-vajon-mi-lehet-a-titok\/","og_site_name":"Seed","article_modified_time":"2022-01-24T14:19:02+00:00","og_image":[{"width":773,"height":774,"url":"https:\/\/seed.hu\/wp-content\/uploads\/2021\/04\/Orsza\u0301gos-Va\u0301llalkozo\u0301i-Mentorprogram.png","type":"image\/png"}],"twitter_card":"summary_large_image","twitter_misc":{"Est. reading time":"2 minutes"},"schema":{"@context":"https:\/\/schema.org","@graph":[{"@type":"WebPage","@id":"https:\/\/seed.hu\/hirek\/minden-vallalkozo-szeretne-eredmenyes-es-sikeres-lenni-megsem-sikerul-mindenkinek-vajon-mi-lehet-a-titok\/","url":"https:\/\/seed.hu\/hirek\/minden-vallalkozo-szeretne-eredmenyes-es-sikeres-lenni-megsem-sikerul-mindenkinek-vajon-mi-lehet-a-titok\/","name":"Minden v\u00e1llalkoz\u00f3 szeretne eredm\u00e9nyes \u00e9s sikeres lenni m\u00e9gsem siker\u00fcl mindenkinek. Vajon mi lehet a titok? - Seed","isPartOf":{"@id":"https:\/\/seed.hu\/#website"},"primaryImageOfPage":{"@id":"https:\/\/seed.hu\/hirek\/minden-vallalkozo-szeretne-eredmenyes-es-sikeres-lenni-megsem-sikerul-mindenkinek-vajon-mi-lehet-a-titok\/#primaryimage"},"image":{"@id":"https:\/\/seed.hu\/hirek\/minden-vallalkozo-szeretne-eredmenyes-es-sikeres-lenni-megsem-sikerul-mindenkinek-vajon-mi-lehet-a-titok\/#primaryimage"},"thumbnailUrl":"https:\/\/seed.hu\/wp-content\/uploads\/2021\/04\/Orsza\u0301gos-Va\u0301llalkozo\u0301i-Mentorprogram.png","datePublished":"2021-03-28T18:01:29+00:00","dateModified":"2022-01-24T14:19:02+00:00","breadcrumb":{"@id":"https:\/\/seed.hu\/hirek\/minden-vallalkozo-szeretne-eredmenyes-es-sikeres-lenni-megsem-sikerul-mindenkinek-vajon-mi-lehet-a-titok\/#breadcrumb"},"inLanguage":"en-US","potentialAction":[{"@type":"ReadAction","target":["https:\/\/seed.hu\/hirek\/minden-vallalkozo-szeretne-eredmenyes-es-sikeres-lenni-megsem-sikerul-mindenkinek-vajon-mi-lehet-a-titok\/"]}]},{"@type":"ImageObject","inLanguage":"en-US","@id":"https:\/\/seed.hu\/hirek\/minden-vallalkozo-szeretne-eredmenyes-es-sikeres-lenni-megsem-sikerul-mindenkinek-vajon-mi-lehet-a-titok\/#primaryimage","url":"https:\/\/seed.hu\/wp-content\/uploads\/2021\/04\/Orsza\u0301gos-Va\u0301llalkozo\u0301i-Mentorprogram.png","contentUrl":"https:\/\/seed.hu\/wp-content\/uploads\/2021\/04\/Orsza\u0301gos-Va\u0301llalkozo\u0301i-Mentorprogram.png","width":773,"height":774},{"@type":"BreadcrumbList","@id":"https:\/\/seed.hu\/hirek\/minden-vallalkozo-szeretne-eredmenyes-es-sikeres-lenni-megsem-sikerul-mindenkinek-vajon-mi-lehet-a-titok\/#breadcrumb","itemListElement":[{"@type":"ListItem","position":1,"name":"H\u00edrek","item":"https:\/\/seed.hu\/hirek\/"},{"@type":"ListItem","position":2,"name":"Minden v\u00e1llalkoz\u00f3 szeretne eredm\u00e9nyes \u00e9s sikeres lenni m\u00e9gsem siker\u00fcl mindenkinek. Vajon mi lehet a titok?"}]},{"@type":"WebSite","@id":"https:\/\/seed.hu\/#website","url":"https:\/\/seed.hu\/","name":"Seed","description":"","potentialAction":[{"@type":"SearchAction","target":{"@type":"EntryPoint","urlTemplate":"https:\/\/seed.hu\/?s={search_term_string}"},"query-input":{"@type":"PropertyValueSpecification","valueRequired":true,"valueName":"search_term_string"}}],"inLanguage":"en-US"}]}},"_links":{"self":[{"href":"https:\/\/seed.hu\/en\/wp-json\/wp\/v2\/hirek\/1148","targetHints":{"allow":["GET"]}}],"collection":[{"href":"https:\/\/seed.hu\/en\/wp-json\/wp\/v2\/hirek"}],"about":[{"href":"https:\/\/seed.hu\/en\/wp-json\/wp\/v2\/types\/hirek"}],"wp:featuredmedia":[{"embeddable":true,"href":"https:\/\/seed.hu\/en\/wp-json\/wp\/v2\/media\/338"}],"wp:attachment":[{"href":"https:\/\/seed.hu\/en\/wp-json\/wp\/v2\/media?parent=1148"}],"curies":[{"name":"wp","href":"https:\/\/api.w.org\/{rel}","templated":true}]}}