{"id":1150,"date":"2021-03-28T21:05:21","date_gmt":"2021-03-28T19:05:21","guid":{"rendered":"https:\/\/seed.hu\/?post_type=hirek&#038;p=1150"},"modified":"2022-01-24T15:26:53","modified_gmt":"2022-01-24T14:26:53","slug":"tudasbarat-szervezet-2020-dijatado","status":"publish","type":"hirek","link":"https:\/\/seed.hu\/en\/hirek\/tudasbarat-szervezet-2020-dijatado\/","title":{"rendered":"Tud\u00e1sbar\u00e1t Szervezet 2020 d\u00edj\u00e1tad\u00f3"},"content":{"rendered":"<p><a href=\"https:\/\/seed.hu\/hirek\/meghosszabbitja-a-tudasbarat-szervezet-palyazat-hataridejet-a-seed-alapitvany-es-a-ttka\/seed_ttka\/\" rel=\"attachment wp-att-907\"><img loading=\"lazy\" decoding=\"async\" class=\"alignnone wp-image-907 size-full\" src=\"https:\/\/seed.hu\/wp-content\/uploads\/2022\/01\/SEED_TTKA.png\" alt=\"\" width=\"553\" height=\"145\" srcset=\"https:\/\/seed.hu\/wp-content\/uploads\/2022\/01\/SEED_TTKA.png 553w, https:\/\/seed.hu\/wp-content\/uploads\/2022\/01\/SEED_TTKA-300x79.png 300w\" sizes=\"auto, (max-width: 553px) 100vw, 553px\" \/><\/a><\/p>\n<p><iframe loading=\"lazy\" title=\"YouTube video player\" src=\"https:\/\/www.youtube.com\/embed\/xtIJaPCCQ3s\" width=\"530\" height=\"320\" frameborder=\"0\" scrolling=\"no\" allowfullscreen=\"allowfullscreen\"><\/iframe><\/p>\n<p><span style=\"font-size: 18px;\"><strong>S\u00f6r \u00e9s v\u00edz\u00a0 \u2212 megvannak 2020 tud\u00e1sbar\u00e1t szervezetei<\/strong><\/span><\/p>\n<p><strong>A Tehets\u00e9g \u00e9s Tud\u00e1s K\u00f6zpont Alap\u00edtv\u00e1ny \u00e9s a SEED Kisv\u00e1llalkoz\u00e1s-fejleszt\u00e9si Alap\u00edtv\u00e1ny 2019 ut\u00e1n 2020-ban \u2013 imm\u00e1r a Kur\u00e1zsi Konzorcium keret\u00e9ben \u2013 is meghirdette a Tud\u00e1sbar\u00e1t Szervezet 2020 d\u00edjat, amellyel azokat a nagy-, valamint kis \u00e9s k\u00f6z\u00e9pv\u00e1llalatokat, illetve szervezeteket d\u00edjazta, amelyek sokat tesznek az\u00e9rt, hogy az id\u0151k folyam\u00e1n felhalmoz\u00f3dott tud\u00e1s semmilyen k\u00f6r\u00fclm\u00e9nyek k\u00f6z\u00f6tt ne vesszen el. A d\u00edjazottak k\u00f6z\u00f6tt van s\u00f6rgy\u00e1r \u00e9s v\u00edzm\u0171, budapesti k\u00f6z\u00e9piskola \u00e9s vid\u00e9ki kft.<\/strong><\/p>\n<p>A nagyv\u00e1llalatok\/szervezetek \u00e9s a kisebb c\u00e9gek\/szervezetek a k\u00f6vetkez\u0151 kateg\u00f3ri\u00e1kban ny\u00fajthattak be p\u00e1ly\u00e1zatot:<\/p>\n<ol>\n<li>V\u00e1llalaton bel\u00fcli tud\u00e1s\u00e1tad\u00e1s (tud\u00e1sbr\u00f3kerek a v\u00e1llalaton bel\u00fcl, a tud\u00e1stranszfer eszk\u00f6zei, folyamata)<\/li>\n<li>A tud\u00e1stranszfer digit\u00e1lis eszk\u00f6zei<\/li>\n<li>Szakm\u00e1k \u00e1tad\u00e1sa gener\u00e1ci\u00f3k k\u00f6z\u00f6tt \u2212 Klasszikus gener\u00e1ci\u00f3v\u00e1lt\u00e1s<\/li>\n<\/ol>\n<p>A p\u00e1ly\u00e1zatokat eredetileg 2020. december elej\u00e9ig v\u00e1rt\u00e1k volna, de tekintettel az egyre s\u00falyosabb j\u00e1rv\u00e1nyhelyzetre, \u00e9s figyelembe v\u00e9ve, hogy ilyenkor egy p\u00e1ly\u00e1zat \u00f6ssze\u00e1ll\u00edt\u00e1sa is bonyolultabb, a jelentkez\u00e9si hat\u00e1sid\u0151t 2021. febru\u00e1r 28-ra tolt\u00e1k ki, az \u00fcnnep\u00e9lyes online d\u00edj\u00e1tad\u00f3ra pedig 2021. m\u00e1rcius 25-\u00e9n ker\u00fclt sor.<\/p>\n<p>Az esem\u00e9nyre megh\u00edv\u00e1st kaptak:<\/p>\n<ul>\n<li>a d\u00edjazott szervezetek,<\/li>\n<li>a Kur\u00e1zsi Konzorcium tagjai,<\/li>\n<li>a Kur\u00e1zsi Konzorcium t\u00e1mogat\u00f3 szervezetei: az Agr\u00e1rminiszt\u00e9rium, az MGYOSZ \u00e9s a VOSZ<\/li>\n<li>a tud\u00e1svagyon meg\u0151rz\u00e9s\u00e9t t\u00e1mogat\u00f3 SZTNH.<\/li>\n<\/ul>\n<p>A Tud\u00e1sbar\u00e1t szervezet 2020 p\u00e1ly\u00e1zat nyertesei a k\u00f6vetkez\u0151 szervezetek, v\u00e1llalatok lettek:<\/p>\n<p><strong>V\u00c1LLALATON BEL\u00dcLI TUD\u00c1S\u00c1TAD\u00c1S<\/strong><br \/>\n<em>K\u00f6z\u00e9pv\u00e1llalati\/szervezeti kateg\u00f3ria:<\/em><br \/>\n<strong>Budapest VI. ker\u00fcleti K\u00f6lcsey Ferenc Gimn\u00e1zium<\/strong><br \/>\n<em>Nagyv\u00e1llalati\/szervezeti kateg\u00f3ria:<\/em><br \/>\n<strong>Dreher\u00a0S\u00f6rgy\u00e1rak Zrt.<\/strong><\/p>\n<p><strong>TUD\u00c1STRANSZFER DIGIT\u00c1LIS ESZK\u00d6ZEI<\/strong><br \/>\n<em>K\u00f6z\u00e9pv\u00e1llalati\/szervezeti kateg\u00f3ria:<\/em><br \/>\n<strong>Budapest VI. ker\u00fcleti K\u00f6lcsey Ferenc Gimn\u00e1zium<\/strong><br \/>\n<em>Nagyv\u00e1llalati kateg\u00f3ria:\u00a0<\/em><br \/>\n<strong>Tiszamenti Region\u00e1lis V\u00edzm\u0171vek Zrt.<\/strong><\/p>\n<p><strong>KLASSZIKUS GENER\u00c1CI\u00d3V\u00c1LT\u00c1S\/SZAKM\u00c1K \u00c1TAD\u00c1SA<\/strong><br \/>\n<em>Kisv\u00e1llalati kateg\u00f3ria:<\/em><br \/>\n<strong>PMT Szersz\u00e1mg\u00e9p Kft.<\/strong><br \/>\n<em>Nagyv\u00e1llalati kateg\u00f3ria:<br \/>\nDreher\u00a0S\u00f6rgy\u00e1rak Zrt.<\/em><\/p>\n<p>A zs\u0171ri k\u00fcl\u00f6nd\u00edjat is kiosztott a tud\u00e1s\u00e1tad\u00e1s ter\u00fclet\u00e9n tett er\u0151fesz\u00edt\u00e9sei\u00e9rt a<strong> Quentia Consulting Kft<\/strong>.-nek, az \u00e1ltala kidolgozott tud\u00e1smenedzsment m\u00f3dszertant \u00e9rt\u00e9kelve.<\/p>\n<p>A k\u00f6vetkez\u0151 hetekben az egyes szervezetek social media fel\u00fcletein bemutatjuk a d\u00edjazott szervezeteket. A p\u00e1ly\u00e1zat ki\u00edr\u00f3i hat h\u00e9t m\u00falva online workshopot szerveznek a d\u00edjazottak r\u00e9szv\u00e9tel\u00e9vel, ahol lehet\u0151s\u00e9g ny\u00edlik arra, hogy a nyertesek tanuljanak egym\u00e1st\u00f3l, m\u00e9lyebben megismerj\u00e9k egym\u00e1s tud\u00e1smegoszt\u00e1shoz\u00a0kapcsol\u00f3d\u00f3 tev\u00e9kenys\u00e9g\u00e9t. A workshop a nagyk\u00f6z\u00f6ns\u00e9g sz\u00e1m\u00e1ra is nyitott.<\/p>\n<p><img decoding=\"async\" style=\"width: 400px; height: 400px;\" src=\"https:\/\/seed.hu\/files\/attachments\/inline\/montazs-2.jpg\" alt=\"\" \/><\/p>\n","protected":false},"featured_media":792,"menu_order":0,"template":"","meta":{"_acf_changed":false},"class_list":["post-1150","hirek","type-hirek","status-publish","has-post-thumbnail","hentry"],"acf":[],"yoast_head":"<!-- This site is optimized with the Yoast SEO plugin v27.4 - https:\/\/yoast.com\/product\/yoast-seo-wordpress\/ -->\n<title>Tud\u00e1sbar\u00e1t Szervezet 2020 d\u00edj\u00e1tad\u00f3 - Seed<\/title>\n<meta name=\"robots\" content=\"index, follow, max-snippet:-1, max-image-preview:large, max-video-preview:-1\" \/>\n<link rel=\"canonical\" href=\"https:\/\/seed.hu\/hirek\/tudasbarat-szervezet-2020-dijatado\/\" \/>\n<meta property=\"og:locale\" content=\"en_US\" \/>\n<meta property=\"og:type\" content=\"article\" \/>\n<meta property=\"og:title\" content=\"Tud\u00e1sbar\u00e1t Szervezet 2020 d\u00edj\u00e1tad\u00f3 - Seed\" \/>\n<meta property=\"og:description\" content=\"S\u00f6r \u00e9s v\u00edz\u00a0 \u2212 megvannak 2020 tud\u00e1sbar\u00e1t szervezetei A Tehets\u00e9g \u00e9s Tud\u00e1s K\u00f6zpont Alap\u00edtv\u00e1ny \u00e9s a SEED Kisv\u00e1llalkoz\u00e1s-fejleszt\u00e9si Alap\u00edtv\u00e1ny 2019 ut\u00e1n 2020-ban \u2013 imm\u00e1r a Kur\u00e1zsi Konzorcium keret\u00e9ben \u2013 is meghirdette a Tud\u00e1sbar\u00e1t Szervezet 2020 d\u00edjat, amellyel azokat a nagy-, valamint kis \u00e9s k\u00f6z\u00e9pv\u00e1llalatokat, illetve szervezeteket d\u00edjazta, amelyek sokat tesznek az\u00e9rt, hogy az id\u0151k folyam\u00e1n [&hellip;]\" \/>\n<meta property=\"og:url\" content=\"https:\/\/seed.hu\/hirek\/tudasbarat-szervezet-2020-dijatado\/\" \/>\n<meta property=\"og:site_name\" content=\"Seed\" \/>\n<meta property=\"article:modified_time\" content=\"2022-01-24T14:26:53+00:00\" \/>\n<meta property=\"og:image\" content=\"https:\/\/seed.hu\/wp-content\/uploads\/2018\/04\/SEED_logo.png\" \/>\n\t<meta property=\"og:image:width\" content=\"250\" \/>\n\t<meta property=\"og:image:height\" content=\"206\" \/>\n\t<meta property=\"og:image:type\" content=\"image\/png\" \/>\n<meta name=\"twitter:card\" content=\"summary_large_image\" \/>\n<meta name=\"twitter:label1\" content=\"Est. reading time\" \/>\n\t<meta name=\"twitter:data1\" content=\"3 minutes\" \/>\n<script type=\"application\/ld+json\" class=\"yoast-schema-graph\">{\"@context\":\"https:\\\/\\\/schema.org\",\"@graph\":[{\"@type\":\"WebPage\",\"@id\":\"https:\\\/\\\/seed.hu\\\/hirek\\\/tudasbarat-szervezet-2020-dijatado\\\/\",\"url\":\"https:\\\/\\\/seed.hu\\\/hirek\\\/tudasbarat-szervezet-2020-dijatado\\\/\",\"name\":\"Tud\u00e1sbar\u00e1t Szervezet 2020 d\u00edj\u00e1tad\u00f3 - Seed\",\"isPartOf\":{\"@id\":\"https:\\\/\\\/seed.hu\\\/#website\"},\"primaryImageOfPage\":{\"@id\":\"https:\\\/\\\/seed.hu\\\/hirek\\\/tudasbarat-szervezet-2020-dijatado\\\/#primaryimage\"},\"image\":{\"@id\":\"https:\\\/\\\/seed.hu\\\/hirek\\\/tudasbarat-szervezet-2020-dijatado\\\/#primaryimage\"},\"thumbnailUrl\":\"https:\\\/\\\/seed.hu\\\/wp-content\\\/uploads\\\/2018\\\/04\\\/SEED_logo.png\",\"datePublished\":\"2021-03-28T19:05:21+00:00\",\"dateModified\":\"2022-01-24T14:26:53+00:00\",\"breadcrumb\":{\"@id\":\"https:\\\/\\\/seed.hu\\\/hirek\\\/tudasbarat-szervezet-2020-dijatado\\\/#breadcrumb\"},\"inLanguage\":\"en-US\",\"potentialAction\":[{\"@type\":\"ReadAction\",\"target\":[\"https:\\\/\\\/seed.hu\\\/hirek\\\/tudasbarat-szervezet-2020-dijatado\\\/\"]}]},{\"@type\":\"ImageObject\",\"inLanguage\":\"en-US\",\"@id\":\"https:\\\/\\\/seed.hu\\\/hirek\\\/tudasbarat-szervezet-2020-dijatado\\\/#primaryimage\",\"url\":\"https:\\\/\\\/seed.hu\\\/wp-content\\\/uploads\\\/2018\\\/04\\\/SEED_logo.png\",\"contentUrl\":\"https:\\\/\\\/seed.hu\\\/wp-content\\\/uploads\\\/2018\\\/04\\\/SEED_logo.png\",\"width\":250,\"height\":206},{\"@type\":\"BreadcrumbList\",\"@id\":\"https:\\\/\\\/seed.hu\\\/hirek\\\/tudasbarat-szervezet-2020-dijatado\\\/#breadcrumb\",\"itemListElement\":[{\"@type\":\"ListItem\",\"position\":1,\"name\":\"H\u00edrek\",\"item\":\"https:\\\/\\\/seed.hu\\\/hirek\\\/\"},{\"@type\":\"ListItem\",\"position\":2,\"name\":\"Tud\u00e1sbar\u00e1t Szervezet 2020 d\u00edj\u00e1tad\u00f3\"}]},{\"@type\":\"WebSite\",\"@id\":\"https:\\\/\\\/seed.hu\\\/#website\",\"url\":\"https:\\\/\\\/seed.hu\\\/\",\"name\":\"Seed\",\"description\":\"\",\"potentialAction\":[{\"@type\":\"SearchAction\",\"target\":{\"@type\":\"EntryPoint\",\"urlTemplate\":\"https:\\\/\\\/seed.hu\\\/?s={search_term_string}\"},\"query-input\":{\"@type\":\"PropertyValueSpecification\",\"valueRequired\":true,\"valueName\":\"search_term_string\"}}],\"inLanguage\":\"en-US\"}]}<\/script>\n<!-- \/ Yoast SEO plugin. -->","yoast_head_json":{"title":"Tud\u00e1sbar\u00e1t Szervezet 2020 d\u00edj\u00e1tad\u00f3 - Seed","robots":{"index":"index","follow":"follow","max-snippet":"max-snippet:-1","max-image-preview":"max-image-preview:large","max-video-preview":"max-video-preview:-1"},"canonical":"https:\/\/seed.hu\/hirek\/tudasbarat-szervezet-2020-dijatado\/","og_locale":"en_US","og_type":"article","og_title":"Tud\u00e1sbar\u00e1t Szervezet 2020 d\u00edj\u00e1tad\u00f3 - Seed","og_description":"S\u00f6r \u00e9s v\u00edz\u00a0 \u2212 megvannak 2020 tud\u00e1sbar\u00e1t szervezetei A Tehets\u00e9g \u00e9s Tud\u00e1s K\u00f6zpont Alap\u00edtv\u00e1ny \u00e9s a SEED Kisv\u00e1llalkoz\u00e1s-fejleszt\u00e9si Alap\u00edtv\u00e1ny 2019 ut\u00e1n 2020-ban \u2013 imm\u00e1r a Kur\u00e1zsi Konzorcium keret\u00e9ben \u2013 is meghirdette a Tud\u00e1sbar\u00e1t Szervezet 2020 d\u00edjat, amellyel azokat a nagy-, valamint kis \u00e9s k\u00f6z\u00e9pv\u00e1llalatokat, illetve szervezeteket d\u00edjazta, amelyek sokat tesznek az\u00e9rt, hogy az id\u0151k folyam\u00e1n [&hellip;]","og_url":"https:\/\/seed.hu\/hirek\/tudasbarat-szervezet-2020-dijatado\/","og_site_name":"Seed","article_modified_time":"2022-01-24T14:26:53+00:00","og_image":[{"width":250,"height":206,"url":"https:\/\/seed.hu\/wp-content\/uploads\/2018\/04\/SEED_logo.png","type":"image\/png"}],"twitter_card":"summary_large_image","twitter_misc":{"Est. reading time":"3 minutes"},"schema":{"@context":"https:\/\/schema.org","@graph":[{"@type":"WebPage","@id":"https:\/\/seed.hu\/hirek\/tudasbarat-szervezet-2020-dijatado\/","url":"https:\/\/seed.hu\/hirek\/tudasbarat-szervezet-2020-dijatado\/","name":"Tud\u00e1sbar\u00e1t Szervezet 2020 d\u00edj\u00e1tad\u00f3 - Seed","isPartOf":{"@id":"https:\/\/seed.hu\/#website"},"primaryImageOfPage":{"@id":"https:\/\/seed.hu\/hirek\/tudasbarat-szervezet-2020-dijatado\/#primaryimage"},"image":{"@id":"https:\/\/seed.hu\/hirek\/tudasbarat-szervezet-2020-dijatado\/#primaryimage"},"thumbnailUrl":"https:\/\/seed.hu\/wp-content\/uploads\/2018\/04\/SEED_logo.png","datePublished":"2021-03-28T19:05:21+00:00","dateModified":"2022-01-24T14:26:53+00:00","breadcrumb":{"@id":"https:\/\/seed.hu\/hirek\/tudasbarat-szervezet-2020-dijatado\/#breadcrumb"},"inLanguage":"en-US","potentialAction":[{"@type":"ReadAction","target":["https:\/\/seed.hu\/hirek\/tudasbarat-szervezet-2020-dijatado\/"]}]},{"@type":"ImageObject","inLanguage":"en-US","@id":"https:\/\/seed.hu\/hirek\/tudasbarat-szervezet-2020-dijatado\/#primaryimage","url":"https:\/\/seed.hu\/wp-content\/uploads\/2018\/04\/SEED_logo.png","contentUrl":"https:\/\/seed.hu\/wp-content\/uploads\/2018\/04\/SEED_logo.png","width":250,"height":206},{"@type":"BreadcrumbList","@id":"https:\/\/seed.hu\/hirek\/tudasbarat-szervezet-2020-dijatado\/#breadcrumb","itemListElement":[{"@type":"ListItem","position":1,"name":"H\u00edrek","item":"https:\/\/seed.hu\/hirek\/"},{"@type":"ListItem","position":2,"name":"Tud\u00e1sbar\u00e1t Szervezet 2020 d\u00edj\u00e1tad\u00f3"}]},{"@type":"WebSite","@id":"https:\/\/seed.hu\/#website","url":"https:\/\/seed.hu\/","name":"Seed","description":"","potentialAction":[{"@type":"SearchAction","target":{"@type":"EntryPoint","urlTemplate":"https:\/\/seed.hu\/?s={search_term_string}"},"query-input":{"@type":"PropertyValueSpecification","valueRequired":true,"valueName":"search_term_string"}}],"inLanguage":"en-US"}]}},"_links":{"self":[{"href":"https:\/\/seed.hu\/en\/wp-json\/wp\/v2\/hirek\/1150","targetHints":{"allow":["GET"]}}],"collection":[{"href":"https:\/\/seed.hu\/en\/wp-json\/wp\/v2\/hirek"}],"about":[{"href":"https:\/\/seed.hu\/en\/wp-json\/wp\/v2\/types\/hirek"}],"wp:featuredmedia":[{"embeddable":true,"href":"https:\/\/seed.hu\/en\/wp-json\/wp\/v2\/media\/792"}],"wp:attachment":[{"href":"https:\/\/seed.hu\/en\/wp-json\/wp\/v2\/media?parent=1150"}],"curies":[{"name":"wp","href":"https:\/\/api.w.org\/{rel}","templated":true}]}}