{"id":1152,"date":"2021-04-14T21:49:25","date_gmt":"2021-04-14T19:49:25","guid":{"rendered":"https:\/\/seed.hu\/?post_type=hirek&#038;p=1152"},"modified":"2022-01-24T15:29:38","modified_gmt":"2022-01-24T14:29:38","slug":"2021-2027-evi-unios-programozasi-idoszakban-a-hazai-vallalkozasfejlesztes-es-agrarfejlesztes-sulypontjai-2021-aprilis-22","status":"publish","type":"hirek","link":"https:\/\/seed.hu\/en\/hirek\/2021-2027-evi-unios-programozasi-idoszakban-a-hazai-vallalkozasfejlesztes-es-agrarfejlesztes-sulypontjai-2021-aprilis-22\/","title":{"rendered":"2021-2027. \u00e9vi uni\u00f3s programoz\u00e1si id\u0151szakban a hazai v\u00e1llalkoz\u00e1sfejleszt\u00e9s \u00e9s agr\u00e1rfejleszt\u00e9s s\u00falypontjai 2021. \u00e1prilis 22."},"content":{"rendered":"<p><a href=\"https:\/\/seed.hu\/szolgaltatasok\/kerdezd-a-tanacsadot\/partnerbig2\/\" rel=\"attachment wp-att-41\"><img loading=\"lazy\" decoding=\"async\" class=\"alignnone size-full wp-image-41\" src=\"https:\/\/seed.hu\/wp-content\/uploads\/2021\/02\/partnerBig2.png\" alt=\"\" width=\"241\" height=\"75\" \/><\/a><\/p>\n<p><span style=\"font-size: 20px;\"><strong>Online V\u00e1llalkoz\u00f3i F\u00f3rum &#8211; Egy szak\u00e9rt\u0151, egy v\u00e1llalkoz\u00f3, egy t\u00e9ma, 1 \u00f3ra<\/strong><\/span><\/p>\n<p><strong><u>A k\u00f6vetkez\u0151\u00a0szakmai besz\u00e9lget\u00e9s id\u0151pontja:<\/u><\/strong><br \/>\n2021. \u00e1prilis 22., cs\u00fct\u00f6rt\u00f6k, 17:30-19:00.<\/p>\n<p><strong><u>A besz\u00e9lget\u0151partnerek:<\/u><\/strong><\/p>\n<ul>\n<li>dr. Billo K\u00e1rmen, a SEED Kurat\u00f3riumi eln\u00f6ke, IFKA Nonprofit Kft., projektvezet\u0151<\/li>\n<li>Lantos Gergely, f\u0151oszt\u00e1lyvezet\u0151, Agr\u00e1rminiszt\u00e9rium Agr\u00e1rmoderniz\u00e1ci\u00f3s F\u0151oszt\u00e1ly<\/li>\n<\/ul>\n<p><strong><u>A t\u00e9ma:<\/u><\/strong><\/p>\n<p>2021-2027. \u00e9vi uni\u00f3s programoz\u00e1si id\u0151szakban a hazai v\u00e1llalkoz\u00e1sfejleszt\u00e9s \u00e9s agr\u00e1rfejleszt\u00e9s s\u00falypontjai<\/p>\n<p><strong><u>R\u00e9szletes program:<\/u><\/strong><\/p>\n<p>A 2021-2027. \u00e9vi uni\u00f3s programoz\u00e1si id\u0151szak v\u00e1llalkoz\u00e1sfejlesz\u00e9si \u00e9s agr\u00e1rgazdas\u00e1got t\u00e1mogat\u00f3 programjai tervez\u00e9s alatt \u00e1llnak. Ahhoz, hogy felk\u00e9sz\u00fclten n\u00e9zhess\u00fcnk az \u00faj ciklus el\u00e9 v\u00e1llalkoz\u00f3k\u00e9nt, \u0151stermel\u0151k\u00e9nt, csal\u00e1di gazdas\u00e1g k\u00e9pvisel\u0151jek\u00e9nt, \u00e9rdemes megismerni a s\u00falypontokat, azonoss\u00e1gokat \u00e9s elt\u00e9r\u00e9seket az el\u0151z\u0151 id\u0151szak t\u00e1mogat\u00e1si politik\u00e1j\u00e1hoz viszony\u00edtva ak\u00e1r.<br \/>\nEbben seg\u00edtenek megh\u00edvott szak\u00e9rt\u0151ink. Dr. Billo K\u00e1rmen mind a 2014-2020 k\u00f6z\u00f6tti id\u0151szak, mind a 2021-2027. \u00e9vi ciklus tervez\u00e9s\u00e9nek akt\u00edv szerepl\u0151je, a hazai kkv-fejleszt\u00e9si programok kialak\u00edt\u00e1s\u00e1nak \u00e1lland\u00f3 k\u00f6zrem\u0171k\u00f6d\u0151je, Lantos Gergely pedig az agr\u00e1rgazdas\u00e1got \u00e9rint\u0151 tervez\u00e9si folyamatok r\u00e9sztvev\u0151je, az agr\u00e1rium ismer\u0151je.<\/p>\n<p><strong><em>A f\u00f3rumon a r\u00e9szv\u00e9tel ingyenes, de el\u0151zetes regisztr\u00e1ci\u00f3hoz k\u00f6t\u00f6tt.<\/em><\/strong><\/p>\n<p><strong><em>Jelentkez\u00e9si hat\u00e1rid\u0151: 2021. \u00e1prilis 22. 12:00<\/em><\/strong><\/p>\n<p><a href=\"https:\/\/seed.hu\/kerdoiv\/2021-2027-evi-unios-programozasi-idoszakban-a-hazai-vallalkozasfejlesztes-es-agrarfejlesztes\" target=\"_blank\" rel=\"noopener\"><img decoding=\"async\" style=\"width: 130px; height: 42px;\" src=\"https:\/\/seed.hu\/files\/attachments\/inline\/regisztracio4.png\" alt=\"\" \/><\/a><\/p>\n<p>&nbsp;<\/p>\n","protected":false},"featured_media":792,"menu_order":0,"template":"","meta":{"_acf_changed":false},"class_list":["post-1152","hirek","type-hirek","status-publish","has-post-thumbnail","hentry"],"acf":[],"yoast_head":"<!-- This site is optimized with the Yoast SEO plugin v27.4 - https:\/\/yoast.com\/product\/yoast-seo-wordpress\/ -->\n<title>2021-2027. \u00e9vi uni\u00f3s programoz\u00e1si id\u0151szakban a hazai v\u00e1llalkoz\u00e1sfejleszt\u00e9s \u00e9s agr\u00e1rfejleszt\u00e9s s\u00falypontjai 2021. \u00e1prilis 22. - Seed<\/title>\n<meta name=\"robots\" content=\"index, follow, max-snippet:-1, max-image-preview:large, max-video-preview:-1\" \/>\n<link rel=\"canonical\" href=\"https:\/\/seed.hu\/hirek\/2021-2027-evi-unios-programozasi-idoszakban-a-hazai-vallalkozasfejlesztes-es-agrarfejlesztes-sulypontjai-2021-aprilis-22\/\" \/>\n<meta property=\"og:locale\" content=\"en_US\" \/>\n<meta property=\"og:type\" content=\"article\" \/>\n<meta property=\"og:title\" content=\"2021-2027. \u00e9vi uni\u00f3s programoz\u00e1si id\u0151szakban a hazai v\u00e1llalkoz\u00e1sfejleszt\u00e9s \u00e9s agr\u00e1rfejleszt\u00e9s s\u00falypontjai 2021. \u00e1prilis 22. - Seed\" \/>\n<meta property=\"og:description\" content=\"Online V\u00e1llalkoz\u00f3i F\u00f3rum &#8211; Egy szak\u00e9rt\u0151, egy v\u00e1llalkoz\u00f3, egy t\u00e9ma, 1 \u00f3ra A k\u00f6vetkez\u0151\u00a0szakmai besz\u00e9lget\u00e9s id\u0151pontja: 2021. \u00e1prilis 22., cs\u00fct\u00f6rt\u00f6k, 17:30-19:00. A besz\u00e9lget\u0151partnerek: dr. Billo K\u00e1rmen, a SEED Kurat\u00f3riumi eln\u00f6ke, IFKA Nonprofit Kft., projektvezet\u0151 Lantos Gergely, f\u0151oszt\u00e1lyvezet\u0151, Agr\u00e1rminiszt\u00e9rium Agr\u00e1rmoderniz\u00e1ci\u00f3s F\u0151oszt\u00e1ly A t\u00e9ma: 2021-2027. \u00e9vi uni\u00f3s programoz\u00e1si id\u0151szakban a hazai v\u00e1llalkoz\u00e1sfejleszt\u00e9s \u00e9s agr\u00e1rfejleszt\u00e9s s\u00falypontjai R\u00e9szletes program: [&hellip;]\" \/>\n<meta property=\"og:url\" content=\"https:\/\/seed.hu\/hirek\/2021-2027-evi-unios-programozasi-idoszakban-a-hazai-vallalkozasfejlesztes-es-agrarfejlesztes-sulypontjai-2021-aprilis-22\/\" \/>\n<meta property=\"og:site_name\" content=\"Seed\" \/>\n<meta property=\"article:modified_time\" content=\"2022-01-24T14:29:38+00:00\" \/>\n<meta property=\"og:image\" content=\"https:\/\/seed.hu\/wp-content\/uploads\/2018\/04\/SEED_logo.png\" \/>\n\t<meta property=\"og:image:width\" content=\"250\" \/>\n\t<meta property=\"og:image:height\" content=\"206\" \/>\n\t<meta property=\"og:image:type\" content=\"image\/png\" \/>\n<meta name=\"twitter:card\" content=\"summary_large_image\" \/>\n<meta name=\"twitter:label1\" content=\"Est. reading time\" \/>\n\t<meta name=\"twitter:data1\" content=\"1 minute\" \/>\n<script type=\"application\/ld+json\" class=\"yoast-schema-graph\">{\"@context\":\"https:\\\/\\\/schema.org\",\"@graph\":[{\"@type\":\"WebPage\",\"@id\":\"https:\\\/\\\/seed.hu\\\/hirek\\\/2021-2027-evi-unios-programozasi-idoszakban-a-hazai-vallalkozasfejlesztes-es-agrarfejlesztes-sulypontjai-2021-aprilis-22\\\/\",\"url\":\"https:\\\/\\\/seed.hu\\\/hirek\\\/2021-2027-evi-unios-programozasi-idoszakban-a-hazai-vallalkozasfejlesztes-es-agrarfejlesztes-sulypontjai-2021-aprilis-22\\\/\",\"name\":\"2021-2027. \u00e9vi uni\u00f3s programoz\u00e1si id\u0151szakban a hazai v\u00e1llalkoz\u00e1sfejleszt\u00e9s \u00e9s agr\u00e1rfejleszt\u00e9s s\u00falypontjai 2021. \u00e1prilis 22. - Seed\",\"isPartOf\":{\"@id\":\"https:\\\/\\\/seed.hu\\\/#website\"},\"primaryImageOfPage\":{\"@id\":\"https:\\\/\\\/seed.hu\\\/hirek\\\/2021-2027-evi-unios-programozasi-idoszakban-a-hazai-vallalkozasfejlesztes-es-agrarfejlesztes-sulypontjai-2021-aprilis-22\\\/#primaryimage\"},\"image\":{\"@id\":\"https:\\\/\\\/seed.hu\\\/hirek\\\/2021-2027-evi-unios-programozasi-idoszakban-a-hazai-vallalkozasfejlesztes-es-agrarfejlesztes-sulypontjai-2021-aprilis-22\\\/#primaryimage\"},\"thumbnailUrl\":\"https:\\\/\\\/seed.hu\\\/wp-content\\\/uploads\\\/2018\\\/04\\\/SEED_logo.png\",\"datePublished\":\"2021-04-14T19:49:25+00:00\",\"dateModified\":\"2022-01-24T14:29:38+00:00\",\"breadcrumb\":{\"@id\":\"https:\\\/\\\/seed.hu\\\/hirek\\\/2021-2027-evi-unios-programozasi-idoszakban-a-hazai-vallalkozasfejlesztes-es-agrarfejlesztes-sulypontjai-2021-aprilis-22\\\/#breadcrumb\"},\"inLanguage\":\"en-US\",\"potentialAction\":[{\"@type\":\"ReadAction\",\"target\":[\"https:\\\/\\\/seed.hu\\\/hirek\\\/2021-2027-evi-unios-programozasi-idoszakban-a-hazai-vallalkozasfejlesztes-es-agrarfejlesztes-sulypontjai-2021-aprilis-22\\\/\"]}]},{\"@type\":\"ImageObject\",\"inLanguage\":\"en-US\",\"@id\":\"https:\\\/\\\/seed.hu\\\/hirek\\\/2021-2027-evi-unios-programozasi-idoszakban-a-hazai-vallalkozasfejlesztes-es-agrarfejlesztes-sulypontjai-2021-aprilis-22\\\/#primaryimage\",\"url\":\"https:\\\/\\\/seed.hu\\\/wp-content\\\/uploads\\\/2018\\\/04\\\/SEED_logo.png\",\"contentUrl\":\"https:\\\/\\\/seed.hu\\\/wp-content\\\/uploads\\\/2018\\\/04\\\/SEED_logo.png\",\"width\":250,\"height\":206},{\"@type\":\"BreadcrumbList\",\"@id\":\"https:\\\/\\\/seed.hu\\\/hirek\\\/2021-2027-evi-unios-programozasi-idoszakban-a-hazai-vallalkozasfejlesztes-es-agrarfejlesztes-sulypontjai-2021-aprilis-22\\\/#breadcrumb\",\"itemListElement\":[{\"@type\":\"ListItem\",\"position\":1,\"name\":\"H\u00edrek\",\"item\":\"https:\\\/\\\/seed.hu\\\/hirek\\\/\"},{\"@type\":\"ListItem\",\"position\":2,\"name\":\"2021-2027. \u00e9vi uni\u00f3s programoz\u00e1si id\u0151szakban a hazai v\u00e1llalkoz\u00e1sfejleszt\u00e9s \u00e9s agr\u00e1rfejleszt\u00e9s s\u00falypontjai 2021. \u00e1prilis 22.\"}]},{\"@type\":\"WebSite\",\"@id\":\"https:\\\/\\\/seed.hu\\\/#website\",\"url\":\"https:\\\/\\\/seed.hu\\\/\",\"name\":\"Seed\",\"description\":\"\",\"potentialAction\":[{\"@type\":\"SearchAction\",\"target\":{\"@type\":\"EntryPoint\",\"urlTemplate\":\"https:\\\/\\\/seed.hu\\\/?s={search_term_string}\"},\"query-input\":{\"@type\":\"PropertyValueSpecification\",\"valueRequired\":true,\"valueName\":\"search_term_string\"}}],\"inLanguage\":\"en-US\"}]}<\/script>\n<!-- \/ Yoast SEO plugin. -->","yoast_head_json":{"title":"2021-2027. \u00e9vi uni\u00f3s programoz\u00e1si id\u0151szakban a hazai v\u00e1llalkoz\u00e1sfejleszt\u00e9s \u00e9s agr\u00e1rfejleszt\u00e9s s\u00falypontjai 2021. \u00e1prilis 22. - Seed","robots":{"index":"index","follow":"follow","max-snippet":"max-snippet:-1","max-image-preview":"max-image-preview:large","max-video-preview":"max-video-preview:-1"},"canonical":"https:\/\/seed.hu\/hirek\/2021-2027-evi-unios-programozasi-idoszakban-a-hazai-vallalkozasfejlesztes-es-agrarfejlesztes-sulypontjai-2021-aprilis-22\/","og_locale":"en_US","og_type":"article","og_title":"2021-2027. \u00e9vi uni\u00f3s programoz\u00e1si id\u0151szakban a hazai v\u00e1llalkoz\u00e1sfejleszt\u00e9s \u00e9s agr\u00e1rfejleszt\u00e9s s\u00falypontjai 2021. \u00e1prilis 22. - Seed","og_description":"Online V\u00e1llalkoz\u00f3i F\u00f3rum &#8211; Egy szak\u00e9rt\u0151, egy v\u00e1llalkoz\u00f3, egy t\u00e9ma, 1 \u00f3ra A k\u00f6vetkez\u0151\u00a0szakmai besz\u00e9lget\u00e9s id\u0151pontja: 2021. \u00e1prilis 22., cs\u00fct\u00f6rt\u00f6k, 17:30-19:00. A besz\u00e9lget\u0151partnerek: dr. Billo K\u00e1rmen, a SEED Kurat\u00f3riumi eln\u00f6ke, IFKA Nonprofit Kft., projektvezet\u0151 Lantos Gergely, f\u0151oszt\u00e1lyvezet\u0151, Agr\u00e1rminiszt\u00e9rium Agr\u00e1rmoderniz\u00e1ci\u00f3s F\u0151oszt\u00e1ly A t\u00e9ma: 2021-2027. \u00e9vi uni\u00f3s programoz\u00e1si id\u0151szakban a hazai v\u00e1llalkoz\u00e1sfejleszt\u00e9s \u00e9s agr\u00e1rfejleszt\u00e9s s\u00falypontjai R\u00e9szletes program: [&hellip;]","og_url":"https:\/\/seed.hu\/hirek\/2021-2027-evi-unios-programozasi-idoszakban-a-hazai-vallalkozasfejlesztes-es-agrarfejlesztes-sulypontjai-2021-aprilis-22\/","og_site_name":"Seed","article_modified_time":"2022-01-24T14:29:38+00:00","og_image":[{"width":250,"height":206,"url":"https:\/\/seed.hu\/wp-content\/uploads\/2018\/04\/SEED_logo.png","type":"image\/png"}],"twitter_card":"summary_large_image","twitter_misc":{"Est. reading time":"1 minute"},"schema":{"@context":"https:\/\/schema.org","@graph":[{"@type":"WebPage","@id":"https:\/\/seed.hu\/hirek\/2021-2027-evi-unios-programozasi-idoszakban-a-hazai-vallalkozasfejlesztes-es-agrarfejlesztes-sulypontjai-2021-aprilis-22\/","url":"https:\/\/seed.hu\/hirek\/2021-2027-evi-unios-programozasi-idoszakban-a-hazai-vallalkozasfejlesztes-es-agrarfejlesztes-sulypontjai-2021-aprilis-22\/","name":"2021-2027. \u00e9vi uni\u00f3s programoz\u00e1si id\u0151szakban a hazai v\u00e1llalkoz\u00e1sfejleszt\u00e9s \u00e9s agr\u00e1rfejleszt\u00e9s s\u00falypontjai 2021. \u00e1prilis 22. - Seed","isPartOf":{"@id":"https:\/\/seed.hu\/#website"},"primaryImageOfPage":{"@id":"https:\/\/seed.hu\/hirek\/2021-2027-evi-unios-programozasi-idoszakban-a-hazai-vallalkozasfejlesztes-es-agrarfejlesztes-sulypontjai-2021-aprilis-22\/#primaryimage"},"image":{"@id":"https:\/\/seed.hu\/hirek\/2021-2027-evi-unios-programozasi-idoszakban-a-hazai-vallalkozasfejlesztes-es-agrarfejlesztes-sulypontjai-2021-aprilis-22\/#primaryimage"},"thumbnailUrl":"https:\/\/seed.hu\/wp-content\/uploads\/2018\/04\/SEED_logo.png","datePublished":"2021-04-14T19:49:25+00:00","dateModified":"2022-01-24T14:29:38+00:00","breadcrumb":{"@id":"https:\/\/seed.hu\/hirek\/2021-2027-evi-unios-programozasi-idoszakban-a-hazai-vallalkozasfejlesztes-es-agrarfejlesztes-sulypontjai-2021-aprilis-22\/#breadcrumb"},"inLanguage":"en-US","potentialAction":[{"@type":"ReadAction","target":["https:\/\/seed.hu\/hirek\/2021-2027-evi-unios-programozasi-idoszakban-a-hazai-vallalkozasfejlesztes-es-agrarfejlesztes-sulypontjai-2021-aprilis-22\/"]}]},{"@type":"ImageObject","inLanguage":"en-US","@id":"https:\/\/seed.hu\/hirek\/2021-2027-evi-unios-programozasi-idoszakban-a-hazai-vallalkozasfejlesztes-es-agrarfejlesztes-sulypontjai-2021-aprilis-22\/#primaryimage","url":"https:\/\/seed.hu\/wp-content\/uploads\/2018\/04\/SEED_logo.png","contentUrl":"https:\/\/seed.hu\/wp-content\/uploads\/2018\/04\/SEED_logo.png","width":250,"height":206},{"@type":"BreadcrumbList","@id":"https:\/\/seed.hu\/hirek\/2021-2027-evi-unios-programozasi-idoszakban-a-hazai-vallalkozasfejlesztes-es-agrarfejlesztes-sulypontjai-2021-aprilis-22\/#breadcrumb","itemListElement":[{"@type":"ListItem","position":1,"name":"H\u00edrek","item":"https:\/\/seed.hu\/hirek\/"},{"@type":"ListItem","position":2,"name":"2021-2027. \u00e9vi uni\u00f3s programoz\u00e1si id\u0151szakban a hazai v\u00e1llalkoz\u00e1sfejleszt\u00e9s \u00e9s agr\u00e1rfejleszt\u00e9s s\u00falypontjai 2021. \u00e1prilis 22."}]},{"@type":"WebSite","@id":"https:\/\/seed.hu\/#website","url":"https:\/\/seed.hu\/","name":"Seed","description":"","potentialAction":[{"@type":"SearchAction","target":{"@type":"EntryPoint","urlTemplate":"https:\/\/seed.hu\/?s={search_term_string}"},"query-input":{"@type":"PropertyValueSpecification","valueRequired":true,"valueName":"search_term_string"}}],"inLanguage":"en-US"}]}},"_links":{"self":[{"href":"https:\/\/seed.hu\/en\/wp-json\/wp\/v2\/hirek\/1152","targetHints":{"allow":["GET"]}}],"collection":[{"href":"https:\/\/seed.hu\/en\/wp-json\/wp\/v2\/hirek"}],"about":[{"href":"https:\/\/seed.hu\/en\/wp-json\/wp\/v2\/types\/hirek"}],"wp:featuredmedia":[{"embeddable":true,"href":"https:\/\/seed.hu\/en\/wp-json\/wp\/v2\/media\/792"}],"wp:attachment":[{"href":"https:\/\/seed.hu\/en\/wp-json\/wp\/v2\/media?parent=1152"}],"curies":[{"name":"wp","href":"https:\/\/api.w.org\/{rel}","templated":true}]}}