{"id":1159,"date":"2021-05-09T21:49:57","date_gmt":"2021-05-09T19:49:57","guid":{"rendered":"https:\/\/seed.hu\/?post_type=hirek&#038;p=1159"},"modified":"2022-01-26T19:24:00","modified_gmt":"2022-01-26T18:24:00","slug":"2021-evi-meghirdetett-es-meghirdetes-elott-allo-palyazatok-vallalkozasoknak-2021-majus-13","status":"publish","type":"hirek","link":"https:\/\/seed.hu\/en\/hirek\/2021-evi-meghirdetett-es-meghirdetes-elott-allo-palyazatok-vallalkozasoknak-2021-majus-13\/","title":{"rendered":"2021. \u00e9vi, meghirdetett \u00e9s meghirdet\u00e9s el\u0151tt \u00e1ll\u00f3 p\u00e1ly\u00e1zatok v\u00e1llalkoz\u00e1soknak, 2021. m\u00e1jus 13."},"content":{"rendered":"<p><a href=\"https:\/\/seed.hu\/szolgaltatasok\/kerdezd-a-tanacsadot\/partnerbig2\/\" rel=\"attachment wp-att-41\"><img loading=\"lazy\" decoding=\"async\" class=\"alignnone size-full wp-image-41\" src=\"https:\/\/seed.hu\/wp-content\/uploads\/2021\/02\/partnerBig2.png\" alt=\"\" width=\"241\" height=\"75\" \/><\/a><\/p>\n<p><span style=\"font-size: 20px;\"><strong>Online V\u00e1llalkoz\u00f3i F\u00f3rum &#8211; Egy szak\u00e9rt\u0151, egy v\u00e1llalkoz\u00f3, egy t\u00e9ma, 1 \u00f3ra<\/strong><\/span><\/p>\n<p><strong><u>A k\u00f6vetkez\u0151\u00a0szakmai besz\u00e9lget\u00e9s id\u0151pontja:<\/u><\/strong><br \/>\n2021. m\u00e1jus 13., cs\u00fct\u00f6rt\u00f6k, 17:30-19:00.<\/p>\n<p><strong><u>A besz\u00e9lget\u0151partnerek:<\/u><\/strong><\/p>\n<ul>\n<li>Gl\u00f3sz Andrea, \u00fcgyvezet\u0151, Gl\u00f3sz \u00e9s T\u00e1rsa P\u00e9nz\u00fcgyi, Gazdas\u00e1gi \u00e9s Innov\u00e1ci\u00f3s Tan\u00e1csad\u00f3 Kft., v\u00e1llalkoz\u00f3i mentor<\/li>\n<li>Hunyadi L\u00e1szl\u00f3, oszt\u00e1lyvezet\u0151, Innov\u00e1ci\u00f3s \u00e9s Technol\u00f3giai Miniszt\u00e9rium V\u00e1llalkoz\u00e1sfejleszt\u00e9si F\u0151oszt\u00e1ly<\/li>\n<\/ul>\n<p><strong><u>A t\u00e9ma:<\/u><\/strong><\/p>\n<p>2021. \u00e9vi, meghirdetett \u00e9s meghirdet\u00e9s el\u0151tt \u00e1ll\u00f3 p\u00e1ly\u00e1zatok v\u00e1llalkoz\u00e1soknak<\/p>\n<p><strong><u>R\u00e9szletes program:<\/u><\/strong><\/p>\n<p>&#8220;A j\u00f6v\u0151 elkezd\u0151d\u00f6tt.&#8221; Nem csak a technol\u00f3giai fejl\u0151d\u00e9sre igaz ez az \u00e1ll\u00edt\u00e1s ma m\u00e1r, hanem az \u00faj finansz\u00edroz\u00e1si, t\u00e1mogat\u00e1si forr\u00e1sok rendelkez\u00e9sre \u00e1ll\u00e1s\u00e1r\u00f3l is.<\/p>\n<p>Lassan az utols\u00f3 felh\u00edv\u00e1sok is lez\u00e1rulnak, melyek az Eur\u00f3pai Uni\u00f3 \u00e9s a Magyar Korm\u00e1ny 2014-2020. \u00e9vi k\u00f6lts\u00e9gvet\u00e9se terh\u00e9re ker\u00fcltek ki\u00edr\u00e1sra. Mindemellett m\u00e1r l\u00e1that\u00f3ak a 2021-2027. k\u00f6z\u00f6tti \u00e9vek programoz\u00e1si id\u0151szak\u00e1ban ki\u00edr\u00e1sra ker\u00fcl\u0151 els\u0151 p\u00e1ly\u00e1zatok a kis- \u00e9s k\u00f6z\u00e9pv\u00e1llalkoz\u00e1sok sz\u00e1m\u00e1ra, legyen sz\u00f3 termel\u00e9si, szolg\u00e1ltat\u00e1si kapacit\u00e1saik b\u0151v\u00edt\u00e9s\u00e9r\u0151l, digit\u00e1lis \u00e1t\u00e1ll\u00e1suk t\u00e1mogat\u00e1s\u00e1r\u00f3l, kutat\u00e1s-fejleszt\u00e9si tev\u00e9kenys\u00e9g\u00fckr\u0151l, v\u00e1llalkoz\u00f3i \u00e9s szakter\u00fcleti kompetenci\u00e1k fejleszt\u00e9s\u00e9r\u0151l.<\/p>\n<p>Err\u0151l kapunk hiteles \u00e9s a mai tud\u00e1suk szerint legteljesebb k\u00e9pet az Innov\u00e1ci\u00f3s \u00e9s Technol\u00f3giai Miniszt\u00e9rium v\u00e1llalkoz\u00e1sfejleszt\u00e9s ter\u00e9n illet\u00e9kes vezet\u0151j\u00e9t\u0151l, Hunyadi L\u00e1szl\u00f3t\u00f3l, illetve a Gl\u00f3sz Andre\u00e1t\u00f3l, a Gl\u00f3sz \u00e9s T\u00e1rsa Kft,. alap\u00edt\u00f3 \u00fcgyvezet\u0151j\u00e9t\u0151l. A besz\u00e9lget\u00e9s sor\u00e1n nem csak a p\u00e1ly\u00e1zati lehet\u0151s\u00e9gekr\u0151l, de arr\u00f3l is k\u00e9pet kapunk, hogyan \u00e9rdemes el\u0151k\u00e9sz\u00fclni a p\u00e1ly\u00e1zatok megny\u00edl\u00e1sa el\u0151tt, illetve mire kell figyelni a p\u00e1ly\u00e1zati anyagok tervez\u00e9se, \u00f6ssze\u00e1ll\u00edt\u00e1sa, beny\u00fajt\u00e1sa sor\u00e1n.<\/p>\n<p><strong><em>A f\u00f3rumon a r\u00e9szv\u00e9tel ingyenes, de el\u0151zetes regisztr\u00e1ci\u00f3hoz k\u00f6t\u00f6tt.<\/em><\/strong><\/p>\n<p><strong><em>Jelentkez\u00e9si hat\u00e1rid\u0151: 2021. m\u00e1jus 13. 12:00<\/em><\/strong><\/p>\n<p><a href=\"https:\/\/seed.hu\/kerdoiv\/2021-evi-meghirdetett-es-meghirdetes-elott-allo-palyazatok-vallalkozasoknak-2021-majus-13\" target=\"_blank\" rel=\"noopener\"><img decoding=\"async\" style=\"width: 130px; height: 42px;\" src=\"https:\/\/seed.hu\/files\/attachments\/inline\/regisztracio4.png\" alt=\"\" \/><\/a><\/p>\n<p>&nbsp;<\/p>\n","protected":false},"featured_media":792,"menu_order":0,"template":"","meta":{"_acf_changed":false},"class_list":["post-1159","hirek","type-hirek","status-publish","has-post-thumbnail","hentry"],"acf":[],"yoast_head":"<!-- This site is optimized with the Yoast SEO plugin v27.4 - https:\/\/yoast.com\/product\/yoast-seo-wordpress\/ -->\n<title>2021. \u00e9vi, meghirdetett \u00e9s meghirdet\u00e9s el\u0151tt \u00e1ll\u00f3 p\u00e1ly\u00e1zatok v\u00e1llalkoz\u00e1soknak, 2021. m\u00e1jus 13. - Seed<\/title>\n<meta name=\"robots\" content=\"index, follow, max-snippet:-1, max-image-preview:large, max-video-preview:-1\" \/>\n<link rel=\"canonical\" href=\"https:\/\/seed.hu\/hirek\/2021-evi-meghirdetett-es-meghirdetes-elott-allo-palyazatok-vallalkozasoknak-2021-majus-13\/\" \/>\n<meta property=\"og:locale\" content=\"en_US\" \/>\n<meta property=\"og:type\" content=\"article\" \/>\n<meta property=\"og:title\" content=\"2021. \u00e9vi, meghirdetett \u00e9s meghirdet\u00e9s el\u0151tt \u00e1ll\u00f3 p\u00e1ly\u00e1zatok v\u00e1llalkoz\u00e1soknak, 2021. m\u00e1jus 13. - Seed\" \/>\n<meta property=\"og:description\" content=\"Online V\u00e1llalkoz\u00f3i F\u00f3rum &#8211; Egy szak\u00e9rt\u0151, egy v\u00e1llalkoz\u00f3, egy t\u00e9ma, 1 \u00f3ra A k\u00f6vetkez\u0151\u00a0szakmai besz\u00e9lget\u00e9s id\u0151pontja: 2021. m\u00e1jus 13., cs\u00fct\u00f6rt\u00f6k, 17:30-19:00. A besz\u00e9lget\u0151partnerek: Gl\u00f3sz Andrea, \u00fcgyvezet\u0151, Gl\u00f3sz \u00e9s T\u00e1rsa P\u00e9nz\u00fcgyi, Gazdas\u00e1gi \u00e9s Innov\u00e1ci\u00f3s Tan\u00e1csad\u00f3 Kft., v\u00e1llalkoz\u00f3i mentor Hunyadi L\u00e1szl\u00f3, oszt\u00e1lyvezet\u0151, Innov\u00e1ci\u00f3s \u00e9s Technol\u00f3giai Miniszt\u00e9rium V\u00e1llalkoz\u00e1sfejleszt\u00e9si F\u0151oszt\u00e1ly A t\u00e9ma: 2021. \u00e9vi, meghirdetett \u00e9s meghirdet\u00e9s el\u0151tt \u00e1ll\u00f3 [&hellip;]\" \/>\n<meta property=\"og:url\" content=\"https:\/\/seed.hu\/hirek\/2021-evi-meghirdetett-es-meghirdetes-elott-allo-palyazatok-vallalkozasoknak-2021-majus-13\/\" \/>\n<meta property=\"og:site_name\" content=\"Seed\" \/>\n<meta property=\"article:modified_time\" content=\"2022-01-26T18:24:00+00:00\" \/>\n<meta property=\"og:image\" content=\"https:\/\/seed.hu\/wp-content\/uploads\/2018\/04\/SEED_logo.png\" \/>\n\t<meta property=\"og:image:width\" content=\"250\" \/>\n\t<meta property=\"og:image:height\" content=\"206\" \/>\n\t<meta property=\"og:image:type\" content=\"image\/png\" \/>\n<meta name=\"twitter:card\" content=\"summary_large_image\" \/>\n<meta name=\"twitter:label1\" content=\"Est. reading time\" \/>\n\t<meta name=\"twitter:data1\" content=\"2 minutes\" \/>\n<script type=\"application\/ld+json\" class=\"yoast-schema-graph\">{\"@context\":\"https:\\\/\\\/schema.org\",\"@graph\":[{\"@type\":\"WebPage\",\"@id\":\"https:\\\/\\\/seed.hu\\\/hirek\\\/2021-evi-meghirdetett-es-meghirdetes-elott-allo-palyazatok-vallalkozasoknak-2021-majus-13\\\/\",\"url\":\"https:\\\/\\\/seed.hu\\\/hirek\\\/2021-evi-meghirdetett-es-meghirdetes-elott-allo-palyazatok-vallalkozasoknak-2021-majus-13\\\/\",\"name\":\"2021. \u00e9vi, meghirdetett \u00e9s meghirdet\u00e9s el\u0151tt \u00e1ll\u00f3 p\u00e1ly\u00e1zatok v\u00e1llalkoz\u00e1soknak, 2021. m\u00e1jus 13. - Seed\",\"isPartOf\":{\"@id\":\"https:\\\/\\\/seed.hu\\\/#website\"},\"primaryImageOfPage\":{\"@id\":\"https:\\\/\\\/seed.hu\\\/hirek\\\/2021-evi-meghirdetett-es-meghirdetes-elott-allo-palyazatok-vallalkozasoknak-2021-majus-13\\\/#primaryimage\"},\"image\":{\"@id\":\"https:\\\/\\\/seed.hu\\\/hirek\\\/2021-evi-meghirdetett-es-meghirdetes-elott-allo-palyazatok-vallalkozasoknak-2021-majus-13\\\/#primaryimage\"},\"thumbnailUrl\":\"https:\\\/\\\/seed.hu\\\/wp-content\\\/uploads\\\/2018\\\/04\\\/SEED_logo.png\",\"datePublished\":\"2021-05-09T19:49:57+00:00\",\"dateModified\":\"2022-01-26T18:24:00+00:00\",\"breadcrumb\":{\"@id\":\"https:\\\/\\\/seed.hu\\\/hirek\\\/2021-evi-meghirdetett-es-meghirdetes-elott-allo-palyazatok-vallalkozasoknak-2021-majus-13\\\/#breadcrumb\"},\"inLanguage\":\"en-US\",\"potentialAction\":[{\"@type\":\"ReadAction\",\"target\":[\"https:\\\/\\\/seed.hu\\\/hirek\\\/2021-evi-meghirdetett-es-meghirdetes-elott-allo-palyazatok-vallalkozasoknak-2021-majus-13\\\/\"]}]},{\"@type\":\"ImageObject\",\"inLanguage\":\"en-US\",\"@id\":\"https:\\\/\\\/seed.hu\\\/hirek\\\/2021-evi-meghirdetett-es-meghirdetes-elott-allo-palyazatok-vallalkozasoknak-2021-majus-13\\\/#primaryimage\",\"url\":\"https:\\\/\\\/seed.hu\\\/wp-content\\\/uploads\\\/2018\\\/04\\\/SEED_logo.png\",\"contentUrl\":\"https:\\\/\\\/seed.hu\\\/wp-content\\\/uploads\\\/2018\\\/04\\\/SEED_logo.png\",\"width\":250,\"height\":206},{\"@type\":\"BreadcrumbList\",\"@id\":\"https:\\\/\\\/seed.hu\\\/hirek\\\/2021-evi-meghirdetett-es-meghirdetes-elott-allo-palyazatok-vallalkozasoknak-2021-majus-13\\\/#breadcrumb\",\"itemListElement\":[{\"@type\":\"ListItem\",\"position\":1,\"name\":\"H\u00edrek\",\"item\":\"https:\\\/\\\/seed.hu\\\/hirek\\\/\"},{\"@type\":\"ListItem\",\"position\":2,\"name\":\"2021. \u00e9vi, meghirdetett \u00e9s meghirdet\u00e9s el\u0151tt \u00e1ll\u00f3 p\u00e1ly\u00e1zatok v\u00e1llalkoz\u00e1soknak, 2021. m\u00e1jus 13.\"}]},{\"@type\":\"WebSite\",\"@id\":\"https:\\\/\\\/seed.hu\\\/#website\",\"url\":\"https:\\\/\\\/seed.hu\\\/\",\"name\":\"Seed\",\"description\":\"\",\"potentialAction\":[{\"@type\":\"SearchAction\",\"target\":{\"@type\":\"EntryPoint\",\"urlTemplate\":\"https:\\\/\\\/seed.hu\\\/?s={search_term_string}\"},\"query-input\":{\"@type\":\"PropertyValueSpecification\",\"valueRequired\":true,\"valueName\":\"search_term_string\"}}],\"inLanguage\":\"en-US\"}]}<\/script>\n<!-- \/ Yoast SEO plugin. -->","yoast_head_json":{"title":"2021. \u00e9vi, meghirdetett \u00e9s meghirdet\u00e9s el\u0151tt \u00e1ll\u00f3 p\u00e1ly\u00e1zatok v\u00e1llalkoz\u00e1soknak, 2021. m\u00e1jus 13. - Seed","robots":{"index":"index","follow":"follow","max-snippet":"max-snippet:-1","max-image-preview":"max-image-preview:large","max-video-preview":"max-video-preview:-1"},"canonical":"https:\/\/seed.hu\/hirek\/2021-evi-meghirdetett-es-meghirdetes-elott-allo-palyazatok-vallalkozasoknak-2021-majus-13\/","og_locale":"en_US","og_type":"article","og_title":"2021. \u00e9vi, meghirdetett \u00e9s meghirdet\u00e9s el\u0151tt \u00e1ll\u00f3 p\u00e1ly\u00e1zatok v\u00e1llalkoz\u00e1soknak, 2021. m\u00e1jus 13. - Seed","og_description":"Online V\u00e1llalkoz\u00f3i F\u00f3rum &#8211; Egy szak\u00e9rt\u0151, egy v\u00e1llalkoz\u00f3, egy t\u00e9ma, 1 \u00f3ra A k\u00f6vetkez\u0151\u00a0szakmai besz\u00e9lget\u00e9s id\u0151pontja: 2021. m\u00e1jus 13., cs\u00fct\u00f6rt\u00f6k, 17:30-19:00. A besz\u00e9lget\u0151partnerek: Gl\u00f3sz Andrea, \u00fcgyvezet\u0151, Gl\u00f3sz \u00e9s T\u00e1rsa P\u00e9nz\u00fcgyi, Gazdas\u00e1gi \u00e9s Innov\u00e1ci\u00f3s Tan\u00e1csad\u00f3 Kft., v\u00e1llalkoz\u00f3i mentor Hunyadi L\u00e1szl\u00f3, oszt\u00e1lyvezet\u0151, Innov\u00e1ci\u00f3s \u00e9s Technol\u00f3giai Miniszt\u00e9rium V\u00e1llalkoz\u00e1sfejleszt\u00e9si F\u0151oszt\u00e1ly A t\u00e9ma: 2021. \u00e9vi, meghirdetett \u00e9s meghirdet\u00e9s el\u0151tt \u00e1ll\u00f3 [&hellip;]","og_url":"https:\/\/seed.hu\/hirek\/2021-evi-meghirdetett-es-meghirdetes-elott-allo-palyazatok-vallalkozasoknak-2021-majus-13\/","og_site_name":"Seed","article_modified_time":"2022-01-26T18:24:00+00:00","og_image":[{"width":250,"height":206,"url":"https:\/\/seed.hu\/wp-content\/uploads\/2018\/04\/SEED_logo.png","type":"image\/png"}],"twitter_card":"summary_large_image","twitter_misc":{"Est. reading time":"2 minutes"},"schema":{"@context":"https:\/\/schema.org","@graph":[{"@type":"WebPage","@id":"https:\/\/seed.hu\/hirek\/2021-evi-meghirdetett-es-meghirdetes-elott-allo-palyazatok-vallalkozasoknak-2021-majus-13\/","url":"https:\/\/seed.hu\/hirek\/2021-evi-meghirdetett-es-meghirdetes-elott-allo-palyazatok-vallalkozasoknak-2021-majus-13\/","name":"2021. \u00e9vi, meghirdetett \u00e9s meghirdet\u00e9s el\u0151tt \u00e1ll\u00f3 p\u00e1ly\u00e1zatok v\u00e1llalkoz\u00e1soknak, 2021. m\u00e1jus 13. - Seed","isPartOf":{"@id":"https:\/\/seed.hu\/#website"},"primaryImageOfPage":{"@id":"https:\/\/seed.hu\/hirek\/2021-evi-meghirdetett-es-meghirdetes-elott-allo-palyazatok-vallalkozasoknak-2021-majus-13\/#primaryimage"},"image":{"@id":"https:\/\/seed.hu\/hirek\/2021-evi-meghirdetett-es-meghirdetes-elott-allo-palyazatok-vallalkozasoknak-2021-majus-13\/#primaryimage"},"thumbnailUrl":"https:\/\/seed.hu\/wp-content\/uploads\/2018\/04\/SEED_logo.png","datePublished":"2021-05-09T19:49:57+00:00","dateModified":"2022-01-26T18:24:00+00:00","breadcrumb":{"@id":"https:\/\/seed.hu\/hirek\/2021-evi-meghirdetett-es-meghirdetes-elott-allo-palyazatok-vallalkozasoknak-2021-majus-13\/#breadcrumb"},"inLanguage":"en-US","potentialAction":[{"@type":"ReadAction","target":["https:\/\/seed.hu\/hirek\/2021-evi-meghirdetett-es-meghirdetes-elott-allo-palyazatok-vallalkozasoknak-2021-majus-13\/"]}]},{"@type":"ImageObject","inLanguage":"en-US","@id":"https:\/\/seed.hu\/hirek\/2021-evi-meghirdetett-es-meghirdetes-elott-allo-palyazatok-vallalkozasoknak-2021-majus-13\/#primaryimage","url":"https:\/\/seed.hu\/wp-content\/uploads\/2018\/04\/SEED_logo.png","contentUrl":"https:\/\/seed.hu\/wp-content\/uploads\/2018\/04\/SEED_logo.png","width":250,"height":206},{"@type":"BreadcrumbList","@id":"https:\/\/seed.hu\/hirek\/2021-evi-meghirdetett-es-meghirdetes-elott-allo-palyazatok-vallalkozasoknak-2021-majus-13\/#breadcrumb","itemListElement":[{"@type":"ListItem","position":1,"name":"H\u00edrek","item":"https:\/\/seed.hu\/hirek\/"},{"@type":"ListItem","position":2,"name":"2021. \u00e9vi, meghirdetett \u00e9s meghirdet\u00e9s el\u0151tt \u00e1ll\u00f3 p\u00e1ly\u00e1zatok v\u00e1llalkoz\u00e1soknak, 2021. m\u00e1jus 13."}]},{"@type":"WebSite","@id":"https:\/\/seed.hu\/#website","url":"https:\/\/seed.hu\/","name":"Seed","description":"","potentialAction":[{"@type":"SearchAction","target":{"@type":"EntryPoint","urlTemplate":"https:\/\/seed.hu\/?s={search_term_string}"},"query-input":{"@type":"PropertyValueSpecification","valueRequired":true,"valueName":"search_term_string"}}],"inLanguage":"en-US"}]}},"_links":{"self":[{"href":"https:\/\/seed.hu\/en\/wp-json\/wp\/v2\/hirek\/1159","targetHints":{"allow":["GET"]}}],"collection":[{"href":"https:\/\/seed.hu\/en\/wp-json\/wp\/v2\/hirek"}],"about":[{"href":"https:\/\/seed.hu\/en\/wp-json\/wp\/v2\/types\/hirek"}],"wp:featuredmedia":[{"embeddable":true,"href":"https:\/\/seed.hu\/en\/wp-json\/wp\/v2\/media\/792"}],"wp:attachment":[{"href":"https:\/\/seed.hu\/en\/wp-json\/wp\/v2\/media?parent=1159"}],"curies":[{"name":"wp","href":"https:\/\/api.w.org\/{rel}","templated":true}]}}