{"id":1164,"date":"2021-06-13T18:50:26","date_gmt":"2021-06-13T16:50:26","guid":{"rendered":"https:\/\/seed.hu\/?post_type=hirek&#038;p=1164"},"modified":"2022-01-26T19:28:32","modified_gmt":"2022-01-26T18:28:32","slug":"generaciovaltasban-nincs-nyari-szunet-nyarindito-workshopok-utravalo-gondolatokkal","status":"publish","type":"hirek","link":"https:\/\/seed.hu\/en\/hirek\/generaciovaltasban-nincs-nyari-szunet-nyarindito-workshopok-utravalo-gondolatokkal\/","title":{"rendered":"Gener\u00e1ci\u00f3v\u00e1lt\u00e1sban nincs ny\u00e1ri sz\u00fcnet &#8211; ny\u00e1rind\u00edt\u00f3 workshopok \u00fatraval\u00f3 gondolatokkal"},"content":{"rendered":"<p><a href=\"https:\/\/seed.hu\/fooldal\/kurazsi_konzorcium\/\" rel=\"attachment wp-att-769\"><img loading=\"lazy\" decoding=\"async\" class=\"alignnone wp-image-769 size-full\" src=\"https:\/\/seed.hu\/wp-content\/uploads\/2021\/11\/Kurazsi_Konzorcium.png\" alt=\"\" width=\"442\" height=\"156\" srcset=\"https:\/\/seed.hu\/wp-content\/uploads\/2021\/11\/Kurazsi_Konzorcium.png 442w, https:\/\/seed.hu\/wp-content\/uploads\/2021\/11\/Kurazsi_Konzorcium-300x106.png 300w\" sizes=\"auto, (max-width: 442px) 100vw, 442px\" \/><\/a><\/p>\n<p><iframe loading=\"lazy\" title=\"YouTube video player\" src=\"https:\/\/www.youtube.com\/embed\/F4OUnw3S7DM\" width=\"480\" height=\"360\" frameborder=\"0\" scrolling=\"no\" allowfullscreen=\"allowfullscreen\"><\/iframe><\/p>\n<p><strong>Tudjuk, hogy egy v\u00e1llalkoz\u00e1s eg\u00e9sz \u00e9ves figyelmet ig\u00e9nyel, k\u00fcl\u00f6n\u00f6sen, ha csal\u00e1di v\u00e1llalkoz\u00e1sr\u00f3l van sz\u00f3, ahol a tulajdonos vezet\u0151k sz\u00e1m\u00e1ra a nyaral\u00e1s alatt sem \u00e1ll meg a biznisz.<\/strong><\/p>\n<p>A Kur\u00e1zsi Konzorcium r\u00e9sz\u00e9r\u0151l bev\u00e1lt j\u00f3gyakorlatokkal \u00e9s szak\u00e9rt\u0151i t\u00e1mogat\u00e1ssal szeretn\u00e9nk seg\u00edts\u00e9get adni azon csal\u00e1di v\u00e1llalkoz\u00e1sok vezet\u0151inek, \u00e1tad\u00f3inak \u00e9s (leend\u0151) \u00e1tvev\u0151inek, akikn\u00e9l meg\u00e9rtek a folyamatok a gener\u00e1ci\u00f3v\u00e1lt\u00e1s el\u0151k\u00e9sz\u00edt\u00e9s\u00e9re, a staf\u00e9tabot \u00e1tad\u00e1s\u00e1ra.<\/p>\n<p>Ny\u00e1rind\u00edt\u00f3 workshopjainkkal \u00fatraval\u00f3t adunk a ny\u00e1ri sz\u00fcnetre ahhoz, hogy \u00faj, k\u00fcl\u00f6nb\u00f6z\u0151 szemsz\u00f6gb\u0151l megvil\u00e1g\u00edtott gondolatokkal gazdag\u00edtsuk azt a megold\u00e1shalmazt, mely d\u00f6nt\u00e9seiket megalapozhatja.<\/p>\n<p><strong>A h\u00e1rom h\u00e9ten \u00e1t tart\u00f3, minden h\u00e9ten szerd\u00e1n 16 \u00f3rakor jelentkez\u0151 <\/strong>intenz\u00edv workshop-sorozat t\u00e9m\u00e1i:<\/p>\n<ul>\n<li><u>Mikor j\u00f6n el az ideje az \u00e1tvev\u0151k c\u00e9gbe, gener\u00e1ci\u00f3v\u00e1lt\u00e1s el\u0151k\u00e9sz\u00edt\u00e9s\u00e9be t\u00f6rt\u00e9n\u0151 bevon\u00e1s\u00e1nak?<\/u><\/li>\n<li><u>Csal\u00e1di vagyon meg\u0151rz\u00e9s\u00e9nek kulcsa a tulajdonosi szeml\u00e9let.<\/u> A csal\u00e1don bel\u00fcli ut\u00f3d ak\u00e1r \u00e1tveszi a c\u00e9g ir\u00e1ny\u00edt\u00e1s\u00e1t, ak\u00e1r nem, a sz\u00fcl\u0151(k) \u00e1ltal birtokolt tulajdonosi jogok mindenk\u00e9ppen r\u00e1sz\u00e1llnak. Mit jelent tulajdonosi jogokat gyakorolni, nem a jog oldal\u00e1r\u00f3l n\u00e9zve?<\/li>\n<li><u>Hogyan k\u00e9sz\u00edts\u00fcnk ut\u00f3dl\u00e1si tervet?<\/u> Jogi szak\u00e9rt\u0151i el\u0151ad\u00e1s az ut\u00f3dl\u00e1si terv tartalm\u00e1r\u00f3l, l\u00e9p\u00e9seir\u0151l<\/li>\n<\/ul>\n<p><strong>A Kur\u00e1zsi c\u00e9lja, hogy a gyakorlati \u00e9letb\u0151l vett p\u00e9ld\u00e1kkal sz\u00ednes\u00edtve j\u00e1rja k\u00f6rbe a gener\u00e1ci\u00f3v\u00e1lt\u00e1s el\u0151k\u00e9sz\u00edt\u00e9se, lezajl\u00e1sa, megt\u00f6rt\u00e9nte sor\u00e1n felmer\u00fcl\u0151 k\u00e9rd\u00e9seket, kih\u00edv\u00e1sokat. \u00a0<\/strong><\/p>\n<p><u><strong>Az els\u0151 workshop id\u0151pontja:<\/strong><\/u><\/p>\n<p>2021. j\u00fanius 23., szerda, 16:00-17:30.<\/p>\n<p><u><strong>A t\u00e9ma:<\/strong><\/u><\/p>\n<p><strong>Mikort\u00f3l \u00e9rdemes bevonni az ut\u00f3dokat a c\u00e9g \u00e9let\u00e9be?<\/strong> Mikor lehet egyed\u00fcl, lehet \u00f6n\u00e1ll\u00f3 vezet\u0151 az \u00e1tvev\u0151? Mikor vonuljon vissza az alap\u00edt\u00f3 v\u00e9glegesen?<\/p>\n<p><u><strong>A kerekasztalbesz\u00e9lget\u00e9s k\u00e9t v\u00e1llalkoz\u00f3i esetet dolgoz fel<\/strong><\/u>:<\/p>\n<p>A Roland Divath\u00e1z gy\u00f6kerei eg\u00e9szen 1892-ig ny\u00falnak vissza, amikor is dr. Berendi P\u00e9ter Nagypap\u00e1ja megalap\u00edtotta f\u00e9rfi \u00faridivat \u00fczlet\u00e9t. M\u00e1ra m\u00e1r P\u00e9ter is visszavonult, de a c\u00e9g tov\u00e1bbra is vir\u00e1gzik, imm\u00e1r Fia vezet\u00e9s\u00e9vel, Unok\u00e1i egyre akt\u00edvabb r\u00e9szv\u00e9tel\u00e9vel. Az Unok\u00e1k, Szonja \u00e9s Dominik egyre felel\u0151ss\u00e9gteljesebb feladatokat v\u00e1llalnak magukra, m\u00e1ra pedig m\u00e1r \u00fajdons\u00e1gk\u00e9nt a web\u00e1ruh\u00e1z elindul\u00e1sa teljes m\u00e9rt\u00e9kben az \u0151 nev\u00fckhez f\u0171z\u0151dik.<\/p>\n<p>A m\u00e1sik v\u00e1llalkoz\u00f3i p\u00e9lda szint\u00e9n egy csal\u00e1di v\u00e1llalkoz\u00e1s t\u00f6rt\u00e9nete. A Zsir\u00e1f Kreat\u00edv \u00dcgyn\u00f6ks\u00e9get 1994-ben alap\u00edtotta a Kov\u00e1cs csal\u00e1d, Kov\u00e1cs Titusz, az \u00c9desapa vezet\u00e9s\u00e9vel. A k\u00e9t fi\u00fa gyermek m\u00e9g di\u00e1k\u00e9vei alatt megismerkedett a c\u00e9g tev\u00e9kenys\u00e9g\u00e9vel k\u00f6zelebbr\u0151l, majd mint \u201emunkat\u00e1rs\u201d, 2011-ben a kisebbik fi\u00fa, D\u00e1niel akt\u00edvan is bekapcsol\u00f3dott a v\u00e1llalkoz\u00e1sba. M\u00e1ra \u0151 vette \u00e1t az \u00fcgyvezet\u0151i feladatokat, Titusz pedig a sz\u00e1m\u00e1ra legink\u00e1bb kedves kreat\u00edv feladatokat l\u00e1tja el, h\u00e1tt\u00e9rb\u0151l is seg\u00edtve a c\u00e9g \u00e9let\u00e9t. Ek\u00f6zben D\u00e1niel b\u00e1tyja is be-becsatlakozik, de sz\u00e1m\u00e1ra a multic\u00e9gek vil\u00e1ga is vonz\u00f3 karrier\u00fat.<\/p>\n<p><u><strong>Amir\u0151l k\u00e9rdezz\u00fck \u0151ket:<\/strong><\/u> mikort\u00f3l \u00e9rezt\u00e9k \u00fagy az alap\u00edt\u00f3k, hogy be kell \u00e9s lehet vonni a gyermekeket, unok\u00e1kat a v\u00e1llalkoz\u00e1s vezet\u00e9s\u00e9be, a fiatalabb gener\u00e1ci\u00f3t pedig mi hajtotta a csal\u00e1di v\u00e1llalkoz\u00e1sba, \u00e9s mikort\u00f3l \u00e9rezt\u00e9k \u00fagy, hogy teljes jog\u00fa vezet\u0151v\u00e9 v\u00e1lhatnak a c\u00e9gben?<\/p>\n<p><strong>Milyen kih\u00edv\u00e1sokkal szembes\u00fcltek \u00e9s mit csin\u00e1ltak j\u00f3l a Roland Divath\u00e1z \u00e9s a Zsir\u00e1f Kreat\u00edv \u00dcgyn\u00f6ks\u00e9g m\u00f6g\u00f6tt \u00e1ll\u00f3 csal\u00e1dok, \u00e1tad\u00f3k \u00e9s \u00e1tvev\u0151k?<\/strong><\/p>\n<p><u><strong>Ami m\u00f6g\u00f6tte van: <\/strong><\/u><em>A Magyarorsz\u00e1gon m\u0171k\u00f6d\u0151 kkv-k mintegy 58%-a csal\u00e1di v\u00e1llalkoz\u00e1s. A m\u00e1ra gener\u00e1ci\u00f3v\u00e1lt\u00e1sra \u00e9rett v\u00e1llalkoz\u00e1sok 39%-a nem rendelkezik ut\u00f3dl\u00e1si strat\u00e9gi\u00e1val. A kudarccal v\u00e9gz\u0151d\u0151 gener\u00e1ci\u00f3v\u00e1lt\u00e1sok egyik oka, hogy az \u00e1tad\u00f3 nem avatja be ut\u00f3dl\u00e1si terveibe a leend\u0151 \u00e1tvev\u0151ket, j\u00f6jjenek ak\u00e1r csal\u00e1don bel\u00fclr\u0151l, ak\u00e1r k\u00edv\u00fclr\u0151l. Ez k\u00e9t okozatot is eredm\u00e9nyez: egyr\u00e9szt az \u00e1tvev\u0151knek nincs lehet\u0151s\u00e9g\u00fck \u00e9rdemben felk\u00e9sz\u00fclni az \u00e1tv\u00e9telre, m\u00e1sr\u00e9szt ekkor, m\u00e1r elk\u00e9sve szembes\u00fclhetnek az alap\u00edt\u00f3 sz\u00fcl\u0151k azzal, hogy gyermek\u00fck nem a csal\u00e1di v\u00e1llalkoz\u00e1sban tervezi karrierj\u00e9t.<\/em><\/p>\n<p><strong>R\u00e9sztvev\u0151k:<\/strong><\/p>\n<ul>\n<li>dr. Berendi P\u00e9ter, a Roland Divath\u00e1z m\u00e1ra visszavonult alap\u00edt\u00f3 tulajdonosa,<\/li>\n<li>Berendi Szonja \u00e9s Berendi Dominik, a Roland Divath\u00e1z ifj\u00fa tit\u00e1njai, vezet\u0151i, dr. Berendi P\u00e9ter unok\u00e1i<\/li>\n<li>Kov\u00e1cs Titusz, a Zsir\u00e1f Kreat\u00edv \u00dcgyn\u00f6ks\u00e9g alap\u00edt\u00f3ja, m\u00e1ra kreat\u00edv igazgat\u00f3ja \u00e9s Kov\u00e1cs D\u00e1niel, Zsir\u00e1f Kreat\u00edv \u00dcgyn\u00f6ks\u00e9g \u00e1tvev\u0151je, jelenlegi \u00fcgyvezet\u0151je<\/li>\n<\/ul>\n<p><strong>A workshopon a r\u00e9szv\u00e9tel ingyenes, de el\u0151zetes regisztr\u00e1ci\u00f3hoz k\u00f6t\u00f6tt.<\/strong><\/p>\n<p><strong>Regisztr\u00e1ci\u00f3 itt: <a href=\"https:\/\/form.jotform.com\/211642175479359\" target=\"_blank\" rel=\"noopener\">Ny\u00e1rind\u00edt\u00f3 workshop-sorozat &#8211; Mikort\u00f3l vonjuk be az \u00e1tad\u00f3t? 2021.06.23<\/a><\/strong><\/p>\n<p><strong>Jelentkez\u00e9si hat\u00e1rid\u0151: 2021. j\u00fanius 23. 12:00<\/strong><\/p>\n","protected":false},"featured_media":792,"menu_order":0,"template":"","meta":{"_acf_changed":false},"class_list":["post-1164","hirek","type-hirek","status-publish","has-post-thumbnail","hentry"],"acf":[],"yoast_head":"<!-- This site is optimized with the Yoast SEO plugin v27.4 - https:\/\/yoast.com\/product\/yoast-seo-wordpress\/ -->\n<title>Gener\u00e1ci\u00f3v\u00e1lt\u00e1sban nincs ny\u00e1ri sz\u00fcnet - ny\u00e1rind\u00edt\u00f3 workshopok \u00fatraval\u00f3 gondolatokkal - Seed<\/title>\n<meta name=\"robots\" content=\"index, follow, max-snippet:-1, max-image-preview:large, max-video-preview:-1\" \/>\n<link rel=\"canonical\" href=\"https:\/\/seed.hu\/hirek\/generaciovaltasban-nincs-nyari-szunet-nyarindito-workshopok-utravalo-gondolatokkal\/\" \/>\n<meta property=\"og:locale\" content=\"en_US\" \/>\n<meta property=\"og:type\" content=\"article\" \/>\n<meta property=\"og:title\" content=\"Gener\u00e1ci\u00f3v\u00e1lt\u00e1sban nincs ny\u00e1ri sz\u00fcnet - ny\u00e1rind\u00edt\u00f3 workshopok \u00fatraval\u00f3 gondolatokkal - Seed\" \/>\n<meta property=\"og:description\" content=\"Tudjuk, hogy egy v\u00e1llalkoz\u00e1s eg\u00e9sz \u00e9ves figyelmet ig\u00e9nyel, k\u00fcl\u00f6n\u00f6sen, ha csal\u00e1di v\u00e1llalkoz\u00e1sr\u00f3l van sz\u00f3, ahol a tulajdonos vezet\u0151k sz\u00e1m\u00e1ra a nyaral\u00e1s alatt sem \u00e1ll meg a biznisz. A Kur\u00e1zsi Konzorcium r\u00e9sz\u00e9r\u0151l bev\u00e1lt j\u00f3gyakorlatokkal \u00e9s szak\u00e9rt\u0151i t\u00e1mogat\u00e1ssal szeretn\u00e9nk seg\u00edts\u00e9get adni azon csal\u00e1di v\u00e1llalkoz\u00e1sok vezet\u0151inek, \u00e1tad\u00f3inak \u00e9s (leend\u0151) \u00e1tvev\u0151inek, akikn\u00e9l meg\u00e9rtek a folyamatok a gener\u00e1ci\u00f3v\u00e1lt\u00e1s el\u0151k\u00e9sz\u00edt\u00e9s\u00e9re, a [&hellip;]\" \/>\n<meta property=\"og:url\" content=\"https:\/\/seed.hu\/hirek\/generaciovaltasban-nincs-nyari-szunet-nyarindito-workshopok-utravalo-gondolatokkal\/\" \/>\n<meta property=\"og:site_name\" content=\"Seed\" \/>\n<meta property=\"article:modified_time\" content=\"2022-01-26T18:28:32+00:00\" \/>\n<meta property=\"og:image\" content=\"https:\/\/seed.hu\/wp-content\/uploads\/2018\/04\/SEED_logo.png\" \/>\n\t<meta property=\"og:image:width\" content=\"250\" \/>\n\t<meta property=\"og:image:height\" content=\"206\" \/>\n\t<meta property=\"og:image:type\" content=\"image\/png\" \/>\n<meta name=\"twitter:card\" content=\"summary_large_image\" \/>\n<meta name=\"twitter:label1\" content=\"Est. reading time\" \/>\n\t<meta name=\"twitter:data1\" content=\"5 minutes\" \/>\n<script type=\"application\/ld+json\" class=\"yoast-schema-graph\">{\"@context\":\"https:\\\/\\\/schema.org\",\"@graph\":[{\"@type\":\"WebPage\",\"@id\":\"https:\\\/\\\/seed.hu\\\/hirek\\\/generaciovaltasban-nincs-nyari-szunet-nyarindito-workshopok-utravalo-gondolatokkal\\\/\",\"url\":\"https:\\\/\\\/seed.hu\\\/hirek\\\/generaciovaltasban-nincs-nyari-szunet-nyarindito-workshopok-utravalo-gondolatokkal\\\/\",\"name\":\"Gener\u00e1ci\u00f3v\u00e1lt\u00e1sban nincs ny\u00e1ri sz\u00fcnet - ny\u00e1rind\u00edt\u00f3 workshopok \u00fatraval\u00f3 gondolatokkal - Seed\",\"isPartOf\":{\"@id\":\"https:\\\/\\\/seed.hu\\\/#website\"},\"primaryImageOfPage\":{\"@id\":\"https:\\\/\\\/seed.hu\\\/hirek\\\/generaciovaltasban-nincs-nyari-szunet-nyarindito-workshopok-utravalo-gondolatokkal\\\/#primaryimage\"},\"image\":{\"@id\":\"https:\\\/\\\/seed.hu\\\/hirek\\\/generaciovaltasban-nincs-nyari-szunet-nyarindito-workshopok-utravalo-gondolatokkal\\\/#primaryimage\"},\"thumbnailUrl\":\"https:\\\/\\\/seed.hu\\\/wp-content\\\/uploads\\\/2018\\\/04\\\/SEED_logo.png\",\"datePublished\":\"2021-06-13T16:50:26+00:00\",\"dateModified\":\"2022-01-26T18:28:32+00:00\",\"breadcrumb\":{\"@id\":\"https:\\\/\\\/seed.hu\\\/hirek\\\/generaciovaltasban-nincs-nyari-szunet-nyarindito-workshopok-utravalo-gondolatokkal\\\/#breadcrumb\"},\"inLanguage\":\"en-US\",\"potentialAction\":[{\"@type\":\"ReadAction\",\"target\":[\"https:\\\/\\\/seed.hu\\\/hirek\\\/generaciovaltasban-nincs-nyari-szunet-nyarindito-workshopok-utravalo-gondolatokkal\\\/\"]}]},{\"@type\":\"ImageObject\",\"inLanguage\":\"en-US\",\"@id\":\"https:\\\/\\\/seed.hu\\\/hirek\\\/generaciovaltasban-nincs-nyari-szunet-nyarindito-workshopok-utravalo-gondolatokkal\\\/#primaryimage\",\"url\":\"https:\\\/\\\/seed.hu\\\/wp-content\\\/uploads\\\/2018\\\/04\\\/SEED_logo.png\",\"contentUrl\":\"https:\\\/\\\/seed.hu\\\/wp-content\\\/uploads\\\/2018\\\/04\\\/SEED_logo.png\",\"width\":250,\"height\":206},{\"@type\":\"BreadcrumbList\",\"@id\":\"https:\\\/\\\/seed.hu\\\/hirek\\\/generaciovaltasban-nincs-nyari-szunet-nyarindito-workshopok-utravalo-gondolatokkal\\\/#breadcrumb\",\"itemListElement\":[{\"@type\":\"ListItem\",\"position\":1,\"name\":\"H\u00edrek\",\"item\":\"https:\\\/\\\/seed.hu\\\/hirek\\\/\"},{\"@type\":\"ListItem\",\"position\":2,\"name\":\"Gener\u00e1ci\u00f3v\u00e1lt\u00e1sban nincs ny\u00e1ri sz\u00fcnet &#8211; ny\u00e1rind\u00edt\u00f3 workshopok \u00fatraval\u00f3 gondolatokkal\"}]},{\"@type\":\"WebSite\",\"@id\":\"https:\\\/\\\/seed.hu\\\/#website\",\"url\":\"https:\\\/\\\/seed.hu\\\/\",\"name\":\"Seed\",\"description\":\"\",\"potentialAction\":[{\"@type\":\"SearchAction\",\"target\":{\"@type\":\"EntryPoint\",\"urlTemplate\":\"https:\\\/\\\/seed.hu\\\/?s={search_term_string}\"},\"query-input\":{\"@type\":\"PropertyValueSpecification\",\"valueRequired\":true,\"valueName\":\"search_term_string\"}}],\"inLanguage\":\"en-US\"}]}<\/script>\n<!-- \/ Yoast SEO plugin. -->","yoast_head_json":{"title":"Gener\u00e1ci\u00f3v\u00e1lt\u00e1sban nincs ny\u00e1ri sz\u00fcnet - ny\u00e1rind\u00edt\u00f3 workshopok \u00fatraval\u00f3 gondolatokkal - Seed","robots":{"index":"index","follow":"follow","max-snippet":"max-snippet:-1","max-image-preview":"max-image-preview:large","max-video-preview":"max-video-preview:-1"},"canonical":"https:\/\/seed.hu\/hirek\/generaciovaltasban-nincs-nyari-szunet-nyarindito-workshopok-utravalo-gondolatokkal\/","og_locale":"en_US","og_type":"article","og_title":"Gener\u00e1ci\u00f3v\u00e1lt\u00e1sban nincs ny\u00e1ri sz\u00fcnet - ny\u00e1rind\u00edt\u00f3 workshopok \u00fatraval\u00f3 gondolatokkal - Seed","og_description":"Tudjuk, hogy egy v\u00e1llalkoz\u00e1s eg\u00e9sz \u00e9ves figyelmet ig\u00e9nyel, k\u00fcl\u00f6n\u00f6sen, ha csal\u00e1di v\u00e1llalkoz\u00e1sr\u00f3l van sz\u00f3, ahol a tulajdonos vezet\u0151k sz\u00e1m\u00e1ra a nyaral\u00e1s alatt sem \u00e1ll meg a biznisz. A Kur\u00e1zsi Konzorcium r\u00e9sz\u00e9r\u0151l bev\u00e1lt j\u00f3gyakorlatokkal \u00e9s szak\u00e9rt\u0151i t\u00e1mogat\u00e1ssal szeretn\u00e9nk seg\u00edts\u00e9get adni azon csal\u00e1di v\u00e1llalkoz\u00e1sok vezet\u0151inek, \u00e1tad\u00f3inak \u00e9s (leend\u0151) \u00e1tvev\u0151inek, akikn\u00e9l meg\u00e9rtek a folyamatok a gener\u00e1ci\u00f3v\u00e1lt\u00e1s el\u0151k\u00e9sz\u00edt\u00e9s\u00e9re, a [&hellip;]","og_url":"https:\/\/seed.hu\/hirek\/generaciovaltasban-nincs-nyari-szunet-nyarindito-workshopok-utravalo-gondolatokkal\/","og_site_name":"Seed","article_modified_time":"2022-01-26T18:28:32+00:00","og_image":[{"width":250,"height":206,"url":"https:\/\/seed.hu\/wp-content\/uploads\/2018\/04\/SEED_logo.png","type":"image\/png"}],"twitter_card":"summary_large_image","twitter_misc":{"Est. reading time":"5 minutes"},"schema":{"@context":"https:\/\/schema.org","@graph":[{"@type":"WebPage","@id":"https:\/\/seed.hu\/hirek\/generaciovaltasban-nincs-nyari-szunet-nyarindito-workshopok-utravalo-gondolatokkal\/","url":"https:\/\/seed.hu\/hirek\/generaciovaltasban-nincs-nyari-szunet-nyarindito-workshopok-utravalo-gondolatokkal\/","name":"Gener\u00e1ci\u00f3v\u00e1lt\u00e1sban nincs ny\u00e1ri sz\u00fcnet - ny\u00e1rind\u00edt\u00f3 workshopok \u00fatraval\u00f3 gondolatokkal - Seed","isPartOf":{"@id":"https:\/\/seed.hu\/#website"},"primaryImageOfPage":{"@id":"https:\/\/seed.hu\/hirek\/generaciovaltasban-nincs-nyari-szunet-nyarindito-workshopok-utravalo-gondolatokkal\/#primaryimage"},"image":{"@id":"https:\/\/seed.hu\/hirek\/generaciovaltasban-nincs-nyari-szunet-nyarindito-workshopok-utravalo-gondolatokkal\/#primaryimage"},"thumbnailUrl":"https:\/\/seed.hu\/wp-content\/uploads\/2018\/04\/SEED_logo.png","datePublished":"2021-06-13T16:50:26+00:00","dateModified":"2022-01-26T18:28:32+00:00","breadcrumb":{"@id":"https:\/\/seed.hu\/hirek\/generaciovaltasban-nincs-nyari-szunet-nyarindito-workshopok-utravalo-gondolatokkal\/#breadcrumb"},"inLanguage":"en-US","potentialAction":[{"@type":"ReadAction","target":["https:\/\/seed.hu\/hirek\/generaciovaltasban-nincs-nyari-szunet-nyarindito-workshopok-utravalo-gondolatokkal\/"]}]},{"@type":"ImageObject","inLanguage":"en-US","@id":"https:\/\/seed.hu\/hirek\/generaciovaltasban-nincs-nyari-szunet-nyarindito-workshopok-utravalo-gondolatokkal\/#primaryimage","url":"https:\/\/seed.hu\/wp-content\/uploads\/2018\/04\/SEED_logo.png","contentUrl":"https:\/\/seed.hu\/wp-content\/uploads\/2018\/04\/SEED_logo.png","width":250,"height":206},{"@type":"BreadcrumbList","@id":"https:\/\/seed.hu\/hirek\/generaciovaltasban-nincs-nyari-szunet-nyarindito-workshopok-utravalo-gondolatokkal\/#breadcrumb","itemListElement":[{"@type":"ListItem","position":1,"name":"H\u00edrek","item":"https:\/\/seed.hu\/hirek\/"},{"@type":"ListItem","position":2,"name":"Gener\u00e1ci\u00f3v\u00e1lt\u00e1sban nincs ny\u00e1ri sz\u00fcnet &#8211; ny\u00e1rind\u00edt\u00f3 workshopok \u00fatraval\u00f3 gondolatokkal"}]},{"@type":"WebSite","@id":"https:\/\/seed.hu\/#website","url":"https:\/\/seed.hu\/","name":"Seed","description":"","potentialAction":[{"@type":"SearchAction","target":{"@type":"EntryPoint","urlTemplate":"https:\/\/seed.hu\/?s={search_term_string}"},"query-input":{"@type":"PropertyValueSpecification","valueRequired":true,"valueName":"search_term_string"}}],"inLanguage":"en-US"}]}},"_links":{"self":[{"href":"https:\/\/seed.hu\/en\/wp-json\/wp\/v2\/hirek\/1164","targetHints":{"allow":["GET"]}}],"collection":[{"href":"https:\/\/seed.hu\/en\/wp-json\/wp\/v2\/hirek"}],"about":[{"href":"https:\/\/seed.hu\/en\/wp-json\/wp\/v2\/types\/hirek"}],"wp:featuredmedia":[{"embeddable":true,"href":"https:\/\/seed.hu\/en\/wp-json\/wp\/v2\/media\/792"}],"wp:attachment":[{"href":"https:\/\/seed.hu\/en\/wp-json\/wp\/v2\/media?parent=1164"}],"curies":[{"name":"wp","href":"https:\/\/api.w.org\/{rel}","templated":true}]}}