{"id":1169,"date":"2021-07-02T12:27:11","date_gmt":"2021-07-02T10:27:11","guid":{"rendered":"https:\/\/seed.hu\/?post_type=hirek&#038;p=1169"},"modified":"2022-01-26T19:34:17","modified_gmt":"2022-01-26T18:34:17","slug":"kurazsi-konzorcium-workshop-sorozat-julius-7-1600-1730-hogyan-keszitsunk-utodlasi-tervet","status":"publish","type":"hirek","link":"https:\/\/seed.hu\/en\/hirek\/kurazsi-konzorcium-workshop-sorozat-julius-7-1600-1730-hogyan-keszitsunk-utodlasi-tervet\/","title":{"rendered":"Kur\u00e1zsi Konzorcium workshop-sorozat -j\u00falius 7. 16:00-17:30 &#8211; &#8221; Hogyan k\u00e9sz\u00edts\u00fcnk ut\u00f3dl\u00e1si tervet?&#8221;"},"content":{"rendered":"<p><a href=\"https:\/\/seed.hu\/fooldal\/kurazsi_konzorcium\/\" rel=\"attachment wp-att-769\"><img loading=\"lazy\" decoding=\"async\" class=\"alignnone wp-image-769 size-full\" src=\"https:\/\/seed.hu\/wp-content\/uploads\/2021\/11\/Kurazsi_Konzorcium.png\" alt=\"\" width=\"442\" height=\"156\" srcset=\"https:\/\/seed.hu\/wp-content\/uploads\/2021\/11\/Kurazsi_Konzorcium.png 442w, https:\/\/seed.hu\/wp-content\/uploads\/2021\/11\/Kurazsi_Konzorcium-300x106.png 300w\" sizes=\"auto, (max-width: 442px) 100vw, 442px\" \/><\/a><\/p>\n<p><span style=\"color: #99cc5a;\"><strong><span style=\"font-size: 20px;\">Gener\u00e1ci\u00f3v\u00e1lt\u00e1sban nincs ny\u00e1ri sz\u00fcnet &#8211; ny\u00e1rind\u00edt\u00f3 workshopok \u00fatraval\u00f3 gondolatokkal<\/span><\/strong><\/span><\/p>\n<p style=\"text-align: center;\"><iframe loading=\"lazy\" src=\"https:\/\/www.youtube.com\/embed\/Ckr0mbmAL2o\" width=\"533\" height=\"300\" frameborder=\"0\" allowfullscreen=\"allowfullscreen\"><\/iframe><\/p>\n<p>&nbsp;<\/p>\n<p>J\u00falius 7-\u00e9n z\u00e1rul a Kur\u00e1zsi Konzorcium ny\u00e1rind\u00edt\u00f3 workshop-sorozata.<\/p>\n<p>Az els\u0151 alkalommal k\u00e9t olyan j\u00f3gyakorlatot ismerhett\u00fcnk meg a Roland Divath\u00e1z \u00e9s a Zsir\u00e1f Kreat\u00edv \u00dcgyn\u00f6ks\u00e9g p\u00e9ld\u00e1j\u00e1n kereszt\u00fcl arr\u00f3l, MIKORT\u00d3L \u00c9RDEMES BEVONNI A LEEND\u0150 \u00c1TVEV\u0150KET a c\u00e9g m\u0171k\u00f6d\u00e9s\u00e9be.<\/p>\n<p>Vide\u00f3 itt: <strong><a href=\"https:\/\/www.youtube.com\/watch?v=3mBll3ZP-Pw\" target=\"_blank\" rel=\"noopener\">Kurazsi Konzorcium Workshop &#8211; Mikort\u00f3l \u00e9rdemes bevonni az ut\u00f3dokat a c\u00e9g \u00e9let\u00e9be? &#8211; YouTube<\/a><\/strong><\/p>\n<p>A m\u00e1sodik alkalommal arr\u00f3l hallhattunk p\u00e9ld\u00e1kat a Rudas Holding, a Bring\u00f3hint\u00f3 Kft. \u00e9s a R\u00e1cz Consulting tulajdonosait\u00f3l arr\u00f3l, HOGYAN ALAK\u00cdTSUK KI GYERMEKEINKBEN A TULAJDONOSI SZEML\u00c9LETET akkor is, ha a csal\u00e1di v\u00e1llalkoz\u00e1s operat\u00edv vezet\u00e9s\u00e9ben nem k\u00edv\u00e1nnak r\u00e9szt venni.<\/p>\n<p>Vide\u00f3 itt: <a href=\"https:\/\/www.youtube.com\/watch?v=1HybVNFpfSI\" target=\"_blank\" rel=\"noopener\"><strong>Kurazsi Konzorcium Workshop 2021 &#8211; A tulajdonosi szeml\u00e9let kialak\u00edt\u00e1sa &#8211; YouTube<\/strong><\/a><\/p>\n<p><u><strong>E heti t\u00e9ma:<\/strong><\/u><\/p>\n<p><strong>HOGYAN K\u00c9SZ\u00cdTS\u00dcNK UT\u00d3DL\u00c1SI TERVET? Jogi szak\u00e9rt\u0151i el\u0151ad\u00e1s az ut\u00f3dl\u00e1si terv tartalm\u00e1r\u00f3l, l\u00e9p\u00e9seir\u0151l<\/strong><\/p>\n<p>Ak\u00e1r csal\u00e1don k\u00edv\u00fcl, ak\u00e1r csal\u00e1don bel\u00fcl tervezi az alap\u00edt\u00f3 tulajdonos a c\u00e9g tov\u00e1bbad\u00e1s\u00e1t, legal\u00e1bb 3-5 \u00e9ves gondos el\u0151k\u00e9sz\u00edt\u00e9s sz\u00fcks\u00e9ges a sikeres gener\u00e1ci\u00f3v\u00e1lt\u00e1shoz. Ennek nem csak a csal\u00e1di viszonyok tiszt\u00e1z\u00e1sa, c\u00e9ghez f\u0171z\u0151d\u0151 kapcsolatok \u00e1tbesz\u00e9l\u00e9se, elfogad\u00e1sa sz\u00fcks\u00e9ges a csal\u00e1dtagok \u00e1ltal, de a sz\u00fcks\u00e9ges jogi keretek megalkot\u00e1sa is.<\/p>\n<p><u><strong>Megh\u00edvott jogi szak\u00e9rt\u0151:<\/strong><\/u><\/p>\n<p><strong>dr. Parragi Edina irodavezet\u0151 \u00fcgyv\u00e9d, az MPK Partners \u00dcgyv\u00e9di T\u00e1rsul\u00e1s alap\u00edt\u00f3 tagja.<\/strong><\/p>\n<p><u><strong>A workshop id\u0151pontja:<\/strong><\/u><\/p>\n<p>2021. j\u00falius 7., szerda, 16:00-17:30.<\/p>\n<p><u><strong>Az el\u0151ad\u00f3r\u00f3l:<\/strong><\/u><\/p>\n<p>Parragi Edina szerte\u00e1gaz\u00f3 szakter\u00fcleteinek egyike a csal\u00e1di v\u00e1llalkoz\u00e1sok ut\u00f3dl\u00e1stervez\u00e9se. 2019-ben a Vil\u00e1ggazdas\u00e1gban megjelent publik\u00e1ci\u00f3j\u00e1ban \u00edgy v\u00e9lekedik az ut\u00f3dl\u00e1stervez\u00e9s fontoss\u00e1g\u00e1r\u00f3l:<\/p>\n<p>\u201eA csal\u00e1di v\u00e1llalkoz\u00e1sok tulajdonosainak felt\u00e9tlen\u00fcl sz\u00fcks\u00e9ges lenne felk\u00e9sz\u00fclni\u00fck arra, hogy tudatosan, \u00e1tgondoltan, folyamatosan \u00e9s szab\u00e1lyozottan adj\u00e1k \u00e1t az \u00e1ltaluk f\u00e1rads\u00e1gos munk\u00e1val megteremtett \u00e9rt\u00e9keket.<\/p>\n<p>Nem arra \u00f6szt\u00f6nz\u00f6m a csal\u00e1di v\u00e1llalkoz\u00e1sok tulajdonosait, vezet\u0151it, hogy hal\u00e1lukra k\u00e9sz\u00fclve id\u0151 el\u0151tt adj\u00e1k fel \u00e9s adj\u00e1k \u00e1t ut\u00f3daiknak azt, amit egy \u00e9let alatt megteremtettek, hanem arra, hogy a jog eszk\u00f6zeit is felhaszn\u00e1lva adj\u00e1k \u00e1t, \u201e\u00f6r\u00f6k\u00edts\u00e9k tov\u00e1bb\u201d \u00e9rt\u00e9kes tud\u00e1sukat. Mindez mag\u00e1ban fogalja saj\u00e1t szakm\u00e1juk kiemelked\u0151 ismeret\u00e9t \u00e9s c\u00e9g\u00fck m\u0171k\u00f6dtet\u00e9s\u00e9nek ismeretanyag\u00e1t is. Meggy\u0151z\u0151d\u00e9sem, hogy ha az \u00faj gener\u00e1ci\u00f3 tagjai a modern elm\u00e9leti \u00e9s gyakorlati ismeretanyagot az el\u0151z\u0151 gener\u00e1ci\u00f3 \u00e1t\u00f6r\u00f6k\u00edtett \u00e9rt\u00e9keivel \u00e9s bels\u0151 tud\u00e1s\u00e1val \u00f6tv\u00f6zni tudj\u00e1k, \u00fagy a csal\u00e1di v\u00e1llalkoz\u00e1sok gener\u00e1ci\u00f3kon kereszt\u00fcl sikerre \u00edt\u00e9ltetnek. A csal\u00e1di v\u00e1llalkoz\u00e1sok sikeres ut\u00f3dl\u00e1stervez\u00e9se, fokozatos \u00e9s eredm\u00e9nyes megval\u00f3s\u00edt\u00e1sa lehet\u0151s\u00e9get \u00e9s biztos alapot teremt a t\u00e1rsadalom \u00e9s a gazdas\u00e1g sz\u00e1m\u00e1ra egyar\u00e1nt.\u201d (Forr\u00e1s: <a href=\"http:\/\/mpk-partners.com\/2019\/11\/12\/csaladi-vallalkozasok-utodlastervezeserol-szolo-cikk-vilaggazdasagban\/\" target=\"_blank\" rel=\"noopener\"><strong>Csal\u00e1di v\u00e1llalkoz\u00e1sok ut\u00f3dl\u00e1stervez\u00e9s\u00e9r\u0151l sz\u00f3l\u00f3 cikk a Vil\u00e1ggazdas\u00e1gban &#8211; MPK Partners : MPK Partners (mpk-partners.com<\/strong><\/a>)<\/p>\n<p><strong>A workshopon a r\u00e9szv\u00e9tel ingyenes, de el\u0151zetes regisztr\u00e1ci\u00f3hoz k\u00f6t\u00f6tt.<\/strong><\/p>\n<p>Regisztr\u00e1ci\u00f3 itt: <a href=\"https:\/\/form.jotform.com\/211812090900343\" target=\"_blank\" rel=\"noopener\"><strong>https:\/\/form.jotform.com\/211812090900343<\/strong><\/a><\/p>\n<p><strong>Jelentkez\u00e9si hat\u00e1rid\u0151: 2021. j\u00falius 7. 12:00<\/strong><\/p>\n","protected":false},"featured_media":792,"menu_order":0,"template":"","meta":{"_acf_changed":false},"class_list":["post-1169","hirek","type-hirek","status-publish","has-post-thumbnail","hentry"],"acf":[],"yoast_head":"<!-- This site is optimized with the Yoast SEO plugin v27.4 - https:\/\/yoast.com\/product\/yoast-seo-wordpress\/ -->\n<title>Kur\u00e1zsi Konzorcium workshop-sorozat -j\u00falius 7. 16:00-17:30 - &quot; Hogyan k\u00e9sz\u00edts\u00fcnk ut\u00f3dl\u00e1si tervet?&quot; - Seed<\/title>\n<meta name=\"robots\" content=\"index, follow, max-snippet:-1, max-image-preview:large, max-video-preview:-1\" \/>\n<link rel=\"canonical\" href=\"https:\/\/seed.hu\/hirek\/kurazsi-konzorcium-workshop-sorozat-julius-7-1600-1730-hogyan-keszitsunk-utodlasi-tervet\/\" \/>\n<meta property=\"og:locale\" content=\"en_US\" \/>\n<meta property=\"og:type\" content=\"article\" \/>\n<meta property=\"og:title\" content=\"Kur\u00e1zsi Konzorcium workshop-sorozat -j\u00falius 7. 16:00-17:30 - &quot; Hogyan k\u00e9sz\u00edts\u00fcnk ut\u00f3dl\u00e1si tervet?&quot; - Seed\" \/>\n<meta property=\"og:description\" content=\"Gener\u00e1ci\u00f3v\u00e1lt\u00e1sban nincs ny\u00e1ri sz\u00fcnet &#8211; ny\u00e1rind\u00edt\u00f3 workshopok \u00fatraval\u00f3 gondolatokkal &nbsp; J\u00falius 7-\u00e9n z\u00e1rul a Kur\u00e1zsi Konzorcium ny\u00e1rind\u00edt\u00f3 workshop-sorozata. Az els\u0151 alkalommal k\u00e9t olyan j\u00f3gyakorlatot ismerhett\u00fcnk meg a Roland Divath\u00e1z \u00e9s a Zsir\u00e1f Kreat\u00edv \u00dcgyn\u00f6ks\u00e9g p\u00e9ld\u00e1j\u00e1n kereszt\u00fcl arr\u00f3l, MIKORT\u00d3L \u00c9RDEMES BEVONNI A LEEND\u0150 \u00c1TVEV\u0150KET a c\u00e9g m\u0171k\u00f6d\u00e9s\u00e9be. Vide\u00f3 itt: Kurazsi Konzorcium Workshop &#8211; Mikort\u00f3l \u00e9rdemes bevonni [&hellip;]\" \/>\n<meta property=\"og:url\" content=\"https:\/\/seed.hu\/hirek\/kurazsi-konzorcium-workshop-sorozat-julius-7-1600-1730-hogyan-keszitsunk-utodlasi-tervet\/\" \/>\n<meta property=\"og:site_name\" content=\"Seed\" \/>\n<meta property=\"article:modified_time\" content=\"2022-01-26T18:34:17+00:00\" \/>\n<meta property=\"og:image\" content=\"https:\/\/seed.hu\/wp-content\/uploads\/2018\/04\/SEED_logo.png\" \/>\n\t<meta property=\"og:image:width\" content=\"250\" \/>\n\t<meta property=\"og:image:height\" content=\"206\" \/>\n\t<meta property=\"og:image:type\" content=\"image\/png\" \/>\n<meta name=\"twitter:card\" content=\"summary_large_image\" \/>\n<meta name=\"twitter:label1\" content=\"Est. reading time\" \/>\n\t<meta name=\"twitter:data1\" content=\"3 minutes\" \/>\n<script type=\"application\/ld+json\" class=\"yoast-schema-graph\">{\"@context\":\"https:\\\/\\\/schema.org\",\"@graph\":[{\"@type\":\"WebPage\",\"@id\":\"https:\\\/\\\/seed.hu\\\/hirek\\\/kurazsi-konzorcium-workshop-sorozat-julius-7-1600-1730-hogyan-keszitsunk-utodlasi-tervet\\\/\",\"url\":\"https:\\\/\\\/seed.hu\\\/hirek\\\/kurazsi-konzorcium-workshop-sorozat-julius-7-1600-1730-hogyan-keszitsunk-utodlasi-tervet\\\/\",\"name\":\"Kur\u00e1zsi Konzorcium workshop-sorozat -j\u00falius 7. 16:00-17:30 - \\\" Hogyan k\u00e9sz\u00edts\u00fcnk ut\u00f3dl\u00e1si tervet?\\\" - Seed\",\"isPartOf\":{\"@id\":\"https:\\\/\\\/seed.hu\\\/#website\"},\"primaryImageOfPage\":{\"@id\":\"https:\\\/\\\/seed.hu\\\/hirek\\\/kurazsi-konzorcium-workshop-sorozat-julius-7-1600-1730-hogyan-keszitsunk-utodlasi-tervet\\\/#primaryimage\"},\"image\":{\"@id\":\"https:\\\/\\\/seed.hu\\\/hirek\\\/kurazsi-konzorcium-workshop-sorozat-julius-7-1600-1730-hogyan-keszitsunk-utodlasi-tervet\\\/#primaryimage\"},\"thumbnailUrl\":\"https:\\\/\\\/seed.hu\\\/wp-content\\\/uploads\\\/2018\\\/04\\\/SEED_logo.png\",\"datePublished\":\"2021-07-02T10:27:11+00:00\",\"dateModified\":\"2022-01-26T18:34:17+00:00\",\"breadcrumb\":{\"@id\":\"https:\\\/\\\/seed.hu\\\/hirek\\\/kurazsi-konzorcium-workshop-sorozat-julius-7-1600-1730-hogyan-keszitsunk-utodlasi-tervet\\\/#breadcrumb\"},\"inLanguage\":\"en-US\",\"potentialAction\":[{\"@type\":\"ReadAction\",\"target\":[\"https:\\\/\\\/seed.hu\\\/hirek\\\/kurazsi-konzorcium-workshop-sorozat-julius-7-1600-1730-hogyan-keszitsunk-utodlasi-tervet\\\/\"]}]},{\"@type\":\"ImageObject\",\"inLanguage\":\"en-US\",\"@id\":\"https:\\\/\\\/seed.hu\\\/hirek\\\/kurazsi-konzorcium-workshop-sorozat-julius-7-1600-1730-hogyan-keszitsunk-utodlasi-tervet\\\/#primaryimage\",\"url\":\"https:\\\/\\\/seed.hu\\\/wp-content\\\/uploads\\\/2018\\\/04\\\/SEED_logo.png\",\"contentUrl\":\"https:\\\/\\\/seed.hu\\\/wp-content\\\/uploads\\\/2018\\\/04\\\/SEED_logo.png\",\"width\":250,\"height\":206},{\"@type\":\"BreadcrumbList\",\"@id\":\"https:\\\/\\\/seed.hu\\\/hirek\\\/kurazsi-konzorcium-workshop-sorozat-julius-7-1600-1730-hogyan-keszitsunk-utodlasi-tervet\\\/#breadcrumb\",\"itemListElement\":[{\"@type\":\"ListItem\",\"position\":1,\"name\":\"H\u00edrek\",\"item\":\"https:\\\/\\\/seed.hu\\\/hirek\\\/\"},{\"@type\":\"ListItem\",\"position\":2,\"name\":\"Kur\u00e1zsi Konzorcium workshop-sorozat -j\u00falius 7. 16:00-17:30 &#8211; &#8221; Hogyan k\u00e9sz\u00edts\u00fcnk ut\u00f3dl\u00e1si tervet?&#8221;\"}]},{\"@type\":\"WebSite\",\"@id\":\"https:\\\/\\\/seed.hu\\\/#website\",\"url\":\"https:\\\/\\\/seed.hu\\\/\",\"name\":\"Seed\",\"description\":\"\",\"potentialAction\":[{\"@type\":\"SearchAction\",\"target\":{\"@type\":\"EntryPoint\",\"urlTemplate\":\"https:\\\/\\\/seed.hu\\\/?s={search_term_string}\"},\"query-input\":{\"@type\":\"PropertyValueSpecification\",\"valueRequired\":true,\"valueName\":\"search_term_string\"}}],\"inLanguage\":\"en-US\"}]}<\/script>\n<!-- \/ Yoast SEO plugin. -->","yoast_head_json":{"title":"Kur\u00e1zsi Konzorcium workshop-sorozat -j\u00falius 7. 16:00-17:30 - \" Hogyan k\u00e9sz\u00edts\u00fcnk ut\u00f3dl\u00e1si tervet?\" - Seed","robots":{"index":"index","follow":"follow","max-snippet":"max-snippet:-1","max-image-preview":"max-image-preview:large","max-video-preview":"max-video-preview:-1"},"canonical":"https:\/\/seed.hu\/hirek\/kurazsi-konzorcium-workshop-sorozat-julius-7-1600-1730-hogyan-keszitsunk-utodlasi-tervet\/","og_locale":"en_US","og_type":"article","og_title":"Kur\u00e1zsi Konzorcium workshop-sorozat -j\u00falius 7. 16:00-17:30 - \" Hogyan k\u00e9sz\u00edts\u00fcnk ut\u00f3dl\u00e1si tervet?\" - Seed","og_description":"Gener\u00e1ci\u00f3v\u00e1lt\u00e1sban nincs ny\u00e1ri sz\u00fcnet &#8211; ny\u00e1rind\u00edt\u00f3 workshopok \u00fatraval\u00f3 gondolatokkal &nbsp; J\u00falius 7-\u00e9n z\u00e1rul a Kur\u00e1zsi Konzorcium ny\u00e1rind\u00edt\u00f3 workshop-sorozata. Az els\u0151 alkalommal k\u00e9t olyan j\u00f3gyakorlatot ismerhett\u00fcnk meg a Roland Divath\u00e1z \u00e9s a Zsir\u00e1f Kreat\u00edv \u00dcgyn\u00f6ks\u00e9g p\u00e9ld\u00e1j\u00e1n kereszt\u00fcl arr\u00f3l, MIKORT\u00d3L \u00c9RDEMES BEVONNI A LEEND\u0150 \u00c1TVEV\u0150KET a c\u00e9g m\u0171k\u00f6d\u00e9s\u00e9be. Vide\u00f3 itt: Kurazsi Konzorcium Workshop &#8211; Mikort\u00f3l \u00e9rdemes bevonni [&hellip;]","og_url":"https:\/\/seed.hu\/hirek\/kurazsi-konzorcium-workshop-sorozat-julius-7-1600-1730-hogyan-keszitsunk-utodlasi-tervet\/","og_site_name":"Seed","article_modified_time":"2022-01-26T18:34:17+00:00","og_image":[{"width":250,"height":206,"url":"https:\/\/seed.hu\/wp-content\/uploads\/2018\/04\/SEED_logo.png","type":"image\/png"}],"twitter_card":"summary_large_image","twitter_misc":{"Est. reading time":"3 minutes"},"schema":{"@context":"https:\/\/schema.org","@graph":[{"@type":"WebPage","@id":"https:\/\/seed.hu\/hirek\/kurazsi-konzorcium-workshop-sorozat-julius-7-1600-1730-hogyan-keszitsunk-utodlasi-tervet\/","url":"https:\/\/seed.hu\/hirek\/kurazsi-konzorcium-workshop-sorozat-julius-7-1600-1730-hogyan-keszitsunk-utodlasi-tervet\/","name":"Kur\u00e1zsi Konzorcium workshop-sorozat -j\u00falius 7. 16:00-17:30 - \" Hogyan k\u00e9sz\u00edts\u00fcnk ut\u00f3dl\u00e1si tervet?\" - Seed","isPartOf":{"@id":"https:\/\/seed.hu\/#website"},"primaryImageOfPage":{"@id":"https:\/\/seed.hu\/hirek\/kurazsi-konzorcium-workshop-sorozat-julius-7-1600-1730-hogyan-keszitsunk-utodlasi-tervet\/#primaryimage"},"image":{"@id":"https:\/\/seed.hu\/hirek\/kurazsi-konzorcium-workshop-sorozat-julius-7-1600-1730-hogyan-keszitsunk-utodlasi-tervet\/#primaryimage"},"thumbnailUrl":"https:\/\/seed.hu\/wp-content\/uploads\/2018\/04\/SEED_logo.png","datePublished":"2021-07-02T10:27:11+00:00","dateModified":"2022-01-26T18:34:17+00:00","breadcrumb":{"@id":"https:\/\/seed.hu\/hirek\/kurazsi-konzorcium-workshop-sorozat-julius-7-1600-1730-hogyan-keszitsunk-utodlasi-tervet\/#breadcrumb"},"inLanguage":"en-US","potentialAction":[{"@type":"ReadAction","target":["https:\/\/seed.hu\/hirek\/kurazsi-konzorcium-workshop-sorozat-julius-7-1600-1730-hogyan-keszitsunk-utodlasi-tervet\/"]}]},{"@type":"ImageObject","inLanguage":"en-US","@id":"https:\/\/seed.hu\/hirek\/kurazsi-konzorcium-workshop-sorozat-julius-7-1600-1730-hogyan-keszitsunk-utodlasi-tervet\/#primaryimage","url":"https:\/\/seed.hu\/wp-content\/uploads\/2018\/04\/SEED_logo.png","contentUrl":"https:\/\/seed.hu\/wp-content\/uploads\/2018\/04\/SEED_logo.png","width":250,"height":206},{"@type":"BreadcrumbList","@id":"https:\/\/seed.hu\/hirek\/kurazsi-konzorcium-workshop-sorozat-julius-7-1600-1730-hogyan-keszitsunk-utodlasi-tervet\/#breadcrumb","itemListElement":[{"@type":"ListItem","position":1,"name":"H\u00edrek","item":"https:\/\/seed.hu\/hirek\/"},{"@type":"ListItem","position":2,"name":"Kur\u00e1zsi Konzorcium workshop-sorozat -j\u00falius 7. 16:00-17:30 &#8211; &#8221; Hogyan k\u00e9sz\u00edts\u00fcnk ut\u00f3dl\u00e1si tervet?&#8221;"}]},{"@type":"WebSite","@id":"https:\/\/seed.hu\/#website","url":"https:\/\/seed.hu\/","name":"Seed","description":"","potentialAction":[{"@type":"SearchAction","target":{"@type":"EntryPoint","urlTemplate":"https:\/\/seed.hu\/?s={search_term_string}"},"query-input":{"@type":"PropertyValueSpecification","valueRequired":true,"valueName":"search_term_string"}}],"inLanguage":"en-US"}]}},"_links":{"self":[{"href":"https:\/\/seed.hu\/en\/wp-json\/wp\/v2\/hirek\/1169","targetHints":{"allow":["GET"]}}],"collection":[{"href":"https:\/\/seed.hu\/en\/wp-json\/wp\/v2\/hirek"}],"about":[{"href":"https:\/\/seed.hu\/en\/wp-json\/wp\/v2\/types\/hirek"}],"wp:featuredmedia":[{"embeddable":true,"href":"https:\/\/seed.hu\/en\/wp-json\/wp\/v2\/media\/792"}],"wp:attachment":[{"href":"https:\/\/seed.hu\/en\/wp-json\/wp\/v2\/media?parent=1169"}],"curies":[{"name":"wp","href":"https:\/\/api.w.org\/{rel}","templated":true}]}}