{"id":1171,"date":"2021-07-29T08:04:44","date_gmt":"2021-07-29T06:04:44","guid":{"rendered":"https:\/\/seed.hu\/?post_type=hirek&#038;p=1171"},"modified":"2022-01-26T19:37:03","modified_gmt":"2022-01-26T18:37:03","slug":"osszel-ismet-tanteremben-a-dobbanto-a-20-fos-csoportba-matol-lehet-jelentkezni","status":"publish","type":"hirek","link":"https:\/\/seed.hu\/en\/hirek\/osszel-ismet-tanteremben-a-dobbanto-a-20-fos-csoportba-matol-lehet-jelentkezni\/","title":{"rendered":"\u0150sszel ism\u00e9t tanteremben a Dobbant\u00f3! A 20 f\u0151s csoportba m\u00e1t\u00f3l lehet jelentkezni."},"content":{"rendered":"<p><a href=\"https:\/\/seed.hu\/szolgaltatasok\/dobbanto\/dobbantologo\/\" rel=\"attachment wp-att-39\"><img loading=\"lazy\" decoding=\"async\" class=\"alignnone wp-image-39 size-full\" src=\"https:\/\/seed.hu\/wp-content\/uploads\/2021\/02\/dobbantologo.jpg\" alt=\"\" width=\"384\" height=\"107\" srcset=\"https:\/\/seed.hu\/wp-content\/uploads\/2021\/02\/dobbantologo.jpg 384w, https:\/\/seed.hu\/wp-content\/uploads\/2021\/02\/dobbantologo-300x84.jpg 300w\" sizes=\"auto, (max-width: 384px) 100vw, 384px\" \/><\/a><\/p>\n<p><strong>\u0150sszel ism\u00e9t tanteremben zajlik majd a Dobbant\u00f3 tr\u00e9ning<\/strong><\/p>\n<p>A n\u0151k p\u00e9nz\u00fcgyi \u00e9s v\u00e1llalkoz\u00f3i ismereteit b\u0151v\u00edt\u0151 k\u00e9pz\u00e9sre a mai napt\u00f3l lehet jelentkezni<\/p>\n<p>Budapest, 2021. j\u00falius 29.\u00a0\u2013 <strong>A Dobbant\u00f3 Program keret\u00e9ben id\u00e9n \u0151sszel is meghirdet\u00e9sre ker\u00fcl a kompetenciafejleszt\u0151 tr\u00e9ning, amely f\u0151 c\u00e9lja a n\u0151k v\u00e1llalkoz\u00f3i ismereteinek b\u0151v\u00edt\u00e9se. Az ism\u00e9t szem\u00e9lyes jelenl\u00e9tet ig\u00e9nyl\u0151, tantermi oktat\u00e1sra jelentkezhetnek v\u00e1llalkoz\u00e1st ind\u00edt\u00f3 \u00e9s\/vagy vezet\u0151 n\u0151k egyar\u00e1nt. A program szakmai egy\u00fcttm\u0171k\u00f6d\u0151 partnere, \u00e9s a k\u00e9pz\u00e9s megval\u00f3s\u00edt\u00f3ja a v\u00e1llalkoz\u00e1sfejleszt\u00e9s elismert hazai szak\u00e9rt\u0151je, a SEED Kisv\u00e1llalkoz\u00e1s-fejleszt\u00e9si Alap\u00edtv\u00e1ny.<\/strong><\/p>\n<p>A \u201eDobbant\u00f3, Budapest Bank \u2013 p\u00e9nz\u00fcgyekr\u0151l n\u0151knek\u201d program alap\u00edt\u00e1sa \u00f3ta eltelt 11 \u00e9v tapasztalatai alapj\u00e1n elmondhat\u00f3, hogy a n\u0151k ir\u00e1ny\u00edtotta v\u00e1llalkoz\u00e1sok valamilyen t\u00e1rsadalmi \u00fcgyet k\u00e9pviselnek, \u00e9s az alacsonyabb kock\u00e1zatv\u00e1llal\u00e1s, valamint a kisebb l\u00e9pt\u00e9kben gondolkod\u00e1s jellemzi \u0151ket. Ez alapj\u00e1n a v\u00e1llalkoz\u00f3n\u0151knek a strat\u00e9giaalkot\u00e1sban (\u00fczleti \u00e9s p\u00e9nz\u00fcgyi tervez\u00e9s), az \u00fczleti kapcsolat\u00e9p\u00edt\u00e9sben \u00e9s az \u00f6nbizalom n\u00f6vel\u00e9sben van sz\u00fcks\u00e9g\u00fck igaz\u00e1n t\u00e1mogat\u00e1sra. A Dobbant\u00f3 program \u00e9pp ez\u00e9rt \u00fagy ker\u00fclt finomhangol\u00e1sra, hogy egyfel\u0151l fejlessze a v\u00e1llalkoz\u00f3i kompetenci\u00e1kat, \u00e9s \u00e1tfog\u00f3 ismereteket ny\u00fajtson a v\u00e1llalkoz\u00e1sok m\u0171k\u00f6dtet\u00e9s\u00e9hez sz\u00fcks\u00e9ges kulcsfontoss\u00e1g\u00fa t\u00e9mak\u00f6r\u00f6kben, m\u00e1sfel\u0151l pedig lehet\u0151s\u00e9get biztos\u00edtson a szakmai kapcsolati h\u00e1l\u00f3 b\u0151v\u00edt\u00e9s\u00e9re.<\/p>\n<p>\u201e<em>A Budapest Bank v\u00e1llalati kult\u00far\u00e1j\u00e1ban mindig is kiemelt jelent\u0151s\u00e9get tulajdon\u00edtott az es\u00e9lyegyenl\u0151s\u00e9gnek, bele\u00e9rtve a n\u0151k karrierlehet\u0151s\u00e9geinek megteremt\u00e9s\u00e9t, \u00edgy k\u00e9zenfekv\u0151, hogy felel\u0151s p\u00e9nzint\u00e9zetk\u00e9nt t\u00e1mogatjuk a n\u0151i v\u00e1llalkoz\u00e1sok sikeress\u00e9g\u00e9t. \u00dagy gondoljuk, hogy a n\u0151i v\u00e1llalkoz\u00e1sokat versenyk\u00e9pess\u00e9gi t\u00e9nyez\u0151k\u00e9nt kell kezelni. T\u00e1mogatni kell \u0151ket c\u00e9g\u00fck fejleszt\u00e9s\u00e9ben, m\u00e9ghozz\u00e1 a saj\u00e1toss\u00e1gaiknak megfelel\u0151 m\u00f3don, az ig\u00e9nyeikhez igaz\u00edtva<\/em>\u201d \u2013 mondta T\u00f6lgyes Orsolya, a Budapest Bank kommunik\u00e1ci\u00f3s vezet\u0151je.<\/p>\n<p><strong>Dobbant\u00f3 Tr\u00e9ning<\/strong><\/p>\n<p>A 2021. szeptember 6-\u00e1n indul\u00f3 12 napos Dobbant\u00f3 tr\u00e9ningen r\u00e9sztvev\u0151 h\u00f6lgyek a v\u00e1llalkoz\u00e1sfejleszt\u00e9s ter\u00fclet\u00e9n elismert tapasztalt tr\u00e9nerekt\u0151l tanulhatnak, t\u00f6bbek k\u00f6z\u00f6tt a v\u00e1llalatok p\u00e9nz\u00fcgyeir\u0151l, marketingj\u00e9r\u0151l, menedzsmentj\u00e9r\u0151l, tov\u00e1bb\u00e1 a saj\u00e1t v\u00e1llalkoz\u00e1sukkal kapcsolatban testreszabott tan\u00e1csokat is kaphatnak. A 20 f\u0151s csoportban hat h\u00e9tre leosztott 12 napon, \u00f6sszesen 90 \u00f3r\u00e1ban zajl\u00f3 k\u00e9pz\u00e9st elv\u00e9gz\u0151k tapasztalati \u00faton saj\u00e1t\u00edthatj\u00e1k el a v\u00e1llalkoz\u00e1svezet\u00e9shez sz\u00fcks\u00e9ges legfontosabb k\u00e9szs\u00e9geket, z\u00e1r\u00e1sk\u00e9pp pedig a tr\u00e9ning szakemberei \u00e1ltal v\u00e9lem\u00e9nyezett, k\u00e9sz \u00fczleti tervekkel t\u00e1vozhatnak.<\/p>\n<p>\u201e<em>A Dobbant\u00f3 tr\u00e9ninget elv\u00e9gzett 450 f\u0151s Dobbant\u00f3 \u00fczleti k\u00f6z\u00f6ss\u00e9g v\u00e1llalkoz\u00f3i m\u00faltjukat, helyzet\u00fcket tekintve soksz\u00edn\u0171. A fiatal v\u00e1llalkoz\u00f3n\u0151ket, t\u00f6bb \u00e9ves m\u00falttal rendelkez\u0151 v\u00e1llalkoz\u00f3kat, a munkav\u00e1llal\u00f3i st\u00e1tuszt v\u00e1llalkoz\u00f3i l\u00e9tre v\u00e1lt\u00f3 h\u00f6lgyeket, valamint a csal\u00e1di v\u00e1llalkoz\u00e1sban akt\u00edvan szerepet v\u00e1llal\u00f3 h\u00f6lgyeket \u00f6sszek\u00f6t\u0151 leger\u0151sebb er\u0151, hogy egy\u00fctt fejlesztett\u00e9k, alak\u00edtott\u00e1k v\u00e1llalkoz\u00e1sukat egym\u00e1s \u00e9s a tr\u00e9nerek visszajelz\u00e9sei, meger\u0151s\u00edt\u00e9se, b\u00edztat\u00e1sa r\u00e9v\u00e9n, amit minden r\u00e9sztvev\u0151 a Dobbant\u00f3 el\u0151nyek\u00e9t eml\u00edt<\/em>\u201d &#8211; mondta Lakatosn\u00e9 Luk\u00e1cs Zsuzsanna, a SEED Alap\u00edtv\u00e1ny \u00fcgyvezet\u0151 igazgat\u00f3ja.<\/p>\n<p>Az \u0151szi Dobbant\u00f3 tr\u00e9ningre a SEED Alap\u00edtv\u00e1ny honlapj\u00e1n kereszt\u00fcl lehet jelentkezni <strong><a href=\"https:\/\/dobbanto.seed.hu\/urlap\/jelentkezes-a-2021-es-oszi-treningre\" target=\"_blank\" rel=\"noopener\">ide kattintva<\/a><\/strong>, <strong>2021. augusztus 25-ig<\/strong>. A k\u00e9pz\u00e9s piaci \u00e1ra 400.000 forint, amelyhez a szervez\u0151k mind\u00f6ssze brutt\u00f3 40.000 forint hozz\u00e1j\u00e1rul\u00e1st k\u00e9rnek a r\u00e9sztvev\u0151kt\u0151l, a tov\u00e1bbi k\u00f6lts\u00e9geket a Budapest Bank finansz\u00edrozza. Tekintettel a bizonytalan j\u00e1rv\u00e1ny\u00fcgyi helyzetre, illetve a z\u00e1rt t\u00e9rben zajl\u00f3 tr\u00e9ningre a szervez\u0151k javasolj\u00e1k, hogy a jelentkez\u0151k rendelkezzenek v\u00e9detts\u00e9gi igazolv\u00e1nnyal, vagy m\u00e1s m\u00f3don igazolj\u00e1k, hogy a fert\u0151z\u00f6tts\u00e9g nem \u00e1ll fenn. A tr\u00e9ningre azon h\u00f6lgyek jelentkez\u00e9s\u00e9t v\u00e1rj\u00e1k tov\u00e1bb, akik v\u00e1ltoz\u00f3 k\u00f6r\u00fclm\u00e9nyek eset\u00e9n online form\u00e1ban is folytatni tudj\u00e1k a k\u00e9pz\u00e9st, vagyis rendelkez\u00e9s\u00fckre \u00e1llnak az ehhez sz\u00fcks\u00e9ges eszk\u00f6z\u00f6k \u00e9s felt\u00e9telek.<\/p>\n<p><strong>Dobbant\u00f3 Klubok<\/strong><\/p>\n<p>A Dobbant\u00f3 klubesem\u00e9nyek is folytat\u00f3dnak \u0151sszel, amelyek minden v\u00e1llalkoz\u00e1s ir\u00e1nt \u00e9rdekl\u0151d\u0151t v\u00e1rnak, tov\u00e1bbra is online form\u00e1ban. A mindenki sz\u00e1m\u00e1ra nyitott, d\u00edjtalan klubokon a r\u00e9sztvev\u0151k hiteles, tapasztalt szakemberek vezet\u00e9s\u00e9vel k\u00f6tetlen\u00fcl vitatj\u00e1k meg a legk\u00fcl\u00f6nf\u00e9l\u00e9bb t\u00e9m\u00e1kat, amelyek egy v\u00e1llalkoz\u00f3 mindennapjait \u2013 szakmai \u00e9s mag\u00e1n\u00e9let\u00e9t egyar\u00e1nt \u2013 \u00e9rintik, \u00edgy az esem\u00e9nyen val\u00f3 r\u00e9szv\u00e9tel a kapcsolat\u00e9p\u00edt\u00e9s \u00e9s a karrier ter\u00e9n t\u00f6rt\u00e9n\u0151 fejl\u0151d\u00e9s c\u00e9lj\u00e1t egyar\u00e1nt szolg\u00e1lja. A klubok id\u0151pontjai \u00e9s a tov\u00e1bbi r\u00e9szletek megtal\u00e1lhat\u00f3k a Dobbant\u00f3 program <a href=\"http:\/\/www.dobbantoprogram.hu\/\" target=\"_blank\" rel=\"noopener\"><strong>web<\/strong><\/a> \u00e9s <a href=\"https:\/\/www.facebook.com\/dobbantoprogram.budapestbank\/\" target=\"_blank\" rel=\"noopener\"><strong>Facebook oldal\u00e1n<\/strong><\/a>.<\/p>\n<p><img decoding=\"async\" style=\"width: 280px; height: 373px;\" src=\"https:\/\/seed.hu\/files\/attachments\/inline\/dobbanto-2021-osz.jpg\" alt=\"\" \/><\/p>\n","protected":false},"featured_media":335,"menu_order":0,"template":"","meta":{"_acf_changed":false},"class_list":["post-1171","hirek","type-hirek","status-publish","has-post-thumbnail","hentry"],"acf":[],"yoast_head":"<!-- This site is optimized with the Yoast SEO plugin v27.4 - https:\/\/yoast.com\/product\/yoast-seo-wordpress\/ -->\n<title>\u0150sszel ism\u00e9t tanteremben a Dobbant\u00f3! A 20 f\u0151s csoportba m\u00e1t\u00f3l lehet jelentkezni. - Seed<\/title>\n<meta name=\"robots\" content=\"index, follow, max-snippet:-1, max-image-preview:large, max-video-preview:-1\" \/>\n<link rel=\"canonical\" href=\"https:\/\/seed.hu\/hirek\/osszel-ismet-tanteremben-a-dobbanto-a-20-fos-csoportba-matol-lehet-jelentkezni\/\" \/>\n<meta property=\"og:locale\" content=\"en_US\" \/>\n<meta property=\"og:type\" content=\"article\" \/>\n<meta property=\"og:title\" content=\"\u0150sszel ism\u00e9t tanteremben a Dobbant\u00f3! A 20 f\u0151s csoportba m\u00e1t\u00f3l lehet jelentkezni. - Seed\" \/>\n<meta property=\"og:description\" content=\"\u0150sszel ism\u00e9t tanteremben zajlik majd a Dobbant\u00f3 tr\u00e9ning A n\u0151k p\u00e9nz\u00fcgyi \u00e9s v\u00e1llalkoz\u00f3i ismereteit b\u0151v\u00edt\u0151 k\u00e9pz\u00e9sre a mai napt\u00f3l lehet jelentkezni Budapest, 2021. j\u00falius 29.\u00a0\u2013 A Dobbant\u00f3 Program keret\u00e9ben id\u00e9n \u0151sszel is meghirdet\u00e9sre ker\u00fcl a kompetenciafejleszt\u0151 tr\u00e9ning, amely f\u0151 c\u00e9lja a n\u0151k v\u00e1llalkoz\u00f3i ismereteinek b\u0151v\u00edt\u00e9se. Az ism\u00e9t szem\u00e9lyes jelenl\u00e9tet ig\u00e9nyl\u0151, tantermi oktat\u00e1sra jelentkezhetnek v\u00e1llalkoz\u00e1st ind\u00edt\u00f3 [&hellip;]\" \/>\n<meta property=\"og:url\" content=\"https:\/\/seed.hu\/hirek\/osszel-ismet-tanteremben-a-dobbanto-a-20-fos-csoportba-matol-lehet-jelentkezni\/\" \/>\n<meta property=\"og:site_name\" content=\"Seed\" \/>\n<meta property=\"article:modified_time\" content=\"2022-01-26T18:37:03+00:00\" \/>\n<meta property=\"og:image\" content=\"https:\/\/seed.hu\/wp-content\/uploads\/2021\/04\/dobbanto.png\" \/>\n\t<meta property=\"og:image:width\" content=\"773\" \/>\n\t<meta property=\"og:image:height\" content=\"773\" \/>\n\t<meta property=\"og:image:type\" content=\"image\/png\" \/>\n<meta name=\"twitter:card\" content=\"summary_large_image\" \/>\n<meta name=\"twitter:label1\" content=\"Est. reading time\" \/>\n\t<meta name=\"twitter:data1\" content=\"5 minutes\" \/>\n<script type=\"application\/ld+json\" class=\"yoast-schema-graph\">{\"@context\":\"https:\\\/\\\/schema.org\",\"@graph\":[{\"@type\":\"WebPage\",\"@id\":\"https:\\\/\\\/seed.hu\\\/hirek\\\/osszel-ismet-tanteremben-a-dobbanto-a-20-fos-csoportba-matol-lehet-jelentkezni\\\/\",\"url\":\"https:\\\/\\\/seed.hu\\\/hirek\\\/osszel-ismet-tanteremben-a-dobbanto-a-20-fos-csoportba-matol-lehet-jelentkezni\\\/\",\"name\":\"\u0150sszel ism\u00e9t tanteremben a Dobbant\u00f3! A 20 f\u0151s csoportba m\u00e1t\u00f3l lehet jelentkezni. - Seed\",\"isPartOf\":{\"@id\":\"https:\\\/\\\/seed.hu\\\/#website\"},\"primaryImageOfPage\":{\"@id\":\"https:\\\/\\\/seed.hu\\\/hirek\\\/osszel-ismet-tanteremben-a-dobbanto-a-20-fos-csoportba-matol-lehet-jelentkezni\\\/#primaryimage\"},\"image\":{\"@id\":\"https:\\\/\\\/seed.hu\\\/hirek\\\/osszel-ismet-tanteremben-a-dobbanto-a-20-fos-csoportba-matol-lehet-jelentkezni\\\/#primaryimage\"},\"thumbnailUrl\":\"https:\\\/\\\/seed.hu\\\/wp-content\\\/uploads\\\/2021\\\/04\\\/dobbanto.png\",\"datePublished\":\"2021-07-29T06:04:44+00:00\",\"dateModified\":\"2022-01-26T18:37:03+00:00\",\"breadcrumb\":{\"@id\":\"https:\\\/\\\/seed.hu\\\/hirek\\\/osszel-ismet-tanteremben-a-dobbanto-a-20-fos-csoportba-matol-lehet-jelentkezni\\\/#breadcrumb\"},\"inLanguage\":\"en-US\",\"potentialAction\":[{\"@type\":\"ReadAction\",\"target\":[\"https:\\\/\\\/seed.hu\\\/hirek\\\/osszel-ismet-tanteremben-a-dobbanto-a-20-fos-csoportba-matol-lehet-jelentkezni\\\/\"]}]},{\"@type\":\"ImageObject\",\"inLanguage\":\"en-US\",\"@id\":\"https:\\\/\\\/seed.hu\\\/hirek\\\/osszel-ismet-tanteremben-a-dobbanto-a-20-fos-csoportba-matol-lehet-jelentkezni\\\/#primaryimage\",\"url\":\"https:\\\/\\\/seed.hu\\\/wp-content\\\/uploads\\\/2021\\\/04\\\/dobbanto.png\",\"contentUrl\":\"https:\\\/\\\/seed.hu\\\/wp-content\\\/uploads\\\/2021\\\/04\\\/dobbanto.png\",\"width\":773,\"height\":773},{\"@type\":\"BreadcrumbList\",\"@id\":\"https:\\\/\\\/seed.hu\\\/hirek\\\/osszel-ismet-tanteremben-a-dobbanto-a-20-fos-csoportba-matol-lehet-jelentkezni\\\/#breadcrumb\",\"itemListElement\":[{\"@type\":\"ListItem\",\"position\":1,\"name\":\"H\u00edrek\",\"item\":\"https:\\\/\\\/seed.hu\\\/hirek\\\/\"},{\"@type\":\"ListItem\",\"position\":2,\"name\":\"\u0150sszel ism\u00e9t tanteremben a Dobbant\u00f3! A 20 f\u0151s csoportba m\u00e1t\u00f3l lehet jelentkezni.\"}]},{\"@type\":\"WebSite\",\"@id\":\"https:\\\/\\\/seed.hu\\\/#website\",\"url\":\"https:\\\/\\\/seed.hu\\\/\",\"name\":\"Seed\",\"description\":\"\",\"potentialAction\":[{\"@type\":\"SearchAction\",\"target\":{\"@type\":\"EntryPoint\",\"urlTemplate\":\"https:\\\/\\\/seed.hu\\\/?s={search_term_string}\"},\"query-input\":{\"@type\":\"PropertyValueSpecification\",\"valueRequired\":true,\"valueName\":\"search_term_string\"}}],\"inLanguage\":\"en-US\"}]}<\/script>\n<!-- \/ Yoast SEO plugin. -->","yoast_head_json":{"title":"\u0150sszel ism\u00e9t tanteremben a Dobbant\u00f3! A 20 f\u0151s csoportba m\u00e1t\u00f3l lehet jelentkezni. - Seed","robots":{"index":"index","follow":"follow","max-snippet":"max-snippet:-1","max-image-preview":"max-image-preview:large","max-video-preview":"max-video-preview:-1"},"canonical":"https:\/\/seed.hu\/hirek\/osszel-ismet-tanteremben-a-dobbanto-a-20-fos-csoportba-matol-lehet-jelentkezni\/","og_locale":"en_US","og_type":"article","og_title":"\u0150sszel ism\u00e9t tanteremben a Dobbant\u00f3! A 20 f\u0151s csoportba m\u00e1t\u00f3l lehet jelentkezni. - Seed","og_description":"\u0150sszel ism\u00e9t tanteremben zajlik majd a Dobbant\u00f3 tr\u00e9ning A n\u0151k p\u00e9nz\u00fcgyi \u00e9s v\u00e1llalkoz\u00f3i ismereteit b\u0151v\u00edt\u0151 k\u00e9pz\u00e9sre a mai napt\u00f3l lehet jelentkezni Budapest, 2021. j\u00falius 29.\u00a0\u2013 A Dobbant\u00f3 Program keret\u00e9ben id\u00e9n \u0151sszel is meghirdet\u00e9sre ker\u00fcl a kompetenciafejleszt\u0151 tr\u00e9ning, amely f\u0151 c\u00e9lja a n\u0151k v\u00e1llalkoz\u00f3i ismereteinek b\u0151v\u00edt\u00e9se. Az ism\u00e9t szem\u00e9lyes jelenl\u00e9tet ig\u00e9nyl\u0151, tantermi oktat\u00e1sra jelentkezhetnek v\u00e1llalkoz\u00e1st ind\u00edt\u00f3 [&hellip;]","og_url":"https:\/\/seed.hu\/hirek\/osszel-ismet-tanteremben-a-dobbanto-a-20-fos-csoportba-matol-lehet-jelentkezni\/","og_site_name":"Seed","article_modified_time":"2022-01-26T18:37:03+00:00","og_image":[{"width":773,"height":773,"url":"https:\/\/seed.hu\/wp-content\/uploads\/2021\/04\/dobbanto.png","type":"image\/png"}],"twitter_card":"summary_large_image","twitter_misc":{"Est. reading time":"5 minutes"},"schema":{"@context":"https:\/\/schema.org","@graph":[{"@type":"WebPage","@id":"https:\/\/seed.hu\/hirek\/osszel-ismet-tanteremben-a-dobbanto-a-20-fos-csoportba-matol-lehet-jelentkezni\/","url":"https:\/\/seed.hu\/hirek\/osszel-ismet-tanteremben-a-dobbanto-a-20-fos-csoportba-matol-lehet-jelentkezni\/","name":"\u0150sszel ism\u00e9t tanteremben a Dobbant\u00f3! A 20 f\u0151s csoportba m\u00e1t\u00f3l lehet jelentkezni. - Seed","isPartOf":{"@id":"https:\/\/seed.hu\/#website"},"primaryImageOfPage":{"@id":"https:\/\/seed.hu\/hirek\/osszel-ismet-tanteremben-a-dobbanto-a-20-fos-csoportba-matol-lehet-jelentkezni\/#primaryimage"},"image":{"@id":"https:\/\/seed.hu\/hirek\/osszel-ismet-tanteremben-a-dobbanto-a-20-fos-csoportba-matol-lehet-jelentkezni\/#primaryimage"},"thumbnailUrl":"https:\/\/seed.hu\/wp-content\/uploads\/2021\/04\/dobbanto.png","datePublished":"2021-07-29T06:04:44+00:00","dateModified":"2022-01-26T18:37:03+00:00","breadcrumb":{"@id":"https:\/\/seed.hu\/hirek\/osszel-ismet-tanteremben-a-dobbanto-a-20-fos-csoportba-matol-lehet-jelentkezni\/#breadcrumb"},"inLanguage":"en-US","potentialAction":[{"@type":"ReadAction","target":["https:\/\/seed.hu\/hirek\/osszel-ismet-tanteremben-a-dobbanto-a-20-fos-csoportba-matol-lehet-jelentkezni\/"]}]},{"@type":"ImageObject","inLanguage":"en-US","@id":"https:\/\/seed.hu\/hirek\/osszel-ismet-tanteremben-a-dobbanto-a-20-fos-csoportba-matol-lehet-jelentkezni\/#primaryimage","url":"https:\/\/seed.hu\/wp-content\/uploads\/2021\/04\/dobbanto.png","contentUrl":"https:\/\/seed.hu\/wp-content\/uploads\/2021\/04\/dobbanto.png","width":773,"height":773},{"@type":"BreadcrumbList","@id":"https:\/\/seed.hu\/hirek\/osszel-ismet-tanteremben-a-dobbanto-a-20-fos-csoportba-matol-lehet-jelentkezni\/#breadcrumb","itemListElement":[{"@type":"ListItem","position":1,"name":"H\u00edrek","item":"https:\/\/seed.hu\/hirek\/"},{"@type":"ListItem","position":2,"name":"\u0150sszel ism\u00e9t tanteremben a Dobbant\u00f3! A 20 f\u0151s csoportba m\u00e1t\u00f3l lehet jelentkezni."}]},{"@type":"WebSite","@id":"https:\/\/seed.hu\/#website","url":"https:\/\/seed.hu\/","name":"Seed","description":"","potentialAction":[{"@type":"SearchAction","target":{"@type":"EntryPoint","urlTemplate":"https:\/\/seed.hu\/?s={search_term_string}"},"query-input":{"@type":"PropertyValueSpecification","valueRequired":true,"valueName":"search_term_string"}}],"inLanguage":"en-US"}]}},"_links":{"self":[{"href":"https:\/\/seed.hu\/en\/wp-json\/wp\/v2\/hirek\/1171","targetHints":{"allow":["GET"]}}],"collection":[{"href":"https:\/\/seed.hu\/en\/wp-json\/wp\/v2\/hirek"}],"about":[{"href":"https:\/\/seed.hu\/en\/wp-json\/wp\/v2\/types\/hirek"}],"wp:featuredmedia":[{"embeddable":true,"href":"https:\/\/seed.hu\/en\/wp-json\/wp\/v2\/media\/335"}],"wp:attachment":[{"href":"https:\/\/seed.hu\/en\/wp-json\/wp\/v2\/media?parent=1171"}],"curies":[{"name":"wp","href":"https:\/\/api.w.org\/{rel}","templated":true}]}}