{"id":1200,"date":"2022-01-06T19:58:25","date_gmt":"2022-01-06T18:58:25","guid":{"rendered":"https:\/\/seed.hu\/?post_type=hirek&#038;p=1200"},"modified":"2022-01-26T20:56:42","modified_gmt":"2022-01-26T19:56:42","slug":"csapatepitesitesi-trendek-2022","status":"publish","type":"hirek","link":"https:\/\/seed.hu\/en\/hirek\/csapatepitesitesi-trendek-2022\/","title":{"rendered":"Csapat\u00e9p\u00edt\u00e9s\u00edt\u00e9si trendek \u2013 2022"},"content":{"rendered":"<table style=\"height: 489px; width: 604px; margin-left: auto; margin-right: auto;\" border=\"0\" align=\"center\">\n<tbody>\n<tr style=\"height: 273px;\">\n<td style=\"width: 600px; height: 273px; vertical-align: bottom;\"><span style=\"font-family: tahoma, arial, helvetica, sans-serif; font-size: 14px;\"><b>Szeretettel megh\u00edvjuk<\/b> a PP Konferenciak\u00f6zpont \u00e9s a BKIK <b>Csapat\u00e9p\u00edt\u00e9si trendek &#8211; 2022 <\/b>c\u00edm\u0171 konferenci\u00e1j\u00e1ra, melyen a <b><span style=\"color: #ff0000;\">SEED<\/span><\/b><b>\u00a0<\/b>Szakmai partners\u00e9get v\u00e1llalt. Tagt\u00e1rsaink, partnereink jelent\u0151s kedvezm\u00e9nnyel vehetnek r\u00e9szt vide\u00f3konferenci\u00e1nkon.<\/span><\/p>\n<p><b style=\"font-family: tahoma, arial, helvetica, sans-serif;\">Helysz\u00edni r\u00e9szv\u00e9tel:<\/b><\/p>\n<p><span style=\"font-family: tahoma, arial, helvetica, sans-serif; font-size: 14px;\">14000 Ft helyett <b>11\u00a0000 Ft + \u00e1fa.<\/b>\u00a0 Kuponk\u00f3d: <b>SZPSZ22<\/b><\/span><\/p>\n<p><b style=\"font-family: tahoma, arial, helvetica, sans-serif;\">T\u00e1voli r\u00e9szv\u00e9tel (vide\u00f3k\u00f6zvet\u00edt\u00e9s)<\/b><\/p>\n<p><span style=\"font-family: tahoma, arial, helvetica, sans-serif; font-size: 14px;\">16000 Ft helyett<b> 13\u00a0000 Ft + \u00e1fa. <\/b>Kuponk\u00f3d:<b> SZPT22<\/b><\/span><\/p>\n<p><b style=\"font-family: tahoma, arial, helvetica, sans-serif;\">Kombin\u00e1lt r\u00e9szv\u00e9tel (helysz\u00edni \u00e9s t\u00e1voli):<\/b><\/p>\n<p><span style=\"font-family: tahoma, arial, helvetica, sans-serif; font-size: 14px;\">18000 Ft helyett <b>15\u00a0000 Ft + \u00e1fa. <\/b>Kuponk\u00f3d: <b>SZPK22<\/b><\/span><\/p>\n<p><span style=\"font-family: tahoma, arial, helvetica, sans-serif; font-size: 14px;\"><b>Figyelem! A kedvezm\u00e9ny ig\u00e9nybev\u00e9tel\u00e9hez\u00a0a<\/b> Regisztr\u00e1ci\u00f3s \u0171rlap v\u00e9g\u00e9n lev\u0151 <b>\u201eKupon k\u00f3d\u201d <\/b>mez\u0151be \u00edrj\u00e1k be a v\u00e1lasztott kedvezm\u00e9ny k\u00f3dj\u00e1t!<\/span><\/p>\n<p style=\"text-align: justify;\"><img loading=\"lazy\" decoding=\"async\" src=\"https:\/\/wg.kkv-akademia.hu\/files\/images\/8099\/600x200-5ezjlo.jpg\" alt=\"\" width=\"600\" height=\"200\" \/><\/p>\n<\/td>\n<\/tr>\n<tr style=\"height: 56px;\">\n<td style=\"width: 600px; height: 56px; text-align: justify; vertical-align: top;\">\n<h1 style=\"text-align: center;\"><span style=\"color: #000080; font-family: tahoma, arial, helvetica, sans-serif; font-size: 24px;\"><b>Csapat\u00e9p\u00edt\u00e9s\u00edt\u00e9si trendek \u2013 2022<\/b><\/span><\/h1>\n<p style=\"text-align: center;\"><span style=\"font-family: tahoma, arial, helvetica, sans-serif; font-size: 18px; color: #000080;\"><b>Hogyan vezess\u00fcnk nyer\u0151 hibrid csapatot?<\/b><\/span><\/p>\n<p><b>\u00a0<\/b><\/p>\n<p><b>Id\u0151pont: 2022. janu\u00e1r 27. <\/b>cs\u00fct\u00f6rt\u00f6k, \u00a09.30\u201316.00<\/p>\n<p><b>Helysz\u00edn szem\u00e9lyesen r\u00e9sztvev\u0151knek: <\/b>Budapest, BKIK Sz\u00e9kh\u00e1z, Krisztina k\u00f6r\u00fat 99.<b>, t\u00e1voli r\u00e9sztvev\u0151knek: <\/b>interneten, jelsz\u00f3val bel\u00e9p\u00e9s.<\/p>\n<p><b>\u00a0<\/b><\/p>\n<p style=\"text-align: center;\"><span style=\"font-family: tahoma, arial, helvetica, sans-serif; font-size: 14px; color: #ff0000;\"><b>2022-ben a csapattagok \u00e9s a csapatvezet\u0151k \u00faj egy\u00fctt\u00e9l\u00e9st tanulnak! <\/b><\/span><\/p>\n<p style=\"text-align: center;\"><span style=\"font-family: tahoma, arial, helvetica, sans-serif; font-size: 14px; color: #000000;\"><b>Szaporodnak a konfliktusok a fiatal gener\u00e1ci\u00f3val?<\/b><\/span><\/p>\n<p style=\"text-align: center;\"><span style=\"font-family: tahoma, arial, helvetica, sans-serif; font-size: 14px; color: #ff0000;\"><b>Egyik otthon, a m\u00e1sik az irod\u00e1ban. Hogyan lesz ebb\u0151l csapat?<\/b><\/span><\/p>\n<p style=\"text-align: center;\">\n<p style=\"text-align: center;\"><span style=\"color: #000080; font-family: tahoma, arial, helvetica, sans-serif; font-size: 14px;\"><b>Helysz\u00ednen r\u00e9sztvev\u0151knek gr\u00e1tisz Networking kapcsolat\u00e9p\u00edt\u00e9si program!<\/b><br \/>\n<b>T\u00e1volr\u00f3l r\u00e9sztvev\u0151knek 7 napig jelsz\u00f3val n\u00e9zhet\u0151!<br \/>\nV\u00e1laszthatja mindkett\u0151t egy\u00fctt (t\u00e1volr\u00f3l \u00e9s helysz\u00ednr\u0151l r\u00e9szv\u00e9telt)!<\/b><\/span><\/p>\n<p style=\"text-align: center;\"><span style=\"font-family: tahoma, arial, helvetica, sans-serif; font-size: 14px; color: #000080;\">\u00a0<\/span><\/p>\n<p style=\"text-align: center;\"><span style=\"font-family: tahoma, arial, helvetica, sans-serif; font-size: 14px; color: #000080;\"><b>R\u00e9szv\u00e9teli lehet\u0151s\u00e9gek \u00e9s \u00e1rak <a href=\"https:\/\/ppkonferencia.hu\/konferenciakozpont\/csapatepitesi-trendek-2022\/?utm_source=Webgalamb&amp;utm_medium=Hirlevel&amp;utm_campaign={date}-{url_subject}&amp;utm_content=\" target=\"_blank\" rel=\"noopener\"><span style=\"text-decoration: underline;\"><em>itt.<\/em><\/span><\/a><\/b><\/span><\/p>\n<p>&nbsp;<\/p>\n<table style=\"width: 100%; border-collapse: collapse;\" border=\"0\">\n<tbody>\n<tr>\n<td style=\"width: 13.4551%;\"><span style=\"font-family: tahoma, arial, helvetica, sans-serif; font-size: 14px;\"><img loading=\"lazy\" decoding=\"async\" src=\"https:\/\/wg.kkv-akademia.hu\/files\/images\/8099\/sima_pp_logo-csak-piktogram-i6mfz9.png\" alt=\"\" width=\"30\" height=\"42\" \/><\/span><\/td>\n<td style=\"width: 86.5449%; background-color: #ff0000;\"><span style=\"color: #ffffff; font-family: tahoma, arial, helvetica, sans-serif; font-size: 14px;\"><b>Mir\u0151l sz\u00f3lunk?<\/b><\/span><\/td>\n<\/tr>\n<\/tbody>\n<\/table>\n<p><span style=\"font-family: tahoma, arial, helvetica, sans-serif; font-size: 14px;\"><b>2022-ben a vezet\u0151k legnagyobb kih\u00edv\u00e1sa a hibrid csapatok eredm\u00e9nyes m\u0171k\u00f6dtet\u00e9se lesz. Vezet\u0151i megpr\u00f3b\u00e1ltat\u00e1s ez a jav\u00e1b\u00f3l. <\/b>Egy\u00e1ltal\u00e1n csapatot lehet-e \u00e9p\u00edteni, fenntartani a benn dolgoz\u00f3k \u00e9s a home office-osok egy\u00fcttes\u00e9b\u0151l? <b>Egy\u00e1ltal\u00e1n csapatnak lehet-e nevezni az \u00faj k\u00e9pz\u0151dm\u00e9nyt? Vagy ink\u00e1bb \u00fajm\u00f3di k\u00f6z\u00f6ss\u00e9gnek?<\/b><\/span><\/p>\n<p><span style=\"font-family: tahoma, arial, helvetica, sans-serif; font-size: 14px;\"><b>A hibrid m\u0171faj egy\u00e9rtelm\u0171en nyert az irodai munkahelyeken. <\/b>2022-ben t\u00f6rv\u00e9ny lett az \u00e1tmeneti home office-ol\u00e1sb\u00f3l. <b>A csapatnak azonban a mindennapokban is egy\u00fctt kell m\u0171k\u00f6dnie \u00e9s a vezet\u0151nek k\u00e9zben kell tartania az egy\u00fcttes m\u0171k\u00f6d\u00e9st akkor is, ha a munkat\u00e1rsak fele otthon, a m\u00e1sik fele az irod\u00e1ban dolgozik. <\/b>Hogyan? <b>\u00daj vezet\u0151i k\u00e9pess\u00e9geket kell kifejleszteni, <\/b>m\u00e9gpedig nagyon gyorsan.<\/span><\/p>\n<p><span style=\"font-family: tahoma, arial, helvetica, sans-serif; font-size: 14px;\">Ezen k\u00edv\u00fcl m\u00e9g b\u0151ven vannak \u00faj kih\u00edv\u00e1sok:<b> A gener\u00e1ci\u00f3s k\u00fcl\u00f6nbs\u00e9gek, a Covid miatti kies\u00e9sek, a digit\u00e1lis intelligencia elt\u00e9r\u00e9sei, a b\u00e9rfesz\u00fclts\u00e9gek, a kommunik\u00e1ci\u00f3s neh\u00e9zs\u00e9gek az emberi \u00e9rintkez\u00e9sek hi\u00e1nya. M\u00e1s \u00fat nincs, mint a sikeres megold\u00e1s. <\/b><\/span><\/p>\n<p><span style=\"font-family: tahoma, arial, helvetica, sans-serif; font-size: 14px;\"><b>Ebben seg\u00edtenek a Csapat\u00e9p\u00edt\u00e9si trendek konferencia kiv\u00e1l\u00f3 szak\u00e9rt\u0151 el\u0151ad\u00f3i. <\/b><\/span><\/p>\n<p><span style=\"font-family: tahoma, arial, helvetica, sans-serif; font-size: 14px;\">A konferenci\u00e1t sz\u00edvb\u0151l aj\u00e1nljuk <b>kkv-d\u00f6nt\u00e9shoz\u00f3knak, ir\u00e1ny\u00edt\u00f3knak, k\u00f6z\u00e9pvezet\u0151knek, akik nyak\u00e1ba szakadt az \u00faj feladat: a hibrid munkav\u00e9gz\u00e9s miatt a csapatmunka eredm\u00e9nyess\u00e9g\u00e9nek, a munkat\u00e1rsak aktivit\u00e1s\u00e1nak, kommunik\u00e1ci\u00f3j\u00e1nak, motiv\u00e1lts\u00e1g\u00e1nak, inform\u00e1lts\u00e1g\u00e1nak fenntart\u00e1sa.<\/b> S akik \u00fagy \u00e9rzik, ebben t\u00e1mogat\u00e1sra, tan\u00e1csad\u00e1sra van sz\u00fcks\u00e9g\u00fck.<\/span><\/p>\n<table style=\"height: 45px; width: 100%; border-collapse: collapse;\" border=\"1\">\n<tbody>\n<tr>\n<td style=\"width: 8%; height: 25px; background-color: #ffffff; border-color: #ffffff; border-style: hidden;\"><img loading=\"lazy\" decoding=\"async\" src=\"https:\/\/wg.kkv-akademia.hu\/files\/images\/8099\/sima_pp_logo-csak-piktogram-i6mfz9.png\" alt=\"\" width=\"30\" height=\"42\" \/><\/td>\n<td style=\"width: 50%; height: 25px; background-color: #ff0000; border-style: hidden;\"><b><span style=\"font-family: tahoma, arial, helvetica, sans-serif; font-size: 14px; color: #ffffff;\">V\u00e1laszthat\u00f3 r\u00e9szv\u00e9teli lehet\u0151s\u00e9gek <\/span><\/b><\/td>\n<\/tr>\n<\/tbody>\n<\/table>\n<ol>\n<li><span style=\"font-family: tahoma, arial, helvetica, sans-serif; font-size: 14px;\"><b>Helysz\u00ednen szem\u00e9lyes r\u00e9szv\u00e9tel <span style=\"color: #000080;\">(Gr\u00e1tisz: Networking Programon r\u00e9szv\u00e9tel)<\/span><\/b><\/span><\/li>\n<li><span style=\"font-family: tahoma, arial, helvetica, sans-serif; font-size: 14px;\"><b>T\u00e1voli r\u00e9szv\u00e9tel \u00e9l\u0151 vide\u00f3k\u00f6zvet\u00edt\u00e9sen kereszt\u00fcl. <span style=\"color: #000080;\">(Gr\u00e1tisz: 7 napig n\u00e9zhet\u0151)<\/span><\/b><\/span><\/li>\n<li><span style=\"font-family: tahoma, arial, helvetica, sans-serif; font-size: 14px;\"><b>Kombin\u00e1lt r\u00e9szv\u00e9tel (helysz\u00edn \u00e9s ut\u00f3lagos vide\u00f3megtekint\u00e9s <span style=\"color: #000080;\">(Gr\u00e1tisz: networking \u00e9s 3 nap vide\u00f3n visszan\u00e9z\u00e9s)<\/span><\/b><span style=\"color: #000080;\">\u00a0<\/span><\/span><\/li>\n<\/ol>\n<p style=\"text-align: center;\"><span style=\"color: #ff0000; font-family: tahoma, arial, helvetica, sans-serif; font-size: 14px;\"><b>Maszkhaszn\u00e1lat \u00e9s \u00e9rv\u00e9nyes v\u00e9detts\u00e9gi igazol\u00e1s felmutat\u00e1sa k\u00f6telez\u0151!<\/b><\/span><\/p>\n<p style=\"text-align: center;\"><span style=\"font-family: tahoma, arial, helvetica, sans-serif; font-size: 16px;\"><b><span style=\"color: #000080;\"><a style=\"color: #000080;\" title=\"https:\/\/ppkonferencia.hu\/konferenciakozpont\/csapatepitesi-trendek-2022\/\" href=\"https:\/\/ppkonferencia.hu\/konferenciakozpont\/csapatepitesi-trendek-2022\/?utm_source=Webgalamb&amp;utm_medium=Hirlevel&amp;utm_campaign={date}-{url_subject}&amp;utm_content=\" target=\"_blank\" rel=\"noopener\">A konferencia r\u00e9szletes programja \u00e9s regisztr\u00e1ci\u00f3<\/a><\/span><\/b><\/span><\/p>\n<table style=\"width: 100%; border-collapse: collapse;\" border=\"0\">\n<tbody>\n<tr>\n<td style=\"width: 80px;\"><img loading=\"lazy\" decoding=\"async\" src=\"https:\/\/wg.kkv-akademia.hu\/files\/images\/8099\/sima_pp_logo-csak-piktogram-i6mfz9.png\" alt=\"\" width=\"30\" height=\"42\" \/><\/td>\n<td style=\"width: 520px; background-color: #ff0000;\"><span style=\"color: #ffffff; font-family: tahoma, arial, helvetica, sans-serif; font-size: 14px;\"><b>Rendez\u0151k<\/b><\/span><\/td>\n<\/tr>\n<\/tbody>\n<\/table>\n<p style=\"text-align: center;\"><img loading=\"lazy\" decoding=\"async\" src=\"https:\/\/wg.kkv-akademia.hu\/files\/images\/8099\/rendezoi-logosor-pp-bkik-pvad2q.png\" alt=\"\" width=\"381\" height=\"87\" \/><\/p>\n<table style=\"width: 100%; border-collapse: collapse; height: 43px;\" border=\"0\">\n<tbody>\n<tr style=\"height: 43px;\">\n<td style=\"width: 80px; height: 43px;\"><img loading=\"lazy\" decoding=\"async\" src=\"https:\/\/wg.kkv-akademia.hu\/files\/images\/8099\/sima_pp_logo-csak-piktogram-i6mfz9.png\" alt=\"\" width=\"30\" height=\"42\" \/><\/td>\n<td style=\"width: 520px; background-color: #ff0000; height: 43px;\"><span style=\"font-family: tahoma, arial, helvetica, sans-serif; font-size: 14px;\"><b><span style=\"color: #ffffff;\">Tov\u00e1bbi felvil\u00e1gos\u00edt\u00e1s \u00e9s inform\u00e1ci\u00f3<\/span><\/b><\/span><\/td>\n<\/tr>\n<\/tbody>\n<\/table>\n<p>&nbsp;<\/p>\n<table style=\"height: 120px; width: 600px; margin-left: auto; margin-right: auto;\" border=\"0\" cellspacing=\"1\" cellpadding=\"1\" align=\"center\">\n<tbody>\n<tr style=\"height: 120px;\">\n<td style=\"height: 120px; width: 596.193px;\">\n<p align=\"left\"><span style=\"font-family: tahoma, arial, helvetica, sans-serif; font-size: 14px;\"><img loading=\"lazy\" decoding=\"async\" src=\"https:\/\/salesautopilot.s3.amazonaws.com\/newsletter\/letter\/c12055\/uploads\/konferencia%20lev%C3%A9lhez\/telefon.PNG\" alt=\"\" width=\"45\" height=\"36\" align=\"left\" \/><a href=\"tel:\/\/(1) 239 - 9597\/?utm_source=Webgalamb&amp;utm_medium=Hirlevel&amp;utm_campaign={date}-{url_subject}&amp;utm_content=\" target=\"_blank\" rel=\"noopener\">(1) 239 &#8211; 9597<\/a>\u00a0 <a href=\"mailto:\/\/piacesprofit.hu\/?subject=%C3%89rdekl%C5%91d%C3%A9s&amp;utm_source=Webgalamb&amp;utm_medium=Hirlevel&amp;utm_campaign={date}-{url_subject}&amp;utm_content=\" target=\"_blank\" rel=\"noopener\"><img loading=\"lazy\" decoding=\"async\" src=\"https:\/\/salesautopilot.s3.amazonaws.com\/newsletter\/letter\/c12055\/uploads\/konferencia%20lev%C3%A9lhez\/email.PNG\" alt=\"\" width=\"45\" height=\"40\" \/><\/a><a title=\"konferencia@ppkonferencia.hu\" href=\"{akcio_2}\" target=\"_blank\" rel=\"noopener\"><b>konferencia@ppkonferencia.hu<\/b><\/a><\/span><\/p>\n<p>Weboldal: <a href=\"http:\/\/www.ppkonferencia.hu\/?utm_source=Webgalamb&amp;utm_medium=Hirlevel&amp;utm_campaign={date}-{url_subject}&amp;utm_content=\" target=\"_blank\" rel=\"noopener\">www.ppkonferencia.hu<\/a><\/p>\n<p><img loading=\"lazy\" decoding=\"async\" style=\"display: block; margin-left: auto; margin-right: auto;\" src=\"https:\/\/wg.kkv-akademia.hu\/files\/images\/8099\/pp-konferenciakozpont-24um0s.jpg\" alt=\"\" width=\"500\" height=\"35\" \/><\/td>\n<\/tr>\n<\/tbody>\n<\/table>\n<table border=\"0\" cellspacing=\"1\" cellpadding=\"1\" align=\"center\">\n<tbody>\n<tr>\n<td><\/td>\n<\/tr>\n<\/tbody>\n<\/table>\n<\/td>\n<\/tr>\n<tr style=\"height: 160px;\">\n<td style=\"width: 600px; height: 160px;\"><\/td>\n<\/tr>\n<\/tbody>\n<\/table>\n<table border=\"0\" cellspacing=\"1\" cellpadding=\"1\" align=\"center\">\n<tbody>\n<tr>\n<td><\/td>\n<\/tr>\n<\/tbody>\n<\/table>\n","protected":false},"featured_media":0,"menu_order":0,"template":"","meta":{"_acf_changed":false},"class_list":["post-1200","hirek","type-hirek","status-publish","hentry"],"acf":[],"yoast_head":"<!-- This site is optimized with the Yoast SEO plugin v27.4 - https:\/\/yoast.com\/product\/yoast-seo-wordpress\/ -->\n<title>Csapat\u00e9p\u00edt\u00e9s\u00edt\u00e9si trendek \u2013 2022 - Seed<\/title>\n<meta name=\"robots\" content=\"index, follow, max-snippet:-1, max-image-preview:large, max-video-preview:-1\" \/>\n<link rel=\"canonical\" href=\"https:\/\/seed.hu\/hirek\/csapatepitesitesi-trendek-2022\/\" \/>\n<meta property=\"og:locale\" content=\"en_US\" \/>\n<meta property=\"og:type\" content=\"article\" \/>\n<meta property=\"og:title\" content=\"Csapat\u00e9p\u00edt\u00e9s\u00edt\u00e9si trendek \u2013 2022 - Seed\" \/>\n<meta property=\"og:description\" content=\"Szeretettel megh\u00edvjuk a PP Konferenciak\u00f6zpont \u00e9s a BKIK Csapat\u00e9p\u00edt\u00e9si trendek &#8211; 2022 c\u00edm\u0171 konferenci\u00e1j\u00e1ra, melyen a SEED\u00a0Szakmai partners\u00e9get v\u00e1llalt. Tagt\u00e1rsaink, partnereink jelent\u0151s kedvezm\u00e9nnyel vehetnek r\u00e9szt vide\u00f3konferenci\u00e1nkon. Helysz\u00edni r\u00e9szv\u00e9tel: 14000 Ft helyett 11\u00a0000 Ft + \u00e1fa.\u00a0 Kuponk\u00f3d: SZPSZ22 T\u00e1voli r\u00e9szv\u00e9tel (vide\u00f3k\u00f6zvet\u00edt\u00e9s) 16000 Ft helyett 13\u00a0000 Ft + \u00e1fa. Kuponk\u00f3d: SZPT22 Kombin\u00e1lt r\u00e9szv\u00e9tel (helysz\u00edni \u00e9s t\u00e1voli): 18000 [&hellip;]\" \/>\n<meta property=\"og:url\" content=\"https:\/\/seed.hu\/hirek\/csapatepitesitesi-trendek-2022\/\" \/>\n<meta property=\"og:site_name\" content=\"Seed\" \/>\n<meta property=\"article:modified_time\" content=\"2022-01-26T19:56:42+00:00\" \/>\n<meta property=\"og:image\" content=\"https:\/\/wg.kkv-akademia.hu\/files\/images\/8099\/600x200-5ezjlo.jpg\" \/>\n<meta name=\"twitter:card\" content=\"summary_large_image\" \/>\n<meta name=\"twitter:label1\" content=\"Est. reading time\" \/>\n\t<meta name=\"twitter:data1\" content=\"3 minutes\" \/>\n<script type=\"application\/ld+json\" class=\"yoast-schema-graph\">{\"@context\":\"https:\\\/\\\/schema.org\",\"@graph\":[{\"@type\":\"WebPage\",\"@id\":\"https:\\\/\\\/seed.hu\\\/hirek\\\/csapatepitesitesi-trendek-2022\\\/\",\"url\":\"https:\\\/\\\/seed.hu\\\/hirek\\\/csapatepitesitesi-trendek-2022\\\/\",\"name\":\"Csapat\u00e9p\u00edt\u00e9s\u00edt\u00e9si trendek \u2013 2022 - Seed\",\"isPartOf\":{\"@id\":\"https:\\\/\\\/seed.hu\\\/#website\"},\"primaryImageOfPage\":{\"@id\":\"https:\\\/\\\/seed.hu\\\/hirek\\\/csapatepitesitesi-trendek-2022\\\/#primaryimage\"},\"image\":{\"@id\":\"https:\\\/\\\/seed.hu\\\/hirek\\\/csapatepitesitesi-trendek-2022\\\/#primaryimage\"},\"thumbnailUrl\":\"https:\\\/\\\/wg.kkv-akademia.hu\\\/files\\\/images\\\/8099\\\/600x200-5ezjlo.jpg\",\"datePublished\":\"2022-01-06T18:58:25+00:00\",\"dateModified\":\"2022-01-26T19:56:42+00:00\",\"breadcrumb\":{\"@id\":\"https:\\\/\\\/seed.hu\\\/hirek\\\/csapatepitesitesi-trendek-2022\\\/#breadcrumb\"},\"inLanguage\":\"en-US\",\"potentialAction\":[{\"@type\":\"ReadAction\",\"target\":[\"https:\\\/\\\/seed.hu\\\/hirek\\\/csapatepitesitesi-trendek-2022\\\/\"]}]},{\"@type\":\"ImageObject\",\"inLanguage\":\"en-US\",\"@id\":\"https:\\\/\\\/seed.hu\\\/hirek\\\/csapatepitesitesi-trendek-2022\\\/#primaryimage\",\"url\":\"https:\\\/\\\/wg.kkv-akademia.hu\\\/files\\\/images\\\/8099\\\/600x200-5ezjlo.jpg\",\"contentUrl\":\"https:\\\/\\\/wg.kkv-akademia.hu\\\/files\\\/images\\\/8099\\\/600x200-5ezjlo.jpg\"},{\"@type\":\"BreadcrumbList\",\"@id\":\"https:\\\/\\\/seed.hu\\\/hirek\\\/csapatepitesitesi-trendek-2022\\\/#breadcrumb\",\"itemListElement\":[{\"@type\":\"ListItem\",\"position\":1,\"name\":\"H\u00edrek\",\"item\":\"https:\\\/\\\/seed.hu\\\/hirek\\\/\"},{\"@type\":\"ListItem\",\"position\":2,\"name\":\"Csapat\u00e9p\u00edt\u00e9s\u00edt\u00e9si trendek \u2013 2022\"}]},{\"@type\":\"WebSite\",\"@id\":\"https:\\\/\\\/seed.hu\\\/#website\",\"url\":\"https:\\\/\\\/seed.hu\\\/\",\"name\":\"Seed\",\"description\":\"\",\"potentialAction\":[{\"@type\":\"SearchAction\",\"target\":{\"@type\":\"EntryPoint\",\"urlTemplate\":\"https:\\\/\\\/seed.hu\\\/?s={search_term_string}\"},\"query-input\":{\"@type\":\"PropertyValueSpecification\",\"valueRequired\":true,\"valueName\":\"search_term_string\"}}],\"inLanguage\":\"en-US\"}]}<\/script>\n<!-- \/ Yoast SEO plugin. -->","yoast_head_json":{"title":"Csapat\u00e9p\u00edt\u00e9s\u00edt\u00e9si trendek \u2013 2022 - Seed","robots":{"index":"index","follow":"follow","max-snippet":"max-snippet:-1","max-image-preview":"max-image-preview:large","max-video-preview":"max-video-preview:-1"},"canonical":"https:\/\/seed.hu\/hirek\/csapatepitesitesi-trendek-2022\/","og_locale":"en_US","og_type":"article","og_title":"Csapat\u00e9p\u00edt\u00e9s\u00edt\u00e9si trendek \u2013 2022 - Seed","og_description":"Szeretettel megh\u00edvjuk a PP Konferenciak\u00f6zpont \u00e9s a BKIK Csapat\u00e9p\u00edt\u00e9si trendek &#8211; 2022 c\u00edm\u0171 konferenci\u00e1j\u00e1ra, melyen a SEED\u00a0Szakmai partners\u00e9get v\u00e1llalt. Tagt\u00e1rsaink, partnereink jelent\u0151s kedvezm\u00e9nnyel vehetnek r\u00e9szt vide\u00f3konferenci\u00e1nkon. Helysz\u00edni r\u00e9szv\u00e9tel: 14000 Ft helyett 11\u00a0000 Ft + \u00e1fa.\u00a0 Kuponk\u00f3d: SZPSZ22 T\u00e1voli r\u00e9szv\u00e9tel (vide\u00f3k\u00f6zvet\u00edt\u00e9s) 16000 Ft helyett 13\u00a0000 Ft + \u00e1fa. Kuponk\u00f3d: SZPT22 Kombin\u00e1lt r\u00e9szv\u00e9tel (helysz\u00edni \u00e9s t\u00e1voli): 18000 [&hellip;]","og_url":"https:\/\/seed.hu\/hirek\/csapatepitesitesi-trendek-2022\/","og_site_name":"Seed","article_modified_time":"2022-01-26T19:56:42+00:00","og_image":[{"url":"https:\/\/wg.kkv-akademia.hu\/files\/images\/8099\/600x200-5ezjlo.jpg","type":"","width":"","height":""}],"twitter_card":"summary_large_image","twitter_misc":{"Est. reading time":"3 minutes"},"schema":{"@context":"https:\/\/schema.org","@graph":[{"@type":"WebPage","@id":"https:\/\/seed.hu\/hirek\/csapatepitesitesi-trendek-2022\/","url":"https:\/\/seed.hu\/hirek\/csapatepitesitesi-trendek-2022\/","name":"Csapat\u00e9p\u00edt\u00e9s\u00edt\u00e9si trendek \u2013 2022 - Seed","isPartOf":{"@id":"https:\/\/seed.hu\/#website"},"primaryImageOfPage":{"@id":"https:\/\/seed.hu\/hirek\/csapatepitesitesi-trendek-2022\/#primaryimage"},"image":{"@id":"https:\/\/seed.hu\/hirek\/csapatepitesitesi-trendek-2022\/#primaryimage"},"thumbnailUrl":"https:\/\/wg.kkv-akademia.hu\/files\/images\/8099\/600x200-5ezjlo.jpg","datePublished":"2022-01-06T18:58:25+00:00","dateModified":"2022-01-26T19:56:42+00:00","breadcrumb":{"@id":"https:\/\/seed.hu\/hirek\/csapatepitesitesi-trendek-2022\/#breadcrumb"},"inLanguage":"en-US","potentialAction":[{"@type":"ReadAction","target":["https:\/\/seed.hu\/hirek\/csapatepitesitesi-trendek-2022\/"]}]},{"@type":"ImageObject","inLanguage":"en-US","@id":"https:\/\/seed.hu\/hirek\/csapatepitesitesi-trendek-2022\/#primaryimage","url":"https:\/\/wg.kkv-akademia.hu\/files\/images\/8099\/600x200-5ezjlo.jpg","contentUrl":"https:\/\/wg.kkv-akademia.hu\/files\/images\/8099\/600x200-5ezjlo.jpg"},{"@type":"BreadcrumbList","@id":"https:\/\/seed.hu\/hirek\/csapatepitesitesi-trendek-2022\/#breadcrumb","itemListElement":[{"@type":"ListItem","position":1,"name":"H\u00edrek","item":"https:\/\/seed.hu\/hirek\/"},{"@type":"ListItem","position":2,"name":"Csapat\u00e9p\u00edt\u00e9s\u00edt\u00e9si trendek \u2013 2022"}]},{"@type":"WebSite","@id":"https:\/\/seed.hu\/#website","url":"https:\/\/seed.hu\/","name":"Seed","description":"","potentialAction":[{"@type":"SearchAction","target":{"@type":"EntryPoint","urlTemplate":"https:\/\/seed.hu\/?s={search_term_string}"},"query-input":{"@type":"PropertyValueSpecification","valueRequired":true,"valueName":"search_term_string"}}],"inLanguage":"en-US"}]}},"_links":{"self":[{"href":"https:\/\/seed.hu\/en\/wp-json\/wp\/v2\/hirek\/1200","targetHints":{"allow":["GET"]}}],"collection":[{"href":"https:\/\/seed.hu\/en\/wp-json\/wp\/v2\/hirek"}],"about":[{"href":"https:\/\/seed.hu\/en\/wp-json\/wp\/v2\/types\/hirek"}],"wp:attachment":[{"href":"https:\/\/seed.hu\/en\/wp-json\/wp\/v2\/media?parent=1200"}],"curies":[{"name":"wp","href":"https:\/\/api.w.org\/{rel}","templated":true}]}}