{"id":1201,"date":"2022-01-06T19:59:47","date_gmt":"2022-01-06T18:59:47","guid":{"rendered":"https:\/\/seed.hu\/?post_type=hirek&#038;p=1201"},"modified":"2022-01-26T20:58:13","modified_gmt":"2022-01-26T19:58:13","slug":"szellemi-tulajdon-a-lathatatlan-vagyon-2","status":"publish","type":"hirek","link":"https:\/\/seed.hu\/en\/hirek\/szellemi-tulajdon-a-lathatatlan-vagyon-2\/","title":{"rendered":"Szellemi tulajdon \u2013 A l\u00e1thatatlan vagyon"},"content":{"rendered":"<table style=\"height: 489px; width: 604px; margin-left: auto; margin-right: auto;\" border=\"0\" align=\"center\">\n<tbody>\n<tr style=\"height: 273px;\">\n<td style=\"width: 604px; height: 273px; vertical-align: bottom;\"><span style=\"font-family: tahoma, arial, helvetica, sans-serif; font-size: 14px;\"><b>Szeretettel megh\u00edvjuk<\/b>\u00a0a PP Konferenciak\u00f6zpont \u00e9s a BKIK <b>Szellemi tulajdon &#8211; A l\u00e1thatatlan vagyon <\/b>c\u00edm\u0171 konferenci\u00e1j\u00e1ra, melyen a\u00a0<span style=\"color: #ff0000;\"><b>SEED<\/b><\/span><b>\u00a0<\/b>szakmai partners\u00e9get v\u00e1llalt. Tagt\u00e1rsaink, partnereink jelent\u0151s kedvezm\u00e9nnyel vehetnek r\u00e9szt vide\u00f3konferenci\u00e1nkon.<\/span><\/p>\n<ol>\n<li><span style=\"font-family: tahoma, arial, helvetica, sans-serif; font-size: 14px;\"><b>Helysz\u00edni r\u00e9szv\u00e9tel:<\/b><\/span><\/li>\n<\/ol>\n<p><span style=\"font-family: tahoma, arial, helvetica, sans-serif; font-size: 14px;\">14000 Ft helyett\u00a0<b><span style=\"color: #ff0000;\">11\u00a0000 Ft + \u00e1fa<\/span>.<\/b>\u00a0 Kuponk\u00f3d:\u00a0<span style=\"color: #ff0000;\"><b>SZPSZ21<\/b><\/span><\/span><\/p>\n<ol>\n<li><span style=\"font-family: tahoma, arial, helvetica, sans-serif; font-size: 14px;\"><b>T\u00e1voli r\u00e9szv\u00e9tel (vide\u00f3k\u00f6zvet\u00edt\u00e9s)<\/b><\/span><\/li>\n<\/ol>\n<p><span style=\"font-family: tahoma, arial, helvetica, sans-serif; font-size: 14px;\">16000 Ft helyett<b>\u00a0<span style=\"color: #ff0000;\">13\u00a0000 Ft + \u00e1fa<\/span>.\u00a0<\/b>Kuponk\u00f3d:<b>\u00a0<span style=\"color: #ff0000;\">SZPT21<\/span><\/b><\/span><\/p>\n<ol>\n<li><span style=\"font-family: tahoma, arial, helvetica, sans-serif; font-size: 14px;\"><b>Kombin\u00e1lt r\u00e9szv\u00e9tel (helysz\u00edni \u00e9s t\u00e1voli):<\/b><\/span><\/li>\n<\/ol>\n<p><span style=\"font-family: tahoma, arial, helvetica, sans-serif; font-size: 14px;\">18000 Ft helyett\u00a0<b><span style=\"color: #ff0000;\">15\u00a0000 Ft + \u00e1fa<\/span>.\u00a0<\/b>Kuponk\u00f3d:\u00a0<span style=\"color: #ff0000;\"><b>SZPK21<\/b><\/span><\/span><\/p>\n<p><span style=\"font-family: tahoma, arial, helvetica, sans-serif; font-size: 14px;\"><b>Figyelem! A kedvezm\u00e9ny ig\u00e9nybev\u00e9tel\u00e9hez\u00a0a Regisztr\u00e1ci\u00f3s \u0171rlap v\u00e9g\u00e9n lev\u0151 \u201eKupon k\u00f3d\u201d mez\u0151be \u00edrj\u00e1k be a v\u00e1lasztott kedvezm\u00e9ny k\u00f3dj\u00e1t<\/b><\/span><\/p>\n<p style=\"text-align: justify;\"><img loading=\"lazy\" decoding=\"async\" src=\"https:\/\/wg.kkv-akademia.hu\/files\/images\/8005\/600x200-0j8qz6.jpg\" alt=\"\" width=\"600\" height=\"200\" \/><\/p>\n<\/td>\n<\/tr>\n<tr style=\"height: 56px;\">\n<td style=\"width: 604px; height: 56px; text-align: justify; vertical-align: top;\">\n<h1 style=\"text-align: center;\"><span style=\"color: #000080; font-family: tahoma, arial, helvetica, sans-serif; font-size: 36px;\"><b>Szellemi tulajdon \u2013 A l\u00e1thatatlan vagyon<\/b><\/span><\/h1>\n<h3 style=\"text-align: center;\"><span style=\"color: #000080; font-family: tahoma, arial, helvetica, sans-serif; font-size: 24px;\"><b>T\u00e1rjuk fel a legnagyobb kincs\u00fcnket!<\/b><\/span><\/h3>\n<p><b>\u00a0<\/b><\/p>\n<p><span style=\"font-family: tahoma, arial, helvetica, sans-serif; font-size: 14px;\"><b>Id\u0151pont: 2022. janu\u00e1r 20. <\/b>cs\u00fct\u00f6rt\u00f6k 9.30\u201316.00<\/span><\/p>\n<p><span style=\"font-family: tahoma, arial, helvetica, sans-serif; font-size: 14px;\"><b>Helysz\u00edn a szem\u00e9lyesen r\u00e9sztvev\u0151knek:\u00a0<\/b>Budapest, BKIK Sz\u00e9kh\u00e1z, Krisztina krt. 99.<\/span><\/p>\n<p><span style=\"font-family: tahoma, arial, helvetica, sans-serif; font-size: 14px;\"><b>T\u00e1volr\u00f3l r\u00e9sztvev\u0151knek:\u00a0<\/b>interneten jelsz\u00f3val bel\u00e9p\u00e9ssel.<\/span><\/p>\n<p style=\"text-align: center;\"><span style=\"font-family: tahoma, arial, helvetica, sans-serif; font-size: 14px; color: #ff0000;\"><b>Ha jelent\u0151s szellemi tulajdont halmoztunk fel, v\u00e1ltsuk vagyonra!<\/b><\/span><\/p>\n<p style=\"text-align: center;\"><span style=\"font-family: tahoma, arial, helvetica, sans-serif; font-size: 14px;\"><b>\u00cdrjuk le, v\u00e9dj\u00fck be, mert elt\u0171nik, ellopj\u00e1k, a kuk\u00e1ban v\u00e9gzi!<\/b><\/span><\/p>\n<p style=\"text-align: center;\"><span style=\"font-family: tahoma, arial, helvetica, sans-serif; font-size: 14px; color: #ff0000;\"><b>Sz\u00e1njunk id\u0151t \u00e9s p\u00e9nzt vagyonunk gyors gyarapod\u00e1s\u00e1ra!<\/b><\/span>\n<\/p>\n<p style=\"text-align: center;\"><span style=\"color: #000080; font-family: tahoma, arial, helvetica, sans-serif; font-size: 14px;\"><b>Helysz\u00ednen r\u00e9sztvev\u0151knek gr\u00e1tisz Networking kapcsolat\u00e9p\u00edt\u00e9si program!<\/b><br \/>\n<b>T\u00e1volr\u00f3l r\u00e9sztvev\u0151knek 7 napig jelsz\u00f3val n\u00e9zhet\u0151!<br \/>\nV\u00e1laszthatja mindkett\u0151t egy\u00fctt (t\u00e1volr\u00f3l \u00e9s helysz\u00ednr\u0151l r\u00e9szv\u00e9telt)!<\/b><\/span>\n<\/p>\n<p style=\"text-align: center;\"><span style=\"font-family: tahoma, arial, helvetica, sans-serif; font-size: 14px; color: #000080;\"><b>R\u00e9szv\u00e9teli lehet\u0151s\u00e9gek \u00e9s \u00e1rak <a href=\"https:\/\/ppkonferencia.hu\/konferenciakozpont\/szellemi-tulajdon-a-lathatatlan-vagyon-3\/?utm_source=Webgalamb&amp;utm_medium=Hirlevel&amp;utm_campaign={date}-{url_subject}&amp;utm_content=\" target=\"_blank\" rel=\"noopener\"><span style=\"color: #ff0000;\"><em>itt.<\/em><\/span><\/a><\/b><\/span><\/p>\n<p>&nbsp;<\/p>\n<table style=\"width: 100%; border-collapse: collapse;\" border=\"0\">\n<tbody>\n<tr>\n<td style=\"width: 13.4551%;\"><span style=\"font-family: tahoma, arial, helvetica, sans-serif; font-size: 14px;\"><img loading=\"lazy\" decoding=\"async\" src=\"https:\/\/wg.kkv-akademia.hu\/files\/images\/8005\/sima_pp_logo-csak-piktogram-i6mfz9.png\" alt=\"\" width=\"30\" height=\"42\" \/><\/span><\/td>\n<td style=\"width: 86.5449%; background-color: #ff0000;\"><span style=\"color: #ffffff; font-family: tahoma, arial, helvetica, sans-serif; font-size: 14px;\"><b>Mir\u0151l sz\u00f3lunk?<\/b><\/span><\/td>\n<\/tr>\n<\/tbody>\n<\/table>\n<p><span style=\"font-family: tahoma, arial, helvetica, sans-serif; font-size: 14px;\"><span style=\"font-family: tahoma, arial, helvetica, sans-serif;\"><span style=\"font-size: 14px;\">A vil\u00e1gban jelen lev\u0151 vagyoni \u00e9rt\u00e9kek k\u00f6z\u00fcl<\/span><\/span><\/span><b><span style=\"font-family: tahoma, arial, helvetica, sans-serif; font-size: 14px;\"><span style=\"font-family: tahoma, arial, helvetica, sans-serif;\"> a szellemi vagyon \u00e9rt\u00e9ke sokkal nagyobb m\u00e9rt\u00e9kben n\u00f6vekszik, mint a fizikai eszk\u00f6z\u00f6kben lev\u0151 <\/span><\/span><\/b><span style=\"font-family: tahoma, arial, helvetica, sans-serif; font-size: 14px;\"><span style=\"font-family: tahoma, arial, helvetica, sans-serif;\">vagyon.<\/span><\/span><span style=\"font-family: tahoma, arial, helvetica, sans-serif; font-size: 14px;\"><span style=\"font-family: tahoma, arial, helvetica, sans-serif;\"> Pedig mennyi szellemi tulajdon nincs megm\u00e9rve, mert nem v\u00e1lt vagyonn\u00e1? Tudja-e hogy az<\/span><\/span><b><span style=\"font-family: tahoma, arial, helvetica, sans-serif; font-size: 14px;\"><span style=\"font-family: tahoma, arial, helvetica, sans-serif;\"> \u00d6n c\u00e9g\u00e9ben a szellemi vagyonban felhalmozott \u00e9rt\u00e9k mennyi? A l\u00e1thatatlan vagyon l\u00e1that\u00f3v\u00e1 t\u00e9tele <\/span><\/span><\/b><span style=\"font-family: tahoma, arial, helvetica, sans-serif; font-size: 14px;\"><span style=\"font-family: tahoma, arial, helvetica, sans-serif;\">mellett nagyon sok \u00e9rv sz\u00f3l.<\/span><\/span><b><span style=\"font-family: tahoma, arial, helvetica, sans-serif; font-size: 14px;\"><span style=\"font-family: tahoma, arial, helvetica, sans-serif;\"> A szem\u00e9tbe dob\u00e1s helyett v\u00e1lasszuk ink\u00e1bb a szellemi vagyonunk felt\u00e1r\u00e1s\u00e1t, c\u00e9g\u00e9rt\u00e9kk\u00e9nt kezel\u00e9s\u00e9t \u00e9s bev\u00e9d\u00e9s\u00e9t, <\/span><\/span><\/b><span style=\"font-family: tahoma, arial, helvetica, sans-serif; font-size: 14px;\"><span style=\"font-family: tahoma, arial, helvetica, sans-serif;\">hogy tov\u00e1bbra is sokat termeljen nek\u00fcnk. De azt is tartsuk szem el\u0151tt, hogy a befektet\u0151knek \u00e9rt\u00e9kesebb c\u00e9get \u00e1rulunk, az \u00f6r\u00f6k\u00f6s\u00f6knek t\u00f6bbet \u00e9s haszn\u00e1lhat\u00f3bbat adunk \u00e1t.<\/span><\/span><\/p>\n<p><b><span style=\"font-family: tahoma, arial, helvetica, sans-serif; font-size: 14px;\">Tulajdonosoknak, d\u00f6nt\u00e9shoz\u00f3knak, c\u00e9get v\u00e1s\u00e1rl\u00f3knak \u00e9s elad\u00f3knak, gener\u00e1ci\u00f3v\u00e1lt\u00f3knak mondjuk el, hogyan m\u00e9rhet\u0151 \u00e9s \u00e9rt\u00e9kes\u00edthet\u0151\u00a0a tulajdonos \u00e9s a munkat\u00e1rsak hatalmas kapcsolatrendszere, innovativit\u00e1sa, speci\u00e1lis egy\u00e9ni tud\u00e1sa. Hogyan v\u00e1lik l\u00e1that\u00f3v\u00e1 a c\u00e9g innov\u00e1ci\u00f3s k\u00e9pess\u00e9ge, az emberek egy\u00e9ni hozz\u00e1adott \u00e9rt\u00e9ke, a c\u00e9g brandje, h\u00edrneve, kapcsolatrendszere. A legjobb szakember el\u0151ad\u00f3inkt\u00f3l megtudhatjuk, mit tegy\u00fcnk, hogy ne a kuk\u00e1ba ker\u00fclj\u00f6n az \u00e1ltalunk teremtett \u00e9rt\u00e9k.<\/span>\u00a0<\/b><\/p>\n<table style=\"height: 45px; width: 100%; border-collapse: collapse;\" border=\"1\">\n<tbody>\n<tr>\n<td style=\"width: 8%; height: 25px; background-color: #ffffff; border-color: #ffffff; border-style: hidden;\"><img loading=\"lazy\" decoding=\"async\" src=\"https:\/\/wg.kkv-akademia.hu\/files\/images\/8005\/sima_pp_logo-csak-piktogram-i6mfz9.png\" alt=\"\" width=\"30\" height=\"42\" \/><\/td>\n<td style=\"width: 50%; height: 25px; background-color: #ff0000; border-style: hidden;\"><b><span style=\"font-family: tahoma, arial, helvetica, sans-serif; font-size: 14px; color: #ffffff;\">V\u00e1laszthat\u00f3 r\u00e9szv\u00e9teli lehet\u0151s\u00e9gek <\/span><\/b><\/td>\n<\/tr>\n<\/tbody>\n<\/table>\n<ol>\n<li><span style=\"font-family: tahoma, arial, helvetica, sans-serif; font-size: 14px;\"><b>Helysz\u00ednen szem\u00e9lyes r\u00e9szv\u00e9tel <span style=\"color: #000080;\">(Gr\u00e1tisz: Networking Programon r\u00e9szv\u00e9tel)<\/span><\/b><\/span><\/li>\n<li><span style=\"font-family: tahoma, arial, helvetica, sans-serif; font-size: 14px;\"><b>T\u00e1voli r\u00e9szv\u00e9tel \u00e9l\u0151 vide\u00f3k\u00f6zvet\u00edt\u00e9sen kereszt\u00fcl. <span style=\"color: #000080;\">(Gr\u00e1tisz: 7 napig n\u00e9zhet\u0151)<\/span><\/b><\/span><\/li>\n<li><span style=\"font-family: tahoma, arial, helvetica, sans-serif; font-size: 14px;\"><b>Kombin\u00e1lt r\u00e9szv\u00e9tel (helysz\u00edn \u00e9s ut\u00f3lagos vide\u00f3megtekint\u00e9s <span style=\"color: #000080;\">(Gr\u00e1tisz: networking \u00e9s 3 nap vide\u00f3n visszan\u00e9z\u00e9s)<\/span><\/b><span style=\"color: #000080;\">\u00a0<\/span><\/span><\/li>\n<\/ol>\n<p style=\"text-align: center;\"><span style=\"color: #ff0000; font-family: tahoma, arial, helvetica, sans-serif; font-size: 14px;\"><b>Maszkhaszn\u00e1lat \u00e9s \u00e9rv\u00e9nyes v\u00e9detts\u00e9gi igazol\u00e1s felmutat\u00e1sa k\u00f6telez\u0151!<\/b><\/span>\n<\/p>\n<p style=\"text-align: center;\"><a href=\"https:\/\/ppkonferencia.hu\/konferenciakozpont\/szellemi-tulajdon-a-lathatatlan-vagyon-3\/?utm_source=Webgalamb&amp;utm_medium=Hirlevel&amp;utm_campaign={date}-{url_subject}&amp;utm_content=\" target=\"_blank\" rel=\"noopener\"><span style=\"font-family: tahoma, arial, helvetica, sans-serif; font-size: 16px;\"><b><span style=\"color: #000080;\">A konferencia r\u00e9szletes programja \u00e9s regisztr\u00e1ci\u00f3<\/span><\/b><\/span><\/a>\n<\/p>\n<table style=\"width: 100%; border-collapse: collapse;\" border=\"0\">\n<tbody>\n<tr>\n<td style=\"width: 80px;\"><img loading=\"lazy\" decoding=\"async\" src=\"https:\/\/wg.kkv-akademia.hu\/files\/images\/8005\/sima_pp_logo-csak-piktogram-i6mfz9.png\" alt=\"\" width=\"30\" height=\"42\" \/><\/td>\n<td style=\"width: 520px; background-color: #ff0000;\"><span style=\"color: #ffffff; font-family: tahoma, arial, helvetica, sans-serif; font-size: 14px;\"><b>Rendez\u0151k<\/b><\/span><\/td>\n<\/tr>\n<\/tbody>\n<\/table>\n<p style=\"text-align: center;\"><img loading=\"lazy\" decoding=\"async\" src=\"https:\/\/wg.kkv-akademia.hu\/files\/images\/8005\/rendezoi-logosor-pp-bkik-pvad2q.png\" alt=\"\" width=\"381\" height=\"87\" \/><\/p>\n<table style=\"border-collapse: collapse; width: 100%;\" border=\"1\">\n<tbody>\n<tr>\n<td style=\"width: 8%; border-style: hidden;\"><span style=\"color: #ffffff;\"><img loading=\"lazy\" decoding=\"async\" src=\"https:\/\/wg.kkv-akademia.hu\/files\/images\/8005\/sima_pp_logo-csak-piktogram-i6mfz9.png\" alt=\"\" width=\"30\" height=\"42\" \/><\/span><\/td>\n<td style=\"width: 50%; background-color: #ff0000; border-style: hidden;\">\u00a0<span style=\"font-family: tahoma, arial, helvetica, sans-serif; font-size: 14px;\"><b><span style=\"color: #ffffff;\">A PP Konferenci\u00e1k C\u00e9ginform\u00e1ci\u00f3s Partnere<\/span><\/b><\/span><\/td>\n<\/tr>\n<\/tbody>\n<\/table>\n<p style=\"text-align: center;\"><img loading=\"lazy\" decoding=\"async\" src=\"https:\/\/wg.kkv-akademia.hu\/files\/images\/6078\/opten-logo-mester-color-9hia81.jpg\" alt=\"\" width=\"158\" height=\"52\" \/><\/p>\n<table style=\"border-collapse: collapse; width: 100%;\" border=\"1\">\n<tbody>\n<tr>\n<td style=\"width: 8%; height: 25px; background-color: #ffffff; border-color: #ffffff; border-style: hidden;\"><img loading=\"lazy\" decoding=\"async\" src=\"https:\/\/wg.kkv-akademia.hu\/files\/images\/8005\/sima_pp_logo-csak-piktogram-i6mfz9.png\" alt=\"\" width=\"30\" height=\"42\" \/><\/td>\n<td style=\"width: 50%; height: 25px; background-color: #ff0000; border-style: hidden;\"><b><span style=\"color: #ffffff; font-family: tahoma, arial, helvetica, sans-serif; font-size: 14px;\">\u00a0Kiemelt szakmai t\u00e1mogat\u00f3k<\/span><\/b><\/td>\n<\/tr>\n<\/tbody>\n<\/table>\n<p style=\"text-align: center;\"><img loading=\"lazy\" decoding=\"async\" src=\"https:\/\/wg.kkv-akademia.hu\/files\/images\/8005\/kiemeltszakmaiszellemi-ms6v18.jpg\" alt=\"\" width=\"359\" height=\"126\" \/><\/p>\n<table style=\"border-collapse: collapse; width: 100%;\" border=\"1\">\n<tbody>\n<tr>\n<td style=\"width: 8%; height: 25px; background-color: #ffffff; border-color: #ffffff; border-style: hidden;\"><img loading=\"lazy\" decoding=\"async\" src=\"https:\/\/wg.kkv-akademia.hu\/files\/images\/8005\/sima_pp_logo-csak-piktogram-i6mfz9.png\" alt=\"\" width=\"30\" height=\"42\" \/><\/td>\n<td style=\"width: 50%; height: 25px; background-color: #ff0000; border-style: hidden;\"><b><span style=\"color: #ffffff; font-family: tahoma, arial, helvetica, sans-serif; font-size: 14px;\">Szakmai t\u00e1mogat\u00f3<\/span><\/b><\/td>\n<\/tr>\n<\/tbody>\n<\/table>\n<p style=\"text-align: center;\"><img loading=\"lazy\" decoding=\"async\" src=\"https:\/\/wg.kkv-akademia.hu\/files\/images\/8005\/logo_cl_black_horiz_20210413-zp4snk.jpg\" alt=\"\" width=\"218\" height=\"98\" \/><\/p>\n<table style=\"width: 100%; border-collapse: collapse; height: 43px;\" border=\"0\">\n<tbody>\n<tr style=\"height: 43px;\">\n<td style=\"width: 80px; height: 43px;\"><img loading=\"lazy\" decoding=\"async\" src=\"https:\/\/wg.kkv-akademia.hu\/files\/images\/8005\/sima_pp_logo-csak-piktogram-i6mfz9.png\" alt=\"\" width=\"30\" height=\"42\" \/><\/td>\n<td style=\"width: 520px; background-color: #ff0000; height: 43px;\"><span style=\"font-family: tahoma, arial, helvetica, sans-serif; font-size: 14px;\"><b><span style=\"color: #ffffff;\">Tov\u00e1bbi felvil\u00e1gos\u00edt\u00e1s \u00e9s inform\u00e1ci\u00f3<\/span><\/b><\/span><\/td>\n<\/tr>\n<\/tbody>\n<\/table>\n<p>&nbsp;<\/p>\n<table style=\"height: 120px; width: 600px; margin-left: auto; margin-right: auto;\" border=\"0\" cellspacing=\"1\" cellpadding=\"1\" align=\"center\">\n<tbody>\n<tr style=\"height: 120px;\">\n<td style=\"height: 120px; width: 596px;\">\n<p align=\"left\"><span style=\"font-family: tahoma, arial, helvetica, sans-serif; font-size: 14px;\"><img loading=\"lazy\" decoding=\"async\" src=\"https:\/\/salesautopilot.s3.amazonaws.com\/newsletter\/letter\/c12055\/uploads\/konferencia%20lev%C3%A9lhez\/telefon.PNG\" alt=\"\" width=\"45\" height=\"36\" align=\"left\" \/><a href=\"tel:\/\/(1) 239 - 9597\/?utm_source=Webgalamb&amp;utm_medium=Hirlevel&amp;utm_campaign={date}-{url_subject}&amp;utm_content=\" target=\"_blank\" rel=\"noopener\">(1) 239 &#8211; 9597<\/a>\u00a0 <a href=\"mailto:\/\/piacesprofit.hu\/?subject=%C3%89rdekl%C5%91d%C3%A9s&amp;utm_source=Webgalamb&amp;utm_medium=Hirlevel&amp;utm_campaign={date}-{url_subject}&amp;utm_content=\" target=\"_blank\" rel=\"noopener\"><img loading=\"lazy\" decoding=\"async\" src=\"https:\/\/salesautopilot.s3.amazonaws.com\/newsletter\/letter\/c12055\/uploads\/konferencia%20lev%C3%A9lhez\/email.PNG\" alt=\"\" width=\"45\" height=\"40\" \/><\/a><a title=\"konferencia@ppkonferencia.hu\" href=\"{akcio_2}\" target=\"_blank\" rel=\"noopener\"><b>konferencia@ppkonferencia.hu<\/b><\/a><\/span><\/p>\n<p>Weboldal: <a href=\"http:\/\/www.ppkonferencia.hu\/?utm_source=Webgalamb&amp;utm_medium=Hirlevel&amp;utm_campaign={date}-{url_subject}&amp;utm_content=\" target=\"_blank\" rel=\"noopener\">www.ppkonferencia.hu<\/a><\/p>\n<p><img loading=\"lazy\" decoding=\"async\" style=\"display: block; margin-left: auto; margin-right: auto;\" src=\"https:\/\/wg.kkv-akademia.hu\/files\/images\/8005\/pp-konferenciakozpont-24um0s.jpg\" alt=\"\" width=\"500\" height=\"35\" \/><\/td>\n<\/tr>\n<\/tbody>\n<\/table>\n<table border=\"0\" cellspacing=\"1\" cellpadding=\"1\" align=\"center\">\n<tbody>\n<tr>\n<td><\/td>\n<\/tr>\n<\/tbody>\n<\/table>\n<\/td>\n<\/tr>\n<tr style=\"height: 160px;\">\n<td style=\"width: 604px; height: 160px;\"><\/td>\n<\/tr>\n<\/tbody>\n<\/table>\n<table border=\"0\" cellspacing=\"1\" cellpadding=\"1\" align=\"center\">\n<tbody>\n<tr>\n<td><\/td>\n<\/tr>\n<\/tbody>\n<\/table>\n","protected":false},"featured_media":0,"menu_order":0,"template":"","meta":{"_acf_changed":false},"class_list":["post-1201","hirek","type-hirek","status-publish","hentry"],"acf":[],"yoast_head":"<!-- This site is optimized with the Yoast SEO plugin v27.4 - https:\/\/yoast.com\/product\/yoast-seo-wordpress\/ -->\n<title>Szellemi tulajdon \u2013 A l\u00e1thatatlan vagyon - Seed<\/title>\n<meta name=\"robots\" content=\"index, follow, max-snippet:-1, max-image-preview:large, max-video-preview:-1\" \/>\n<link rel=\"canonical\" href=\"https:\/\/seed.hu\/hirek\/szellemi-tulajdon-a-lathatatlan-vagyon-2\/\" \/>\n<meta property=\"og:locale\" content=\"en_US\" \/>\n<meta property=\"og:type\" content=\"article\" \/>\n<meta property=\"og:title\" content=\"Szellemi tulajdon \u2013 A l\u00e1thatatlan vagyon - Seed\" \/>\n<meta property=\"og:description\" content=\"Szeretettel megh\u00edvjuk\u00a0a PP Konferenciak\u00f6zpont \u00e9s a BKIK Szellemi tulajdon &#8211; A l\u00e1thatatlan vagyon c\u00edm\u0171 konferenci\u00e1j\u00e1ra, melyen a\u00a0SEED\u00a0szakmai partners\u00e9get v\u00e1llalt. Tagt\u00e1rsaink, partnereink jelent\u0151s kedvezm\u00e9nnyel vehetnek r\u00e9szt vide\u00f3konferenci\u00e1nkon. Helysz\u00edni r\u00e9szv\u00e9tel: 14000 Ft helyett\u00a011\u00a0000 Ft + \u00e1fa.\u00a0 Kuponk\u00f3d:\u00a0SZPSZ21 T\u00e1voli r\u00e9szv\u00e9tel (vide\u00f3k\u00f6zvet\u00edt\u00e9s) 16000 Ft helyett\u00a013\u00a0000 Ft + \u00e1fa.\u00a0Kuponk\u00f3d:\u00a0SZPT21 Kombin\u00e1lt r\u00e9szv\u00e9tel (helysz\u00edni \u00e9s t\u00e1voli): 18000 Ft helyett\u00a015\u00a0000 Ft + \u00e1fa.\u00a0Kuponk\u00f3d:\u00a0SZPK21 [&hellip;]\" \/>\n<meta property=\"og:url\" content=\"https:\/\/seed.hu\/hirek\/szellemi-tulajdon-a-lathatatlan-vagyon-2\/\" \/>\n<meta property=\"og:site_name\" content=\"Seed\" \/>\n<meta property=\"article:modified_time\" content=\"2022-01-26T19:58:13+00:00\" \/>\n<meta property=\"og:image\" content=\"https:\/\/wg.kkv-akademia.hu\/files\/images\/8005\/600x200-0j8qz6.jpg\" \/>\n<meta name=\"twitter:card\" content=\"summary_large_image\" \/>\n<meta name=\"twitter:label1\" content=\"Est. reading time\" \/>\n\t<meta name=\"twitter:data1\" content=\"3 minutes\" \/>\n<script type=\"application\/ld+json\" class=\"yoast-schema-graph\">{\"@context\":\"https:\\\/\\\/schema.org\",\"@graph\":[{\"@type\":\"WebPage\",\"@id\":\"https:\\\/\\\/seed.hu\\\/hirek\\\/szellemi-tulajdon-a-lathatatlan-vagyon-2\\\/\",\"url\":\"https:\\\/\\\/seed.hu\\\/hirek\\\/szellemi-tulajdon-a-lathatatlan-vagyon-2\\\/\",\"name\":\"Szellemi tulajdon \u2013 A l\u00e1thatatlan vagyon - Seed\",\"isPartOf\":{\"@id\":\"https:\\\/\\\/seed.hu\\\/#website\"},\"primaryImageOfPage\":{\"@id\":\"https:\\\/\\\/seed.hu\\\/hirek\\\/szellemi-tulajdon-a-lathatatlan-vagyon-2\\\/#primaryimage\"},\"image\":{\"@id\":\"https:\\\/\\\/seed.hu\\\/hirek\\\/szellemi-tulajdon-a-lathatatlan-vagyon-2\\\/#primaryimage\"},\"thumbnailUrl\":\"https:\\\/\\\/wg.kkv-akademia.hu\\\/files\\\/images\\\/8005\\\/600x200-0j8qz6.jpg\",\"datePublished\":\"2022-01-06T18:59:47+00:00\",\"dateModified\":\"2022-01-26T19:58:13+00:00\",\"breadcrumb\":{\"@id\":\"https:\\\/\\\/seed.hu\\\/hirek\\\/szellemi-tulajdon-a-lathatatlan-vagyon-2\\\/#breadcrumb\"},\"inLanguage\":\"en-US\",\"potentialAction\":[{\"@type\":\"ReadAction\",\"target\":[\"https:\\\/\\\/seed.hu\\\/hirek\\\/szellemi-tulajdon-a-lathatatlan-vagyon-2\\\/\"]}]},{\"@type\":\"ImageObject\",\"inLanguage\":\"en-US\",\"@id\":\"https:\\\/\\\/seed.hu\\\/hirek\\\/szellemi-tulajdon-a-lathatatlan-vagyon-2\\\/#primaryimage\",\"url\":\"https:\\\/\\\/wg.kkv-akademia.hu\\\/files\\\/images\\\/8005\\\/600x200-0j8qz6.jpg\",\"contentUrl\":\"https:\\\/\\\/wg.kkv-akademia.hu\\\/files\\\/images\\\/8005\\\/600x200-0j8qz6.jpg\"},{\"@type\":\"BreadcrumbList\",\"@id\":\"https:\\\/\\\/seed.hu\\\/hirek\\\/szellemi-tulajdon-a-lathatatlan-vagyon-2\\\/#breadcrumb\",\"itemListElement\":[{\"@type\":\"ListItem\",\"position\":1,\"name\":\"H\u00edrek\",\"item\":\"https:\\\/\\\/seed.hu\\\/hirek\\\/\"},{\"@type\":\"ListItem\",\"position\":2,\"name\":\"Szellemi tulajdon \u2013 A l\u00e1thatatlan vagyon\"}]},{\"@type\":\"WebSite\",\"@id\":\"https:\\\/\\\/seed.hu\\\/#website\",\"url\":\"https:\\\/\\\/seed.hu\\\/\",\"name\":\"Seed\",\"description\":\"\",\"potentialAction\":[{\"@type\":\"SearchAction\",\"target\":{\"@type\":\"EntryPoint\",\"urlTemplate\":\"https:\\\/\\\/seed.hu\\\/?s={search_term_string}\"},\"query-input\":{\"@type\":\"PropertyValueSpecification\",\"valueRequired\":true,\"valueName\":\"search_term_string\"}}],\"inLanguage\":\"en-US\"}]}<\/script>\n<!-- \/ Yoast SEO plugin. -->","yoast_head_json":{"title":"Szellemi tulajdon \u2013 A l\u00e1thatatlan vagyon - Seed","robots":{"index":"index","follow":"follow","max-snippet":"max-snippet:-1","max-image-preview":"max-image-preview:large","max-video-preview":"max-video-preview:-1"},"canonical":"https:\/\/seed.hu\/hirek\/szellemi-tulajdon-a-lathatatlan-vagyon-2\/","og_locale":"en_US","og_type":"article","og_title":"Szellemi tulajdon \u2013 A l\u00e1thatatlan vagyon - Seed","og_description":"Szeretettel megh\u00edvjuk\u00a0a PP Konferenciak\u00f6zpont \u00e9s a BKIK Szellemi tulajdon &#8211; A l\u00e1thatatlan vagyon c\u00edm\u0171 konferenci\u00e1j\u00e1ra, melyen a\u00a0SEED\u00a0szakmai partners\u00e9get v\u00e1llalt. Tagt\u00e1rsaink, partnereink jelent\u0151s kedvezm\u00e9nnyel vehetnek r\u00e9szt vide\u00f3konferenci\u00e1nkon. Helysz\u00edni r\u00e9szv\u00e9tel: 14000 Ft helyett\u00a011\u00a0000 Ft + \u00e1fa.\u00a0 Kuponk\u00f3d:\u00a0SZPSZ21 T\u00e1voli r\u00e9szv\u00e9tel (vide\u00f3k\u00f6zvet\u00edt\u00e9s) 16000 Ft helyett\u00a013\u00a0000 Ft + \u00e1fa.\u00a0Kuponk\u00f3d:\u00a0SZPT21 Kombin\u00e1lt r\u00e9szv\u00e9tel (helysz\u00edni \u00e9s t\u00e1voli): 18000 Ft helyett\u00a015\u00a0000 Ft + \u00e1fa.\u00a0Kuponk\u00f3d:\u00a0SZPK21 [&hellip;]","og_url":"https:\/\/seed.hu\/hirek\/szellemi-tulajdon-a-lathatatlan-vagyon-2\/","og_site_name":"Seed","article_modified_time":"2022-01-26T19:58:13+00:00","og_image":[{"url":"https:\/\/wg.kkv-akademia.hu\/files\/images\/8005\/600x200-0j8qz6.jpg","type":"","width":"","height":""}],"twitter_card":"summary_large_image","twitter_misc":{"Est. reading time":"3 minutes"},"schema":{"@context":"https:\/\/schema.org","@graph":[{"@type":"WebPage","@id":"https:\/\/seed.hu\/hirek\/szellemi-tulajdon-a-lathatatlan-vagyon-2\/","url":"https:\/\/seed.hu\/hirek\/szellemi-tulajdon-a-lathatatlan-vagyon-2\/","name":"Szellemi tulajdon \u2013 A l\u00e1thatatlan vagyon - Seed","isPartOf":{"@id":"https:\/\/seed.hu\/#website"},"primaryImageOfPage":{"@id":"https:\/\/seed.hu\/hirek\/szellemi-tulajdon-a-lathatatlan-vagyon-2\/#primaryimage"},"image":{"@id":"https:\/\/seed.hu\/hirek\/szellemi-tulajdon-a-lathatatlan-vagyon-2\/#primaryimage"},"thumbnailUrl":"https:\/\/wg.kkv-akademia.hu\/files\/images\/8005\/600x200-0j8qz6.jpg","datePublished":"2022-01-06T18:59:47+00:00","dateModified":"2022-01-26T19:58:13+00:00","breadcrumb":{"@id":"https:\/\/seed.hu\/hirek\/szellemi-tulajdon-a-lathatatlan-vagyon-2\/#breadcrumb"},"inLanguage":"en-US","potentialAction":[{"@type":"ReadAction","target":["https:\/\/seed.hu\/hirek\/szellemi-tulajdon-a-lathatatlan-vagyon-2\/"]}]},{"@type":"ImageObject","inLanguage":"en-US","@id":"https:\/\/seed.hu\/hirek\/szellemi-tulajdon-a-lathatatlan-vagyon-2\/#primaryimage","url":"https:\/\/wg.kkv-akademia.hu\/files\/images\/8005\/600x200-0j8qz6.jpg","contentUrl":"https:\/\/wg.kkv-akademia.hu\/files\/images\/8005\/600x200-0j8qz6.jpg"},{"@type":"BreadcrumbList","@id":"https:\/\/seed.hu\/hirek\/szellemi-tulajdon-a-lathatatlan-vagyon-2\/#breadcrumb","itemListElement":[{"@type":"ListItem","position":1,"name":"H\u00edrek","item":"https:\/\/seed.hu\/hirek\/"},{"@type":"ListItem","position":2,"name":"Szellemi tulajdon \u2013 A l\u00e1thatatlan vagyon"}]},{"@type":"WebSite","@id":"https:\/\/seed.hu\/#website","url":"https:\/\/seed.hu\/","name":"Seed","description":"","potentialAction":[{"@type":"SearchAction","target":{"@type":"EntryPoint","urlTemplate":"https:\/\/seed.hu\/?s={search_term_string}"},"query-input":{"@type":"PropertyValueSpecification","valueRequired":true,"valueName":"search_term_string"}}],"inLanguage":"en-US"}]}},"_links":{"self":[{"href":"https:\/\/seed.hu\/en\/wp-json\/wp\/v2\/hirek\/1201","targetHints":{"allow":["GET"]}}],"collection":[{"href":"https:\/\/seed.hu\/en\/wp-json\/wp\/v2\/hirek"}],"about":[{"href":"https:\/\/seed.hu\/en\/wp-json\/wp\/v2\/types\/hirek"}],"wp:attachment":[{"href":"https:\/\/seed.hu\/en\/wp-json\/wp\/v2\/media?parent=1201"}],"curies":[{"name":"wp","href":"https:\/\/api.w.org\/{rel}","templated":true}]}}